{"id":9637,"date":"2023-08-29T16:00:15","date_gmt":"2023-08-29T14:00:15","guid":{"rendered":"https:\/\/tv.a11.cz\/?post_type=video&#038;p=9637"},"modified":"2023-08-29T18:50:55","modified_gmt":"2023-08-29T16:50:55","slug":"letni-cteni-na-strese-zakonci-prazdniny-ve-vsetine","status":"publish","type":"video","link":"https:\/\/tv.a11.cz\/video\/letni-cteni-na-strese-zakonci-prazdniny-ve-vsetine\/","title":{"rendered":"Letn\u00ed \u010dten\u00ed na st\u0159e\u0161e zakon\u010d\u00ed pr\u00e1zdniny ve Vset\u00edn\u011b"},"content":{"rendered":"","protected":false},"excerpt":{"rendered":"<p>Z\u00e1v\u011br leto\u0161n\u00edch pr\u00e1zdnin v re\u017eii ve\u0159ejn\u00e9 knihovny bude ve Vset\u00edn\u011b pat\u0159it \u010dten\u00ed text\u016f sou\u010dasn\u00fdch region\u00e1ln\u00edch autor\u016f. \u010c\u00edst se bude jako v\u017edy v tomto term\u00ednu na st\u0159e\u0161e. <\/p>\n","protected":false},"author":8,"featured_media":9656,"template":"","categories":[17,157],"porad":[],"region":[86,64],"kategorie":[],"class_list":["post-9637","video","type-video","status-publish","has-post-thumbnail","hentry","category-domaci","category-zpravy","region-vsetinsko","region-zlinsky-kraj"],"acf":[],"meta_box":{"nbla_idec":"N2310200","nbla_title":"Letn\u00ed \u010dten\u00ed na st\u0159e\u0161e zakon\u010d\u00ed pr\u00e1zdniny ve Vset\u00edn\u011b","nbla_subtitle":"","nbla_summary":"","nbla_description":"","nbla_transcription":"Z\u00e1v\u011br leto\u0161n\u00edch pr\u00e1zdnin v re\u017eii Masarykovi Ve\u0159ejn\u00e9 knihovny bude ve Vset\u00edn\u011b pat\u0159it \u010dten\u00ed text\u016f sou\u010dasn\u00fdch region\u00e1ln\u00edch autor\u016f. \u010c\u00edst se bude jako v\u017edy v tomto term\u00ednu na st\u0159e\u0161e. Na knihovn\u011b na Doln\u00edm n\u00e1m\u011bst\u00ed a bude to 30. srpna, posledn\u00ed st\u0159edu pr\u00e1zdnin. A tentokr\u00e1t z\u016fst\u00e1v\u00e1me doma mezi na\u0161imi vset\u00ednsk\u00fdmi autory, co\u017e je mo\u017en\u00e1 rozd\u00edl od p\u0159ede\u0161l\u00e9ho ro\u010dn\u00edku. P\u0159ed\u010d\u00edtat sv\u00e9 texty bude Honza \u017damboch, Jakub Chrob\u00e1k a Pavel Kotrla. Akci na st\u0159e\u0161e knihovny hudebn\u011b doprovod\u00ed kapela \u017dambo\u0161i. N\u00e1pad pozvat vset\u00ednsk\u00e9 autory se rodil u\u017e od minul\u00e9ho roku. Kdy \u010detl t\u0159eba Sa\u0161a Ra\u0161ilov, tak ten v\u00fdb\u011br byl sp\u00ed\u0161 zam\u011b\u0159en na sv\u011btov\u00e9 autory. Tak letos jsme si \u0159\u00edkali, \u017ee opravdu chceme z\u016fstat doma a tro\u0161i\u010dku zpropagovat i pr\u00e1ci tady na\u0161ich m\u00edstn\u00edch um\u011blc\u016f. To, jak\u00e9 texty na st\u0159e\u0161e zazn\u00ed, nen\u00ed dop\u0159edu jasn\u00e9. To, \u017ee ale dojde i na poezii, je v osob\u011b Jakuba Chrob\u00e1ka v\u00edc ne\u017e jist\u00e9 a podobn\u011b je na tom i Honza \u017damboch. Tak to se nechme p\u0159ekvapit. Opravdu netu\u0161\u00edm, co Honza \u017damboch vybere. V\u00edme, \u017ee on je velmi plodn\u00fdm autorem a jeho d\u00edla jsou l\u00e1kav\u00e1, tak\u017ee uvid\u00edme, co si vybere pro tady tuto p\u0159\u00edle\u017eitost. Letn\u00ed \u010dten\u00ed na st\u0159e\u0161e vset\u00ednsk\u00e9 knihovny na Doln\u00edm n\u00e1m\u011bst\u00ed odstartuje posledn\u00ed srpnov\u00fd den v 17 hodin.","nbla_serie":"","nbla_season":"","nbla_episode":"","nbla_duration":"86.24","nbla_genre":"","nbla_editorial_format":"","nbla_mtime":"1693317437","nbla_url":"https:\/\/origin.a11.cz\/vod\/dhew83b60f4azt415u4i3syzy.mp4","nbla_version":"1693317006","nbla_odvysilano":"Ano","bunny_id":"5a62b06c-b7ba-44c2-ac14-a72218f1e2f0","youtube_id":"","datum_vydani":"20230829","stopaz":"86.24","dokument":[],"video_to":[]},"_links":{"self":[{"href":"https:\/\/tv.a11.cz\/api\/wp\/v2\/video\/9637","targetHints":{"allow":["GET"]}}],"collection":[{"href":"https:\/\/tv.a11.cz\/api\/wp\/v2\/video"}],"about":[{"href":"https:\/\/tv.a11.cz\/api\/wp\/v2\/types\/video"}],"author":[{"embeddable":true,"href":"https:\/\/tv.a11.cz\/api\/wp\/v2\/users\/8"}],"wp:featuredmedia":[{"embeddable":true,"href":"https:\/\/tv.a11.cz\/api\/wp\/v2\/media\/9656"}],"wp:attachment":[{"href":"https:\/\/tv.a11.cz\/api\/wp\/v2\/media?parent=9637"}],"wp:term":[{"taxonomy":"category","embeddable":true,"href":"https:\/\/tv.a11.cz\/api\/wp\/v2\/categories?post=9637"},{"taxonomy":"porad","embeddable":true,"href":"https:\/\/tv.a11.cz\/api\/wp\/v2\/porad?post=9637"},{"taxonomy":"region","embeddable":true,"href":"https:\/\/tv.a11.cz\/api\/wp\/v2\/region?post=9637"},{"taxonomy":"kategorie","embeddable":true,"href":"https:\/\/tv.a11.cz\/api\/wp\/v2\/kategorie?post=9637"}],"curies":[{"name":"wp","href":"https:\/\/api.w.org\/{rel}","templated":true}]}}