{"id":14494,"date":"2023-12-15T13:40:49","date_gmt":"2023-12-15T12:40:49","guid":{"rendered":"https:\/\/tv.a11.cz\/?post_type=video&#038;p=14494"},"modified":"2023-12-17T19:26:23","modified_gmt":"2023-12-17T18:26:23","slug":"vystava-zrozeni-muzea-v-lanskroune-ukazuje-tvorbu-dvojice-autoru","status":"publish","type":"video","link":"https:\/\/tv.a11.cz\/video\/vystava-zrozeni-muzea-v-lanskroune-ukazuje-tvorbu-dvojice-autoru\/","title":{"rendered":"V\u00fdstava &#8222;Zrozen\u00ed&#8220; muzea v Lan\u0161kroun\u011b"},"content":{"rendered":"","protected":false},"excerpt":{"rendered":"<p>Galerie M\u011bstsk\u00e9ho muzea Lan\u0161kron zaplnili p\u0159\u00edznivci dvojice vystavovatel\u016f. Nejednalo se o jejich prvn\u00ed v\u00fdstavu. <\/p>\n","protected":false},"author":8,"featured_media":14545,"template":"","categories":[17,21,171,157],"porad":[],"region":[104,60],"kategorie":[],"class_list":["post-14494","video","type-video","status-publish","has-post-thumbnail","hentry","category-domaci","category-kultura","category-umeni","category-zpravy","region-orlicko","region-pardubicky-kraj"],"acf":[],"meta_box":{"nbla_idec":"N2309261","nbla_title":"V\u00fdstava \"Zrozen\u00ed\" muzea v Lan\u0161kroun\u011b ukazuje tvorbu dvojice autor\u016f","nbla_subtitle":"","nbla_summary":"","nbla_description":"","nbla_transcription":"Galerie M\u011bstsk\u00e9ho muzea Lanskron zaplnili p\u0159\u00edjezdnivci dvojice vystavovatelu, v\u00fdtvarn\u00edka Ji\u0159\u00edho K\u0159iklavy a um\u011bleck\u00e9ho kov\u00e1\u0159e Franti\u0161ka Anton\u00edna Ve\u010dky. Pro tyto autory to nebyla prvn\u00ed spole\u010dn\u00e1 v\u00fdstava. J\u00e1 jsem tady vystavoval p\u0159ed 25 rokama a tak\u017ee pachatel se vrac\u00ed na m\u00edsto \u010dinu, tak\u017ee s panem K\u0159iklavou znova jsme se potkali zhruba po 25 letech. Zdi galerie jsou posety obrazy Ji\u0159\u00edho K\u0159iklavy, kter\u00fd se v\u00fdtvarn\u00e9mu um\u011bn\u00ed v\u011bnuje od \u00fatleho d\u011btstv\u00ed. A kv\u016fli n\u011bmu opostil i dr\u00e1hu \u00fasp\u011b\u0161n\u00e9ho m\u00f3dn\u00edho n\u00e1varh\u00e1\u0159e. Ty obrazy jsou ovlivn\u011bny moj\u00ed du\u0161\u00ed, kter\u00e1 je v podstat\u011b takov\u00e1 du\u0161e expresivn\u00ed, du\u0161e nesm\u00edrn\u011b barevn\u00e1, du\u0161e, kter\u00e1 m\u00e1 radost ze \u017eivota, ale kterou taky tr\u00e1p\u00ed spoustu v\u011bc\u00ed, kter\u00e9 tr\u00e1p\u00ed ostatn\u00ed lid\u00e9. Franti\u0161ka Anton\u00edna Ve\u010dku okouzlilo um\u011bleck\u00e9 kov\u00e1\u0159stv\u00ed, kdy\u017e mu bylo 6 nebo 7 let. V\u011bnovat se mu za\u010dal a\u017e pozd\u011bji. Moje tvorba u\u017e trv\u00e1 skoro p\u0159es 30 let a inspiraci beru v p\u0159\u00edrod\u011b hlavn\u011b. P\u0159\u00edroda m\u011b oslovuje. D\u011bl\u00e1m v\u011bt\u0161inou sakr\u00e1ln\u00ed v\u011bci. Vern\u00fd S\u00e1\u0161 zpest\u0159ila hudba v pod\u00e1n\u00ed od lidskou steck\u00e9 skupiny Mirelis Sax Band. Jednu p\u00edsni\u010dku si s n\u00ed zanotoval i zp\u00edvaj\u00edc\u00ed kov\u00e1\u0159. P\u00edstava, kter\u00e1 potrv\u00e1 do ned\u011ble 14. ledna, dostala n\u00e1zev s rozen\u00edm. Za\u010d\u00edn\u00e1me sv\u016fj \u017eivot, pokra\u010dujeme d\u00e1l a d\u00e1l a to je zrovna tak, jako v t\u00e9to galerii. Za\u010d\u00e1li jsme na za\u010d\u00e1tku a ta galerie je dlouh\u00e1 a dlouh\u00e1 a tou pokra\u010dujeme d\u00e1l a d\u00e1l, a\u017e se dostaneme na konec. Na Vern\u00fd S\u00e1\u017ei, kterou uzav\u0159elo Hudebn\u00ed uskupen\u00ed hlasy ve tm\u011b, padla zm\u00ednka tak\u00e9 o Lan\u017e Krulskem Betlejemu osobnost\u00ed. Ten se letos roz\u0161\u00ed\u0159il o dva nov\u00e9 obyvatele. My jsme to dlouho tahyli, tak jsme vybrali pan\u00ed Hanuku Zubovou, textiln\u00ed v\u00fdtvarnici z nedalek\u00e9ho Horn\u00edho T\u0159e\u0161\u0148ovce, kter\u00e1 jednak tady v muzeu pracovala a jednak je pom\u011brn\u011b zn\u00e1mou v\u00fdtvarnic\u00ed tady v regionu. Jsem opravdu velice pot\u011b\u0161en\u00e1, \u017ee teda jsem v tom Betlejemu, ale mysl\u00edm si, \u017ee j\u00e1 svoj\u00ed povahou sp\u00ed\u0161 pat\u0159\u00edm do pekla. Druhou osobnost\u00ed je Lan\u017e Krulsk\u00fd rod\u00e1k Leopold Herman, kter\u00fd byl p\u0159\u00edtelem b\u00fdval\u00e9ho ministra zahrani\u010d\u00ed Jana Masaryka. D\u00edky tomuto p\u0159\u00e1telstv\u00ed mu Jan Masaryk domluvil nebo dojednal jedn\u00e1n\u00ed s vl\u00e1dou Velk\u00e9 Brit\u00e1nie, kter\u00e1 uvolnila pom\u011brn\u011b zna\u010dn\u00e9 mno\u017estv\u00ed finan\u010dn\u00edch prost\u0159edk\u016f, kter\u00e9 byly pou\u017eity pr\u00e1v\u011b potom loje Hermanem na \u017eidovsk\u00fd transfer z \u010ceskoslovenska do Velk\u00e9 Brit\u00e1nie a do dal\u0161\u00edch zem\u00ed. Lan\u017e Krulsk\u00fd Betlem osobnost\u00ed vytv\u00e1\u0159\u00ed od roku 2000 m\u00edstn\u00ed \u0159ezb\u00e1\u0159 Bed\u0159ich \u0160ilar. Vyroben\u00fd je z lipov\u00e9ho d\u0159eva. Autor podklady pro tvorbu z\u00edsk\u00e1 v\u00e1s muzea, kter\u00e9 stoj\u00ed za v\u00fdb\u011brem osobnost\u00ed. Pohled toho prom\u00fd\u0161l\u00edm, jak\u00fd bude m\u00edt atributy, jak tu figuru stv\u00e1rn\u00edm. Trv\u00e1 to pohled pracnosti, z\u00e1le\u017e\u00ed, co tam jako vznikne a tak dva, t\u0159i dny zhruba jedna figurka. Pokud byste se r\u00e1di o tomto betl\u00e9mu \u010d\u00edtaj\u00edc\u00edm aktu\u00e1ln\u011b 75 osobnost\u00ed dozv\u011bd\u011bli v\u00edce, m\u00e1te mo\u017enost. Tuto sobotu 9. prosince je pro v\u00e1s v muzeu p\u0159ipraven\u00e1 komentovan\u00e1 prohl\u00eddka.","nbla_serie":"","nbla_season":"","nbla_episode":"","nbla_duration":"189.08","nbla_genre":"","nbla_editorial_format":"","nbla_mtime":"1702642788","nbla_url":"https:\/\/origin.a11.cz\/vod\/545gewy8yy2oa93zfgkkgqffp.mp4","nbla_version":"1702642788","nbla_odvysilano":"Ano","bunny_id":"9057fe6f-269f-46ef-bc65-3ffebe59287e","youtube_id":"","datum_vydani":"20231215","stopaz":"189.08","dokument":[],"video_to":["14546"]},"_links":{"self":[{"href":"https:\/\/tv.a11.cz\/api\/wp\/v2\/video\/14494","targetHints":{"allow":["GET"]}}],"collection":[{"href":"https:\/\/tv.a11.cz\/api\/wp\/v2\/video"}],"about":[{"href":"https:\/\/tv.a11.cz\/api\/wp\/v2\/types\/video"}],"author":[{"embeddable":true,"href":"https:\/\/tv.a11.cz\/api\/wp\/v2\/users\/8"}],"wp:featuredmedia":[{"embeddable":true,"href":"https:\/\/tv.a11.cz\/api\/wp\/v2\/media\/14545"}],"wp:attachment":[{"href":"https:\/\/tv.a11.cz\/api\/wp\/v2\/media?parent=14494"}],"wp:term":[{"taxonomy":"category","embeddable":true,"href":"https:\/\/tv.a11.cz\/api\/wp\/v2\/categories?post=14494"},{"taxonomy":"porad","embeddable":true,"href":"https:\/\/tv.a11.cz\/api\/wp\/v2\/porad?post=14494"},{"taxonomy":"region","embeddable":true,"href":"https:\/\/tv.a11.cz\/api\/wp\/v2\/region?post=14494"},{"taxonomy":"kategorie","embeddable":true,"href":"https:\/\/tv.a11.cz\/api\/wp\/v2\/kategorie?post=14494"}],"curies":[{"name":"wp","href":"https:\/\/api.w.org\/{rel}","templated":true}]}}