{"id":13882,"date":"2023-11-22T14:21:15","date_gmt":"2023-11-22T13:21:15","guid":{"rendered":"https:\/\/tv.a11.cz\/?post_type=video&#038;p=13882"},"modified":"2023-11-23T16:03:19","modified_gmt":"2023-11-23T15:03:19","slug":"rozhovor-marta-pecenova","status":"publish","type":"video","link":"https:\/\/tv.a11.cz\/video\/rozhovor-marta-pecenova\/","title":{"rendered":"Marta Pe\u010de\u0148ov\u00e1 &#8211; organizace na pomoc autist\u016fm"},"content":{"rendered":"","protected":false},"excerpt":{"rendered":"<p>Marta Pe\u010de\u0148ov\u00e1 m\u00e1 dv\u011b d\u011bti s Aspergerov\u00fdm syndromem a na pomoc druh\u00fdm zalo\u017eila sdru\u017een\u00ed Za sklem. To pom\u00e1h\u00e1 se vzd\u011bl\u00e1v\u00e1n\u00edm nebo terapiemi pro pacienty s poruchou autistick\u00e9ho spektra. K tomu iniciovala vznik projektu \u010cesko sv\u00edt\u00ed mod\u0159e.<\/p>\n","protected":false},"author":8,"featured_media":13981,"template":"","categories":[175,174,173],"porad":[220],"region":[],"kategorie":[],"class_list":["post-13882","video","type-video","status-publish","has-post-thumbnail","hentry","category-osobnosti","category-rozhovory","category-ze-spolecnosti","porad-a11-rozhovory"],"acf":[],"meta_box":{"nbla_idec":"A2302149","nbla_title":"Rozhovor","nbla_subtitle":"Marta Pe\u010de\u0148ov\u00e1","nbla_summary":"organizace na pomoc autist\u016fm","nbla_description":"Marta Pe\u010de\u0148ov\u00e1 m\u00e1 dv\u011b d\u011bti s Aspergerov\u00fdm syndromem a na pomoc druh\u00fdm zalo\u017eila sdru\u017een\u00ed Za sklem. To pom\u00e1h\u00e1 se vzd\u011bl\u00e1v\u00e1n\u00edm nebo terapiemi pro pacienty s poruchou autistick\u00e9ho spektra. K tomu iniciovala vznik projektu \u010cesko sv\u00edt\u00ed mod\u0159e.","nbla_transcription":"Dobr\u00fd den, mil\u00ed div\u00e1ci, v\u00edt\u00e1m v\u00e1s u dal\u0161\u00edho rozhovoru na A11. Dnes tady m\u00e1me velice vz\u00e1cn\u00e9ho hosta, je to Marta Pe\u010de\u0148ov\u00e1, p\u0159edsedkyn\u011b Neziskov\u00e9 organizace za Sklem, kter\u00e1 pom\u00e1h\u00e1 lidem na spektru autismu. Dobr\u00fd den. Dobr\u00fd den. Jsem moc r\u00e1da, \u017ee jste p\u0159i\u0161la. V dne\u0161n\u00ed dob\u011b autismus je, nebo tady to, chci \u0159\u00edct, lid\u00e9, kte\u0159\u00ed jsou n\u011bkde u m\u00edst\u00ed na tom spektru autismu, tak je to velice roz\u0161\u00ed\u0159en\u00e9. Nebo \u0159ekla bych mnohem v\u00edc, ne\u017e d\u0159\u00edv. \u0158ekla byste n\u00e1m v\u016fbec, jak se to projevuje a do jak\u00e9 m\u00edry je t\u0159eba ta populace zasa\u017een\u00e1, i d\u011bti, i dosp\u011bl\u00ed u n\u00e1s v \u010cech\u00e1ch, na Morav\u011b? Jako \u0159\u00edct jednodu\u0161e, jak se projevuje, to je velmi t\u011b\u017ek\u00e9, proto\u017ee jsou r\u016fzn\u00e9 typy autismu. Proto i \u0159\u00edk\u00e1me, \u017ee jsou lidi na spektru. A co se t\u00fdk\u00e1 zasa\u017een\u00ed populace, j\u00e1 v\u017edycky \u0159\u00edk\u00e1m, \u017ee kdy\u017e jsme za\u010d\u00ednali s kampan\u00ed \u010ceskosv\u00edt\u00ed mod\u0159e p\u0159ed deseti lety, tak se uv\u00e1d\u011blo, \u017ee ka\u017ed\u00e9 110. d\u00edt\u011b m\u00e1 n\u011bjakou poruchu autistick\u00e9ho spektra. A v leto\u0161n\u00edm ro\u010dn\u00edku u\u017e jsme uv\u00e1d\u011bli ka\u017ed\u00e9 36. d\u00edt\u011b. Tak\u017ee ten posun b\u011bhem toho desetilet\u00ed je obrovsk\u00fd. Ale tak\u00e9 se zlep\u0161ila diagnostika, l\u00e9ka\u0159i maj\u00ed v\u011bt\u0161\u00ed pov\u011bdom\u00ed, rodi\u010di si sami hledaj\u00ed informace. Kdy\u017e jsem se dostala k t\u00e9to problematice, tak ty informace t\u00e9m\u011b\u0159 nebyly. My jsme byli odk\u00e1zan\u00ed sami na sebe a museli jsme si v\u0161echno dohled\u00e1vat. Mohl by si t\u0159eba jenom zhruba nazna\u010dit n\u011bjak\u00e9 ty z\u00e1kladn\u00ed p\u0159\u00edznaky, podle kter\u00fdch by ten rodi\u010d mohl p\u0159edpokl\u00e1dat, \u017ee maj\u00ed doma d\u00edt\u011b na spektru autismu? V\u011bt\u0161inou \u0159\u00edk\u00e1me, \u017ee jsou d\u011bti jin\u00e9, \u017ee maj\u00ed sv\u016fj sv\u011bt. N\u011bkter\u00e9 se vyh\u00fdbaj\u00ed o\u010dn\u00edmu kontaktu, nevy\u017eaduj\u00ed kontakt se sv\u00fdm okol\u00edm. V\u017edy fyzick\u00fd nebo soci\u00e1ln\u00ed? Oboj\u00ed. Ale zase, je to \u010dlov\u011bk od \u010dlov\u011bka, prost\u011b ka\u017ed\u00fd je jin\u00fd. Tak\u017ee n\u011bkde v\u00e1m nap\u00ed\u0161ou, \u017ee m\u00e1 atypick\u00fd autismus, proto\u017ee prost\u011b do n\u011bjak\u00e9 t\u00e9 \u0161katulky nezapad\u00e1. V\u011bt\u0161inou si d\u011bti, kdy\u017e si hraj\u00ed, tak maj\u00ed specifick\u00fd z\u00e1jem. \u0158ad\u00ed si t\u0159eba hra\u010dky do \u0159ady. Anebo pastelky pot\u0159ebuj\u00ed m\u00edt p\u0159esn\u011b prost\u011b srovnan\u00e9, na milimetr oh\u0159ezan\u00e9 stejn\u011b. Podle barvi\u010dek to mus\u00ed sed\u011bt, \u017ee jo? No, p\u0159esn\u011b tak. A m\u016f\u017ee b\u00fdt t\u0159eba, \u017ee taky na zv\u00fd\u0161en\u00ed po\u010dtu t\u011bch d\u011bt\u00ed m\u00e1 vliv na\u0161e \u017eivotn\u00ed prost\u0159ed\u00ed, t\u0159eba zne\u010di\u0161t\u011bn\u00ed \u017eivotn\u00edho prost\u0159ed\u00ed, nebo o\u010dkov\u00e1n\u00ed, nebo stres, nebo co byste \u0159ekla? M\u00e1 tady n\u011bjak\u00e1 ta modern\u00ed doba v\u011bt\u0161\u00ed vliv na to? Z\u0159ejm\u011b m\u00e1. J\u00e1 bych tady, proto\u017ee o\u010dkov\u00e1n\u00ed je takov\u00e9 velmi o\u017eehav\u00e9 t\u00e9ma, a nerada bych ho tady rozv\u00e1dila. Nicm\u00e9n\u011b v\u00edm od mnoh\u00fdch rodi\u010d\u016f, kte\u0159\u00ed jsou stoprocentn\u011b p\u0159esv\u011bd\u010den\u00ed, \u017ee prost\u011b u toho jejich d\u00edt\u011b to vlastn\u011b autismus vzpustilo o\u010dkov\u00e1n\u00ed. Jsou zase jin\u00ed, kte\u0159\u00ed to pop\u00edraj\u00ed. J\u00e1 bych se dr\u017eela toho, \u017ee je lep\u0161\u00ed diagnostika, je lep\u0161\u00ed pov\u011bdom\u00ed odborn\u00edk\u016f a stres, ano. Ur\u010dit\u011b zne\u010di\u0161t\u011bn\u00ed ovzdu\u0161\u00ed tak\u00e9, ale mysl\u00edm si, \u017ee ta diagnostika a to pov\u011bdom\u00ed je daleko lep\u0161\u00ed. Kdy\u017e jsme se bavili p\u0159ed nat\u00e1\u010den\u00edm, tak byste mi \u0159\u00edkala, \u017ee u\u017e jsou n\u011bjak\u00e9 testy, kter\u00e9 v 18 m\u011bs\u00edc\u00edch sv\u00e9ho d\u00edt\u011b m\u016f\u017eou pomoct odhalit tady tu nemoc. Jak to prob\u00edh\u00e1 t\u0159eba? Nebo kdy\u017e ty rodi\u010de p\u0159ij\u00ed\u017ed\u00ed k pediatrovi, tak on to spont\u00e1nn\u011b navrhne nebo oni se o to maj\u00ed \u0159\u00edct? Ne, te\u010f to se n\u00e1m poda\u0159ilo v r\u00e1mci odborn\u00e9 skupiny p\u0159i vl\u00e1dn\u00edm v\u00fdboru pro osoby se zrhotn\u00edm posti\u017een\u00edm, kde vl\u00e1da schv\u00e1lila podm\u011bt a podle toho maj\u00ed ministerstva plnit n\u011bkter\u00e9 \u00fakoly, kter\u00e9 v tom podm\u011btu m\u011bly z\u00e1dan\u00e9. Jedn\u00edm z t\u011bch \u00fakol\u016f byl v\u010dasn\u00fd z\u00e1chyt v 18 m\u011bs\u00edc\u00edch. A tam pr\u00e1v\u011b ka\u017ed\u00fd rodi\u010d, kter\u00fd p\u0159ijde s d\u011btem na preventivn\u00ed prohl\u00eddku, tak by m\u011bl proj\u00edt v t\u011bch 18 m\u011bs\u00edc\u00edch t\u00edm v\u010dasn\u00fdm z\u00e1chytem. T\u00edm v\u010dasn\u00fdm z\u00e1chytem projdou d\u011bti, kter\u00e9 maj\u00ed t\u011b\u017e\u0161\u00ed symptomatiku. T\u0159eba u d\u011bt\u00ed s Aspergerov\u00fdm syndromem tam je pr\u00e1v\u011b ta prohl\u00eddka roz\u0161\u00ed\u0159en\u00e1 na 3, 5 a 7 let. Proto\u017ee pr\u00e1v\u011b u d\u011bt\u00ed s Aspergerov\u00fdm syndromem, kde je zachovan\u00fd intelekt, tak se nejv\u00edce poznaj\u00ed ty odchylky, a\u017e jdou vlastn\u011b do kolektivu. Ve \u0161kolce, ve \u0161kole. A ve \u0161kole u\u017e je celkem pozd\u011b. Tak\u017ee v\u011bt\u0161inou t\u0159eba v tom posledn\u00edm \u0161koln\u00edm roce. V kolkovsk\u00e9m. Ch\u00e1pu. Jste \u0159\u00edkala, \u017ee potom, \u017ee t\u0159eba pozd\u011b, to znamen\u00e1, \u017ee je n\u011bjak\u00e1 mo\u017enost tu nemoc tro\u0161ku ovlivnit, pozastavit. \u0158\u00edk\u00e1m to dob\u0159e? Ze strany t\u011bch l\u00e9ka\u0159\u016f nebo i rodi\u010d\u016f? No jestli pozastavit, to bych si tak netroufla \u0159\u00edct. Ka\u017edop\u00e1dn\u011b ovlivnit, ano. \u010c\u00edm d\u0159\u00edv za\u010dnete s d\u00edt\u011btem pracovat, proto jsme cht\u011bli i t\u011bch 18 m\u011bs\u00edc\u016f, n\u011bkdy je mo\u017en\u00e9 u\u017e poznat v jednom roce. Tak\u017ee \u010d\u00edm d\u0159\u00edv za\u010dnete s t\u00edm d\u00edt\u011btem pracovat a nastavovat prost\u011b n\u011bjak\u00e9 procesy, tak t\u00edm je to pro to d\u00edt\u011b samoz\u0159ejm\u011b lep\u0161\u00ed. M\u016f\u017eete t\u0159eba konkr\u00e9tn\u011bj\u0161\u00ed, jako jak s t\u00edm d\u011btkem vlastn\u011b ty rodi\u010de maj\u00ed pracovat, aby jeho vlastn\u011b asi nerozru\u0161ovali n\u011bjak\u00fdma zm\u011bnama okolnost\u00ed a tak d\u00e1le? Ur\u010dit\u011b je pot\u0159eba, ale to je zase ve spolupr\u00e1ci s uzborn\u00edky. Konkr\u00e9tn\u011b pracujeme vlastn\u011b v na\u0161\u00ed organizaci s celou rodinou, kdy se rodi\u010de u\u010d\u00ed komunikovat s t\u00edm d\u00edt\u011btem. Nastav\u00ed se funk\u010dn\u00ed komunikace vlastn\u011b na \u00farovni toho d\u00edt\u011bta a podle toho se pracuje. N\u011bkter\u00e9 d\u00edt\u011b se dorozum\u00edv\u00e1 formou, v\u011bt\u0161inou jedou p\u0159es strukturovan\u00e9 u\u010den\u00ed, ale n\u011bkter\u00e9 pou\u017e\u00edvaj\u00ed karti\u010dky, proto\u017ee nejsou schopn\u00e9 mluvit. U n\u00e1s t\u0159eba hodn\u011b pom\u00e1h\u00e1 fakt jako vizualizace, kdy m\u00e1te rozkreslen\u00e9 ty situace a podle nich jedete, aby vlastn\u011b to d\u00edt\u011b v\u011bd\u011blo p\u0159edem, co ho \u010dek\u00e1 a m\u011blo jistotu, ne\u017e se vlastn\u011b nau\u010d\u00ed n\u011bkter\u00e9 ty situace zvl\u00e1dnout. Je\u0161t\u011b jste zm\u00ednila Asperger\u016fv syndrom, co\u017e je vlastn\u011b, bych \u0159ekla, asi takov\u00e1 v\u00e1\u017en\u011bj\u0161\u00ed, bych to \u0159ekla, v\u00e1\u017en\u011bj\u0161\u00ed projev na tom spektru autizmu. Mohla byste to n\u011bjak trochu p\u0159ibl\u00ed\u017eit, jak se to vlastn\u011b projevuje? Nev\u00edm, jestli v\u00e1\u017en\u011bj\u0161\u00ed probl\u00e9m. Tady o tom vedou odborn\u00edci celkem polemik\u016f, proto\u017ee n\u011bkte\u0159\u00ed ozna\u010duj\u00ed Asperger\u016fv syndrom za leh\u010d\u00ed symptomatiku. Nicm\u00e9n\u011b rodi\u010de, kter\u00e9 maj\u00ed tyto d\u011bti doma, tak to tak nevn\u00edmaj\u00ed pr\u00e1v\u011b t\u00edm, \u017ee maj\u00ed jejich d\u011bti zachovan\u00fd intelekt a hodn\u011b vn\u00edmaj\u00ed vlastn\u011b tu svoji odli\u0161nost. U d\u011bt\u00ed s Aspergerov\u00fdm syndromem je pr\u00e1v\u011b ten intelekt zachovan\u00fd. Tam, kde je t\u0159eba autismus klasick\u00fd, tak v\u011bt\u0161inou je k tomu p\u0159idru\u017een\u00e1 t\u0159eba ment\u00e1ln\u00ed retardace nebo je\u0161t\u011b jin\u00e9 zdravotn\u00ed omezen\u00ed. A co se t\u00fdk\u00e1 pr\u00e1v\u011b lid\u00ed s Aspergerov\u00fdm syndromem, tak kdy\u017e se jim uprav\u00ed podm\u00ednky, tak jsou schopn\u00e9 za\u010dlenit se do spole\u010dnosti. Vlastn\u011b zvl\u00e1dnou \u0161kolku, \u0161kolu, vysokou \u0161kolu, po p\u0159\u00edpad\u011b zam\u011bstn\u00e1n\u00ed, rodinn\u00fd \u017eivot. Jsem setkala u n\u00e1s v rodin\u011b, \u017ee jedna moje sestrenice m\u00e1 takov\u00e9ho chlapce, \u017ee vlastn\u011b jej\u00ed t\u00e1ta nebo jeho d\u011bde\u010dek j\u00ed dlouho vy\u010d\u00edtal, \u017ee neum\u00ed vychov\u00e1vat d\u00edt\u011b. Jak vlastn\u011b tyhle rodi\u010de se s t\u00edm m\u016f\u017eou vyrovn\u00e1vat nebo jak m\u016f\u017eou tady t\u011bm obv\u00edjan\u00edm \u010delit, proto\u017ee z\u0159ejm\u011b nejsou fakticky spr\u00e1vn\u00ed? No pr\u00e1v\u011b proto vlastn\u011b pracujeme komplet s celou rodinou a zveme i babi\u010dky, d\u011bde\u010dky, str\u00fdce, teti\u010dky. Opravdu tu nej\u0161ir\u0161\u00ed rodinu, aby vlastn\u011b ta m\u00e1ma nebo ten t\u00e1ta na to nebyli sami. Aby si dok\u00e1zali p\u0159edstavit i ta \u0161ir\u0161\u00ed rodina. Vlastn\u011b to \u00fazkal\u00e9, ve\u0161ker\u00e9, co ta rodina nese. Nebo v\u011bt\u0161inou jsou to bohu\u017eel ty m\u00e1my, proto\u017ee t\u00e1tov\u00e9 tady tohle \u00fapln\u011b nezvl\u00e1daj\u00ed. Ale nastavit program, nastavit tu komunikaci prost\u011b s t\u00edm d\u00edt\u011btem, ust\u00e1t v to, \u017ee d\u00edt\u011b se za ka\u017edou cenu sna\u017e\u00ed b\u00fdt v kolektivu \u00fasp\u011b\u0161n\u00e9, sna\u017e\u00ed se p\u0159izp\u016fsobit sv\u00fdm vrstevn\u00edk\u016fm a potom doma odpad\u00e1, kde u\u017e s n\u00edm vlastn\u011b nic neud\u011bl\u00e1te. Kolikr\u00e1t v\u00e1m jde do afektu, proto\u017ee je p\u0159et\u00ed\u017een\u00e9. Tak to je velmi t\u011b\u017ek\u00e9. I proto vlastn\u011b pracujeme komplet s celou tu rodinou, aby m\u011bla pomoc a aby v\u011bd\u011bli, kam se obr\u00e1tit a jak\u00fdm zp\u016fsobem tu komunikaci nastavit. Vy jste teda organizace za sklem. Mohla byste tro\u0161ku bl\u00ed\u017e p\u0159edstavit va\u0161i organizaci. P\u0159edev\u0161\u00edm to, jak m\u016f\u017eete, tro\u0161ku se to u\u017e nazna\u010dilo t\u011bm rodi\u010d\u016fm a d\u011btem pomoci, kde v\u00e1s najdou, kde v\u0161ude jste vlastn\u011b km\u00e1n\u00ed. Kde v\u0161ude jsme km\u00e1n\u00ed, to je hezky \u0159e\u010deno. Vlastn\u011b najdou n\u00e1s jednak ve Zl\u00edn\u011b, v Olomouci, v Brn\u011b a v Praze. Jak u\u017e jsem \u0159ekla, pracujeme komplet s celou rodinou. Poskytujeme \u010dty\u0159i soci\u00e1ln\u00ed slu\u017eby. To je odborn\u00e9 soci\u00e1ln\u00ed poradenstv\u00ed, soci\u00e1ln\u011b aktiviza\u010dn\u00ed slu\u017eba pro rodiny s d\u011btmi. Ta je vlastn\u011b pro men\u0161\u00ed d\u011bti. Men\u0161\u00ed d\u011bti je do \u0161estadvaceti let. Prost\u011b je to pro d\u011bti \u0161kolou povinn\u00e9. Tam se pr\u00e1v\u011b pracuje komplet s celou rodinou. Potom m\u00e1me soci\u00e1ln\u00ed rehabilitaci, kter\u00e1 u\u017e je pro dosp\u011bl\u00e9. Upev\u0148uj\u00ed si ty dovednosti, kter\u00e9 se nau\u010dili. M\u00e1me n\u00e1dzv\u00edkov\u00e9 byty. Opravdu se upev\u0148uj\u00ed tu sebeobsluhu. Jak oprat pr\u00e1dlo, nachystat sva\u010dinu, nakoupit. Postarat se, aby mohli \u017e\u00edt ten samostatn\u00fd \u017eivot v r\u00e1mci mo\u017enost\u00ed. Potom m\u00e1me navazuj\u00edc\u00ed slu\u017ebu. To jsou centra denn\u00edch slu\u017eeb, kde u\u017e vlastn\u011b jsou jak dosp\u011bl\u00ed, tak d\u011bti. Je to pr\u00e1v\u011b ta navazuj\u00edc\u00ed slu\u017eba, kdy jsou tam u\u017e tematick\u00e9 skupiny. Maj\u00ed tam t\u0159eba d\u011bv\u010data v n\u00e1cti leta. U\u010d\u00ed se, jak zach\u00e1zet s kosmetikou, jak o sebe db\u00e1t, jak si vybrat oble\u010den\u00ed. Proto\u017ee t\u0159eba pro lidi se Spargrov\u00fdm syndromem je nesm\u00edrn\u011b t\u011b\u017ek\u00e9 p\u0159izp\u016fsobit oble\u010den\u00ed po\u010das\u00ed. Proto\u017ee se pod\u00edvaj\u00ed z okna a vid\u00ed, \u017ee sv\u00edt\u00ed slunko, ale venku je t\u0159eba minus 20. Tak\u017ee si vyhodnot\u00ed, aha, sv\u00edt\u00ed slunko, v\u00fdborn\u011b. Kr\u00e1tk\u00fd ruk\u00e1v, \u0161ortky, n\u00e1\u0161upky a jdou. Pantofly n\u011bjak\u00e9. M\u011b taky napadlo, \u017ee t\u0159eba, kdy\u017e j\u00e1 jsem byla mal\u00e1 holka nebo moji vrstevn\u00edci, tak se na to tolik nedbalo. J\u00e1 t\u0159eba jedna moje kamar\u00e1dka, tak to je p\u0159es 30, tak ta jenom te\u010fka ned\u00e1vno se dozv\u011bd\u011bla, \u017ee m\u00e1 Asperger\u016fv syndrom, proto\u017ee prost\u011b d\u0159\u00edv se tolik nedagnostikovalo a vlastn\u011b ta jej\u00ed jakoby nekompatibilita s lidma vokolo ji vlastn\u011b dohnala k tomu, \u017ee se nechala vy\u0161et\u0159it a zjistila to. Mysl\u00edte, \u017ee to m\u00e1 je\u0161t\u011b cenu takhle jako v na\u0161em v\u011bku nebo \u0159ekn\u011bme u\u017e, kdy\u017e je \u010dlov\u011bku p\u0159es 30, p\u0159es 40, aby se je\u0161t\u011b s t\u00edm n\u011bco d\u011blal? Nen\u00ed to ztracen\u00e9 u\u017e? Ur\u010dit\u011b to nen\u00ed ztracen\u00e9 a v\u017edycky to m\u00e1 cenu. P\u0159edev\u0161\u00edm pro toho \u010dlov\u011bka, proto\u017ee vlastn\u011b pochop\u00ed tu svoji jinakost. Zjist\u00ed, \u017ee vlastn\u011b je norm\u00e1ln\u00ed. Proto\u017ee ty \u0159eklaste jinakost a je norm\u00e1ln\u00ed. Zkuste to n\u011bjak vysv\u011btlit bl\u00ed\u017e. J\u00e1 t\u0159eba, kdy\u017e vezmu sv\u00e9ho syna, tak on do 15 let m\u011bl pocit, \u017ee vlastn\u011b my v\u0161ichni jsme jin\u00ed a on je jako \u00fapln\u011b v pohod\u011b. Tam se to potom za\u010dalo tro\u0161ku l\u00e1mat, kdy za\u010dal zji\u0161\u0165ovat, \u017ee teda asi n\u011bjak\u00fd probl\u00e9m bude m\u00edt on. Ale oni v podstat\u011b, co je norm\u00e1ln\u00ed? Kdy\u017e si vezmete, \u017ee lid\u00e9 na spektrum maj\u00ed doslovn\u00e9 ch\u00e1p\u00e1n\u00ed, tak j\u00e1 v\u011bt\u0161inou uv\u00e1d\u00edm p\u0159\u00edklad pr\u00e1v\u011b sv\u00e9ho syna, kdy jsem mu \u0159ekla postav vodu na \u010daj. A on opravdu prost\u011b vzal tu vodu a postavil ji na ten \u010daj. Tak\u017ee zase, jako vych\u00e1z\u00ed to od n\u00e1s, jak\u00e9 d\u00e1v\u00e1me pokyny a co je ta norm\u00e1lnost. Jasn\u011b, on ud\u011blal to, co sly\u0161el. P\u0159esn\u011b tak. A v tomhle je vlastn\u011b, bych \u0159ekla, to nejv\u011bt\u0161\u00ed \u00faskal\u00ed vlastn\u011b v tom porozum\u011bn\u00ed. A dneska, kdy\u017e se zapomenu a \u0159eknu postav vodu na \u010daj, tak jsem \u0159ekla, mysl\u00ed\u0161 to jako tak, \u017ee m\u00e1m napustit vodu do konvice. J\u00e1 teda jsem se cht\u011bla zeptat, m\u011b t\u0159eba doma v\u017edycky \u0159\u00edkali, \u017ee jsem jako nedovtipn\u00e1, \u017ee taky v\u0161echno, nebo hodn\u011b v\u011bc\u00ed beru doslovn\u011b. Tak\u017ee se chci vlastn\u011b zeptat, do jak\u00e9 m\u00edry jsme v\u0161ichni tak trochu autisti. To je t\u011b ot\u00e1zka. No, na v\u00e1s. Z\u0159ejm\u011b ka\u017ed\u00fd \u010dlov\u011bk m\u00e1 prost\u011b n\u011bjak\u00fd sv\u016fj ritu\u00e1l. Z\u00e1le\u017e\u00ed u\u017e potom na tom, do jak\u00e9 hloubky s t\u011bmi ritu\u00e1ly jde. A tam u\u017e si potom asi ka\u017ed\u00fd vyhodnotit s\u00e1m, jestli proj\u00edt tou diagnostikou nebo ne. Takov\u00e1 \u0161lamov\u00e1 odpov\u011b\u010f, ale... M\u016f\u017ee b\u00fdt taky, \u017ee tam je jako probl\u00e9m na t\u00e9 emo\u010dn\u00ed str\u00e1nce. J\u00e1, co jsem o tom \u010detla, tak jsem to pochopila tak, \u017ee maj\u00ed probl\u00e9my jako v\u016fbec s ch\u00e1p\u00e1n\u00edm emoc\u00ed, s vyjad\u0159ov\u00e1n\u00edm emoc\u00ed, s empat\u00ed. Ale zase je to prost\u011b \u010dlov\u011bk od \u010dlov\u011bka. M\u00e1te d\u00edt\u011b, kter\u00e9 v\u00e1s bude obj\u00edmat, kter\u00e9 prost\u011b bude plakat. A z toho pr\u00e1v\u011b m\u00e1te \u010dlov\u011bka, kter\u00fd jako nedok\u00e1\u017ee rozeznat vlastn\u011b nic z toho. My vlastn\u011b od malinka pracujeme s d\u011btma i na tom, aby dok\u00e1zali vlastn\u011b vy\u010d\u00edst z t\u00e9 tv\u00e1\u0159e, jak ten \u010dlov\u011bk proti n\u011bmu, jako jak se c\u00edt\u00ed. Nebo i to, jak se c\u00edt\u00ed oni. Aby to uk\u00e1zali vlastn\u011b pomoc\u00ed karet. Proto\u017ee m\u00e1me karty, kde jsou r\u016fzn\u00e9 obli\u010deje, kde jsou r\u016fzn\u00e9 v\u00fdrazy. A vlastn\u011b kolegyn\u011b s nimi pracuj\u00ed t\u00edm zp\u016fsobem, \u017ee vlastn\u011b, kdy\u017e to d\u00edt\u011b p\u0159ijde, tak si m\u016f\u017ee uk\u00e1zat, na jak\u00e9 stupnici vlastn\u011b je. Jestli m\u00e1 n\u00e1ladu, nem\u00e1. Jak se c\u00edt\u00ed, jestli \u0161patn\u011b a pokud \u0161patn\u011b. Tak co je toho vlastn\u011b p\u0159\u00ed\u010dinou. A naj\u00edt tu p\u0159\u00ed\u010dinu, ne\u017e za\u010dnou pracovat, vlastn\u011b ne\u017e dojdou k tomu, co maj\u00ed ud\u011blat za \u00fakol spln\u011b. T\u0159eba ch\u00e1pu dob\u0159e. Ano, aby t\u0159eba p\u0159i\u0161lo, \u0159eknu, s kamenou tv\u00e1\u0159\u00ed. Ale um\u011b\u0159 m\u016f\u017ee b\u00fdt v t\u00e9 \u0161k\u00e1le od jedni\u010dky do des\u00edtky \u00fapln\u011b. A stejn\u011b se tv\u00e1\u0159\u00ed po ka\u017ed\u00e9. A\u0165 je \u0161\u0165astn\u00fd, nebo ne\u0161\u0165astn\u00fd. Ano. J\u00e1 jsem se je\u0161t\u011b cht\u011bla zeptat. Vy jste mi \u0159\u00edkala, \u017ee vlastn\u011b v\u00e1s tady k t\u00e9 pr\u00e1ci p\u0159ivedla vlastn\u00ed rodina. \u0158eknu trampoty s vlastn\u00edma synama, kter\u00fd jste pro\u017e\u00edvala v t\u00e9 dob\u011b. Kdy\u017e jste byla na za\u010d\u00e1tku, jste \u0159\u00edkala, \u017ee to nebylo v\u016fbec jednoduch\u00e9. \u017de o tom skoro nikdo nic nev\u011bd\u011bl. Tak kdybyste n\u00e1m taky \u0159ekla n\u011bco tady z t\u00e9 osobn\u00ed historie. Tak vlastn\u011b m\u016fj syn byl prvn\u00ed s diagnozou Aspergerova syndromu s doporu\u010den\u00edm na asistenta pedagoga, kter\u00fd tenkr\u00e1t nebyl v katalogu prac\u00ed. Promi\u0148te, \u0159ekla byste, co to bylo za rok t\u0159eba, aby jsme se mohli tak n\u011bjak zorientovat. Kolem roku 2000. A vlastn\u011b od dvou let jsem poukazovala na to, \u017ee je Pe\u0165a jin\u00fd. \u017de m\u00e1 jin\u00e9 z\u00e1jmy, \u017ee ho zaj\u00edmaj\u00ed encyklopedie, zaj\u00edmaj\u00ed ho pr\u00e1v\u011b barvy. Nem\u011bly zrovna r\u00e1d ty doteky a tu spole\u010dnost. A p\u0159esto vlastn\u011b kone\u010dnou diagnozu dostala a\u017e v dev\u00edti letech. I proto vlastn\u011b jsme se sna\u017eili, aby ta diagnostika byla v tom ran\u00e9m v\u011bku. Proto\u017ee Pe\u0165a si to sebou neust\u00e1le nese jako kouly na noze. P\u0159edu\u0161\u00edm, \u017ee mysl\u00edte, kdyby se bylo b\u00fdvalo, za\u010dalo t\u0159eba v t\u011bch dvou letech, \u017ee by to m\u011blo jednodu\u0161\u0161\u00ed a nenechalo by mu takov\u00e9 \u0161r\u00e1my na du\u0161i? Vlastn\u011b t\u00edm, \u017ee byl prvn\u00ed a t\u00e9m\u011b\u0159 nic se o tom nev\u011bd\u011blo. A hlavn\u011b se s n\u00edm nepracovalo. Tak jsme jeli formou vlastn\u011b pokusomil. A\u017e v t\u011bch dev\u00edti letech se za\u010dalo c\u00edlen\u011b pracovat vlastn\u011b na tom, s \u010d\u00edm m\u011bl probl\u00e9m. A to, \u017ee byl prvn\u00ed ve \u0161kolce, ve \u0161kole, na st\u0159edn\u00ed \u0161kole, na vysok\u00e9. To jsem vlastn\u011b v\u017edycky sly\u0161ela. Na\u0161e \u0161koly nejsou na va\u0161e d\u00edti p\u0159ipraven\u00e9. A kdy\u017e to sly\u0161\u00edte deset let, tak si \u0159\u00edk\u00e1te. Aha, tak asi je n\u011bco \u0161patn\u00e9. Pro\u010d po deseti letech nejsou \u0161koly p\u0159ipraven\u00e9? Pro\u010d to nefunguje? A u toho nejmlad\u0161\u00edho syna, kter\u00e9mu vlastn\u011b byla taky potvrzen\u00e1 diagnoza, tak to u\u017e by\u0165mi na po\u010d\u00e1tku odborn\u00edci tvrdili, \u017ee napodobuje Pet\u011b. Je mezi nimi rozd\u00edl dvan\u00e1ct let. Tak mo\u017en\u00e1 mohl napodobovat n\u011bjak\u00e9 chov\u00e1n\u00ed, ale ur\u010dit\u011b ne to, \u017ee si hr\u00e1l s\u00e1m pod stolem a \u0159adil si hra\u010dky prost\u011b do \u0159ady. To ur\u010dit\u011b u Petra ve dvan\u00e1cti letech nevid\u011bl. Tak\u017ee s t\u00edm se pracovalo od mali\u010dka a je n\u011bkde \u00fapln\u011b jinde. Je opravdu samostatn\u00e1 jednotka, zvl\u00e1dne cestovat, zvl\u00e1dne se doptat, zvl\u00e1dne se o sebe postarat. Ano, m\u00e1 doslovn\u00e9 ch\u00e1p\u00e1n\u00ed, ano, m\u00e1 probl\u00e9m se zm\u011bnama, ale je to jine. U toho Peti ka\u017ed\u00e1 zm\u011bna, kter\u00e1 prost\u011b p\u0159ijde, je obrovsk\u00fd probl\u00e9m. A ten Honza se s t\u00edm n\u011bjak\u00fdm zp\u016fsobem dok\u00e1\u017ee poprat. A vy jste teda \u0159\u00edkala, \u017ee kluci \u0161li na st\u0159edn\u00ed i na vysokou va\u0161i, ale \u017ee ty \u0161koly nebyly p\u0159ipraven\u00e9. A sama polo\u017eila tu ot\u00e1zku, pro\u010d nebyly p\u0159ipraven\u00e9 a jak jsou p\u0159ipraven\u00e9 te\u010fka? Nejsou. Nejsou po\u0159\u00e1d? Ne. Te\u010f dokonce se sna\u017e\u00ed omezit asistenty pedagoga. Tak\u017ee jsem \u0159\u00edkala, \u017ee se snad vrac\u00ed doba, kdy rodi\u010de sed\u011bli na chodb\u011b a \u010dekali prost\u011b na p\u0159est\u00e1vku, aby mohli doprovodit svoje d\u00edt\u011b t\u0159eba do j\u00eddelny. Ale v\u011b\u0159\u00edm, \u017ee k tomu nedojde. Promi\u0148te, s finan\u010dn\u00edch d\u016fvod\u016f je to? Nebo pro\u010d to d\u011blaj\u00ed? Proto\u017ee to bylo tenkr\u00e1t na tom prvopo\u010d\u00e1tku, ne\u017e vlastn\u011b se nastavila ta pozice toho asistenta pedagoga. Nicm\u00e9n\u011b te\u010f chce Ministerstvo \u0161kolstv\u00ed op\u011bt asistenty pedagoga omezit. Z jak\u00e9ho d\u016fvodu je ot\u00e1zka asi na n\u011b. Za m\u011b je \u0161patn\u011b nastaveno. Poukazovali jsme na to n\u011bkolikr\u00e1t, ale to je asi na jinou diskuzi, ne sem. A co se t\u00fdk\u00e1 toho, jestli jsou \u0161koly p\u0159ipraven\u00e9, nejsou. Hodn\u011b to z\u00e1le\u017e\u00ed na organizac\u00edch, kter\u00e9 se pod\u00edlej\u00ed na vzd\u011bl\u00e1v\u00e1n\u00ed. T\u00edm, \u017ee Ministerstvo \u0161kolstv\u00ed zru\u0161ilo N\u00e1rodn\u00ed \u00fastav pro vzd\u011bl\u00e1v\u00e1n\u00ed, \u017ee v podstat\u011b odbouralo jednotn\u00e9 vzd\u011bl\u00e1v\u00e1n\u00ed a veden\u00ed metodick\u00e9 pro speci\u00e1ln\u011b pedagogick\u00e1 centra, pro pedagogicko-psychologick\u00e9 poradny, tak se dost\u00e1v\u00e1me do takov\u00e9ho koloto\u010de, kdy pro \u0161koly by\u0165 by cht\u011bli, nen\u00ed pomoc dostupn\u00e1, proto\u017ee t\u011bch odborn\u00edk\u016f je m\u00e1lo. A potom se v tom pot\u00e1c\u00ed jak rodi\u010de, tak i \u0161koly. A nem\u016f\u017eeme v\u0161echno h\u00e1zet na \u0161koly. Tak\u017ee tady je opravdu m\u00ed\u010d na stran\u011b Ministerstva \u0161kolstv\u00ed. Taky se hodn\u011b mluv\u00ed v posledn\u00ed dob\u011b o inkluzi, \u017ee se d\u00e1vaj\u00ed d\u011bti na r\u016fzn\u00fd \u00farovni ch\u00e1p\u00e1n\u00ed nebo schopnost\u00ed studovat nebo pracovat v t\u00e9 \u0161kole do jedn\u00e9 t\u0159\u00eddy, co\u017e m\u016f\u017ee b\u00fdt i pro n\u011b t\u0159eba slo\u017eit\u00fd. Nebo jak to vid\u00edte vy jako rodi\u010d takov\u00fdch d\u011bt\u00ed? J\u00e1 vzhledem k tomu, \u017ee m\u00e1m kolem sebe vlastn\u011b rodi\u010de takov\u00e9, jak\u00e9 m\u00e1m, tak za m\u011b v\u011bt\u0161inou to d\u00edt\u011b z jinakost\u00ed je obohacen\u00edm pro ty spolu\u017e\u00e1ky. Pokud se pracuje s tou t\u0159\u00eddou, pokud je u\u010ditel pou\u010den a v\u00ed, jak prost\u011b pracovat. V\u00edm, \u017ee t\u0159eba kolegin\u011b se sna\u017eila za\u010dlenit sv\u00e9ho syna do b\u011b\u017en\u00e9 \u0161kolky \u0161koly, p\u0159esto\u017ee nemluvil. Proto\u017ee prost\u011b ty d\u011bti na\u0161e se u\u010d\u00ed n\u00e1podobou. Tak\u017ee kdy\u017e napodobuj\u00ed ty b\u011b\u017en\u00e9 d\u011bti, tak se posunuj\u00ed vlastn\u011b v\u00fdrazn\u011b vp\u0159ed. A p\u0159esto\u017ee nemluv\u00ed, tak pr\u00e1v\u011b proto\u017ee m\u00e1me piktogramy, u\u010d\u00ed se p\u0159es ty karty, tak prost\u011b n\u011bjakou n\u00e1hradn\u00ed \u0159e\u010d m\u00e1me. A to, \u017ee t\u0159eba ve speci\u00e1ln\u011b pedagogick\u00e9m centru nedok\u00e1\u017eou nav\u00e1zat kontakt a nedok\u00e1\u017eou vlastn\u011b zjistit v\u00fd\u0161\u0161\u00ed inteligence, jenom proto\u017ee to d\u00edt\u011b nemluv\u00ed, za to to d\u00edt\u011b nem\u016f\u017ee. A kdo jsme, aby jsme rozhodovali, kam to d\u00edt\u011b za\u0159adit? Pr\u00e1v\u011b postupem \u010dasu se n\u00e1m ukazuje, \u017ee i ty d\u011bti, kter\u00e9 t\u0159eba fakt jsou ve speci\u00e1ln\u00edch \u0161kol\u00e1ch, to ne\u0159\u00edk\u00e1m, \u017ee v\u0161echny d\u011bti pat\u0159\u00ed do b\u011b\u017en\u00fdch \u0161kol, to opravdu ne. To bych necht\u011bla, aby takhle vyzn\u011blo. Ale je pot\u0159eba za\u010d\u00edt pracovat trochu jin\u00fdm zp\u016fsobem a pod\u00edvat se na to jinak. Proto\u017ee \u0159\u00edct, \u017ee t\u00edm, \u017ee nemluv\u00ed, tak m\u00e1 ment\u00e1ln\u00ed retardaci je stra\u0161n\u011b zkreslan\u00e9 a m\u016f\u017ee tomu d\u00edt\u011b t\u011b nen\u00e1vratn\u011b obl\u00ed\u017eit. Stejn\u011b tak, jak kdy\u017e v\u00e1m \u0159eknou, \u017ee je va\u0161e d\u00edt\u011b pomal\u00e9, tak\u017ee by prost\u011b m\u011blo j\u00edt, jak kdy\u017e do praktick\u00e9 \u0161koly nebo do speci\u00e1ln\u00ed \u0161koly. Ale u\u017e nikdo t\u011bm rodi\u010d\u016fm ne\u0159ekne, \u017ee to d\u00edt\u011b potom nebude moc vystudovat. \u017de nebude moc j\u00edt na st\u0159edn\u00ed, nebude moc j\u00edt na vysokou, proto\u017ee mu budou pr\u00e1v\u011b chyb\u011bt ty z\u00e1klady z\u00e1kladn\u00ed \u0161koly. A to jsou prost\u011b ty informace, kter\u00e9 pr\u00e1v\u011b my p\u0159ed\u00e1v\u00e1me t\u011bm rodi\u010d\u016fm. Proto pracujeme i s t\u011bma \u0161kolama, d\u011bl\u00e1me z\u00e1\u017eitkov\u00e9 programy, jak pro t\u0159\u00eddy, aby vlastn\u011b si vyzkou\u0161eli na vlastn\u00ed k\u016f\u017ei, jak se c\u00edt\u00ed ten jejich spolu\u017e\u00e1k. Jestli t\u0159eba prob\u00edh\u00e1, \u017ee te\u010fka nem\u016f\u017eou mluvit d\u011bti a mus\u00ed skrze obr\u00e1zky t\u0159eba se dorozum\u011bt. Taky, taky. Nebo m\u00e1me virtu\u00e1ln\u00ed realitu, kde je vlastn\u011b, kde je p\u0159\u00edmo to prost\u0159ed\u00ed. A aby si i pan\u00ed u\u010ditelky dok\u00e1zali p\u0159edstavit, \u017ee to nen\u00ed, \u017ee jej\u00ed d\u00edt\u011b nevn\u00edm\u00e1. Ale kdy\u017e n\u011bkde prost\u011b vzadu loupe n\u011bkdo propiskou, pan\u00ed u\u010ditelka mluv\u00ed, do toho si n\u011bkdo p\u0159esunuje knihy, tak je to stra\u0161n\u011b moc podn\u011bt\u016f na to d\u00edt\u011b, kter\u00e9 je v\u011bt\u0161inou p\u0159ecitliv\u011b, ale na zvuk, napach. Prost\u011b je tam spoustu v\u011bc\u00ed. A vlastn\u011b pomoc\u00ed t\u00e9 virtu\u00e1ln\u00ed reality si to v\u0161echno vyzkou\u0161\u00ed a m\u016f\u017eou si to za\u017e\u00edt. Nebo m\u016f\u017eou si to i ohmatat. Kdy, pr\u00e1v\u011b jak jsem \u0159\u00edkala, \u017ee t\u0159eba maj\u00ed zv\u00fd\u0161enou vlastn\u011b citlivost napachy, tak i tohle si m\u016f\u017eou vyzkou\u0161et. \u017de to tam d\u00e1 ten n\u011bjak\u00fd hodn\u011b v\u00fdrazn\u00fd z\u00e1pach, kter\u00fd rozru\u0161\u00ed i ty, \u0159ekn\u011bme, d\u011bti, kte\u0159\u00ed nejsou na tom spektru autizmu. P\u0159esn\u011b tak. \u017de j\u00e1 si jako pr\u00e1v\u011b p\u0159edstavu tak lajcky, \u017ee se pr\u00e1v\u011b t\u0159eba n\u011bkdo za\u010dne k\u0159i\u010det, je tam pr\u00e1v\u011b hodn\u011b lid\u00ed, hodn\u011b z\u00e1pachu, a to d\u011bcko m\u016f\u017ee propadnout n\u011bjak\u00e9mu z\u00e1chvatu nebo prost\u011b v afektu, jak \u0159\u00edk\u00e1te. A te\u010f, kdy\u017e je to v t\u00fd t\u0159\u00edd\u011b, kde je velk\u00fd kolektiv, kde je hodn\u011b d\u011bcek, \u017ee potom, kdy\u017e to d\u011bcko je takhle, \u0159eknu jin\u00fd, tak\u017ee m\u016f\u017ee b\u00fdt teda taky ale centrem n\u011bjak\u00fd \u0161ikany, n\u011bjak\u00e9ho prost\u011b o\u0161kliv\u00e9ho chov\u00e1n\u00ed zazran\u011bc\u00ed spolu\u017e\u00e1k\u016f. Tomu nedoch\u00e1z\u00ed? Ur\u010dit\u011b doch\u00e1z\u00ed, ale pr\u00e1v\u011b proto se tomu sna\u017e\u00edme p\u0159edch\u00e1zet vlastn\u011b pr\u00e1ci s t\u011bmi kolektivy. M\u00e1me i akreditovan\u00e9 programy pr\u00e1v\u011b pro \u0161koly, jak za\u010dlenit d\u00edt\u011b do kolektivu. M\u00e1me n\u00e1vazn\u00e9 vlastn\u011b programy pro asistenty pedagoga, aby v\u011bd\u011bli, jak nastrukturovat lavici, jak vlastn\u011b nachystat to prost\u0159ed\u00ed pro to d\u00edt\u011b, aby se co nejv\u00edc zapojilo a fakt, aby se vyu\u017eil ten jeho potenci\u00e1l. Promi\u0148te, za to je nastrukturovat lavici. Co si m\u00e1m pod t\u00edm p\u0159edstavit? To znamen\u00e1, \u017ee t\u0159eba pro prv\u0148\u00e1\u010dky se lep\u00ed p\u00e1skama, t\u0159eba tady pat\u0159\u00ed knihy, tady bude se\u0161it, tady bude pouzdro. \u017de potom nen\u00ed zmatenej do co jak, ale... P\u0159esn\u011b tak. M\u00e1 v\u0161echno p\u0159esn\u011b svoje m\u00edsto. Probl\u00e9m potom je, kdy\u017e je nau\u010den\u00fd, \u017ee m\u00e1 t\u0159eba po prav\u00e9 stran\u011b pouzdro a p\u0159ijde n\u011bkdo jin\u00fd a to pouzdro mu schov\u00e1 do lavice. Tak tam opravdu potom nast\u00e1v\u00e1 probl\u00e9m. Ale vlastn\u011b od toho jsou i ty kurzy pro ty asistenty pedagoga, aby k tomu nedoch\u00e1zelo, aby v\u011bd\u011bli, \u017ee nem\u016f\u017eou sv\u00e9 voln\u011b naru\u0161ovat ten prostor. N\u00e1\u0161 \u010das pomalu se chv\u00edl\u00ed ke konci. J\u00e1 jsem v\u00e1s cht\u011bla poprosit, abyste n\u011bjak na\u0161im div\u00e1k\u016fm dala n\u011bjakou zlatou radu. Co vlastn\u011b by m\u011bli ud\u011blat v prvn\u00ed \u0159ad\u011b, kdy\u017e by m\u011bli podez\u0159en\u00ed, \u017ee jejich d\u00edt\u011b pot\u0159ebuje pomoc od v\u00e1s nebo od va\u0161\u00ed pomoc, podobn\u00e9 organizace v\u00e1m. A jak vlastn\u011b bych to um\u011bl p\u0159\u00edstupovat psychicky nebo jak se nezhroutit tady s tobou, \u017ee je to asi i psychicky n\u00e1ro\u010dn\u00e1 situace. Je to hodn\u011b n\u00e1ro\u010dn\u00e1 situace. Pr\u00e1v\u011b proto znovu \u0159\u00edk\u00e1m, \u017ee pracujeme komplet s celou rodinou. Vlastn\u011b, co se t\u00fdk\u00e1 n\u00e1s, m\u016f\u017eou se obr\u00e1tit na na\u0161i poradnu, domluvit si kontakt. D\u011bl\u00e1me i sv\u00e9 pomocn\u00e9 rodi\u010dovsk\u00e9 skupiny. M\u016f\u017eou se obr\u00e1tit na sv\u00e9ho pediatra, kdy ten by m\u011bl um\u011bt vyhodnotit, jak na tomto d\u00edt\u011b je, ale ur\u010dit\u011b ne\u010dekat. Proto\u017ee i kdy\u017e t\u0159eba nebudou m\u00edt tu kone\u010dnou diagnozu zat\u00edm, budou \u010dekat na diagnostiku, tak pravdu \u010d\u00edm d\u0159\u00edv se za\u010dne vlastn\u011b s tou prac\u00ed, t\u00edm lep\u0161\u00ed. J\u00e1 v\u00e1m teda moc kr\u00e1t d\u011bkuji, \u017ee jste p\u0159i\u0161la. D\u011bkuji v\u00e1m za velice zaj\u00edmav\u00fd rozhovor a v\u00e1m div\u00e1ci taky d\u011bkuji, \u017ee jste se d\u00edvali. Douf\u00e1m, \u017ee v\u00e1s to obohat\u00ed. A chci p\u0159ipomenout jednu d\u016fle\u017eitou v\u011bc. Organizace Zasklem poskytuje v\u0161echny sv\u00e9 slu\u017eby bezplatn\u011b. Tak\u017ee se m\u016f\u017eete pod\u00edvat na zasklem.com. M\u011bjte se moc hezky, naskredanou. D\u011bkuji, naskredanou.","nbla_serie":"940","nbla_season":"2023","nbla_episode":"149","nbla_duration":"1554.2","nbla_genre":"3.5.16","nbla_editorial_format":"2.1.5","nbla_mtime":"1700486104","nbla_url":"https:\/\/origin.a11.cz\/vod\/ayf59u5vtiv6dvrp1gdkjd37z.mp4","nbla_version":"1700486104","nbla_odvysilano":"Ano","bunny_id":"831f0aa3-018f-4efb-9c1e-7acdc5efb3ec","youtube_id":"","datum_vydani":"20231120","stopaz":"1554.2","dokument":[],"video_to":[]},"_links":{"self":[{"href":"https:\/\/tv.a11.cz\/api\/wp\/v2\/video\/13882","targetHints":{"allow":["GET"]}}],"collection":[{"href":"https:\/\/tv.a11.cz\/api\/wp\/v2\/video"}],"about":[{"href":"https:\/\/tv.a11.cz\/api\/wp\/v2\/types\/video"}],"author":[{"embeddable":true,"href":"https:\/\/tv.a11.cz\/api\/wp\/v2\/users\/8"}],"wp:featuredmedia":[{"embeddable":true,"href":"https:\/\/tv.a11.cz\/api\/wp\/v2\/media\/13981"}],"wp:attachment":[{"href":"https:\/\/tv.a11.cz\/api\/wp\/v2\/media?parent=13882"}],"wp:term":[{"taxonomy":"category","embeddable":true,"href":"https:\/\/tv.a11.cz\/api\/wp\/v2\/categories?post=13882"},{"taxonomy":"porad","embeddable":true,"href":"https:\/\/tv.a11.cz\/api\/wp\/v2\/porad?post=13882"},{"taxonomy":"region","embeddable":true,"href":"https:\/\/tv.a11.cz\/api\/wp\/v2\/region?post=13882"},{"taxonomy":"kategorie","embeddable":true,"href":"https:\/\/tv.a11.cz\/api\/wp\/v2\/kategorie?post=13882"}],"curies":[{"name":"wp","href":"https:\/\/api.w.org\/{rel}","templated":true}]}}