{"id":13852,"date":"2023-11-17T16:17:11","date_gmt":"2023-11-17T15:17:11","guid":{"rendered":"https:\/\/tv.a11.cz\/?post_type=video&#038;p=13852"},"modified":"2023-11-20T08:12:34","modified_gmt":"2023-11-20T07:12:34","slug":"vanocni-trhy-v-prostejove-budou-zacinat-2","status":"publish","type":"video","link":"https:\/\/tv.a11.cz\/video\/vanocni-trhy-v-prostejove-budou-zacinat-2\/","title":{"rendered":"V\u00e1no\u010dn\u00ed trhy v Prost\u011bjov\u011b budou za\u010d\u00ednat"},"content":{"rendered":"","protected":false},"excerpt":{"rendered":"<p>Bl\u00ed\u017e\u00edc\u00ed se konec kalend\u00e1\u0159n\u00edho roku znamen\u00e1 v adventn\u00edm \u010dase tradi\u010dn\u00ed a obl\u00edben\u00e9 v\u00e1no\u010dn\u00ed trhy. A samoz\u0159ejm\u011b ty nemohou chyb\u011bt ani v Prost\u011bjov\u011b. Za\u010d\u00ednat budou v pond\u011bl\u00ed 20. listopadu.<\/p>\n","protected":false},"author":8,"featured_media":13860,"template":"","categories":[17,157],"porad":[],"region":[59,107],"kategorie":[],"class_list":["post-13852","video","type-video","status-publish","has-post-thumbnail","hentry","category-domaci","category-zpravy","region-olomoucky-kraj","region-prostejovsko"],"acf":[],"meta_box":{"nbla_idec":"N2306492","nbla_title":"V\u00e1no\u010dn\u00ed trhy v Prost\u011bjov\u011b budou za\u010d\u00ednat","nbla_subtitle":"","nbla_summary":"","nbla_description":"","nbla_transcription":"Bl\u00ed\u017e\u00edc\u00ed se konec kalend\u00e1\u0159n\u00edho roku znamen\u00e1 v adventn\u00edm \u010dase tradi\u010dn\u00ed a obl\u00edben\u00e9 v\u00e1no\u010dn\u00ed trhy. A samoz\u0159ejm\u011b ty nemohou chyb\u011bt ani v Prost\u011bjov\u011b. Za\u010d\u00ednat budou v pond\u011bli 20. listopadu. V p\u00e1tek se pak otev\u0159e kluzi\u0161t\u011b a bude rozsv\u00edcen\u00ed v\u00e1no\u010dn\u00edho stromu. Letos budou na trz\u00edch jako novinka vratn\u00e9 kelimky na tepl\u00e9 n\u00e1poje. M\u011bsto Prost\u011bjov pro leto\u0161n\u00ed v\u00e1no\u010dn\u00ed trhy p\u0159ipravilo novinku. Tepl\u00e9 i studen\u00e9 n\u00e1poje budou moci b\u00fdt pod\u00e1v\u00e1ny pouze ve vratn\u00edch plastov\u00fdch kelimc\u00edch, proto\u017ee v\u00edme, \u017ee prost\u011bjovan\u00e9 se t\u011b\u017eko srovn\u00e1vaj\u00ed s nov\u00fdmi v\u011bcmi, tak jsem se velmi sna\u017eila o to, aby \u017e\u00e1dci z prost\u011bjovsk\u00fdch matersk\u00fdch, z\u00e1kladn\u00edch a st\u0159edn\u00edch \u0161kol p\u0159ipravili n\u00e1vrhy, kter\u00e9 n\u00e1s tady k tomu p\u0159ibl\u00ed\u017e\u00ed a kter\u00e9 budou zn\u00e1zor\u0148ovat n\u011bkter\u00e9 v\u011bci, kter\u00e9 se t\u00fdkaj\u00ed p\u0159\u00edmo prost\u011bjova. Kelimky, kter\u00fdch je p\u0159ipraveno 15 tis\u00edc, maj\u00ed t\u0159i motivy. Mezi v\u00edt\u011bzn\u00e9 n\u00e1vrhy, kter\u00e9 jsme ocenili, pat\u0159ila Radnice, kter\u00e1 je opravdu velmi kr\u00e1sn\u00e1 a poveden\u00e1, potom Ji\u0159\u00ed Volker se \u0161\u00e1lou. Ji\u0159\u00edho Volkera budeme po cel\u00fd p\u0159\u00ed\u0161t\u00ed rok oslabovat, bude 100. v\u00fdro\u010d\u00ed, tedy p\u0159ipravujeme oslavy po cel\u00fd rok, tak\u017ee jsme r\u00e1di, \u017ee u\u017e za\u010d\u00edn\u00e1me p\u0159i leto\u0161n\u00edch v\u00e1no\u010dn\u00edch trhc\u00edch o Ji\u0159\u00edm Volkerovi hovo\u0159it. A potom je to d\u011btsk\u00fd motiv, \u0159\u00edkala jsem si, \u017ee by se hodil na takov\u00e9 ty d\u011btsk\u00e9 pun\u010de a d\u011btsk\u00e9 n\u00e1poje, tak\u017ee uvid\u00edme. M\u011bsto tak reaguje na trend? Vratn\u00e9 kelimky jsou st\u00e1le \u010dast\u011bj\u0161\u00ed. Je to mo\u017en\u00e1 cel\u00e1 radik\u00e1ln\u00ed novinka, ale \u0159ada m\u011bst ji u\u017e zavedla v minul\u00fdch letech a j\u00e1 p\u0159edpokl\u00e1d\u00e1m, \u017ee se tak, jak v\u017edycky \u0159\u00edk\u00e1, mo\u017en\u00e1 to je mantra, tak, jak to um\u00ed v jin\u00fdch m\u011bstech, mus\u00edme to um\u011bt i my a p\u0159edpokl\u00e1d\u00e1m, \u017ee Evropsk\u00e1 unie velmi brzy zak\u00e1\u017ee pou\u017e\u00edv\u00e1n\u00ed jednor\u00e1zov\u00fdch kelimk\u016f. Tak\u017ee my u\u017e na to pro jako m\u011bsto Prost\u011bjov budeme p\u0159ipraveni. Prost\u011bjov tak\u00e9 vyhla\u0161uje anketu, p\u0159i kter\u00e9 m\u016f\u017eou lid\u00e9 sami ur\u010dit jm\u00e9no pro V\u00e1no\u010dn\u00ed strom. Centrum m\u011bsta ozdob\u00ed 12-metrov\u00fd smrk Omoryka z majetku m\u011bsta Prost\u011bjova. Jm\u00e9no pro V\u00e1no\u010dn\u00ed strom m\u016f\u017eete navrhnout do 19. listopadu na webu www.prostejov.eu.","nbla_serie":"","nbla_season":"","nbla_episode":"","nbla_duration":"126.6","nbla_genre":"","nbla_editorial_format":"","nbla_mtime":"1700233001","nbla_url":"https:\/\/origin.a11.cz\/vod\/4oxlp32gpo6klziszybu1za7a.mp4","nbla_version":"1700233001","nbla_odvysilano":"Ano","bunny_id":"5b19bbcf-812f-4bd7-a380-257e85513dcf","youtube_id":"","datum_vydani":"20231117","stopaz":"126.6","dokument":[],"video_to":["13861"]},"_links":{"self":[{"href":"https:\/\/tv.a11.cz\/api\/wp\/v2\/video\/13852","targetHints":{"allow":["GET"]}}],"collection":[{"href":"https:\/\/tv.a11.cz\/api\/wp\/v2\/video"}],"about":[{"href":"https:\/\/tv.a11.cz\/api\/wp\/v2\/types\/video"}],"author":[{"embeddable":true,"href":"https:\/\/tv.a11.cz\/api\/wp\/v2\/users\/8"}],"wp:featuredmedia":[{"embeddable":true,"href":"https:\/\/tv.a11.cz\/api\/wp\/v2\/media\/13860"}],"wp:attachment":[{"href":"https:\/\/tv.a11.cz\/api\/wp\/v2\/media?parent=13852"}],"wp:term":[{"taxonomy":"category","embeddable":true,"href":"https:\/\/tv.a11.cz\/api\/wp\/v2\/categories?post=13852"},{"taxonomy":"porad","embeddable":true,"href":"https:\/\/tv.a11.cz\/api\/wp\/v2\/porad?post=13852"},{"taxonomy":"region","embeddable":true,"href":"https:\/\/tv.a11.cz\/api\/wp\/v2\/region?post=13852"},{"taxonomy":"kategorie","embeddable":true,"href":"https:\/\/tv.a11.cz\/api\/wp\/v2\/kategorie?post=13852"}],"curies":[{"name":"wp","href":"https:\/\/api.w.org\/{rel}","templated":true}]}}