{"id":13732,"date":"2023-11-16T19:00:01","date_gmt":"2023-11-16T18:00:01","guid":{"rendered":"https:\/\/tv.a11.cz\/?post_type=video&#038;p=13732"},"modified":"2023-11-16T08:48:24","modified_gmt":"2023-11-16T07:48:24","slug":"byznys-na-vrcholu-bc-vadim-petrov","status":"publish","type":"video","link":"https:\/\/tv.a11.cz\/video\/byznys-na-vrcholu-bc-vadim-petrov\/","title":{"rendered":"Bc. Vadim Petrov &#8211; mana\u017eer a hudebn\u00edk"},"content":{"rendered":"","protected":false},"excerpt":{"rendered":"<p>Dne\u0161n\u00edm hostem je pan Vadim Petrov, \u010dlen prez\u00eddia \u010cesk\u00e9 mana\u017eersk\u00e9 asociace. Tak\u00e9 pracoval v oblasti PR a tak\u00e9 v oblasti kybernetick\u00e9 bezpe\u010dnosti. To v\u0161echno budou t\u00e9mata pro dne\u0161n\u00ed den.<\/p>\n","protected":false},"author":8,"featured_media":13751,"template":"","categories":[175,174,173],"porad":[232],"region":[],"kategorie":[],"class_list":["post-13732","video","type-video","status-publish","has-post-thumbnail","hentry","category-osobnosti","category-rozhovory","category-ze-spolecnosti","porad-a11-rozhovor-byznys-na-vrcholu"],"acf":[],"meta_box":{"nbla_idec":"A2302145","nbla_title":"Byznys na vrcholu","nbla_subtitle":"Bc. Vadim Petrov","nbla_summary":"Mana\u017eer a hudebn\u00edk, \u010dlen \u010desk\u00e9 mana\u017eersk\u00e9 asociace, m\u00e1 velk\u00e9 zku\u0161enosti v oblasti PR a medi\u00e1ln\u00ed komunikace.","nbla_description":"Pavel Sehnal si pov\u00edd\u00e1 se zaj\u00edmav\u00fdmi hosty","nbla_transcription":"V\u00e1\u017een\u00ed div\u00e1ci, v\u00edtejte ve va\u0161\u00ed obl\u00edben\u00e9 televizi A11 u va\u0161eho obl\u00edben\u00e9ho po\u0159adu biznis na vrcholu. M\u00fdm dne\u0161n\u00edm hostem je pan Vadim Petrov. Dobr\u00fd den. Dobr\u00fd den. A pan Petrov je \u010dlen prez\u00eddia \u010cesk\u00e9 mana\u017eersk\u00e9 asociace, tak\u00e9 pracoval v oblasti PR a tak\u00e9 v oblasti kybernetick\u00e9 bezpe\u010dnosti. To v\u0161echno budou t\u00e9mata pro dne\u0161n\u00ed den. Pane Petrove, poj\u010fme za\u010d\u00edt asi touhlet\u00edm PR, co\u017e je obor, kdy ti velc\u00ed biznesmeni, ty velk\u00fd korporace v\u011bt\u0161inu ned\u011blaj\u00ed sami, ale pr\u00e1v\u011b si naj\u00edmaj\u00ed n\u011bjak\u00e9 odborn\u00edky va\u0161eho kalibru, kter\u00fd jim rad\u00ed vlastn\u011b, jak komunikovat s m\u00e9di\u00ed, jak komunikovat se z\u00e1kazn\u00edky retailov\u00fdmi, jak komunikovat s t\u011bmi biznesov\u00fdmi z\u00e1kazn\u00edky. Tak zkuste mo\u017en\u00e1 je\u0161t\u011b rozvinout, co v\u0161echno do t\u00e9 oblasti, t\u00e9 vn\u011bj\u0161\u00ed komunikace lze zahradit. Te\u010f jsem tro\u0161ku u\u017e opustil vlastn\u011b ten pojem public relations. My jsme za\u010dali s t\u00edmhlet\u00edm pojmem vlastn\u011b v 90. letech, kdy prost\u011b jsme se to u\u010dili. A j\u00e1 jsem tehdy byl tiskov\u00fdm uv\u010d\u00ed V\u00e1clava Klauze v jeho vl\u00e1d\u00e1ch a kdy\u017e jsem potom \u0161el teda d\u011blat s\u00e1m na sebe, tak jsem za\u010dal pr\u00e1v\u011b pracovat v oblasti tehdy public relations, to byl rok 96 a to bylo jako by nov\u00fd. A tak jsme hledali tomu ten obsah a vlastn\u011b i ten biznis v \u010cesk\u00e9 republice. A te\u010f, kdy\u017e to srovn\u00e1m s tou dobou, kdy\u017e jsme to tehdy n\u011bjak\u00fd zp\u016fsobem se u\u010dili, vytv\u00e1\u0159eli jsme k tomu ten trh, tak se to zm\u011bnilo ve smyslu, \u017ee ten trh u\u017e je zase sp\u00ed\u0161 obsazenej t\u011bma ciz\u00edmi ciz\u00edmi agenturami a know-how, kter\u00fd se p\u0159ich\u00e1z\u00ed z toho z\u00e1padu. U\u017e d\u00e1vno se tolik nemluv\u00ed o public relations, mluv\u00ed se o r\u016fzn\u00fdch dal\u0161\u00edch marketingov\u00fdch, vlivov\u00fdch, lobbystick\u00fdch technik\u00e1ch ze v\u0161ech nov\u00fdch vlastn\u011b pojm\u016f, kter\u00fd prov\u00e1zej\u00ed tu historii public relations. J\u00e1 jsem se asi nejv\u00edce zabidel te\u010fko pojm\u016f konta kontent management. To je, \u017ee prost\u011b m\u00e1te d\u00edv\u00e1ku, co to je teda, no proto\u017ee, proto\u017ee ty techniky jsou jasn\u00fd, m\u00e1te tady n\u011bjak\u00fd m\u00e9dia, m\u00e1te televize, novin\u00e1\u0159e, printy, m\u00e1te tady te\u010fko podcasty, m\u00e1te soci\u00e1ln\u00ed s\u00edt\u011b, to je prost\u011b konference, \u017ee m\u016f\u017eete d\u011blat vlastn\u011b v\u0161echno mo\u017en\u00fd, to je n\u011bjak\u00fd ten komunika\u010dn\u00ed mix. To je jako stra\u0161n\u011b bohat\u00fd a a n\u011bkdy se st\u00e1v\u00e1 to, \u017ee, \u017ee vlastn\u011b spousta v \u00favozoch\u00e1ch odborn\u00edk\u016f propadne droze t\u011bch n\u00e1stroj\u016f, ale one tu po\u0159\u00e1d o tom p\u0159\u00edb\u011bhu. Co o sob\u011b \u0159\u00edk\u00e1te, co \u0159\u00edk\u00e1te o tom produktu, jak chyt\u0159e vlastn\u011b to \u0159\u00edk\u00e1te, jak bu\u010f chyt\u0159e l\u017eete, anebo nel\u017eete v\u016fbec, ale p\u0159esto to m\u016f\u017ee b\u00fdt zaj\u00edmav\u00fd. Tak\u017ee tam n\u011bkde, tam n\u011bkde vlastn\u011b j\u00e1 se sp\u00ed\u0161 realizuju a tam j\u00e1 n\u011bkde vn\u00edm\u00e1m vlastn\u011b tu komunika\u010dn\u00ed specifikaci nejenom svoj\u00ed, ale t\u00fdhlet\u00fd doby. Jako\u017ee se bav\u00edte o tom o tom, o t\u00fd storyline je v\u00edc, ne\u017e o tom, jak to potom jako vypust\u00edte. Tak my spot\u0159ebitel\u00e9 jsme asi nejrad\u011bji, kdy\u017e n\u00e1m ty firmy nel\u017eou a \u0159eknou n\u00e1m prost\u011b ho\u0159\u00ed\u0161ky m\u00e1te men\u0161\u00ed v \u010cesku ne\u017e v N\u011bmecku, tak se s t\u00edm prost\u011b sm\u00ed\u0159\u00edm, a\u017e budeme stejn\u011b ekonomicky siln\u00e9 jako N\u011bmecky, stejn\u011b velk\u00e9 ho\u0159\u00ed\u0161ky. Ale po\u0159\u00e1d je tady skupina firm, kter\u00fd zaplat\u00ed obrovsk\u00fd miliony, kte\u0159\u00ed mo\u017en\u00e1 zaj\u00ed\u010d\u00ed miliardy kv\u016fli tomu, aby se o nich psalo a pak jsou se jin\u00e9 firmy, kte\u0159\u00ed naopak zaplat\u00ed miliardy, aby se o nich nepsalo. A dneska ten medi\u00e1ln\u00ed sv\u011bt, te\u010f bych \u0159ekl tu \u00faplnou \u0161pi\u010dku t\u00e9 pyramidy, tak on je vlastn\u011b dneska uchopen t\u011bmi soukrom\u00fdmi vlastn\u00edky, proto\u017ee kdy\u017e se koukneme na New York Times, prost\u011b za m\u011b nejvlivn\u011bj\u0161\u00ed denn\u00edk sv\u011bta, tak on m\u00e1 t\u0159i hlavn\u00ed akcion\u00e1\u0159e Blackrock, Vanguard a State Street. A tyhle t\u0159i firmy vlastn\u011b maj\u00ed 30%. Tady se kouk\u00e1m t\u00edm medi\u00e1ln\u00edm prost\u0159ed\u00edm, tak \u0159\u00edk\u00e1m a hele, ono jim pat\u0159\u00ed CNN, ono jim pat\u0159\u00ed je\u0161t\u011b Walt Disney a tak d\u00e1le. Prost\u011b v\u0161ude maj\u00ed tak svojich 30%, ale ono 30% na t\u00e9 obrovsk\u00e9 korporaci. To znamen\u00e1 vlastn\u011b b\u00fdt t\u00edm nejsiln\u011bj\u0161\u00edm hr\u00e1\u010dem. Tak\u017ee tady asi potom je ot\u00e1zka vlastn\u011b, jak d\u011blat to PR, jakoby v mal\u00e9m, z tady men\u0161\u00ed firm\u016f prost\u011b, kdy\u017e proti v\u00e1m sejtli, sejtli ty giganti jako a ty vlastn\u011b jako rozhoduj\u00ed skoro b\u00fd\u0159ek mo\u017en\u00e1 i o tom, co se d\u00e1le v tom na\u0161em b\u011b\u017en\u00e9m sv\u011bt\u011b odehraje, proto\u017ee to, co nap\u00ed\u0161e New York Times, prost\u011b je ur\u010dit\u00fdm zakl\u00ednadlem prost\u011b pro celou Ameriku. Jak teda vlastn\u011b dneska je ten vztah mezi t\u00edm opravu giganty a mezi t\u00edm, \u0159ekl bych mo\u017en\u00e1 lok\u00e1ln\u00edm p\u0159\u00edb\u011bhem. Dob\u0159e, ale j\u00e1 bych vlastn\u011b se zachytil to, co jste \u0159ekl jako o tom, \u017ee n\u011bkdo l\u017ee l\u00e9pe h\u016f\u0159, n\u011bkdo, kdyby n\u00e1m se \u0159eklo v N\u011bmecku jsou prost\u011b o\u0159\u00ed\u0161ky v\u011bt\u0161\u00ed, ne\u017e se prod\u00e1vaj\u00ed tady. Tak je to, tak je to prost\u011b zp\u016fsob, jak komunikujete se sv\u011btem. A j\u00e1 m\u00e1m pr\u00e1v\u011b pocit, \u017ee v posledn\u00ed dob\u011b se stalo to, \u017ee se p\u0159edh\u00e1n\u011bj\u00ed v\u0161ichni, jak jak lh\u00e1t l\u00e9pe efektivn\u011bji, jak vzbudit t\u00edm lhan\u00edm v\u016fzov k\u00e1mo hladn\u00edm, ale je to uprava pravdy jako v PR obecn\u011b nebo v t\u011bchhle t\u011bch livov\u00fdch technik\u00e1ch ne\u0159\u00edk\u00e1te nikdy \u00fapln\u011b celou pravdu, si vyberete prost\u011b aspekty t\u00fd pravdy, kter\u00fd vyhovuje vlastn\u011b tomu va\u0161emu z\u00e1m\u011bru. Tak\u017ee to je vlastn\u011b, ale nem\u011bl by se lh\u00e1t \u00fapln\u011b. A j\u00e1 m\u00e1m pocit, \u017ee pr\u00e1v\u011b te\u010fkou u\u017e se stalo normou, \u017ee prost\u011b ne, \u017ee se to jako d\u0159\u00edve potlumilo. My jsme vlastn\u011b jako taky jako jsme p\u0159iznali, \u017ee ty o\u0159\u00ed\u0161ky jsou jsou tady men\u0161\u00ed, ale m\u011bli jsme v\u017edycky k tomu n\u011bjakou legendu vysv\u011btlen\u00ed, pro\u010d to tak je. Zkuste n\u00e1m \u0159\u00edct n\u011bjak\u00fd p\u0159\u00edklad z pr\u00e1ce. J\u00e1 u\u017e si to nepam\u011btuju, \u017ee to dlouho ned\u011bl\u00e1. A j\u00e1 u\u017e se te\u010fka pohybuju v tom politick\u00e9m marketingu a to necht\u011bjte ani sly\u0161et. V politick\u00e9m marketingu to u\u017e \u0159\u00edk\u00e1 pravda a nebo ne, pr\u00e1v\u011b to je to vlastn\u011b ten trend, ale vy jste se ptal na to, jak\u00fd je rozd\u00edl, kdy\u017e to d\u011bl\u00e1 mal\u00e1 firma velk\u00e1 korporace. A j\u00e1 po\u0159\u00e1d tvrd\u00edm, \u017ee ten princip je jeden, \u017ee lh\u00e1t se prost\u011b nem\u00e1 ani public relations, ani marketingu a nen\u00ed to norma. A m\u00e1 to b\u00fdt prost\u011b um\u011bn\u00ed toho toho toho \u010dlov\u011bka, kter\u00fd generuje ty story ten storytelling, \u017ee vymysl\u00ed ten p\u0159\u00edb\u011bh tak, \u017ee je uv\u011b\u0159iteln\u00fd, \u017ee je atraktivn\u00ed, \u017ee odpov\u00edd\u00e1 realit\u011b, \u017ee zv\u00fdrazn\u00ed t\u00e9 klady, potlum\u00ed t\u00e9 z\u00e1pory, ale nen\u00ed to le\u017e, nen\u00ed to \u010dist\u00e1 le\u017e. A to j\u00e1 m\u00e1m pocit, \u017ee se prost\u011b te\u010fko st\u00e1v\u00e1 ve jm\u00e9nu dobra kolikr\u00e1t, ale to je ve jm\u00e9nu, jakoby spr\u00e1vn\u00e9 v\u011bci. Vy budete n\u011bco \u0159\u00edkat, proto\u017ee jste p\u0159esv\u011bd\u010den\u00fd o tom, \u017ee kdy\u017e to budete \u0159\u00edkat, \u017ee to je spr\u00e1vn\u011b, \u017ee to budete \u0159\u00edkat, tak, kdy\u017e lidi tomu budou budou v\u011b\u0159it tomu va\u0161emu t\u00fd uprav\u011b toho sv\u011bta, ty reality, tak\u017ee ty lidi pr\u00e1v\u011b jako jako i pom\u016f\u017eou tomu, aby to bylo tak, jak vy to \u0159\u00edk\u00e1te. A tohleto pokrytectv\u00ed a tohlet\u00e1 to nehled\u00e1n\u00ed t\u00fd poctiv\u00fd skute\u010dnosti. To m\u011b to m\u011b vad\u00ed hodn\u011b bav\u00ed vad\u00ed mi to m\u00e9di\u00edch, a\u0165 na stran\u011b marketingu a reklamy, kdy to v\u017edycky bylo c\u00edknut\u00fd, tak tak hlavn\u011b v oblasti novin\u00e1\u0159iny, kde se to st\u00e1v\u00e1 trend, \u010dasto se mluv\u00ed o tom aktivistick\u00fdm pojet\u00ed t\u00fd \u017eurnalistiky, \u017ee vlastn\u011b vy, vy \u0159\u00edk\u00e1te ten p\u0159\u00edb\u011bh, jak toho chcete vid\u011bt a ne, jak abyste popisoval, jak to asi je ve skute\u010dnosti. Nem\u00e1m probl\u00e9m se, bych \u0159ekl, p\u0159izp\u016fsobit va\u0161emu pohledu na v\u011bc, \u0159\u00edct teda, jako politika je tak\u00e9 biznis. Ano, v\u00e1\u017een\u00ed div\u00e1ci, politika je tak\u00e9 biznis, proto\u017ee ty politick\u00e9 se na to za to inkasuj\u00ed, kdy\u017e ten biznis d\u011blaj\u00ed dob\u0159e, tak dost\u00e1vaj\u00ed pen\u00edze od st\u00e1tu podle z\u00e1kona o financov\u00e1n\u00ed politick\u00fd st\u00e1t. Kdy\u017e m\u00e1te 10% v parlamentu, je to 100 milion\u016f, tak\u017ee te\u010f si dopo\u010d\u00edtejte, kolik m\u00e1 pan Okamura, kdy\u017e m\u00e1te 20% v parlamentu, tak je to p\u0159es 200 milion\u016f. Tak\u017ee ano, politika je biznis a tam se to PR samoz\u0159ejm\u011b tak\u00e9 objevuje. A kdy\u017e jste \u0159\u00edkal tro\u0161i\u010dku mo\u017en\u00e1 to star\u00e9 PR se zd\u00e1 b\u00fdt mrtv\u00e9, no pan Babi\u0161 \u00fadajn\u011b zaplatil, j\u00e1 u toho nebyl 150 200 milion\u016f jenom za zlep\u0161en\u00ed vztahy, jako v t\u00e9 komunikaci s m\u00e9di\u00ed, tak\u017ee je je vlastn\u011b jako d\u016fle\u017eit\u00e9 spot\u0159ebitelsky v tomto p\u0159\u00edpad volicky jako, aby teda vlastn\u011b ta m\u00e9dia psala psala to hezk\u00e9, b\u00fdt to to hezk\u00e9 m\u016f\u017ee b\u00fdt nepravdiv\u00e9, ale je teda vlastn\u011b pot\u0159eba vlastn\u011b vytv\u00e1\u0159et politick\u00e9 to to to n\u011bjak\u00e9 to ve\u0159ejn\u00e9 m\u00edn\u011bn\u00ed, abychom l\u00e9pe prodali ten produkt typu pra\u010dka ledni\u010dka, nebo abychom l\u00e9pe prodali teda ten sv\u016fj volebn\u00ed potenci\u00e1l. Ty, co m\u011b, kdy\u017e jsem, kdy\u017e jsem byl u toho Klauze, jako v jeho vl\u00e1d\u00e1ch, tak j\u00e1 jsem vlastn\u011b za u n\u011bj za\u010dal v roce 92 a 93 v lednu on se stal premi\u00e9rem \u010cesk\u00e9 republiky. A to bylo tak, kdy tu dobu jste podnikatel, zn\u00e1te to ur\u010dit\u011b na to m\u00e1te siln\u00fd n\u00e1zor a daleko v\u00edc o tom v\u00edte jako z toho biznis pohledu, ale my jsme tehdy do toho roku 96 v tom obdob\u00ed ty prvn\u00ed vl\u00e1dy \u010cesk\u00fd republiky, tak jsme obj\u00ed\u017ed\u011bli sv\u011bt a \u0159\u00edkali jsme, jak jsme skv\u011bl\u00fd, jak prost\u011b ta kuponov\u00e1 privatizace, jak jsme transformovali ty miliardy prost\u011b z toho st\u00e1tn\u00edho do t\u011bch \u010desk\u00fdch rukou a \u017ee my jsme tak jako nezd\u016fra\u017e\u0148ovali. No, Klaus to tak jako ne\u0159\u00edkala, \u017ee by, \u017ee ob\u010das n\u011bkomu z\u016fstalo n\u011bco za nechty, \u017ee n\u011bkdy n\u011bco se rozkut\u00e1lelo, ale prost\u011b byl to velk\u00fd, velk\u00fd p\u0159esun, velk\u00e1 transformace majetku. Ale bylo to ta\u017een\u00fd hodn\u011b, hodn\u011b tou tou zm\u011bnou spole\u010denskou jako takovou, ale my jsme tehdy p\u0159\u00edli\u0161 nekalkulovali s t\u00edm, jak. Jak\u00fd, \u017ee je to spr\u00e1vn\u00fd takhle \u0159\u00edkat, my jsme to prost\u011b \u0159\u00edk\u00e1me celkem spont\u00e1nn\u011b. No a pak vlastn\u011b ta situace se cel\u00e1 jako jako komplikovala, ono se to vlastn\u011b zeslo\u017eit\u011blo i ty politick\u00e9 vztahy, i ty marketingov\u00e9 a ve v\u00fdsledku samoz\u0159ejm\u011b, \u017ee ty politici d\u011blaj\u00ed ty strategie tak, aby na tom z\u00edskali maxim\u00e1ln\u00ed benefit. A tam jde o to, jestli to je chytr\u00fd, jestli to chytr\u00fd nen\u00ed, jestli to kreativn\u00ed, jestli to nakonec odraz\u00ed tu skute\u010dnost. Ale tam j\u00e1 po\u0159\u00e1d m\u00e1m ten ten mor\u00e1ln\u00ed aspekt toho, \u017ee by se nem\u011blo h\u00e1t. Poj\u010fme se posunout ve va\u0161em \u017eivotopise o kousek d\u00e1l. Vy jste m\u011bli dlouhou dobu 6 let, jste pracoval jako gener\u00e1ln\u00ed mana\u017eer lidsk\u00fdch zdroj\u016f a podnikov\u00fdch z\u00e1le\u017eitost\u00ed v TPC a jenom up\u0159esn\u011b teda TPC a je teda automobilka, kter\u00e1 byla Toyota, te\u010f u\u017e je to Toyota, Peugeot, Citroen, no tedy to byly ty t\u0159i troj\u010data, \u017ee vlastn\u011b, kdy kdy Francouzi PSA, tak\u017ee jak se vlastn\u011b pracuje v t\u00e9to oblasti lidsk\u00fdch zdroj\u016f a podnikov\u00fdch z\u00e1le\u017eitost\u00ed, co p\u016fjde. No, my jsme m\u011bli na starosti tu fabriku, tak vlastn\u011b, aby, aby, aby tady vzrostl, to byla velk\u00e1, velk\u00e1 v\u00fdkladn\u00ed sk\u0159\u00edn Zemanovi vl\u00e1dy, kdy on p\u0159ivedl tu netu investice v \u010cesk\u00e9 republiky. Te\u010fko ty ty Japonci hlavn\u011b byly tahouni tahouni vlastn\u011b toho projektu PSA se na to u toho svezlo, se \u0159\u00edkalo, d\u00e1me dohromady firmu s Toyota, kdy\u017e to nev\u00fdjde, my to zdrhneme, jak se potom uk\u00e1zalo, \u017ee to je jako ode\u0161li a ta Toyota n\u00e1s hodn\u011b toho nau\u010d\u00ed, proto\u017ee toho to je vlastn\u011b l\u00eddr v t\u011bch v t\u011bch technologi\u00ed v t\u011bch postupech v\u00fdroby, \u017ee to je vlastn\u011b cel\u00e1 ta filozofie toho ty toho ta production system just in time a v\u0161echny tyhle ty v\u011bci, co \u0159\u00edkalo TPC a tady v \u010cesk\u00e9 republice, co \u0159\u00edkalo z\u00e1kazn\u00edk\u016fm vlastn\u011b jako, jak, proto\u017ee j\u00e1 m\u00e1m tro\u0161ku posv\u011bda, \u017ee \u017e\u00e1dn\u00e1 velk\u00e1 kampa\u0148 neprob\u011bhla, \u017ee ne, ale oni ty v\u00fdrobce, my jsme ty auta se prod\u00e1vali hlavn\u011b na z\u00e1pad\u011b. Nezapom\u00ednej na to, \u017ee tam tam vlastn\u011b ta TPC a ani te\u010f nem\u00e1 jako Toyota, ale tehdy nem\u011bla \u017e\u00e1dn\u00fd marketing \u017e\u00e1dn\u00fd PR, my jsme vlastn\u011b to necht\u011bli, aby jsme d\u011blali. Oni \u0159\u00edkali pro n\u00e1s jsou d\u016fle\u017eit\u00fd sousedi, odr\u017euj m\u011b jako \u0161\u00e9fov\u011b, kter\u00fd byl odpov\u011bdn\u00fd vlastn\u011b za ty vztahy v okol\u00ed, tak u\u017e \u0159\u00edkal dobr\u00fd, tak p\u0159ijde ml\u00e9\u010dku svl\u00e1dovat prezident to tohle a tam \u0159\u00edk\u00e1me, ne, ne, ne, my jsme lok\u00e1ln\u00ed firm\u00e1, my prost\u011b chceme udr\u017eovat vztahy vlastn\u011b s t\u00edm portfolijem, s t\u00edm kol\u00ednem, kter\u00fd nakonec vzali na sebe z\u00e1vazek, \u017ee vystavili tam ty byty pro tu fabriku, to byl sou\u010d\u00e1st\u00ed t\u011bch vyjednan\u00fdch podm\u00ednek a hodn\u011b to zat\u00ed\u017eilo vlastn\u011b vlastn\u011b ekonomicky ten kol\u00edn a to bylo jich prim\u00e1rn\u00ed, tak\u017ee tam se marketingu je moc nehr\u00e1lo, ale jestli teda pt\u00e1te, v \u010dem spo\u010d\u00edvala vlastn\u011b ten ten v\u00fdznam nebo tam\u00e1 \u017eivotn\u00ed zku\u0161enosti Toyota, tak je to je to ten zp\u016fsob my\u0161len\u00ed t\u011bch Japonc\u016f a vlastn\u011b ta schopnost analyzovat probl\u00e9m, pojmenovat probl\u00e9m, \u0159e\u0161it probl\u00e9m a na tom n\u00e1s vlastn\u011b hodn\u011b, hodn\u011b tr\u00e9novali a do dne\u0161ka v\u0161ichni ti, kte\u0159\u00ed pro\u0161li my, kte\u0159\u00ed jsme pro\u0161li vlastn\u011b toho \u0161kolu t\u00fd Toyoty, tak si neseme do \u017eivota vlastn\u011b tohleto tuto strukturu toho my\u0161len\u00ed nejd\u0159\u00edv, jako definuj\u00ed probl\u00e9m a pak navrhn\u011b, co s n\u00edm d\u011blat a pak to realizuje a to prost\u011b m\u00e1 sv\u00fd kole\u010dko asi ust\u00e1len\u00fd postupy a to jsme si v\u0161ichni odnesli a takhle kouk\u00e1me na sv\u011bt. Mysl\u00edte, \u017ee v p\u0159\u00edpad\u011b se rovn\u00e1v\u00e1, malitou tu japonskou automobilku, \u0159ekneme tady \u010desk\u00fdm pr\u016fmyslov\u00fdm prost\u0159ed\u00edm, \u017ee ty ko\u0159eny jsou n\u011bkde u\u017e, jako by o toho u\u010d\u0148\u00e1ku teda nahoru, nebo se vlastn\u011b ta discipl\u00edna buduje potom a\u017e teprve na \u00farovni t\u00e9 tov\u00e1rny a op\u011bt si nemysl\u00edte, mo\u017en\u00e1 tady p\u0159\u00edmo v tom kol\u00edn\u011b, teda si \u0159\u00edk\u00e1te, no ono, ono up\u0159\u00edmn\u011b \u0159e\u010deno tohleten tato Toyota, ty japonsk\u00fd postupy, oni jsou p\u016fvodn\u011b americk\u00fd PDCA v\u0161echny vlastn\u011b ten Deming\u016fv jako kruh, to v\u0161echno vlastn\u011b vymysleli ameri\u010dan\u00ed, to nevymysleli japonci, ale japonci to potom 45. roce, kdy\u017e zjistili, byli v \u0161oku, \u017ee pro\u010d oni prohr\u00e1li v\u00e1lku. Japonec nikdy nic neprohr\u00e1v\u00e1, tehdy z toho Amerikou prohr\u00e1li, tak se u\u010dili automobily. Pr\u016fmysl tam nebyl, tak se u\u010dili v\u0161echny tyhle ty postupy ty a byli jako ve v\u0161em, kdy\u017e to za\u010dnou d\u011blat, tak se dostupn\u011b k dokonalosti. Oni naplnili vlastn\u011b tomu nouhau a tyhle ty postupy procesy v t\u011bch manufaktur\u00e1ch, p\u0159eji v\u0161\u00edm velk\u00fdch samoz\u0159ejm\u011b, tak funguj\u00ed to jedne, si vyr\u00e1b\u00edte auto nebo vyr\u00e1b\u00edte cokoliv jin\u00fdho, tak\u017ee vlastn\u011b tamto velk\u00fd obrovsk\u00fd nouhau, kter\u00fd vytvo\u0159ili vlastn\u011b t\u00edm just in time a PDCA cyklem a probl\u00e9m solving technikama vytvo\u0159ili prost\u011b ty japonci, tak jsou aplikovan\u00fd vlastn\u011b v t\u011bch firm\u00e1ch a a ve chv\u00edli, kdy prost\u011b jdete ze \u0161koly, ani nejako slu\u010d\u0148\u00e1ku, ale s t\u011bmi \u00fate, tak tak ta fabrika v\u00e1s takto uchop\u00ed a to d\u011bl\u00e1 ten HR a uchop\u00ed a p\u0159id\u011bl\u00e1 v\u00e1s k pot\u0159eby t\u00fd fabriky a toho v\u0161eho, co je tam za pot\u0159eb\u00ed zn\u00e1t. Sedra div\u00e1nk\u016fm p\u0159izn\u00e1m, \u017ee Japonsko je m\u00fdm velk\u00fdm vzorem, kdy\u017e tam park\u00e1 tam, jak si biznesov\u011b zajedu a skute\u010dn\u011b si \u010dlov\u011bk vlastn\u011b v\u011bd\u011bt t\u0159eba te\u010f p\u0159\u00edklad, jste um\u011blec tak\u00e9, \u017ee \u010dlov\u011bk si v\u011bd\u011bt 10 nejv\u011bt\u0161\u00edch v\u00fdrobc\u016f fotoapar\u00e1tu na sv\u011bt\u011b. Dv\u011b z nich je japonsk\u00fd prost\u011b Nikon, Pentax, Olympus, prost\u011b akor\u00e1t jedna n\u011bmeck\u00e1 zna\u010dka figure teda mezi t\u011bmi 10 top v\u00fdrobci fotoapar\u00e1tu a takhle vlastn\u011b, kdy\u017e \u010dlov\u011bk segment po segmentu, tak skute\u010dn\u011b Japonsko, co\u017e je dneska t\u0159et\u00ed nejv\u011bt\u0161\u00ed hospod\u00e1\u0159sk\u00e1 velmoc sv\u011bta, teda po Americe a \u010c\u00edn\u011b, tak skute\u010dn\u011b jako je v tomto smyslu gigantick\u00e1, \u017ee dok\u00e1zala uchopit v\u0161echny, skoro bych \u0159ekl v\u0161echny modern\u00ed obory a hraje v n\u00ed sv\u011btov\u00fd pr\u00fdm. Te\u010f samoz\u0159ejm\u011b uvid\u00edme, co se odeh\u0159e v oblasti v\u00e1lky. Te\u010f se umlouv\u00e1m za to mo\u017en\u00e1 odbo\u010den\u00ed, ale proto\u017ee jsem se do\u010detl, \u017ee Japonsko se te\u010f komponuj\u00ed mi t\u00e9 v\u00e1lky rozhodlo investovat tu\u0161\u00edm 300 miliard dolar\u016f do p\u0159ezbrojen\u00ed a do nov\u00e9 technologie, kterou se cht\u011bj\u00ed jako Japonsko br\u00e1nit, proto\u017ee ten sv\u011bt dneska skute\u010dn\u011b je na pokry n\u011bjak\u00e9ho si nap\u011bt\u00ed n\u011bjak\u00e9 nov\u00e9 v\u00e1lky, tak uvid\u00edme se, s \u010d\u00edm p\u0159ijdou Japonsky v oblasti toho toho zbrojen\u00edho pr\u016fmyslu. Ale t\u00edm nechci va\u0161e div\u00e1ky stra\u0161it a j\u00e1 mo\u017en\u00e1 jenom nav\u00e1\u017eu vlastn\u011b na to, \u017ee to samoz\u0159ejm\u011b to je prost\u011b memento doby zbrojn\u00ed v\u00fdroba, ale ono jsou jenom takov\u00fd ty zbran\u011b, kter\u00e9 hynou potom na t\u011bch boji\u0161t\u00edch, jak vid\u00edme v\u0161ude vlastn\u011b kolem sebe, ale je to ka\u017ed\u00e1 v\u00e1lka. Bohu\u017eel jako je to tak, ale je velk\u00fdm posunem pro technologii a pro nov\u00fd objevy a nov\u00fd v\u011bci. Tak\u017ee to se odehr\u00e1v\u00e1 te\u010f, doufejme, \u017ee to nep\u0159eroste v\u0161echno v n\u011bjak\u00fd v\u011bt\u0161\u00ed konflikt, ale op\u0159\u00edmn\u011b \u0159e\u010deno vlastn\u011b to, \u017ee investuj\u00ed ty zem\u011b, v\u010detn\u011b \u010cesk\u00e9 republiky a v\u0161ichni ubereme n\u011bkde, nechci \u0159\u00edct d\u016fchodc\u016fm, ale ubereme n\u011bkde pen\u00edze a d\u00e1me tady do toho. Tak z\u00e1rove\u0148 krom\u011b toho, \u017ee se d\u011blaj\u00ed ty z\u00e1nky, kter\u00fd potom t\u0159eba vydr\u017eej\u00ed do 48 hodin na boji\u0161ti, tak se vyv\u00edj\u00ed nov\u00fd technologie a te\u010fka v sou\u010dasnosti s t\u00edm satelitn\u00edm sv\u011btem, se um\u011blou inteligenc\u00ed. Tam je tak obrovsk\u00fd prostor pro v\u0161echno mo\u017en\u00fd, \u017ee se nediv\u00edm, \u017ee jak \u010c\u00edna ameri\u010dan\u00ed, tak samoz\u0159ejm\u011b v\u0161echny ty technologicky technologicky vysp\u011bl\u00fd zem\u011b jako je to Japonsko, kde to mus\u00ed, proto\u017ee kdyby do toho ne\u0161li, tak se ztrat\u00ed a u\u017e vlastn\u011b se nebudou \u0161anci m\u00edt vr\u00e1tit. J\u00e1 jsem v\u00e1s z \u00favodu p\u0159edstavil jako \u010dlena prez\u00eddia \u010cesk\u00e9 mana\u017eersk\u00e9 asociace. Jednak by samoz\u0159ejm\u011b byl r\u00e1d, byste trochu \u0159ekl n\u011bco o t\u00e9to instituci, kter\u00fdm\u017e prezidium jste, ale jste tady vlastn\u011b jak\u00fdm jsi reprezentantem tam m\u00e1te p\u0159ijet se potk\u00e1vat s t\u011bmi, \u0159ekl bych, kl\u00ed\u010dov\u00fdmi v\u00fdznamn\u00fdmi mene\u017eery \u010cesk\u00e9 republiky. Srovn\u00e1te to s tou va\u0161\u00ed \u0161est\u011btou zku\u0161enost\u00ed v tom automov\u00e9m pr\u016fmyslu, jak si vlastn\u011b na tom ten pr\u016fm\u011brn\u00fd \u010desk\u00fd podnik, jak se na tom vlastn\u011b stoj\u00ed. M\u00e1me \u0161anci, neujede n\u00e1m ten z\u00e1pad evropsk\u00fd nebo mo\u017en\u00e1 japonsk\u00fd vlak neujede n\u00e1m. Prost\u011b jdeme do toho nasko\u010dit do toho \u0161inkanzenu, ne\u017e n\u00e1m, ne\u017e n\u00e1m ulet\u00ed. Tak j\u00e1 bych, j\u00e1 bych. J\u00e1 bych to \u0159ekl mo\u017en\u00e1 jako zezadu k\u00fd asociaci a to je vlastn\u011b o tom, kdy\u017e lidi si st\u011b\u017euj\u00ed, jak je tohle tady drah\u00fd, jak tohle nefunguje a fiala a babi\u0161 o kamor\u00e1ne. Tohleto a \u017ee teda jako n\u011bkam zdrhnou a tak, tak v\u00edte s\u00e1m jako cestujete po sv\u011bt\u011b, \u017ee tady je to furt dobr\u00fd, prost\u011b dobr\u00fd m\u00edsto pro \u017eivot z mnoha r\u016fzn\u00fdch pohled\u016f. A jeden, kter\u00fd je z\u00e1sadn\u00ed, kter\u00fd asi uv\u011bdomuje pr\u00e1v\u011b ty lidi, kte\u0159\u00ed tady jsou, ta populace, kter\u00e1 tady je. My vlastn\u011b geneticky m\u00e1me v sob\u011b to to ten n\u011bmeck\u00fd element, tuto perfektionitu a z\u00e1rove\u0148 prost\u011b lidi tady jsou vzd\u011blan\u00fd, pracovit\u00fd, soutvo\u0159iv\u00fd. J\u00e1 mysl\u00edm, \u017ee tady z tohohle toho pohledu \u010cesk\u00e1 republika i co se t\u00fd\u010de mana\u017eer\u016f je na tom dob\u0159e, \u017ee my prost\u011b m\u00e1me potenci\u00e1l dobr\u00fd v t\u011bch lidech a ta \u010cesk\u00e1 mana\u017eersk\u00e1 asociace. Jej\u00edm \u00fakolem je to n\u011bjak\u00fdm zp\u016fsobem vytv\u00e1\u0159et platformy na to, aby ty lidi se obohacelovali navz\u00e1jem. My jako asociace nic t\u011bm lidem ned\u00e1me jako n\u011bjak\u00fd nouhau nebo n\u011bco nau\u010dili a dokonce, aby jsme to zprost\u0159edkovali, proto\u017ee oni si to nejdou sami, ale m\u016f\u017eeme na zaj\u00edmav\u00fdch p\u0159\u00edle\u017eitostech, a\u0165 t\u00edm, \u017ee p\u0159ijdou zaj\u00edmav\u00fd host\u00e9, budou zaj\u00edmav\u00fd konference, budou zaj\u00edmav\u00fd aktivity, ud\u00e1losti m\u00e1me plej\u00e1 do r\u016fzn\u00fdch prost\u011b t\u011bch soci\u00e1ln\u00edch s\u00edt\u00ed a mo\u017enost\u00ed, kter\u00e9 tam jsou dokonec d\u016fkazem je toho, \u017ee jsme tady u v\u00e1s jako \u010cesk\u00e1 mana\u017eersk\u00e1 asociace, \u017ee tady m\u00e1me mo\u017enost vstupovat do t\u011bchto medi\u00ed. Tak z\u00e1rove\u0148 jsme nositeli vlastn\u011b toho, co by mohlo zaj\u00edmat prost\u011b ty mana\u017eery. A to je vlastn\u011b \u00fa\u010delem t\u00fd asociace n\u011bjak\u00fdm zp\u016fsobem pomoct tomu t\u00e9matu dosv\u011btla ramp. Je\u0161t\u011b na v\u00e1s prohled\u00edm, \u017ee se hodn\u011b zaj\u00edm\u00e1te o kybernetickou bezpe\u010dnost, dokonce m\u00e1te na to jakousi instituci, jestli p\u0159edstav\u00edte je\u0161t\u011b. To je iniciativa Kybes, kter\u00e1, kter\u00e1 byla zalo\u017eena ICT firmami a nejsme tak mamut\u00ed jako ICT Unie nebo jin\u00fd, kter\u00fd jsou prost\u011b tady na trhu a usilou a dokonce maj\u00ed vliv na to, co ta vl\u00e1da, jak\u00fd, jak vypad\u00e1 legislativa, jak\u00fd jsou motiva\u010dn\u00ed podm\u00ednky, jak\u00fd jsou jako parametry t\u0159eba ty regulace a tak. To my zase jako siln\u00fd nejsme, anicm\u00e9n\u011b jako je to podobnej c\u00edl, jako m\u00e1 ta \u010cesk\u00e1 mana\u017eersk\u00e1 asociace, je to iniciativa pro kyberbezpe\u010dnost a vlastn\u011b aktivizuje, aktivizuje ty mana\u017ee\u0159i a ty podnikatele si d\u011bj\u00ed sv\u016fj biznis, ale my aktivizujeme je\u0161t\u011b jin\u00fd vlastn\u011b aspekty toho biznesu pr\u00e1v\u011b a to je ta kyberbezpe\u010dnost. A oni tomu \u0159\u00edkaj\u00ed ty odborn\u00edci evangelizace de facto t\u00e9matu kyberbezpe\u010dnosti. Daj\u00ed do jak\u00fd m\u00edry vlastn\u011b, jako my p\u0159esv\u011bd\u010d\u00edme, my jako jednotliv\u00e1 asociace nebo sektor ICT lid\u00ed, aby byly opatrn\u011bj\u0161\u00ed, aby neklikali na n\u011bjak\u00fd e-maily, aby neklikali na ne poslouchali, co jim n\u011bkdo jako nap\u00ed\u0161e nebo \u0159\u00edk\u00e1, \u017ee na obor, ve kter\u00e9m jako je to, \u010do se opravdu osobn\u011b boj\u00edm. Te\u010f mysl\u00edm jako majitel mnoha fir\u00e9m, proto\u017ee statistiky z Ameriky tvrd\u00ed, \u017ee tam je ro\u010dn\u011b 26 tis\u00edc kybernetick\u00fdch \u00fatok\u016f a to jsou jenom tam, kde v\u00fdp\u00e1ln\u00e9 bylo v\u011bt\u0161\u00ed ne\u017e milion dolar\u016f. O t\u011bch men\u0161\u00edch se jako by ani nev\u00ed, jako prost\u011b ty ty ta firma za metou pod kobet \u0159eknu prost\u011b rad\u0161i o tom nebudeme mluvit, aby si to n\u011bkdo jin\u00fd zase je\u0161t\u011b znova nezkou\u0161el nov\u00e1 na n\u00e1s znova, tak\u017ee tady je skute\u010dn\u011b velk\u00fd potenci\u00e1l v\u00e1lky. J\u00e1 te\u010f se nebav\u00edm \u00fapln\u011b o t\u00e9 v\u00e1lce prost\u011b jako, \u017ee tady n\u011bkde zde j\u00edt tanky, ale teda v tom kyber prostoru si mysl\u00edm, \u017ee ta, \u017ee ta v\u00e1lka u\u017e nastala ty kyber \u00fatoky, pokud je to Amerika jich registruje \u0159\u00e1dy des\u00edtek tis\u00edc ro\u010dn\u011b a to inkasovan\u00e9 v\u00fdp\u00e1ln\u00e9, \u017ee prost\u011b od milionu dolar\u016f vej\u0161 prost\u011b v t\u011bchto p\u0159\u00edpadech, tak si mysl\u00edte obrovsk\u00fd probl\u00e9m t\u00e9to zem\u011b obrovsk\u00fd probl\u00e9m t\u00edm, \u017ee jak se sna\u017e\u00edme v r\u00e1mci racionalizace a sni\u017eov\u00e1n\u00ed n\u00e1klad\u016f p\u0159ev\u00e1d\u011bt spoustu t\u00e9 agendy do toho elektronick\u00e9ho prostoru. Tak vlastn\u011b tady jsou skute\u010dn\u011b ty firmy, kter\u00e9 vynalo\u017e\u00ed zase velk\u00fd prachy na v\u00fdvoj tomu, aby n\u00e1s o ty data a nebo n\u00e1sledn\u011b o to je o to v\u00fdp\u00e1ln\u00e9 prost\u011b p\u0159ipravili. Je v\u016fbec toho n\u011bjak\u00e1 cestave, dok\u00e1\u017ee se ta ten sv\u011bt n\u011bjak semknout prost\u011b a vytvo\u0159it takovou bari\u00e9ru, nebo budou v\u017edycky ty hek\u0159i o tolik krku p\u0159ed n\u00e1ma, \u017ee n\u00e1m nezb\u00fdv\u00e1, ne\u017e to v\u00fdp\u00e1ln\u00e9 j\u00edt a zaplatit. My jsme nezm\u00ednili jednou z m\u00fdch profes\u00ed profes\u00ed, zanapsal kn\u00ed\u017eky n\u011bjak\u00fd a jedn\u00e1 z kn\u00ed\u017eek je pr\u00e1v\u011b tady o tom, o tomhletom t\u00fd v\u00e1lce t\u011bch heker\u016f. Heker je um\u011blec, heker prost\u011b toho nesv\u00e1\u017e\u00edte t\u00edm, \u017ee ho zam\u011bstn\u00e1te ve firm\u011b, respektive d\u00e1te hodn\u011b velk\u00fd pen\u00edze, tak tak tam bude, ale kdy\u017e je opravdu heker, tak to d\u011blat nebude, proto\u017ee on p\u0159eb\u011bhne klidn\u011b na tu druhou stranu. Heker je um\u011blec, ten to chce prost\u011b, aby to bylo zaj\u00edmav\u00fd, \u017ee tak\u017ee vlastn\u011b v\u017edycky ten ten ten ten \u00fatok bude siln\u011bj\u0161\u00ed, ne\u017e bude obrana. A ty lidi, ty \u0161pi\u010dkov\u00ed lidi jsou de facto nechci \u0159\u00edct na obou stran\u00e1ch, ale um\u011bj\u00ed to z obou stran. Tak\u017ee kdy\u017e si najmete vy hekera, kter\u00fd bude chr\u00e1nit va\u0161i firmu, tak je to nejefektivn\u011bj\u0161\u00ed zp\u016fsob, jak jak j\u00ed chr\u00e1nit s t\u00edm, \u017ee je jako n\u011bkdy mo\u017enost, \u017ee prost\u011b on klidn\u011b p\u0159eb\u011bhne nebo zrad\u00ed. Tak\u017ee vlastn\u011b ten lidsk\u00fd element je v\u017edycky ta nejv\u011bt\u0161\u00ed slabost, \u017ee v\u011bt\u0161ina hekersk\u00fdch \u00fatok\u016f nebo \u00fatok\u016f na na syst\u00e9m se odehr\u00e1 t\u00edm, \u017ee si tam d\u00e1 n\u011bkdo fle\u0161ku nebo \u017ee klikne na ten e-mail. Je to vlastn\u011b ten lidsk\u00fd element. Nen\u00ed to a\u017e tak sofistikovan\u00fd \u00fatok vlastn\u011b zven\u010d\u00ed, aby prolomil va\u0161i obranu, kterou vy tam m\u00e1te. A v\u011bt\u0161inou k tomu pou\u017euje n\u011bkoho zevnit\u0159, kte\u0159\u00ed si p\u0159ipoj\u00ed sv\u016fj po\u010d\u00edta\u010d na s\u00ed\u0165. Dokonce aj t\u011bch v jedn\u00fd te\u010fko velk\u00fdch nebudu \u0159\u00edkat ani vobor v jedn\u00fd korporaci to ud\u011blal, proto\u017ee n\u011bco nem\u011bl sebou sv\u016fj m\u011bl sv\u016fj po\u010d\u00edta\u010d. On ho napoj\u00ed na syst\u00e9m, aby n\u00e1s tomu p\u0159es sv\u016fj laptop n\u011bco opravil a proto\u017ee ten jeho po\u010d\u00edta\u010d byl napaden\u00fd, tak t\u00edm to zase do cel\u00fd korporace. J\u00e1 si je\u0161t\u011b um\u00edm p\u0159edstavit tou velmi chmurn\u00fd sc\u00e9n\u00e1\u0159, ale prost\u011b na konci ka\u017ed\u00e9ho datov\u00e9ho kabelu je n\u011bjak\u00fd i t\u00fd \u010dlov\u011bk prost\u011b, \u017ee vlastn\u011b to m\u016f\u017ee b\u00fdt \u00fapln\u011b jako tak velk\u00e1 pospolitost lid\u00ed, kter\u00e1 vlastn\u011b dok\u00e1\u017ee ty syst\u00e9my ovl\u00e1dnout, \u017ee sta\u010d\u00ed ovl\u00e1dnout, to zn\u00e1, \u0159ekl bych zaplatit to \u010dlov\u011bka v t\u00e9 firm\u011b, proto\u017ee tam je n\u011bjak\u00fd \u00fatok zvenku, tak za sebou ten \u00fato\u010dn\u00edk nech\u00e1v\u00e1 tu stopy a ten intern\u00ed IT manager ten ty stopy poza sob\u011b nenech\u00e1v\u00e1. On ten syst\u00e9m pravideln\u011b udr\u017euje, spr\u00e1vuje, tak\u017ee tady si mysl\u00edm, \u017ee tohleto je tohleto riziko vlastn\u011b, jako \u017ee \u010dlov\u011bk nedok\u00e1\u017ee se ochr\u00e1nit t\u011bm \u00fatok\u016fm, proto\u017ee na nich m\u016f\u017eou participovat vlastn\u00ed zam\u011bstnanci a nikde neodhal\u00edm, proto\u017ee prost\u011b moje znalost software je tak m\u00edzk\u00e1, \u017ee nedok\u00e1\u017eu prost\u011b to odhalit, \u017ee si mysl\u00edm, \u017ee tady to m\u016f\u017ee b\u00fdt skute\u010dn\u011b velik\u00fd, velik\u00fd probl\u00e9m. V\u00edte, jak se d\u00e1 tomu \u010delit, proto\u017ee zase jsou vlastn\u011b ta obrana slu\u010d\u00edv\u00e1 v tom, \u017ee si ob\u010das tak jako k v\u00e1m chod\u00ed plin\u00e1\u0159 se ud\u011blat revizi kotle nebo kdokoliv, nebo vz\u00edte s autem na technickou prohl\u00eddku. Tak\u017ee to jist\u011b m\u00e1te, j\u00e1 to ne\u0159\u00edk\u00e1m jako zjev\u011bn\u00ed, ale \u017ee n\u011bkdo p\u0159ijde zven\u010d\u00ed a koukne se, co se d\u011blo v tom vlastn\u011b v tom virtu\u00e1ln\u00edm prostoru, kudy kdo, jak se pohybuje a tam vlastn\u011b to dok\u00e1\u017eete odhadnout t\u00edm, \u017ee se tam d\u011bje n\u011bco, co neodpov\u00edd\u00e1 b\u011b\u017en\u00fdm optim\u00e1ln\u00ed zku\u0161enosti nebo b\u011b\u017en\u00e9mu chov\u00e1n\u00ed, aby vlastn\u011b m\u016f\u017eete vystupovat i toho intern\u00edho zam\u011bstnance, proto\u017ee se chov\u00e1 jinak, ne\u017e se d\u00e1 p\u0159edpokl\u00e1dat, \u017ee se chov\u00e1, on nem\u00e1 t\u0159eba hned jm\u00e9no, on po toho dohled\u00e1te. Ale vlastn\u011b t\u00edmhle t\u00edm, \u017ee si vym\u011bte n\u011bkoho zven\u010d\u00ed, on v\u00e1m naskenuje a prohl\u00eddne vlastn\u011b, kdo, jak se chov\u00e1 v tom va\u0161em virtu\u00e1ln\u00edm sv\u011bt\u011b, tak tam pochopit, \u017ee n\u011bkdo chod\u00ed a zkou\u0161\u00ed kl\u00ed\u010dem n\u011bjak\u00fd dve\u0159e a \u017ee mu to prost\u011b nep\u0159\u00edslu\u0161\u00ed. Tak\u017ee pak se st\u00e1v\u00e1 to, \u017ee vlastn\u011b spole\u010dn\u011b s majitelem t\u00e9 firmy mus\u00ed a \u0161\u00e9fem se identifikuje tohleto nebezpe\u010d\u00ed a \u010d\u00edh\u00e1 tady na to a ud\u011bl\u00e1 se na n\u011bj past, aby se chytil na t\u00e9 s\u00edt\u011b. Je to prost\u011b d\u017eungle. Proto\u017ee n\u00e1m, pane Petrova, zb\u00fdv\u00e1 opravu posledn\u00edch p\u00e1r minutek toho na\u0161eho spole\u010dn\u00e9ho pov\u00edd\u00e1n\u00ed. Nesta\u010dilo jsem je\u0161t\u011b zm\u00ednit va\u0161e \u010dlenstv\u00ed v rad\u011b pro rozhlasov\u00e9 a televizn\u00ed vys\u00edl\u00e1n\u00ed. Vy tam h\u00e1j\u00edte n\u00e1s, spot\u0159ebitel\u00e9, mo\u017en\u00e1 i n\u00e1s, lidi, kte\u0159\u00ed se o tu politiku uch\u00e1z\u00edme, aby to vys\u00edl\u00e1n\u00ed, kter\u00e9 prob\u00edhal na \u00fazem\u00ed \u010cesk\u00e9 republiky, bylo objektivn\u00ed, spravedliv\u00e9 a podobn\u011b. Bude takov\u00e9, bude objektivn\u00ed a my to jeden jeden jeden z paragraf\u016f je vlastn\u011b ta ta objektivita a vyv\u00e1\u017eenost, ale tu my nejsme schopn\u00ed de facto \u00fasodu prokazovat. My prim\u00e1rn\u011b, abych to ne\u0159\u00edkal takhle jako jako defetistick\u00fd, tak jsem to to je paragraf, kter\u00fd prost\u011b si t\u011b\u017eko pr\u00e1vn\u011b n\u011bjak\u00fdm zp\u016fsobem \u00fasodu dokazuje. Ale co prim\u00e1rn\u011b rada pro rozhlasov\u00e9 a televizn\u00ed vys\u00edl\u00e1n\u00ed d\u011bl\u00e1 je a m\u00e1me asi 950 subjekt\u016f a jeden z nich je i a jeden\u00e1ctka, \u017ee my dohl\u00ed\u017e\u00edme na poru\u0161ov\u00e1n\u00ed z\u00e1kona tam, kde to dok\u00e1zat m\u016f\u017eeme, \u010di to reklama, klamav\u00e1 reklama v\u0161echny vlastn\u011b t\u00e9mata, kter\u00fd t\u0159eba zazn\u00ed, kdybych tady \u0159ekl n\u011bco, nev\u00edm, tak tak asi bychom to zachytili nebo by se n\u011bkdo se\u017eoval, a to potom je poru\u0161en\u00ed z\u00e1kona a tam jako se chov\u00e1me, tak\u017ee vlastn\u011b ta velk\u00e1 rada hl\u00edd\u00e1 cel\u00fd trh de facto, kter\u00fd prost\u011b by m\u011bl plnit parametry z\u00e1kona a to, \u017ee lidi n\u00e1s tro\u0161ku spojuj\u00ed, ale dokonce i soudy n\u011bkdy vlastn\u011b z parametry pravdy a l\u017ei, \u017ee bychom m\u011bli jako b\u00fdt i schopn\u00fd jako udr\u017eovat, aby se \u0159\u00edkala jenom pravda, tak to mi na to ten mand\u00e1t jako ani nem\u00e1me, ani schopnost nem\u00e1me. Pane Petrovi, moc d\u011bkuju za va\u0161e n\u00e1v\u0161t\u011bvu ve studiu a j\u00e1 v\u011b\u0159\u00edm, \u017ee na\u0161i div\u00e1ci ocen\u00ed va\u0161 vhled pr\u00e1v\u011b do t\u00e9 oblasti kybernetick\u00e9 bezpe\u010dnosti a mo\u017en\u00e1 i PR, a\u0165 u\u017e v oblasti politiky nebo biznesu. Tak\u017ee d\u011bkuju na\u0161em dne\u0161n\u00edm hostovu, panu Petrovi, za \u00fa\u010dast ve studiu a v\u00e1m div\u00e1nku bych pop\u0159\u00e1l kr\u00e1sn\u00fd a \u00fasp\u011b\u0161n\u00fd den a samoz\u0159ejm\u011b jsme r\u00e1di, \u017ee ve spoupr\u00e1ci s \u010ceskou man\u017eelskou asociac\u00ed v\u00e1m m\u016f\u017eeme p\u0159edstavovat chytr\u00e9 a zaj\u00edmav\u00e9 lidi. M\u011bjte se kr\u00e1sn\u011b a \u00fasp\u011b\u0161n\u00fd den. D\u011bkuju za pozv\u00e1n\u00ed.","nbla_serie":"940","nbla_season":"2023","nbla_episode":"145","nbla_duration":"1632.28","nbla_genre":"3.5.16","nbla_editorial_format":"2.1.5","nbla_mtime":"1700046609","nbla_url":"https:\/\/origin.a11.cz\/vod\/au0o416n2wslnfv7svusyts3o.mp4","nbla_version":"1700046608","nbla_odvysilano":"Ano","bunny_id":"772dee16-2a7a-47d5-9f5b-c590ba012828","youtube_id":"","datum_vydani":"20231115","stopaz":"1632.28","dokument":[],"video_to":[]},"_links":{"self":[{"href":"https:\/\/tv.a11.cz\/api\/wp\/v2\/video\/13732","targetHints":{"allow":["GET"]}}],"collection":[{"href":"https:\/\/tv.a11.cz\/api\/wp\/v2\/video"}],"about":[{"href":"https:\/\/tv.a11.cz\/api\/wp\/v2\/types\/video"}],"author":[{"embeddable":true,"href":"https:\/\/tv.a11.cz\/api\/wp\/v2\/users\/8"}],"wp:featuredmedia":[{"embeddable":true,"href":"https:\/\/tv.a11.cz\/api\/wp\/v2\/media\/13751"}],"wp:attachment":[{"href":"https:\/\/tv.a11.cz\/api\/wp\/v2\/media?parent=13732"}],"wp:term":[{"taxonomy":"category","embeddable":true,"href":"https:\/\/tv.a11.cz\/api\/wp\/v2\/categories?post=13732"},{"taxonomy":"porad","embeddable":true,"href":"https:\/\/tv.a11.cz\/api\/wp\/v2\/porad?post=13732"},{"taxonomy":"region","embeddable":true,"href":"https:\/\/tv.a11.cz\/api\/wp\/v2\/region?post=13732"},{"taxonomy":"kategorie","embeddable":true,"href":"https:\/\/tv.a11.cz\/api\/wp\/v2\/kategorie?post=13732"}],"curies":[{"name":"wp","href":"https:\/\/api.w.org\/{rel}","templated":true}]}}