{"id":13511,"date":"2023-11-08T14:04:16","date_gmt":"2023-11-08T13:04:16","guid":{"rendered":"https:\/\/tv.a11.cz\/?post_type=video&#038;p=13511"},"modified":"2023-11-09T22:12:39","modified_gmt":"2023-11-09T21:12:39","slug":"dobry-vecer-s-a11-8-11-2023-3-cast","status":"publish","type":"video","link":"https:\/\/tv.a11.cz\/video\/dobry-vecer-s-a11-8-11-2023-3-cast\/","title":{"rendered":"Dobr\u00fd ve\u010der s A11 8.11.2023 &#8211; 3.\u010d\u00e1st"},"content":{"rendered":"","protected":false},"excerpt":{"rendered":"<p>Nenechte si uj\u00edt na\u0161e pov\u00edd\u00e1n\u00ed s kr\u00e1snou Leonou Mach\u00e1lkovou.<\/p>\n","protected":false},"author":8,"featured_media":13565,"template":"","categories":[173],"porad":[245],"region":[],"kategorie":[],"class_list":["post-13511","video","type-video","status-publish","has-post-thumbnail","hentry","category-ze-spolecnosti","porad-dobry-vecer-s-a11"],"acf":[],"meta_box":{"nbla_idec":"A2390038C","nbla_title":"Dobr\u00fd ve\u010der s A11","nbla_subtitle":"8.11.2023 - 3.\u010d\u00e1st","nbla_summary":"","nbla_description":"","nbla_transcription":"St\u00e1le kr\u00e1sn\u00fd, dobr\u00fd ve\u010der z televizie A11, jste v dobr\u00e9 spole\u010dnosti a hlavn\u011b z televiz\u00ed, kter\u00e1 je v\u0161ude doma. Dneska slav\u00edme kr\u00e1su. Kr\u00e1sou m\u016f\u017ee b\u00fdt Leda Cos, kr\u00e1sn\u00e1 zp\u011bva\u010dka, moder\u00e1torka Leona Machalkov\u00e1, kr\u00e1sn\u00fd outfit Michaela V, proto\u017ee minule jsem tady byl v b\u00edl\u00e9m tri\u010dku a vylej z\u00e1valo m\u011b tro\u0161ku pand\u00edrko, tady Tatiana Kuka\u0159ov\u00e1 mi to tro\u0161ku \u0161t\u00edplnou, to je to takov\u00e9, to vypad\u00e1 to l\u00edp, tak\u017ee kdy\u017e je ten den kr\u00e1sy. No ale te\u010f m\u00e1me tady samostatn\u00fd vstup, u\u017e jsme tady m\u011bli hosta, ale te\u010f jako bych cht\u011bl mluvit o Bo\u0159kovi \u0160\u00edpkovi. Je to vlastn\u011b u\u017e skoro 8 let, zhruba, kdy ode\u0161el a kr\u00e1sa je samoz\u0159ejm\u011b ve v\u0161em mo\u017en\u00e9m, nejen tedy v lidech a nejen na povrch, ale i uvnit\u0159 a proto\u017ee on si ud\u011blal pro \u010desk\u00fd design hodn\u011b kr\u00e1sn\u00fdch v\u011bc\u00ed, tak bych cht\u011bl, byste ty jako o n\u011bm pohovo\u0159ila a po p\u0159\u00edpad\u011b, abysme si uk\u00e1zali n\u011bjak\u00fd fotky, co d\u011blal nebo co si doma na\u0161la od Alana Pajera, to je vlastn\u011b jeden z t\u011bch nejrenovovan\u011bj\u0161\u00edch fotograf\u016f, kter\u00fd byl p\u0159itom, byl p\u0159itom a fotil ty nejv\u011bt\u0161\u00ed hv\u011bzdy, co j\u00e1 v\u00edm, tak\u017ee vlastn\u011b i Bo\u0159ek byl sv\u00fdho \u010dasu samoz\u0159ejm\u011b megahv\u011bzda, tak co pro n\u011bj znamenala kr\u00e1sa nebo jak to vyjad\u0159oval nebo jako vid\u011bl kr\u00e1su t\u0159eba i v o\u0161klivosti, proto\u017ee to je t\u0159eba takov\u00e9 jako mo\u017en\u00fd, je to taky mo\u017en\u00fd vid\u011bn\u00ed. Tak naprosto jsem se s n\u00edm stoto\u017e\u0148ovala, \u017ee prost\u011b pro \u010dlov\u011bka je ta kr\u00e1sa stra\u0161n\u011b d\u016fle\u017eit\u00e1 a neka\u017ed\u00fd ji vid\u00ed, tak\u017ee on m\u011bl ten d\u00e1r, \u017ee ji vid\u011bl, koneckonc\u016f sly\u0161el, um\u011bl ocenit v\u016fni, pohlazen\u00ed\u010dko tak\u00e9, no prost\u011b v\u0161echny v\u011bmy, byl milovn\u00edk muziky, jo, tak\u017ee vlastn\u011b opravdu kr\u00e1su v \u017eivot\u011b pot\u0159eboval, vyhled\u00e1val ji a um\u011bl koneckonc\u016f i pojmenovat, pro\u010d ta v\u011bc nebo okolnost, vztah m\u016f\u017ee b\u00fdt kr\u00e1snej, a\u017e je to v\u0161echno, co p\u016fsob\u00ed, co t\u011b ovliv\u0148uje, v jeho p\u0159\u00edpad\u011b inspiruje, motivuje a potom vlastn\u011b ten z\u00e1\u017eitek smyslovej, adi\u017e nejen kr\u00e1sa vizu\u00e1ln\u00ed, ale jak u\u017e jsem \u0159ekla, prost\u011b hudba v\u016fn\u011b, on teda i skv\u011ble va\u0159il, tak\u017ee vlastn\u011b kulin\u00e1\u0159stv\u00ed atd. Um\u011bl to potom jako zpracovat vlastn\u011b do t\u011bch sv\u00fdch d\u011bl a proto byl tak dobrej, tak\u017ee vlastn\u011b m\u011bl o\u010di, v\u0161echny ty smysly do ko\u0159\u00e1nu, on, jak jsem \u0159\u00edkal, byl furt tak jako byl tro\u0161ku mimo, \u017ee vlastn\u011b opravdu to tak jako vn\u00edmal, vzt\u0159eb\u00e1val a po\u0159\u00e1d si n\u011bco kreslil a hold to potom tak jako vypadalo, \u017ee byl opravdu v\u00fdjime\u010dnej um\u011blec. Ta kr\u00e1sa jako opravdu pro n\u011bkoho je schovan\u00e1, on to teda hledal i v t\u011bch, jak jsem \u0159ekl, v o\u0161klivosti nebo tak, ale \u0159ekni mi. Tak j\u00e1 bych to pojmenovala tak opravdu, co to je kr\u00e1sa, ka\u017ed\u00fd, ka\u017ed\u00fd to m\u00e1me n\u011bjak jako jinak, co se l\u00edb\u00ed n\u00e1m, nemus\u00ed se l\u00edbit n\u011bkomu, ale on opravdu v\u011bd\u011bl, \u017ee vlastn\u011b dokonalost jako takov\u00e1 nen\u00ed a i v\u011bci naopak nedokonal\u00e9 prost\u011b jsou naprosto \u00fa\u017easn\u00e9, nepravideln\u00e9, s\u00e1m si vlastn\u011b rozb\u00edjel sv\u00e9 v\u011bci, kter\u00e9 potom vlastn\u011b lepil zp\u00e1tky, m\u011bl \u00fa\u017easn\u00e9, \u00fa\u017easn\u00e1 d\u00edla vlastn\u011b s pln\u00fdmi jako st\u0159epy atd. D\u00e1v\u00e1 vdechal jim novej \u017eivot, proto\u017ee p\u0159esn\u011b v\u011bci rozbit\u00fd, s t\u00edm zp\u016fsobem i dekadentn\u00ed, umazan\u00fd, nep\u0159esn\u00fd m\u016f\u017eou b\u00fdt kr\u00e1sn\u00fd a to v\u0161echno vid\u00edme konec konc\u016f v p\u0159\u00edrod\u011b a u\u017e my oba jsme ve v\u011bku, kdy se sv\u00fdm zp\u016fsobem rozn\u011b\u017eujeme na v\u011bcech i v t\u00fd p\u0159\u00edrod\u011b, kdy\u017e uvid\u00edme n\u011bco, co t\u011b \u00fapln\u011b jako dostane, jak je to kr\u00e1sn\u00fd, nic na tom nen\u00ed, je to \u00fapln\u011b v oby\u010dejn\u00fd, ale to prost\u011b. No to se \u0159\u00edk\u00e1 \u00fa\u017easn\u00fd, \u017ee jako \u010d\u00edm \u010dlov\u011bk star\u0161\u00ed, tak se doj\u00edm\u00e1 na to, jim m\u00e1 nad blbost m\u00e1 jako nebo \u0159ekneme blbosti, ale jako je to tak, co n\u00e1s t\u0159eba p\u0159ed 20 30 lety jako jak a nedoj\u00edmalo, tak najednou vid\u00edme star\u00fd film, nejdu pl\u00e1\u010deme, \u017ee nebo v d\u011bt\u011b d\u011b\u0165\u00e1tku, jak se hraje se ta pokora lezeme k n\u00ed prost\u011b po t\u011bch koleno a to, co jsme d\u0159\u00edv neum\u011bli ocenit, u\u017e dneska \u0159\u00edk\u00e1me, proto\u017ee jsem \u00fapln\u00fd blbec, no jasn\u00fd, \u017ee jsem si to nev\u0161iml jako, \u017ee to t\u0159eba bylo kr\u00e1sn\u00fd, zp\u011btn\u011b, kdy\u017e to t\u0159eba pod\u00edv\u00e1\u0161 a nen\u00ed to n\u011bjak\u00fd, \u0159ekla bych fale\u0161n\u00fd sentiment, mysl\u00edm, \u017ee se mysl\u00edm, \u017ee se k sob\u011b spravedliv\u00fd, \u017ee to, \u017ee se sna\u017e\u00edme b\u00fdt jako objektivn\u00ed, ale zp\u011btn\u011b docenujeme n\u011bco, co jsme t\u0159eba \u00fapln\u011b nevid\u011bli, nesly\u0161eli a nedok\u00e1zali ohodnotit a tohle to Bo\u0159ek v\u0161echno m\u011bl v podstat\u011b je to vid\u011bt na t\u011bch jeho prac\u00edch, kde skv\u011ble, v\u010detn\u011b se trouf\u00e1m \u0159\u00edci, jako i charakteru, to si mysl\u00edm, \u017ee jsou v\u011bci, kter\u00e9 opravdu spolu souvis\u00ed to, co obdivoval na jin\u00fdch pota\u017emo t\u0159eba V\u00e1clavu Havlovi, tak, kdy\u017e u\u017e m\u00e1\u0161, kdy\u017e se\u0161 na bl\u00edzku n\u011bjak\u00e9 takov\u00e9 osobnosti, tak prost\u011b i to tvoje sv\u011bdom\u00ed i to vlastn\u011b srdce jako ur\u010dit\u00e1 inteligence ti \u0159\u00edk\u00e1, j\u00e1 bych vlastn\u011b cht\u011bl b\u00fdt taky tak mil\u00fd, \u00fa\u017easnej, moudrej pro lidi otev\u0159enej a ono a\u017e potom k n\u011b\u010demu vyburcuje a ten Bo\u0159ek prost\u011b t\u0159eba byl ten Bo\u0159ek byl opravdu t\u0159eba velkorysej, byl \u0161t\u011bdrej, tak\u017ee to v\u0161echno ho zdobilo a vlastn\u011b to byl kr\u00e1sn\u00fd \u010dlov\u011bk bez diskuze, ale hlavn\u011b \u010dlov\u011bka m\u016f\u017ee i doj\u00edmat pr\u00e1v\u011b ta p\u0159\u00edtomnost t\u00e9 osobnosti, kter\u00e1 ti p\u0159ijde taky kr\u00e1sn\u011b, jak jste te\u010f zrovna mluvila o tom Havlovi, \u017ee, \u017ee vlastn\u011b se ti \u00fapln\u011b setetel\u00ed\u0161 neblahem, kdy\u017e to \u0159eknu takhle, \u017ee se\u0161 s t\u00edm \u010dlov\u011bkem a rozum\u00ed\u0161 se s n\u00edm, tak\u017ee to je taky kr\u00e1sn\u00fd, mluvila se o tom, \u017ee byly muzik\u00e1ln\u00ed, proto\u017ee j\u00e1 v\u00edm, \u017ee se kamar\u00e1d\u011bl s muzikantama, tak kdy\u017e pracoval, tak pou\u017e\u00edval muziku nebo tak, jako\u017ee se n\u011bco pustil a tvo\u0159il toho. A co to bylo za muziku t\u0159eba? Nejr\u016fzn\u011bj\u0161\u00ed etno, bubny, prost\u011b kalt a Jusundur a opravdu hozil si i spoustu muziky ze zahrani\u010d\u00ed, m\u011bl stra\u0161n\u011b r\u00e1d jazz, miloval Ninu Simon. Jo, to je dobr\u00e1. M\u011bl i r\u00e1d t\u0159eba modernu, jakoby klasiku, tak\u017ee Ervop\u00e1rt a nebo m\u011bl r\u00e1d Philaglase, tak\u017ee bylo to pestr\u00fd, m\u011bl r\u00e1d i vlastn\u011b p\u00edsni\u010dk\u00e1\u0159e t\u0159eba, m\u011bl hrozn\u011b r\u00e1d Toma Vejce, toho prost\u011b opravdu poslouchal, proto\u017ee byl jazykov\u011b vybavenej, tak vlastn\u011b si u\u017e\u00edval i ty texty, tak\u017ee m\u011bl hrozn\u011b r\u00e1d jazz, klasiku, prost\u011b moc se neorientoval v \u010desk\u00e9 sc\u00e9n\u011b, ale je a mank\u00e1\u010di. M\u011bl r\u00e1d, jo. To jsme valili bomby. Toho bylo d\u00edky tob\u011b, ale to se tam ur\u010dit\u011b jako ud\u011blalo. Kdy\u017e to neznal, tak jsem \u0159\u00edk\u00e1no, nezn\u00e1\u0161 tak tady. Tak\u017ee prost\u011b on m\u011bl moc r\u00e1d. A tak lemp\u00ed\u0159 ze jaru, tak ten kamar\u00e1d \u0159\u00edk\u00e1, \u017ee mu moc chyb\u00ed ten Bo\u0159ek, \u017ee a to o ty ve v\u0161ech slu\u0161nosti je u\u017e co \u0159\u00edct, proto\u017ee on je takov\u00fd dresnej, \u017ee ho chl\u00e1pek, jako\u017ee moc se nevyjad\u0159uje, jako mysl\u00edm k t\u011bmhle t\u011bm osobn\u00edm a asi intimn\u00edm a\u017e v\u011bcem, ale jako \u0159\u00edkal, \u017ee to bylo. Bo\u0159ek m\u011bl moc r\u00e1d i v\u00fdb\u011bry. Vlastn\u011b koneckoncu je jeho p\u0159\u00edtelem byl i Michal Koc\u00e1p a proto\u017ee m\u011bl ocenit tu kr\u00e1su, tak si pamatuju, \u017ee kdy\u017e jeho skl\u00e1dna, kterou p\u016fvodn\u011b zakl\u00e1d\u00e1 a je to dneska to a je to la suite slavila 20 let v\u00fdro\u010d\u00ed, tak p\u0159em\u00fd\u0161lel, co by jim dal za d\u00e1rek. A t\u00edm d\u00e1rkem, kter\u00fd tajil, tajil, byl koncert, koncert pra\u017esk\u00e9ho v\u00fdb\u011bru p\u0159\u00edmo u t\u011bch pes\u00ed. R\u00e1no najel prost\u011b kamion a v\u0161ichni, co bude, jak bude Je\u017ei\u0161mar a nikdo nic nev\u011bd\u011bl. A\u017e potom teda potom t\u011b ti skl\u00e1\u0159i, kte\u0159\u00ed maj\u00ed r\u00e1di byk b\u00fdt \u00fapln\u011b padli na prdel, kdy\u017e potkali prost\u011b Koc\u00e1pa, \u010coka. No to je\u0161t\u011b ve skl\u00e1dn\u00e1ch. A to byl to senza\u010dn\u00ed z\u00e1\u017eitek. A to je\u0161t\u011b mi \u0159ekni k t\u011bm skl\u00e1dn\u00e1m, proto\u017ee on pracoval, teda m\u011bl asi t\u011bch ateli\u00e9r asi i doma. Potom m\u011bl i svoji vlastn\u00ed, ano. Ale jsi \u0159\u00edkal, \u017ee ve skl\u00e1dn\u00e1ch, to znamenalo, on tam doj\u00ed\u017ed\u011bl nebo doch\u00e1zel, nebo to byla jeho skl\u00e1dna, nebo co to jako vlastn\u011b bylo? Bo\u0159ek, jak byl takov\u00fd jako nom\u00e1d a po\u0159\u00e1d cestoval, tak nem\u011bl takovou bytu kotvu. Ale jestli ji n\u011bkde m\u011bl, tak ji m\u011bl opravdu na na chalup\u011b v Lindav\u011b, kde je tak\u00e9 ta skl\u00e1dna. Tam prost\u011b n\u011bjak\u00fdm zp\u016fsobem zapustil ko\u0159eny. Tam je ten genius loci a prost\u011b tam on byl \u0161\u0165astnej a vlastn\u011b se tam ocitl d\u00edky t\u00e9 skl\u00e1dn\u011b, proto\u017ee p\u0159ij\u00ed\u017ed\u011bl v\u011bt\u0161inou v\u011bt\u0161inou vzoroval a pracoval v sobotu r\u00e1no a cel\u00e9 dopoledne chodil na sedmou a do dvan\u00e1cti hodinu. Pracoval tak, \u017ee t\u0159eba je\u0161t\u011b se pochopiteln\u011b pracoval i v jin\u00e9 dny, ale to by to byl jeho \u010das vzorovat t\u00e9to v t\u00e9to skl\u00e1dn\u011b. No, ale p\u0159ij\u00ed\u017ed\u011bl na chalupu u\u017e v p\u00e1tek odpoledne, pln\u00fd ta\u0161ky j\u00eddla a ve\u010der nava\u0159il kotle p\u00e1liv\u00fdch a z\u00edsk\u00fdch dobrod. To jsi pr\u00e1v\u011b \u0159\u00edkala, \u017ee v dob\u0159e va\u0159il a co to bylo? Dob\u0159e va\u0159il, no prost\u011b. Pr\u00e1v\u011b jako takovou ost\u0159ej\u0161\u00ed v\u011bci teda. Dr\u017eky Rogan Yosh Indii, hlavn\u011b tajskou kuchyni. Tak\u017ee v\u017edycky r\u00e1no jel s r\u00e1no jel s r\u00fd\u017eovarem pln\u00fdm r\u00fd\u017ei a prost\u011b m\u011bl dva velk\u00e9 hernce nava\u0159en\u00fdch, jako na sva\u010dinku v\u00ed\u0161, to u\u017e m\u011bli sva\u010dinku a to byl to byl naprosto pravideln\u00fd ritu\u00e1l, ne\u017e jednou za \u010das pravideln\u00fd ka\u017ed\u00e1 sobota m\u011bli prost\u011b skl\u00e1\u0159i nava\u0159eno a on byl v tomhle paru \u00fa\u017easnej, proto\u017ee jak to s\u00e1m um\u011bl ocenit, kdy\u017e n\u011bkdo ud\u011bl\u00e1 n\u011bco nav\u00edc, tak on v tomhle tom byl d\u016fslednej a tu radost prost\u011b t\u011bm skl\u00e1\u0159\u016fm d\u011bl\u00e1 a on to je na n\u011bm vid\u011bt jako v t\u011bch o\u010d\u00edch, jako kdy\u017e \u0159\u00edk\u00e1\u0161, \u017ee byl tro\u0161ku chvilkama, jako nebo po\u0159\u00e1d trochu mimo, tak to zn\u00e1me u t\u011bch. On potom skal\u00ed\u010dku v\u00edna, tak jsem mu ten pohled jako zkonkr\u00e9tn\u011b, ale zaj\u00edmav\u00fd, \u017ee byl se p\u0159\u00edzniv\u00fd \u010dlov\u011bk, jako a to jsem se cht\u011bl zeptat, kdy\u017e tak dob\u0159e va\u0159il, tak co p\u011bl jako, \u017ee sp\u00ed\u0161 v\u00edno nebo pivo. Pros\u00edm t\u011b p\u011bl j\u00e1, kdy\u017e jsem ho poznala, tak p\u011bl pivko, m\u011bl r\u00e1d tak\u00e9 v\u00edno, p\u011bl pivko, ale potom teda, proto\u017ee jako tro\u0161ku kynul, tak \u0159ekl, \u017ee teda vysad\u00ed, \u017ee u\u017e nebude p\u00edt pivo. A vlastn\u011b jsem ho u\u017e ani nepamatuj\u00edc\u00ed, \u017ee by si nikdy n\u011bjak\u00e9 dal a p\u0159eorientoval se na v\u00edno, ale mus\u00edm ti \u0159\u00edct, \u017ee ve stejn\u00e9 mno\u017estv\u00ed. Jak\u017ee byl tolik v\u00edna jako piva, jo? No to on byl prost\u011b pank\u00e1\u010d, to byl to. No tak to se n\u00e1m l\u00edbilo. Ale a\u010d pil, co\u017e v\u00edme, my v\u017edycky, no prost\u011b m\u011bl r\u00e1d v\u00edno, byl spolo\u010densk\u00fd. Takov\u00e1 discipl\u00edna byla. No jasn\u011b. On prost\u011b se dal do \u010dum\u00e1ku, ale prost\u011b r\u00e1no zazvonil lud\u00ed, kdy on st\u00e1l, sprecha\u0161el a jel. Prost\u011b to, on pravdu discipl\u00ednu m\u011bl neove\u0159itelnou. Tak moc d\u011bkuju, Leono, za tuhletu chvilku. A Bo\u0159ka, pokud n\u011bco jako existuje a sly\u0161el n\u00e1s, tak pozdravujeme a moc d\u011bkujeme, \u017ee jsi tady s n\u00e1ma byl. Titulky vytvo\u0159il JohnyX http:\/\/johnyxcz.blogspot.com Titulky vytvo\u0159il JohnyX http:\/\/johnyxcz.blogspot.com Titulky vytvo\u0159il JohnyX http:\/\/johnyxcz.blogspot.com Titulky vytvo\u0159il JohnyX http:\/\/johnyxcz.blogspot.com Titulky vytvo\u0159il JohnyX http:\/\/johnyxcz.blogspot.com Titulky vytvo\u0159il JohnyX http:\/\/johnyxcz.blogspot.com Titulky vytvo\u0159il JohnyX http:\/\/johnyxcz.blogspot.com Titulky vytvo\u0159il JohnyX http:\/\/johnyxcz.blogspot.com Titulky vytvo\u0159il JohnyX http:\/\/johnyxcz.blogspot.com","nbla_serie":"4200","nbla_season":"2023","nbla_episode":"38","nbla_duration":"884.72","nbla_genre":"","nbla_editorial_format":"","nbla_mtime":"1699444458","nbla_url":"https:\/\/origin.a11.cz\/vod\/9dry7p2apjttr3qovasx7z4j5.mp4","nbla_version":"1699444455","nbla_odvysilano":"Ano","bunny_id":"1e66361f-c0a4-43df-92c9-c700103b1a9b","youtube_id":"","datum_vydani":"20231108","stopaz":"884.72","dokument":[],"video_to":[]},"_links":{"self":[{"href":"https:\/\/tv.a11.cz\/api\/wp\/v2\/video\/13511","targetHints":{"allow":["GET"]}}],"collection":[{"href":"https:\/\/tv.a11.cz\/api\/wp\/v2\/video"}],"about":[{"href":"https:\/\/tv.a11.cz\/api\/wp\/v2\/types\/video"}],"author":[{"embeddable":true,"href":"https:\/\/tv.a11.cz\/api\/wp\/v2\/users\/8"}],"wp:featuredmedia":[{"embeddable":true,"href":"https:\/\/tv.a11.cz\/api\/wp\/v2\/media\/13565"}],"wp:attachment":[{"href":"https:\/\/tv.a11.cz\/api\/wp\/v2\/media?parent=13511"}],"wp:term":[{"taxonomy":"category","embeddable":true,"href":"https:\/\/tv.a11.cz\/api\/wp\/v2\/categories?post=13511"},{"taxonomy":"porad","embeddable":true,"href":"https:\/\/tv.a11.cz\/api\/wp\/v2\/porad?post=13511"},{"taxonomy":"region","embeddable":true,"href":"https:\/\/tv.a11.cz\/api\/wp\/v2\/region?post=13511"},{"taxonomy":"kategorie","embeddable":true,"href":"https:\/\/tv.a11.cz\/api\/wp\/v2\/kategorie?post=13511"}],"curies":[{"name":"wp","href":"https:\/\/api.w.org\/{rel}","templated":true}]}}