{"id":13452,"date":"2023-11-08T08:26:06","date_gmt":"2023-11-08T07:26:06","guid":{"rendered":"https:\/\/tv.a11.cz\/?post_type=video&#038;p=13452"},"modified":"2023-11-08T10:46:06","modified_gmt":"2023-11-08T09:46:06","slug":"na-lampionovy-pruvod-letos-dorazilo-vice-nez-300-lidi","status":"publish","type":"video","link":"https:\/\/tv.a11.cz\/video\/na-lampionovy-pruvod-letos-dorazilo-vice-nez-300-lidi\/","title":{"rendered":"Na lampionov\u00fd pr\u016fvod letos dorazilo v\u00edce ne\u017e 300 lid\u00ed"},"content":{"rendered":"","protected":false},"excerpt":{"rendered":"<p>\u017de akce, kter\u00e9 se konaj\u00ed v K\u0159e\u0161ic\u00edch, jsou par\u00e1dn\u00ed a hodn\u011b nav\u0161t\u011bvovan\u00e9, je u\u017e v\u0161eobecn\u011b zn\u00e1mo. Leto\u0161n\u00ed lampi\u00f3nov\u00fd pr\u016fvod, kter\u00fd se konal v sobotu 28. \u0159\u00edjna, ale p\u0159ed\u010dil v\u0161echna o\u010dek\u00e1v\u00e1n\u00ed. <\/p>\n","protected":false},"author":8,"featured_media":13497,"template":"","categories":[17,157],"porad":[],"region":[93,63],"kategorie":[],"class_list":["post-13452","video","type-video","status-publish","has-post-thumbnail","hentry","category-domaci","category-zpravy","region-litomericko","region-ustecky-kraj"],"acf":[],"meta_box":{"nbla_idec":"N2303343","nbla_title":"Na lampionov\u00fd pr\u016fvod letos dorazilo v\u00edce ne\u017e 300 lid\u00ed","nbla_subtitle":"","nbla_summary":"","nbla_description":"","nbla_transcription":"\u017de akce, kter\u00e9 se konaj\u00ed v K\u0159e\u0161ic\u00edch, jsou par\u00e1dn\u00ed a hodn\u011b nav\u0161t\u011bvovan\u00e9, je u\u017e v\u0161eobecn\u011b zn\u00e1mo. Leto\u0161n\u00ed lampionov\u00fd pr\u016fvod, kter\u00fd se konal v sobotu 28. \u0159\u00edjna, ale p\u0159ed\u010del v\u0161echna o\u010dek\u00e1v\u00e1n\u00ed. Na multifunk\u010dn\u00ed h\u0159i\u0161t\u011b u Lebe toti\u017e dorazilo v\u00edce ne\u017e 300 lid\u00ed. Je to druh\u00e1 akce po D\u011btsk\u00fdm dnu, kterou po\u0159\u00e1d\u00e1 sbor doborovoln\u00fdch hasi\u010d\u016f a m\u00e1 nejv\u011bt\u0161\u00ed \u00fa\u010dast. Tak\u017ee za to jsme moc r\u00e1di. Pro d\u011bti jsme si p\u0159ipravili stezku od Mari\u00e1nsk\u00e9ho kostela a\u017e dol\u016f klaby. Je tady jak pro d\u011bti, tak pro dosp\u011bl\u00e9 p\u0159ipraven\u00e9 drobn\u00e9 ob\u010derstven\u00ed, pro d\u011bti n\u011bco k zakousnut\u00ed, pro dosp\u011bl\u00e9 t\u0159eba sva\u0159\u00e1k. D\u011bti si m\u016f\u017eou se sv\u00fdmi rodi\u010di op\u011bt si bu\u0161t\u00e1t. Aby bylo jist\u00e9, \u017ee se nikdo nestrat\u00ed, trasu lampionov\u00e9ho pr\u016fvodu lemovali rozsv\u00edcen\u00e9 d\u00fdn\u011b. Bylo jich 50 a jako ka\u017ed\u00fd rok je na akci i tentokr\u00e1t p\u0159ipravil hasi\u010dsk\u00fd krou\u017eek. Ty d\u00fdn\u011b jsme dostali od m\u00edstn\u00edho zem\u011bd\u011blce, pana Hercla, kter\u00fdmu t\u00edmto moc d\u011bkuji, proto\u017ee n\u00e1m to hodn\u011b pomohlo. Hodn\u011b n\u00e1m to pomohlo, abychom ty finan\u010dn\u00ed prost\u0159edky, kter\u00e9 jsme u\u0161et\u0159ili na tom daru, mohli d\u00e1t do cel\u00e9 t\u00e9 akce do oh\u0148ostroje a do dal\u0161\u00edch komponent\u016f, kter\u00e9 k t\u00e9to akci pat\u0159\u00ed. Nechyb\u011bl ani kulturn\u00ed program v podob\u011b oh\u0148ov\u00e9 a sv\u011bteln\u00e9 show v pod\u00e1n\u00ed d\u00edv\u010d\u00ed skupiny Vox Luminas. S d\u011bv\u010daty u\u017e m\u00e1me dlouhodobou spolupr\u00e1ci, tak\u017ee jsem moc r\u00e1d, \u017ee i p\u0159esto, \u017ee se trochu p\u0159izn\u00e1m, letos na posledn\u00ed chv\u00edli jsem je oslovil, tak\u017ee n\u00e1m vy\u0161li v st\u0159\u00edc a \u017ee zase p\u0159edvedli svoje vystoupen\u00ed, kter\u00e9 bylo \u00fa\u017easn\u00e9 a jsme samoz\u0159ejm\u011b nad\u0161en\u00ed, stejn\u011b jako v minul\u00fdch letech. Na cel\u00e9 organizaci dne\u0161n\u00edho dne se pod\u00edlelo p\u0159ibli\u017en\u011b 20 hasi\u010d\u016f. Je pot\u0159eba k tomu p\u0159ipo\u010d\u00edtat i dlab\u00e1n\u00ed d\u00fdn\u00ed na hasi\u010dsk\u00fdm krou\u017eku. Tam mus\u00edme p\u0159e\u010d\u00edst cca 40, 40 osob, d\u011bti i dosp\u011bl\u00ed, tak\u017ee 60 lid\u00ed se vlastn\u011b v pr\u016fb\u011bhu tohoto t\u00fddne pod\u00edlelo na dne\u0161n\u00edm kr\u00e1sn\u00fdm ve\u010deru a j\u00e1 v\u0161em t\u011bmto lidem moc d\u011bkuji. Z\u00e1v\u011br lampionov\u00e9ho pr\u016fvodu pat\u0159il jako obvykle oh\u0148ostrojy. Obec se te\u010f u\u017e za\u010dne p\u0159ipravovat na V\u00e1noce a na rozsv\u00edcen\u00ed v\u00e1no\u010dn\u00edch strom\u016f. Prvn\u00ed prosincov\u00fd v\u00edkend bude pestrej, proto\u017ee v p\u00e1tek n\u00e1s teda \u010dek\u00e1 k\u0159e\u0161ick\u00e9 peklo, v sobotu rozsv\u00edcen\u00ed strome\u010dk\u016f v k\u0159e\u0161ic\u00edch a v ned\u011bli rozsv\u00edcen\u00ed strome\u010dk\u016f v zaho\u0159anech.","nbla_serie":"","nbla_season":"","nbla_episode":"","nbla_duration":"146.92","nbla_genre":"","nbla_editorial_format":"","nbla_mtime":"1699427665","nbla_url":"https:\/\/origin.a11.cz\/vod\/6hyjdexuli0esqih4ib9f1k59.mp4","nbla_version":"1699427665","nbla_odvysilano":"Ano","bunny_id":"132ba0c7-5fc2-4e2a-8630-5b2c5c4d3edd","youtube_id":"","datum_vydani":"20231108","stopaz":"146.92","dokument":[],"video_to":["13498"]},"_links":{"self":[{"href":"https:\/\/tv.a11.cz\/api\/wp\/v2\/video\/13452","targetHints":{"allow":["GET"]}}],"collection":[{"href":"https:\/\/tv.a11.cz\/api\/wp\/v2\/video"}],"about":[{"href":"https:\/\/tv.a11.cz\/api\/wp\/v2\/types\/video"}],"author":[{"embeddable":true,"href":"https:\/\/tv.a11.cz\/api\/wp\/v2\/users\/8"}],"wp:featuredmedia":[{"embeddable":true,"href":"https:\/\/tv.a11.cz\/api\/wp\/v2\/media\/13497"}],"wp:attachment":[{"href":"https:\/\/tv.a11.cz\/api\/wp\/v2\/media?parent=13452"}],"wp:term":[{"taxonomy":"category","embeddable":true,"href":"https:\/\/tv.a11.cz\/api\/wp\/v2\/categories?post=13452"},{"taxonomy":"porad","embeddable":true,"href":"https:\/\/tv.a11.cz\/api\/wp\/v2\/porad?post=13452"},{"taxonomy":"region","embeddable":true,"href":"https:\/\/tv.a11.cz\/api\/wp\/v2\/region?post=13452"},{"taxonomy":"kategorie","embeddable":true,"href":"https:\/\/tv.a11.cz\/api\/wp\/v2\/kategorie?post=13452"}],"curies":[{"name":"wp","href":"https:\/\/api.w.org\/{rel}","templated":true}]}}