{"id":13444,"date":"2023-11-08T08:20:10","date_gmt":"2023-11-08T07:20:10","guid":{"rendered":"https:\/\/tv.a11.cz\/?post_type=video&#038;p=13444"},"modified":"2023-11-08T10:20:48","modified_gmt":"2023-11-08T09:20:48","slug":"ds-vicena-z-usti-nad-orlici-zkousi-novou-hru-s-premierou-9-prosince","status":"publish","type":"video","link":"https:\/\/tv.a11.cz\/video\/ds-vicena-z-usti-nad-orlici-zkousi-novou-hru-s-premierou-9-prosince\/","title":{"rendered":"DS Vicena z \u00dast\u00ed nad Orlic\u00ed zkou\u0161\u00ed novou hru"},"content":{"rendered":"","protected":false},"excerpt":{"rendered":"<p>Za zdmi mal\u00e9 sc\u00e9ny je ru\u0161no i mimo b\u011b\u017enou otev\u00edrac\u00ed dobu. Od za\u010d\u00e1tku roku tam tak\u00e9 prob\u00edhaj\u00ed zkou\u0161ky nov\u00e9 inscenace divadeln\u00edho spolku Vicena.<\/p>\n","protected":false},"author":8,"featured_media":13480,"template":"","categories":[168,17,21,157],"porad":[],"region":[104,60],"kategorie":[],"class_list":["post-13444","video","type-video","status-publish","has-post-thumbnail","hentry","category-divadlo","category-domaci","category-kultura","category-zpravy","region-orlicko","region-pardubicky-kraj"],"acf":[],"meta_box":{"nbla_idec":"N2309214","nbla_title":"DS Vicena z \u00dast\u00ed nad Orlic\u00ed zkou\u0161\u00ed novou hru s premi\u00e9rou 9.prosince","nbla_subtitle":"","nbla_summary":"","nbla_description":"","nbla_transcription":"Za zdmi od lidskou stetsk\u00e9 mal\u00e9 sc\u00e9ny je ru\u0161no i mimo b\u011b\u017enou otev\u00edrac\u00ed dobu. Od za\u010d\u00e1tku roku tam tak\u00e9 prob\u00edhaj\u00ed zkou\u0161ky nov\u00e9 inscenace divadeln\u00edho spolku Vicena, jak uva\u0159it \u017e\u00e1bu. Hra nese \u00fast\u0159edn\u00ed \u017eenskou roli, kterou hraje Hal\u010da Lochmanov\u00e1, kter\u00e1 prov\u00e1z\u00ed div\u00e1ky sv\u00fdm \u017eivotn\u00edm p\u0159\u00edb\u011bhem. A ta mu\u017esk\u00e1 role, kterou zast\u00e1v\u00e1 B\u00e9d\u011b Duch\u00e1\u010dek, tak je role jak\u00e9hosi \u017ealobce. Krom\u011b t\u00e9to postavy hraje B\u00e9d\u011b Duch\u00e1\u010dek i dal\u0161\u00ed mu\u017ee, kte\u0159\u00ed proplouvaj\u00ed \u017eivotem jeho hereck\u00e9 kolegin\u011b. A to je ten nejv\u011bt\u0161\u00ed probl\u00e9m, kter\u00fd je, \u017ee mus\u00edm ty p\u0159echody v\u011bd\u011bt a je\u0161t\u011b to tam tro\u0161ku drhne. Pro Helenu Lochmanovou je stv\u00e1rn\u011bn\u00ed postavy Bla\u017eeny Bur\u0161tor\u00e1dov\u00e9 velkou v\u00fdzvou. Je to takov\u00e1 smula\u0161ka, trochu ne\u0161\u0165astn\u00e1 \u017eensk\u00e1, kter\u00e1 m\u00e1 sm\u016flu na mu\u017esk\u00fd, po\u010d\u00ednaje t\u00e1tou, kon\u010de sv\u00fdm \u017eivotn\u00edm partnerem. A abychom m\u011bli ty kr\u00e1sn\u00e9 hodiny neust\u00e1le na o\u010d\u00edch, vyst\u0159\u00eddali na zdi spadnedn\u00ed fotku m\u00fdch rodi\u010d\u016f. Jak n\u00e1m Bed\u0159ich prozradil, ze \u0161esti postav se mu nejl\u00e9pe hraje ta nejz\u00e1porn\u011bj\u0161\u00ed. Tam pr\u00e1v\u011b ty zl\u00fd v\u011bci, ty m\u011b \u0161ly do hlavy rychlejc, ne\u017e ty takov\u00fd ty mil\u00fd. Zd\u00e1 se, \u017ee si oba herci sedli. M\u00e1me strach, aby jsme to neskazili jeden druh\u00fdmu, no a pak p\u0159ijde premi\u00e9ra a hran\u00ed a on to vyst\u0159\u00eddne hned jak v\u00edno. Pro Martinu Kodytkovou je to re\u017eis\u00e9rsk\u00e1 premi\u00e9ra. M\u011b to l\u00e1kalo, \u017ee bych cht\u011bla zkusit re\u017e\u00edrovat, re\u017eiz\u00e9ru je trvale m\u00e1lo, tak\u017ee ti jsou \u017e\u00e1dan\u00ed. Tak jsem to cht\u011bla zkusit, jestli se v tom najdu nebo ne a uvid\u00edme, jak to dopadne. P\u0159i pr\u00e1ci ji podporuje p\u0159edseda divadeln\u00edho spolku Vlastimil Drda. J\u00e1 funguji jako st\u00ednov\u00fd re\u017eis\u00e9r, tak\u017ee kdy\u017e p\u0159ijdu, tak pom\u016f\u017eu n\u011bjakou dobrou radou, jak moc bude dobr\u00e1, to se uk\u00e1\u017ee a\u017e p\u0159i t\u00e9 premi\u00e9\u0159e. Ta se odehraje u\u017e zanedlouho. Mysl\u00edm, \u017ee nese siln\u00fd p\u0159\u00edb\u011bh, siln\u00e9 hereck\u00e9 v\u00fdkony, tak douf\u00e1m, \u017ee se to bude div\u00e1k\u016fm l\u00edbit a moc je zvu na premi\u00e9ru 9. prosince v mal\u00e9 sc\u00e9n\u011b v \u00dast\u00ed na Tarlici. Je\u0161t\u011b p\u0159edt\u00edm ur\u010dit\u011b nevynechejte i jednu derni\u00e9ru. Prob\u011bhne p\u0159\u00edmo tady v mal\u00e9 sc\u00e9n\u011b a to 17. listopadu od 19. hodin a bude to derni\u00e9ra inscenace \u00danos v Neapoli, kterou re\u017e\u00edroval je\u0161t\u011b Honza \u0160t\u011bp\u00e1nsk\u00fd. Divadeln\u00ed spolek v\u00edce na za t\u0159i roky oslav\u00ed 130 let. Za zm\u00ednku stoj\u00ed, \u017ee za dobu sv\u00e9 existence sehral v\u00edc jak 1300 p\u0159edstaven\u00ed.","nbla_serie":"","nbla_season":"","nbla_episode":"","nbla_duration":"177.04","nbla_genre":"","nbla_editorial_format":"","nbla_mtime":"1699427028","nbla_url":"https:\/\/origin.a11.cz\/vod\/48seb307ohraxq2ugh0ink0uc.mp4","nbla_version":"1699427028","nbla_odvysilano":"Ano","bunny_id":"395eba0d-3857-44b3-a51d-498523d08c21","youtube_id":"","datum_vydani":"20231108","stopaz":"177.04","dokument":[],"video_to":["13481"]},"_links":{"self":[{"href":"https:\/\/tv.a11.cz\/api\/wp\/v2\/video\/13444","targetHints":{"allow":["GET"]}}],"collection":[{"href":"https:\/\/tv.a11.cz\/api\/wp\/v2\/video"}],"about":[{"href":"https:\/\/tv.a11.cz\/api\/wp\/v2\/types\/video"}],"author":[{"embeddable":true,"href":"https:\/\/tv.a11.cz\/api\/wp\/v2\/users\/8"}],"wp:featuredmedia":[{"embeddable":true,"href":"https:\/\/tv.a11.cz\/api\/wp\/v2\/media\/13480"}],"wp:attachment":[{"href":"https:\/\/tv.a11.cz\/api\/wp\/v2\/media?parent=13444"}],"wp:term":[{"taxonomy":"category","embeddable":true,"href":"https:\/\/tv.a11.cz\/api\/wp\/v2\/categories?post=13444"},{"taxonomy":"porad","embeddable":true,"href":"https:\/\/tv.a11.cz\/api\/wp\/v2\/porad?post=13444"},{"taxonomy":"region","embeddable":true,"href":"https:\/\/tv.a11.cz\/api\/wp\/v2\/region?post=13444"},{"taxonomy":"kategorie","embeddable":true,"href":"https:\/\/tv.a11.cz\/api\/wp\/v2\/kategorie?post=13444"}],"curies":[{"name":"wp","href":"https:\/\/api.w.org\/{rel}","templated":true}]}}