{"id":13392,"date":"2023-11-06T16:03:06","date_gmt":"2023-11-06T15:03:06","guid":{"rendered":"https:\/\/tv.a11.cz\/?post_type=video&#038;p=13392"},"modified":"2023-11-07T13:24:10","modified_gmt":"2023-11-07T12:24:10","slug":"dobry-vecer-s-a11-6-11-2023-2-cast","status":"publish","type":"video","link":"https:\/\/tv.a11.cz\/video\/dobry-vecer-s-a11-6-11-2023-2-cast\/","title":{"rendered":"Dobr\u00fd ve\u010der s A11 6.11.2023 &#8211; 2.\u010d\u00e1st"},"content":{"rendered":"","protected":false},"excerpt":{"rendered":"<p>S na\u0161\u00edm hostem, Ladislavem Pavlu\u0161em, prob\u00edr\u00e1me dal\u0161\u00ed t\u00e9mata. Nap\u0159\u00edklad velk\u00e1 jm\u00e9na hudebn\u00edho pole. <\/p>\n","protected":false},"author":8,"featured_media":13419,"template":"","categories":[173],"porad":[245],"region":[],"kategorie":[],"class_list":["post-13392","video","type-video","status-publish","has-post-thumbnail","hentry","category-ze-spolecnosti","porad-dobry-vecer-s-a11"],"acf":[],"meta_box":{"nbla_idec":"A2390036B","nbla_title":"Dobr\u00fd ve\u010der s A11","nbla_subtitle":"6.11.2023 - 2.\u010d\u00e1st","nbla_summary":"","nbla_description":"","nbla_transcription":"Dobr\u00fd ve\u010der z A11 pokra\u010duje a vy n\u00e1s ur\u010dit\u011b sledujete, tak\u017ee j\u00e1 jenom p\u0159ipomnu, jak se jmenuje n\u00e1\u0161 dne\u0161n\u00ed host Ladislav Pavlu\u0161. Vlast\u00edku, poj\u010f. Ennio Morricone, to je dal\u0161\u00ed velk\u00e9 jm\u00e9no, velk\u00fd skladatel filmov\u00e9 muziky a Grande Moravia, va\u0161e kapela, va\u0161e cymb\u00e1lovka se pustila pr\u00e1v\u011b do filmov\u00fdch melodi\u00ed. Vy jste u\u017e to zna\u010dil, \u017ee hrajete vlastn\u011b v\u0161echno od bacha po vlacha, ale jak jste se dostali k filmov\u00fdm melodi\u00edm? Byl jsem na koncertu, opravdu jeho koncertu, kter\u00fd dirigoval Ennio Morricone v bratislavsk\u00e9 Slovnaft ar\u00e9n\u011b, kde bylo 15 000 lid\u00ed, velk\u00e1, velk\u00e1 show a kdy\u017e jsem jel dom\u016f po tom koncert\u011b, tak to ve mn\u011b zachovalo, zanechalo takovou, takovou s\u00edlu a \u0159\u00edkal jsem si Safra, r\u00e1d bych si zkusil, bych to oblec do toho na\u0161eho h\u00e1vu, do toho na\u0161eho kroje s t\u00edm cymb\u00e1lem a jak by to, jak by to vypadalo a tak jsme za\u010dali ps\u00e1t aran\u017ee a v\u00fdsledek je takov\u00fd, \u017ee opravdu se to poda\u0159ilo, dokonce to m\u00e1me i nato\u010den\u00fd na YouTube, to sklidilo velk\u00fd ohl\u00e1z a a m\u00e1me n\u011bjak\u00fd takov\u00fd hodinu a p\u016fl koncert pr\u00e1v\u011b s t\u00edmto komorn\u00edm vlastn\u011b s takov\u00fdm komorn\u00edm pojet\u00edm t\u011bch jeho skladeb, on m\u00e1 velkou v\u00fdpravu, n\u011bkolika t\u011bch deset, snad 100 \u010dlen\u00fd zbor, 100 \u010dlen\u00fd orchestr, to je\u0161t\u011b n\u00e1s tam jenom 20, ale vybrali jsme, vybrali jsme opravdu ty takov\u00fd echt kr\u00e1sn\u00e9 melodie. Jak jste vyb\u00edrali podle \u010deho? Opravdu jsem sed\u011bl u na YouTube a r\u016fzn\u011b u t\u011bch kan\u00e1lu internetov\u00fdch a a poslouchal jsem poslouchal jsem \u0159\u00edkat jo tato jo tato by \u0161la, to bych mohl hr\u00e1t na violu d\u00e1l tahle vy\u0161la to je solo housle, tady by mohl hr\u00e1t cymb\u00e1l a takto jsem \u0161el takto jsem \u0161el a psal jsem si psal jsem si a a v podstat\u011b takhle vzniklo, jak \u0159\u00edk\u00e1te na na YouTube, tak\u017ee v soci\u00e1ln\u00edch s\u00edt\u00edch teda taky fr\u010d\u00edte, kdy\u017e tak poslouch\u00e1m, dneska to bez t\u011bch soci\u00e1ln\u00edch no, jak se da\u0159\u00ed cymb\u00e1lov\u00e9 muzice na soci\u00e1ln\u00edch s\u00edt\u00ed? Tak z\u00e1le\u017e\u00ed, jak to pojmete, no jak to uchop\u00edte, no tak jestli tam m\u00e1te klik, jestli m\u00e1te 100 tis\u00edce zhl\u00e9dnut\u00ed, tak m\u00e1me n\u011bjak\u00fdch 800 tis\u00edc jedn\u00e9 z kladby, no docela skoro snad. A to je zrovna tenkr\u00e1t na z\u00e1pad\u011b. Klasika jo, ale to\u010d\u00edte jako p\u0159\u00edmo, jenom j\u00e1 t\u0159eba, kdy\u017e d\u011bl\u00e1m p\u0159\u00edsp\u011bv, jak se na to p\u0159ipravuju, nal\u00ed\u010d\u00edm se p\u0159em\u00fd\u0161l\u00edm, co tam budu \u0159\u00edkat, n\u011bkdy je to blb\u00fd, n\u011bkdy je to dobr\u00fd, ale vy prost\u011b tak to vznikne, aby to na soci\u00e1ln\u00ed s\u00edt\u00ed d\u00e1te, nebo d\u011bl\u00e1te jako p\u0159\u00edmo projekt na soci\u00e1ln\u00ed s\u00edt\u011b. Opravdu to nato\u010d\u00edme, jo jsou kamery, nato\u010d\u00ed se to a ud\u011bl\u00e1 se video k tomu. Tedy to jsou filmov\u00e9, my m\u00e1me vlastn\u011b i desku nato\u010denou, tady t\u011bchto cel\u00e9 CD\u010dk\u016f. Prost\u011b se nenud\u00edte, po\u0159\u00e1d mak\u00e1te. Co pl\u00e1nuje, co pl\u00e1nuje Grande Moravia dal, co m\u00e1te v ruk\u00e1vu, jak\u00fd je dal\u0161\u00ed SU, jak\u00fd je dal\u0161\u00ed trumf, La\u010fo? J\u00e1 \u017e\u00e1dn\u00fd trumf v podstat\u011b nem\u00e1m, p\u0159em\u00fd\u0161l\u00edm nad trumfem, jo a te\u010f si mysl\u00edm, \u017ee n\u00e1s \u010dekaj\u00ed kr\u00e1sn\u00e9 v\u00e1no\u010dn\u00ed koncerty, tak\u017ee koledy a koledy bude to op\u011bt s d\u00edv\u010d\u00edm triem. T\u0159\u00ed \u0161ikovn\u00fdch zp\u011bva\u010dek Eli\u0161ky Trt\u00edkov\u00e9, M\u00e1rie Byk\u00e1rov\u00e9 a Lucie Byk\u00e1rov\u00e9, mo\u017en\u00e1 zn\u00e1te Lucku, kter\u00e1 vlastn\u011b vyhr\u00e1la, nebo se dostala do deseti do fin\u00e1le Superstar. T\u00fddn\u011b, mysl\u00edm, p\u0159ed dvouma rokovama, co to tak bylo, no a t\u0159i barvy si \u0159\u00edkaj\u00ed, tak\u017ee budou s n\u00e1ma vystupovat moc se na to t\u011b\u0161\u00edm a samoz\u0159ejm\u011b to nebude jenom o lidov\u00fdch koled\u00e1ch tady \u010desk\u00fdch moravsk\u00fdch, ale bude to i sv\u011btov\u00e1 forba. A my si te\u010f na chv\u00edli odsko\u010d\u00edme od cymb\u00e1lu a p\u016fjdeme se pod\u00edvat na narozeninovou p\u00e1rty. Ano, nebude to jen tak ledajak\u00e1, bude se slavit 95 let, co\u017e je \u00fact\u00fd hodn\u00fd v\u011bk. A narozeniny tyhle kr\u00e1sn\u00e9 95. slav\u00ed tat\u00ednek Zuzany Bub\u00edlkov\u00e9. To je on, tat\u00ednek Zuzany Bub\u00edlkov\u00e9. Tak schv\u00e1ln\u011b, zkuste si typnout, kolik mu je. Ned\u00e1vno \u010cerstv\u00fd oslavil 95. narozeniny a my jsme byli s na\u0161\u00ed kamerou p\u0159itom. P\u0159esn\u011b jako vy jsme mu h\u00e1dali tak o 15 let m\u00e9n\u011b. V kondici je a nohy mu slou\u017e\u00ed tak dob\u0159e, \u017ee se dostane kam pot\u0159ebuje. Pokud jsem nohy a m\u016f\u017eu chodit, tak je to v\u00fdborn\u00fd. Tak\u017ee co bych doporu\u010doval ka\u017ed\u00e9mu, tak aby dbal o svoje nohy, aby se mohl s\u00e1m pohybovat. Narozeninov\u00e1 oslava se nesla v duchu, sladk\u00fdm nic nepokaz\u00ed\u0161. O panu Bub\u00edlkovi je toti\u017e zn\u00e1m\u00e9, \u017ee si r\u00e1d pochutn\u00e1 na sladk\u00e9m. Ka\u017ed\u00fd, kdo p\u0159i\u0161el, p\u0159inesl n\u011bco dobr\u00e9ho a p\u0159edev\u0161\u00edm sladk\u00e9ho na zub. Jeho pan\u00ed man\u017eelka, maminka Zuzany Bub\u00edlkov\u00e9, mu vyv\u00e1\u0159\u00ed sam\u00e9 dobroty. Man\u017eelka p\u0159iprav\u00ed a v\u017edycky to b\u00fdv\u00e1 dobr\u00e9, to mus\u00edm \u0159\u00edct. Tak\u017ee n\u011bjak se neomezuji s t\u00edm j\u00eddlem, tak, abych, j\u00e1 nev\u00edm, mus\u00edm d\u00e1vat pozor, abych teda moc nep\u0159ibral. Otci panu Bub\u00edlkovi je 95 let. Mamince, pan\u00ed Bub\u00edlkov\u00e9, bude zanedlouho 93. Oba jsou st\u00e1le pln\u00ed energie a dobr\u00e1 n\u00e1lada z nich p\u0159i vypr\u00e1v\u011bn\u00ed vzpom\u00ednek jen sr\u0161\u00ed. Kdy\u017e u\u017e jste v tomto v\u011bku, tak se mus\u00ed s t\u00edm \u010dlov\u011bk sm\u00ed\u0159it a vyu\u017e\u00edt, co je\u0161t\u011b m\u016f\u017eete d\u011blat, jak si m\u016f\u017eete ten \u017eivot tro\u0161ku je\u0161t\u011b zpest\u0159it, jak m\u016f\u017eete n\u011bkomu, t\u0159eba mu\u017eov\u011b je\u0161t\u011b va\u0159\u00edm, sem tady n\u011bco uklid\u00edm, i kdy\u017e mi chod\u00ed ukl\u00edzet, no ale mus\u00edm to takto vyu\u017e\u00edvat, abych si n\u011bjak ten \u017eivot vyplnila, aby to nem\u011bla nuda a p\u0159itom abych se trochu aj pobavila. T\u0159eba s j\u00eddlem m\u011blam tak, \u017ee kdy\u017e jsem leta t\u0159eba va\u0159ila n\u011bjak\u00e9 j\u00eddlo, tak si ho zm\u011bn\u00edm. Zm\u011bn\u00edm tam dv\u011b, t\u0159i v\u011bci, p\u0159id\u00e1m n\u011bco nov\u00e9ho a mysl\u00edm si, \u017ee kdy\u017e to bude lep\u0161\u00ed, \u017ee prost\u011b si v t\u011bch receptech d\u011bl\u00e1m svoju vlastn\u00ed z\u00e1bavu. No prost\u011b se v\u0161im, jako kdybych si hr\u00e1la. Stejn\u011b sv\u00e9 rodi\u010de rozmazluje p\u0159es \u017ealudek i dcera Zuzana Bub\u00edlkov\u00e1. A tak p\u0159i v\u00fdb\u011bru d\u00e1re\u010dk\u016f m\u011bla jasnou volbu. A samoz\u0159ejm\u011b k dobrot\u00e1m p\u0159idala je\u0161t\u011b n\u011bco praktick\u00e9ho. To je t\u011b\u017ek\u00e9 s t\u011bma d\u00e1rkama, proto\u017ee oni nejrad\u011bji u\u017e j\u00eddlo. Tak\u017ee j\u00e1 je z\u00e1sobuju j\u00eddlem a v\u0161echno. A v podstat\u011b takto d\u00e1rky, tak jako moje m\u00e1ti m\u00e1 takov\u00fd zvl\u00e1\u0161tn\u00ed, jako d\u00e1rek si cht\u011bla skenr. Tak\u017ee m\u00e1 u po\u010d\u00edta\u010de skenr, ten se mi koupila. A v podstat\u011b oni toti\u017e, jak jsme bydlili na Slovensku, \u010d\u00e1st \u017eivota, tak oni mus\u00ed ka\u017ed\u00e9 t\u0159i m\u011bs\u00edce na Slovensku, odkud berou \u010d\u00e1st d\u016fchodu, pos\u00edlat, \u017ee je\u0161t\u011b \u017eij\u00ed. Potvrzen\u00ed. A proto ten skenr, proto\u017ee zjistila, \u017ee si to m\u016f\u017ee oskenovat a rozpos\u00edlat sama. Tak\u017ee j\u00e1 jsem ho koupila na narozeniny. Ona m\u011bla honoru na narozeniny. A se mi poslala je\u0161t\u011b takov\u00e9ho kluka, kter\u00fd se jim nestar\u00e1 o po\u010d\u00edta\u010de. A za hodinu jsem dostala SMS. U\u017e um\u00edm skenovat, jestli chce\u0161 za p\u011btstov\u011bk, \u017ee to nau\u010d\u00edm. A otec, ten cht\u011bl na narozenin\u00e1m chytr\u00fd mobil. A m\u00e1te \u0159\u00edkat, pros\u00edm t\u011b, v\u017edy\u0165 neum\u00ed\u0161 \u017e\u00e1dn\u00fd t\u00edm sou\u010dasn\u00fdm, proto\u017ee nen\u00ed chytr\u00fd. Panu Bub\u00edjukovi poslal p\u0159\u00e1n\u00ed i samotn\u00fd starosta m\u011bstsk\u00e9 \u010d\u00e1sti Praha 13, kter\u00e1 sv\u00fdm seniorsk\u00fdm obyvatel\u016fm p\u0159i t\u011bchto v\u00fdznamn\u00fdch jubilej\u00edch v\u017edy uct\u00ed. Kdy\u017e se n\u011bkdo u n\u00e1s na Praze 13 do\u017eije v\u00fdznamn\u00e9ho \u017eivotn\u00edho jubila, tak p\u0159ed\u00e1v\u00e1me d\u00e1rkov\u00fd bal\u00ed\u010dek a osobn\u00ed blohop\u0159\u00e1n\u00ed od pana starosty. Man\u017eel\u00e9 Bub\u00edjukovi jsou spolu \u00factyhodn\u00fdch 73 let. Jak to ale za\u010dalo, kde a kdy se sezn\u00e1mili? To bylo vtedy v Hole\u0161ov\u011b, kde jsme jako b\u00fdval\u00ed a chodili na Gimpr. Tak si vzpom\u00edn\u00e1m, ona b\u00fdvala na P\u0159\u00edlepsk\u00e9, se to jmenovalo, a tam se muselo j\u00edt takov\u00fdm stromo\u0159ad\u00edm ka\u0161tan\u016f. A my jsme b\u00fdvali kusi\u010dek bokem a tam byla prodejna tab\u00e1ku a j\u00e1 jsem \u0161el otcovi na vir\u017einky. Ano, to jsou takov\u00fd ty dlouh\u00fd, co se zapaluj\u00ed lidi na kou\u0159en\u00ed, vir\u017einky. A ta prodejna byla na konci toho stromo\u0159ad\u00ed. A jak jsem to nakoupil, oto\u010d\u00edm se a vid\u00edm, \u017ee jde nejak\u00fd and\u011bl proti mn\u011b. A tehdy to za\u010dalo. Tak\u017ee to bylo je\u0161t\u011b t\u0159i roky p\u0159ed t\u00edm, ne\u017e jsme se vzali. P\u0159elet\u011bla j\u00edzk r\u00e1no a byl z toho dlouholet\u00fd po\u017e\u00e1r. Ka\u017ed\u00fd den, aby byl dobr\u00fd. Aby ka\u017ed\u00fd den, kter\u00fd je\u0161t\u011b p\u0159ed nimi m\u00e1 a necht\u011bj\u00ed je fakt hodn\u011b, tak aby si u\u017eili. Aby se netr\u00e1pili, proto\u017ee u\u017e n\u011bco v \u017eivot\u011b dok\u00e1zali, maj\u00ed n\u011bco za sebou, tak jenom, aby si ten \u017eivot u\u017e te\u010f jenom u\u017e\u00edvali. U\u017e nemus\u00ed chodit do pr\u00e1ce, nemus\u00ed chodit do \u0161koly, u\u017e si m\u016f\u017eou jenom u\u017e\u00edvat. A z\u016fst se p\u0159eju, a\u0165 j\u00ed nezlob\u011bj\u00ed. Ke gratulaci se p\u0159id\u00e1v\u00e1me i my v televizi A11. P\u0159ejeme je\u0161t\u011b mnoho p\u011bkn\u00fdch spole\u010dn\u00fdch chvil pln\u00fdch l\u00e1sky a zdrav\u00ed. Jsem r\u00e1da, \u017ee to takto jako je, \u017ee se sna\u017eej\u00ed a \u017ee maj\u00ed pro co \u017e\u00edt, proto\u017ee m\u016fj syn v Americe m\u00e1 bohatou rodinu, tak\u017ee oni \u017eij\u00ed i proto. A j\u00e1 jenom zopakuju, s k\u00fdm si pov\u00edd\u00e1me, my tady m\u00e1me Ladislava Pavlu\u0161e z Grande Moravia, ale tak\u00e9 \u0159editele kulturn\u00edho domu Kyjov. Tak, \u010d\u00edm \u017eije kultura v Kyjov\u011b? Kultura v Kyjov\u011b \u017eije p\u0159edev\u0161\u00edm svoj\u00ed tradici, mimo jin\u00e9, ale ta tradiceta m\u00e1 velk\u00e9 ko\u0159eny, folklor. Co p\u0159edev\u0161\u00edm serv\u00edrujete sv\u00fdm ove\u010dk\u00e1m, obyvatel\u016fm m\u011bsta Kyjova, kte\u0159\u00ed chod\u00ed na va\u0161e akce? Jo, tak pod\u00edvejte se, ta nab\u00eddka je samoz\u0159ejm\u011b \u0161irok\u00e1. A\u0165 koncerty, popul\u00e1rn\u00ed hudba, div\u00e1dla, v\u00e1\u017en\u00e1 hudba, samoz\u0159ejm\u011b prom\u00edt\u00e1n\u00ed filmu, tak tak\u00e9, jak jsem zm\u011bnil, tak je ty tradi\u010dn\u00ed akce, kter\u00e9 jsou nap\u0159\u00edklad te\u010f, nasna Martina, jsou tam hody, tak\u017ee t\u0159i, t\u0159\u00ed denn\u00ed veselice s pr\u016fvodem, krojovan\u00fd pr\u016fvod, no a. A tak d\u00e1le. A lidi chod\u00ed, anebo jsou l\u00ednia? J\u00e1 mus\u00edm \u0159\u00edct, \u017ee lidi chod\u00ed, \u017ee opravdu ta dramaturgie toho kulturn\u00edho domu je pestr\u00e1, zaj\u00edmav\u00e1. A lidi jsou kulturn\u00ed v na\u0161em kraji. To zn\u00ed dob\u0159e, a tak tam jsou ty tradice hluboce zako\u0159en\u011bn\u00fd s tou kult\u016frou a s tou muzikou. Na co se vy osobn\u011b nejv\u00edc t\u011b\u0161\u00edte ze sv\u00e9ho programu nebo z programu kulturn\u00edho domu v Kyjov\u011b? J\u00e1 na co se teda opravdu nejv\u00edc t\u011b\u0161\u00edm, tak je jedna takov\u00e1 velk\u00e1 ud\u00e1lost, kter\u00e1 u\u017e vlastn\u011b prob\u011bhla te\u010f v l\u00e9t\u011b a b\u00fdv\u00e1 jednou za \u010dty\u0159i roky. Je to slov\u00e1ck\u00fd rok, nev\u00edm, jestli jste o tom sly\u0161eli. Je to takov\u00fd \u010dty\u0159den\u00ed folklorn\u00ed maraton, za\u010d\u00edn\u00e1 ve \u010dtvrtek, kon\u010d\u00ed v ned\u011blu ve\u010der. A m\u016f\u017eu \u0159\u00edct, \u017ee vlastn\u011b to nejstar\u0161\u00ed folklorn\u00ed festival \u010ceskoslovenska, kter\u00fd vlastn\u011b vznikl, nebo prvn\u00ed tento festival byl uskute\u010dn\u011bn v roce 1921. A bylo to k up\u0159\u00edle\u017eitosti 150. zalo\u017een\u00ed Sokolsk\u00e9 \u017eupy v Kyjov\u011b. No a vlastn\u011b to takov\u00e1 oslava dev\u011bta nebo p\u011bta \u010dty\u0159iceti sp\u00e1dov\u00fdch obc\u00ed Kyjova. A kdy\u017e v\u00e1m \u0159eknu, \u017ee v sobotu se jde pr\u016fvod, okrojovan\u00fd pr\u016fvod, kter\u00fd m\u00e1, kter\u00fdm letos m\u011bl \u010d\u00edtal \u010dty\u0159i tis\u00edce krojovan\u00fdch a cht\u011bl bych tak\u00e9 pozdravit mojho kamar\u00e1da V\u00e1clava Hyb\u0161e, kter\u00fd byl na tom festivalu a jezdil tam pravideln\u011b. Bohu\u017eel tento festival vynechal ze zdravotn\u00edch d\u016fvod\u016f, tak ten mi \u0159\u00edkal Lad\u00edku, j\u00e1 jsem projel kus sv\u011bta, ale takovou n\u00e1dheru, jakou vid\u00edm te\u010f, tak takovou jsem je\u0161t\u011b nevid\u011bl. J\u00e1 mus\u00edm \u0159\u00edct, \u017ee jo, \u017ee opravdu ty ta mlad\u00e1 generace je na to pi\u0161na od n\u00e1s. Jo, nev\u00edm, jak to, ale j\u00e1 si v\u0161im\u00e1m, \u017ee nejenom u n\u00e1s, ale i indek, kde jednak j\u00e1 jezd\u00edm hr\u00e1vat nebo tak a sleduju to prost\u011b ti mlad\u00ed, nebo i moje d\u011bti se r\u00e1di, t\u011b\u0161\u00ed a \u017ee si obl\u00edknou ten kroj a p\u016fjdou v tom kroji. Skv\u011bl\u00e1 tradice, skv\u011bl\u00e1. Vysed\u00edte, Lad\u011bjo, vlastn\u011b na dvou \u017eidl\u00edch. Na \u017eidl\u00ed \u0159editele a na \u017eidl\u00ed \u0161\u00e9fa kapely Grande Moravia. Co v\u00e1s bav\u00ed v\u00edc? M\u011b bav\u00ed d\u011blat lidem radost, tak\u017ee jestli je to s tou kulturou a vid\u00edm, \u017ee prost\u011b lidi jsou r\u00e1di, chod\u00ed n\u00e1m na ty akce. Vlastn\u011b vytov\u00e1v\u00e1te ovlivn\u011b. D\u00e1 se \u0159\u00edct, \u017ee sv\u00fdm zp\u016fsobem, ale je to v\u017edycky, je to o tom zn\u00e1t ten kraj a v\u011bd\u011bt prost\u011b, co ti lidi, jak tahne v\u00e1\u017en\u00e1 hudba, jak tahne divadlo, jak tahne popul\u00e1rn\u00ed hudba, jak tahne ten folklor. A podle toho prost\u011b skl\u00e1d\u00e1me tu a taky vyva\u017eujeme tu skladbu toho programu. A co se t\u00fd\u010de muz\u00edky, tak to je jasn\u00fd, tak pokud hrajeme dob\u0159e, tak lidi stoupnout a pleskaj\u00ed. A pokud to nebylo ono, tak ale zat\u00edm v\u017edycky stoupli. Co stoupnout, pleskaj\u00ed, oni tan\u010d\u00ed, oni zp\u00edvaj\u00ed. To je ta spr\u00e1vn\u00e1 reakce na cymbalovou muziku na kapelu Grande Moravia. J\u00e1 ti je\u0161t\u011b mus\u00edm n\u011bco soukromn\u011b \u0159\u00edct. J\u00e1 jsem toti\u017e v Kijov\u011b m\u011bla pan\u00ed u\u010ditelku, d\u00edky kter\u00e9 jsem nepropadla z matematiky. Vid\u00ed\u0161 to, tak jist\u011b ur\u010dit\u011b minim\u00e1ln\u011b jednou, dvakr\u00e1t sly\u0161ela Grande Moravia. Tuhle skv\u011blou cymb\u00e1lku. Hlad\u011b, moc kr\u00e1t v\u00e1m d\u011bkujeme za n\u00e1v\u0161t\u011bvu ve studiu. A\u0165 se da\u0159\u00ed kult\u00fa\u0159e v Kijov\u011b, a\u0165 se da\u0159\u00ed va\u0161\u00ed 20 \u010dlen\u00e9 kapele Grande Moravia. P\u0159ejeme spoustu skv\u011bl\u00fdch n\u00e1pad\u016f, t\u011bch hudebn\u00edch \u017eol\u00edk\u016f, kter\u00e9 budete m\u00edt v ruk\u00e1vu. A\u0165 d\u011bl\u00e1 radost v\u0161em va\u0161im poslucha\u010d\u016fm, a\u0165 se zp\u00edv\u00e1, hraje, a\u0165 se tan\u010d\u00ed. J\u00e1 v\u00e1m d\u011bkuji za pozv\u00e1n\u00ed. J\u00e1 se omlouv\u00e1m, \u017ee jsem sko\u010dila do \u0159e\u010di. M\u011bjte se kr\u00e1sn\u011b, pozdravujte v Kijov\u011b. No a my u\u017e te\u010f p\u016fjdeme na zpr\u00e1vy a tak\u00e9 na polibte si preference se Zuzanou Bub\u00edlkovou.","nbla_serie":"4200","nbla_season":"2023","nbla_episode":"36","nbla_duration":"1002","nbla_genre":"","nbla_editorial_format":"","nbla_mtime":"1699286402","nbla_url":"https:\/\/origin.a11.cz\/vod\/0r70cbwsw29nkzzwtmyjybdff.mp4","nbla_version":"1699286395","nbla_odvysilano":"Ano","bunny_id":"d614ab0a-99b6-4211-903c-13b90bbeccd9","youtube_id":"","datum_vydani":"20231106","stopaz":"1002","dokument":[],"video_to":[]},"_links":{"self":[{"href":"https:\/\/tv.a11.cz\/api\/wp\/v2\/video\/13392","targetHints":{"allow":["GET"]}}],"collection":[{"href":"https:\/\/tv.a11.cz\/api\/wp\/v2\/video"}],"about":[{"href":"https:\/\/tv.a11.cz\/api\/wp\/v2\/types\/video"}],"author":[{"embeddable":true,"href":"https:\/\/tv.a11.cz\/api\/wp\/v2\/users\/8"}],"wp:featuredmedia":[{"embeddable":true,"href":"https:\/\/tv.a11.cz\/api\/wp\/v2\/media\/13419"}],"wp:attachment":[{"href":"https:\/\/tv.a11.cz\/api\/wp\/v2\/media?parent=13392"}],"wp:term":[{"taxonomy":"category","embeddable":true,"href":"https:\/\/tv.a11.cz\/api\/wp\/v2\/categories?post=13392"},{"taxonomy":"porad","embeddable":true,"href":"https:\/\/tv.a11.cz\/api\/wp\/v2\/porad?post=13392"},{"taxonomy":"region","embeddable":true,"href":"https:\/\/tv.a11.cz\/api\/wp\/v2\/region?post=13392"},{"taxonomy":"kategorie","embeddable":true,"href":"https:\/\/tv.a11.cz\/api\/wp\/v2\/kategorie?post=13392"}],"curies":[{"name":"wp","href":"https:\/\/api.w.org\/{rel}","templated":true}]}}