{"id":13303,"date":"2023-11-04T10:00:57","date_gmt":"2023-11-04T09:00:57","guid":{"rendered":"https:\/\/tv.a11.cz\/?post_type=video&#038;p=13303"},"modified":"2023-11-06T16:26:00","modified_gmt":"2023-11-06T15:26:00","slug":"turisticke-informacni-centrum-slavilo","status":"publish","type":"video","link":"https:\/\/tv.a11.cz\/video\/turisticke-informacni-centrum-slavilo\/","title":{"rendered":"Turistick\u00e9 informa\u010dn\u00ed centrum slavilo"},"content":{"rendered":"","protected":false},"excerpt":{"rendered":"<p>I v leto\u0161n\u00edm roce se Turistick\u00e9 informa\u010dn\u00ed centrum Prost\u011bjov zapojilo do t\u00fddne turistick\u00fdch informa\u010dn\u00edch center. Stalo se tak posledn\u00ed \u0159\u00edjnovou st\u0159edu. <\/p>\n","protected":false},"author":8,"featured_media":13381,"template":"","categories":[17,157],"porad":[],"region":[59,107],"kategorie":[],"class_list":["post-13303","video","type-video","status-publish","has-post-thumbnail","hentry","category-domaci","category-zpravy","region-olomoucky-kraj","region-prostejovsko"],"acf":[],"meta_box":{"nbla_idec":"N2306457","nbla_title":"Turistick\u00e9 informa\u010dn\u00ed centrum slavilo","nbla_subtitle":"","nbla_summary":"","nbla_description":"","nbla_transcription":"I v leto\u0161n\u00edm roce se Turistick\u00e9 informa\u010dn\u00ed centrum Prost\u011bjov zapojilo do t\u00fddne turistick\u00fdch informa\u010dn\u00edch center. Stalo se tak posledn\u00ed \u0159\u00edjnovou st\u0159edu. Je dobr\u00fd v\u011bd\u011bt tu m\u00edstov\u00ed na\u0161eho m\u011bsta, radnice a v\u0161eho, je to fakt dobr\u00fd, m\u016f\u017eete \u0159\u00edct z vlastn\u00ed zku\u0161enosti, \u017ee kdy\u017e se to nau\u010d\u00edte, tak m\u00e1te lep\u0161\u00ed pocit. Mimo jin\u00e9, informa\u010dn\u00ed centrum nav\u0161t\u00edvili tak\u00e9 studenti jedn\u00e9 z prost\u011bjovsk\u00fdch st\u0159edn\u00edch \u0161kol. J\u00e1 m\u00e1m velkou radost, \u017ee dnes Turistick\u00e9 informa\u010dn\u00ed centrum nav\u0161t\u00edvila d\u011bv\u010data ze st\u0159edn\u00ed odborn\u00e9 \u0161koly podnik\u00e1ln\u00ed obchodu se zam\u011b\u0159en\u00edm na turistick\u00fd ruch, budou tu budouc\u00ed pr\u016fvodci a jsem velmi r\u00e1da, \u017ee jsme j\u00ed mohli p\u0159edstavit nejen informa\u010dn\u00ed centrum, ale i v\u016fbec to, jak funguje Olomouck\u00fd kraj a m\u011bsto Prost\u011bjo v r\u00e1mci cestovn\u00edho ruchu. A zarovna na den turistick\u00fdch center dorazila do toho v Prost\u011bjov\u011b jedna novinka. M\u00e1m skute\u010dn\u011b velkou radost, \u017ee pr\u00e1v\u011b dne\u0161n\u00ed den m\u016f\u017eeme i studentk\u00e1m p\u0159edstavit novou miniaturu do kapsy. Je to radnice, st\u00e1le je\u0161t\u011b \u010dek\u00e1me na N\u00e1rodn\u00ed d\u016fm, ale douf\u00e1m, \u017ee se do\u010dk\u00e1me u\u017e tak do m\u011bs\u00edce, tak\u017ee to bude dal\u0161\u00ed miniatura, kterou budeme m\u00edt te\u010f v informa\u010dn\u00edm centru a kterou si lid\u00e9 budou moci zakoupit. C\u00edl t\u00fddne turistick\u00fdch informa\u010dn\u00edch centr je jednozna\u010dn\u00fd. C\u00edlem je samoz\u0159ejm\u011b nen prezentace turistick\u00e9ho informa\u010dn\u00edho centra, nab\u00edz\u00edme dnes r\u016fzn\u00e9 prohl\u00eddky radnice, radni\u010dn\u00ed b\u011b\u017ee, ale samoz\u0159ejm\u011b mohou sem p\u0159ij\u00edt d\u011bti, n\u011bco si namalovat, vyrazit minci a dozv\u011bd\u011bt se v\u016fbec o tom, jak funguje turistick\u00fd ruch. Pro n\u00e1v\u0161t\u011bvn\u00edky, mezi kter\u00e9 zav\u00edtal i prim\u00e1tor Franti\u0161ek Jura, byly p\u0159ipraven\u00e9 komentovan\u00e9 prohl\u00eddky Prost\u011bjovsk\u00e9 radnice, doprovodn\u00fd program pro d\u011bti, v\u010detn\u011b o malov\u00e1nek kocoura Prost\u011bje a mnoho dal\u0161\u00edho.","nbla_serie":"","nbla_season":"","nbla_episode":"","nbla_duration":"99.2","nbla_genre":"","nbla_editorial_format":"","nbla_mtime":"1699088226","nbla_url":"https:\/\/origin.a11.cz\/vod\/3yvxtjqdp1c3j3q7j3e7wfck4.mp4","nbla_version":"1699088226","nbla_odvysilano":"Ano","bunny_id":"6a98d67c-8b1e-4177-8033-40be2123b2df","youtube_id":"","datum_vydani":"20231104","stopaz":"99.2","dokument":[],"video_to":["13382"]},"_links":{"self":[{"href":"https:\/\/tv.a11.cz\/api\/wp\/v2\/video\/13303","targetHints":{"allow":["GET"]}}],"collection":[{"href":"https:\/\/tv.a11.cz\/api\/wp\/v2\/video"}],"about":[{"href":"https:\/\/tv.a11.cz\/api\/wp\/v2\/types\/video"}],"author":[{"embeddable":true,"href":"https:\/\/tv.a11.cz\/api\/wp\/v2\/users\/8"}],"wp:featuredmedia":[{"embeddable":true,"href":"https:\/\/tv.a11.cz\/api\/wp\/v2\/media\/13381"}],"wp:attachment":[{"href":"https:\/\/tv.a11.cz\/api\/wp\/v2\/media?parent=13303"}],"wp:term":[{"taxonomy":"category","embeddable":true,"href":"https:\/\/tv.a11.cz\/api\/wp\/v2\/categories?post=13303"},{"taxonomy":"porad","embeddable":true,"href":"https:\/\/tv.a11.cz\/api\/wp\/v2\/porad?post=13303"},{"taxonomy":"region","embeddable":true,"href":"https:\/\/tv.a11.cz\/api\/wp\/v2\/region?post=13303"},{"taxonomy":"kategorie","embeddable":true,"href":"https:\/\/tv.a11.cz\/api\/wp\/v2\/kategorie?post=13303"}],"curies":[{"name":"wp","href":"https:\/\/api.w.org\/{rel}","templated":true}]}}