{"id":13296,"date":"2023-11-03T19:03:43","date_gmt":"2023-11-03T18:03:43","guid":{"rendered":"https:\/\/tv.a11.cz\/?post_type=video&#038;p=13296"},"modified":"2023-11-03T20:29:26","modified_gmt":"2023-11-03T19:29:26","slug":"a11-zpravy-patek-3-11-2023","status":"publish","type":"video","link":"https:\/\/tv.a11.cz\/video\/a11-zpravy-patek-3-11-2023\/","title":{"rendered":"Hlavn\u00ed zpr\u00e1vy p\u00e1tek 3.11. 2023"},"content":{"rendered":"","protected":false},"excerpt":{"rendered":"<p>Prvn\u00ed ofici\u00e1ln\u00ed n\u00e1v\u0161t\u011bva prezidenta Pavla &#8211; L\u00e1vka u vset\u00ednsk\u00e9 pr\u016fmyslovky je minulost\u00ed &#8211; Hodon\u00edn rekonstruuje komunikace &#8211; Olomouc testuje nov\u00e9 radary<\/p>\n","protected":false},"author":8,"featured_media":13298,"template":"","categories":[17,157],"porad":[212],"region":[218],"kategorie":[],"class_list":["post-13296","video","type-video","status-publish","has-post-thumbnail","hentry","category-domaci","category-zpravy","porad-hlavni-zpravy-a11","region-cela-cr"],"acf":[],"meta_box":{"nbla_idec":"A2300137","nbla_title":"A11 Zpr\u00e1vy","nbla_subtitle":"P\u00e1tek 3.11. 2023","nbla_summary":"Zpravodajstv\u00ed A11 ze v\u0161ech kout\u016f \u010cesk\u00e9 republiky","nbla_description":"","nbla_transcription":"Kr\u00e1sn\u00fd ve\u010der pr\u00e1v\u011b za\u010d\u00ednaj\u00ed a jeden\u00e1ct zpr\u00e1vy v\u00edt\u00e1 v\u00e1s u nich Alexandra Pt\u00e1\u010dkov\u00e1. Olomouck\u00fd kraj p\u0159iv\u00edtal prezidenta Petra Pavla. Hned v \u00favodu sv\u00e9 prvn\u00ed ofici\u00e1ln\u00ed n\u00e1v\u0161t\u011bvy kraje prezident zam\u00ed\u0159il na Univerzitu Palack\u00e9ho. O setk\u00e1n\u00ed s hlavou st\u00e1tu byl mezi studenty enormn\u00ed z\u00e1jem. Na ofici\u00e1ln\u00ed n\u00e1v\u0161t\u011bvu Olomouck\u00e9ho kraje p\u0159ijel v pond\u011bl\u00ed 30. \u0159\u00edjna prezident Petr Pavel s man\u017eelkou Evou. V regionu se zdr\u017eel dva dny. Program zah\u00e1jila hlava st\u00e1tu na Univerzit\u011b Palack\u00e9ho v Olomouci debatou s tamn\u00edmi studenty. N\u00e1sledn\u011b jednala s hejtmanem radu kraje a p\u0159edsedy zastupitelsk\u00fdch klub\u016f. Druhou \u010d\u00e1st sv\u00e9 n\u00e1v\u0161t\u011bvy prezident soust\u0159edil na sever kraje na Jesen\u00edcko, proto\u017ee pr\u00e1v\u011b m\u00edst\u016fm se slo\u017eitou soci\u00e1ln\u011b-ekonomickou situac\u00ed chce v\u011bnovat v\u00edce pozornosti. Dvoudenn\u00ed vizitaci Pavel ukon\u010dil debatou s p\u0159\u00edslu\u0161n\u00edky velitelstv\u00ed pozemn\u00edch sil v Olomouci. Vset\u00ednsk\u00e1 l\u00e1vka u Pr\u016fmyslovky je minulost\u00ed. Kv\u016fli havarijn\u00edmu stavu byla lo\u0148 uzav\u0159ena. Te\u010f je m\u011bsto zdemolovalo. Vset\u00edn nyn\u00ed z\u00e1rove\u0148 p\u0159ipravuje stavbu nov\u00e9 konstrukce, kter\u00e1 by mohla prob\u011bhnout do roce 2025. L\u00e1vka u Vset\u00ednsk\u00e9 Pr\u016fmyslovky pro p\u011b\u0161\u00ed a cyklisty ze 70. let minul\u00e9ho stolet\u00ed je minulost\u00ed. Ve st\u0159edu r\u00e1no za\u010dalo jej\u00ed bour\u00e1n\u00ed a za necel\u00e9 t\u0159i hodiny se t\u00e9m\u011b\u0159 50 let star\u00e1 spojnice p\u0159es \u0159eku Be\u010dvu definitivn\u011b porou\u010dila. Radnice pl\u00e1nuje, \u017ee zde vyroste nov\u00e1. Statici jeho neopravitelnost de facto zjistili. Tak \u0159ekn\u011bme, v tu samou chv\u00edli jsme oslovili v\u0161echny dobr\u00e9 kancel\u00e1\u0159e, kter\u00e9 projektuj\u00ed mosty. V p\u0159\u00edpad\u011b l\u00e1vky u Pr\u016fmyslovky toti\u017e nep\u016fjde jen o jej\u00ed nosnost, ale tak\u00e9 o jej\u00ed vzhled, kter\u00fd bude konfrontov\u00e1n s pohledu od \u0160tef\u00e1nikova mostu a n\u00e1b\u0159e\u017e\u00ed, s v\u00fdhledem na \u0159eku, z\u00e1mek a kostel. J\u00e1 jsem vybral most, kter\u00fd s\u00e1m o sob\u011b kr\u00e1sn\u00fd je, ale z\u00e1rove\u0148 nebude ru\u0161it tyto dominanty. No a dnes u\u017e je ukon\u010deno v\u00fdb\u011brov\u00e9 \u0159\u00edzen\u00ed na dodavatele projektu a ten nov\u00fd most u\u017e se za\u010dal projektovat a v\u011b\u0159\u00edm, \u017ee p\u0159\u00ed\u0161t\u00ed rok budeme moci za\u010d\u00edt stav\u011bt. Po\u017eadavek a podm\u00ednku na podobu nov\u00e9 l\u00e1vky m\u011blo krom\u011b radnice i povod\u00ed Moravy. A to, aby v \u0159ece ani na \u010d\u00e1sti b\u0159ehu, kter\u00e1 je je\u0161t\u011b sou\u010d\u00e1st\u00ed koryta, nebyla \u017e\u00e1dn\u00e1 podp\u011bra. Financen\u00e1 realizaci stavby bude zaji\u0161\u0165ovat m\u011bsto Vset\u00edn. Pozor\u016fvodn\u00e9 je, \u017ee ten nov\u00fd most by m\u011bl st\u00e1t zhruba stejn\u011b, mo\u017en\u00e1 o n\u011bco m\u00e9n\u011b, ne\u017e rekonstrukce toho star\u00e9ho. To prost\u011b tak dneska je a tak\u017ee po\u010d\u00edt\u00e1me s \u010d\u00e1stkou n\u011bkde kolem t\u011bch 23 milion\u016f korun, se kterou jsme vlastn\u011b u\u017e po\u010d\u00edtali, tak\u017ee my ty pen\u00edze m\u00e1me v rozpo\u010dtu. Demolice star\u00e9 l\u00e1vky, kter\u00e1 byla od lo\u0148sk\u00e9ho roku zcela uzav\u0159ena, p\u0159i\u0161la v set\u00ednskou m\u011bstskou pokladnu na 1 milion a 400 tis\u00edc korun. \u0158idi\u010di v Hodon\u00edn\u011b se mus\u00ed obrnit trp\u011blivost\u00ed. Aktu\u00e1ln\u011b m\u011bsto opravuje nap\u0159\u00edklad kr\u00e1tk\u00fd \u00fasek v ulici Horn\u00ed Valy. Obj\u00edzdn\u00e9 trasy mus\u00ed \u0159idi\u010di zvolit i na n\u00e1rodn\u00edm t\u0159\u00edd\u011b. Stavebn\u00ed pr\u00e1ce by tu m\u011bly trvat do 8. listopadu. Ka\u017ed\u00fd rok vy\u010dlen\u00ed m\u011bsto Hodon\u00edn ve sv\u00e9m rozpo\u010dtu n\u011bkolik milion\u016f korun na opravy komunikac\u00ed. Ty leto\u0161n\u00ed z\u00e1v\u011bre\u010dn\u00e9 jsou v b\u011bhu pr\u00e1v\u011b nyn\u00ed. \u0158idi\u010di tak mus\u00ed zbyst\u0159it. Opravy toti\u017e \u010dasto prov\u00e1z\u00ed nezbytn\u00e9 uzav\u00edrky. V sou\u010dasn\u00e9 dob\u011b u\u017e opravujeme ulici, nebo ten kr\u00e1tk\u00fd \u00fasek na ulici Horn\u00ed Valy. Je to \u00fasek od k\u0159i\u017eovatky s m\u011b\u0161\u0165anskou ulic\u00ed po ulici Mil\u00ed\u010dovu. Tam tu situaci je\u0161t\u011b doprov\u00e1z\u00ed, nebo p\u0159edch\u00e1z\u00ed oprava parovodu. Hned na to potom bude n\u00e1sledovat a navazovat oprava povrchu komunikac\u00ed. Obj\u00edzdn\u00e9 trasy mus\u00ed volit \u0159idi\u010di tak\u00e9 na n\u00e1rodn\u00ed t\u0159\u00edd\u011b, kde je uzav\u0159en\u00fd \u00fasek vedouc\u00ed od Galerie v\u00fdtvarn\u00e9ho um\u011bn\u00ed sm\u011brem do centra. V\u00fdluka by v tomto \u00faseku m\u011bla trvat do 8. listopadu. Tady ta oprava je doprov\u00e1zen\u00e1 i v\u00fdlukou v m\u011bstsk\u00e9 hromadn\u00e9 doprav\u011b, kde zast\u00e1vka po dobu rekonstrukce tady t\u00e9to \u010d\u00e1sti nebude obsluhov\u00e1na. Jedn\u00e1 se konkr\u00e9tn\u011b o zast\u00e1vku Rodenova. S omezen\u00edm provozu pak mus\u00ed po\u010d\u00edtat \u0159idi\u010di i v lokalit\u011b Brn\u011bnsk\u00e9 n\u00e1m\u011bst\u00ed a od poloviny listopadu i na Masarykov\u011b n\u00e1m\u011bst\u00ed. Podchody v \u00dast\u00ed nad Orlic\u00ed se pi\u0161n\u00ed nov\u00fdm vzhledem. Pr\u00e1ce pod sv\u011btelnou k\u0159i\u017eovatkou u avionu odstartovaly v srpnu. Opraven\u00e9 podchody maj\u00ed nav\u00edc nov\u00e9 osv\u011btlen\u00ed a obyvatel\u00e9 nebudou p\u0159i pr\u016fchodu rozptilov\u00e1n\u00ed reklamou. Na venkovn\u00ed \u00fapravy v p\u0159\u00ed\u0161t\u00edm roce nav\u00e1\u017eou ty vnit\u0159n\u00ed. Pr\u00e1ce na \u00faprav\u011b vzhledu podchod\u016f u frekventovan\u00e9 sv\u011bteln\u00e9 k\u0159i\u017eovatky v \u00dast\u00ed nad Orlic\u00ed odstartovaly v srpnu. U v\u0161ech t\u0159ech objekt\u016f vlastn\u011b u v\u00fdstupu z podzem\u00ed prob\u00edhaj\u00ed oprave sokl\u016f. Oplechov\u00e1n\u00ed vlastn\u011b doch\u00e1z\u00ed k n\u00e1t\u011brum st\u00e1vaj\u00edc\u00edch konstrukc\u00ed, to znamen\u00e1 sloubk\u016f a mezioken\u00edch p\u00edl\u00ed\u0159k\u016f a vlastn\u011b r\u00e1m\u016f oken, umyt\u00ed skel. Zm\u011bny dozn\u00e1 tak\u00e9 st\u0159echa a opl\u00e1\u0161t\u011bn\u00ed v\u010detn\u011b podhled\u016f. P\u0159ijde k sejmut\u00ed toho st\u00e1vaj\u00edc\u00edho oplechov\u00e1n\u00ed, kter\u00e9 tady v sou\u010dasn\u00e9 chv\u00edli je a ty plechy budou nahrazeny nov\u00fdmi. Prvn\u00edm podn\u011btem pro stavebn\u00ed ruk v t\u011bchto m\u00edstech byl premi\u00e9rov\u00fd ro\u010dn\u00edk participativn\u00edho rozpo\u010dtu. Projekt Podchody k sv\u011btu skon\u010dil mezi mal\u00fdmi projekty do 100 000 druh\u00fd. Nakonec jsme k tomuto projektu p\u0159istoupili daleko velkou rysej, proto\u017ee jsme \u0159\u00edkali, kdy\u017e u\u017e se maj\u00ed podchody opravovat, tak a\u0165 se opravuj\u00ed smyslpln\u011b, tak\u017ee se ta celkov\u00e1 oprava roz\u0161\u00ed\u0159ila. Dneska se pohybujeme na \u010d\u00e1stce 1,5 milionu korun. V sou\u010d\u00e1sti vstupn\u00edch objekt\u016f se postupn\u011b st\u00e1v\u00e1 i nov\u00e9 ve\u0159ejn\u00e9 osv\u011btlen\u00ed. Novinkou tak\u00e9 je, \u017ee podchody budou bez reklam. Tato ve\u0159ejnost\u00ed vyu\u017e\u00edvan\u00e1 m\u00edsta tak pomalu ale jist\u011b m\u011bn\u00ed sv\u016fj vzhled. Je o n\u011bco jednodu\u0161\u0161\u00ed, \u010dist\u0161\u00ed. Pou\u017eijeme um\u00edrn\u011bn\u00e9 barvy a v sou\u010dasn\u00e9 chv\u00edli je vid\u011bt, \u017ee u t\u011bch sokl\u016f do\u0161lo k ur\u010dit\u00e9mu zjednodu\u0161en\u00ed. Hotovo by m\u011blo b\u00fdt do konce listopadu. Na venkovn\u00ed \u00fapravy by m\u011bly v p\u0159\u00ed\u0161t\u00edm roce nav\u00e1zat i ty vnit\u0159n\u00ed. J\u00e1 jsem v kontaktu a kter\u00fd t\u00e9 v\u00fdbalby, kter\u00e1 byla vlastn\u011b realizov\u00e1na bratru p\u0159ed osmi lety, tak\u017ee jsme se domluvili, \u017ee na ja\u0159e p\u0159\u00ed\u0161t\u00edho roku bychom ud\u011blali op\u011btovn\u011b ur\u010dit\u00fd happening. V\u00fdmal by by se mohlo \u00fa\u010dastnit i v\u00edce autor\u016f. Ot\u00e1zkou zat\u00edm z\u016fst\u00e1v\u00e1, jestli budou obnoveny komiksov\u00e9 motivy nebo se na zdech objev\u00ed nov\u00e1 grafika. J\u00e1 bych v tomhle sm\u011bru nechal tu volnou tvorbu pr\u00e1v\u011b na ty akt\u00e9ry. Nechci je svazovat, ale zase na druhou stranu je pot\u0159eba, aby radnice se k tomu n\u00e1vru vyj\u00e1d\u0159ila a tzv. odsouhlasila. Zd\u00e1 se, \u017ee participativn\u00ed rozpo\u010det m\u00e1 u\u017e ve m\u011bst\u011b st\u00e1le m\u00edsto. Pokra\u010dovat v participativn\u00ed rozpo\u010dtu m\u011bsto ur\u010dit\u011b bude. Jsme si v t\u011bch uplynul\u00fdch dvouch ro\u010dnic\u00edch ov\u011b\u0159ili, \u017ee o tento zp\u016fsob navrhov\u00e1n\u00ed projekt\u016f a hlasov\u00e1n\u00ed o t\u011bch projektech je ve ve\u0159ejnosti z\u00e1jem. P\u0159\u00edjem n\u00e1vrhu do t\u0159et\u00edho ro\u010dn\u00edku participativn\u00edho rozpo\u010dtu by m\u011bl odstartovat v lednu. Policist\u00e9 v Olomouci testuj\u00ed nov\u00e9 radary a to v Dalimilov\u011b ulici v Chomoutov\u011b a \u0160vabinsk\u00e9ho ulici ve Chv\u00e1lkovic\u00edch. \u0158idi\u010di by tak v t\u011bchto m\u00edstech m\u011bli d\u00e1t nohu splynu. Radary se zam\u011b\u0159uj\u00ed na okam\u017eitou i \u00fasekovou rychlost. Nov\u00e9 represivn\u00ed stacion\u00e1rn\u00ed radary za\u010d\u00edn\u00e1 testovat Olomouck\u00e1 m\u011bstsk\u00e1 policie. Po dohod\u011b s republikovou polici\u00ed a komisemi m\u011bstsk\u00fdch \u010d\u00e1st\u00ed vytypovala pro jejich um\u00edst\u011bn\u00ed Dalimilovu ulici v Chomoutov\u011b a \u0160vabinsk\u00e9ho ulici u domova d\u016fchodc\u016f ve Chv\u00e1lkovic\u00edch, kudy denn\u011b projedou tis\u00edce aut. Radary budou m\u011b\u0159it okam\u017eitou i \u00fasekovou rychlost. Pokuty podle m\u00edry p\u0159ekro\u010den\u00ed bude ud\u011blovat spr\u00e1vn\u00ed org\u00e1n. Krom\u011b zm\u00edn\u011bn\u00fdch lokalit se po\u010d\u00edt\u00e1 v prvn\u00ed polovin\u011b roku 2024 zinstalaci dal\u0161\u00edch stacion\u00e1rn\u00edch radar\u016f v ulic\u00edch P\u0159erovsk\u00e1 a Okru\u017en\u00ed. \u010clov\u011bk v\u0161t\u00ed na Movember sly\u0161\u00ed, k t\u00e9to celosv\u011btov\u00e9 kampani se p\u0159ipojila i m\u00edstn\u00ed nemocnice a v prvn\u00ed polovin\u011b listopadu nab\u00edz\u00ed vy\u0161et\u0159en\u00ed, kter\u00e9 m\u016f\u017ee odhalit rakovinu prostaty zcela zdarma. Pr\u00e1v\u011b v\u010dasn\u00fd z\u00e1chyt t\u00e9to nemoci v\u00fdrazn\u011b zvy\u0161uje \u0161anci k jej\u00edmu vyl\u00e9\u010den\u00ed. Vy\u0161et\u0159en\u00ed, kter\u00e9 m\u016f\u017ee odhalit rakovinu prostaty nab\u00edz\u00ed v prvn\u00ed polovin\u011b listopadu zdarma odd\u011blen\u00ed klinick\u00e9 biochemie nemocnice Kijov. P\u0159ipojilo se tak do ka\u017edoro\u010dn\u00ed celosv\u011btov\u00e9 kampan\u011b Movember. Ta prob\u00edh\u00e1 v Kijov\u011b pravideln\u011b, i kdy\u017e v minul\u00e9m roce ji muselo odd\u011blen\u00ed z organiza\u010dn\u00edch d\u016fvod\u016f odlo\u017eit. Vlastn\u011b bychom r\u00e1di pozvali k n\u00e1m do nemocnice m\u016f\u017ee p\u0159edev\u0161\u00edm v tom rizikov\u00e9m v\u011bku, \u0159ekn\u011bme od 50 do 60 a v\u00edce, tak, aby si nechali vy\u0161et\u0159it vlastn\u011b zdarma na odd\u011blen\u00ed na\u0161ej biochemie hodnotu takzvan\u00e9ho prostatick\u00e9ho antigenu, kdy vlastn\u011b dok\u00e1\u017eeme d\u00edky jedn\u00e9 t\u00e9to jedin\u00e9 metod\u011b odhalit p\u0159\u00edpadn\u011b posoudit riziko vzniku rakoviny prostaty. Vy\u0161et\u0159en\u00ed spo\u010d\u00edv\u00e1 jen v odb\u011bru krve a je velmi rychl\u00e9. Nejen proto, \u017ee mimo Movember si ho mus\u00ed pacienti zaplatit, byl z\u00e1jem od prvn\u00edch minut velk\u00fd. Pokud bude stejn\u00fd jako p\u0159ed dv\u011bma lety, tak v Kijov\u011b p\u0159ijde na vy\u0161et\u0159en\u00ed v\u00edce ne\u017e tis\u00edc mu\u017e\u016f. Chod\u00edm pravideln\u011b, je to vlastn\u011b po \u010dtvrt\u00e9 m\u011bs\u00edc, co jsou tady, no a \u010dlov\u011bk pot\u0159ebuje u\u017e, m\u00e1m po 60, tak\u017ee n\u011bjakou jistotu m\u00e1, jo, a zat\u00edm teda zaplatit m\u00e1m v\u017edycky tak jako v pohod\u011b. Laborato\u0159 zjist\u00ed mno\u017estv\u00ed prostatick\u00e9ho antigenu ve vzorku a v\u00fdsledek za\u0161le mu\u017e\u016fm bu\u010f po\u0161tou, nebo si ho mohou vyzvednout osobn\u011b. Zv\u00fd\u0161en\u00e1 hladina antigenu je\u0161t\u011b nemus\u00ed znamenat onkologick\u00e9 onemocn\u011bn\u00ed, ale je sign\u00e1lem pro dal\u0161\u00ed vy\u0161et\u0159en\u00ed. Karcinom prostaty je nejv\u00edce, karcinom u mu\u017e\u016f lej\u010d\u00ed se t\u00edm asi 47 tis\u00edc lid\u00ed v na\u0161\u00ed republice. Ka\u017ed\u00fd rok je diagnostikovan\u00fd asi 8 tis\u00edc p\u0159\u00edpad\u016f, z toho asi 1500 zkon\u010d\u00ed teda umrt\u00edm na tento zhoubn\u00fd n\u00e1dor. Pr\u00e1v\u011b v\u010dasn\u00fd z\u00e1chyt a lej\u010dba tohoto onemocn\u011bn\u00ed v\u00fdrazn\u011b zvy\u0161uj\u00ed \u0161anci na vyle\u010den\u00ed a t\u00edm i na p\u0159e\u017eit\u00ed pacient\u016f. Movember potrv\u00e1 v odd\u011blen\u00ed klinick\u00e9 biochemie v kijovsk\u00e9 nemocnici do 14. listopadu a p\u0159ij\u00edt m\u016f\u017ee ka\u017ed\u00fd mu\u017e bez p\u0159edchoz\u00edho ohl\u00e1\u0161en\u00ed ve v\u0161edn\u00ed dny mezi 8. a 14. hodinou. Stodol\u00e1k, bo\u0159e\u0161plech nebo speci\u00e1l. To jsou nazvy kategorii, kter\u00e9 byly vyps\u00e1ny ve \u010dty\u0159hodinov\u00e9m vytrvalostn\u00edm z\u00e1vodu Fichtl Cup. Tento n\u00e1ro\u010dn\u00fd podnik prob\u011bhl v rovn\u00e9 \u00fastra konic. Speci\u00e1ln\u00ed \u010dty\u0159hodinov\u00fd vytrvalostn\u00ed z\u00e1vod prov\u011b\u0159il nejen z\u00e1vodn\u00edky, ale i jejich stroje. Na start n\u00e1ro\u010dn\u00e9ho podniku se postavilo 40 t\u00fdm\u016f, v\u010detn\u011b t\u011bch, kte\u0159\u00ed se p\u0159ihl\u00e1sili do vlo\u017een\u00e9 kategorie Pitbike. Ka\u017ed\u00fd t\u00fdm mohl m\u00edt a\u017e t\u0159i jezdce, kte\u0159\u00ed se na z\u00e1vodn\u00edch speci\u00e1lech pr\u016fb\u011b\u017en\u011b st\u0159\u00eddali. To je v re\u017eii t\u00fdm\u016f v podstat\u011b to, kdy\u017e n\u00e1s bol\u00ed ruce, tak se vyt\u0159\u00edd\u00e1me, a nebo pohodin\u011b zhruba tak doch\u00e1z\u00ed benz\u00edn, tak\u017ee mus\u00edme tankovat. Z\u00e1vod v rovn\u00e9 byl ozna\u010den jako voln\u00fd a nebyl bodovan\u00fd do takzvan\u00e9ho PRC \u0161ampion\u00e1tu, kter\u00fd se jezd\u00ed v pr\u016fb\u011bhu roku v dal\u0161\u00edch obc\u00edch na Strakonicku. D\u00e9lka z\u00e1vodu zde b\u00fdv\u00e1 dvakr\u00e1t 20 minut. Je to v okol\u00ed tadyhle Zadn\u00ed Zborovice, Zvotoky, \u0160t\u011bchovice, \u010ce\u0161tice a v podstat\u011b se to zapisuje do tabuky a m\u00e1me to po tom vyhl\u00e1\u0161en\u00ed za cel\u00fd rok. V kategorii Stodol\u00e1k zv\u00edt\u011bzila s celkov\u00fdm po\u010dtem 64 ujet\u00fdch kol bratrsk\u00e1 dvojice z t\u00fdmu Kol\u00e1\u0159 Racing. Bylo to hodn\u011b n\u00e1ro\u010dn\u00e9, v\u017edycky je to hlavn\u011b o v\u00fddr\u017ei motorky a o tom si to dob\u0159e rozprost\u0159\u00edt a jezdit plynule celou dobu. M\u011bli jsme 62 kol a tak n\u011bjak pr\u016fm\u011brn\u011b jsme se st\u0159\u00eddali po 45 minut\u00e1ch, ale ke konci j\u00e1 u\u017e jsem jel hodinu a p\u016fl, proto\u017ee kdyby jsme se vyst\u0159\u00eddali, tak by n\u00e1s p\u0159edjeli. Tom\u00e1\u0161 se \u0160t\u011bp\u00e1nem z\u00e1vod\u00ed na jedn\u00e9 z posledn\u00edch vyroben\u00fdch verzi pion\u00edru Java Mustang z roku 1982 u\u017e dva roky. Jezd\u00edme tu nejorigin\u00e1ln\u011bj\u0161\u00ed kategorii a ta by m\u011bla b\u00fdt cel\u00e1 p\u016fvodn\u00ed, akor\u00e1t klika m\u016f\u017ee m\u00edt jeho lo\u017eisko a takov\u00fdhle drobnosti, ale jinak t\u0159eba origin\u00e1ln\u011b je tam p\u00edsce t\u0159ema krou\u017ekama, my tam m\u00e1me jenom dva a tak d\u00e1le. Nesm\u00edme upravovat vlastn\u011b nic, akor\u00e1t v\u00fdstuhy m\u016f\u017eeme d\u011blat na r\u00e1mu, i kdy\u017e dneska na t\u011bch skoc\u00edch jsme r\u00e1m stejn\u011b zni\u010dili. Na z\u00e1v\u011br dopl\u0148me je\u0161t\u011b v\u00edt\u011bze ostatn\u00edch kategor\u00ed. T\u00fdm Dukla Zadn\u00ed Zborovice zv\u00edt\u011bzil ve speci\u00e1lech a takzvan\u00e9 Vo\u0159e\u0161 Plechy vyhr\u00e1lo duo Yamaha. Ve vlo\u017een\u00fdch kategorii Pitbike z\u00e1vod na 30 minut zv\u00edt\u011bzil t\u00fdm s n\u00e1zvem Piv\u0148a Race a pitbikey z\u00e1vody na 4 hodiny vyhr\u00e1l t\u00fdm, kter\u00fd si \u0159\u00edk\u00e1 MX Bukov\u00e1k. Pokud m\u00e1te z\u00e1jem z\u00fa\u010dastnit se nebo se jen p\u0159ijet pod\u00edvat na z\u00e1vody legend\u00e1rn\u00edch pion\u00edr\u016f, informace hledejte na webov\u00fdch str\u00e1nk\u00e1ch po\u0159adatele, kter\u00e9 vid\u00edte v na\u0161\u00ed grafice. A11 spr\u00e1vy kon\u010d\u00ed, ale po\u0159ad Dobr\u00fd ve\u010der pokra\u010duje a vy u\u017e se m\u016f\u017eete za malou chv\u00edli t\u011b\u0161it na Zuzanu Bub\u00edlkovou. Kr\u00e1sn\u00fd ve\u010der.","nbla_serie":"525","nbla_season":"2023","nbla_episode":"137","nbla_duration":"849.12","nbla_genre":"3.1.1.1","nbla_editorial_format":"2.1.1","nbla_mtime":"1699034103","nbla_url":"https:\/\/origin.a11.cz\/vod\/aj8nudx62eqsiphdwpbda8wqu.mp4","nbla_version":"1699034054","nbla_odvysilano":"Ano","bunny_id":"9f2d2795-85aa-4b03-8805-242b6c138544","youtube_id":"","datum_vydani":"20231103","stopaz":"849.12","dokument":[],"video_to":[]},"_links":{"self":[{"href":"https:\/\/tv.a11.cz\/api\/wp\/v2\/video\/13296","targetHints":{"allow":["GET"]}}],"collection":[{"href":"https:\/\/tv.a11.cz\/api\/wp\/v2\/video"}],"about":[{"href":"https:\/\/tv.a11.cz\/api\/wp\/v2\/types\/video"}],"author":[{"embeddable":true,"href":"https:\/\/tv.a11.cz\/api\/wp\/v2\/users\/8"}],"wp:featuredmedia":[{"embeddable":true,"href":"https:\/\/tv.a11.cz\/api\/wp\/v2\/media\/13298"}],"wp:attachment":[{"href":"https:\/\/tv.a11.cz\/api\/wp\/v2\/media?parent=13296"}],"wp:term":[{"taxonomy":"category","embeddable":true,"href":"https:\/\/tv.a11.cz\/api\/wp\/v2\/categories?post=13296"},{"taxonomy":"porad","embeddable":true,"href":"https:\/\/tv.a11.cz\/api\/wp\/v2\/porad?post=13296"},{"taxonomy":"region","embeddable":true,"href":"https:\/\/tv.a11.cz\/api\/wp\/v2\/region?post=13296"},{"taxonomy":"kategorie","embeddable":true,"href":"https:\/\/tv.a11.cz\/api\/wp\/v2\/kategorie?post=13296"}],"curies":[{"name":"wp","href":"https:\/\/api.w.org\/{rel}","templated":true}]}}