{"id":13272,"date":"2023-11-03T16:33:31","date_gmt":"2023-11-03T15:33:31","guid":{"rendered":"https:\/\/tv.a11.cz\/?post_type=video&#038;p=13272"},"modified":"2023-11-06T11:09:26","modified_gmt":"2023-11-06T10:09:26","slug":"dobry-vecer-s-a11-3-11-2023-2-cast","status":"publish","type":"video","link":"https:\/\/tv.a11.cz\/video\/dobry-vecer-s-a11-3-11-2023-2-cast\/","title":{"rendered":"Dobr\u00fd ve\u010der s A11 3.11.2023 &#8211; 2.\u010d\u00e1st"},"content":{"rendered":"","protected":false},"excerpt":{"rendered":"<p>P\u0159\u00e1tel\u00e9, na\u0161e p\u0159\u00edjemn\u00e9 pov\u00edd\u00e1n\u00ed s B\u00e1rou Hlav\u00e1\u010dkovou pokra\u010duje. B\u00e1ra \u010d\u00e1ste\u010dn\u011b \u017eije v \u010cech\u00e1ch a \u010d\u00e1ste\u010dn\u011b v Portugalsku. Jak\u00e9 to je, \u017e\u00edt na dvou m\u00edstech?<\/p>\n","protected":false},"author":8,"featured_media":13319,"template":"","categories":[173],"porad":[245],"region":[],"kategorie":[],"class_list":["post-13272","video","type-video","status-publish","has-post-thumbnail","hentry","category-ze-spolecnosti","porad-dobry-vecer-s-a11"],"acf":[],"meta_box":{"nbla_idec":"A2390035B","nbla_title":"Dobr\u00fd ve\u010der s A11","nbla_subtitle":"3.11.2023 - 2.\u010d\u00e1st","nbla_summary":"","nbla_description":"","nbla_transcription":"P\u0159\u00e1tel\u00e9 na\u0161e p\u0159\u00edjemn\u00e9 pov\u00edd\u00e1n\u00ed s Barou Hlav\u00e1\u010dkovou pokra\u010duje a vlasti\u010dku my jsme se bavili o tom, \u017ee B\u00e1ra \u010d\u00e1ste\u010dn\u011b \u017eije v \u010cech\u00e1ch, \u010d\u00e1ste\u010dn\u011b \u017eije v Portugalska, to ti teda z\u00e1vid\u00edm, jak\u00fd to tam je. Nen\u00ed to tak, \u017ee bych m\u016fj c\u00edl je b\u00fdt p\u016fl na p\u016fl. Te\u010f se z Portugalska tomu \u0159\u00edk\u00e1m druh\u00fd domov jezd\u00edm tam jak na chatu nebo na chalupu, tak\u017ee bych tam \u010d\u00e1ste\u010dn\u011b \u017eila jako p\u016fl na p\u016fl, tam je\u0161t\u011b nejsem, ale sm\u011b\u0159il tam. To je skv\u011bl\u00fd pl\u00e1n. Je to dobr\u00fd pl\u00e1n. Pro\u010d pr\u00e1v\u011b Portugalsko, kdy to vzniklo? Vzniklo to tak, \u017ee jsem pr\u00e1v\u011b cht\u011bla surfovat, jela jsem do Portugalska na n\u011bjak\u00fd surfov\u00fd kemp a p\u0159ijela jsem do m\u011bste\u010dka, kter\u00fd se jmenuje Ericeira, nadechla jsem se a \u0159ekla jsem, j\u00e1 jsem doma, tak jsem tam od t\u00e9 doby doma. To je p\u011bkn\u00fd. Co je na tom Portugalsku tak \u00fa\u017easn\u00e9ho, pro\u010d se tam chce B\u00e1ra Hlav\u00e1\u010dkov\u00e1 domestikovat? On je \u00fa\u017easn\u00fd nejenom pro m\u011b, a mysl\u00edm si, \u017ee i pro spoustu lid\u00ed a \u010cech\u016f, proto\u017ee v\u00edc ne\u017e 300 slune\u010dn\u00edch dn\u016f v roce. V Evrop\u011b, po\u0159\u00e1d jsme i v Evropsk\u00e9 unii, to znamen\u00e1, \u017ee nemus\u00edme za\u0159izovat, jo p\u0159ijede\u0161, m\u00e1\u0161 roaming zadarmo. V\u00fdhoda Evropsk\u00e9 unii, ano. Spousta v\u011bc\u00ed dostupn\u00e1, skv\u011bl\u00e1 l\u00e9ka\u0159sk\u00e1 p\u00e9\u010de, kdy\u017e se n\u011bkomu n\u011bco stane. Opravdu se tam c\u00edt\u00ed\u0161 jak doma. A konkr\u00e9tn\u011b Ericeira je kosmopolitn\u00ed m\u011bste\u010dko, tak\u017ee tam si ani nep\u0159ipad\u00e1\u0161 jak ciz\u00e1k. J\u00e1 teda se u\u010d\u00edm portugalsky, ale v\u016fbec tam nepot\u0159ebuje\u0161 portugals\u010dinu, \u010dlov\u011bk tam m\u016f\u017ee \u0159\u00edct angli\u010dtinu. Oce\u00e1n tam je, to je asi to nejv\u00edc. Ale oce\u00e1n je chladn\u011bj\u0161\u00ed ne\u017e st\u0159edozemn\u00ed mo\u0159e, to m\u00e1 zase \u0161pan\u011blskou v\u00fdhodu. Ano, ale na surfov\u00e1n\u00ed jsou tam vlny, ty zase prost\u011b nejsou ve st\u0159edozem\u00ed, ve \u0160pan\u011blsku, ve \u0160pan\u011blsku jsou zase u oce\u00e1nu. To mus\u00ed b\u00fdt vlastn\u011b po\u0159\u00e1d neopren. Ano, to je nejobl\u00edben\u011bj\u0161\u00ed \u010dinnost, rve\u0161 se do toho neoprenu. J\u00e1 to nesn\u00e1\u0161\u00edm, kdy\u017e se pot\u00e1p\u00edm. J\u00e1 v\u017edycky, kdy\u017e se pot\u00e1p\u00edm v tepl\u00e9 mo\u0159e, tak milu \u0161orta. To tam \u010dlov\u011bk, to je ten kr\u00e1tk\u00fd neopren. Sko\u010d\u00ed, cvak, beru si v\u00e1hev. Napad\u00e1 m\u011b, jestli taky t\u0159eba se nepot\u00e1p\u00ed\u0161. Nepot\u00e1p\u00edm, j\u00e1 m\u00e1m, j\u00e1 se boj\u00edm. J\u00e1 taky. Ty jsi ambic\u00edln\u00ed \u017eena, m\u011b by zaj\u00edmalo. Nekoketuje\u0161 t\u0159eba s t\u00edm, \u017ee by jsi v Portugalsku cht\u011bla proniknout do televize a m\u00edt tam t\u0159eba sv\u016fj po\u0159\u00e1d, proto\u017ee podle m\u011b pro tebe to \u017e\u00e1dn\u00fd probl\u00e9m nen\u00ed. Angli\u010dtinou ur\u010dit\u011b ovl\u00e1d\u00e1\u0161? Angli\u010dtinou ovl\u00e1d\u00e1m, j\u00e1 moderuju v angli\u010dtin\u011b, ale v Portugalsku, tak tam norm\u00e1ln\u011b moderuju v portugalstin\u011b. A portugalstina je pro Boha n\u011bco tak t\u011b\u017ek\u00fdho. J\u00e1 nem\u00e1m probl\u00e9m moderovat v angli\u010dtin\u011b. Domluv\u00edm se n\u011bmecky, italsky. Tak jsem si p\u0159idala portugalstinu a po roce a p\u016fl jsem velmi roz\u010darovan\u00e1, \u017ee jim teprve za\u010d\u00edn\u00e1m rozum\u011bt tro\u0161ku. A tak\u017ee takovou ambici nem\u00e1m. Ob\u010das n\u011bco v portugalsku moderuju, ale v angli\u010dtin\u011b v r\u00e1mci eriseiry, v r\u00e1mci n\u011bjak\u00e9ho tam men\u0161\u00edho. Tak\u017ee se tam tam \u00fapln\u011b neodst\u011bhuje\u0161 a bude\u0161 d\u00e1l p\u016fsobit v A1? J\u00e1 se c\u00edt\u00edm b\u00fdt Evropanem a pro m\u011b 3 hodiny letu nen\u00ed nic. Nemysl\u00edm, \u017ee mus\u00ed \u010dlov\u011bk zav\u00edrat dve\u0159e v \u010cesku a b\u00fdt n\u011bkde jinde. Zase sko\u010d\u00edm na v\u00e1\u0161 Instagram. Tam jsem vid\u011bl i n\u011bco s n\u00e1zvem Portugalsk\u00e1 realitn\u00ed \u010dinnost. Kdy\u017e budu cht\u00edt, kdy\u017e budu m\u00edt n\u011bjakou \u0161kv\u00e1ru na v\u00edc zbyte\u010dnou, tak chci si tam koupit n\u011bjak\u00fd dome\u010dek. Tak zavol\u00e1\u0161 b\u00e1\u0159e. N\u011bjak\u00fd kondominium. P\u0159ijedu za b\u00e1ru a vy se mi o to postar\u00e1te. P\u0159esn\u011b tak, je to tak, proto\u017ee j\u00e1 vid\u00edm tu velkou touhu \u010cech\u016f. Te\u010f kupuju nemovitosti ve \u0160pan\u011blsku na Kan\u00e1rech a Portugalsko je jako by po\u0159\u00e1d je\u0161t\u011b neobjeven\u00fd. A Hrb\u00e1n je te\u010f objeven\u00e1, tam se hodn\u011b nakupuje Bulharsko. Kdokoliv dojede do Portugalska, tak je na\u010den\u00fd. Milo\u0161 Pokorn\u00fd se m\u011b ptal, byl tam, je na\u010den\u00fd, bude se tam vracet. Tak proto j\u00e1 chci Portugalsko trochu \u010cech\u016fm otev\u0159\u00edt, a\u0165 u\u017e na dovolenou, anebo kdyby si taky cht\u011bli koupit n\u011bjakou nemovitost, proto\u017ee v Portugalsku se opravdu velmi dob\u0159e \u017eije. V\u0161echno tam je, ve\u0161ker\u00fd vy\u017eit\u00ed, z\u00e1rove\u0148 klid. Tak\u017ee je to ide\u00e1ln\u00ed m\u00edsto. Ale z\u00e1rove\u0148 se tam pohybuj\u00ed ceny t\u011bchto nemovitost\u00ed. A rozhodn\u011b zam\u00e9n\u011bne\u017e ve \u0160pan\u011blsku, ale samoz\u0159ejm\u011b z\u00e1le\u017e\u00ed, jestli koupujete v Lisabonu, v Eryseji\u0159e, co\u017e je takov\u00e1 topka, d\u00e1 se \u0159\u00edct. Anebo n\u011bkde, kdo chce tro\u0161ku v\u00edc klidu, tak tam je to samoz\u0159ejm\u011b cenov\u011b n\u00ed\u017e. A \u017eije se levn\u011b v Portugalsku. Levn\u011bji ne\u017e v \u010cesku. M\u011bli jsme ned\u00e1vno Halloween. Slav\u00edte tyhle sv\u00e1tky? Ne. J\u00e1 taky ne. Ne, j\u00e1 nem\u00e1m r\u00e1da jak\u00fdkoliv oficiality. Svadby, poh\u0159by, promoce. Valent\u00fdny. No to v\u016fbec. Dob\u0159e, ale v Portugalsku taky je Halloween. Oni toho slav\u00ed hodn\u011b, ale slav\u00ed i Dia de los Muertes, to je mexick\u00fd sv\u00e1tek, ale tam je hodn\u011b, pr\u00e1v\u011b jak je to kosmopolitn\u00ed, tak tam se slav\u00ed v\u0161echno mo\u017en\u00fd. Ale j\u00e1 nerada lop\u00edm na n\u011b\u010dem tak te\u010f slav, nebo te\u010f bu\u010f smutn\u00e1. Tak\u017ee ne, j\u00e1 bu\u010f slav\u00edm tak jako obecn\u011b. Slavit je t\u0159eba ka\u017ed\u00fd den, ka\u017ed\u00fd r\u00e1no, kdy se \u010dlov\u011bk probud\u00ed. Chcete vid\u011bt, jak Valentina, jsem se \u00fapln\u011b tady zamotal, jak Halloween slav\u00ed t\u0159eba Rytmus nebo si Saskovsk\u00e1? Nechci, m\u011b bav\u00ed Halloweensk\u00fd masky. Jo, my tam n\u011bco m\u00e1me. My toti\u017e jsme se byli pod\u00edvat s kamerou na jedn\u00e9 bratislavsk\u00e9, ne Valent\u00ednsk\u00e9, ale Halloweensk\u00e9 oslavy a pr\u00e1v\u011b p\u0159ed chvilkou jmenov\u00e1n\u00ed Rytmus a Saskovsk\u00e1 tam byly. Jak se bavili? Pod\u00edvejte se. Saskovsk\u00e1 po novom u\u017e aj repuje. Tento svoj nov\u00fd talent p\u0159edv\u011bdla i na podiu a to rovno s kr\u00e1\u010fom slovensk\u00e9ho repu Rytmusom. D\u011bkujeme. M\u011bstom \u010dinu byl bar Podmostom, kter\u00fd velmi dob\u0159e poznaj\u00ed v Bratislav\u011b na jm\u00e9n cyklisti a milovn\u00edci povestn\u00e9ho Zvatist\u00e9ho Moku. Nach\u00e1dza se p\u0159\u00edmo p\u0159i Starom Most\u011b. Adr\u00e9n\u00fd mikrofon, fantastick\u00fd, a dobr\u00e9 je po\u010du\u0165 ten mikrofon. J\u00e9\u00e9\u00e9. Par\u00e1da. Tak\u017ee t\u011b\u0161\u00ed\u0161 se na dne\u0161n\u00ed Halloween? J\u00e1 stra\u0161n\u011b jsem poprv\u00fd, \u017ee jsem \u010dekat prv\u00fdkr\u00e1t na Halloween. A je to \u00fa\u017easn\u00e9 mil\u00e9m z\u00e1bavou lid\u00ed. Je tu \u00fapln\u011b fantastick\u00e1 atmosf\u00e9ra. Jako se m\u00e1\u0161, rodina, v\u0161echno funguje? Ano, v\u0161ak ma\u017eolky se dar\u00ed, pracovn\u011b jsme zdrav\u00ed, m\u00e1l\u00fd, m\u00e1lu, \u017een\u00e9, \u010dty\u0159i, a i n\u011bkolik m\u011bs\u00edc\u016f. \u010co m\u016f\u017eeme o\u010dek\u00e1vat od teba? Nov\u00fd album, novou OKU AR\u00c9NU, a to je asi v\u0161echno. A je\u0161t\u011b film v\u00edd\u011b, kde jsem si z\u00e1hral velkou rolu, jak\u00e9ho rom\u00e1ka, mafi\u00e1na, a uvid\u00edme, \u010do p\u0159ijde za d\u00edlo. Medzi obdivovatelikami Rytmusa jsme v\u0161ak objavili i dal\u0161iu zn\u00e1mou tv\u00e1r. \u010co hovori\u0161 na Rytmusa, p\u00e1\u010dilo se ti? Tak Rytmus je skv\u011bl\u00fd, hlavn\u011b t\u00fdm, \u017ee je velk\u00fdm vzorom pre ml\u00e1d\u011b\u017e, t\u00fdm, \u017ee nepije, nedroguje a se vypracoval z nuly navrchol tvrdou pr\u00e1cou. Lebo on se t\u011b\u0161il na n\u00e1s, dneska, \u017ee sem p\u0159ijde a \u017ee to bude robit v Bratislav\u011b show, takovouto helovinskou show, a to jsem r\u00e1d, \u017ee i ty jsi p\u0159i\u0161la na takovou helovinskou show, p\u00e1\u010dilo se ti dneska? Hej, \u00fa\u017easn\u00e1 z\u00e1bava. Pani v\u011bduce, ako to dneska funguje, zat\u00edm dob\u0159e, \u0159a\u0161ku chaos, zmetok, ale dob\u0159e. Tak ono, v\u017edycky za\u010d\u00e1tky jsou zmetkov\u00e9, ale vid\u00edm tu kr\u00e1sn\u00e9 masky, a ona je kr\u00e1sn\u00e1 maska. A kolik jste se p\u0159ipravovala? Desa\u0165 minut. Pr\u00e1v\u011b v p\u00fdvarni pod Mostomigork M\u011b\u0165a star\u0161\u00ed zorganizovala pravou helovinsku party, pozval na n\u011b mnoho zvu\u010dn\u00fdch m\u011bn a tak se tam objavil i Ren\u00e9 Rendy a Cico Band. \u010casto rob\u00edte helovinsk\u00e9 party? A \u010do chyst\u00e1te na V\u011bnoce? Kam se chyst\u00e1te a budete tu, a budete robit programy? Na krk v\u0161ak tento r\u00e1z temperamentn\u00e1 diva s\u00edsa, ale divok\u00e1 ma\u010dka ned\u00fdchala jiba Patrikovi Vrbovsk\u00e9mu. Preto\u017ee miluje romskou muziku, ani Igor Kmeto nezostal na podiu s\u00e1m a Veru bylo sa na \u010do pozrat a najme \u010do po\u010duvat. J\u00e1 si \u0165a zovem, tyhle r\u016fzku, a\u0165 u\u017e nebude\u0161, a\u0165 u\u017e nebudu. Igor si do obl\u00edbenej bratislavsk\u00e9 piv\u00e1rn\u011b pod mostom priv\u011bdol a vnu\u010dku Rebeku, p\u0159esn\u011bj\u0161\u00ed Rebis, kter\u00e1 si u\u017e v hudobnom sv\u011bt\u011b jde vlastnou cestou. Te\u010f vyd\u00e1v\u00e1\u0161 nov\u00fd album, po\u010dul jsem, jak\u00e9ho st\u00e1dia m\u00e1\u0161. EP se to naz\u00fdv\u00e1, lebo je to kr\u00e1tk\u00e9 jako album. U\u017e je to hotov\u00e9, jsou koukov\u00e1\u010dky s vizu\u00e1lmi, ale u\u017e je to hotov\u00e9. A kdo na tom pracoval, s k\u00fdm jsi pracovala? Tak v\u011bt\u0161inu pr\u00e1ce na tomto projekt\u011b jsem tvorila j\u00e1 svojim mocom, ale jsou tam tak\u00e9 produkcie z cel\u00e9ho sv\u011bta, z Franciska, z Ameriky a tak d\u00e1le. Polnoc pat\u0159ila na helovensk\u00e9 party pod mostem Kapustnici, z\u00e1bava tam za t\u00f3nou hudby v\u0161ak pokra\u010dovala takmer a\u017e do r\u00e1na b\u011bl\u00e9ho. Aby n\u011b, Igor Kmeto neje toti\u017e len oby\u010dejn\u00fd zp\u011bv\u00e1k, ale hlav\u00e1\u010d a spolo\u010dn\u00edk. Ako tvrd\u00ed, do osemn\u00e1ct rokov jsem byl dvojometrov\u00fd modrouk\u00fd blond\u00e1k. A pozrite, co ze m\u011b star\u00fd re\u017eim urobil. No, uverili byste tomu. Z Bratislavy, William \u010cu\u0161ka. P\u0159\u00e1tel\u00e9, pokud se teprve te\u010f p\u0159i\u0161li k televizn\u00edm obrazovk\u00e1m, tak v\u00e1m m\u016f\u017eu \u0159\u00edct, \u017ee sledujete Dobr\u00fd ve\u010der z A11 a je\u0161t\u011b na chvilku tady s n\u00e1mi ve studiu z\u016fst\u00e1v\u00e1 B\u00e1ra Hlav\u00e1\u010dkov\u00e1, s kterou si pov\u00edd\u00e1me \u00fapln\u011b o v\u0161em. No, co se j\u00ed m\u00e1m zeptat, ale to te\u010fka tady fungovat nebude. Vlast\u00ed pokl\u00e1d\u00e1 dal\u0161\u00ed ot\u00e1zku. Ale my se t\u011b\u0161\u00edme, \u017ee tohle s provozn\u00edmi, abychom byli spole\u010dn\u011b s v\u00e1mi v tom online kontaktu, to je to nej\u00fa\u017easn\u011bj\u0161\u00ed na tom \u017eiv\u00e9m vys\u00edl\u00e1n\u00ed, abychom se spole\u010dn\u011b posouvali d\u00e1l a reagovali na p\u0159\u00edm\u00e9 podm\u011bty, kter\u00e9 n\u00e1m v\u017edycky n\u011bjak\u00fdm zp\u016fsobem m\u016f\u017eete naserv\u00edrovat. T\u011b\u0161\u00edme se na to, nejbl\u00ed\u017e\u0161\u00ed pl\u00e1ny tady v televizi. Nejbl\u00ed\u017e\u0161\u00ed pl\u00e1ny, j\u00e1 jsem cht\u011bla \u0159\u00edct, \u017ee moc nepl\u00e1nuju, ale nejbl\u00ed\u017e\u0161\u00ed pl\u00e1ny, tak... Je\u017ei\u0161marja. Na kupov\u00e1n\u00ed V\u00e1no\u010dn\u00ed d\u00e1rku t\u0159eba. Koho uvid\u00edme t\u0159eba v Vlad\u00e9m sv\u011bt\u011b, na koho se m\u016f\u017eeme t\u011b\u0161it, tak to bylo m\u00edn\u011bno. Vid\u00edte p\u00e1tek ve\u010der 21.35 Helenu Vondr\u00e1\u010dkovou, jsem moc r\u00e1da. A o tom jsem sly\u0161el, \u017ee ten rozhovor byl velmi, velmi otev\u0159en\u00fd, \u017ee ta Helena v takov\u00e9hle schopnosti komunikovat, otev\u0159\u00edt se, \u017ee snad dlouho nebyla p\u0159ist\u00ed\u017eena. No vid\u00edte, j\u00e1 jsem se s Helenou vid\u011bla teprve asi po druh\u00e9 v \u017eivot\u011b, tak ji tady asi bylo dob\u0159e u n\u00e1s na A11, tady v tom kr\u00e1sn\u00e9m studiu. Co prozradila? Helena prozradila n\u011bco o sv\u00e9 prvn\u00ed l\u00e1sce, o sv\u00e9m prvn\u00edm man\u017eelovi. Tak na to se m\u016f\u017eete t\u011b\u0161it. J\u00e1 jsem byla moc zv\u011bdav\u00e1, \u017ee v\u0161ichni, kte\u0159\u00ed ho s Helmutem Siekelem m\u011bli l\u00e1sku nad\u00e1lku, proto\u017ee on byl N\u011bmec a ne\u017e se p\u0159est\u011bhoval za n\u00ed do Prahy, tak to chv\u00edli trvalo. Tak to bylo zaj\u00edmav\u00e9, na to se ur\u010dit\u011b m\u016f\u017eete t\u011b\u0161it. A zavzpom\u00ednali jsme i na r\u016fzn\u00e9 Heleny outfity, pr\u00e1v\u011b t\u0159eba z 80. let. Tak\u017ee kdo si nepamatuje Helenu Vondr\u00e1\u010dkovou s cul\u00edkem ve tvaru palmi\u010dky na hlav\u011b, tak se m\u016f\u017ee t\u011b\u0161it v mlad\u00e9m sv\u011bt\u011b. \u0158\u00edk\u00e1m asi, \u017ee jste se vid\u011bli a j\u00e1 se p\u0159izn\u00e1m, \u017ee kdy\u017e m\u00e1m rozhovor a nebo se potk\u00e1v\u00e1m s n\u011bjakou takovou ikonou, \u017ee m\u00e1m velk\u00fd respekt a \u0159ekla bych, a\u017e i tr\u00e9mu. M\u011bla jsi ty tr\u00e9mu, jo, m\u00e1\u0161 tr\u00e9mu, kdy\u017e si zve\u0161 do studia n\u011bjakou ikonu? No... T\u0159eba Dana H\u016flku? Ano, v obou p\u0159\u00edpadech ano. Proto\u017ee Dan H\u016flka byl opravdu moje l\u00e1ska. M\u011b bylo 13 a j\u00e1 jsem vid\u011bla Dr\u00e1kulu Adadana, jsem se fakt v t\u011bch 13 zamilovala. Samoz\u0159ejm\u011b jsem mu to hned \u0159ekla, tak\u017ee mysl\u00edm, \u017ee ho to pot\u011b\u0161ilo snad. A Helena je ikona, tak\u017ee jsem cht\u011bla, aby v\u0161echno klaplo, aby se ji tady c\u00edtila dob\u0159e. Tak jsme ji tak jako ope\u010dov\u00e1vali, ale mysl\u00edm, \u017ee to bylo moc fajn a div\u00e1ci ostatn\u011b uvid\u00ed, jestli to z n\u00ed bude tak c\u00edtit, \u017ee se ji tady l\u00edbilo. Jak se chyst\u00e1te na tyhle rozhovory v r\u00e1mci Mlad\u00e9ho sv\u011bta? No, m\u00e1m sv\u016fj laptop, jsem bu\u010f v \u010cesku nebo v Portugalsku, otev\u0159u laptop, co je\u0161t\u011b ne\u0159ekli. Hled\u00e1m zaj\u00edmavosti a samoz\u0159ejm\u011b t\u00edm, \u017ee spojuju Mlad\u00fd sv\u011bt s n\u011bjak\u00fdm rokem z minulosti, tak vyhled\u00e1v\u00e1m zaj\u00edmavosti z toho roku, muziku z toho roku a v\u011bt\u0161inou mi to zabere hodn\u011b \u010dasu, proto\u017ee m\u011b ta muzika bav\u00ed a pak to hodn\u011b poslouch\u00e1m. Muzika? Kter\u00e1 v\u00e1s bav\u00ed muzika? Co poslouch\u00e1te? S ke\u0165\u00e1ckou n\u011bjakou? Taky, bav\u00ed m\u011b reggae, bav\u00ed m\u011b n\u011bjak\u00e1 surfa\u0159sk\u00e1 muzika, bav\u00ed m\u011b sou\u010dasn\u00e1 muzika, ne \u00fapln\u011b mainstream a t\u0159eba Blossoms, nev\u00edm, jestli to n\u011bkoho n\u011bco \u0159ekne, ale pr\u00e1v\u011b, kdy\u017e zabrous\u00edm do minulosti, tak jsem si stra\u0161n\u011b u\u017e\u00edvala v prvn\u00edm d\u00edlu, kdy\u017e byl Michal Hor\u00e1\u010dek a pou\u0161t\u011bla jsem Whitney Houston a jej\u00ed p\u00edsni\u010dku s klipem How Will I Know, kde je kr\u00e1sn\u00e1 Whitney Houston, m\u00e1 obrovskou ma\u0161li osmdes\u00e1tkovou na hlav\u011b, tak tady ty v\u011bci si u\u017e\u00edv\u00e1m moc. Jako j\u00e1 si mysl\u00edm, pro m\u011b by takov\u00e1 p\u0159\u00edprava znamenala prost\u011b vz\u00edt si t\u00fdden dovolen\u00e9, ur\u010dit\u011b, ur\u010dit\u011b zb\u011bhla, ale te\u010f jsme v tom. P\u0159ipravoj se na rozmovu s Helenou Vondr\u00e1\u010dkou. U\u017e od toho sed\u00ed\u0161 jak dv\u011b, t\u0159i hodiny a prost\u011b si \u0159\u00edk\u00e1\u0161, u\u017e nic nevymysl\u00edm. Jde\u0161 si zasportovat nebo jak mezi t\u00edm resetuje\u0161? No, m\u011bla bych mezi t\u00edm resetovat a moc to neum\u00edm. J\u00e1 pot\u0159ebuju m\u00edt hotovou jednu v\u011bc a pak jdu ud\u011blat druhou v\u011bc. A je pravda, \u017ee ty rozhovory, j\u00e1 jsem se je\u0161t\u011b nedostala, co se t\u00fdk\u00e1 mlad\u00e9ho sv\u011bta, do f\u00e1ze u\u017e nic nevymysl\u00edm. J\u00e1 m\u00e1m takhle to z t\u011bch p\u00edsni\u010dek a \u0159\u00edk\u00e1m si, tak v\u0161echno se tam nevejde, v\u0161echno tam zahr\u00e1t nem\u016f\u017eeme. Tak kter\u00e1 p\u016fjde? Nat\u00e1\u010dela jsem s jedn\u00edm hostem a kdy\u017e jsme vyb\u00edrali, jestli zahrajeme song Always od Bon Jovi nebo ze stejn\u00e9ho roku song Always od Erasure, mus\u00ed \u010dlov\u011bk naopak selektovat a vyb\u00edrat. Je to t\u011b\u017ek\u00e1 pr\u00e1ce. T\u011b\u017ek\u00e1, ale kr\u00e1sn\u00e1. Bav\u00ed, bav\u00ed, p\u0159esn\u011b. V\u00e1\u017een\u00e1 a mil\u00e1 B\u00e1ro, velice si v\u00e1\u017e\u00edme va\u0161eho \u010dasu, \u017ee jste p\u0159i\u0161la sem do na\u0161eho va\u0161eho studia. Te\u010f je na\u0161e, za chvilku bude zase va\u0161e. Tak j\u00e1 jsem po\u0159\u00e1d tady na stejn\u00e9m m\u00edst\u011b, ve stejn\u00e9m k\u0159es\u00edlku, tak\u017ee j\u00e1 jsem v pohod\u011b. Ale te\u010f to pat\u0159\u00ed n\u00e1m tady na chvili\u010dku. Te\u010f to tady m\u00e1me v probl\u00e9mu. D\u011bkujeme, \u017ee jste si ud\u011blala chvilku, \u017ee jste se n\u00e1m tro\u0161ku poutev\u0159ila, \u017ee jsme mohli tro\u0161ku nahl\u00e9dnout za ty otev\u0159en\u00e9 dve\u0159e. D\u011bkujeme moc a douf\u00e1m, \u017ee se nevid\u00edme naposledy. Ale te\u010f u\u017e se mus\u00edme rozlou\u010dit, proto\u017ee B\u00e1ro, m\u011bj se kr\u00e1sn\u011b. A budeme se teda t\u011b\u0161it. J\u00e1 to veru, \u017ee se tam tro\u0161ku cp\u016f. Ale te\u010fka u\u017e bychom se asi m\u011bli vrhnout, jestli se nepletu, na hlavn\u00ed zpr\u00e1vy. A tak p\u0159ed n\u00e1mi je hlavn\u00ed zpravo rejsk\u00e1 relece A11. B\u00e1ro, m\u016f\u017eete se pod\u00edvat s n\u00e1mi, pokud nikam teda nesp\u011bch\u00e1te. No a pak samoz\u0159ejm\u011b klasick\u00fd po\u0159ad Zuzany Bub\u00edlkov\u00e9. Polibte si preference. Z\u016fsta\u0148te s n\u00e1mi. www.arkance-systems.cz","nbla_serie":"4200","nbla_season":"2023","nbla_episode":"35","nbla_duration":"914.8","nbla_genre":"","nbla_editorial_format":"","nbla_mtime":"1699024853","nbla_url":"https:\/\/origin.a11.cz\/vod\/2lu356dc7xwfe6qxcgl1vztop.mp4","nbla_version":"1699024845","nbla_odvysilano":"Ano","bunny_id":"41332330-c9d3-4d8f-a69c-de534501ea91","youtube_id":"","datum_vydani":"20231103","stopaz":"914.8","dokument":[],"video_to":[]},"_links":{"self":[{"href":"https:\/\/tv.a11.cz\/api\/wp\/v2\/video\/13272","targetHints":{"allow":["GET"]}}],"collection":[{"href":"https:\/\/tv.a11.cz\/api\/wp\/v2\/video"}],"about":[{"href":"https:\/\/tv.a11.cz\/api\/wp\/v2\/types\/video"}],"author":[{"embeddable":true,"href":"https:\/\/tv.a11.cz\/api\/wp\/v2\/users\/8"}],"wp:featuredmedia":[{"embeddable":true,"href":"https:\/\/tv.a11.cz\/api\/wp\/v2\/media\/13319"}],"wp:attachment":[{"href":"https:\/\/tv.a11.cz\/api\/wp\/v2\/media?parent=13272"}],"wp:term":[{"taxonomy":"category","embeddable":true,"href":"https:\/\/tv.a11.cz\/api\/wp\/v2\/categories?post=13272"},{"taxonomy":"porad","embeddable":true,"href":"https:\/\/tv.a11.cz\/api\/wp\/v2\/porad?post=13272"},{"taxonomy":"region","embeddable":true,"href":"https:\/\/tv.a11.cz\/api\/wp\/v2\/region?post=13272"},{"taxonomy":"kategorie","embeddable":true,"href":"https:\/\/tv.a11.cz\/api\/wp\/v2\/kategorie?post=13272"}],"curies":[{"name":"wp","href":"https:\/\/api.w.org\/{rel}","templated":true}]}}