{"id":13232,"date":"2023-11-02T17:41:05","date_gmt":"2023-11-02T16:41:05","guid":{"rendered":"https:\/\/tv.a11.cz\/?post_type=video&#038;p=13232"},"modified":"2023-11-03T08:56:12","modified_gmt":"2023-11-03T07:56:12","slug":"a11-zpravy-ctvrtek-2-11-2023","status":"publish","type":"video","link":"https:\/\/tv.a11.cz\/video\/a11-zpravy-ctvrtek-2-11-2023\/","title":{"rendered":"Hlavn\u00ed zpr\u00e1vy \u010dtvrtek 2.11. 2023"},"content":{"rendered":"","protected":false},"excerpt":{"rendered":"<p>Propojen\u00ed d\u016fle\u017eit\u00e9 estak\u00e1dy na D6 &#8211; Ostrava a participativn\u00ed rozpo\u010det &#8211; Prost\u011bjov pl\u00e1nuje linku na odpady &#8211; S n\u00e1mi je tu l\u00e9pe atakuje 12 milion\u016f<\/p>\n","protected":false},"author":8,"featured_media":13240,"template":"","categories":[17,157],"porad":[212],"region":[218],"kategorie":[],"class_list":["post-13232","video","type-video","status-publish","has-post-thumbnail","hentry","category-domaci","category-zpravy","porad-hlavni-zpravy-a11","region-cela-cr"],"acf":[],"meta_box":{"nbla_idec":"A2300136","nbla_title":"A11 Zpr\u00e1vy","nbla_subtitle":"\u010ctvrtek 2.11. 2023","nbla_summary":"Zpravodajstv\u00ed A11 ze v\u0161ech kout\u016f \u010cesk\u00e9 republiky","nbla_description":"","nbla_transcription":"Pr\u00e1v\u011b za\u010d\u00ednaj\u00ed A11 zpr\u00e1vy, u kter\u00fdch v\u00e1s v\u00edt\u00e1 Teresa Jelinkov\u00e1. Stavba d\u00e1lnice D6 mezi Nov\u00fdm Stra\u0161ec\u00edm a hranic\u00ed Karlovarsk\u00e9ho kraje dnes za\u017eila d\u016fle\u017eit\u00fd okam\u017eik. Stava\u0159i vybetonovali posledn\u00ed \u010d\u00e1st estak\u00e1dy pod\u00e9l Krupe na Rakovnicku a t\u00edm propojili tak doposud dv\u011b odd\u011blen\u00e9 \u010d\u00e1sti cel\u00e9ho \u00faseku. Na dokon\u010den\u00ed z\u00e1sadn\u00edho \u00faseku 805 metr\u016f dlouh\u00e9 estak\u00e1dy, estava\u0159i jen v posledn\u00edch dnech spot\u0159ebovali 500 kub\u00edk\u016f betonu a 80 tun beton\u00e1\u0159sk\u00e9 v\u00fdstu\u017ee. D\u00edky nim propojili levou \u010d\u00e1st mostu, tedy budouc\u00ed sm\u011br na Prahu. Je to levej j\u00edzdn\u00ed p\u00e1s, sm\u011br na Prahu a v podstat\u011b dne\u0161n\u00edm dnem propoj\u00edme levej j\u00edzdn\u00ed most Karlovarskou a Pra\u017eskou op\u011bry. Ta stavba prob\u00edh\u00e1 od jara roku 2022 a term\u00edn s provozen\u00edm m\u00e1me v srpnu 2024. Druhou \u010d\u00e1st estak\u00e1dy u Krupe dokon\u010d\u00ed stava\u0159i na p\u0159elomu ledna a \u00fanora p\u0159\u00ed\u0161t\u00edho roku a to kv\u016fli technologii posuvn\u00fdch skru\u017e\u00ed. Kv\u016fli n\u00ed nen\u00ed mo\u017en\u00e9 bodovat ob\u011b mostn\u00ed \u010d\u00e1sti najednou vedle sebe. A co je na t\u00e9to nadzemn\u00ed stavb\u011b nejslo\u017eit\u011bj\u0161\u00ed? Vlastn\u00ed mont\u00e1\u017e, posuvn\u00fdch skru\u017e\u00ed. V\u016fbec cel\u00fd p\u0159ipravit na tu beton\u00e1\u0159, cel\u00fd to sestavit. \u00dasek D6 u Krupe p\u0159itom nen\u00ed jedin\u00fd, kter\u00fd aktu\u00e1ln\u011b stava\u0159i buduj\u00ed. Od jara leto\u0161n\u00edho roku realizujeme obchvat ho\u0159ovi\u010dek a ho\u0159esedel. Tyto dv\u011b stavby jsou nyn\u00ed naplno v realizaci s t\u00edm, \u017ee z provozen\u00ed ho\u0159esedel pl\u00e1nujeme na z\u00e1\u0159\u00ed roku 2025 a ho\u0159ovi\u010dky maj\u00ed term\u00edn listopad 2025. Chyb\u011bt u\u017e bude pouze jeden \u00fasek a to Petrohrad Lubenec. Nyn\u00ed jsme ve f\u00e1zi v\u00fdb\u011brov\u00e9ho \u0159\u00edzen\u00ed na zhotovitel\u00e9 stavby s t\u00edm, \u017ee otev\u00edr\u00e1n\u00ed ob\u00e1lek je napl\u00e1nov\u00e1no na konci listopadu leto\u0161n\u00edho roku, tak\u017ee zah\u00e1jen\u00ed t\u00e9 stavby p\u0159edpokl\u00e1d\u00e1me n\u011bkdy na ja\u0159e 2024. Mezit\u00edm u\u017e pob\u011b\u017e\u00ed naplno v\u0161echny dal\u0161\u00ed pr\u00e1ce nejen na estak\u00e1d\u011b u Krupe a to v\u010detn\u011b nutn\u00e9ho zaizolov\u00e1n\u00ed, instalac\u00ed svodidel a dal\u0161\u00ed sou\u010d\u00e1st\u00ed budouc\u00ed d\u00e1lnice, kter\u00e1 v\u00fdrazn\u011b zrychl\u00ed spojen\u00ed mezi Nov\u00fdm Stra\u0161ec\u00edm a Karlovarsk\u00fdm krajem. N\u00e1\u0161 obvod, to je n\u00e1zev Participativn\u00edho rozpo\u010dtu, v r\u00e1mci n\u011bho\u017e je ve\u0159ejnosti umo\u017en\u011bno rozhodovat o \u010d\u00e1sti m\u011bstsk\u00e9ho rozpo\u010dtu. M\u011bstsk\u00fd obvod Moravsk\u00e1 ostrava a p\u0159\u00edvoz je ji\u017e \u0159adu let vyu\u017e\u00edvaj\u00ed k postupn\u00e9mu vylep\u0161ovan\u00fd ve\u0159ejn\u00fd prostor. Letos na n\u011bj vy\u010dlenili 1 milion korun. Participativn\u00ed rozpo\u010det je sv\u00fdm zalo\u017een\u00edm opravdu uk\u00e1zkov\u011b demokratick\u00fd n\u00e1stroj. Pr\u00e1v\u011b s jeho pomoc\u00ed mohou ob\u010dany takto p\u0159\u00edmo rozhodovat o n\u011b\u010dem tak d\u016fle\u017eit\u00e9m, jako je bezprost\u0159edn\u00ed okol\u00ed jejich bydli\u0161t\u011b, prostoru, ve kter\u00e9m se pohybuj\u00ed a pob\u00fdvaj\u00ed nej\u010dast\u011bji a kter\u00fd sd\u00edlaj\u00ed s nejbli\u017e\u0161\u00edmi sousedy. My s m\u011bstsk\u00fdm obvodem spolupracujeme n\u011bkolik posledn\u00edch let, sna\u017e\u00edme se jim pomoct se strategick\u00fdm pl\u00e1nem, to znamen\u00e1 napl\u00e1novat, jak zlep\u0161it situaci podnikatel\u016f, m\u00edstn\u00edch obyvatel\u016f v cel\u00e9m m\u011bstsk\u00e9m obvod\u011b. Zazn\u00edme se v lokalit\u011b Jilov\u00e1, co\u017e je lokalita ob\u00fdvan\u00e1 asi 250 d\u011btmi, ale nen\u00ed tady \u017e\u00e1dn\u00e9 d\u011btsk\u00e9 h\u0159i\u0161t\u011b a my jsme se s kolektivem p\u0159\u00e1tel, kte\u0159\u00ed tady bydl\u00ed, rozhodli zapojit do participativn\u00edho rozpo\u010dtu a m\u011bli jsme vlastn\u011b \u0161t\u011bst\u00ed a vyhr\u00e1li jsme. P\u0159edstavovali bychom si, aby tady bylo n\u011bco co nejv\u00edc multifunk\u010dn\u00ed, a\u0165 si na tom m\u016f\u017eou p\u0159es den hr\u00e1t d\u011bti, ve\u010der si na tom m\u016f\u017ee n\u011bkdo t\u0159eba posadit a a\u0165 to t\u0159eba je dostate\u010dn\u011b prostorn\u00e9 nebo \u017ee to d\u00fdch\u00e1. V n\u00e1vaznosti na tu zm\u011bnu se pr\u00e1v\u011b poda\u0159ila v\u00fdhra tady v t\u00e9 lokalit\u011b, kde sami m\u00edstn\u00ed obyvatele nap\u0159\u00ed\u010d cel\u00fdm obvodem, ale taky nav\u0161t\u011bvn\u00edci ostravy mohli hlasovat, kter\u00fd z t\u011bch vybran\u00fdch pozemk\u016f zv\u00edt\u011bz\u00ed a vyhr\u00e1l to pr\u00e1v\u011b tady ten pozemek. My jsme se vlastn\u011b sna\u017eili p\u016fvodn\u011b z\u00edskat grant z nadace VIA, ale potom n\u00e1s oslovili z m\u011bsta, proto\u017ee n\u00e1s znaj\u00ed jako aktivn\u00ed ob\u010dany tady a uk\u00e1zali n\u00e1m existenci participativn\u00edho rozpo\u010dtu. Na\u0161\u00ed rol\u00ed je zjistit, co ti m\u00edstn\u00ed obyvatele v t\u00e9to lokalit\u011b by ocenili, co by cht\u011bli, aby na tom pozemku vzniklo, tak aby skute\u010dn\u011b se potkala ta nab\u00eddka a ta popt\u00e1vka potom u zemi. M\u011bsto Prost\u011bjov pl\u00e1nuje vybudovat linku na v\u00fdrobu tuh\u00e9ho alternativn\u00edho paliva. Projekt m\u00e1 vystav\u011bt spole\u010dnost FCC Prost\u011bjov. Nyn\u00ed pl\u00e1n posluzuje odbor \u017eivotn\u00edho prost\u0159ed\u00ed Olomouck\u00e9ho kraje, kter\u00fd zkoum\u00e1 jeho vliv na \u017eivotn\u00ed prost\u0159ed\u00ed. M\u011bsto Prost\u011bjov intenzivn\u011b pracuje na \u0159e\u0161en\u00ed nakl\u00e1d\u00e1n\u00ed z odpady po roce 2030, tedy pot\u00e9, co bude zak\u00e1z\u00e1no zkl\u00e1dkov\u00e1n\u00ed. Radnice se nyn\u00ed zab\u00fdv\u00e1 tak\u00e9 z\u00e1m\u011brem spole\u010dnosti FCC postavit odpadovou linku. Minul\u00fd t\u00fdden na\u0161t\u011bvil veden\u00ed spole\u010dnosti FCC Prost\u011bjov, kde jsem byl detajn\u011b sezn\u00e1men s t\u00edm z\u00e1m\u011brem. Samoz\u0159ejm\u011b tato spole\u010dnost po\u017e\u00e1dala o EU na krajsk\u00fd \u00fa\u0159ad Olomouck\u00e9ho kraje na odbor \u017eivotn\u00edho prost\u0159ed\u00ed, kter\u00fd m\u00e1 posluzovat tento z\u00e1m\u011br v \u0161ir\u0161\u00edch souvislostech, co se t\u00fdk\u00e1 \u017eivotn\u00edho prost\u0159ed\u00ed, dopravy. Samoz\u0159ejm\u011b i p\u0159\u00edpadn\u00e9ho ve\u0159ejn\u00e9ho sly\u0161en\u00ed ob\u010dan\u016f m\u011bsta atd. Tak\u017ee ta komplexn\u011b m\u00e1 posoudit tento z\u00e1m\u011br. Nyn\u00ed se bude \u010dekat na vypracov\u00e1n\u00ed EA, tedy na posluzov\u00e1n\u00ed a vyhodnocen\u00ed vlivu z\u00e1m\u011bru na \u017eivotn\u00ed prost\u0159ed\u00ed. M\u016fj ten subjektivn\u00ed n\u00e1zor je takov\u00fd, \u017ee m\u011bli bychom, aby jsme byli opravdu spravedl\u00ed ve v\u0161ech sm\u011brech, tak nechat posoudit samoz\u0159ejm\u011b tuto EU, tedy nechat vypracovat, aby jsme v\u011bd\u011bli ve v\u0161ech sm\u011brech, co tato z\u00e1le\u017eitost m\u00e1 p\u0159in\u00e9st na\u0161im ob\u010dan\u016fm v na\u0161em m\u011bst\u011b. J\u00e1 \u0159\u00edk\u00e1m, \u017ee by jsme m\u011bli b\u00fdt zodpov\u011bdn\u00ed ve v\u0161ech sm\u011brech a nepolitizovat tuto z\u00e1le\u017eitost, proto\u017ee ot\u00e1zka o odpadu je velice citliv\u00e1. Na druhou stranu, po roce 2030 v\u00edme, \u017ee bude zak\u00e1z\u00e1no skl\u00e1dkov\u00e1n\u00ed a my odpad, kter\u00fd vyprodukujeme, mus\u00edme s n\u00edm um\u011bt n\u011bjak nakl\u00e1dat. Tak\u017ee my si mus\u00edme rozhodnout zodpov\u011bdn\u011b, bez jak\u00fdchkoliv politick\u00fdch vl\u00edv\u016f, nechat posoudit kompetentn\u00ed org\u00e1ny, zdali ten \u010di onen projekt, kter\u00fd vyhovuje z hlediska \u017eivotn\u00edho post\u0159ed\u00ed a z hlediska toho \u017eivotn\u00edho standardu na\u0161ich ob\u010dan\u016f. Nov\u011b pl\u00e1novan\u00e9 odpadov\u00e9 centrum chce FCC postavit v are\u00e1lu b\u00fdval\u00e9 Vitany. M\u011blo b\u00fdt o linku na v\u00fdrobu tuj\u00edch alternativn\u00edch paliv s kapacitou maxim\u00e1ln\u011b 50 000 tun odpadu ro\u010dn\u011b ve dvousm\u011bn\u00e9m provozu. Dary Nada\u010dn\u00edmu fondu Orlicko-Usteck\u00e9 nemocnice atakuj\u00ed \u010d\u00e1stku 12 milion\u016f korun. Nada\u010dn\u00ed fond Sn\u00e1my je tu l\u00e9pe si kladezacil s kvalitn\u011b dostupnou p\u00e9\u010di v tomto za\u0159\u00edzen\u00ed. Od zalo\u017een\u00ed fondu po\u010d\u00e1tkem roku 2013 se d\u00edky d\u00e1rc\u016fm podpo\u0159ilo v\u00edce jak deset projekt\u016f. Podporovatele a partne\u0159i Nada\u010dn\u00edho fondu Sn\u00e1my je tu l\u00e9pe se op\u011bt se\u0161ly za zdmy Orlicko-Usteck\u00e9 nemocnice. V\u00edce jak desetiletou histori\u00ed fondu je provedl \u010dlen spr\u00e1vn\u00ed rady Josef H\u00e1jek. V\u0161ichni z t\u011bch p\u0159\u00edstroj\u016f, kter\u00e9 jsme zakoupili, jsou do te\u010fka funk\u010dn\u00ed. To, co jsme kupovali p\u0159ed desetilety a nen\u00ed tam jedin\u00fd hor\u0161\u00ed. V\u0161ichni jsou v\u00fdborn\u00ed. Nada\u010dn\u00ed fond byl zalo\u017een 21. \u00fanora 2013. Za dobu existence byla zakoupena v\u00edce jak des\u00edtka p\u0159\u00edstroj\u016f, kter\u00e9 moment\u00e1ln\u011b slou\u017e\u00ed pacient\u016fm nemocnice. J\u00e1 jsem za to velmi r\u00e1da, proto\u017ee nemocnice Pardubick\u00e9ho kraje samoz\u0159ejm\u011b sv\u00e9 p\u0159\u00edstroje, vybaven\u00ed zakupuj\u00ed. Nicm\u00e9n\u011b je to o prioritizaci a o n\u011bjak\u00e9m finan\u010dn\u00edm r\u00e1mci, kter\u00fd do toho m\u016f\u017eeme vlo\u017eit. Dorazil i \u0159\u00edmskokatolick\u00fd far\u00e1\u0159 Zbign\u011bv \u010cendlik nebo z\u00e1stupci m\u011bst, kter\u00e9 jsou pravideln\u00fdmi podporovateli nada\u010dn\u00edho fondu. Nen\u00ed to jen o t\u011bch projektech a o t\u011bch nov\u00fdch p\u0159\u00edstroj\u00edch. Ty jsou nesm\u00edrn\u011b d\u016fle\u017eit\u00fd pro vybaven\u00ed nemocnice. Ale je to i hlavn\u011b o t\u011bch lidech, kte\u0159\u00ed pracuj\u00ed a pom\u00e1haj\u00ed t\u011bm pacient\u016fm a zaji\u0161\u0165uj\u00ed tu hlavn\u00ed p\u00e9\u010di. Sev\u00e1\u017e\u00edme pr\u00e1ce zam\u011bstnanc\u016f podlickou \u00fasteck\u00e9 nemocnice a to prost\u0159ed\u00ed je pot\u0159eba zlep\u0161ovat, proto\u017ee jedna v\u011bc je pracovn\u00ed s\u00edla a druh\u00e1 je samoz\u0159ejm\u011b to p\u0159\u00edstrojov\u00e9 vybaven\u00ed. A to je hlavn\u00ed d\u016fvod, pro\u010d m\u011bsto Ustinatolic\u00ed se n\u011bkolik let ji\u017e zapoje. Podlickou \u00fasteck\u00e1 nemocnice je pro n\u00e1s st\u011b\u017een\u00ed, je sp\u00e1dov\u00e1, d\u00e1v\u00e1 m\u011b to rozum, tak\u017ee p\u0159edpokl\u00e1d\u00e1m, \u017ee budeme nad\u00e1le v t\u00e9 podpo\u0159e pokra\u010dovat. Podobn\u011b m\u011bst, obci nebo firem podporuj\u00ed nada\u010dn\u00ed fond i oby\u010dejn\u00ed lid\u00e9. J\u00e1 si to \u010das a \u010dasu proch\u00e1z\u00edm a m\u00e1m velikou radost, kdy\u017e tam vid\u00edm n\u011bjak\u00e9 jm\u00e9no, p\u0159edstavuji si, \u017ee to je t\u0159eba star\u00e1 babi\u010dka, kter\u00e1 n\u011bkde z d\u016fchodu p\u0159isp\u011bla a jsou tam skute\u010dn\u011b p\u0159\u00edsp\u011bvky i stovka, dv\u011b stovky a tak d\u00e1le, tak\u017ee z t\u011bch je radost velik\u00e1. Mluvilo se tak\u00e9 o posledn\u00edm projektu. Je to projekt na takzvan\u00fd BCDG, to znamen\u00e1 monitorace moskov\u00fdch vln u pacient\u016f, kte\u0159\u00ed jsou v um\u011bl\u00e9m sp\u00e1nku po autonehod\u00e1ch. To le\u017e\u00ed na \u00e1ru nebo na neurologii nebo z jin\u00fdch d\u016fvod\u016f na um\u011bl\u00e9m sp\u00e1nku. Ka\u017ed\u00fd takov\u00fdhle projekt je u n\u00e1s velmi v\u00edt\u00e1n, i kdy\u017e n\u00e1m potom generuje samoz\u0159ejm\u011b ty n\u00e1klady, ale j\u00e1 jsem za n\u011b moc r\u00e1da a t\u00edmto bych cht\u011bla moc pod\u011bkovat v\u0161em don\u00e1tor\u016fm a sponsor\u016fm, kte\u0159\u00ed se neboj\u00ed a p\u0159isp\u011bj\u00ed n\u00e1m. Vyhl\u00e1\u0161en\u00ed nov\u00e9ho projektu se o\u010dek\u00e1v\u00e1 za\u010d\u00e1tkem p\u0159\u00ed\u0161t\u00edho roku. Vala\u0161sk\u00e9 Mezi\u0159\u00ed\u010d\u00ed ka\u017edoro\u010dn\u011b po\u0159\u00e1d\u00e1 takzvan\u00e9 recyklohr\u00e1dky a ani letos tomu nebylo jinak. Jedn\u00e1 se o osv\u011btovou kampa\u0148 zam\u011b\u0159enou na t\u0159\u00edden\u00ed a nevytv\u00e1\u0159en\u00ed odpadu. N\u00e1v\u0161t\u011bvn\u00edci si b\u011bhem akce vyskou\u0161eli t\u0159\u00edden\u00ed odpadu do barevn\u00fdch popelnic, dozv\u011bd\u011bli se o kompostov\u00e1n\u00ed bioodpadu a mnoho dal\u0161\u00edho. Ochr\u00e1nci p\u0159\u00edrody z Vala\u0161sk\u00e9ho Mezi\u0159\u00ed\u010d\u00ed po\u0159\u00e1daj\u00ed ka\u017edoro\u010dn\u011b vzd\u011bl\u00e1vac\u00ed a z\u00e1bavnou akci Recyklohr\u00e1dky, v\u011bnovanou t\u0159\u00edden\u00ed a recyklaci odpadu a ochrany \u017eivotn\u00edho prost\u0159ed\u00ed. Je to akce, kter\u00e1 je takov\u00fdm vrcholem celom\u011bs\u00ed\u010dn\u00ed kampan\u011b Br\u00e1na recyklace. Proto se sna\u017eili tak\u00e9 v\u00edce sm\u011brovat k tomu, abychom v\u016fbec nevytv\u00e1\u0159eli odpady. Tady m\u00e1me nejr\u016fzn\u011bj\u0161\u00ed stanovi\u0161t\u011b sm\u011b\u0159uj\u00edc\u00ed k tomu, aby ti lidi si uv\u011bdomili, \u017ee je opravdu d\u016fle\u017eit\u00e9 i t\u0159eba recyklovat oble\u010den\u00ed. J\u00e1 jsem vlastn\u011b tv\u016frce recyklovan\u00e9 m\u00f3dy, \u010dili pou\u017e\u00edv\u00e1m l\u00e1tky nebo oble\u010den\u00ed, kter\u00e9 u\u017e se d\u00e1 se d\u00e1t t\u0159eba v sek\u00e1\u010di nebo n\u011bkdo mi nab\u00eddne n\u011bco a z toho tvo\u0159\u00edm dal\u0161\u00ed nov\u00e9 kouzky, a\u0165 u\u017e \u0161aty, od\u011bvy, ta\u0161ky. My si tady vyr\u00e1b\u00edme voskovan\u00e9 \u00fabrousky a to je takov\u00e1 v\u00fdborn\u00e1 v\u011bc, kter\u00e1 nahrazuje a\u0165 u\u017e krabi\u010dky plastov\u00e9 anebo hlavn\u011b jelit\u00e1ky plastov\u00e9, pytl\u00edky na svad\u010dinu, na sn\u00eddan\u00ed. Je to vlastn\u011b klasick\u00e9 pl\u00e1tno a do toho roz\u017eehlujeme v\u010deri vosk. Vydr\u017e\u00ed v\u00e1m to l\u00e9ta letouc\u00ed, kr\u00e1sn\u011b to von\u00ed a vlastn\u011b tu svad\u010dinku do toho m\u016f\u017eete takhle kr\u00e1sn\u011b zabarit, teplem, rukou se to d\u00e1 vytvarovat. J\u00e1 to t\u0159eba pou\u017e\u00edv\u00e1m u\u017e l\u00e9ta na sn\u00eddan\u00ed, kdy\u017e fi\u010d\u00edm r\u00e1no do pr\u00e1ce. Na stanovi\u0161ti s recyklovateln\u00fdmi obaly v nas\u00e1van\u00e9 karton\u00e1\u017ee si z\u00e1jemci zasadili sem\u00ednka zdrav\u00fdch bylinek. D\u011bti si vyzkou\u0161eli t\u0159\u00edden\u00ed odpad\u016f do barevn\u00fdch popelnic. Zaj\u00edmav\u00e9 byly uk\u00e1zky kompostov\u00e1n\u00ed bioodpadu a p\u016fdn\u00edch \u017eivo\u010dich\u016f. V\u00fdborn\u00e9 je, kdy\u017e t\u0159\u00edd\u00edme bioodpad, abychom ho d\u00e1vali na kompost, do hn\u011bd\u00e9 popelnice a ty zv\u00ed\u0159\u00e1tka n\u00e1m zajist\u00ed tento kolob\u011b. To znamen\u00e1, \u017ee navr\u00e1t\u00ed zp\u00e1tky \u017eiviny do p\u016fdy tam, kam pat\u0159\u00ed. Po cel\u00fd den prob\u00edhala prezentace zdrav\u00e9ho m\u011bsta st\u00e1nkem s fairtradeovou k\u00e1vou a \u010dajem, kter\u00e9 nab\u00edzeli studenti stavebn\u00ed pr\u016fmyslovky. Na\u0161e \u0161kole spolupracuje s aktivitou Zdrav\u00e9 m\u011bsto. Ve \u0161kole prod\u00e1v\u00e1me taky fairtradeovou k\u00e1vu za v\u00fdhodnou cenu a d\u011bl\u00e1me r\u016fzn\u00e9 akce pro ve\u0159ejnost. Naho\u0159e v ekocentru b\u011b\u017e\u00ed film, kr\u00e1sn\u00fd, \u0161estiminutov\u00fd, a je tam miniv\u00fdstava n\u00e1pady, jak ned\u011blat odpady, tak\u017ee v\u0161echny re\u00e1ln\u00e9 v\u011bci, co b\u011b\u017en\u011b pou\u017e\u00edv\u00e1me, jsou tam k n\u00edm dvojice n\u00e1hrad, kter\u00e9 pou\u017e\u00edv\u00e1me po\u0159\u00e1d do kole\u010dka opakovan\u011b. V sou\u010d\u00e1sti akce bylo p\u0159edstaven\u00ed divadelka Leonka o ochran\u011b p\u0159\u00edrody. P\u016fjdem spolu do lesa, kvart\u00ed, kvart\u00ed, kvart. A te\u010f vy to sam\u00e9. P\u016fjdem spolu do lesa, kvart\u00ed, kvart\u00ed, kvart. Nechyb\u011blo op\u00e9kan\u00ed \u0161pek\u00e1\u010dku a obl\u00edben\u00e9 malovan\u00ed na obli\u010dej. Pracovn\u00edci z\u00e1chrann\u00e9 stanice \u010cSOP z Ho\u0161\u0165\u00e1lkov\u00e9 p\u0159edv\u00e1d\u011bli uk\u00e1zku drav\u00fdch pt\u00e1k\u016f. Program je naprosto \u00fa\u017easn\u011b p\u0159ihyst\u00e1n. J\u00e1 jsem tady s dvoma d\u011btma, docela to zvl\u00e1d\u00e1m. Prostor na to je velmi aktivn\u00ed, hrav\u00e9, \u00fa\u017easn\u00e9. Za spln\u011bn\u00ed v\u0161ech \u00fakol\u016f si d\u011bti odnesly na pam\u00e1tku mal\u00fd d\u00e1rek. Celodenn\u00ed akce se uskute\u010dnila za podpory m\u011bsta Vala\u0161sk\u00e9ho mezi\u0159\u00ed\u010d\u00ed. St\u0159edo Evropsk\u00e1 rally poprv\u00e9 v historii seri\u00e1lu zav\u00edtala i na \u010desk\u00e9 \u00fazem\u00ed. V\u00edt\u011bzem se stal z\u00e1vodn\u00edk Finn Kalle Rovanpera, kter\u00fd obh\u00e1jel titul mistra sv\u011bta v automobilov\u00fdch sout\u011b\u017e\u00edch. Nejlep\u0161\u00edm z \u010desk\u00fdch z\u00e1vodn\u00edk\u016f byl jeden\u00e1ct\u00fd Erik Cajs se svoj\u00ed f\u00e1b\u00ed. P\u0159i st\u0159edo Evropsk\u00e9 rally, kter\u00e1 z \u010d\u00e1sti projela i s Traklnick\u00e9m, se rozhodlo o mistru sv\u011bta pro veto\u010dn\u00ed rok. Po druh\u00e9m \u0159ad\u011b za sebou se jim stal 23. finck\u00fd z\u00e1vodn\u00edk Kalle Rovanpera, kter\u00e9ho naviguje krajan Jon\u00e9 Haltunen. K z\u00edsku titulu sta\u010dilo pos\u00e1dce tov\u00e1rn\u00ed Toyota druh\u00e9 m\u00edsto v z\u00e1vod\u011b, a to i z d\u016fvodu, \u017ee druh\u00fd aspirant na mistrovsk\u00fd titul, vel\u0161an Elfin Evans, havaroval ve druh\u00e9 etap\u011b z\u00e1vodu. V\u00edt\u011bzem st\u0159edoevropsk\u00e9 rally se stala belgick\u00e1 pos\u00e1dka vozu Hyundai, Thierry Neuwil a Martin Weideig. Ve v\u00fdsledkov\u00e9 listin\u011b st\u0159edoevropsk\u00e9 rally m\u016f\u017eeme vid\u011bt i v\u00fdraznou stopu \u010desk\u00fdch z\u00e1vodn\u00edk\u016f, a to dokonce z na\u0161eho regionu. Blatensk\u00fd z\u00e1vodn\u00edk V\u00e1clav Stejskal star\u0161\u00ed s vozem Renault Clio dokon\u010dil n\u00e1ro\u010dnou t\u0159\u00edden\u00ed sout\u011b\u017e na 49. m\u00edst\u011b absolutn\u011b a zv\u00edt\u011bzil ve t\u0159\u00edd\u011b RC5. St\u0159edoevropsk\u00e1 rally by se m\u011bla jet na na\u0161emu zem\u00ed minim\u00e1ln\u011b i v n\u00e1sleduj\u00edc\u00edch dvou letech. Spr\u00e1vy A11 sice kon\u010d\u00ed, ale rozhodn\u011b neodch\u00e1zejte, proto\u017ee po\u0159ad dobr\u00fd ve\u010der st\u00e1le pokra\u010duje po okouzluj\u00edc\u00ed zuzan\u011b bub\u00edlkov\u00e9. A j\u00e1 v\u00e1m p\u0159eji kr\u00e1sn\u00fd ve\u010der.","nbla_serie":"525","nbla_season":"2023","nbla_episode":"136","nbla_duration":"906.84","nbla_genre":"3.1.1.1","nbla_editorial_format":"2.1.1","nbla_mtime":"1698942875","nbla_url":"https:\/\/origin.a11.cz\/vod\/6zy4hwu0uu5b1kf1upvx4bnsr.mp4","nbla_version":"1698942866","nbla_odvysilano":"Ano","bunny_id":"319a381b-af97-4362-b82d-d5183cc726f4","youtube_id":"","datum_vydani":"20231102","stopaz":"906.84","dokument":[],"video_to":[]},"_links":{"self":[{"href":"https:\/\/tv.a11.cz\/api\/wp\/v2\/video\/13232","targetHints":{"allow":["GET"]}}],"collection":[{"href":"https:\/\/tv.a11.cz\/api\/wp\/v2\/video"}],"about":[{"href":"https:\/\/tv.a11.cz\/api\/wp\/v2\/types\/video"}],"author":[{"embeddable":true,"href":"https:\/\/tv.a11.cz\/api\/wp\/v2\/users\/8"}],"wp:featuredmedia":[{"embeddable":true,"href":"https:\/\/tv.a11.cz\/api\/wp\/v2\/media\/13240"}],"wp:attachment":[{"href":"https:\/\/tv.a11.cz\/api\/wp\/v2\/media?parent=13232"}],"wp:term":[{"taxonomy":"category","embeddable":true,"href":"https:\/\/tv.a11.cz\/api\/wp\/v2\/categories?post=13232"},{"taxonomy":"porad","embeddable":true,"href":"https:\/\/tv.a11.cz\/api\/wp\/v2\/porad?post=13232"},{"taxonomy":"region","embeddable":true,"href":"https:\/\/tv.a11.cz\/api\/wp\/v2\/region?post=13232"},{"taxonomy":"kategorie","embeddable":true,"href":"https:\/\/tv.a11.cz\/api\/wp\/v2\/kategorie?post=13232"}],"curies":[{"name":"wp","href":"https:\/\/api.w.org\/{rel}","templated":true}]}}