{"id":13231,"date":"2023-11-02T17:21:35","date_gmt":"2023-11-02T16:21:35","guid":{"rendered":"https:\/\/tv.a11.cz\/?post_type=video&#038;p=13231"},"modified":"2023-11-03T09:04:32","modified_gmt":"2023-11-03T08:04:32","slug":"dobry-vecer-s-a11-2-11-2023-1-cast","status":"publish","type":"video","link":"https:\/\/tv.a11.cz\/video\/dobry-vecer-s-a11-2-11-2023-1-cast\/","title":{"rendered":"Dobr\u00fd ve\u010der s A11 2.11.2023 &#8211; 1.\u010d\u00e1st"},"content":{"rendered":"","protected":false},"excerpt":{"rendered":"<p>Pohodln\u011b se usa\u010fte, za\u010d\u00edn\u00e1 v\u00e1\u0161 obl\u00edben\u00fd ve\u010dern\u00ed po\u0159ad. Dnes n\u00e1s toho \u010dek\u00e1 opravdu hodn\u011b. Na\u0161\u00edm prvn\u00edm hostem je kolegyn\u011b, pan\u00ed redaktorka \u010dasopisu N\u00e1\u0161 region a taky spisovatelka, pan\u00ed Jitka Ka\u010d\u00e1nov\u00e1.<\/p>\n","protected":false},"author":8,"featured_media":13241,"template":"","categories":[173],"porad":[245],"region":[],"kategorie":[],"class_list":["post-13231","video","type-video","status-publish","has-post-thumbnail","hentry","category-ze-spolecnosti","porad-dobry-vecer-s-a11"],"acf":[],"meta_box":{"nbla_idec":"A2390034A","nbla_title":"Dobr\u00fd ve\u010der s A11","nbla_subtitle":"2.11.2023 - 1.\u010d\u00e1st","nbla_summary":"","nbla_description":"","nbla_transcription":"Je tu \u010dtvrtek a to jsme tady zase my dva s Tondou p\u0159i na\u0161em obl\u00edben\u00e9m po\u0159adu Dobr\u00fd ve\u010der s A11. Pros\u00edm t\u011b, posa\u010f se u\u017e, posa\u010f se u\u017e. Mil\u00ed div\u00e1ci, j\u00e1 jsem byl tak netrp\u011bliv\u00fd, \u017ee jsem u\u017e d\u00e1vno tady sed\u011bl, u\u017e tady asi p\u011bt minut vysed\u00e1v\u00e1m. \u010cek\u00e1m, a\u017e si zapnete televize. Dneska to m\u00e1me hrozn\u011b zaj\u00edmav\u00fd, vi\u010f, Baru? Hlavn\u011b dneska m\u00e1me du\u0161i\u010dkov\u00fd ve\u010der. Du\u0161i\u010dkov\u00fd, ano, to je ten sv\u00e1tek, kter\u00fd m\u00e1m j\u00e1 r\u00e1d. P\u0159esn\u011b tak. Kdy\u017e se nahoj\u00edm jako nemus\u00edm tolik, ale zase u n\u011bj v\u011bt\u0161\u00ed legrace, to je pravda. Co n\u00e1s to tam dneska \u010dek\u00e1 v\u0161echno? Dneska to pr\u00e1v\u011b budeme m\u00edt hlad\u011bn\u00fd tro\u0161ku do toho du\u0161i\u010dkov\u00fdho, takov\u00fdho tajemna. Kde m\u00e1me sv\u00edce? To n\u00e1m tu chyb\u00ed, no. Sakra, jsem m\u011bl koupit aspo\u0148 tu n\u00e1hrobn\u00ed, tak\u017ee byste si j\u00ed sem dali. Mo\u017en\u00e1 by se k tomu hodila i urni\u010dka. No, ale se\u0161 tro\u0161ku bl\u00edzko, proto\u017ee o smrti si samoz\u0159ejm\u011b dneska budeme pov\u00eddat. Ale nebojte, nebude to jenom smutn\u00fd, v\u00e1\u017en\u00fd t\u00e9ma. Budeme tady m\u00edt i jednoho speci\u00e1ln\u00edho hosta, ale to je\u0161t\u011b neprozrad\u00edme. Jo. A s n\u00edm bude veselo. No, samoz\u0159ejm\u011b budeme, jako obvykle, va\u0159it. Cvi\u010dit. Cvi\u010dit a tak. A prost\u011b bude to zaj\u00edmav\u00fd, tak se m\u00e1te na co t\u011b\u0161it. Hezk\u00fd ve\u010der. Mil\u00ed div\u00e1ci, my si mus\u00edme \u010das od \u010dasu p\u0159ih\u0159\u00e1t i tu vlastn\u00ed pol\u00edv\u010di\u010dku. A tak na\u0161\u00edm prvn\u00edm hostem je d\u00e1ma z na\u0161ich \u0159ad, d\u00e1 se \u0159\u00edci. Firmn\u00edch, teda minim\u00e1ln\u011b. A je to pan\u00ed redaktorka \u010desopisu N\u00e1\u0161 region a taky spisovatelka, pan\u00ed Jitka Ka\u010d\u00e1nov\u00e1. Dobr\u00fd den, Jitko. Dobr\u00fd den, Jitko. No, vy nejste p\u0159eci jenom redaktorka, vy jste p\u0159\u00edmo \u0161\u00e9fov\u00e1, ne? No, tak \u00fapln\u011b ne, nejv\u011bt\u0161\u00ed \u0161\u00e9f tady sed\u00ed vedle. Ale m\u00e1m na starosti N\u00e1\u0161 region Brno a p\u0159isp\u00edv\u00e1m i do na\u0161ich dal\u0161\u00edch region\u016f a taky do mlad\u00e9ho sv\u011bta. A co je nov\u00fdho v Brn\u011b? Tak v Brn\u011b, j\u00e1 tady jenom chci uk\u00e1zat, to se stra\u0161n\u011b hezky hod\u00ed na kameru. Mo\u017en\u00e1 to pod\u00e1m v\u00e1m, abyste v\u011bd\u011bli, kam to uk\u00e1zat. Mo\u017en\u00e1 jste to zaregistrovali, nen\u00ed to p\u0159\u00edmo v Brn\u011b, je to na B\u0159eslavsku, kde velice agiln\u00ed pan Far\u00e1\u0159 smejkal, tak ro\u0161lapal d\u011btem d\u00fdn\u011b, proto\u017ee Halloween je od satana, podle n\u011bj. To jsem sly\u0161el, tuto historiku, no. To je prost\u011b Brno a okol\u00ed. To se mi moc, to se mi, mus\u00edm \u0159\u00edct, \u017ee se mi to moc nel\u00edbilo, proto\u017ee furt m\u00e1m, jak m\u00e1m ty kamar\u00e1dy, r\u016fzn\u011b ty duchovn\u00ed, tak to jsou tak fajn lidi. R\u00e1no vstanou, ud\u011blaj mi t\u0159eba m\u00edchal\u00fd vaj\u00ed\u010dka a takhle. Pro celou, ne pro m\u011b, ale pro celou partu v hotelu prost\u011b. No, m\u00e1m si na sam\u00e9 dobr\u00e9 zku\u0161enosti a tohleto, tato historika m\u011b nepomodlila. Zase je o \u010dem ps\u00e1t na jednu stranu. Proto\u017ee j\u00e1 si mysl\u00edm, \u017ee ty regiony tam, ty report\u00e1\u017ee se d\u011blaj\u00ed tro\u0161ku slo\u017eit\u011bj\u00edc mo\u017en\u00e1. J\u00e1 jenom a\u017e k tomu teda chci \u0159\u00edct, jak se \u0159ekla, \u017ee i o \u010dem ps\u00e1t, tak tady ten p\u0159\u00edb\u011bh pronikl a\u017e do BBC, \u017ee to byl takov\u00fd biz\u00e1r, \u017ee o tom psali i v BBC. Ale ka\u017edop\u00e1dn\u011b j\u00e1 tam taky zmi\u0148uji teda i jeho n\u00e1hled nebo n\u00e1hled i ofici\u00e1ln\u00edch exorcist\u016f z \u0158\u00edma, tak oni maj\u00ed na to n\u011bjak\u00fd sv\u016fj n\u00e1hled, kter\u00fd je podle m\u011b taky legitimn\u00ed, tak\u017ee nen\u00ed to zastak \u00fapln\u011b od v\u011bc\u00ed. Nicm\u00e9n\u011b on s\u00e1m potom \u0159\u00edk\u00e1, kdybych si uv\u011bdomil, \u017ee to vlastn\u011b je v\u00fdsledek d\u011btsk\u00fdho odpoledne, zvan\u00fd d\u00fd\u0148ov\u00e1n\u00ed, \u017ee by asi p\u0159istupoval k tomu tro\u0161ku jinak. No to m\u00e1m poci, \u017ee u\u017e kdy\u017e pochopil, \u017ee p\u0159el\u00e1pl tak hodn\u011b. A je\u0161t\u011b se v tom dok\u00e1zal vrt\u011bt. Zase dok\u00e1zal, \u017ee Brno se dostal a\u017e do BBC. No B\u0159eclav. Je to bl\u00edzko. Je to kus\u00ed\u010dek, no to je pravda. Ale tak m\u00e1me, m\u00e1me ty du\u0161i\u010dky. Jsou v t\u011bch du\u0161i\u010dkov\u00fdch zvic\u00edch mezi regiony n\u011bjak\u00e9 jako diametr\u00e1ln\u00ed rozd\u00edly? Nemysl\u00edm jako mal\u00fd, tu je \u0161ir\u0161\u00ed stuh\u00e1, tu je u\u017e\u0161\u00ed stuh\u00e1, tu se pou\u017e\u00edv\u00e1 v\u00edc ta kytka, tu se pou\u017e\u00edv\u00e1 v\u00edc ta kytka. Ale jestli jsou opravdu v t\u011bch zvic\u00edch t\u0159eba u\u017e jako v\u011bt\u0161\u00ed rozd\u00edly mezi regionama? M\u00e1te to takhle zmapovan\u00fd? To je ot\u00e1zka na n\u011bjak\u00e9ho folkloristu nebo prost\u011b \u010dlov\u011bka, kter\u00fd se zab\u00fdv\u00e1 t\u011bma zvyklostma lidovejma. J\u00e1 se zab\u00fdv\u00e1m na\u0161im regionem, j\u00e1 bych v\u00e1m mo\u017en\u00e1 \u0159ekla v\u00edc n\u011bco o regionu, jestli m\u016f\u017eu. Tady vlastn\u011b, co je zaj\u00edmav\u00fd, tady ten model, tady toho t\u00fddenn\u00edku nebo 14 t\u00fddenn\u00edku, m\u011bs\u00ed\u010dn\u00edku. My vlastn\u011b na\u0161im regionem pokr\u00fdv\u00e1me celou republiku a je to vlastn\u011b revolu\u010dn\u00ed model v tom, \u017ee je to zadarmo, \u017ee vlastn\u011b \u010dten\u00e1\u0159\u016fm. Moment, moment, je to zadarmo. Co je na tom za revoluci? Pra\u017esk\u00fd metro je zadarmo od vzniku a tak bylo koncipovan\u00fd. Ale to je jin\u00fd. Jde o to, \u017ee samoz\u0159ejm\u011b o tom \u0159\u00edk\u00e1te spr\u00e1vn\u011b. Pr\u00e1v\u011b i tenhle model na toho metro je revolu\u010dn\u00ed. No dob\u0159e, ale to bylo revolu\u010dn\u00ed p\u0159ed 25 lety, kdy\u017e metro vzniklo. Tak v \u010dem je n\u00e1\u0161 region revolu\u010dn\u00ed? V tom, a \u0159\u00edk\u00e1te revolu\u010dn\u00ed, je v tom, \u017ee je zadarmo. No, no, ale je taky v\u0161ude. Jo, pr\u00e1v\u011b zadarmo a v\u0161ude. Tak\u017ee brn\u011bnsk\u00fd region n\u00e1\u0161 je v\u0161ude po cel\u00fd republice. Ne, ne, je v t\u011bch, n\u00e1\u0161 region je v\u0161ude a je v t\u011bch mutac\u00edch. To je n\u00e1\u0161 region a v\u017edycky m\u00e1me ty regiony, tak\u017ee brn\u011bnsk\u00fd region. A kdy\u017e si chce Pra\u017e\u00e1k po\u0159\u00eddit brn\u011bnsk\u00fd region? M\u00e1 \u0161anci? Tak bu\u010f by mohl p\u0159ij\u00edt k n\u00e1m do redakce, to m\u00e1 nejjednodu\u0161\u0161\u00ed. A nebo, co je hodn\u011b d\u016fle\u017eit\u00e9 taky zm\u00ednit, n\u00e1\u0161 region CZ, tak vlastn\u011b tam jsou v\u0161echny ty mutace v PDF podob\u011b. Nev\u00edte co, proto\u017ee dv\u011b t\u0159etiny Pra\u017e\u00e1k\u016f jsou br\u0148\u00e1ci, to v\u00edme. Tak by bylo mo\u017en\u00e1 dobr\u00fd ten brn\u011bnsk\u00fd region \u0161\u00ed\u0159it zdarma i v Praze. T\u0159eba by se toho chytlo. No a zase opravdu v Brn\u011b Prahu, \u017ee? A Pra\u017e\u00e1ci tam nejsou moc. No, ale se br\u0148\u00e1ky zaj\u00edm\u00e1, co se d\u011bje v Praze. A zaj\u00edm\u00e1 Pra\u017e\u00e1ky to sed\u011bt v Brn\u011b? J\u00e1 si mysl\u00edm, \u017ee br\u0148\u00e1ky to moc nezaj\u00edm\u00e1. J\u00e1 mysl\u00edm, \u017ee je to hodn\u011b zaj\u00edm\u00e1, i kdy\u017e to ned\u00e1vaj\u00ed na jo. Jako v \u010dem v\u011bt\u0161ina t\u011bch jejich p\u0159\u00edbuznej\u00edch, co \u017eijou v Praze, v \u010dem jako \u017eijou, jo? Jo, p\u0159esn\u011b. Mo\u017en\u00e1 ano, z tohohle d\u016fvodu. Ale to by cht\u011blo v tom p\u0159\u00edpad\u011b pra\u017eskou, jako pra\u017eskou brn\u011bnskou mutaci. To je\u0161t\u011b m\u016f\u017eeme zv\u00e1\u017eit. Jenom t\u0159eba, co je taky zaj\u00edmav\u00e9, j\u00e1 jsem tuhle d\u011blala jako v\u00fdzkum, \u017ee opravdu kolik \u010dlen\u016f vl\u00e1dy m\u00e1 ko\u0159eny v Brn\u011b, jo? V\u0161ichni. No te\u010f v\u0161ichni. Je to prost\u011b neuv\u011b\u0159iteln\u00fd, jak Brno je takhle vlastn\u011b n\u00e1s tady ovl\u00e1da. To se se\u0161lo. No a j\u00e1 nev\u00edm, jak n\u00e1s to tady ovl\u00e1da, ale v ka\u017ed\u00e9m p\u0159\u00edpad\u011b to m\u00ed\u0159\u00ed do pekel, dal\u0161\u00ed regiony samoz\u0159ejm\u011b. A to je vlastn\u011b v tom shrnut\u00fd region \u010cesko. Ne, ne, pak m\u00e1me pr\u00e1v\u011b t\u0159eba Plze\u0148sko-Karlovarsk\u00fd, m\u00e1me Severo-Moravsk\u00fd. Takhle, j\u00e1 jsem pr\u00e1v\u011b myslela, \u017ee to je region \u010cesko. To je jenom na uk\u00e1zku, aby jsem vzala ty nejaktu\u00e1ln\u011bj\u0161\u00ed, ale vlastn\u011b t\u011bch mutac\u00ed je asi 10 nebo 12. Tak\u017ee vlastn\u011b opravdu ka\u017edej si najde, pokud by to nebylo na t\u00e9 m\u00edstn\u00ed po\u0161t\u011b, co\u017e m\u00e1me vlastn\u011b dohodu s po\u0161tama nebo taky s COPem, tak vlastn\u011b m\u016f\u017ee se pod\u00edvat na ten n\u00e1\u0161 region CZ a tam krom\u011b t\u011bch PDF model\u016f, tak najde i taky seznam v\u0161ech t\u011bch stojan\u016f po cel\u00e9 republice. Tak\u017ee opravdu se m\u016f\u017ee ka\u017edej vybrat. Lokalizovat si, kam si m\u016f\u017eou r\u00e1no zab\u011bhnout pro region. To znamen\u00e1, te\u010f si jsem pochopil, proto\u017ee jste \u0159ekla, \u017ee asi 12 m\u00e1te t\u011bch region\u00e1ln\u00edch mutac\u00ed. To znamen\u00e1, \u017ee to nekop\u00edruje vlastn\u011b kraje, ale je to rozdeln\u00fd tro\u0161ku jinak. Je to vlastn\u011b n\u011bkdy, asi to v\u00edte sami, n\u011bkdy ty kraje nejsou \u00fapln\u011b \u0161ikovn\u011b, neodpov\u00eddaj\u00ed v\u0161emu, tak my se sna\u017e\u00edme tu sp\u00e1dovu zachovat, tak by to bylo \u00fapln\u011b n\u011bco nej\u0161ikovn\u011bj\u0161\u00ed pro ty lidi, co tam bydlej\u00ed. Vy jste jmenovala te\u010f Karlovarsko-Plze\u0148skoho. A to je n\u011bjak jako \u0161ikovn\u011b dohromady sp\u00e1dov\u011b jako Plze\u0148 a Karlovivary. Mn\u011b to \u00fapln\u011b nep\u0159ijde. Jsou to z\u00e1padn\u00ed \u010cechy. Vlastn\u011b to sou\u010d\u00e1st Plze\u0148sk\u00e9ho kraje, Karlovarskoho, tak\u017ee to pat\u0159\u00ed k sob\u011b. Z pohledu Br\u0148\u00e1ka, z\u00e1padn\u00ed \u010cechy jsou od \u010ceskomorovsk\u00fd vrchoviny v\u0161echno na z\u00e1pad, jo? To ur\u010dit\u011b jo. Zase jako pozor na to ur\u010den\u00ed m\u00edstopisn\u00ed. J\u00e1 bych te\u010fka mo\u017en\u00e1 opustila ty regiony, proto\u017ee j\u00e1 tady vid\u00edm Mlad\u00fd sv\u011bt. Ano, to jsem cht\u011bla v\u00e1m taky p\u0159edstavit. A to m\u011b teda zaj\u00edm\u00e1, proto\u017ee j\u00e1 mysl\u00edm, \u017ee Mlad\u00fd sv\u011bt, \u010desopis Mlad\u00fd sv\u011bt m\u00e1 teda historii neuv\u011b\u0159itelnou. Kolik let u\u017e \u017eije, kolik let se vyd\u00e1v\u00e1, mo\u017en\u00e1 s n\u011bjakou pauzou. Proto\u017ee kdy\u017e jsem byla d\u00edt\u011b, tak v\u00edm, \u017ee Mlad\u00fd sv\u011bt existoval a byl hrozn\u011b modern\u00ed. Pak byla n\u011bjak\u00e1 pauza a te\u010f se vr\u00e1til. Ano, to je pr\u00e1v\u011b z\u00e1sluha vlastn\u011b A11 na\u0161eho majitele, \u017ee vlastn\u011b to je hodn\u00e1 srde\u010dn\u00ed z\u00e1le\u017eitost. Tak\u017ee po n\u011bjak\u00fd pauzi, kdy opravdu ten Mlad\u00fd sv\u011bt nevych\u00e1zel, bohu\u017eel, tak jsme tu zna\u010dku koupili a vych\u00e1z\u00ed to tady u\u017e skoro 3 roky. Vede to Jan Janu\u0161, d\u011bl\u00e1 to moc hezky, si mysl\u00edm. T\u0159eba zrovna v tomhletom \u010d\u00edsle, kter\u00fd je te\u010fka na st\u00e1nk\u00e1ch, tak kdy\u017e mluv\u00edme o t\u011bch du\u0161i\u010dk\u00e1ch, tak tam p\u0159ipom\u00edn\u00e1me, \u017ee to jsou 4 roky, co ode\u0161el Karl Gott. Karla Gotta. Je tam t\u0159eba kr\u00e1sn\u00fd rozhovor s Vilmou Cibulkovou, kter\u00e1 je ikonick\u00e1. Je tam spoustu zaj\u00edmav\u00fdch v\u011bc\u00ed, kter\u00e9 v\u00e1m v\u0161em\u0159el\u00e9 doporu\u010duju. A nejenom t\u011bm, kte\u0159\u00ed maj\u00ed n\u011bjakou nostalgii k Mlad\u00fdmu sv\u011btu, proto\u017ee mysl\u00edm, \u017ee jsme v\u0161ichni to \u010detli za mlada, k t\u011bm nov\u00fdm \u010dten\u00e1\u0159\u016fm, kte\u0159\u00ed m\u016f\u017eou objevit pro sebe n\u011bco \u00fapln\u011b. A dokonce na\u0161e televize A11 m\u00e1 p\u0159\u00edmo po\u0159ad z Mlad\u00e9ho sv\u011bta s B\u00e1rou Hlav\u00e1\u010dkou. Ano, ano. A v jak\u00e9m, v jak\u00e9m n\u00e1kladu to vych\u00e1z\u00ed vlastn\u011b ten Mlad\u00fd sv\u011bt? No, to jsou takov\u00fd \u010d\u00edsla, kter\u00fd bychom nechali asi marketing\u016fm, jako nem\u00e1 to asi 100 tis\u00edcov\u00fd n\u00e1klady, ale je to prost\u011b n\u00e1klad, kter\u00fd pom\u016f\u017ee lidem. A kdo stane b\u011b\u017en\u011b v trafik\u00e1ch, v takov\u00fdch t\u011bch za\u0159\u00edzen\u00edch? Kauflandech. Kauflandech, tam, kde se prod\u00e1vaj\u00ed prost\u011b noviny \u010dasopisy, tak tam je na\u0161i div\u00e1ci, tedy pota\u017emo i \u010dten\u00e1\u0159i na\u0161i, proto\u017ee jsme jedna pod jednou st\u0159echou, jedna firmi\u010dka, tak tam si je m\u016f\u017eou koupit. A kolik vlastn\u011b stoj\u00ed Mlad\u00fd sv\u011bt? To je ide\u00e1ln\u011b 50, 49 korun, tak\u017ee to je \u00fapln\u011b ide\u00e1ln\u00ed. Vyt\u00e1hnete malou kovovou minci\u010dku a m\u00e1, nebo u\u017e trochu v\u011bt\u0161\u00ed a nen\u00ed to p\u0159edra\u017een\u00fd. Jenom jsem cht\u011bla \u0159\u00edct je\u0161t\u011b, kdyby \u010dten\u00e1\u0159i m\u011bli probl\u00e9m se ho n\u011bkde dohonit, ten mladej sv\u011bt, tak zase m\u016f\u017eou se obr\u00e1tit na n\u00e1s, m\u016f\u017eou si n\u00e1s naj\u00edt na internetu, m\u016f\u017eou n\u00e1m napsat, my se s t\u00edm r\u00e1di domluv\u00edme, po\u0161leme. Mlad\u00fd sv\u011bt.cz. Mlad\u00fd sv\u011bt.cz, ne, ale na A11.cz. A11.cz, a tam u\u017e se kr\u00e1sn\u011b rozv\u011btujej\u00ed, kam budou pot\u0159ebovat. \u010cesn\u011b tak. Tam ur\u010dit\u011b najdou i ten n\u00e1\u0161 region, ne? Ur\u010dit\u011b. Tak\u017ee, tak\u017ee, je to hrozn\u011b jednoduch\u00fd. N\u00e1m se nach\u00fdlil mali\u010dko \u010das. Ale my se vr\u00e1t\u00edme je\u0161t\u011b. Samoz\u0159ejm\u011b, n\u00e1\u0161 host tady s n\u00e1mi z\u016fst\u00e1v\u00e1. A my se te\u010fka pod\u00edv\u00e1me na hezk\u00fd klip, takovej, kter\u00fd je jako k t\u011bm du\u0161i\u010dk\u00e1m, jo? J\u00e1 jsem zapomn\u011bl, kter\u00fd. P\u0159\u00edmo Hroba\u0159. Hroba\u0159. Vl\u00e1d\u00ed jsem se, u\u010dil Hroba\u0159em. Jezdit s bl\u00ednou, jezdit s vraka\u0159em. Kopat hroby byl m\u016fj ide\u00e1l. Jezdit s bl\u00ednou, jezdit s lo\u017e\u00edkem. S t\u0159emnou rakv\u00ed, s b\u00edl\u00fdm pomn\u00edkem. Toho bych se nikdy nenad\u00e1l. Vl\u00e1d\u00ed jsem se, u\u010dil Hroba\u0159em. Jezdit s bl\u00ednou, jezdit s vraka\u0159em. Kopat hroby byl m\u016fj ide\u00e1l. Jezdit s bl\u00ednou, jezdit s lo\u017e\u00edkem. S t\u0159emnou rakv\u00ed, s b\u00edl\u00fdm pomn\u00edkem. Toho bych se nikdy nenad\u00e1l. V\u0161echno m\u016f\u017ee p\u0159ijde k Hroba\u0159em. \u010cern\u00fd Hroba\u0159, budeme zpr\u00e1vce. Toho bych se nikdy nenad\u00e1l. Kolem projel r\u016fst milion\u00e1\u0159e. Z\u00e1plesk sm\u011btel padl mi do hlave. Barn\u011b p\u0159\u00edp\u011bj, kola plest\u00ed t\u0159\u00ed. Stoup\u00e1m, z\u016fdu, stoup\u00e1m, ke hv\u011bzd\u00e1m. Tam se s t\u0159emnou rakv\u00ed nezbled\u00e1m. Zbohem b\u00edl\u00e9 m\u011bsto p\u0159ad\u00ed t\u0159\u00ed. Zbohem moje m\u011bsto vzpom\u00ednat budu p\u0159esto. J\u00e1 jsem osad\u016fj sm\u00edch a tv\u016fj tv\u00e1\u0159. Na na na... Na na na... Na na na... Na na na... Na na na... Na na na... Jitko, j\u00e1 jsem se cht\u011bla zeptat, pro\u010d v\u00e1s vlastn\u011b fascinovaly mordy? Proto\u017ee j\u00e1 jsem \u010detla z t\u00e9 kn\u00ed\u017eky, \u017ee tam je 60 vlastn\u011b mord\u016f. Tak \u010d\u00edm v\u00e1s fascinovalo ps\u00e1t o mordech? J\u00e1 to za\u010dnu zp\u016fsobovat na sv\u00fd obr\u00e1cen\u011b, pro\u010d lidi fascinoje \u010d\u00edst o mordech. \u017de vlastn\u011b tady ty kram\u00e1\u0159sk\u00fd p\u00edsn\u011b o mordech, to byly vlastn\u011b z\u00e1hrodky prvn\u00edch novin. Tak\u017ee kdy\u017e jsem \u010derstv\u011b m\u011bla nabit\u00fd informace z \u017eurnalistiky, z teorie, tak bylo jasn\u00fd, \u017ee tohle t\u00e9ma je vlastn\u011b nejpopul\u00e1rn\u011bj\u0161\u00ed, jak se n\u00e1m to l\u00edb\u00ed nebo nel\u00edb\u00ed. Lidi to cht\u011bj\u00ed \u010d\u00edst, lidi to zaj\u00edm\u00e1. Je to prost\u011b to, co je p\u0159itahuje. Tam pr\u00e1v\u011b i v tom \u00favodu cituju Radka Gala\u0161e, co\u017e je \u0159editel Muzea policie a ten pr\u00e1v\u011b \u0159\u00edk\u00e1, \u017ee lidi jsou krvele\u010dn\u00ed bestie. \u017de jak z toho kape krev, tak je to zaj\u00edm\u00e1. A takhle to teda je. A z\u00e1rove\u0148 je mi to osobn\u011b, mo\u017en\u00e1 taky m\u00e1te r\u00e1di trilery a tady ty r\u016fzn\u00fd jakoby p\u0159\u00edb\u011bhy sami o tom \u010d\u00edst a sledovat to. M\u011b to zaj\u00edm\u00e1 vlastn\u011b pozorovat psychologii i t\u011bch zlo\u010dinc\u016f, i t\u0159eba t\u011bch kriminalist\u016f. Tak ono hodn\u011b t\u011bch p\u0159\u00edb\u011bh\u016f bylo i sfilmovan\u00fdch. Kolik je tam vlastn\u011b t\u011bch mord\u016f? 60. Kolem 60. 60. To znamen\u00e1, \u017ee to nejsou novodob\u00ed mordy. Ne, ne, ne. To je pr\u016f\u0159ez d\u011bjinama. A kde se za\u010dala? Za\u010dala jsem u... Karla IV. Ne, ne, ne. Tam, tam nedo\u0161\u00e1hnu. Ale j\u00e1 jsem za\u010dala u Ot\u00edly Vransk\u00e9. To asi zn\u00e1te v\u0161ichni ten p\u0159\u00edpad. To je vlastn\u011b, byla roz\u0159ezan\u00e1 prostitutka. Jej\u00ed\u017e kusit\u011bl se na\u0161li ve vlastn\u00ed... V kufrech. V kufrech, ano. Ano. A to byl vlastn\u011b, jestli zn\u00e1te v\u0161ichni, asi h\u0159\u00ed\u0161n\u00e9 lidi m\u011bsta Pra\u017esk\u00e9ho, tak vlastn\u011b ten pan Vac\u00e1tko, tak jeho p\u0159edobraz byl, jako \u0161ef mordparty Va\u0148\u00e1sek a pro n\u011bj to byl jako nejbolestiv\u011bj\u0161\u00ed pomn\u00ed\u010dek, proto\u017ee vlastn\u011b se mu to nikdy nepoda\u0159ilo vy\u0159e\u0161it. J\u00e1 se nem\u00fdl\u00edm, j\u00e1 jsem te\u010fka \u010detl, \u017ee vlastn\u011b dosp\u011bli k tomu, kdo teda skute\u010dn\u011b byl t\u00edm vrahem. Byly tam n\u011bjak\u00e9 je\u0161t\u011b nejasnosti. Tak pozor. To m\u00e1me p\u0159esn\u011b. Rozbory. Proto\u017ee j\u00e1 to sleduju. No, no, no. Tak se tro\u0161ku m\u00fdl\u00edte. Oni slibovali, \u017ee to vyjasn\u00ed. Tak\u017ee v\u0161ichni, to byla v p\u016flce z\u00e1\u0159\u00ed, byla tiskov\u00e1 konference, na n\u00ed se v\u0161ichni jako na\u017eahavili a na t\u00e9 tiskovce se \u0159eklo, \u017ee nakonec teda se to nevyjasn\u00ed. Proto\u017ee tam vlastn\u011b byl takov\u00fd p\u0159\u00edslib, \u017ee byla DNA, ona m\u011bla za prstama n\u011bjak\u00fd prost\u011b kusy DNA, k\u016f\u017ee, vlasy a jsou dva podez\u0159el\u00ed a poda\u0159ilo se z\u00edskat p\u0159\u00edbuzn\u00e9 t\u011bch podez\u0159el\u00fdch, kter\u00fdch souhlasili s t\u00edm, \u017ee poskytnou svoji DNA, ale nakonec to nedopadlo. Nen\u00ed to, neodpov\u00edd\u00e1 i DNA. A je je\u0161t\u011b \u0161ance, \u017ee by se t\u0159eba vylep\u0161ily metody rozboru toho obrazu DNA? To j\u00e1 nedok\u00e1\u017eu odpov\u011bdit. Zat\u00edm to nikdo nev\u00ed. J\u00e1 m\u00e1m t\u0159eba osobn\u011b sv\u016fj tip, \u017ee si mysl\u00edm, kdo to byl, ale to m\u016f\u017ee m\u00edt ka\u017edej. Vemte si, kdy\u017e oni vyhl\u00e1sili nebo se obr\u00e1tili na ve\u0159ejnost, tenkr\u00e1t ty kriminalisti, tak dostali na \u0161est tis\u00edc dopis\u016f. Jeden z posledn\u00edch dopis\u016f dostal je\u0161t\u011b v \u0161edes\u00e1t\u00fdch letech. \u017de po\u0159\u00e1d n\u011bkdo m\u011bl n\u011bjak\u00fd tip. Ka\u017edej se cht\u011bl tomu vyj\u00e1d\u0159it. A bylo to \u0161est tis\u00edc tip\u016f, nebo se tam n\u011bkter\u00e9 jm\u00e9na opakovaly? To nedok\u00e1\u017eu taky \u0159\u00edct. To bylo zaj\u00edmav\u00e9, toti\u017e jestli ty \u010ce\u0161i napr\u00e1skali \u0161est tis\u00edc sv\u00fdch t\u011bch soused\u016f, kter\u00fdch se cht\u011bli zbavit nebo jim cht\u011bli ubl\u00ed\u017eit. Mysl\u00edm, \u017ee m\u00e1te, to je hodn\u011b bl\u00edzko v tom, \u017ee tam se pr\u00e1v\u011b vy\u0159izovali r\u016fzn\u00fd \u00fa\u010dty. \u017de n\u011bkdo ozna\u010dil n\u011bkoho, on je vrah, oni si p\u0159ijali n\u011bco spole\u010dn\u00e9ho. Ot\u00edlie Vransk\u00e1, to je vlastn\u011b, to u\u017e je prvn\u00ed republika. N\u011bkdy na za\u010d\u00e1tku prvn\u00ed republiky. A kde to kon\u010d\u00ed? Kon\u010d\u00ed to p\u0159ed p\u00e1r lety. No ne \u00fapln\u011b v\u010dera, ale \u0159ekn\u011bme v t\u011bch des\u00e1t\u00fdch, dvac\u00e1t\u00fdch letech, taj\u00edto stolet\u00ed. Ale hlavn\u00ed ten nejv\u00edce tam p\u0159\u00edpad\u016f z osmdes\u00e1tejch let, z devades\u00e1tejch let. Osmdes\u00e1t\u00fd let, a to je vlastn\u011b \u00e9ra Ji\u0159e Markovi\u010de, co\u017e asi taky znaj\u00ed hodn\u011b lidi, tady to jm\u00e9no. To byl jeden z nejv\u011bt\u0161\u00edch \u010desk\u00fdch detektiv\u016f, kter\u00fd vlastn\u011b se chlobil t\u00edm, \u017ee asi \u0161est let za sebou byly v\u0161echny vra\u017edy v Praze objasn\u011bn\u00fd. Jeho mordparta byla vyhl\u00e1\u0161ena. A ty devades\u00e1tky, to je sp\u00ed\u0161 zase Josef Mare\u0161, kter\u00fd ho mo\u017en\u00e1 zn\u00e1te. V prvn\u00ed odd\u011blen\u00ed, nato\u010den\u00fd podle pana Mare\u0161a. P\u0159esn\u011b tak. A ty p\u0159\u00edpady \u010dasto, kter\u00e9 se objevuj\u00ed v prvn\u00edm odd\u011blen\u00ed, tak se objevuj\u00ed i tady v t\u00e9 kn\u00ed\u017ece. A Jitko, m\u00e1te n\u011bjak\u00fd nejobl\u00edben\u011bj\u0161\u00ed p\u0159\u00edb\u011bh? Nebo n\u011bkter\u00fd, kter\u00fd ve v\u00e1s zbudil nejv\u011bt\u0161\u00ed emoce? Nejv\u011bt\u0161\u00ed emoce, tam bych ty emoce n\u00e1zvala trochu negativn\u00ed, trochu v st\u00e9k. Je to p\u0159\u00edpad Kr\u00e1sn\u00e9 Anety, se to jmenuje. Je to jedna d\u00edvka, kter\u00e1 se podle policist\u016f ubodala sama. T\u0159in\u00e1ctkr\u00e1t se bodla do hrudn\u00edku, z toho t\u0159ikr\u00e1t do srdce. A tuhle tu verzi, jako ty policist\u00e9 cht\u011bj\u00ed po lidech, aby tomu v\u011b\u0159ili, hlavn\u011b po jej\u00ed mamince, kter\u00e1 vlastn\u011b se opakovan\u011b sna\u017eila, aby se ten p\u0159\u00edpad vy\u0161et\u0159il znovu a l\u00edp. Pak u\u017e se to srdce dokonce ztratilo, proto\u017ee prost\u011b takhle, z\u0159ejm\u011b tam jsou n\u011bjak\u00fd vy\u0161\u0161\u00ed z\u00e1jmy. N\u011bkte\u0159\u00ed lid\u00e9 se domn\u00edvaj\u00ed, \u017ee ten drogov\u00fd d\u00fdler, kter\u00fd byl z\u0159ejm\u011b vrah, tak proto\u017ee spolupracoval se st\u00e1tn\u00edm org\u00e1nem na\u0161ema, tak vlastn\u011b ho p\u0159ikryli a on ode\u0161el do zahrani\u010d\u00ed, odkud poch\u00e1z\u00ed a tam u\u017e z\u016fstal. Tak\u017ee to je t\u0159eba pro m\u011b velice takov\u00fd nep\u0159ijateln\u00fd zp\u016fsob jako \u0159e\u0161en\u00ed p\u0159\u00edpadu. Nebo tam je Berdych\u016fv gang, o tom se taky mo\u017en\u00e1 sly\u0161eli, kdy vlastn\u011b ty zlo\u010dince \u00fakolovala policie. Tak\u017ee to nejsou takov\u00e9 obl\u00edben\u00e9 mordy, kter\u00e9 by se jako s chut\u00ed r\u00e1da vracela, ale sp\u00ed\u0161 je to takov\u00e9 pochyben\u00ed, kter\u00e9 se mi nel\u00edb\u00ed a o kter\u00e9m by se asi m\u011blo je\u0161t\u011b v\u00edc mluvit a m\u011bly by se na to zam\u011b\u0159it pr\u00e1v\u011b ty poctiv\u00e9 a slu\u0161n\u00e9 policist\u00e9, aby si vlastn\u011b uklidili u sebe, aby jim tady ty, \u0159ekn\u011bme, skorumpovan\u00e9 osoby nekazily reputaci. My jsme v tom prvn\u00edm vstupu, kdy\u017e jsme se bavili o na\u0161em regionu a o tom Brn\u011b a takhle, tak jsem se cht\u011bl zeptat, a kam d\u00e1l? Te\u010f m\u00e1te pokryt\u00fd ty pra\u017esk\u00fd mordy. P\u016fjdete po t\u011bch brn\u011bnsk\u00fdch mordech? Jste v\u00fdborn\u00fd. Tak\u017ee j\u00e1 u\u017e po tom jdu. My jsme to vlastn\u011b vydali te\u010fka v l\u00e9t\u011b, p\u0159ed t\u0159ema m\u011bs\u00edcema. Ty pra\u017esk\u00fd? Ty pra\u017esk\u00fd. A te\u010fka vlastn\u011b v regionech, my jsme se i vlastn\u011b rozkro\u010dili, proto\u017ee p\u0159edt\u00edm ty pra\u017esk\u00fd mordy v Brn\u011b nebyly, ale te\u010f d\u011bl\u00e1me slavn\u00e9 \u010desk\u00e9 mordy a ty jsou u\u017e ve v\u0161ech t\u011bch mutac\u00edch. Tam je t\u0159eba Roubal, byl teda i v Praze, ale je tam t\u0159eba V\u00e1clav Mr\u00e1zek, to je vlastn\u011b z 50. let, takov\u00fd slavn\u00fd \u00fachyle na kole. Jsou tam prost\u011b p\u0159\u00edpady, te\u010fka jsem tam psala minul\u00fd t\u00fdden o st\u0159elci z uhersk\u00e9ho brodu, vlastn\u011b o Zdenkovi Kov\u00e1\u0159evi. Dob\u0159e, dob\u0159e, j\u00e1 te\u010f u\u017e jsem pochopil. To mluv\u00edte o tom, \u017ee ty jednotliv\u00fd p\u0159\u00edpady jsou taky sou\u010d\u00e1st\u00ed toho na\u0161eho regionu. Ano, ano. Ale j\u00e1 jsem se pt\u00e1l, kam vy osobn\u011b, jako autorka t\u00e9to kn\u00ed\u017eky, t\u011bch slavn\u00fdch pra\u017esk\u00fdch mord\u016f, jestli kam m\u00ed\u0159\u00edte d\u00e1l, jestli t\u0159eba ud\u011bl\u00e1te dal\u0161\u00ed kn\u00ed\u017eku, kde budou slavn\u00e9 brd\u011bnsk\u00e9 mordy. Ne, ne, te\u010fka budou slavn\u00e9 \u010desk\u00e9 mordy. \u010cesk\u00e9 mordy. A tam budou zahrnuty vlastn\u011b v\u0161echny, krom\u011b t\u011bch pra\u017esk\u00fdch. No, proto\u017ee vlastn\u011b tato kn\u00ed\u017eka vznikla z na\u0161eho regionu. To jsou vlastn\u011b, kter\u00fd tam vych\u00e1z\u00ed ka\u017ed\u00fd t\u00fdden. Tak jsme to se zb\u00edrali dohromady. Te\u010fka d\u00e1me dohromady, a\u017e bude t\u0159eba t\u011bch 66 mord\u016f. A pak je\u0161t\u011b m\u00e1m v pl\u00e1nu t\u0159eba d\u011blat slavn\u00e9 sv\u011btov\u00e9 mordy, jako t\u0159eba bostonsk\u00fd \u0161krti\u010d, nebo d\u017eek rozparov\u00e1\u010d. Ale to u\u017e si nejsem jist\u00e1, jestli je \u00fapln\u011b pro n\u00e1\u0161 region. Tak\u017ee to je\u0161t\u011b tady zv\u00e1\u017e\u00edme. P\u0159\u00edpadn\u011b by to bylo jenom v mlad\u011bku, nebo to se je\u0161t\u011b uvid\u00ed. To jsou va\u0161e pl\u00e1ny do budoucna. A j\u00e1 v\u00edm, \u017ee jste se narodila v p\u00e1tek 13. Co\u017e samou osob\u011b u\u017e, mysl\u00edm, \u017ee je takov\u00fd datum, \u017ee ne\u0159\u00edk\u00e1m, \u017ee \u010dlov\u011bk je tro\u0161ku uchyl. A pro\u010d? To nen\u00ed \u0161patn\u00fd horak p\u0159ed p\u00e1tek 13. No ne, naopak. Je takov\u00fd tajemn\u00fd datum, \u017ee pr\u00e1v\u011b mo\u017en\u00e1 proto Jitka sedela takhle na... Tajemn\u00fd datum? No, ne tajemn\u00fd datum, ale prost\u011b v p\u00e1tek 13. 6.6.666. To je tajemn\u00fd, to je \u010f\u00e1belsk\u00fd u\u017e. No ale jako 13. p\u00e1tek. V \u010dem je ta tajemnost? P\u00e1tek 13. p\u0159ece se narodit, to zase nen\u00ed... To je docela v\u00fdjimn\u00fd v\u0161ichni. Ne ka\u017ed\u00fdm se to neporad\u00ed. No, ne ka\u017ed\u00fdm se to porad\u00ed. A jak to m\u00e1te zp\u00e1tkem 13.? J\u00e1 to \u00fapln\u011b v pohod\u011b. J\u00e1 jenom, jak se \u0159\u00edk\u00e1 o tom 6. M\u00e1te velkou oslavu? No norm\u00e1ln\u00ed, j\u00e1 mysl\u00edm, \u017ee v\u0161ichni jsme r\u00e1di, kdy\u017e se n\u00e1m nic nestane. \u017d\u00e1dnej velk\u00fd pr\u016f\u0161vih. Jinak toho 6. 6. jsem maturovala, tak\u017ee to m\u00e1m taky k tomu n\u011bjakou vzpom\u00ednku. No, j\u00e1 mysl\u00edm 13. v p\u00e1tek, to je jenom takov\u00e1 zaj\u00edmavost, ale br\u00e1cha se narodil v ned\u011bli odpoledne, tak\u017ee to ka\u017ed\u00fd... Kdy\u017e se se narodili vy t\u0159eba? No norm\u00e1ln\u011b taky... J\u00e1 20. kv\u011btna. A kolik lid\u00ed je, co se narodil? Zvl\u00e1\u0161tn\u00ed datum? To je \u00fapln\u011b tajemn\u00fd datum 20. Ale je to k tomuhle tomu, mysl\u00edm, \u017ee to pat\u0159\u00ed. Taky mysteri\u00f3zn\u00fd tro\u0161ku. Mysteri\u00f3zn\u00fd. Tak\u017ee mnohokr\u00e1t d\u011bkujeme za n\u00e1v\u0161t\u011bvu. T\u011b\u0161\u00edme se na dal\u0161\u00ed d\u00edly, kter\u00e9 si vy, \u010dten\u00e1\u0159i, m\u016f\u017eete samoz\u0159ejm\u011b p\u0159e\u010d\u00edst v Mlad\u00e9m sv\u011bt\u011b a v na\u0161em regionu. Vych\u00e1z\u00ed to tak jako v obou dvou t\u011bch periodyk\u00e1ch. P\u0159esn\u011b tak. D\u011bkujeme za n\u00e1v\u0161t\u011bvu. Budeme se t\u011b\u0161it na pokra\u010dov\u00e1n\u00ed va\u0161ich mord\u016f. D\u011bkuji za pozv\u00e1n\u00ed. D\u011bkujeme. Hodn\u011b \u00fasp\u011bchu. D\u011bkujeme. A my, pros\u00edm v\u00e1s, p\u011bkn\u011b te\u010fka p\u016fjdeme va\u0159it. A jenom m\u00e1m na v\u00e1s prozbu, jo. V\u00edte, j\u00e1 jsem va\u0159il v\u010dera, jo. Roztrh jsem si po konzervu prst. Bol\u00ed to, tekla mi z toho hodn\u011b krve. Mi z toho teklo hodn\u011b krve. Tak\u017ee pokud jste tak \u0161ikovn\u00ed jako j\u00e1, tak se na to va\u0159en\u00ed jenom d\u00edvejte. A pak jd\u011bte v klidu do restaurace. Dobrou chu\u0165.","nbla_serie":"4200","nbla_season":"2023","nbla_episode":"34","nbla_duration":"1454.36","nbla_genre":"","nbla_editorial_format":"","nbla_mtime":"1698941726","nbla_url":"https:\/\/origin.a11.cz\/vod\/bm98vkct4y6pzs6bsollijizc.mp4","nbla_version":"1698941719","nbla_odvysilano":"Ano","bunny_id":"8a80a279-066c-435e-9594-8721bbdeb723","youtube_id":"","datum_vydani":"20231102","stopaz":"1454.36","dokument":[],"video_to":[]},"_links":{"self":[{"href":"https:\/\/tv.a11.cz\/api\/wp\/v2\/video\/13231","targetHints":{"allow":["GET"]}}],"collection":[{"href":"https:\/\/tv.a11.cz\/api\/wp\/v2\/video"}],"about":[{"href":"https:\/\/tv.a11.cz\/api\/wp\/v2\/types\/video"}],"author":[{"embeddable":true,"href":"https:\/\/tv.a11.cz\/api\/wp\/v2\/users\/8"}],"wp:featuredmedia":[{"embeddable":true,"href":"https:\/\/tv.a11.cz\/api\/wp\/v2\/media\/13241"}],"wp:attachment":[{"href":"https:\/\/tv.a11.cz\/api\/wp\/v2\/media?parent=13231"}],"wp:term":[{"taxonomy":"category","embeddable":true,"href":"https:\/\/tv.a11.cz\/api\/wp\/v2\/categories?post=13231"},{"taxonomy":"porad","embeddable":true,"href":"https:\/\/tv.a11.cz\/api\/wp\/v2\/porad?post=13231"},{"taxonomy":"region","embeddable":true,"href":"https:\/\/tv.a11.cz\/api\/wp\/v2\/region?post=13231"},{"taxonomy":"kategorie","embeddable":true,"href":"https:\/\/tv.a11.cz\/api\/wp\/v2\/kategorie?post=13231"}],"curies":[{"name":"wp","href":"https:\/\/api.w.org\/{rel}","templated":true}]}}