{"id":13160,"date":"2023-11-01T16:32:03","date_gmt":"2023-11-01T15:32:03","guid":{"rendered":"https:\/\/tv.a11.cz\/?post_type=video&#038;p=13160"},"modified":"2023-11-01T20:26:11","modified_gmt":"2023-11-01T19:26:11","slug":"a11-zpravy-streda-1-11-2023","status":"publish","type":"video","link":"https:\/\/tv.a11.cz\/video\/a11-zpravy-streda-1-11-2023\/","title":{"rendered":"Hlavn\u00ed zpr\u00e1vy st\u0159eda 1.11. 2023"},"content":{"rendered":"","protected":false},"excerpt":{"rendered":"<p>V Brn\u011b je nedostatek d\u00e1rc\u016f krve &#8211; AI usnadn\u00ed komunikaci \u00fa\u0159ad\u016f &#8211; Ze\u0161t\u00edhlen\u00ed \u00fa\u0159adu v \u010cesk\u00e9 T\u0159ebov\u00e9 &#8211; P\u0159\u00edprava v\u00fdstavby pavilonu pro Vil\u00edka<\/p>\n","protected":false},"author":8,"featured_media":13200,"template":"","categories":[17,157],"porad":[212],"region":[218],"kategorie":[],"class_list":["post-13160","video","type-video","status-publish","has-post-thumbnail","hentry","category-domaci","category-zpravy","porad-hlavni-zpravy-a11","region-cela-cr"],"acf":[],"meta_box":{"nbla_idec":"A2300135","nbla_title":"A11 Zpr\u00e1vy","nbla_subtitle":"St\u0159eda 1.11. 2023","nbla_summary":"Zpravodajstv\u00ed A11 ze v\u0161ech kout\u016f \u010cesk\u00e9 republiky","nbla_description":"","nbla_transcription":"Dobr\u00fd ve\u010der, jsou tady A11 zpr\u00e1vy, v\u00edt\u00e1 v\u00e1s u nich B\u00e1ra Hlav\u00e1\u010dkov\u00e1. Brn\u011bnsk\u00e9 nemocnice \u0159e\u0161\u00ed nedostatek d\u00e1rc\u016f krve, transfuzn\u00ed a tk\u00e1\u0148ov\u00e9 odd\u011blen\u00ed v centr\u00e1ln\u00ed jihomoravsk\u00e9 metropoli proto pro sv\u00e9 d\u00e1rce p\u0159ipravilo unik\u00e1tn\u00ed ve\u010dern\u00ed helouv\u00ednsk\u00fd odb\u011br. M\u00edsto se prom\u011bnilo na jedine\u010dn\u00e9 helouv\u00ednsk\u00e9 prost\u0159ed\u00ed s person\u00e1lem v kost\u00fdmech. U cel\u00e9 akce byl i n\u00e1\u0161 brn\u011bnsk\u00fd \u0161t\u00e1b televize A11. Nemocnic\u00edm na Ji\u017e\u00ed Morav\u011b chyb\u00ed dlouhodob\u011b d\u00e1rci krve. Origin\u00e1ln\u00ed zp\u016fsob, jak je nal\u00e1kat, p\u0159ipravili na transfuzn\u00edm odd\u011blen\u00ed Fakultn\u00ed nemocnice Bohunice. D\u00e1rce v\u00edtaj\u00ed v helouv\u00ednsk\u00fdch kost\u00fdmech. Krev odeb\u00edrali i up\u00ed\u0159i. Odd\u011blen\u00ed Fakultn\u00ed nemocnice v Brn\u011b se obl\u00e9klo do hr\u016fzostra\u0161n\u00e9ho h\u00e1vu. Nemocnice chce akc\u00ed s n\u00e1zvem Helouv\u00ednsk\u00fd odb\u011br krve pod\u011bkovat st\u00e1vaj\u00edc\u00edm d\u00e1rc\u016fm za spolupr\u00e1ci a oslovit nov\u00e9. Tady tuto akci po\u0159\u00e1d\u00e1me pravideln\u011b. My jsme ji poprv\u00e9 po\u0159\u00e1dali v roce 2020. To bylo v dob\u011b hlubok\u00e9ho lockdownu a tehdy to m\u011blo obrovsk\u00fd \u00fasp\u011bch, tak\u017ee od t\u00e9 doby to m\u00e1 tradici. A je to v podstat\u011b takov\u00e1 forma pod\u011bkov\u00e1n\u00ed t\u011bm d\u00e1rc\u016fm. Je to zpest\u0159en\u00ed t\u011bch b\u011b\u017en\u00fdch odb\u011br\u016f krve, kdy prob\u00edh\u00e1 to ve\u010der, ve ve\u010dern\u00edch hodin\u00e1ch, v t\u011bch stra\u0161ideln\u00fdch kost\u00fdmech, tak\u017ee m\u00e1 to popularitu u t\u011bch d\u00e1rc\u016f, je to obl\u00edben\u00e9 a \u00fap\u0159\u00edmn\u011b \u0159e\u010deno n\u00e1s to bav\u00ed taky. Toto je Martin. P\u0159i\u0161el, aby pomohl a jeho krev n\u011bkomu zachr\u00e1nila \u017eivot. Akci bere s humorem. J\u00e1 sem chod\u00edm \u00fapln\u011b pravideln\u011b a u\u017e docela dlouho to je pravideln\u011b. A pro\u010d sem vlastn\u011b chod\u00edm, proto\u017ee m\u011b se tady stra\u0161n\u011b l\u00edb\u00ed. M\u011b se tady l\u00edb\u00ed, jak to nov\u00e9 prost\u0159ed\u00ed, jsou tady t\u0159eba nov\u00e1 k\u0159eslat, je tady nov\u011b vymalovan\u00fd a obzvl\u00e1\u0161t\u011b se mi to l\u00edb\u00ed dneska, proto\u017ee tady p\u0159i\u0161li tyhle d\u011bv\u010data okolo, co se tady o m\u011b staraj\u00ed, hezky m\u011b p\u00edchaj\u00ed, mus\u00edm \u0159\u00edct, \u017ee zrovna dneska m\u011b p\u00edchly tak vedle p\u011bkn\u011b, \u017ee sem to skoro ani nec\u00edtil. Brn\u011bnsk\u00e9 nemocnice se dlouhodob\u011b pot\u00fdkaj\u00ed s nedostatkem d\u00e1rc\u016f krve. Up\u0159\u00edmn\u011b \u0159e\u010deno jedn\u00edm z motiv\u016f podobn\u00fdch akc\u00ed kost\u00fdmovan\u00fdch, takov\u00fdch atrakc\u00ed d\u00e1 se \u0159\u00edct pro d\u00e1rce krve, tak je i oslovit ty nov\u00e9, proto\u017ee oslohovat nov\u00e9 d\u00e1rce krve do registru je samoz\u0159ejm\u011b \u010d\u00edm d\u00e1l t\u011b\u017e\u0161\u00ed, a\u017e t\u00e9m\u011b\u0159 nemo\u017en\u00e9, jenom tady v Brn\u011b m\u00e1me obrovskou konkurenci, jak ve st\u00e1tn\u00edch, tak v komer\u010dn\u00edch za\u0159\u00edzen\u00edch, tak\u017ee je to opravdu boj o ka\u017ed\u00e9ho d\u00e1rce. My teda rozhodn\u011b nem\u016f\u017eeme \u0159\u00edct, \u017ee bychom m\u011bli nedostatek krve, to v \u017e\u00e1dn\u00e9m p\u0159\u00edpad\u011b ne, ale t\u011bch d\u00e1rc\u016f, kte\u0159\u00ed se n\u00e1m hl\u00e1s\u00ed, nov\u011b do toho registruje samoz\u0159ejm\u011b \u010d\u00edm d\u00e1l m\u00e9n\u011b, a takov\u00e9to odb\u011bry, atraktivn\u00ed, mimo jin\u00e9 slou\u017e\u00ed i k tomu prost\u011b n\u011bjak\u00fdm zp\u016fsobem se zviditelnit, ud\u011blat n\u011bco nav\u00edc, zaujmout je a p\u0159il\u00e1kat je sem, tak\u017ee mimo jin\u00e9 v\u00fdsledkem toho dne\u0161n\u00edho podve\u010dera je i to, \u017ee m\u00e1me n\u011bkolik nov\u00fdch prvod\u00e1rc\u016f a za to jsme opravdu moc r\u00e1di. U\u017e asi tak po \u010dty\u0159ic\u00e1t\u00e9, p\u011bta\u010dty\u0159ic\u00e1t\u00e9. Co v\u00e1s tomu vede, krom\u011b z\u00e1chrany \u017eivota? Tak, kdy\u017e m\u016f\u017eu, tak pom\u016f\u017eu. J\u00e1 jsem se u\u010dastnil z d\u016fvodu, \u017ee zat\u00edm v\u0161echny ostatn\u00ed, mikul\u00e1\u0159sk\u00fd, velikono\u010dn\u00ed, nebo jak\u00fd to m\u00e1m, a tenhle m\u011b je\u0161t\u011b jedin\u00fd nechyb\u011bl, tak\u017ee kv\u016fli tomu jsem vlastn\u011b p\u0159i\u0161el, dal jsem krev, je to opravdu dobrou v\u011bc a pravideln\u011b d\u00e1v\u00e1m u\u017e od osmn\u00e1cti. Nemocnic\u00edm v Brn\u011b a okol\u00ed chyb\u00ed d\u00e1rci krve. Motivovat k odb\u011bru by je mohla SMSka s informac\u00ed, komu jejich krev pomohla. SMSky rozes\u00edlaj\u00ed p\u0159\u00edmo nemocnice. Z Brna pro televizi A11, Ji\u0159\u00ed V\u00fdner. S na\u0161\u00ed komunikace s \u00fa\u0159ady pomoci m\u00e1 um\u011bla inteligence. M\u00e1 to sv\u00e9 p\u0159\u00ednosy, ale i rizika. Pr\u00e1v\u011b ta byla jedn\u00edm z hlavn\u00edch t\u00e9mat konference starost\u016f moravskoslesk\u00e9ho kraje, kter\u00e1 prob\u011bhla v ostravsk\u00e9m Gongu. Pravidelnou v\u00fdro\u010dn\u00ed konferenci starost\u016f po\u0159\u00e1d\u00e1 moravskoslesk\u00fd kraj. Hodnot\u00ed se tu p\u0159edev\u0161\u00edm spolupr\u00e1ce jeho organizac\u00ed s obcemi. Pro m\u011b je velmi d\u016fle\u017eit\u00e1 komunikace se starosty, proto\u017ee samoz\u0159ejm\u011b potk\u00e1v\u00e1me se s nimi ka\u017ed\u00fd den. M\u00e1me stejn\u00e9 probl\u00e9my, jak na kraji, tak na obc\u00edch a je t\u0159eba si vz\u00e1jemn\u011b vym\u011bnit jedna zku\u0161enost, ale i dal\u0161\u00ed kroky, kter\u00fdma budeme cht\u00edt j\u00edt vlastn\u011b v n\u00e1sleduj\u00edc\u00edch letech. Tato akce se znamuje i z trendy ve ve\u0159ejn\u00e9 zpr\u00e1v\u011b. Letos to byla pr\u00e1v\u011b um\u011bl\u00e1 inteligence. Ta u\u017e dnes dok\u00e1\u017ee komunikaci \u00fa\u0159ad\u016f s ob\u010dany v\u00fdrazn\u011b zjednodu\u0161it a zrychlit. Um\u011bl\u00e1 inteligence je vhodn\u00fd n\u00e1stroj pro to, aby se efektivn\u011bla ten proces a ubrala pr\u00e1ci \u00fa\u0159edn\u00edk\u016fm, pracovn\u00edk\u016fm v oblasti komunikace. Vy dostanete ten po\u017eadovek ke zve\u0159ejn\u011bn\u00ed od odboru v moment\u011b, kdy ho dopracuje. Um\u011bl\u00e1 inteligence si na\u010dne ty podklady, zpracuje je a vlastn\u011b p\u0159iprav\u00ed v\u00e1m n\u00e1vrh t\u00e9 komunikace, p\u0159edev\u0161\u00edm v textov\u00e9 podob\u011b. Vy si pak jako \u00fa\u0159edn\u00edk nebo pracovn\u00edk komunikace m\u016f\u017eete doupravit k obrazu sv\u00e9mu to v\u00fdsledn\u00e9 sd\u011blen\u00ed a okam\u017eit\u011b publikovat na web m\u011bsta, soci\u00e1ln\u00ed s\u00edt\u011b, rozeslat chytrou aplikac\u00ed tak, jak je vlastn\u011b ten pracovn\u00edk dnes zvykl\u00fd, akor\u00e1t to mus\u00ed tvo\u0159it s\u00e1m cel\u00e9. Um\u011bl\u00e1 inteligence ale skr\u00fdv\u00e1 i obrovsk\u00e1 rizika. Dnes u\u017e nen\u00ed probl\u00e9m vytvo\u0159it ve virtu\u00e1ln\u00edm prostoru lidsk\u00fd klon, kter\u00fd je velmi obt\u00ed\u017en\u00e9 rozeznat od skute\u010dn\u00e9ho \u010dlov\u011bka. Je tedy mo\u017en\u00e9, a tak\u00e9 u\u017e se to stalo, vytvo\u0159it nap\u0159\u00edklad virtu\u00e1ln\u00ed p\u0159edstavitele st\u00e1tu nebo i obc\u00ed a m\u011bst a podsunout jim nepravdiv\u00e1 sd\u011blen\u00ed, kter\u00e1 se pak budou nekontrolovan\u011b \u0161\u00ed\u0159it ve ve\u0159ejn\u00e9m prostoru. Jak se proti tomu br\u00e1nit? My se budeme muset nau\u010dit kriticky p\u0159ij\u00edmat ty informace a vlastn\u011b si ov\u011b\u0159ovat, k tomu vlastn\u011b ta spole\u010dnost dneska sp\u011bje. A pr\u00e1v\u011b potom je na tom p\u0159ij\u00edmci t\u00e9 informace, aby se pod\u00edval, jestli opravdu ta informace jde z ofici\u00e1ln\u00edch str\u00e1nek m\u011bsta, jestli je to ofici\u00e1ln\u00ed profil t\u00e9 dan\u00e9 obce, kde tu informaci m\u00e1, proto\u017ee tam by ta kontrola m\u011bla b\u00fdt. Tomu, \u017ee n\u011bkdo s pomoc\u00ed um\u011bl\u00e9 inteligence n\u011bkde n\u011bco vytvo\u0159\u00ed a zve\u0159ejn\u00ed, tak tomu bohu\u017eel nezabr\u00e1n\u00edme. A je to o tom u\u017eivateli, aby si d\u00e1val pozor na to, z jak\u00e9ho profilu, nebo z jak\u00e9ho komunika\u010dn\u00edho kan\u00e1lu ty informace \u010derp\u00e1. \u010cesk\u00e1 T\u0159ebov\u00e1 sn\u00ed\u017e\u00ed po\u010dty \u00fa\u0159edn\u00edk\u016f. Ze\u0161t\u00edhlovat se bude kv\u016fli vysok\u00fdm v\u00fddaj\u016fm. \u010cesk\u00e1 T\u0159ebov\u00e1 je m\u00e1 vy\u0161\u0161\u00ed, ne\u017e ostatn\u00ed m\u011bsta v pardubick\u00e9m kraji. Person\u00e1ln\u00ed audit na tamn\u00edm m\u011bstsk\u00e9m \u00fa\u0159adu prob\u011bhl v posledn\u00edch m\u011bs\u00edc\u00edch. D\u016fvodem, pro kter\u00fd se veden\u00ed \u010cesk\u00e9 T\u0159ebov\u00e9 rozhodlo pro person\u00e1ln\u00ed audit je skute\u010dnost, \u017ee provozn\u00ed v\u00fddaje na vnit\u0159n\u00ed zpr\u00e1vu jsou zde vy\u0161\u0161\u00ed, ne\u017e tomu je ve srovnateln\u00fdch m\u011bstech v pardubick\u00e9m kraji. Person\u00e1ln\u00ed audit byl v podstat\u011b jedn\u00edm z bod\u016f, kter\u00fd jsme m\u011bli v r\u00e1mci n\u00e1stupu na veden\u00ed m\u011bsta nebo doveden\u00ed m\u011bsta v r\u00e1mci koali\u010dn\u00ed dohody. Person\u00e1ln\u00ed audit se naplno rozeb\u011bhl v pr\u016fb\u011bhu jarn\u00edch m\u011bs\u00edc\u016f. Jsme auditn\u00ed firm\u011b poskytli ve\u0161ker\u00e9 intern\u00ed materi\u00e1ly, dokumentaci organiza\u010dn\u00edho charakteru \u0159\u00e1dy Sm\u011brnice Pokyny a hlavn\u011b jsme jim poskytli pracovn\u00ed n\u00e1pln\u011b jednodliv\u00fdch pracovn\u00edk\u016f, jednodliv\u00fdch pracovn\u00edch pozic. Sou\u010d\u00e1sti byly i pohovory s vedouc\u00edmi pracovn\u00edky a referenty. Cht\u011bl bych touto cestou ur\u010dit\u011b u\u0159edn\u00edk\u016fm pod\u011bkovat za to, jak\u00fdm zp\u016fsobem p\u0159istoupili k vyhotoven\u00ed nebo respektive k tomu procesu person\u00e1ln\u00edho auditu. Byl opravdu profesion\u00e1ln\u00ed z jejich strany. Jedn\u00edm ze z\u00e1v\u011br\u016f auditu bylo ze\u0161t\u00edhlen\u00ed organiza\u010dn\u00ed struktury m\u011bstsk\u00e9ho \u00fa\u0159adu a po\u010dtu \u00fa\u0159edn\u00edk\u016f. V tabulkov\u011b v sou\u010dasn\u00e9 dob\u011b m\u00e1me 95 \u00fa\u0159edn\u00edk\u016f. Po \u00fa\u010dinnosti organiza\u010dn\u00edho \u0159\u00e1du dojde k poklesu na 87. Jsme sn\u00ed\u017eili po\u010det odbor\u016f z 11 na 6 a samoz\u0159ejm\u011b s t\u00edm je spojen\u00e1 jist\u00e1 \u00faspora, co se t\u00fd\u010de financ\u00ed, kdy jsme na z\u00e1klad\u011b pro po\u010dtu je ta \u00faspora zhruba n\u011bkde kolem 6 milion\u016f ro\u010dn\u011b. Sn\u00ed\u017een\u00ed po\u010dtu \u00fa\u0159edn\u00edk\u016f bude dosa\u017eeno p\u0159edev\u0161\u00edm zru\u0161en\u00edm dosud neobsazovan\u00fdch pozic. Z\u00e1rove\u0148 bychom r\u00e1di vyu\u017eili pl\u00e1novan\u00fdch odchod\u016f do d\u016fchod\u016f a v n\u011bkter\u00fdch p\u0159\u00edpadech se budeme sna\u017eit, jako\u017eto zam\u011bstnovatel, uzav\u0159\u00edt n\u011bjakou formu dohody o ukon\u010den\u00ed pracovn\u00edho pom\u011bru. Nov\u00e1 organiza\u010dn\u00ed struktura, kter\u00e1 za\u010dne platit od 1. listopadu, by nem\u011bla ovlivnit chod \u00fa\u0159adu. Podateln\u00e9 m\u011bstsk\u00e9ho \u00fa\u0159adu \u010cesk\u00e1 T\u0159ebov\u00e1, dobr\u00fd den. Ten z\u00e1kladn\u00ed princip, kter\u00fd tam je nastaven, je v tom, \u017ee by m\u011bl vzniknout velk\u00fd odbor, kter\u00fd by m\u011bl soust\u0159edovat ty agendy, kter\u00e9 se dot\u00fdkaj\u00ed p\u0159\u00edmo ob\u010dan\u016f m\u011bsta \u010cesk\u00e1 T\u0159ebov\u00e1. Ty by m\u011bly ide\u00e1ln\u011b sj\u00eddlit pod jednou st\u0159echou. Snahou radnice tak bude naj\u00edt vhodn\u00e9 prostory. V\u00fdsledkem opat\u0159en\u00ed by m\u011blo b\u00fdt nejen sn\u00ed\u017een\u00ed provozn\u00edch n\u00e1klad\u016f. Dojde k zefektivn\u011bn\u00ed pr\u00e1ce m\u011bstsk\u00e9ho \u00fa\u0159adu, proto\u017ee nov\u00e1 organiza\u010dn\u00ed struktura bude daleko \u0161t\u00edhlej\u0161\u00ed, bude m\u00e9n\u011b odbor\u016f, m\u00e9n\u011b odd\u011blen\u00ed, m\u00e9n\u011b vedouc\u00edch pracovn\u00edk\u016f, tedy bude jednodu\u0161\u0161\u00ed intern\u00ed komunikace. Je pot\u0159eba ty procesy nastartovat a mus\u00ed to n\u011bjak\u00fdm zp\u016fsobem prob\u011bhnout v t\u00e9 praxi. Ale opravdu to je tak, \u017ee v\u0161echny ty kroky by m\u011bly sm\u011b\u0159ovat k tomu, aby ty procesy a cel\u00e1 ta operace byla efektivn\u011bj\u0161\u00ed. Rezervy audito\u0159i vid\u00ed i co se t\u00fd\u010de informa\u010dn\u00edch technologi\u00ed, digitalizace \u010di kybernetick\u00e9 bezpe\u010dnosti. Pr\u00e1v\u011b do rozvoje t\u011bchto oblast\u00ed budou muset b\u00fdt investov\u00e1ny nemal\u00e9 finan\u010dn\u00ed prost\u0159edky. Nov\u00fd pavilon pro lidi s autizmem a jin\u00fdm zdravotn\u00edm posti\u017een\u00edm bude m\u00edt CHEP. Moment\u00e1ln\u011b se p\u0159ipravuje v\u00fdb\u011brov\u00e9 \u0159\u00edzen\u00ed. Za\u0159\u00edzen\u00ed bude slou\u017eit hlavn\u011b posti\u017een\u00fdm d\u011btem. Stavba by m\u011bla b\u00fdt hotov\u00e1 do t\u0159\u00ed let. CHEPsk\u00fd domov pro osoby se zdravotn\u00edm posti\u017een\u00edm VILIK je soci\u00e1ln\u00ed slu\u017ebou, kterou od leto\u0161n\u00edho roku p\u0159evzal Karlovarsk\u00fd kraj od m\u011bsta. Z\u00e1rove\u0148 je deklaroval pl\u00e1ny v are\u00e1lu domova vystav\u011bt komunitn\u00ed za\u0159\u00edzen\u00ed pro osoby s poruchami autistick\u00e9ho spektra. V sou\u010dasn\u00e9 dob\u011b se proto p\u0159ipravuje v\u00fdb\u011brov\u00e9 \u0159\u00edzen\u00ed na dod\u00e1vku projektu k jeho realizaci. My chceme dostat sv\u00e9mu z\u00e1vazku, kdy jsme od m\u011bsta CHEP p\u0159eb\u00edrali dom pro osoby se zdravotn\u00edm posti\u017een\u00edm VILIK. Proto jdeme do t\u00e9 p\u0159edprojektov\u00e9 a projektov\u00e9 p\u0159\u00edpravy. Vy\u010dlenili jsme 4 miliony korun, kter\u00e9 by m\u011bly slou\u017eit jak t\u00e9 studii v\u00fdstavby, tak projektov\u00e9 dokumentaci. Je to jak rekonstrukce st\u00e1vaj\u00edc\u00edho objektu, tak v\u00fdstavba nov\u00e9ho objektu, kter\u00fd by pr\u00e1v\u011b slou\u017eil t\u011bm st\u00e1vaj\u00edc\u00edm klient\u016fm, co\u017e jsou d\u011bti do 18 let s ment\u00e1ln\u00edm nebo kombinovan\u00fdm posti\u017een\u00edm. Domov VILIK, kter\u00fd pe\u010duje p\u0159edev\u0161\u00edm o d\u011bti a mlad\u00e9 klienty s ment\u00e1ln\u00edm nebo kombinovan\u00fdm posti\u017een\u00edm, zpravuje kraj prost\u0159ednictv\u00edm Domova Sokol\u00edk v Sokolov\u011b. Je to v podstat\u011b jedin\u00e9 za\u0159\u00edzen\u00ed tohoto druhu a v regionu je samoz\u0159ejm\u011b v\u00fdrazn\u011b pot\u0159ebn\u00e9, proto\u017ee t\u011bch p\u0159\u00edpad\u016f klient\u016f tady je, \u0159ekn\u011bme, ta popt\u00e1vka je opravdu odpov\u00eddaj\u00edc\u00ed t\u00e9 kapacit\u011b VILIK. VILIK vlastn\u011b vykon\u00e1v\u00e1 tu svoji \u010dinnost po dlouh\u00e1 l\u00e9ta na velmi vysok\u00e9 \u00farovni a my mu chceme poskytnout tak\u00e9 odpov\u00eddaj\u00edc\u00ed z\u00e1zem\u00ed, to znamen\u00e1 infrastruktury, ty prostory na, \u0159ekn\u011bme, \u00farovni 21. stolet\u00ed. Kraj p\u0159edpokl\u00e1d\u00e1, \u017ee p\u0159\u00edpravy budou prob\u00edhat v p\u0159\u00ed\u0161t\u00edm roce. Stavba v roce 2025 s term\u00ednem dokon\u010den\u00ed v roce 2026. Pro realizaci bude kraj usilovat tak\u00e9 o z\u00edsk\u00e1n\u00ed spolufinancov\u00e1n\u00ed. Spolu s v\u00fdstavbou nov\u00e9ho pavilonu by m\u011blo doj\u00edt tak\u00e9 k oprav\u011b st\u00e1vaj\u00edc\u00edch prostor. Prost\u011bjov u\u017e chyst\u00e1 V\u00e1no\u010dn\u00ed trhy. Takzvan\u00fd Jarmark v centru m\u011bsta tam za\u010dne u\u017e 20. listopadu a potrv\u00e1 do \u0161t\u011bdr\u00e9ho dne. Jeho sou\u010d\u00e1st\u00ed bude V\u00e1no\u010dn\u00ed strom, mobiln\u00ed kl\u00fazi\u0161t\u011b i ve\u010dern\u00ed koncerty. Obdob\u00ed od pond\u011bl\u00ed 20. listopadu do soboty 23. prosince bude centrum m\u011bsta Prost\u011bjova pat\u0159it v\u00e1no\u010dn\u00edm trh\u016fm. A tak\u00e9 programu Prost\u011bjovsk\u00e9 zimy. Co na n\u00e1v\u0161t\u011bvn\u00edky nap\u0159\u00edklad \u010dek\u00e1? V p\u00e1tech 24. listopadu se uskute\u010dn\u00ed tradi\u010dn\u00ed rozsv\u00edcen\u00ed V\u00e1no\u010dn\u00edho stromu a to v p\u011bt hodin odpoledne. Ov\u0161em ji\u017e od p\u016fl \u010dtvrt\u00e9 slavnostn\u011b zah\u00e1j\u00edme provoz mobiln\u00edho kl\u00fazi\u0161t\u011b. Op\u011bt se m\u016f\u017eeme t\u011b\u0161it na krosobruslen\u00ed Prost\u011bjov. A k tomu programu Prost\u011bjovsk\u00e9 zimy t\u00fd\u010de. Chyb\u011bt nebude ani prost\u011bjovan\u00fd obl\u00edben\u00e1 j\u00edzda v\u00e1no\u010dn\u00edm vl\u00e1\u010dkem. Bohat\u00fd program nab\u00eddne kulturn\u00ed klub Duha na \u0161koln\u00ed ulici, kter\u00fd je ur\u010den zejm\u00e9na t\u011bm nejmen\u0161\u00edm. To ale nen\u00ed zdaleka v\u0161echno. \u010cekaj\u00ed n\u00e1s na n\u00e1m\u011bst\u00ed ve\u010dery se semifinalisty Superstar, Vlastou Horv\u00e1tem, Martinem \u0160afa\u0159\u00edkem, Michalem Foretem stejn\u011b jako vystoupen\u00ed m\u00edstn\u00edch kapel. Samoz\u0159ejm\u011b se op\u011bt zapoj\u00edme do obl\u00edben\u00e9 akce \u010cesko zp\u00edv\u00e1 koledy. Co se kluzi\u0161t\u011b t\u00fd\u010de, op\u011bt se samoz\u0159ejm\u011b bude brusit zdarma. Ov\u0161em \u010dekaj\u00ed n\u00e1s \u010dty\u0159i curlingov\u00e9 z\u00e1pasy, nebo\u0165 kluzi\u0161t\u011b bude fungovat a\u017e do konce m\u011bs\u00edce ledna. Prost\u011bjovsk\u00e1 zima tedy bude atraktivn\u00ed. Hv\u011bzdy Superstar budou vystupovat v\u017edy v p\u00e1tek. V sobotu budou hr\u00e1t a zp\u00edvat m\u00edstn\u00ed um\u011blci. Leto\u0161n\u00ed novinkou pak budou vratn\u00e9 kelimky na tepl\u00e9 n\u00e1poje. T\u011blocvi\u010dna Slavy a Krom\u011b\u0159\u00ed\u0161 o v\u00edkendu praskala ve \u0161vech. Jsou tady \u010dty\u0159i evropsk\u00e9 celky, aby si to spolu rozdali v Interlize Juda. Pod\u00edvejte se, jak dopadly \u010ce\u0161i. Po p\u011bti letech se judy z t\u00e9 Sl\u00e1vy a Krom\u011b\u0159\u00ed\u0161 op\u011bt p\u0159edstavili v souboji \u010dty\u0159 evropsk\u00fdch t\u00fdm\u016f v dom\u00e1c\u00edm prost\u0159ed\u00ed. Do posledn\u00edho m\u00edsta zapln\u011bn\u00e9 ochozy m\u00edstn\u00ed t\u011blocvi\u010dny sv\u011bd\u010dili o tom, \u017ee z\u00e1jem o Judo je v Krom\u011b\u0159\u00ed\u0161i velk\u00fd. Krom\u011b\u0159\u00ed\u0161sk\u00fd Judo je moment\u00e1ln\u011b na rozkv\u011btu. M\u00e1me zhruba 150 \u010dlen\u016f a d\u016fle\u017eit\u00e9 je \u0159\u00edct, \u017ee jsou to v\u011bt\u0161inou d\u011bti. Zab\u011b\u0159ujeme se na ml\u00e1dej kategorie. A pr\u00e1v\u011b mlad\u00ed judy z t\u00e9 dom\u00e1c\u00edho odd\u00edlu se p\u0159edstavili div\u00e1k\u016fm v zahajovac\u00edm vystoupen\u00ed kr\u00e1tce p\u0159edt\u00edm, ne\u017e na sn\u011bhob\u00edl\u00e9 tatamy nastoupili borci ze \u010dty\u0159 zem\u00ed. My\u0161lenka Interligy, to znamen\u00e1 mezin\u00e1rodn\u00edho turnaje Dru\u017estev mezi Belgi\u00ed, \u0160v\u00fdcarsk\u00e9m, \u010ceskou republikou a tak\u00e9 i Franc\u00ed vznikla p\u0159ed 20 lety a tato tradice byla zachov\u00e1na do dne\u0161n\u00edho dne. V sestav\u011b dom\u00e1c\u00edho celku Sl\u00e1v\u011b krom\u011b \u0159\u00ed\u017e nastoupil nejen b\u00fdval\u00fd reprezentant Marek Nesvadba, ale tak\u00e9 olimpionik David Klamert, kter\u00fd v sou\u010dasnosti p\u016fsob\u00ed v odd\u00edle USK Praha. V\u017edycky si ten n\u00e1vrat hrozn\u011b u\u017e\u00edv\u00e1m, proto\u017ee v\u017edycky zast\u00e1v\u00e1m to slovo, \u017ee a\u0165 jste kdekoliv, nikdy byste nem\u011bli zapomenout na to, odkud poch\u00e1z\u00edte a kde v\u00e1m dali ty ko\u0159eny a kde v\u00e1m uk\u00e1zali ty prvn\u00ed kru\u010dky toho juda. David Klamert, \u00fa\u010dastn\u00edk olimpi\u00e1dy v Tokiu, se v sou\u010dasnosti soust\u0159eduje na nominaci na p\u0159\u00ed\u0161t\u00ed olimpijsk\u00e9 hry v Pa\u0159\u00ed\u017ei. Pro mlad\u00e9 judisty nejen v krom\u011b \u0159\u00ed\u017e je velk\u00fdm vzorem. Sta\u017e\u00edm se i t\u011bm mlad\u00fdm budouc\u00edm z\u00e1vodn\u00edk\u016fm uk\u00e1zat a uk\u00e1zat tu cestu, \u017ee to jde i z mal\u00e9ho m\u011bsta se dostat t\u0159eba na olimpi\u00e1du a sta\u017eit se jim p\u0159edat co nejbl\u00ed\u017e toho, co jsem se nau\u010dil. V interligov\u00e9m kl\u00e1n\u00ed judist\u00e9 krom\u011b \u0159\u00ed\u017ee dok\u00e1zali, \u017ee maj\u00ed svou velkou kvalitu. Ve t\u0159ech z\u00e1pasech si na sv\u00e9 konto p\u0159ipsali t\u0159i v\u00edt\u011bzstv\u00ed a zaslou\u017een\u011b zv\u00edt\u011bzili. Na druh\u00e9m m\u00edst\u011b skon\u010dil judoklub Romont ze \u0160v\u00fdcarska, t\u0159et\u00ed m\u00edsto obsadil Dream Team z Francie a \u010dtvrt\u00fd skon\u010dil judoklub Lichterwelde z Belgie. A11 pr\u00e1v\u011b kon\u010d\u00ed ve\u010dern\u00ed vys\u00edl\u00e1n\u00ed televize A11 pokra\u010duje a te\u010f Zuzana Bub\u00edlkov\u00e1. Tak z\u016fsta\u0148te s n\u00e1mi. Dobr\u00fd ve\u010der.","nbla_serie":"525","nbla_season":"2023","nbla_episode":"135","nbla_duration":"964.08","nbla_genre":"3.1.1.1","nbla_editorial_format":"2.1.1","nbla_mtime":"1698851886","nbla_url":"https:\/\/origin.a11.cz\/vod\/eovodopxo73rvb0949t3zvgqr.mp4","nbla_version":"1698851876","nbla_odvysilano":"Ano","bunny_id":"94e53814-ab01-4c98-806c-86727a10a5d3","youtube_id":"","datum_vydani":"20231101","stopaz":"964.08","dokument":[],"video_to":[]},"_links":{"self":[{"href":"https:\/\/tv.a11.cz\/api\/wp\/v2\/video\/13160","targetHints":{"allow":["GET"]}}],"collection":[{"href":"https:\/\/tv.a11.cz\/api\/wp\/v2\/video"}],"about":[{"href":"https:\/\/tv.a11.cz\/api\/wp\/v2\/types\/video"}],"author":[{"embeddable":true,"href":"https:\/\/tv.a11.cz\/api\/wp\/v2\/users\/8"}],"wp:featuredmedia":[{"embeddable":true,"href":"https:\/\/tv.a11.cz\/api\/wp\/v2\/media\/13200"}],"wp:attachment":[{"href":"https:\/\/tv.a11.cz\/api\/wp\/v2\/media?parent=13160"}],"wp:term":[{"taxonomy":"category","embeddable":true,"href":"https:\/\/tv.a11.cz\/api\/wp\/v2\/categories?post=13160"},{"taxonomy":"porad","embeddable":true,"href":"https:\/\/tv.a11.cz\/api\/wp\/v2\/porad?post=13160"},{"taxonomy":"region","embeddable":true,"href":"https:\/\/tv.a11.cz\/api\/wp\/v2\/region?post=13160"},{"taxonomy":"kategorie","embeddable":true,"href":"https:\/\/tv.a11.cz\/api\/wp\/v2\/kategorie?post=13160"}],"curies":[{"name":"wp","href":"https:\/\/api.w.org\/{rel}","templated":true}]}}