{"id":13112,"date":"2023-10-31T16:40:06","date_gmt":"2023-10-31T15:40:06","guid":{"rendered":"https:\/\/tv.a11.cz\/?post_type=video&#038;p=13112"},"modified":"2023-10-31T20:37:26","modified_gmt":"2023-10-31T19:37:26","slug":"vysledkem-personalniho-auditu-v-ceske-trebove-je-zestihleni-uradu","status":"publish","type":"video","link":"https:\/\/tv.a11.cz\/video\/vysledkem-personalniho-auditu-v-ceske-trebove-je-zestihleni-uradu\/","title":{"rendered":"V\u00fdsledkem person\u00e1ln\u00edho auditu v \u010cesk\u00e9 T\u0159ebov\u00e9 je ze\u0161t\u00edhlen\u00ed \u00fa\u0159adu"},"content":{"rendered":"","protected":false},"excerpt":{"rendered":"<p>D\u016fvodem, pro kter\u00fd se veden\u00ed \u010cesk\u00e9 T\u0159ebov\u00e9 rozhodlo pro person\u00e1ln\u00ed audit je skute\u010dnost, \u017ee provozn\u00ed v\u00fddaje na vnit\u0159n\u00ed spr\u00e1vu jsou zde vy\u0161\u0161\u00ed, ne\u017e tomu je ve srovnateln\u00fdch m\u011bstech v Pardubick\u00e9m kraji. <\/p>\n","protected":false},"author":8,"featured_media":13120,"template":"","categories":[17,23,157],"porad":[],"region":[104,60],"kategorie":[],"class_list":["post-13112","video","type-video","status-publish","has-post-thumbnail","hentry","category-domaci","category-ekonomika","category-zpravy","region-orlicko","region-pardubicky-kraj"],"acf":[],"meta_box":{"nbla_idec":"N2309207","nbla_title":"V\u00fdsledkem person\u00e1ln\u00edho auditu v \u010cesk\u00e9 T\u0159ebov\u00e9 je ze\u0161t\u00edhlen\u00ed \u00fa\u0159adu","nbla_subtitle":"","nbla_summary":"","nbla_description":"","nbla_transcription":"D\u016fvodem, pro kter\u00fd se veden\u00ed \u010cesk\u00e9 t\u0159ebov\u00e9 rozhodlo pro person\u00e1ln\u00ed audit je skute\u010dnost, \u017ee provozn\u00ed v\u00fddaje na vnit\u0159n\u00ed zpr\u00e1vu jsou zde vy\u0161\u0161\u00ed, ne\u017e tomu je ve srovnateln\u00fdch m\u011bstech v pardubick\u00e9m kraji. Person\u00e1ln\u00ed audit byl v podstat\u011b jedn\u00edm z bod\u016f, kter\u00fd jsme m\u011bli v r\u00e1mci n\u00e1stupu na veden\u00ed m\u011bsta nebo doveden\u00ed m\u011bsta v r\u00e1mci koali\u010dn\u00ed dohody. Person\u00e1ln\u00ed audit se naplno rozeb\u011bhal v pr\u016fb\u011bhu jarn\u00edch m\u011bs\u00edc\u016f. Jsme auditn\u00ed firm\u011b poskytli ve\u0161ker\u00e9 intern\u00ed materi\u00e1ly dokumentac\u00ed organiza\u010dn\u00edho charakteru \u0159\u00e1dy Sm\u011brnice Pokyny a hlavn\u011b jsme jim poskytli pracovn\u00ed n\u00e1pln\u011b jednotliv\u00fdch pracovn\u00edk\u016f, jednotliv\u00fdch pracovn\u00edch pozic. Sou\u010d\u00e1sti byly i pohovory s vedouc\u00edmi pracovn\u00edky a referenty. Cht\u011bl bych touto cestou ur\u010dit\u011b \u00fa\u0159edn\u00edk\u016fm pod\u011bkovat za to, jak\u00fdm zp\u016fsobem p\u0159istoupili k vyhotov\u011bn\u00ed nebo respektive k tomu procesu person\u00e1ln\u00edho auditu. Byl opravdu profesion\u00e1ln\u00ed z jejich strany. Jedn\u00edm ze z\u00e1v\u011br\u016f auditu bylo ze\u0161t\u00edhlen\u00ed organiza\u010dn\u00ed struktury m\u011bstsk\u00e9ho \u00fa\u0159adu a po\u010dtu \u00fa\u0159edn\u00edk\u016f. Tabulkov\u011b v sou\u010dasn\u00e9 dob\u011b m\u00e1me 95 \u00fa\u0159edn\u00edk\u016f, po \u00fa\u010dinnosti organiza\u010dn\u00edho \u0159\u00e1du dojde k poklesu na 87. Jsme sn\u00ed\u017eili po\u010det odbor\u016f z 11 na 6 a samoz\u0159ejm\u011b s t\u00edm je spojen\u00e1 jist\u00e1 \u00faspora, co se t\u00fd\u010de financ\u00ed, kdy jsme v podstat\u011b na z\u00e1klad\u011b pro po\u010dtu je ta \u00faspora zhruba n\u011bkde kolem 6 milion\u016f ro\u010dn\u011b. Sn\u00ed\u017een\u00ed po\u010dtu \u00fa\u0159edn\u00edk\u016f bude dosa\u017eeno p\u0159edev\u0161\u00edm zru\u0161en\u00edm dosud neobsazovan\u00fdch pozic. Z\u00e1rove\u0148 bychom r\u00e1di vyu\u017eili pl\u00e1novan\u00fdch odchod\u016f do d\u016fchod\u016f a v n\u011bkter\u00fdch p\u0159\u00edpadech se budeme sna\u017eit, jako\u017eto zam\u011bstnovatel, uzav\u0159\u00edt n\u011bjakou formu dohody o ukon\u010den\u00ed pracovn\u00edho pom\u011bru. Nov\u00e1 organiza\u010dn\u00ed struktura, kter\u00e1 za\u010dne platit od 1. listopadu, by nem\u011bla ovlivnit chod \u00fa\u0159adu. Podat\u00e9 na m\u011bstsk\u00e9 \u00fa\u0159adu \u010cesk\u00e1 T\u0159ebov\u00e1, dobr\u00fd den. Ten z\u00e1kladn\u00ed princip, kter\u00fd tam je nastaven, je v tom, \u017ee by m\u011bl vzniknout velk\u00fd odbor, kter\u00fd by m\u011bl soust\u0159edovat ty agendy, kter\u00e9 se dot\u00fdkaj\u00ed p\u0159\u00edmo ob\u010dan\u016f m\u011bsta \u010cesk\u00e1 T\u0159ebov\u00e1. Ty by m\u011bly ide\u00e1ln\u011b sj\u00eddlit pod jednou st\u0159echou. Snahou radnice tak bude naj\u00edt fodn\u00e9 prostory. V\u00fdsledkem opat\u0159en\u00ed by m\u011blo b\u00fdt nejen sn\u00ed\u017een\u00ed provozn\u00edch n\u00e1klad\u016f. Dojde k zefektivn\u011bn\u00ed pr\u00e1ce m\u011bstsk\u00e9ho \u00fa\u0159adu, proto\u017ee nov\u00e1 organiza\u010dn\u00ed struktura bude daleko \u0161t\u00edhlej\u0161\u00ed, bude m\u00e9n\u011b odbor\u016f, m\u00e9n\u011b odd\u011blen\u00ed, m\u00e9n\u011b vedouc\u00edch pracovn\u00edk\u016f, tedy bude jednodu\u0161\u0161\u00ed intern\u00ed komunikace. Je pot\u0159eba ty procesy nastartovat a mus\u00ed to n\u011bjak\u00fdm zp\u016fsobem prob\u011bhnout v t\u00e9 praxi. Ale opravdu to je tak, \u017ee v\u0161echny ty kroky by m\u011bly sm\u011b\u0159ovat k tomu, aby ty procesy a cel\u00e1 ta operace byla efektivn\u011bj\u0161\u00ed. Rezervy audito\u0159i vid\u00ed i co se t\u00fd\u010de informa\u010dn\u00edch technologi\u00ed, digitalizace \u010di kybernetick\u00e9 bezpe\u010dnosti. Pr\u00e1v\u011b do rozvoje t\u011bchto oblast\u00ed budou muset b\u00fdt investov\u00e1ny nemal\u00e9 finan\u010dn\u00ed prost\u0159edky.","nbla_serie":"","nbla_season":"","nbla_episode":"","nbla_duration":"175.52","nbla_genre":"","nbla_editorial_format":"","nbla_mtime":"1698766025","nbla_url":"https:\/\/origin.a11.cz\/vod\/216nx6hzdc7hnntyncpq45npb.mp4","nbla_version":"1698766025","nbla_odvysilano":"Ano","bunny_id":"bf9d888b-a3b7-4b86-9d52-1c8f2a696684","youtube_id":"","datum_vydani":"20231031","stopaz":"175.52","dokument":[],"video_to":["13121"]},"_links":{"self":[{"href":"https:\/\/tv.a11.cz\/api\/wp\/v2\/video\/13112","targetHints":{"allow":["GET"]}}],"collection":[{"href":"https:\/\/tv.a11.cz\/api\/wp\/v2\/video"}],"about":[{"href":"https:\/\/tv.a11.cz\/api\/wp\/v2\/types\/video"}],"author":[{"embeddable":true,"href":"https:\/\/tv.a11.cz\/api\/wp\/v2\/users\/8"}],"wp:featuredmedia":[{"embeddable":true,"href":"https:\/\/tv.a11.cz\/api\/wp\/v2\/media\/13120"}],"wp:attachment":[{"href":"https:\/\/tv.a11.cz\/api\/wp\/v2\/media?parent=13112"}],"wp:term":[{"taxonomy":"category","embeddable":true,"href":"https:\/\/tv.a11.cz\/api\/wp\/v2\/categories?post=13112"},{"taxonomy":"porad","embeddable":true,"href":"https:\/\/tv.a11.cz\/api\/wp\/v2\/porad?post=13112"},{"taxonomy":"region","embeddable":true,"href":"https:\/\/tv.a11.cz\/api\/wp\/v2\/region?post=13112"},{"taxonomy":"kategorie","embeddable":true,"href":"https:\/\/tv.a11.cz\/api\/wp\/v2\/kategorie?post=13112"}],"curies":[{"name":"wp","href":"https:\/\/api.w.org\/{rel}","templated":true}]}}