{"id":13081,"date":"2023-11-06T19:01:03","date_gmt":"2023-11-06T18:01:03","guid":{"rendered":"https:\/\/tv.a11.cz\/?post_type=video&#038;p=13081"},"modified":"2023-11-06T16:22:24","modified_gmt":"2023-11-06T15:22:24","slug":"rozhovor-roman-bolcek","status":"publish","type":"video","link":"https:\/\/tv.a11.cz\/video\/rozhovor-roman-bolcek\/","title":{"rendered":"Roman Bolcek &#8211; architekt"},"content":{"rendered":"","protected":false},"excerpt":{"rendered":"<p>Dnes si budeme pov\u00eddat o tom, jak by m\u011bsta mohla vypadat v budoucnosti. Dne\u0161n\u00edm hostem je architekt a vizion\u00e1\u0159, rod\u00e1k z Vala\u0161ska, Roman Bolcek. <\/p>\n","protected":false},"author":8,"featured_media":13369,"template":"","categories":[175,174,173],"porad":[45],"region":[],"kategorie":[],"class_list":["post-13081","video","type-video","status-publish","has-post-thumbnail","hentry","category-osobnosti","category-rozhovory","category-ze-spolecnosti","porad-rozhovor-s"],"acf":[],"meta_box":{"nbla_idec":"A2302137","nbla_title":"Rozhovor","nbla_subtitle":"Roman Bolcek","nbla_summary":"architekt","nbla_description":"","nbla_transcription":"VYRAZ Dobr\u00fd den, sledujete n\u00e1\u0161 rozhovor s... a dnes si budeme pov\u00eddat o tom, jak by m\u011bsta mohla vypadat v budoucnosti. A m\u00fdm dne\u0161n\u00edm hostem je architekt a vizion\u00e1\u0159, rod\u00e1k z Vala\u0161ska, Roman Bolcek. Romane, dobr\u00fd den. Dobr\u00fd den, zdrav\u00edm v\u00e1s. Romane, vy jste vydali se sv\u00fdmi kolegy, architekty, takovou kr\u00e1snou kn\u00ed\u017eku, jmenuje se to BIOM a je to o vizi, jak by m\u011bsta mohla vypadat v budoucnosti. Pro\u010d? Pro\u010d jste se rozhodli j\u00edt do tohoto projektu, pom\u011brn\u011b rozs\u00e1hl\u00e9ho a \u010dasov\u011b n\u00e1ro\u010dn\u00e9ho? Tak\u017ee my jsme vlastn\u011b vyu\u017eili toho, \u017ee j\u00e1 jsem v r\u00e1mci sv\u00e9ho studia na fakult\u011b architektury v Brn\u011b zkoumal tady to t\u00e9ma, zaj\u00edmalo m\u011b vlastn\u011b, co by n\u00e1m ty m\u011bsta v budoucnosti mohly p\u0159in\u00e9st a sp\u00ed\u0161 pro\u010d byl ten prvotn\u00ed z\u00e1jem, tak bylo to, co t\u011bm m\u011bst\u016fm dneska chyb\u00ed. A jeliko\u017e jsme d\u011blali vizi, tak jsme si vzali probl\u00e9my t\u011bch velk\u00fdch, nejv\u011bt\u0161\u00edch m\u011bst a p\u0159i\u0161li jsme na to vlastn\u011b, \u017ee stejn\u00e9 probl\u00e9my, jako maj\u00ed ur\u010dit\u00e1 velk\u00e1 m\u011bsta, u\u017e se schyluj\u00ed na ty probl\u00e9my men\u0161\u00edch m\u011bst, kter\u00e9 si \u0159ekneme t\u0159eba Brno, Praha a podobn\u011b. Jak\u00e9 ty probl\u00e9my? J\u00e1 t\u0159eba na prvn\u00ed pohled vid\u00edm probl\u00e9m dopravy. Doprava v klidu, ale nejen doprava v klidu. Prost\u011b t\u011bch aut je p\u0159\u00edli\u0161 moc a zd\u00e1 se, \u017ee jich je\u0161t\u011b nen\u00ed dostate\u010dn\u011b moc, abychom uspokojili ty lidi a jejich, \u0159ekn\u011bme, ty materi\u00e1ln\u00ed pot\u0159eby, tak\u017ee jich asi je\u0161t\u011b bude p\u0159ib\u00fdvat chv\u00edli. Co vy vn\u00edm\u00e1te jako nejv\u011bt\u0161\u00ed probl\u00e9m? Tak\u017ee, jak jste \u0159ekla, jedna z \u010d\u00e1st\u00ed t\u011bch probl\u00e9m\u016f je doprava, potom vn\u00edm\u00e1me, \u017ee je nedostate\u010dn\u00e9 mno\u017estv\u00ed lok\u00e1ln\u00edch potravin, nedostate\u010dn\u00e9 mno\u017estv\u00ed vody a u\u017e dneska se pot\u00fdk\u00e1me v\u0161ichni s nedostatkem energetick\u00fdch druh\u016f nebo n\u011bjak\u00e9 elektrick\u00e9 energie. A to v\u0161echno jsme v r\u00e1mci TV se \u0159e\u0161ili, vlastn\u011b vyu\u017e\u00edv\u00e1me nejmodern\u011bj\u0161\u00ed technologie, kter\u00e9 by n\u00e1m v r\u00e1mci toho m\u011bsta mohly pomoct. Tak\u017ee, jak jsme se bavili na za\u010d\u00e1tku, tak jak jsem rod\u00e1k z Vala\u0161ska, kte\u0159\u00ed zvykl\u00ed b\u00fdt v\u00edce zp\u011bt\u00ed s tou p\u0159\u00edrodou, tak se sna\u017e\u00edme do toho m\u011bsta zase tu p\u0159\u00edrodu a ty lok\u00e1ln\u00ed zdroje navr\u00e1tit. Jak by takov\u00e9 m\u011bsto vlastn\u011b m\u011blo v budoucnu vypadat? J\u00e1 jsem tro\u0161ku nahl\u00eddla do t\u00e9 kn\u00ed\u017eky a vypad\u00e1 to tro\u0161ku jako science fiction, ale ono to asi nem\u00e1 \u00fapln\u011b daleko od pravdy. Zase, my jsme si \u0159ekli, jako s kolegy, s panem Vejpuskem a s panem Frant\u00edkem, jakou vlastn\u011b tu \u010dasovou osu chceme \u0159e\u0161it. My jsme si \u0159ekli, poj\u010fme zkusit n\u011bjakou koncepci n\u00e1s jako vizi, kter\u00e1, jak by to m\u011bsto mohlo vypadat t\u0159eba za 50 a\u017e 100 let. T\u00edm, \u017ee vlastn\u011b dneska m\u00e1me ten z\u00e1kladn\u00ed v\u00fdzkum, co\u017e je n\u011bjak\u00e1 vize, tak my to chceme ov\u011b\u0159ovat v aplikovan\u00e9m v\u00fdzkumu t\u0159eba i na men\u0161\u00edch m\u011bstech a m\u016f\u017eeme potom z\u00edskat vlastn\u011b relevantn\u00ed zdroje a podle toho m\u016f\u017eeme upravovat jak vlastn\u011b tu architektonickou formu v t\u011bch jednotliv\u00fdch m\u011bstech, nebo vlastn\u011b ten urbanismus a s n\u00edm zp\u011bt\u00e9 ty probl\u00e9my. Kdy\u017e se vr\u00e1t\u00edme t\u0159eba k tomu t\u00e9matu t\u00e9 dopravy, tak u\u017e se bav\u00edme o v\u011bcech, kter\u00e9 jsou n\u00e1m t\u0159eba vzd\u00e1len\u011bj\u0161\u00ed, ale v zahrani\u010d\u00ed je to norm\u00e1ln\u00ed, jako je nap\u0159\u00edklad v\u011bt\u0161\u00ed m\u00edra vyu\u017eit\u00ed m\u011bstsk\u00e9 hromadn\u00e9 dopravy, v\u011bt\u0161\u00ed m\u00edra vyu\u017eit\u00ed jako abezpe\u010dn\u00e9 cyklostesky, chodce, carsharing a podobn\u011b. Kdy\u017e se z\u016fstaneme tady u t\u00e9 dopravy, tak pravda je, \u017ee ta m\u011bsta, t\u0159eba v Holandsku, maj\u00ed, \u0159ekn\u011bme, 40 lety n\u00e1skok p\u0159ed n\u00e1mi, kte\u0159\u00ed jsme 40 let nic nem\u011bli a te\u010fka najednou si chceme dop\u0159\u00e1t toho, co si ta z\u00e1padn\u00ed Evropa dop\u0159\u00e1vala p\u0159ed n\u00e1mi. Tak\u017ee myslet si, \u017ee nebudeme cht\u00edt si proj\u00edt tou etapou, \u017ee budeme m\u00edt jedno auto, druh\u00e9 auto, mo\u017en\u00e1 t\u0159et\u00ed auto v rodin\u011b, je tro\u0161ku najivn\u00ed. P\u0159esn\u011b, jak \u0159\u00edk\u00e1 Tadeo, to, \u017ee my budeme muset postupovat v r\u00e1mci n\u011bjak\u00e9ho evolu\u010dn\u00edho procesu. A my, jako vlastn\u011b akademici, jsme tady od toho, aby jsme ho t\u0159eba urychlili. \u017de my vlastn\u011b m\u016f\u017eeme t\u011bm lidem \u0159\u00edct, jak by to mohlo b\u00fdt jinak, ale nakonec v\u017edycky je to, kdo tvo\u0159\u00ed to m\u011bsto a kdo rozhoduje re\u00e1ln\u011b o tom, jak bude vypadat architektura, tak jsou lid\u00e9 a je to ta spole\u010dnost. Je to pr\u00e1v\u011b dle na\u0161eho n\u00e1zoru, n\u011bkdo m\u016f\u017ee m\u00edt n\u00e1zor jin\u00fd, \u017ee to ovliv\u0148uje v\u00edce jako politika a podobn\u011b. Ale my si mysl\u00edme, \u017ee kdy\u017e pozitivn\u011b ovlivn\u00edme spole\u010dnost v tomhle, jak to m\u016f\u017ee vypadat, budeme v\u00edc mezi n\u011b chodit pr\u00e1v\u011b do rozhovoru a tak, tak jsme, nebo n\u00e1\u0161 n\u00e1zor je ten, \u017ee prost\u011b zm\u011bn\u00edme to d\u0159\u00edv a bude se n\u00e1m to v\u0161em \u017e\u00edt t\u0159eba l\u00e9pe, nebudou vlastn\u011b ulice pln\u00e9 jako automobil\u016f, za\u010dneme v\u00edce vyu\u017e\u00edvat tady ty modern\u00ed prvky a podobn\u011b. Dob\u0159e, ale kdy\u017e si t\u0159eba vezmete Prahu nebo Vset\u00edn, kde te\u010f moment\u00e1ln\u011b nat\u00e1\u010d\u00edme, tak m\u00e1me tady cyklostesky, v Praze taky jsou vytvo\u0159en\u00e9 cyklopruhy, ale co pak by soudn\u00fd cyklista mezi ta auta v\u016fbec v\u011bl? Kdy\u017e tam hroz\u00ed ka\u017ed\u00fd okam\u017eik sr\u00e1\u017eka z realitou a tedy ohro\u017een\u00ed \u017eivota? Jo, j\u00e1 to vn\u00edm\u00e1m stejn\u011b, j\u00e1 pr\u00e1v\u011b bydl\u00edm v Brn\u011b a vn\u00edm\u00e1m pr\u00e1v\u011b to, \u017ee ty probl\u00e9my jsou \u0159e\u0161en\u00e9 polov\u00ed\u010dat\u011b, n\u011bjak nap\u016fl. My sice ud\u011bl\u00e1me n\u011bjak\u00e9 \u0159e\u0161en\u00ed, \u017ee vyzna\u010d\u00edme \u010derven\u00fd pruh, ale t\u0159eba j\u00e1 v \u017eivot\u011b bych nikdy na tom kole nejel, proto\u017ee bych m\u011bl strach, \u017ee m\u011b kdokoliv sraz\u00ed. Tak\u017ee takhle to vn\u00edm\u00e1m p\u0159esn\u011b, jak vy \u0159\u00edk\u00e1te a my mus\u00edme to dot\u00e1hnout p\u0159esn\u011b do toho, p\u0159esn\u011b do t\u00e9 f\u00e1ze, tak, abychom byli schopni jezdit bezpe\u010dn\u011b hlavn\u011b na tom kole, m\u00edt ten p\u011bkn\u00fd ve\u0159ejn\u00fd prostor a vlastn\u011b, aby to bylo podobn\u011b, jak je to v tom zahrani\u010d\u00ed, ale jak \u0159\u00edk\u00e1te, bude to cht\u00edt asi \u010das a hlavn\u011b, aby ti lidi si \u0159ekli, poj\u010fme tla\u010dit na to, aby to takhle bylo. A co t\u0159eba parkov\u00e1n\u00ed? M\u00e1me probl\u00e9m s parkovac\u00edmi m\u00edsty. Hovo\u0159\u00ed se o tom a v zahrani\u010d\u00ed to je vid\u011bt, \u017ee vlastn\u011b v\u0161echna velk\u00e1 parkovi\u0161t\u011b jsou podzem\u00ed, tak\u017ee nejsou vid\u011bt a navrchu na tom prostoru je t\u0159eba park. Je to cesta nebo jak to vid\u00edte vy? To \u00fapln\u011b nev\u00edm, jestli to je v\u0161echno jako v podzem\u00ed, ale ur\u010dit\u011b, kdy\u017e dneska vy nebo kdokoliv se p\u016fjde pod\u00edvat t\u0159eba do V\u00eddn\u011b, tak ten syst\u00e9m tam funguje jako velmi p\u011bkn\u011b. Vy, kdy\u017e pojedete, tak v r\u00e1mci t\u00e9 suburbany toho m\u011bsta, tak tam je vlastn\u011b park and ride. Tam zajedete, za norm\u00e1ln\u00ed pen\u00edze si tam za cel\u00fd den zaparkujete a hlavn\u011b, co je ten bonus, hnedka u toho je zastaven\u00ed m\u011bstsk\u00e9 hromadn\u00e9 dopravy. Bu\u010f vlastn\u011b n\u011bjak\u00e1 tramvaj nebo n\u011bjak\u00e9 metro nebo MHD v\u00e1s doveze do m\u011bsta, nebo je tam vlastn\u011b p\u016fj\u010dovna kol, jak je to dneska v t\u011bch v\u011bt\u0161\u00edch m\u011bstech, \u017ee vy si p\u016fj\u010d\u00edte kolo, dojedete do m\u011bsta v l\u00e9t\u011b nebo si p\u011b\u0161ky hezky projdete kolem \u0159eky. Tak\u017ee tam je ten urbanismus takhle \u0159e\u0161en u\u017e del\u0161\u00ed dobu a funguje to tam. Tak Praha se o n\u011bco takov\u00e9ho sna\u017e\u00ed, ale zjevn\u011b, kdy\u017e p\u0159ijedete do Prahy, tak je vid\u011bt, \u017ee to vy\u0159e\u0161en\u00e9 nen\u00ed. Nechci b\u00fdt ten, co to jako kritizuje \u00fapln\u011b takhle, ale prost\u011b sna\u017e\u00edme se o to a ur\u010dit\u011b v Praze se o to sna\u017e\u00ed, i vid\u00edme t\u0159eba prvky toho, \u017ee se sna\u017e\u00edme vylep\u0161ovat ten mobili\u00e1\u0159, ve\u0159ejn\u00fd prostor, sni\u017eujeme tu reklamu, tak, aby to bylo i pro ty lidi. Zase budeme si asi muset po\u010dkat, ne\u017e v\u00edc na to za\u010dneme v\u0161ichni tla\u010dit. Dob\u0159e, ta doprava je, \u0159ekn\u011bme, jeden probl\u00e9m, kter\u00fd asi bude vy\u017eadovat je skute\u010dn\u011b dal\u0161\u00ed \u0159e\u0161en\u00ed, aby ti lid\u00e9 se vnit\u0159n\u011b nastavili, tak\u017ee necht\u011bj\u00ed jezdit autem, ale to bude t\u0159eba 30, 40 let, ne\u017e skute\u010dn\u011b zjist\u00edme, \u017ee to materi\u00e1l n\u00e1s tolik neuspokuje. Zase j\u00e1 to \u0159eknu takhle, kdy\u017e j\u00e1 jako \u010dlen t\u00e9 spole\u010dnosti budu m\u00edt na vyb\u011br, jestli pojedu do n\u011bjak\u00e9 lokace autem a zabere mi to 15 minut, nebo pojedu m\u011bstskou hromadnou dopravou a bude mi to trvat se v\u0161im v\u0161udy hodinu, tak je asi jako jasn\u00e9, co si vyberu. Tak\u017ee zase my, kdy\u017e vlastn\u011b \u0159ekneme t\u011bm lidem, jak to m\u00e1 fungovat i tomu m\u011bstu a to m\u011bsto bude fungovat jako l\u00e9pe a \u0159ekne, zv\u00fd\u0161\u00edme tu m\u011bstskou hromadnou dopravu, d\u011bl\u00e1me t\u0159eba i tu cestu v\u00e1m p\u0159\u00edjemn\u011bj\u0161\u00ed k t\u00e9 zast\u00e1vce, \u017ee se budete c\u00edtit komfortn\u011b, \u017ee budou t\u0159eba ty prvky vizualn\u011b podobn\u00e9, tak se bav\u00edme \u00fapln\u011b o n\u011b\u010dem jin\u00e9m. Ale kdy\u017e j\u00e1 t\u0159eba dneska d\u00e1m p\u0159\u00edklad, p\u016fjdu v Brn\u011b a budu cht\u00edt n\u011bkam dojet a autem mi to zabere 20 minut a pojedu vlastn\u011b m\u011bstskou hromadnou dopravou nebo jako p\u011b\u0161ky a bude mi to trvat hodinu, tak zase na druhou stranu, kdy\u017e m\u00e1m toho opravdu hodn\u011b p\u0159es ten den, tak ch\u00e1pu, \u017ee ti lid\u00e9 vyberou rad\u0161i tu cestu toho auta nebo n\u011bco takov\u00e9ho. Tak\u017ee je to o tom zp\u0159\u00edjemn\u011bn\u00ed t\u00e9 m\u011bstsk\u00e9 hromadn\u00e9 dopravy, zrychlen\u00ed v\u016fbec t\u00e9 dopravy. Poj\u010fme se bavit do toho, jak to budeme ekonomicky \u0159e\u0161it. Nap\u0159\u00edklad, kdy\u017e pojedeme dneska autem z Brna do Prahy, pojedeme \u010dty\u0159i, tak m\u00e1me vyzkou\u0161en\u00e9, \u017ee n\u00e1s to vyjde lepn\u011bji, ne\u017e kdy\u017e pojedeme t\u0159eba \u010dty\u0159i vlakem, co\u017e mi p\u0159ijde jako velk\u00fd probl\u00e9m. No tak u\u017e, kdy\u017e jedete do Prahy dva, tak se v\u00e1m to vyplat\u00ed jet autem. Ne\u017e vlastn\u011b jet tou m\u011bstskou hromadnou dopravou nebodn\u00edm vlakem. A kolikr\u00e1t t\u0159eba, kdy\u017e jsem jezd\u00edval t\u0159eba do Valmezu na Pr\u016fmku, tak ta cesta mi opravdu trvala skoro a\u017e dv\u011b hodiny. No pravda je ta, \u017ee ve Vala\u0161sk\u00e9m Mezi\u0159\u00ed\u010d\u00ed maj\u00ed m\u011bstskou hromadnou dopravu zdarma. A autobusy jezd\u00ed pr\u00e1zdn\u00e9. Opravdu? Te\u010f jsem m\u011bla kolem autobusu m\u011bstsk\u00e9 hromadn\u00e9 dopravy aut na cest\u011b spoustu, ale autobus vezl vzduch. Tak aspo\u0148 vid\u00edme, \u017ee lid\u00e9 nemaj\u00ed probl\u00e9m s pen\u011bz\u00ed. No tak, ale hlavn\u011b, \u017ee to prost\u011b nikoho do toho MHD nel\u00e1ka. Ne, j\u00e1 nedok\u00e1\u017eu \u0159\u00edct, \u010d\u00edm to je, pro\u010d to tak je, \u017ee kdy\u017e u\u017e doopravdy t\u0159eba i to m\u011bsto ud\u011bl\u00e1 ten vst\u0159\u00edcn\u00fd krok, \u017ee z toho rozpo\u010dtu d\u00e1 t\u011bm lidem mo\u017enost jezdit zadarmo, oni toho nevyu\u017e\u00edvaj\u00ed, tak u\u017e jsme fakt jenom o tom, \u017ee se budeme bavit, kdy to p\u0159ijde a kdy se t\u0159eba prom\u011bn\u00ed ty generace, kter\u00e9 to budou cht\u00edt za\u010d\u00edt v\u00edc takhle vyu\u017e\u00edvat, \u017ee jim p\u016fjde v\u00edce t\u0159eba o tu planetu nebo o to m\u011bsto a podobn\u011b, \u017ee prost\u011b budou vy\u017eadovat p\u011bkn\u00fd ve\u0159ejn\u00fd prostor a tak d\u00e1le. Tak\u017ee skon\u010dili jsme te\u010f t\u00e9ma dopravy a poj\u010fme se bavit o t\u011bch zdroj\u00edch. Vy jste nazna\u010dil vlastn\u011b, \u017ee i ta m\u011bsta budou pot\u0159ebovat produkovat lok\u00e1ln\u00ed potraviny, budou pot\u0159ebovat produkovat si vodu, proto\u017ee z v\u00fdzkumu plyn\u00e9, a je to nakonec vid\u011bt, ten trend je jasn\u00fd, \u017ee ti lid\u00e9 se z t\u011bch venkov\u016f st\u011bhuj\u00ed do t\u011bch velk\u00fdch aglomerac\u00ed, venkov se vylid\u0148uje a velk\u00e1 m\u011bsta se nafukuj\u00ed a asi to nejde do nekone\u010dna. Asi takhle, \u017ee celosv\u011btov\u00e1 data ukazuj\u00ed, \u017ee v dne\u0161n\u00ed dob\u011b 50% celosv\u011btov\u00e9 populace \u017eije ve m\u011bstech a dal\u0161\u00edch 50 a\u017e 100 let m\u00e1 b\u00fdt a\u017e 70%, tak\u017ee ten probl\u00e9m bude \u010d\u00edm d\u00e1l t\u00edm v\u00edce pal\u010div\u00fd. A vlastn\u011b, jak jsem \u0159\u00edkal na za\u010d\u00e1tku, tak ty probl\u00e9my jsou stejn\u00e9. Prvn\u00ed ten u\u017e jsme probrali, pak to m\u00e1me, my vlastn\u011b v r\u00e1mci t\u011bch m\u011bst nem\u00e1me lok\u00e1ln\u00ed zdroj pitn\u00e9 vody, nem\u00e1me tam lok\u00e1ln\u00ed zdroje potravy, v\u0161echno dov\u00e1\u017e\u00edme, bu\u010f jako ze suburbanit, anebo vlastn\u011b z ostatn\u00edch zem\u00ed. Kdy\u017e se pod\u00edv\u00e1me nap\u0159\u00edklad v Albert\u011b, tak vid\u00edme, \u017ee v\u011bt\u0161ina ovoce, zeleniny poch\u00e1z\u00ed nap\u0159\u00edklad z Holandska, co\u017e je velice dobr\u00fd p\u0159\u00edklad, jak tam funguje jako zem\u011bd\u011blstv\u00ed, anebo pak ten dal\u0161\u00ed probl\u00e9m jsou ty energetick\u00e9 zdroje, to taky dneska v\u0161ichni vid\u00ed, \u017ee ta energie je dr\u00e1h\u00e1 a podobn\u011b. Tak\u017ee co by se m\u011blo podle v\u00e1s v t\u011bch m\u011bstech zm\u011bnit, jak by ta m\u011bsta m\u011bla z tohoto pohledu vypadat? Podle na\u0161eho n\u00e1zoru by ta m\u011bsta m\u011bla b\u00fdt vlastn\u011b lok\u00e1ln\u00ed, m\u011bly by jsme m\u00edt lok\u00e1ln\u00ed zdroje vody a v\u0161ech tady t\u011bch zdroj\u016f a to u\u017e n\u00e1m dneska umo\u017en\u00ed modern\u00ed technologie. Jak my p\u00ed\u0161eme vlastn\u011b v tom z\u00e1kladn\u00edm vyskumu, dne\u0161n\u00ed tady ty technologie u\u017e jsou zn\u00e1m\u00e9, nebo u\u017e jsou pou\u017e\u00edvan\u00e9. Asi v\u011bt\u0161ina lid\u00ed u\u017e z\u00e1hledla t\u0159eba v televizi, \u017ee jsou modern\u00ed zdroje vlastn\u011b zem\u011bd\u011blstv\u00ed, vertik\u00e1ln\u00ed farmy, aquapony, hydropony a podobn\u011b. Tak\u017ee d\u00e1 se \u0159\u00edct, \u017ee se budeme vracet k t\u011bm ko\u0159en\u016fm, v tom smyslu, \u017ee si budeme p\u011bstovat t\u0159eba na st\u0159ech\u00e1ch, nebo na st\u011bn\u00e1ch, ovoce, zeleninu, mo\u017en\u00e1 u\u017e i brambory porostou na st\u0159e\u0161e, nebo jak to m\u00e1te v pl\u00e1nu, nebo jak to vid\u00edte? Tady ty technologie u\u017e dneska fungujou. Co je nejv\u011bt\u0161\u00ed probl\u00e9m, tak je energie a my u\u017e v r\u00e1mci tady toho vyskumu jsme p\u0159i\u0161li na to, \u017ee dokud nebudeme m\u00edt nov\u00e9 prim\u00e1rn\u00ed zdroje technologie a n\u011bjak nezlep\u0161\u00edme z\u00edsk\u00e1v\u00e1n\u00ed t\u011bch obnoviteln\u00fdch zdroj\u016f, tak tohle je\u0161t\u011b nebude mo\u017en\u00e9. Ale jakmile p\u0159ijdeme na to, \u017ee se to vlastn\u011b tady vy\u0159e\u0161\u00ed, ten probl\u00e9m s tou energi\u00ed, tak budeme schopni to takhle d\u011blat. Proto\u017ee dneska, kdy\u017e se vezmeme fin\u00e1ln\u00ed produkt vlastn\u011b z spole nebo z toho modern\u011bho zm\u011bd\u011blstv\u00ed, tak on bude n\u011bkolika n\u00e1sledn\u011b dra\u017e\u0161\u00ed kv\u016fli tomu, \u017ee vyu\u017eit\u00ed t\u00e9 energie, na kterou pou\u017eijeme vlastn\u011b na kilo toho produktu, tak je a\u017e tis\u00edckr\u00e1t v\u011bt\u0161\u00ed t\u0159eba. Dob\u0159e, tak\u017ee \u0159ekn\u011bme si to konkr\u00e9tn\u011b. Tak\u017ee vodu budeme br\u00e1t odkud, energii budeme br\u00e1t odkud a co teda budeme p\u011bstovat v t\u011bch m\u011bstech a kde? Tak\u017ee vlastn\u011b vodu bychom m\u011bli br\u00e1t vlastn\u011b z atmosf\u00e9rick\u00e9 vlhkost\u00ed. My jsme schopni za pomoc\u00ed kondenzace, vlastn\u011b prudk\u00e9ho schlazen\u00ed vzduchu, oh\u0159\u00e1n\u00ed a schlazen\u00ed vzduchu vlastn\u011b generovat vodu. Vlastn\u011b je to jenom destilovan\u00e1 voda, kterou pot\u00e9 budeme muset mineralizovat a budeme ji moc pou\u017e\u00edt vlastn\u011b. Energii my bereme \u010d\u00e1st vlastn\u011b z obnoviteln\u00fdch zdroj\u016f, ale po\u010d\u00edt\u00e1me i s t\u00edm, \u017ee bude u\u017e ten nov\u00fd prim\u00e1rn\u00ed zdroj t\u00e9 energie, kter\u00fd vlastn\u011b bude vyu\u017e\u00edt pro tady ty \u00fa\u010dely. A mysl\u00edme si, \u017ee bylo by dle na\u0161eho n\u00e1zoru dobr\u00e9 p\u0159esunout vlastn\u011b zim\u011bd\u011blstv\u00ed do atmosf\u00e9r t\u011bch m\u011bst, \u017ee to bude vlastn\u011b v n\u011bjak\u00e9 v\u00fd\u0161ce, abychom u\u017e d\u00e1le nezab\u00edrali tu p\u016fdu. A tam m\u016f\u017eeme p\u011bstovat, u\u017e dnes vlastn\u011b jsme schopni vlastn\u011b p\u011bstovat, jak \u0159\u00edk\u00e1te, ledov\u00fd sal\u00e1t, raj\u010data, jahody a podobn\u011b. To u\u017e dnes je norm\u00e1ln\u011b pou\u017e\u00edvan\u00e9. Dob\u0159e, ale toto jsou, \u0159ekn\u011bme, potraviny, kter\u00e9 n\u00e1s je\u0161t\u011b neuspokoj\u00ed. P\u0159ece jenom jsme lid\u00e9, pot\u0159ebujeme \u017eivo\u010di\u0161nou b\u00edlkovinu. Jak budeme tedy z\u00edsk\u00e1vat tady tuto \u017eivo\u010di\u0161nou b\u00edlkovinu p\u0159\u00edmo v t\u011bch m\u011bstech? Jak budeme sob\u011b sta\u010dn\u00ed? A taky jste hovo\u0159il o prim\u00e1rn\u00edm zdroji. Co by m\u011blo b\u00fdt ten prim\u00e1rn\u00ed? Jo, mysl\u00edte te\u010f prim\u00e1rn\u00ed zdroj energie? To by m\u011bla b\u00fdt dle nejnov\u011bj\u0161\u00ed p\u0159edpoklad\u016f jadern\u00e1 f\u016fze anebo potom z\u00edsk\u00e1n\u00ed v\u00edce mno\u017estv\u00ed energie ze slunce, \u017ee jsme schopni vyslat satelity s velk\u00fdm po\u0161tem sol\u00e1rn\u00ed panel\u016f, kter\u00e9 budou pak dod\u00e1vat vlastn\u00ed energii na Zemi. Ale jsou to v\u0161echno jenom teorie a do t\u00e9 pou\u017eit\u00ed v praxi maj\u00ed je\u0161t\u011b daleko. A te\u010f, co se t\u00fd\u010de t\u00e9 \u017eivo\u010di\u0161n\u00e9 b\u00edlkoviny, tak my jako spole\u010dnost, te\u010f nechci \u0159\u00edkat nic pro tebe, ale m\u011bli bychom za\u010d\u00edt uva\u017eovat, \u017ee vlastn\u011b toho masa nej\u00edme a\u017e p\u0159\u00edli\u0161 mnoho a zase, jak bychom s t\u00edm m\u011bli pracovat. Te\u010f nejsem za st\u00e1nce toho, \u017ee bychom m\u011bli p\u0159estat j\u00edst \u017eivo\u010di\u0161nou stravu, ale m\u011bli bychom zase bavit se o tom, jestli ji nep\u0159ijm\u00e1me moc a jak by to jako m\u011blo vypadat. Re\u00e1ln\u011b si mysl\u00edm, \u017ee \u017eivo\u010di\u0161nou produkci v podob\u011b v\u011bt\u0161\u00edch zv\u00ed\u0159at nedok\u00e1\u017eeme dostat do m\u011bsta. Dok\u00e1\u017eeme tam dostat produkci b\u00edlkovin v podob\u011b n\u011bjak\u00e9ho hmyzu nebo n\u011b\u010deho takov\u00e9ho. Tak\u017ee po\u0159\u00e1d se kalkuluje s t\u00edm, \u017ee bav\u00edme se o t\u00e9 \u017eivo\u010di\u0161n\u00e9 v\u00fdrob\u011b. Samoz\u0159ejm\u011b je to na zv\u00e1\u017een\u00ed, jak \u0159\u00edk\u00e1te, jestli masa j\u00edme moc nebo m\u00e1lo, ale v ka\u017ed\u00e9m p\u0159\u00edpad\u011b maso je pot\u0159eba. Tak\u017ee ta \u017eivo\u010di\u0161n\u00e1 v\u00fdroba v ka\u017ed\u00e9m p\u0159\u00edpad\u011b bude fungovat. A to nen\u00ed jenom maso, jsou to t\u0159eba i vaj\u00ed\u010dka a dal\u0161\u00ed produkty \u017eivo\u010di\u0161n\u00e9 v\u00fdroby, ml\u00e9ko, s\u00edry atd. Tak\u017ee toto by asi m\u011blo z\u016fstat na venkov\u011b? To nedok\u00e1\u017eu \u0159\u00edct, ale co jsme se zab\u00fdvali, tak je to p\u0159esudem t\u00e9 rostlinn\u00e9 stravy do m\u011bsta. U\u017e to n\u00e1m nap\u0159\u00edklad u\u0161et\u0159\u00ed velk\u00e9 mno\u017estv\u00ed zem\u011bd\u011blsk\u00e9 p\u016fdy, kterou jsme potom schopni vyu\u017e\u00edt na p\u0159em\u011bnu biodiverzitn\u00ed vegetace. Zase v\u00edme, \u017ee to bude trvat, kdy\u017e to chceme ud\u011blat jako p\u0159irozen\u011b, tak to bude trvat jako stalet\u00ed nebo dek\u00e1dy, nebudeme m\u00edt potom monokulturn\u00ed lese, ale budeme m\u00edt druhov\u011b rozmanit\u00e9. A vlastn\u011b jsme schopni z tomu m\u011bsta zase mu pomoct s tou produkc\u00ed CO2, kter\u00e9 bude sni\u017eovat ten les atd. J\u00e1 jsem na za\u010d\u00e1tku \u0159\u00edkala, \u017ee m\u011b to zn\u00ed tro\u0161ku jako science fiction. Jak moc velk\u00e9 science fiction podle v\u00e1s to je? Z\u00e1le\u017e\u00ed, jak\u00e9 technologie se budeme bavit. Kdy\u017e se budeme bavit o tom, \u017ee nap\u0159\u00edklad bychom do dne\u0161n\u00edch byt\u016f implementovali modern\u00ed zem\u011bd\u011blstv\u00ed nebo n\u011bjak\u00fd tu generacit\u00e9 vody, tak si mysl\u00edm, \u017ee to science fiction nen\u00ed. Ale pokud se budeme bavit o tom, \u017ee bychom stavili podobn\u00e9 struktury, jak my p\u0159edstavujeme v t\u00e9 knize, tak jsme opravdu v horizontu 50 a\u017e 100 let. Tak\u017ee je to mo\u017en\u00e1 jak\u00e1si vize, kter\u00e1 v\u016fbec nemus\u00ed b\u00fdt napln\u011bna? Ur\u010dit\u011b ne. Je to vlastn\u011b z\u00e1kladn\u00ed v\u00fdzkum, v kter\u00e9m jsme p\u0159edstavili tu vizi a v dne\u0161n\u00ed dob\u011b chceme j\u00edt do toho s t\u00edm, \u017ee budeme d\u011blat aplikovan\u00fd v\u00fdzkum. To znamen\u00e1, \u017ee my v tom aplikovan\u00e9m v\u00fdzkumu budeme v\u0161echny tyto technologie ov\u011b\u0159ovat, jestli budou fungovat a budeme je p\u0159edstavovat jak vlastn\u011b odborn\u00e9, tak i lidsk\u00e9 ve\u0159ejnosti. M\u00e1te u\u017e n\u011bjakou konkr\u00e9tn\u00ed p\u0159edstavu, kde za\u010dnete? Te\u010f mysl\u00edte, s \u010d\u00edm konkr\u00e9tn\u011b chceme za\u010d\u00edt? Ano, s t\u00edm v tom aplikovan\u00e9m v\u00fdzkumu. Tak my zaprv\u00e9 s \u010d\u00edm chceme za\u010d\u00edt, tak je, \u017ee budeme chceme odzkou\u0161et ty gener\u00e1tory na vodu, kter\u00e9 u\u017e dnes existuj\u00ed, ale chceme zkusit nap\u0159\u00edklad na n\u011bjak\u00e9 vy\u0161kov\u00e9 budov\u011b, kdy\u017e jich d\u00e1me v\u00edce kolem sebe, jak to bude ovl\u00edd\u0148ovat t\u0159eba to m\u011bstsk\u00e9 prost\u0159ed\u00ed, pro\u010d ono se m\u016f\u017ee st\u00e1t, \u017ee to nebude fungovat a nebude to prospe\u0161n\u00e9 tomu m\u011bstu. A zase i vlastn\u011b ten v\u00fdzkum, kter\u00fd se nepovede, tak je pro dal\u0161\u00ed v\u00fdzkumny t\u00fdm vlastn\u011b vysledek, kdy oni si \u0159eknou, hele, tady ten t\u00fdm zkou\u0161el, tam cesta nevede, poj\u010fme zkusit zase n\u011bco jin\u00e9ho. Tak\u017ee takhle i my to vn\u00edm\u00e1me, \u017ee vlastn\u011b i ten d\u00edl\u010d\u00ed ne\u00fasp\u011bch m\u016f\u017ee b\u00fdt pro n\u011bkoho budoucnou \u00fasp\u011bch. V ka\u017ed\u00e9m p\u0159\u00edpad\u011b ale vn\u00edm\u00e1te, \u017ee n\u011bco se bude muset zm\u011bnit. Samoz\u0159ejm\u011b vn\u00edm\u00e1m, \u017ee se ur\u010dit\u011b bude muset n\u011bco zm\u011bnit. Jenom mysl\u00edte si, \u017ee t\u0159eba ti lid\u00e9 jsou p\u0159ipraveni vr\u00e1tit se k t\u011bm ko\u0159en\u016fm v tom smyslu, \u017ee si budou p\u011bstovat i v t\u011bch m\u011bstsk\u00fdch bytech ty sv\u00e9 raj\u010data, papryky, te\u010f u\u017e na balk\u00f3nech t\u0159eba se p\u011bstuj\u00ed, ale mysl\u00edm t\u0159eba i ty brambory. Proto jsme ud\u011blali tu kn\u00ed\u017eku, kterou vlastn\u011b bychom cht\u011bli jak komer\u010dn\u011b vydat, nebo i jako t\u00e9 laick\u00e9 ve\u0159ejnosti, aby se na to p\u0159iprovali, \u017ee tohle se re\u00e1ln\u011b asi, nebo dle na\u0161eho n\u00e1zoru pravd\u011bpodobn\u011b stane. Proto\u017ee ten syst\u00e9m, nebo to, v \u010dem \u017eijeme dneska, \u00fapln\u011b nen\u00ed udr\u017eiteln\u00e9. A takhle to nem\u016f\u017eeme fungovat do nekone\u010dna. Bude se muset re\u00e1ln\u011b n\u011bco zm\u011bnit. A zase si mysl\u00edm, \u017ee i pro ty u\u017eivatel\u00e9 bude dobr\u00e9, kdy\u017e budou m\u00edt doma jednu m\u00edstnost, nebo ur\u010ditou plochu metru \u010dtvere\u010dn\u00edch, n\u011bjakou vertik\u00e1ln\u00ed farbu, kter\u00e1 v\u00e1m vlastn\u011b celoro\u010dn\u011b bude d\u00e1vat ovoce, zeleninu, vlastn\u011b ne zdarma, ale bude v\u00e1m ji jako d\u00e1vat v tom byt\u011b, tak i pro v\u00e1s. Nebo zept\u00e1m se v\u00e1s, v\u00e1m by se to l\u00edbilo tohle m\u00edt doma? No j\u00e1 m\u00e1m doma zahr\u00e1dku, tak\u017ee mn\u011b se to l\u00edb\u00ed. A j\u00e1 si teda p\u011bstuju i brambory, i raj\u010data, i papryky. No ale te\u010f si p\u0159edstavte, \u017ee byste to m\u011bla celoro\u010dn\u011b. Tak\u017ee vlastn\u011b byste to m\u011bla v zim\u011b, v l\u00e9t\u011b, na ja\u0159e a vlastn\u011b neovliv\u0148uje v\u00e1s pov\u011btrnostn\u00ed podm\u00ednky. A tak d\u00e1le. Tak j\u00e1 vzhledem k tomu, \u017ee m\u00e1m sklen\u00edk, tak j\u00e1 to m\u00e1m tak \u0159ka celoro\u010dn\u011b. Ale mysl\u00edm si, \u017ee ten probl\u00e9m \u0159e\u0161\u00ed t\u0159eba lid\u00e9 opravdu v t\u011bch m\u011bstech, kter\u00fdm by se to asi i l\u00edbilo. Sp\u00ed\u0161 jde jenom o to, jestli jsou p\u0159ipraveni, ale mluv\u00edte o t\u00e9 udr\u017eitelnosti. Podle m\u011b jako hlavn\u011b, co je neudr\u017eiteln\u00e9, je, \u017ee dov\u00e1\u017e\u00edme potraviny t\u0159eba z Nov\u00e9ho Z\u00e9landu nebo pr\u00e1v\u011b z toho Holandska. No jasn\u011b, no. Co\u017e je p\u0159\u00edli\u0161 ekologicky neprosp\u011b\u0161n\u00e9. My se pak t\u0159eba m\u016f\u017eeme bavit i vlastn\u011b, kolik t\u011bch potravin vyu\u017eijeme pro tu \u017eivo\u010d\u00ed\u0161nou produkci. Jestli t\u0159eba by nebyla ta cesta, aby ty velk\u00e9 l\u00e1ny kolem t\u011bch \u017eivo\u010d\u00ed\u0161n\u00e9 v\u00fdroby nebyly vlastn\u011b naskl\u00e1d\u00e1ne nad sebou. U\u0161et\u0159\u00edme zase dal\u0161\u00ed plochu. V t\u011bch \u0159e\u0161en\u00ed je v\u00edc. V\u0161echno, na \u010dem jsme z\u00e1visl\u00ed, tak dov\u00e1\u017e\u00edme. Kdy\u017e se pod\u00edv\u00e1me t\u0159eba, kdy\u017e bylo obdob\u00ed jako kovidu, tak v\u011bt\u0161ina m\u011bst prost\u011b m\u011bla probl\u00e9m s tady t\u011bmi zdroji. Kdyby najednou ty m\u011bsta byly v\u00edce sob\u011bsta\u010dn\u00e9 a udr\u017eiteln\u00e9, tak by s t\u00edm najednou takov\u00fd probl\u00e9m nebyl. Co\u017e takhle re\u00e1ln\u011b je dneska. My jsme z\u00e1visl\u00ed \u00fapln\u011b na v\u0161em. Jak u\u017e jsme se bavili na tady t\u011bch \u010dty\u0159ech komodit\u00e1ch, my jsme z\u00e1visl\u00ed a mus\u00edme je dov\u00e1\u017eet. A udr\u017eitelnost tkv\u00ed o samostatn\u011bn\u00ed se. Prost\u011b j\u00e1 to vn\u00edm\u00e1m tak, kdy\u017e to \u0159eknu jednodu\u0161e, a\u0165 to v\u0161ichni pochop\u00ed, tak jak jsme tady \u017eili n\u011bkolik stalet\u00ed nebo a\u017e jako tis\u00edcilet\u00ed, \u017ee jsme bydleli v n\u011bjak\u00e9 lokalit\u011b, kolem toho jsme m\u011bli t\u0159eba tu zahr\u00e1dku, kolem toho jsme m\u011bli n\u011bjak\u00fd lok\u00e1ln\u00ed vodn\u00ed zdroj a podobn\u011b, tak to my se sna\u017e\u00edme p\u0159ines do t\u011bch velk\u00fdch m\u011bst. N\u011bkdo \u0159\u00edk\u00e1, \u017ee to je scifi, my si mysl\u00edme, \u017ee to je scifi, proto\u017ee to p\u0159ijde k tomu, jak jsme v\u0161ichni \u017eili dlouhou dobu. D\u00e1my a p\u00e1nov\u00e9, m\u00fdm dne\u0161n\u00edm hostem byl architekt a vizion\u00e1\u0159 Roman Bolcek. D\u00edky za v\u00e1\u0161 \u010das a za rozhovor a nashledanou. Taky moc kr\u00e1t d\u011bkuju, m\u011bjte se hezky, p\u011bkn\u00fd den. www.arkance-systems.cz","nbla_serie":"940","nbla_season":"2023","nbla_episode":"137","nbla_duration":"1274.44","nbla_genre":"3.5.16","nbla_editorial_format":"2.1.5","nbla_mtime":"1698745921","nbla_url":"https:\/\/origin.a11.cz\/vod\/1pvaj1tmfzdqose3bbpoob2mq.mp4","nbla_version":"1698271320","nbla_odvysilano":"Ano","bunny_id":"7c468760-b507-4abd-90ba-1babe348c70f","youtube_id":"","datum_vydani":"20231031","stopaz":"1274.44","dokument":[],"video_to":[]},"_links":{"self":[{"href":"https:\/\/tv.a11.cz\/api\/wp\/v2\/video\/13081","targetHints":{"allow":["GET"]}}],"collection":[{"href":"https:\/\/tv.a11.cz\/api\/wp\/v2\/video"}],"about":[{"href":"https:\/\/tv.a11.cz\/api\/wp\/v2\/types\/video"}],"author":[{"embeddable":true,"href":"https:\/\/tv.a11.cz\/api\/wp\/v2\/users\/8"}],"wp:featuredmedia":[{"embeddable":true,"href":"https:\/\/tv.a11.cz\/api\/wp\/v2\/media\/13369"}],"wp:attachment":[{"href":"https:\/\/tv.a11.cz\/api\/wp\/v2\/media?parent=13081"}],"wp:term":[{"taxonomy":"category","embeddable":true,"href":"https:\/\/tv.a11.cz\/api\/wp\/v2\/categories?post=13081"},{"taxonomy":"porad","embeddable":true,"href":"https:\/\/tv.a11.cz\/api\/wp\/v2\/porad?post=13081"},{"taxonomy":"region","embeddable":true,"href":"https:\/\/tv.a11.cz\/api\/wp\/v2\/region?post=13081"},{"taxonomy":"kategorie","embeddable":true,"href":"https:\/\/tv.a11.cz\/api\/wp\/v2\/kategorie?post=13081"}],"curies":[{"name":"wp","href":"https:\/\/api.w.org\/{rel}","templated":true}]}}