{"id":13047,"date":"2023-10-30T18:01:31","date_gmt":"2023-10-30T17:01:31","guid":{"rendered":"https:\/\/tv.a11.cz\/?post_type=video&#038;p=13047"},"modified":"2023-10-30T20:47:29","modified_gmt":"2023-10-30T19:47:29","slug":"a11-zpravy-pondeli-30-10-2023","status":"publish","type":"video","link":"https:\/\/tv.a11.cz\/video\/a11-zpravy-pondeli-30-10-2023\/","title":{"rendered":"Hlavn\u00ed zpr\u00e1vy pond\u011bl\u00ed 30.10. 2023"},"content":{"rendered":"","protected":false},"excerpt":{"rendered":"<p>V Brn\u011b zachytila zlod\u011bje kamera &#8211; Starosta pod\u011bkoval str\u00e1\u017en\u00edkovi za z\u00e1chranu \u017eivota &#8211; Ostrava m\u00e1 novou t\u0159\u00edd\u00edc\u00ed linku &#8211; Litom\u011b\u0159ice zvou na ve\u0159ejn\u00e9 f\u00f3rum<\/p>\n","protected":false},"author":8,"featured_media":13049,"template":"","categories":[17,157],"porad":[212],"region":[218],"kategorie":[],"class_list":["post-13047","video","type-video","status-publish","has-post-thumbnail","hentry","category-domaci","category-zpravy","porad-hlavni-zpravy-a11","region-cela-cr"],"acf":[],"meta_box":{"nbla_idec":"A2300133","nbla_title":"A11 Zpr\u00e1vy","nbla_subtitle":"Pond\u011bl\u00ed 30.10. 2023","nbla_summary":"Zpravodajstv\u00ed A11 ze v\u0161ech kout\u016f \u010cesk\u00e9 republiky","nbla_description":"","nbla_transcription":"Dobr\u00fd ve\u010der, jsou tady A11 zpr\u00e1vy, v\u00edt\u00e1 v\u00e1s u nich B\u00e1ra Hlav\u00e1\u010dkov\u00e1. Zlod\u011bji po strach brn\u011bnsk\u00fdch \u0159idi\u010d\u016f. Pr\u00e1v\u011b v Brn\u011b se v posledn\u00edch m\u011bs\u00edc\u00edch mno\u017e\u00ed p\u0159\u00edpady vykr\u00e1d\u00e1n\u00ed aut. Velkou drzost m\u011bl zlod\u011bj\u00ed\u010dek v samotn\u00e9m centru jeho moravsk\u00e9 metropole. Za b\u00edl\u00e9ho dne okradl \u0159idi\u010de z\u00e1sobovac\u00edho auta, kter\u00fd zrovna vyn\u00e1\u0161el zbo\u017e\u00ed z vozu. Cel\u00fd incident zachytila kamera. Nep\u0159\u00edjemn\u00e9 p\u0159ekvapen\u00ed \u010dekalo na \u0159idi\u010de n\u00e1kladn\u00edho z\u00e1sobovac\u00edho auta v centru m\u011bsta. P\u0159i vykl\u00e1d\u00e1n\u00ed zbo\u017e\u00ed z vozu mu zlod\u011bj vykradl kabinu. Na pomoci tak \u0159idi\u010d p\u0159ivolal brn\u011bnsk\u00e9 str\u00e1\u017en\u00edky. V Brn\u011b je klasick\u00fd pracovn\u00ed den. Des\u00e1t\u00e1 hodina dopoledn\u00ed a \u0159idi\u010d n\u00e1kladn\u00edho auta za\u010d\u00edn\u00e1 vykl\u00e1dat zbo\u017e\u00ed z vozu. Mezit\u00edm co \u0161of\u00e9re p\u0159en\u00e1\u0161\u00ed tovar, brn\u011bnsk\u00fd zlod\u011bj\u00ed\u010dek vyu\u017e\u00edv\u00e1 tuto chv\u00edli a otev\u00edr\u00e1 dve\u0159e od kabiny. A za\u010d\u00edn\u00e1 \u0159\u00e1dit. \u0158idi\u010d vozidla n\u00e1sledn\u011b zjist\u00ed, \u017ee byl vykraden a obrac\u00ed se na m\u011bstskou policii. Zlod\u011bj m\u00e1 sm\u016flu, cel\u00fd incident toti\u017e zachytila kamera. V rohu na jedn\u00e9 ze stov\u011bk kamer je zachycen\u00e9, jak mu\u017e vnikl do kabiny a rychle ode\u0161el pry\u010d. Nicm\u00e9n\u011b i s touto velmi slo\u017eitou situac\u00ed si poradili, zmapovali jeho pohyb po m\u011bst\u011b a na jedn\u00e9 z kamer si p\u0159ibl\u00ed\u017eili jeho tv\u00e1\u0159. O t\u0159i hodiny pozd\u011bji se n\u00e1m ozvala soci\u00e1ln\u00ed pracovnice z arm\u00e1dy z P\u00e1sy, kter\u00e1 si st\u011b\u017eovala na mu\u017ee, kter\u00fd \u00fadajn\u011b ohro\u017eoval person\u00e1l. A jakmile str\u00e1\u017en\u00edci na toto m\u00edsto zam\u011b\u0159ili svou kameru, tak kolegov\u00e9 v dohledov\u00e9m centru zjistili, \u017ee je to ten t\u00fd\u017e mu\u017e, kter\u00fd r\u00e1no \u00fadajn\u011b vykradl n\u00e1kladn\u00ed v\u016fz. V Brn\u011b se v posledn\u00edch m\u011bs\u00edc\u00edch mno\u017e\u00ed p\u0159\u00edpady vykr\u00e1d\u00e1n\u00ed aut. Ta\u0161ka na zadn\u00edm sedadle nebo mobil na p\u0159\u00edstrojov\u00e9 desce jsou l\u00e1kadla, kter\u00fdme zlod\u011bji nedok\u00e1\u017eou odolat. Jen\u017ee \u0161koda na aut\u011b, kterou zp\u016fsob\u00ed, aby se k nedbale ulo\u017een\u00fdm v\u011bcem dostali, je \u010dasto vy\u0161\u0161\u00ed ne\u017e hodnota uloupen\u00e9 cenosti. Policie doporu\u010duje, pokud zjist\u00edte, \u017ee v\u00e1m z vozidla byly ocizeny v\u011bci nebo byl v\u016fz ocizen, \u017ee oznamte policii \u010cesk\u00e9 republiky na linku 158 nebo p\u0159\u00edmo na slu\u017eebnou m\u00edst\u011b, kde k vloup\u00e1n\u00ed \u010di kr\u00e1de\u017ei do\u0161lo. Nikdy s vykraden\u00fdm vozidlem nemanipulujte, mohli byste zni\u010dit p\u0159\u00edpadn\u00e9 stopy. Z Brna pro televizi A11. Ji\u0159\u00ed V\u00fdner. Zachr\u00e1nil \u017eivot top\u00edc\u00ed se\u017een\u011b. Te\u010f za sv\u016fj hrdinsk\u00fd \u010din dostal ocen\u011bn\u00ed. Str\u00e1\u017en\u00edk m\u011bstsk\u00e9 policie z Vesely nad Moravou nev\u00e1hal pomoci \u017een\u011b, kter\u00e1 m\u00e1lem utonula v \u0158ece Morav\u011b. Za tento \u010din mu pod\u011bkoval i starosta m\u011bsta Petr Kol\u00e1\u0159. Hl\u00e1\u0161en\u00ed o tom, \u017ee v \u0158ece Morav\u011b se top\u00ed \u017eena, kter\u00e1 pot\u0159ebuje pomoc, dostali str\u00e1\u017en\u00edci m\u011bstsk\u00e9 policie ve Vesely nad Moravou 16. \u0159\u00edjna v 7 hodin a 20 minut. V\u0161imla si ji pracovnice soci\u00e1ln\u00edho odboru. Star\u0161\u00ed \u017eena uklouzla do vody a prout j\u00ed t\u00e1hl asi 100 metr\u016f. Na m\u00edsto vyrazila hl\u00eddka i se str\u00e1\u017en\u00edkem Luk\u00e1\u0161em \u0160\u0165astn\u00fdm. Ten vlezl do studen\u00e9 \u0159eky a \u017eenu, kter\u00e1 se mezi t\u00edm zachytila na kamenech, vyt\u00e1hl ven. Na\u0161t\u011bst\u00ed tam tolik vody nebylo, j\u00e1 jsem to m\u011bl t\u0159eba jemn\u011b nad kolena, tak\u017ee pani byla v zhrubstv\u011b tak 155 centimetr\u016f, tak\u017ee tam to bylo zh\u0159eteln\u011b v\u00e1\u017en\u011bj\u0161\u00ed, ten mno\u017estv\u00ed t\u00e9 vody. Ale na\u0161t\u011bst\u00ed bylo jedin\u00e9, \u017ee ten prout nebyl tak siln\u00fd, abych pani odt\u00e1hl, je\u0161t\u011b dal do toho korita, do toho kol\u00ednka tam. Voda teda byla studen\u00e1, celkem po r\u00e1no byly n\u011bjak 3\u00b0C, tak\u017ee pani se t\u0159epala zimnou, m\u011bla na sob\u011b sv\u00e9 trpouze, bundu m\u011bla odhozenou o 100 metr\u016f asi d\u00e1l. Na m\u00edsto p\u0159ijela rychl\u00e1 z\u00e1chrann\u00e1 slu\u017eba a p\u0159evzala si seniorku, kter\u00e1 byla podchlazen\u00e1 a v \u0161oku. Uk\u00e1zalo se, \u017ee str\u00e1\u017en\u00edk ji zn\u00e1, proto\u017ee bydl\u00ed ve stejn\u00e9 ulici. Za z\u00e1chranu jej\u00edho \u017eivota mu pod\u011bkoval jej\u00ed syn a tak\u00e9 starosta Vesel\u00fd nad Moravou Petr Kol\u00e1\u0159. Chci samoz\u0159ejm\u011b vyj\u00e1d\u0159it jednak za veden\u00ed m\u011bsta, ale mysl\u00edm si za v\u0161echny ob\u010dany m\u011bsta opravdu d\u00edk za to, \u017ee m\u00e1me v \u0159ad\u00e1ch na\u0161ich str\u00e1\u017en\u00edk\u016f, m\u011bstsk\u00fdch str\u00e1\u017en\u00edk\u016f, veselsk\u00fdch str\u00e1\u017en\u00edk\u016f takov\u00e9to ob\u010dany, kte\u0159\u00ed prost\u011b se neboj\u00ed a sv\u00fdm moudr\u00fdm, rozv\u00e1\u017en\u00fdm a odv\u00e1\u017en\u00fdm rozhodnot\u00edm ten nelidsk\u00fd \u017eivot dok\u00e1\u017ee zachr\u00e1nit. Luk\u00e1\u0161 \u0160\u0165astn\u00fd m\u00e1 24 let a u m\u011bstsk\u00e9 policie slou\u017e\u00ed dva roky jako str\u00e1\u017en\u00edk. P\u0159edt\u00edm byl rok preventistou kriminality. Prvn\u00ed automatickou t\u0159\u00edd\u00edc\u00ed linku v republice maj\u00ed v Ostrav\u011b. Odpadov\u00e1 spolo\u010dnost OZO ji pou\u017e\u00edv\u00e1 nasm\u011bstn\u00fd komun\u00e1ln\u00ed odpad. Nov\u00e1 technologie dok\u00e1\u017ee i z takov\u00e9ho odpadu vyt\u0159\u00eddit suroviny pro materi\u00e1lov\u00e9 a energetick\u00e9 vyu\u017eit\u00ed. R\u00e1di vyr\u00e1\u017e\u00edme s kamerou na acce, kter\u00e9 znamenaj\u00ed n\u011bjakou pozitivn\u00ed zm\u011bnu pro \u017eivotn\u00ed prost\u0159ed\u00ed v na\u0161em regionu. A mezi takov\u00e9 rozhodn\u011b pat\u0159\u00ed zprouzn\u011bn\u00ed nov\u00e9 t\u0159\u00edd\u00edc\u00ed linky OZO Ostrava v Kun\u010dic\u00edch. V r\u00e1mci \u010cesk\u00e9 republiky je dnes zcela ojedinil\u00e1 a, jak uvid\u00edme, p\u0159edb\u00edh\u00e1 svou dobu a st\u0159ed stihem p\u0159ipravuje na\u0161e odpadov\u00e9 hospod\u00e1\u0159stv\u00ed na teprve pl\u00e1novan\u00e9 kroky evropsk\u00e9 legislativy. Otev\u0159en\u00ed t\u00e9 linky v podstat\u011b zpou\u0161t\u00ed nov\u00fd syst\u00e9m nakl\u00e1d\u00e1n\u00ed se sm\u011bstn\u00fdm komod\u00e1ln\u00edm odpadem, kdy tento syst\u00e9m n\u00e1m umo\u017e\u0148uje maximum odpadu vyu\u017e\u00edt, a to jak energeticky, tak materi\u00e1lov\u011b. Tak\u017ee na skladku p\u016fjde pouze to, co je jinak nedou\u017eiteln\u00e9. Neznamen\u00e1 to, \u017ee by m\u011bli lid\u00e9 rezignovat na t\u0159\u00edd\u011bn\u00ed. Je to v podstat\u011b zp\u016fsob, jak je\u0161t\u011b zdokonalit pr\u00e1v\u011b to vyu\u017e\u00edv\u00e1n\u00ed odpadu a zejm\u00e9na, jak ho vyu\u017e\u00edvat do budoucna pro vyt\u00e1p\u011bn\u00ed, proto\u017ee ten hlavn\u00ed produkt, kter\u00fd z t\u00e9 t\u0159\u00eddici linky vyjde, bude palivo pro tepl\u00e1rny. Pro tepl\u00e1rensk\u00e9 spole\u010dnosti to p\u0159edstavuje cestu, jak nahradit spalov\u00e1n\u00ed uhl\u00ed n\u011b\u010d\u00edm, \u010deho v p\u0159\u00edrod\u011b tak drasticky neub\u00fdv\u00e1. Pr\u00e1v\u011b maxim\u00e1ln\u00ed vyu\u017e\u00edv\u00e1n\u00ed alternativn\u00edch zdroj\u016f vyt\u00e1p\u011bn\u00ed je dnes nutno k\u00e1pat doslova jako p\u0159\u00edkaz doby, u\u017e s ohledem na st\u00e1le rostouc\u00ed ceny energii. Jak mo\u017en\u00e1 takov\u00e1 linka na to druhotn\u00e9 t\u0159\u00edd\u011bn\u00ed funguje jinak ne\u017e ty klasick\u00e9, kter\u00e9 u\u017e zn\u00e1me? Ty klasick\u00e9 t\u0159\u00eddici linky jsou vlastn\u011b linky dot\u0159\u00eddovac\u00ed, kter\u00e9 dot\u0159iduj\u00ed u\u017e separovan\u00fd odpad. To znamen\u00e1 t\u0159eba z t\u0159\u00edd\u011bn\u00e9ho plastu vyb\u00edraj\u00ed jednotliv\u00e9 typy plastu, proto\u017ee ka\u017ed\u00fd z nich m\u00e1 jin\u00e9 vyu\u017eit\u00ed. Tohle to um\u00ed i ta na\u0161e nov\u00e1 linka s t\u00edm rozd\u00edlem, \u017ee kdy\u017e se tam nalo\u017e\u00ed ten sm\u011bsn\u00fd odpad, tak se t\u0159\u00edd\u00ed takto ty vyu\u017eiteln\u00e9 suroviny i z toho sm\u011bsn\u00e9ho odpadu. Ale hlavn\u00edm produktem je energeticky vyu\u017eiteln\u00fd materi\u00e1l, ze kter\u00e9ho vyr\u00e1b\u00edme alternativn\u00ed palivu. Tak\u017ee je to obrovsk\u00fd krok up\u0159edu, kdy p\u0159edb\u00edh\u00e1me dobu a je zakaz kl\u00e1tkovan\u00ed od roku 2030, tak\u017ee my u\u017e dneska jsme v t\u00e9to situaci. Ob\u010dan\u00e9 se budou moci vyj\u00e1d\u0159it k aktivit\u00e1m m\u011bsta Litom\u011b\u0159ice. Na ve\u0159ejn\u00e9 f\u00f3rum mohou p\u0159ich\u00e1zet n\u00e1vrhy na vylep\u0161en\u00ed jednotliv\u00fdch sf\u00e9r m\u011bsta. Po\u017eadavky mohou m\u00edt t\u0159eba v oblasti bydlen\u00ed, sportu, dopravy nebo kultury. U\u017e ve st\u0159edu 1. listopadu v 17 hodin se v Litom\u011b\u0159ic\u00edch kon\u00e1 ve\u0159ejn\u00e9 f\u00f3rum. V kulturn\u00edm a konferen\u010dn\u00edm centru tak op\u011bt budete moci vybrat 10 priorit, kter\u00fdmi se m\u00e1 m\u011bsto zab\u00fdvat p\u0159edev\u0161\u00edm. M\u016f\u017eete diskutovat se z\u00e1stupci m\u011bsta a p\u0159edkl\u00e1dat jim n\u00e1vrhy, kter\u00e9 podle v\u00e1s zapot\u0159eb\u00ed v Litom\u011b\u0159ic\u00edch vylep\u0161it. Na programu m\u00e1me p\u0159edstaven\u00ed nov\u00e9ho strategick\u00e9ho pl\u00e1nu m\u011bsta, kter\u00fd m\u00e1 nejen nov\u00fd vizual, ale m\u00e1 i nov\u00fd obsah. Tak\u017ee budeme tam p\u0159edstavovat ty z\u00e1kladn\u00ed priority, kter\u00fdmi se m\u011bsto chce zaob\u00fdvat a kter\u00e9 chce \u0159e\u0161it. Pak co\u017e by m\u011blo b\u00fdt zhruba na\u0161to rodiny, potom by m\u011bla prob\u00edhat ve\u0159ejn\u00e1 diskuze uklat\u00fdch stol\u016f. Ka\u017ed\u00fd z t\u011bch, kte\u0159\u00ed p\u0159ijdou, tak si m\u016f\u017ee vybrat t\u00e9ma, kter\u00e9 chce \u0159e\u0161it, na kter\u00e9 bude ten p\u0159\u00edslu\u0161n\u00edk uklat\u00fd st\u016fl zam\u011b\u0159en. To znamen\u00e1 t\u0159eba ve\u0159ejn\u00e1 zpr\u00e1va, strategick\u00fd rozvoj, energetika, kultura, bydlen\u00ed, sport, doprava a tak d\u00e1le. U uklat\u00fdch stol\u016f mohou ob\u010dan\u00e9 p\u0159em\u00fd\u0161let nad jednotliv\u00fdmi pl\u00e1ny a n\u00e1pady pro m\u011bsto, kter\u00fdmi se m\u011bsto m\u016f\u017ee \u0159\u00eddit. Jedn\u00e1 se o vhodn\u00e1 doporu\u010den\u00ed pro politickou i \u00fa\u0159edn\u00ed reprezentaci a litom\u011b\u0159ic. T\u011b\u0161it se z\u00e1jemci mohou i na setk\u00e1n\u00ed pr\u00e1v\u011b se z\u00e1stupci m\u011bsta, z \u010deho\u017e mohou zej\u00edt zaj\u00edmav\u00e9 n\u00e1pady, kter\u00fdmi se m\u011bsto m\u016f\u017ee do budoucna \u0159\u00eddit. Hovo\u0159it se na ve\u0159ejn\u00e9m f\u00f3ru bude tak\u00e9 o cen\u00e1ch energii. Jako takovou novinku na z\u00e1v\u011br, tam budeme m\u00edt p\u0159edstaven\u00ed firmy Energy Holding, kter\u00e1 pro m\u011bsto zabezpe\u010duje teplo. M\u011bla by tam p\u0159edstavit sv\u00e9 rozvojov\u00e9 pl\u00e1ny, jak chce zlep\u0161it \u017eivotn\u00ed prost\u0159ed\u00ed ve m\u011bst\u011b a taky svoji cenovou politiku za teplo. Na ve\u0159ejn\u00e9m f\u00f3ru bude pro p\u0159\u00edtomn\u00e9 zaji\u0161t\u011bno tak\u00e9 ob\u010derstven\u00ed. D\u011bti se stravovac\u00edm omezen\u00edm finan\u010dn\u011b podpo\u0159\u00ed v prost\u011bjov\u011b. P\u016fjde o 5000 K\u010d pro ka\u017ed\u00e9 d\u00edt\u011b, kter\u00e9 nem\u016f\u017ee j\u00edst b\u011b\u017enou stravu ve \u0161koln\u00ed j\u00eddeln\u011b. Nej\u010dast\u011bji jde o celijaky. Celkem 170 000 K\u010d poputuje z m\u011bstsk\u00fdch pen\u011bz na podporu v\u00edce ne\u017e t\u0159\u00ed des\u00edtek d\u011bt\u00ed se stravovac\u00edm omezen\u00edm. Je\u0161t\u011b p\u0159ed za\u010d\u00e1tkem \u0161koln\u00edho roku se rada m\u011bsta Prost\u011bjova rozhodla podpo\u0159it 5000 K\u010d rodi\u010de d\u011bt\u00ed, kter\u00e9 se nemohou stravovat ve \u0161koln\u00edch j\u00eddeln\u00e1ch, proto\u017ee maj\u00ed ur\u010dit\u00fd dietn\u00ed re\u017eim. Nej\u010dast\u011bji trp\u00ed celijaky. \u0160koly s \u0159izovan\u00e9m m\u011bstem Prost\u011bjov p\u0159ijali celkem 34 \u017e\u00e1dost\u00ed. V z\u00e1cn\u00fdm Mari\u00e1nsk\u00fd sloup Sokolov\u011b nutn\u011b pot\u0159ebuje rekonstrukci. Odborn\u00e1 kontrola toti\u017e uk\u00e1zala jeho v\u00e1\u017en\u00e9 po\u0161kozen\u00ed. Statik\u016f mu naru\u0161il hlavn\u011b siln\u00fd v\u00edtr. M\u011bsto pou\u017eije na opravy i pen\u00edze z dotac\u00ed. Jedna z dominant star\u00e9ho n\u00e1m\u011bst\u00ed, pam\u00e1tn\u00fd Mari\u00e1nsk\u00fd sloup, se do\u010dk\u00e1 po 20 letech dal\u0161\u00edch oprav. Detailn\u00ed pr\u016fzkum odhalil v\u00e1\u017en\u011bj\u0161\u00ed po\u0161kozen\u00ed d\u0159\u00edku sloupu, p\u0159edev\u0161\u00edm z d\u016fvodu pov\u011btrnostn\u00edch podm\u00ednek. Sloup Pany Marie u\u017e je tu od roku 1701, je to jedna z na\u0161ich nejv\u011bt\u0161\u00edch pam\u00e1tek. A bohu\u017eel z t\u00e9 zpr\u00e1vy, kter\u00e1 popisuje jeho stav, vypl\u00fdv\u00e1, \u017ee nen\u00ed \u00fapln\u011b v dobr\u00e9m stavu. A my jsme se rozhodli, \u017ee sloup oprav\u00edme, to v ka\u017ed\u00e9m p\u0159\u00edpad\u011b, ale vyu\u017eijeme dota\u010dn\u00edho titulu Karlovarsk\u00e9ho kraje. A shv\u00e1lili jsme, \u017ee tady po\u017e\u00e1d\u00e1me o finan\u010dn\u00ed prost\u0159edky pr\u00e1v\u011b z vyhl\u00e1\u0161en\u00e9ho dota\u010dn\u00edho titulu na obnovu pam\u00e1tek. Tak\u017ee uvid\u00edme, jestli usp\u011bjeme. Tam samoz\u0159ejm\u011b p\u0159edpoklad je, \u017ee Karlovarsk\u00fd kraj m\u016f\u017ee poskytnout dotaci v maxim\u00e1ln\u00ed v\u00fd\u0161i 1 milion korun. A z hlediska skladby dotaci je to 60 na 40. To zmen\u00e1, \u017ee 60 m\u016f\u017ee poskytovat kraj, 40 bude platit vlastn\u011b to p\u0159\u00edslu\u0161n\u00e9 m\u011bsto. Ale tak, jak samoz\u0159ejm\u011b, v ka\u017ed\u00e9m p\u0159\u00edpad\u011b ten sloup oprav\u00edme. Krom\u011b b\u011b\u017en\u00e9ho zne\u010di\u0161t\u011bn\u00ed a zv\u011btr\u00e1v\u00e1n\u00ed, jemno zrn\u00e9ho p\u00edskovce na sloupu a vrcholov\u00e9 so\u0161e Pany Marie Immaculata hovo\u0159\u00ed posudek i o po\u0161kozen\u00ed ostatn\u00edch soch. Svat\u00e9ho Jana Nepomuck\u00e9ho, svat\u00e9ho Jakuba V\u011bt\u0161\u00edho, svat\u00e9ho Floriana a svat\u00e9ho Anton\u00edna Padu\u00e1nsk\u00e9ho. Takzvan\u00e1 krustov\u00e1 pol\u00e9 neprody\u0161n\u011b uzav\u00edraj\u00ed povrch p\u00edskovcov\u00e9ho materi\u00e1lu a t\u00edm doch\u00e1z\u00ed k jeho dal\u0161\u00edmu po\u0161kozen\u00ed. Opravy proto budou n\u00e1ro\u010dn\u00e9 nejen \u010dasov\u011b, ale i finan\u010dn\u011b. P\u0159edb\u011b\u017en\u00e1 cena t\u00e9 opravy vych\u00e1z\u00ed z n\u011bjak\u00e9ho posouzen\u00ed s n\u00e1lcem a pohybuje se p\u0159es dva miliony korun. A cht\u011bli bychom sloup opravit v p\u0159\u00ed\u0161t\u00edm roce, nejpozd\u011bji v tom dal\u0161\u00edm roce podle toho, jak usp\u011bjeme s dotacemi, bu\u010f tou krajskou, p\u0159\u00edpadn\u011b n\u011bjakou jinou. Mari\u00e1nsk\u00fd sloup na Sokolovsk\u00e9m star\u00e9m n\u00e1m\u011bst\u00ed je od roku 1963 chr\u00e1n\u011bnou pam\u00e1tkou. Jeho stavbu realizoval Chebsk\u00fd socha\u0159 Wilhelm Felsner se sv\u00fdm synem mezi lety 1699 a\u017e 1701. Kopii sochy, zni\u010den\u00e9 v pades\u00e1t\u00fdch letech p\u0159i Vich\u0159ici, vytvo\u0159il akademik Igor Kalina. Archeologov\u00e9 Slov\u00e1ck\u00e9ho muzea poodhalili svoji pr\u00e1ci ve\u0159ejnosti. Speci\u00e1ln\u00ed program pro n\u00e1v\u0161t\u011bvn\u00edky p\u0159ipravili v pam\u00e1tn\u00edku Velk\u00e9 Moravy, Cyrillometod\u011bjsk\u00e9m centru ve Star\u00e9m m\u011bst\u011b. Oslavili tak Mezin\u00e1rodn\u00ed den archeologie. Na komentovan\u00e9 prohl\u00eddce expozice Prav\u011bk Uherskohradiska pro\u0161ly \u010dty\u0159ides\u00edtky n\u00e1v\u0161t\u011bvn\u00edk\u016f pam\u00e1tn\u00edku Velk\u00e9 Moravy Cyrillometod\u011bjsk\u00e9ho centra od paleolitu a\u017e po dobu \u0159\u00edmskou. V r\u00e1mci Mezin\u00e1rodn\u00ed hodn\u00e9 archeologie zkoumaly, jak\u00e9 n\u00e1lezy z t\u011bchto obdob\u00ed byly v regionu objeveny a sezn\u00e1mily se i z v\u00fdsledky archeologick\u00fdch v\u00fdzkum\u016f. Sna\u017e\u00edme se, aby se ve\u0159ejnost pod\u00edvala i tak na tu archeologii, jak j\u00ed nezn\u00e1. To znamen\u00e1 do z\u00e1kulis\u00ed, do dal\u0161\u00edch depozit\u00e1\u0159\u016f, do laborato\u0159\u00ed, jak se tady zpracov\u00e1vaj\u00ed n\u00e1lezy, jak se popisuj\u00ed, inventuj\u00ed, co m\u00e1me ulo\u017een\u00e9 v krabic\u00edch, jak je pom\u011brn\u011b t\u011b\u017ek\u00e9 potom t\u011bch n\u00e1lez\u00ed t\u0159eba slo\u017eit, d\u00e1t dohromady a co je v\u0161echno \u010dek\u00e1 po v\u00fdzkumu. V depozit\u00e1\u0159\u00edch m\u00e1me celou historii, archeologickou historii Slov\u00e1ck\u00e9ho muzea, to znamen\u00e1 od t\u011bch prvn\u00edch n\u00e1lez\u016f ve 20. a 30. letech a a\u017e po tu profesion\u00e1ln\u00ed archeologickou \u010dinnost muzeu, to znamen\u00e1 od 60. let po sou\u010dasnost. Tak\u017ee je to n\u011bjak\u00fdch 300 tis\u00edc invent\u00e1rn\u00edch \u010d\u00edsel a v re\u00e1lu n\u011bco kolem p\u016fl milionu a\u017e t\u0159i \u010dtvrt\u011b milionu p\u0159edm\u011bt\u016f. Archeologov\u00e9 p\u0159ipravili tak\u00e9 netradi\u010dn\u00ed workshop, kdy si n\u00e1v\u0161t\u011bvn\u00edci mohli sami um\u00edt rozst\u0159\u00eddit a zaevidovat n\u00e1lezy z aktu\u00e1ln\u00edho z\u00e1chrann\u00e9ho v\u00fdzkumu. V\u0161echny ty p\u0159edm\u011bty, kter\u00e9 tady m\u00e1me, maj\u00ed samoz\u0159ejm\u011b kartu a p\u0159es digitalizaci, p\u0159es po\u010d\u00edta\u010d, m\u016f\u017eeme naj\u00edt jednotlivou lokalitu, ale jednotliv\u00fd konkr\u00e9tn\u00ed p\u0159edm\u011bt, co\u017e m\u016f\u017ee slu\u017eit jak badatel\u016fm nebo p\u0159i r\u016fzn\u00fdch v\u00fdstav\u00e1ch, v\u00fdpu\u010dk\u00e1ch a expozic\u00edch. Archeologick\u00e9 odd\u011blen\u00ed Slov\u00e1ck\u00e9ho muzea v 1997. roce postihla velk\u00e1 povode\u0148, tak\u017ee samoz\u0159ejm\u011b s t\u00edm, jak velk\u00e1 povode\u0148 zaplavila cel\u00e9 hradi\u0161t\u011b a zanechala velk\u00e9 ztr\u00e1ty teda i na materi\u00e1ln\u00edm a lidsk\u00fdch \u017eivotech, na materi\u00e1ln\u00edm majitku, tak postihla i Slov\u00e1ck\u00e9 muzeum a postihla i depozit\u00e1\u0159. Tak\u017ee n\u00e1\u0161 depozit\u00e1\u0159 byl tedy ve franti\u0161k\u00e1nsk\u00e9m kl\u00e1\u0161te\u0159e, byl zaplaven\u00fd a samoz\u0159ejm\u011b v d\u016fsledku toho do\u0161lo i ke ztr\u00e1t\u00e1m na n\u011bkter\u00fdch artefaktech. Mezin\u00e1rodn\u00ed den archeologie je sv\u00e1tek, slaven\u00fd v\u017edy 3. sobotu v \u0159\u00edjnu, kdy muzejn\u00edci p\u0159ipravuj\u00ed spole\u010densk\u00e9 a kulturn\u00ed akce. V \u010cesk\u00e9 republice se poprv\u00e9 konal v roce 2014. A11 pr\u00e1v\u011b kon\u010d\u00ed. Ve\u010dern\u00ed vys\u00edl\u00e1n\u00ed televize A11 pokra\u010duje. A te\u010f Zuzana Bub\u00edlkov\u00e1. Tak z\u016fsta\u0148te s n\u00e1mi. Dobr\u00fd ve\u010der.","nbla_serie":"525","nbla_season":"2023","nbla_episode":"133","nbla_duration":"877.08","nbla_genre":"3.1.1.1","nbla_editorial_format":"2.1.1","nbla_mtime":"1698684969","nbla_url":"https:\/\/origin.a11.cz\/vod\/5n7k29teivwxb01ozhmd0w1nj.mp4","nbla_version":"1698684961","nbla_odvysilano":"Ano","bunny_id":"f778fced-37e5-49ad-8581-d580595502de","youtube_id":"","datum_vydani":"20231030","stopaz":"877.08","dokument":[],"video_to":[]},"_links":{"self":[{"href":"https:\/\/tv.a11.cz\/api\/wp\/v2\/video\/13047","targetHints":{"allow":["GET"]}}],"collection":[{"href":"https:\/\/tv.a11.cz\/api\/wp\/v2\/video"}],"about":[{"href":"https:\/\/tv.a11.cz\/api\/wp\/v2\/types\/video"}],"author":[{"embeddable":true,"href":"https:\/\/tv.a11.cz\/api\/wp\/v2\/users\/8"}],"wp:featuredmedia":[{"embeddable":true,"href":"https:\/\/tv.a11.cz\/api\/wp\/v2\/media\/13049"}],"wp:attachment":[{"href":"https:\/\/tv.a11.cz\/api\/wp\/v2\/media?parent=13047"}],"wp:term":[{"taxonomy":"category","embeddable":true,"href":"https:\/\/tv.a11.cz\/api\/wp\/v2\/categories?post=13047"},{"taxonomy":"porad","embeddable":true,"href":"https:\/\/tv.a11.cz\/api\/wp\/v2\/porad?post=13047"},{"taxonomy":"region","embeddable":true,"href":"https:\/\/tv.a11.cz\/api\/wp\/v2\/region?post=13047"},{"taxonomy":"kategorie","embeddable":true,"href":"https:\/\/tv.a11.cz\/api\/wp\/v2\/kategorie?post=13047"}],"curies":[{"name":"wp","href":"https:\/\/api.w.org\/{rel}","templated":true}]}}