{"id":13011,"date":"2023-10-30T15:56:40","date_gmt":"2023-10-30T14:56:40","guid":{"rendered":"https:\/\/tv.a11.cz\/?post_type=video&#038;p=13011"},"modified":"2023-10-30T20:49:54","modified_gmt":"2023-10-30T19:49:54","slug":"park-pred-olomouckym-letnim-kinem-ceka-revitalizace","status":"publish","type":"video","link":"https:\/\/tv.a11.cz\/video\/park-pred-olomouckym-letnim-kinem-ceka-revitalizace\/","title":{"rendered":"Park p\u0159ed olomouck\u00fdm letn\u00edm kinem \u010dek\u00e1 revitalizace"},"content":{"rendered":"","protected":false},"excerpt":{"rendered":"<p>Parky jsou od toho, aby do nich chodili lid\u00e9 za odpo\u010dinkem, sportovn\u00edm v\u00fd\u017eit\u00edm \u010di rekreac\u00ed a z\u00e1bavou. To ale rozhodn\u011b nen\u00ed p\u0159\u00edpad prostranstv\u00ed pod letn\u00edm kinem.<\/p>\n","protected":false},"author":8,"featured_media":13050,"template":"","categories":[17,159,157],"porad":[],"region":[106,59],"kategorie":[],"class_list":["post-13011","video","type-video","status-publish","has-post-thumbnail","hentry","category-domaci","category-stavebnictvi","category-zpravy","region-olomoucko","region-olomoucky-kraj"],"acf":[],"meta_box":{"nbla_idec":"N2306441","nbla_title":"Park p\u0159ed olomouck\u00fdm letn\u00edm kinem \u010dek\u00e1 revitalizace","nbla_subtitle":"","nbla_summary":"","nbla_description":"","nbla_transcription":"Parky jsou od toho, aby do nich chodili lid\u00e9 za odpo\u010dinkem, sportovn\u00edm v\u00fd\u017eit\u00edm \u010di rekreac\u00ed a z\u00e1bavou. To ale rozhodn\u011b nen\u00ed p\u0159\u00edpad prostranstv\u00ed pod letn\u00edm kinem. Zapomenut\u00e9 a trochu ponur\u00e9 m\u00edsto by te\u010f cht\u011bla radnice zatraktivnit a p\u0159il\u00e1kat do n\u011bj n\u00e1v\u0161t\u011bvn\u00edky. K pl\u00e1novan\u00e9 prom\u011bn\u011b si nechala zpracovat odbornou studii. Tahle plocha je opravdu magick\u00e1. To se v\u00ed obecn\u011b, proto\u017ee je to vlastn\u011b \u010d\u00e1st prstence zelen\u00fdch park\u016f, kter\u00e9 jsou kolem historick\u00e9ho j\u00e1dra. Toto je z\u00e1v\u011bre\u010dn\u00e1 zelen\u00e1 plocha, z\u00e1v\u011bre\u010dn\u00fd park, kter\u00fd ale \u00fapln\u011b mimo ve\u0161ker\u00fd d\u011bn\u00ed, kdy\u017e si to v\u0161ichni v\u00ed. Tady se m\u016f\u017eou akor\u00e1t proch\u00e1zet se psem, to je jedin\u00e9, co je tu povolen\u00e9. Ten d\u016fvod podle n\u00e1s, tak jak jsme to proskomlali, je v tom, \u017ee je to vlastn\u011b vestinu hradeb, kter\u00e9 nejsou pr\u016fchoz\u00ed. Je to ohrani\u010den\u00fd ulici Dobrovsk\u00e9ho, kter\u00e1 zase je bari\u00e9ru velikou. Nejd\u016fle\u017eit\u011bj\u0161\u00edm krokem je tak podle architekt\u016f propojen\u00ed horn\u00ed plochy Lokatelliho bastionu, Holomotsk\u00e9ho hradu a Letn\u00edho kina se zelenou plochou parku, schodi\u0161t\u011bm a pr\u016fchodem. N\u00e1vrh samotn\u00e9 revitalizace po\u010d\u00edt\u00e1 s \u00fapravami pro volno\u010dasov\u00e9 vy\u017eit\u00ed. Sou\u010d\u00e1st\u00ed m\u00e1 b\u00fdt d\u011btsk\u00e9 \u0159i\u0161t\u011b, dominantou pak vodn\u00ed prvek, kter\u00fd nahrad\u00ed sch\u00e1tralou a dlouh\u00e1 l\u00e9ta nefunk\u010dn\u00ed font\u00e1nu. Z\u00e1sadn\u00ed a prvotn\u00ed ot\u00e1zkou je ale zp\u016fsob zachov\u00e1n\u00ed a obnovy zelen\u011b. \u0158ada strom\u016f u\u017e je za sv\u00fdm zenitem. Bu\u010f by se p\u0159istoupilo k tomu, \u017ee se zam\u011bn\u00ed star\u00e9 stromy za nov\u00e9, to je jedna mo\u017enost, ale ta je stra\u0161n\u011b nep\u0159\u00edjemn\u00e1, proto\u017ee je tady vlastn\u011b dneska n\u00e1dhern\u011b, je to kr\u00e1sn\u00fd prost\u0159ed\u00ed. Druh\u00e1 mo\u017enost je, \u017ee se nechaj\u00ed ty stromy do\u017e\u00edt, ale \u017ee jim mus\u00edme d\u00e1t to, co oni pot\u0159ebuj\u00ed. Takov\u00fd bezpe\u010dnostn\u00ed \u0159ez, pru\u017en\u00e9 vazby, tak jak se to d\u011bl\u00e1. I d\u00edky \u00faprav\u00e1m zelen\u011b by m\u011bl v kone\u010dn\u00e9 f\u00e1zi vzniknout pr\u016fhled, kter\u00fd dokonale odkryje panorama Olomouck\u00e9ho hradu a letn\u00edho kina. C\u00edlem za 50 let je, \u017ee tu stromy nebudou, respektive, \u017ee tu budou jenom n\u011bjak\u00e9 drobn\u00e9 solitery, kter\u00e9 se tu objev\u00ed, tak, aby bylo vid\u011bt nahoru na hrad, to znamen\u00e1 tady na sv. V\u00e1clava a podobn\u011b. K\u00e1cen\u00ed by m\u011blo prob\u00edhat citliv\u011b a po etap\u00e1ch, kter\u00e9 budou navazovat na navrhovan\u00e9 stavebn\u00ed \u00fapravy. O konkr\u00e9tn\u00edch kroc\u00edch se bude asi je\u0161t\u011b dlouho diskutovat.","nbla_serie":"","nbla_season":"","nbla_episode":"","nbla_duration":"141.84","nbla_genre":"","nbla_editorial_format":"","nbla_mtime":"1698676831","nbla_url":"https:\/\/origin.a11.cz\/vod\/1zi4brihi3rdg8e3gvhavjdme.mp4","nbla_version":"1698676821","nbla_odvysilano":"Ano","bunny_id":"0e7e0b92-a62c-42fa-b9df-36a036ef4825","youtube_id":"","datum_vydani":"20231030","stopaz":"141.84","dokument":[],"video_to":["13051"]},"_links":{"self":[{"href":"https:\/\/tv.a11.cz\/api\/wp\/v2\/video\/13011","targetHints":{"allow":["GET"]}}],"collection":[{"href":"https:\/\/tv.a11.cz\/api\/wp\/v2\/video"}],"about":[{"href":"https:\/\/tv.a11.cz\/api\/wp\/v2\/types\/video"}],"author":[{"embeddable":true,"href":"https:\/\/tv.a11.cz\/api\/wp\/v2\/users\/8"}],"wp:featuredmedia":[{"embeddable":true,"href":"https:\/\/tv.a11.cz\/api\/wp\/v2\/media\/13050"}],"wp:attachment":[{"href":"https:\/\/tv.a11.cz\/api\/wp\/v2\/media?parent=13011"}],"wp:term":[{"taxonomy":"category","embeddable":true,"href":"https:\/\/tv.a11.cz\/api\/wp\/v2\/categories?post=13011"},{"taxonomy":"porad","embeddable":true,"href":"https:\/\/tv.a11.cz\/api\/wp\/v2\/porad?post=13011"},{"taxonomy":"region","embeddable":true,"href":"https:\/\/tv.a11.cz\/api\/wp\/v2\/region?post=13011"},{"taxonomy":"kategorie","embeddable":true,"href":"https:\/\/tv.a11.cz\/api\/wp\/v2\/kategorie?post=13011"}],"curies":[{"name":"wp","href":"https:\/\/api.w.org\/{rel}","templated":true}]}}