{"id":13009,"date":"2023-10-30T15:54:55","date_gmt":"2023-10-30T14:54:55","guid":{"rendered":"https:\/\/tv.a11.cz\/?post_type=video&#038;p=13009"},"modified":"2023-10-31T08:42:06","modified_gmt":"2023-10-31T07:42:06","slug":"halloween-v-parku-ovladly-pohadkove-postavy","status":"publish","type":"video","link":"https:\/\/tv.a11.cz\/video\/halloween-v-parku-ovladly-pohadkove-postavy\/","title":{"rendered":"Halloween v parku ovl\u00e1dly poh\u00e1dkov\u00e9 postavy"},"content":{"rendered":"","protected":false},"excerpt":{"rendered":"<p>V loni to byla opravdu hororov\u00e1 pod\u00edvan\u00e1. B\u011bhem akce Halloween v parku se po\u0159adatel\u00e9 na mask\u00e1ch v\u011bnovan\u00fdch t\u00e9matu hororu opravdu vy\u0159\u00e1dili a b\u00e1li se nejen d\u011bti, ale i mnohdy dosp\u011bl\u00ed. Leto\u0161n\u00ed t\u00e9ma se proto neslo v pon\u011bkud m\u00edrn\u011bj\u0161\u00edm duchu.<\/p>\n","protected":false},"author":8,"featured_media":13066,"template":"","categories":[17,157],"porad":[],"region":[136,53],"kategorie":[],"class_list":["post-13009","video","type-video","status-publish","has-post-thumbnail","hentry","category-domaci","category-zpravy","region-hodoninsko","region-jihomoravsky-kraj"],"acf":[],"meta_box":{"nbla_idec":"N2307612","nbla_title":"Halloween v parku ovl\u00e1dly poh\u00e1dkov\u00e9 postavy","nbla_subtitle":"","nbla_summary":"","nbla_description":"","nbla_transcription":"V loni to byla opravdu hororov\u00e1 pod\u00edvan\u00e1. B\u011bhem akce Halloween v parku se po\u0159adatel\u00e9 na mask\u00e1ch v\u011bnovan\u00fdch t\u00e9matu hororu opravdu vy\u0159\u00e1dili a b\u00e1li se nejen d\u011bti, ale i mnohdy dosp\u011bl\u00ed. Leto\u0161n\u00ed t\u00e9ma se proto neslo v pon\u011bkud m\u00edrn\u011bj\u0161\u00edm duchu a dostalo pod titul poh\u00e1dkov\u00e1 kledba. Inspirovali jsme se tehdy poh\u00e1dky od spisovatel\u016f, jako je Bo\u017eena N\u011bmcov\u00e1, Hans Christian Andersen nebo brat\u0159i Grimov\u00e9 a sna\u017eili jsme si tedy trasu letos tro\u0161i\u010dku p\u0159izp\u016fsobit v\u0161em v\u011bkov\u00fdm kategori\u00edm, proto\u017ee vlastn\u011b minul\u00fd rok to bylo malinko stra\u0161iteln\u011bj\u0161\u00edm, b\u00e1li se n\u011bkte\u0159\u00ed dosp\u011bl\u00e1ci, tak\u017ee letos jsme se opravdu sna\u017eili, aby to bylo pro ka\u017ed\u00e9ho, i pro nejmen\u0161\u00ed, i pro ty v\u011bt\u0161\u00ed. Letos m\u00e1me celkem 16 stanovi\u0161\u0165 plus n\u011bjak\u00e9 takov\u00e9 putovn\u00ed stanovi\u0161t\u011b. M\u016f\u017eeme se t\u011b\u0161it nap\u0159\u00edklad na popelku, na sn\u011bhurku, \u010dervenou karkulku, m\u00e1me tady princeznu nahr\u00e1\u0161ku nebo sedmero krkavc\u016f od Bo\u017eeny N\u011bmcov\u00e9. A pro\u010d m\u00e1\u0161 tak velk\u00e9 u\u0161i? To, abych t\u011b l\u00e9pe sly\u0161ela. A pro\u010d m\u00e1\u0161 tak velk\u00e9 zuby? To, abych t\u011b l\u00e9pe se\u017erala. Jak u\u017e jsou zal\u00e9ta fungov\u00e1n\u00ed Akcelid\u00e9, zvykl\u00fd c\u00edlem bylo proj\u00edt stanovi\u0161t\u011b jednotliv\u00fdch tras a vylu\u0161tit tajenku. Men\u0161\u00ed d\u011bti sb\u00edrali raz\u00edtka. Na v\u0161echny, kte\u0159\u00ed \u00fakol splnili, pak \u010dekala odm\u011bna. Leto\u0161n\u00ed ro\u010dn\u00edk ale p\u0159inesl i novinky. Pro leto\u0161n\u00ed rok jsme si tedy p\u0159ipravili jako novinku t\u0159eba stanov\u00e9 m\u011bste\u010dko, tak\u017ee ob\u010derstv\u011bn\u00ed je tro\u0161i\u010dku odd\u011blen\u00e9 od toho hlavn\u00edho d\u011bn\u00ed. Nov\u011b tady bylo tak\u00e9 Ostro\u017esk\u00e9 divadlo nebo respektive historick\u00e1 skupina Memento Mori, za co\u017e jsme moc r\u00e1di a kter\u00e1 tedy o\u017eivila ten n\u00e1\u0161 leto\u0161n\u00ed program. Kdo je\u0161t\u011b nem\u011bl d\u00fdni, kostlivc\u016f, duch\u016f, \u010darod\u011bjnic a netop\u00edr\u016f dost, mohl se p\u0159esunout na vedlej\u0161\u00ed lanov\u00e9 centrum. Tak\u00e9 to si p\u0159ipravilo helov\u00ednsk\u00fd program. M\u00e1me tady dnesk\u00e1 d\u00edlni\u010dky, m\u00e1me tady kr\u00e1sn\u011b osv\u00edcenou dr\u00e1hu, kter\u00e1 bohu\u017eel te\u010f je\u0161t\u011b nejde po\u0159\u00e1dn\u011b vid\u011bt a m\u00e1me tady i speciality jako zaj\u00edmav\u00e9 drinky, zaj\u00edmav\u00e9 helov\u00ednsk\u00e9 ob\u010derstv\u011bn\u00ed a tak d\u00e1le. 28. \u0159\u00edjen byl z\u00e1rove\u0148 dnem, kdy se na lanov\u00e9m centru uzav\u0159ila pro leto\u0161n\u00ed rok sezona.","nbla_serie":"","nbla_season":"","nbla_episode":"","nbla_duration":"121.64","nbla_genre":"","nbla_editorial_format":"","nbla_mtime":"1698676979","nbla_url":"https:\/\/origin.a11.cz\/vod\/8px6o1ns02eyhkjr8wjgg2cnt.mp4","nbla_version":"1698676979","nbla_odvysilano":"Ano","bunny_id":"0cd50309-c151-47eb-bc7e-eac99764e995","youtube_id":"","datum_vydani":"20231030","stopaz":"121.64","dokument":[],"video_to":["13067"]},"_links":{"self":[{"href":"https:\/\/tv.a11.cz\/api\/wp\/v2\/video\/13009","targetHints":{"allow":["GET"]}}],"collection":[{"href":"https:\/\/tv.a11.cz\/api\/wp\/v2\/video"}],"about":[{"href":"https:\/\/tv.a11.cz\/api\/wp\/v2\/types\/video"}],"author":[{"embeddable":true,"href":"https:\/\/tv.a11.cz\/api\/wp\/v2\/users\/8"}],"wp:featuredmedia":[{"embeddable":true,"href":"https:\/\/tv.a11.cz\/api\/wp\/v2\/media\/13066"}],"wp:attachment":[{"href":"https:\/\/tv.a11.cz\/api\/wp\/v2\/media?parent=13009"}],"wp:term":[{"taxonomy":"category","embeddable":true,"href":"https:\/\/tv.a11.cz\/api\/wp\/v2\/categories?post=13009"},{"taxonomy":"porad","embeddable":true,"href":"https:\/\/tv.a11.cz\/api\/wp\/v2\/porad?post=13009"},{"taxonomy":"region","embeddable":true,"href":"https:\/\/tv.a11.cz\/api\/wp\/v2\/region?post=13009"},{"taxonomy":"kategorie","embeddable":true,"href":"https:\/\/tv.a11.cz\/api\/wp\/v2\/kategorie?post=13009"}],"curies":[{"name":"wp","href":"https:\/\/api.w.org\/{rel}","templated":true}]}}