{"id":13004,"date":"2023-10-30T15:50:27","date_gmt":"2023-10-30T14:50:27","guid":{"rendered":"https:\/\/tv.a11.cz\/?post_type=video&#038;p=13004"},"modified":"2023-10-31T09:04:24","modified_gmt":"2023-10-31T08:04:24","slug":"pietni-akt-ke-vzniku-ceskoslovenskeho-statu-v-uherskem-hradisti","status":"publish","type":"video","link":"https:\/\/tv.a11.cz\/video\/pietni-akt-ke-vzniku-ceskoslovenskeho-statu-v-uherskem-hradisti\/","title":{"rendered":"Pietn\u00ed akt ke vzniku \u010deskoslovensk\u00e9ho st\u00e1tu v Uhersk\u00e9m Hradi\u0161ti"},"content":{"rendered":"","protected":false},"excerpt":{"rendered":"<p>\u010ceskoslovensk\u00fd st\u00e1t vznikl dva t\u00fddny p\u0159ed koncem prvn\u00ed sv\u011btov\u00e9 v\u00e1lky. Od t\u00e9 doby tento den pravideln\u011b p\u0159ipom\u00edn\u00e1 nejen st\u00e1tn\u00ed sv\u00e1tek, ale tak\u00e9 s t\u00edm spojen\u00e9 uct\u011bn\u00ed pam\u00e1tky v\u0161ech, kte\u0159\u00ed polo\u017eili z\u00e1klad tohoto st\u00e1tu.<\/p>\n","protected":false},"author":8,"featured_media":13078,"template":"","categories":[17,172,21,157],"porad":[],"region":[87,64],"kategorie":[],"class_list":["post-13004","video","type-video","status-publish","has-post-thumbnail","hentry","category-domaci","category-historie","category-kultura","category-zpravy","region-hradistsko","region-zlinsky-kraj"],"acf":[],"meta_box":{"nbla_idec":"N2307609","nbla_title":"Pietn\u00ed akt ke vzniku \u010deskoslovensk\u00e9ho st\u00e1tu v Uhersk\u00e9m Hradi\u0161ti","nbla_subtitle":"","nbla_summary":"","nbla_description":"","nbla_transcription":"\u010ceskoslovensk\u00fd st\u00e1t vznikl dva t\u00fddny p\u0159ed koncem prvn\u00ed sv\u011btov\u00e9 v\u00e1lky. Od t\u00e9 doby tento den pravideln\u011b p\u0159ipom\u00edn\u00e1 nejen st\u00e1tn\u00ed sv\u00e1tek, ale tak\u00e9 s t\u00edm spojen\u00e9 uct\u011bn\u00ed pam\u00e1tky v\u0161ech, kte\u0159\u00ed polo\u017eili z\u00e1klad tohoto st\u00e1tu. Slav\u00edme st\u00e1tn\u00ed sv\u00e1tek 28. \u0159\u00edjna, proto\u017ee v roce 1918 vznikla prvn\u00ed samostatn\u00e1 \u010ceskoslovensk\u00e1 republika. Telegram se zpr\u00e1vou o vzniku republiky p\u0159i\u0161el 28. \u0159\u00edjna 1918 ve ve\u010dern\u00edch hodin\u00e1ch na uherskohradi\u0161tsk\u00e9 n\u00e1dra\u017e\u00ed. Starostovi Franti\u0161ku Bene\u0161ovi byl doru\u010den do Vin\u00e9ho sklepa v Ma\u0159atic\u00edch. N\u00e1sledn\u011b v m\u011b\u0161\u0165ansk\u00e9 besed\u011b bylo sestaveno provol\u00e1n\u00ed, kter\u00e9 je\u0161t\u011b v noci tiska\u0159 Karel Novotn\u00fd vytisknul a bylo vylepeno po m\u011bst\u011b. Na tento akt v\u0161ichni r\u00e1di vzpom\u00ednaj\u00ed, proto\u017ee vlastn\u011b v uhersk\u00e9 hradi\u0161t\u011b u\u017e 29. \u0159\u00edjna 1918 se dozv\u011bd\u011blo, \u017ee vznikl samostatn\u00fd st\u00e1t, lid\u00e9 vy\u0161li do ulic, v\u0161ude byly vylepen\u00e9 plag\u00e1ty, lidi z toho m\u011bli velkou radost a oslovovali to. A j\u00e1 si mysl\u00edm, \u017ee tento akt je pro n\u00e1s d\u016fle\u017eit\u00fd i z toho d\u016fvodu, aby jsme si uv\u011bdomili, jak je d\u016fle\u017eit\u00e9 pro n\u00e1s sv\u00e9 bytnost na\u0161eho n\u00e1roda, jak je d\u016fle\u017eit\u00e9 pro n\u00e1s zachov\u00e1vat demokracii, svobodu pro v\u0161echny ob\u010dany. Ani letos na tento v\u00fdznamn\u00fd den nezapomn\u011bli des\u00edtky lid\u00ed, kte\u0159\u00ed sem p\u0159i\u0161li zavzpom\u00ednat vp\u0159edve\u010der sv\u00e1tku Polo\u017een\u00edm Kytic k pomn\u00edku ob\u011btem prvn\u00ed sv\u011btov\u00e9 v\u00e1lky na Komensk\u00e9ho n\u00e1m\u011bst\u00ed. Aktu se z\u00fa\u010dastnili p\u0159edstavitel\u00e9 m\u011bsta uhersk\u00e9 hradi\u0161t\u011b, \u010dlenov\u00e9 rady a zastupitelstva, z\u00e1stupci p\u0159\u00edpravn\u00e9ho v\u00fdboru Bratstv\u00ed \u010cech\u016f a Slov\u00e1k\u016f, \u010cesk\u00e9 obce Sokolsk\u00e9, scout\u016f a zboru dobrovoln\u00fdch hasi\u010d\u016f.","nbla_serie":"","nbla_season":"","nbla_episode":"","nbla_duration":"104.76","nbla_genre":"","nbla_editorial_format":"","nbla_mtime":"1698677015","nbla_url":"https:\/\/origin.a11.cz\/vod\/eplgr0b3250jnyz3yofbz0nbt.mp4","nbla_version":"1698677015","nbla_odvysilano":"Ano","bunny_id":"5e3a6f03-6593-4ff3-a829-2dc997bc318b","youtube_id":"","datum_vydani":"20231030","stopaz":"104.76","dokument":[],"video_to":["13079"]},"_links":{"self":[{"href":"https:\/\/tv.a11.cz\/api\/wp\/v2\/video\/13004","targetHints":{"allow":["GET"]}}],"collection":[{"href":"https:\/\/tv.a11.cz\/api\/wp\/v2\/video"}],"about":[{"href":"https:\/\/tv.a11.cz\/api\/wp\/v2\/types\/video"}],"author":[{"embeddable":true,"href":"https:\/\/tv.a11.cz\/api\/wp\/v2\/users\/8"}],"wp:featuredmedia":[{"embeddable":true,"href":"https:\/\/tv.a11.cz\/api\/wp\/v2\/media\/13078"}],"wp:attachment":[{"href":"https:\/\/tv.a11.cz\/api\/wp\/v2\/media?parent=13004"}],"wp:term":[{"taxonomy":"category","embeddable":true,"href":"https:\/\/tv.a11.cz\/api\/wp\/v2\/categories?post=13004"},{"taxonomy":"porad","embeddable":true,"href":"https:\/\/tv.a11.cz\/api\/wp\/v2\/porad?post=13004"},{"taxonomy":"region","embeddable":true,"href":"https:\/\/tv.a11.cz\/api\/wp\/v2\/region?post=13004"},{"taxonomy":"kategorie","embeddable":true,"href":"https:\/\/tv.a11.cz\/api\/wp\/v2\/kategorie?post=13004"}],"curies":[{"name":"wp","href":"https:\/\/api.w.org\/{rel}","templated":true}]}}