{"id":13003,"date":"2023-10-30T15:49:58","date_gmt":"2023-10-30T14:49:58","guid":{"rendered":"https:\/\/tv.a11.cz\/?post_type=video&#038;p=13003"},"modified":"2023-10-31T14:11:36","modified_gmt":"2023-10-31T13:11:36","slug":"nulty-rocnik-zernfood-festivalu-se-vydaril-planuje-se-pokracovani","status":"publish","type":"video","link":"https:\/\/tv.a11.cz\/video\/nulty-rocnik-zernfood-festivalu-se-vydaril-planuje-se-pokracovani\/","title":{"rendered":"Nult\u00fd ro\u010dn\u00edk \u017dernfood festivalu se vyda\u0159il"},"content":{"rendered":"","protected":false},"excerpt":{"rendered":"<p>Ve Velk\u00fdch \u017dernosek\u00e1ch hledali ten nejlep\u0161\u00ed \u0161tr\u016fdl a nejchutn\u011bj\u0161\u00ed utopence, a to v kulturn\u00edm dom\u011b v r\u00e1mci nult\u00e9ho ro\u010dn\u00edku \u017dernofood Festu. V\u0161e prob\u011bhlo s maxim\u00e1ln\u00ed podporou obce.<\/p>\n","protected":false},"author":8,"featured_media":13091,"template":"","categories":[17,157],"porad":[],"region":[93,63],"kategorie":[],"class_list":["post-13003","video","type-video","status-publish","has-post-thumbnail","hentry","category-domaci","category-zpravy","region-litomericko","region-ustecky-kraj"],"acf":[],"meta_box":{"nbla_idec":"N2303333","nbla_title":"Nult\u00fd ro\u010dn\u00edk \u017dernfood festivalu se vyda\u0159il, pl\u00e1nuje se pokra\u010dov\u00e1n\u00ed","nbla_subtitle":"","nbla_summary":"","nbla_description":"","nbla_transcription":"Ve velk\u00fdch \u017eernosek\u00e1ch hledali ten nejlep\u0161\u00ed \u0161tr\u016fdl a nejchutn\u011bj\u0161\u00ed utopence, a to v kulturn\u00edm dom\u011b v r\u00e1mci 0. ro\u010dn\u00edku \u017dernofood Festu. S maxim\u00e1ln\u00edm podporou obce, kter\u00e1 kulin\u00e1\u0159sk\u00e9mu odpoledn\u00ed ud\u011blala z\u00e1\u0161t\u011btu, ho zorganizoval m\u00edstn\u00ed spolek holek. Napadlo n\u00e1s vytvo\u0159it n\u011bjakou akci, kter\u00e1 tady je\u0161t\u011b nen\u00ed, cht\u011bli jsme zapojit celou obec, aby se p\u0159i podzimu takhle n\u011bjak zabavili a aby si spole\u010dn\u011b u\u017eili odpoledne t\u00edm, \u017ee porovnaj\u00ed s\u00edly v tom, co ka\u017ed\u00fd doma va\u0159\u00ed a co um\u00ed. Dohromady to m\u00e1me 17 vzork\u016f \u0161tr\u016fdlu, co\u017e je kr\u00e1sn\u00e9 \u010d\u00edslo a 10 nebo 11 vzork\u016f utopenc\u016f. Sou\u010d\u00e1st\u00ed odpoledne byla tak\u00e9 kulin\u00e1\u0159sk\u00e1 sout\u011b\u017e pro d\u011bti a uk\u00e1zky p\u0159\u00edpravy azijsk\u00e9 kuchyn\u011b v re\u017eii majitele pre\u017esk\u00fdch Michelinc\u00edch restaurac\u00ed. J\u00e1 teda moc d\u011bkuju za pozv\u00e1n\u00ed, jsem moc r\u00e1d, \u017ee m\u011b pan\u00ed starostka sem pozvala. L\u00edb\u00ed se mi tady moc, j\u00e1 jsem tady nikdy nebyl, ale zaj\u00edmalo m\u011b to, proto\u017ee v\u00edm, \u017ee \u017eernoseky maj\u00ed historii i ve vina\u0159stv\u00ed a celkov\u00e9 ve v\u00fdn\u011b, tak\u017ee si mysl\u00edm, \u017ee je to propojen\u00e9 hodn\u011b s gastronomii a j\u00e1 jsem r\u00e1d, \u017ee jsem tady. A tyhle ty akce p\u0159eci m\u00e1m r\u00e1d, je to jako dom\u00e1c\u00ed, m\u016f\u017ee se m\u00edt cel\u00e1 rodina a si mysl\u00edm, \u017ee to je fajn. Lid\u00e9 mohli p\u0159\u00edpravy azijsk\u00e9 kuchyn\u011b nejen p\u0159ihl\u00ed\u017eet, ale v\u00fdsledn\u00e9 produkty tak\u00e9 ochutn\u00e1vat. Letos se pod\u00e1vala gyoza. Gyoza to je azijsk\u00fd pokrem, kter\u00fd je v\u00edce m\u00e9n\u011b jako p\u0159edkrem, jsou to mal\u00e9 ta\u0161ti\u010dky, kter\u00e9 se m\u016f\u017eou pod\u00e1vat pln\u011bn\u00fdm masem, zeleninou, m\u016f\u017eou se pod\u00e1vat sma\u017een\u00e9, va\u0159en\u00e9, tak\u017ee tady bude ochutn\u00e1vka n\u011b\u010deho netradi\u010dn\u00edho, co ty lidi doma asi b\u011b\u017en\u011b ned\u011blaj\u00ed nebo nejed\u00ed, tak pro zpest\u0159en\u00ed. Zlat\u00fdm h\u0159ebem cel\u00e9 akce bylo pojd\u00e1n\u00ed, klob\u00e1s a sekan\u00e9 na \u010das. Pod\u011bkovat chceme obce Velk\u00e9 \u017eednoseky za podporu a za\u0161t\u00edten\u00ed cel\u00e9 akce a d\u00e1le chceme pod\u011bkovat za sponzora Pavla Hravkovsk\u00e9ho za ceny do sout\u011b\u017e\u00ed. Proto\u017ee m\u011bla akce velk\u00fd \u00fasp\u011bch, bude ji spolek holek ur\u010dit\u011b po\u0159\u00e1dat i p\u0159\u00ed\u0161t\u00ed rok. Organiz\u00e1torky v\u011b\u0159\u00ed, \u017ee se akci postupem \u010dasu poda\u0159\u00ed roz\u0161\u00ed\u0159it a bude pro milovn\u00edky j\u00eddla nejen z Velk\u00fdch \u017eednosek, ale i z okol\u00ed.","nbla_serie":"","nbla_season":"","nbla_episode":"","nbla_duration":"131.78","nbla_genre":"","nbla_editorial_format":"","nbla_mtime":"1698676663","nbla_url":"https:\/\/origin.a11.cz\/vod\/chcfqxmskn5bfafle22ks75sv.mp4","nbla_version":"1698676663","nbla_odvysilano":"Ano","bunny_id":"e88cf873-0c9e-490a-a537-16c7dcf0d9e0","youtube_id":"","datum_vydani":"20231030","stopaz":"131.78","dokument":[],"video_to":["13092"]},"_links":{"self":[{"href":"https:\/\/tv.a11.cz\/api\/wp\/v2\/video\/13003","targetHints":{"allow":["GET"]}}],"collection":[{"href":"https:\/\/tv.a11.cz\/api\/wp\/v2\/video"}],"about":[{"href":"https:\/\/tv.a11.cz\/api\/wp\/v2\/types\/video"}],"author":[{"embeddable":true,"href":"https:\/\/tv.a11.cz\/api\/wp\/v2\/users\/8"}],"wp:featuredmedia":[{"embeddable":true,"href":"https:\/\/tv.a11.cz\/api\/wp\/v2\/media\/13091"}],"wp:attachment":[{"href":"https:\/\/tv.a11.cz\/api\/wp\/v2\/media?parent=13003"}],"wp:term":[{"taxonomy":"category","embeddable":true,"href":"https:\/\/tv.a11.cz\/api\/wp\/v2\/categories?post=13003"},{"taxonomy":"porad","embeddable":true,"href":"https:\/\/tv.a11.cz\/api\/wp\/v2\/porad?post=13003"},{"taxonomy":"region","embeddable":true,"href":"https:\/\/tv.a11.cz\/api\/wp\/v2\/region?post=13003"},{"taxonomy":"kategorie","embeddable":true,"href":"https:\/\/tv.a11.cz\/api\/wp\/v2\/kategorie?post=13003"}],"curies":[{"name":"wp","href":"https:\/\/api.w.org\/{rel}","templated":true}]}}