{"id":12960,"date":"2023-10-27T17:41:53","date_gmt":"2023-10-27T15:41:53","guid":{"rendered":"https:\/\/tv.a11.cz\/?post_type=video&#038;p=12960"},"modified":"2023-10-30T12:02:44","modified_gmt":"2023-10-30T11:02:44","slug":"dobry-vecer-s-a11-27-10-2023-2-cast","status":"publish","type":"video","link":"https:\/\/tv.a11.cz\/video\/dobry-vecer-s-a11-27-10-2023-2-cast\/","title":{"rendered":"Dobr\u00fd ve\u010der s A11 27.10.2023 &#8211; 2.\u010d\u00e1st"},"content":{"rendered":"","protected":false},"excerpt":{"rendered":"<p>P\u0159edstav\u00edme v\u00e1m dal\u0161\u00edho hosta dne\u0161n\u00edho ve\u010dera a t\u00edm je historik Old\u0159ich T\u016fma. Slav\u00edme v\u00fdro\u010d\u00ed zalo\u017een\u00ed \u010ceskoslovenska. Poj\u010fme si tedy trochu zavzpom\u00ednat.<\/p>\n","protected":false},"author":8,"featured_media":12983,"template":"","categories":[],"porad":[245],"region":[],"kategorie":[],"class_list":["post-12960","video","type-video","status-publish","has-post-thumbnail","hentry","porad-dobry-vecer-s-a11"],"acf":[],"meta_box":{"nbla_idec":"A2390030B","nbla_title":"Dobr\u00fd ve\u010der s A11","nbla_subtitle":"27.10.2023 - 2.\u010d\u00e1st","nbla_summary":"","nbla_description":"","nbla_transcription":"P\u0159\u00e1tel\u00e9, j\u00e1 douf\u00e1m, \u017ee jste m\u011bli v\u0161echny ingredience k tomu, abyste si mohli uva\u0159it zeleninov\u00fd v\u00fdvar a osobn\u011b takov\u00fd zeleninov\u00fd v\u00fdvar byste m\u011bli v Lidnici po\u0159\u00e1d, proto\u017ee je to super z\u00e1klad pod v\u0161echno. Vlast\u00edku m\u00e1\u0161 taky v\u017edycky v Lidnici uva\u0159en\u00fd zeleninov\u00fd v\u00fdvar. Asi bych \u0161el k dal\u0161\u00edmu to je Matouku, nejsem si \u00fapln\u011b jist\u00fd. J\u00e1 m\u00e1m norm\u00e1ln\u011b na vaj\u00ed\u010dka t\u011btu klasiku mu\u017eskou, proto\u017ee my jsme p\u00e1nsk\u00e1 dom\u00e1cnost se synem. Poj\u010fme ale te\u010f k takov\u00e9mu v\u00e1\u017en\u011bj\u0161\u00edmu t\u00e9matu. Pro m\u011b ur\u010dit\u011b vzd\u011bl\u00e1vac\u00edmu t\u00e9matu, ale ne\u017e se k n\u011bmu dostaneme, j\u00e1 mus\u00edm p\u0159edstavit dne\u0161n\u00edho hosta, kter\u00fdm je historik Old\u0159ich T\u016fma. V\u00edtejte u n\u00e1s, dobr\u00fd den. Dobr\u00fd den. Dnesk\u00fd dobr\u00fd den. Bl\u00ed\u017e\u00ed se 28. \u0159\u00edjen, co\u017e je st\u00e1tn\u00ed sv\u00e1tek u n\u00e1s, my si ho p\u0159ipom\u00edn\u00e1me pravideln\u011b. A my si p\u0159ipom\u00edn\u00e1me stop\u00e1t\u00e9 v\u00fdro\u010d\u00ed zalo\u017een\u00ed st\u00e1tu, kter\u00fd u\u017e neexistuje, kter\u00fd zaniknul. Je to v\u00fdro\u010d\u00ed zalo\u017een\u00ed \u010ceskoslovenska. Tak poj\u010fme se vr\u00e1tit \u00fapln\u011b na za\u010d\u00e1tek na tu dobu p\u0159ed rokem 1918, kdy u toho byl Tom\u00e1\u0161 Garik Masaryk, co vlastn\u011b p\u0159edch\u00e1zelo potom Rakousku, Uhersku, ne\u017e vznikl \u010cesk\u00fd st\u00e1t, respektive \u010ceskoslovensko. No, asi tam \u017e\u00e1dn\u00e1 mezera mezi z\u00e1nikem Rakouskou, Uhersk\u00e1 a vznikem \u010ceskoslovenska nen\u00ed, ono se to odehr\u00e1valo vlastn\u011b paraleln\u011b nebo z\u00e1rove\u0148 nejd\u016fle\u017eit\u011bj\u0161\u00ed, o \u010dem by bylo pot\u0159eba mluvit, je samoz\u0159ejm\u011b prvn\u00ed stov\u00e1 v\u00e1lka a to, jak se vyv\u00edjela Rakousko v\u00e1lku za\u010dalo, ale nep\u0159e\u017eilo, rozpadlo se jim konci a ta prvn\u00ed stov\u00e1 v\u00e1lka vlastn\u011b vytvo\u0159ila nov\u00fd mezin\u00e1rodn\u011b politick\u00fd kontext, ve kter\u00e9m v\u016fbec idea vzniku n\u011bjak\u00e9ho samostatn\u00e9ho \u010desk\u00e9ho nebo pozd\u011bji \u010deskoslovensk\u00e9ho st\u00e1tu se mohla st\u00e1t realistickou p\u0159ed rokem 1914. To byla jenom \u00fapln\u011b okrajov\u00e1 z\u00e1le\u017eitost na okraji \u010desk\u00e9 politiky v\u016fbec uva\u017eovat nebo p\u0159em\u00fd\u0161let o n\u011b\u010dem jako jako samostatnost, \u017ee ten mainstream \u010desk\u00e9 politiky se zab\u00fdval mnohem mnohem skromn\u011bj\u0161\u00edmi po\u017eadavky, ale v r\u00e1mci Habsbursk\u00e9 monarchie, ale ta prvn\u00ed stov\u00e1 v\u00e1lka a jej\u00ed v\u00fdsledek, to znamen\u00e1 por\u00e1\u017eka centr\u00e1ln\u00edch mocnost\u00ed a ta u\u017e v \u0159\u00edjnu 1918 byla byla \u00fapln\u011b jasn\u00e1, tak vytvo\u0159ila vytvo\u0159ila tu mo\u017enost pro vznik nov\u00e9ho st\u00e1tu. Tak mn\u011b napad\u00e1, kdyby v\u00e1lka neprob\u011bhla, kdyby Habsburkov\u00e9 neprohr\u00e1li, nepadli, m\u011bla tenkr\u00e1t monarchie \u0161anci na to, \u017ee by fungovala je\u0161t\u011b d\u00e1l. Byla tam energie p\u0159ece v \u010cesku, u\u017e tam byly obrozeneck\u00e9 snahy, u\u017e se bojovalo o to \u010de\u0161stv\u00ed atd. To je samoz\u0159ejm\u011b pravda, a to je ta hlavn\u00ed n\u00e1pl\u0148 \u010desk\u00e9 politiky, \u0159ekn\u011bme od poloviny 19. stolet\u00ed, takzvan\u00e1 drobe\u010dkov\u00e1 politika vyrovn\u00e1n\u00ed nebo rovnopr\u00e1vnost jazykov\u00e1 v \u010desk\u00fdch zem\u00edch, \u010de\u0161tiny a N\u011bm\u010diny, nov\u00e9 \u010desk\u00e9 v\u00fdrazy, \u010desk\u00e9ho \u0161kolstv\u00ed, potom teda i \u010cesk\u00e1 univerzita a\u017e 1882 atd. Ale po\u0159\u00e1d ta \u010desk\u00e1 politika po\u010d\u00edtala s existenci monarchie, by\u0165 n\u011bjak\u00fdm zp\u016fsobem se sna\u017eila j\u00ed transformovat takov\u00fdm velk\u00fdm c\u00edlem bylo prov\u00e9st n\u011bco mo\u017en\u00e1 tro\u0161ku men\u0161\u00edm, ale jako bylo rakousko-uhersk\u00e9 vyrovn\u00e1n\u00ed, to znamen\u00e1 vyrovn\u00e1n\u00ed mezi V\u00eddni a Prahou v\u011bt\u0161\u00ed samostatnost pro pro \u010desk\u00e9 \u010desk\u00e9 zem\u011b. Ale k tomu vlastn\u011b ve V\u00eddni nebyla nebyla ochota, a kdy\u017e ve V\u00eddni ochota byla, tak to do jist\u00e9 m\u00edry brzdili hlasy \u010desk\u00fdch N\u011bmc\u016f, teda N\u011bmc\u016f, kte\u0159\u00ed \u017eili na \u00fazem\u00ed \u010cech, \u010cech a Moravy, a ti vlastn\u011b se v\u017edycky velmi radik\u00e1ln\u011b stav\u011bli proti t\u011bm krok\u016fm t\u0159eba jazykov\u00e9mu zrovnopr\u00e1vn\u011bn\u00ed nebo dlouholet\u00fd boj o vytvo\u0159en\u00ed druh\u00e9 \u010desk\u00e9 univerzity v Brn\u011b. Ten vlastn\u011b v\u017edycky n\u011bmeck\u00e1 radnice v Brn\u011b tomu zabr\u00e1nila a\u017e do roku 1918, proto\u017ee potom ta univerzita vznikla. V\u017edycky \u0159\u00edk\u00e1m, \u017ee Brno je takov\u00e1 mal\u00e1 V\u00edden\u00ed. Tak mo\u017en\u00e1, \u017ee mo\u017en\u00e1, \u017ee to je pravda, no v podstat\u011b, co se t\u00fd\u010de hantec\u016f, tak tam je spoustu, jakoby n\u011bmeck\u00fdch slov nebo n\u011bmeck\u00fdch ko\u0159en\u016f slov, tak takov\u00e1 takov\u00e9 mal\u00e9 p\u0159irovn\u00e1n\u00ed m\u00e9 subjektivn\u00ed nikdo, a\u0165 to nebude dogmatick\u00e9, \u0159ekn\u011bme v \u010de\u0161tin\u011b nebo v hovorov\u00e9 \u010de\u0161tin\u011b obecn\u011b, ale v Brn\u011b to mo\u017en\u00e1 je. J\u00e1 se stra\u0161n\u011b u\u017e\u00edv\u00e1m to, jak to kr\u00e1sn\u011b pov\u00edd\u00e1te, kdyby takhle dneska u\u010ditel\u00e9 u\u010dili ve \u0161kole, tak mo\u017en\u00e1 ty moje d\u011bti by i n\u011bco n\u011bco v\u011bd\u011bli. Tady sed\u00ed tv\u016fj sen\u00e1tor a ty jsi mu \u0159\u00edkal vlasti\u010dku poslouchej, proto\u017ee te\u010f se n\u011bco dozv\u00ed\u0161, tak j\u00e1 douf\u00e1m, \u017ee vlasti\u010dek si d\u011bl\u00e1 pozn\u00e1mky a \u017ee se \u017ee se vzd\u011bl\u00e1va. Abychom to \u0159ekli, tak dneska p\u0159i\u0161el m\u016fj syn drah\u00fd tady na nat\u00e1\u010den\u00ed sed\u00ed tady kousek za kamerami, tak\u017ee vlast\u00edka zdrav\u00edme, douf\u00e1m, \u017ee poslouch\u00e1 vlast\u00edku poslouch\u00e1\u0161 zak\u0159i\u010danou. Ano, m\u00e1 v ruce telefon, ale jestli si d\u011bl\u00e1 pozn\u00e1mky, ur\u010dit\u011b si d\u011bl\u00e1 pozn\u00e1mky, pros\u00edm v\u00e1s, ale p\u0159ece jen \u010ceskoslovensko, pro\u010d \u010ceskoslovensko, pro\u010d nevznikla jenom \u010cesk\u00e1 republika? No na po\u010d\u00e1tku, kdy\u017e ta p\u0159edev\u0161\u00edm mezin\u00e1rodn\u00ed akce za vzniklov\u00e9ho st\u00e1tu startovala, to znamen\u00e1, \u0159ekn\u011bme po\u010d\u00e1tkem roku 1915, kdy u\u017e Masaryk byl, Masaryk byl ve Francii a brzo se k n\u011bmu potom p\u0159ipojil Edward Bene\u0161 a spolupracoval s nimi v\u00fdrazn\u011b Milan Rastislav \u0160tef\u00e1nik. Tak vlastn\u011b \u0161lo p\u0159edev\u0161\u00edm o samostatnost \u010desk\u00fdch zem\u00ed. Masaryk interpretoval ten velk\u00fd sv\u011btov\u00fd konflikt, nejen jako souboj velmoc\u00ed, \u00fazem\u00ed, kolonie atd., ale jako jako sv\u011btov\u00fd konflikt mezi demokraci\u00ed. A on mluvil o teokratick\u00fdch re\u017eimech, dneska bychom \u0159ekli autoritativn\u00edch re\u017eimech nebo n\u011bco takov\u00e9ho, kter\u00fdm, kter\u00fdmi pro n\u011bho bylo N\u011bmecko a Rakousk\u00e1 \u0159\u00ed\u0161e. Trochu paradoxn\u00ed bylo, \u017ee jako by na stran\u011b t\u011bch demokraci\u00ed bylo carsk\u00e9 Rusko, kter\u00e9 v ka\u017ed\u00e9m p\u0159\u00edpad\u011b bylo je\u0161t\u011b mnohem m\u00e9n\u011b demokratick\u00e9 nebo liber\u00e1ln\u00ed, ne\u017e ne\u017e Rakousko, Uhersko nebo N\u011bmecko, ale i to se pak trochu zm\u011bnilo b\u011bhem v\u00e1lky. A pro Masaryka demokracie byla modern\u00edm zp\u016fsobem organizace spole\u010dnosti a vid\u011bl prost\u011b m\u00edsto \u010desk\u00e9ho n\u00e1roda, \u010desk\u00e9 spole\u010dnosti na stran\u011b t\u011bch mocnost\u00ed, kter\u00e9 byly demokratick\u00e9 a pro n\u011bho prvn\u00ed st\u00e1v\u00e1 v\u00e1lka prost\u011b otev\u0159ela p\u0159\u00edle\u017eitost z\u00e1sadn\u00edm zp\u016fsobem zm\u011bnit politickou konstelaci ve st\u0159edn\u00ed Evrop\u011b a vytvo\u0159it samostatn\u00ed st\u00e1t. Kter\u00fd nakonec, nakonec, nakonec vlastn\u011b do sebe absorboval i Slovensko nebo tu \u010d\u00e1st, teda, kdy\u017e je Uherska ob\u00fdvanou p\u0159edev\u0161\u00edm, p\u0159edev\u0161\u00edm Slov\u00e1ky. Ta geneze \u010deskoslovensk\u00e9ho n\u00e1roda vlastn\u011b dost takov\u00e1 nejasn\u00e1, n\u011bkdy se mluv\u00ed o tom, \u017ee to byl jak\u00fdsi trik, jak nav\u00fd\u0161it po\u010det \u010desky a slovensky mluv\u00edc\u00edho obyvatelstva t\u00e9 prvn\u00ed republiky, ale ve skute\u010dnosti, mysl\u00edm, \u017ee to takhle promy\u0161len\u00e9 nebylo, ono to vzniklo sp\u00ed\u0161 tak, jak ten v\u00fdvoj 1914-18 \u0161el a d\u016fle\u017eitou roli v tom ur\u010dit\u011b hr\u00e1l pr\u00e1v\u011b Milan Rastislav \u0160tef\u00e1nek, jako politika, voj\u00e1k, kter\u00fd m\u011bl v\u00fdznamn\u00e9 konexe ve Francii a byl velice d\u016fle\u017eitou osobou. My v\u00e1s te\u010f nech\u00e1me na chvilinku vydechnout, proto\u017ee my si sko\u010d\u00edme te\u010f na koncert ke 105. v\u00fdro\u010d\u00ed zalo\u017een\u00ed \u010ceskoslovenska, se po\u0159\u00e1dal velk\u00fd gala koncert ze spoustou zaj\u00edmav\u00fdch osobnost\u00ed a zp\u011bv\u00e1\u010dek a zp\u011bv\u00e1k\u016f, tak\u017ee my si te\u010f p\u016fjdeme pov\u00eddat s Leonou Mach\u00e1lkovou, mo\u017en\u00e1 taky s Helenou Vondr\u00e1\u010dkovou, ale na to se samoz\u0159ejm\u011b pod\u00edv\u00e1te i s n\u00e1mi. A to nen\u00ed v\u0161echno, proto\u017ee my pro v\u00e1s chyst\u00e1me tak\u00e9 hlavn\u00ed spravodajskou relaci A11. A pak si polipte preference. To je samoz\u0159ejm\u011b po\u0159\u00e1d Zuzany Bubilkov\u00e1. Sledujte Dobr\u00fd ve\u010der s A11 a my se k v\u00e1m zase do ob\u00fdv\u00e1k\u016f vr\u00e1t\u00edme. J\u00e1 nepozn\u00e1m snad n\u011bkoho, kdo b\u00fdv\u00e1 v \u010ceskoslovensku, to znamen\u00e1 i na jednej stran\u011b hranice, na druh\u00e9 stran\u011b hranice nev\u011bd\u011bl, kdo je to Leona Mach\u00e1lkov\u00e1. Jako to vn\u00edm\u00e1te? Vy m\u00e1te pocit, \u017ee v\u011bc v\u00e1s ty \u010desk\u00fd div\u00e1ci povn\u00edmaj\u00ed, alebo ty slovensk\u00fd? J\u00e1 bych to sp\u00ed\u0161 jako rozd\u011blala genera\u010dn\u011b, proto\u017ee u\u017e m\u011b d\u00e1vno neznervoz\u0148uje, \u017ee mal\u00e9 d\u011bti nebo hodn\u011b mlad\u00fd lid\u00e9, kolikr\u00e1t v\u016fbec nev\u00ed, jako co to je za tetu, tak\u017ee to u\u017e j\u00e1 jsem d\u00e1vno opravdu si to neberu osobn\u011b. A i se doba m\u011bn\u00ed a vlastn\u011b dneska se neto\u010d\u00ed televizn\u00ed po\u0159ady, tak\u017ee to je naprosto v po\u0159\u00e1dku. A co se t\u00fd\u010de teda vlastn\u011b n\u011bjak\u00fdch jako fanou\u0161kovsk\u00e9 z\u00e1kladn\u00fdch, mysl\u00edm si, \u017ee asi je podstatn\u011b v\u011bt\u0161\u00ed u n\u00e1s v \u010cech\u00e1ch, ale to neznamen\u00e1, \u017ee se \u010dlov\u011bk nerad vyprav\u00ed tak, jak v\u00e1m, proto\u017ee ta v\u0159elost a po\u0159\u00e1d takov\u00e1 ta partne\u0159ina, ta n\u00e1klonost, tato p\u0159\u00e1telstv\u00ed tam trv\u00e1 a m\u011b se v\u017edycky na Slovensku dob\u0159e zp\u00edv\u00e1. V\u017edycky se velice t\u011b\u0161\u00edm a tak\u017ee v\u0161echny zdrav\u00edm a m\u00e1me v\u00e1s po\u0159\u00e1d moc r\u00e1di. Leona, tak jestli v\u00e1s vysk\u00fa\u0161\u00e1m, kdy\u017e jazd\u00edte na to slovensko, m\u016f\u017eeme? Tak zkus\u00edme. D\u00e1me na rozstrel. Zkusme. \u010cu\u010dor\u011bdka. Tak to je bur\u016fvka. \u010cu\u010dor\u011bdkov\u00fd kol\u00e1\u010d. \u010c\u00edrn\u00e9 koren\u011b. \u010c\u00edrn\u00e9 koren\u011b, no tak \u010dern\u00e9 ko\u0159en\u00ed, nebo co by to m\u011blo b\u00fdt jalovec? \u010c\u00edrn\u00e9 koren\u011b. Jedno slovo v \u010de\u0161tin\u011b. \u010c\u00edrn\u00e9 koren\u011b. Pa. Pardon? Pa. Pa? Pe? Pep\u0159. Aha, takhle, pep\u0159, jasn\u011b. Te\u010f p\u0159ih\u00e1r\u00e1, jdeme do t\u011b\u017ek\u00e9ho. \u017dubrienka. Tak to u\u017e jsem teda mimo, pardon. To jsem asi nikdy nepou\u017eila, tak\u017ee nev\u00edm. J\u00e1 tro\u0161ku napov\u00edm, Jitka Zelenkov\u00e1 to nakonec uhadla. Je to mim\u00ednko od mal\u00e9ho \u017eivo\u010d\u00edcha, mal\u00e9ho zv\u011bratka. \u017dubrienka. \u017debi\u010dka malink\u00e1? V\u00fdborn\u00e9, ano, je to naozaj tak. A naprav\u00edme to lahk\u00fdm. Mal\u00fd \u017eebi\u010d se by je\u0161t\u011b pusudila, ale velk\u00e9, teda to se tro\u0161ku boj\u00edm po\u0159\u00e1d. Z toho bude potom prince. Princ\u00e1tko. D\u00e1me je\u0161t\u011b jedno a naprav\u00edme, to bude jednoduch\u00e9, koritna\u010dka. Koritna\u010dka je \u017eelva. To jsem, j\u00e1 jsem mal\u00e1, ke\u010f jsem byla mal\u00e1, tak jsem mala koritna\u010dku. Suchou zemskou koritna\u010dku. Leona, vy jste za\u017eili je\u0161t\u011b spolu\u010dn\u00e9 \u010ceskoslovensko. Do\u0161lo k rozvodu. Bylo v\u00e1m to luto, ale bylo to, jak jste to pro\u017e\u00edvali, kdy\u017e se to roztrhlo? V\u00edte, \u017ee u\u017e ani nev\u00edm, ale mysl\u00edm si, \u017ee tehdy je\u0161t\u011b trvala takov\u00e1 euforie, \u017ee lid\u00e9 na sebe byli hodn\u00fd. A ty okolnosti toho rozd\u011blen\u00ed prob\u00edhaly m\u00edrou milovn\u011b a p\u0159\u00e1telsky, \u017ee ob\u011b dv\u011b strany cht\u011bj\u00ed, \u017ee se dohodli. Tak j\u00e1 jsem vlastn\u011b asi na to nahl\u00ed\u017eela, \u017ee je chyt\u0159ej\u0161\u00ed, ne\u017e jsem j\u00e1, v\u00ed co d\u011blaj\u00ed a je t\u0159eba jim jako d\u016fv\u011b\u0159ovat. A konec konc\u016f n\u00e1m bylo deklarov\u00e1no, \u017ee vlastn\u011b ty zem\u011b u\u017e za\u010d\u00ednou m\u00edt novou vlastn\u00ed historii a v\u0161echno, co k tomu pochopiteln\u011b pat\u0159\u00ed, ale \u017ee prost\u011b ty vztahy z\u016fstanou nad\u00e1le. Dobr\u00fd, \u017ee se budeme nav\u0161t\u011bvovat a j\u00e1 si mysl\u00edm, \u017ee tomu tak jako je dodnes, \u017ee vlastn\u011b Slov\u00e1ci zj\u00edme tam, \u017ee aspo\u0148, co v\u017edycky i sly\u0161\u00edm ve zpr\u00e1v\u00e1ch, \u017ee se podporujeme v biznise, v kultu\u0159e. Tak\u017ee vlastn\u011b se to, by\u0165 se ob\u011b strany rozhodly j\u00edt svoj\u00ed vlastn\u00ed cestou, tak spolu vych\u00e1z\u00edme dob\u0159e a to je stejn\u011b nejd\u016fle\u017eit\u011bj\u0161\u00ed. Proto\u017ee jsou zem\u011b, kde si po krku, vlastn\u011b v jedn\u00e9 zem\u011b jdou dv\u011b n\u011bjak\u00e9 skupiny. Tak\u017ee hlavn\u011b klid a opravdu velk\u00fd resurs p\u0159\u00e1telstv\u00ed a pochopen\u00ed pro toho druh\u00e9ho. A m\u00e1me neskute\u010dn\u011b jednu velkou v\u00fdhodu, \u017ee a\u017e na tu \u017eubrienku si vlastn\u011b rozum\u00edme je v jazyku. Ur\u010dit\u011b, j\u00e1 m\u00e1m syna, kter\u00fd se narodil v roce 2003, toti\u017e 20 let\u00e9ho a ten nikdy nem\u011bl probl\u00e9m koukat se na slovensk\u00fd film, \u017ee vlastn\u011b, ne\u017e by m\u011b otravoval, vlastn\u011b se jako neptal minim\u00e1ln\u011b, co \u0159\u00edkal, co to znamen\u00e1. Tak\u017ee \u00fapln\u011b v pohod\u011b, jak vlastn\u011b slovenskou pop music, tak i filmy, televizn\u00ed inscenace, moder\u00e1tory. Prost\u011b je poslouchal a p\u0159ijal ten jazyk \u00fapln\u011b v pohodov\u011b, \u017ee se orientuje. Nehovor\u00ed jako j\u00e1 \u0161patn\u011b, i kdy\u017e j\u00e1 m\u00e1m zkou\u0161ku zo sloven\u010diny, proto\u017ee jsem \u0161tudovala \u010desk\u00fd jazyk na Filozofick\u00e9 fakult\u011b a v tret\u00edm ro\u010dn\u00edk\u011b jsem mala zkou\u0161ku zo slovensk\u00e9ho jazyka a literatury. Tak teda jste si, Leona, na seba u\u0161ili dal\u0161\u00ed b\u00fd\u010d. A j\u00e1 v\u00e1s op\u011bt... Velmi d\u00e1vno. Nevad\u00ed, vysk\u00fa\u0161\u00e1m v\u00e1s. J\u00e1 jsem to velmi, velmi d\u00e1vno rozrobil v Halen\u011b Vondr\u00e1\u010dkov\u00e9 i toto. A ten jazyk m\u00e1m? \u00c1no, \u00e1no. Opakujte, bude lahk\u00fd. Na\u0161a... Na\u0161a... Rukavi\u010dek? Nejvyrukavi\u010dkovan\u011bj\u0161ia. Nejvyrukova\u010d... Nejvy... Nejrukavi\u010dkova\u010d... Jdeme spolu. Nej... Nejvy... Nejvyrukavi\u010dkovan\u011bj\u0161ia. Nejvyrukavi\u010dkovan\u011bj\u0161ia. Zku\u0161ka pre\u0161la. V\u00fdborn\u00e9. D\u011bkujeme velmi p\u011bkn\u011b. Vy taky jste, d\u011bkujeme. M\u011bjte se moc hezky.","nbla_serie":"4200","nbla_season":"2023","nbla_episode":"30","nbla_duration":"767.6","nbla_genre":"","nbla_editorial_format":"","nbla_mtime":"1698420692","nbla_url":"https:\/\/origin.a11.cz\/vod\/d3lbhx8xhgoeqvt831w7uiyhs.mp4","nbla_version":"1698420680","nbla_odvysilano":"Ano","bunny_id":"30229793-f278-4c6c-ae4b-fde6c951e5a2","youtube_id":"","datum_vydani":"20231027","stopaz":"767.6","dokument":[],"video_to":[]},"_links":{"self":[{"href":"https:\/\/tv.a11.cz\/api\/wp\/v2\/video\/12960","targetHints":{"allow":["GET"]}}],"collection":[{"href":"https:\/\/tv.a11.cz\/api\/wp\/v2\/video"}],"about":[{"href":"https:\/\/tv.a11.cz\/api\/wp\/v2\/types\/video"}],"author":[{"embeddable":true,"href":"https:\/\/tv.a11.cz\/api\/wp\/v2\/users\/8"}],"wp:featuredmedia":[{"embeddable":true,"href":"https:\/\/tv.a11.cz\/api\/wp\/v2\/media\/12983"}],"wp:attachment":[{"href":"https:\/\/tv.a11.cz\/api\/wp\/v2\/media?parent=12960"}],"wp:term":[{"taxonomy":"category","embeddable":true,"href":"https:\/\/tv.a11.cz\/api\/wp\/v2\/categories?post=12960"},{"taxonomy":"porad","embeddable":true,"href":"https:\/\/tv.a11.cz\/api\/wp\/v2\/porad?post=12960"},{"taxonomy":"region","embeddable":true,"href":"https:\/\/tv.a11.cz\/api\/wp\/v2\/region?post=12960"},{"taxonomy":"kategorie","embeddable":true,"href":"https:\/\/tv.a11.cz\/api\/wp\/v2\/kategorie?post=12960"}],"curies":[{"name":"wp","href":"https:\/\/api.w.org\/{rel}","templated":true}]}}