{"id":12946,"date":"2023-10-27T17:10:37","date_gmt":"2023-10-27T15:10:37","guid":{"rendered":"https:\/\/tv.a11.cz\/?post_type=video&#038;p=12946"},"modified":"2023-10-30T17:27:03","modified_gmt":"2023-10-30T16:27:03","slug":"starosta-podekoval-straznikovi-za-zachranu-zivota","status":"publish","type":"video","link":"https:\/\/tv.a11.cz\/video\/starosta-podekoval-straznikovi-za-zachranu-zivota\/","title":{"rendered":"Starosta pod\u011bkoval str\u00e1\u017en\u00edkovi za z\u00e1chranu \u017eivota"},"content":{"rendered":"","protected":false},"excerpt":{"rendered":"<p>Hl\u00e1\u0161en\u00ed o tom, \u017ee se v \u0159ece Morav\u011b top\u00ed \u017eena, kter\u00e1 pot\u0159ebuje pomoc, dostali str\u00e1\u017en\u00edci m\u011bstsk\u00e9 policie ve Vesel\u00ed nad Moravou 16. \u0159\u00edjna v 7 hodin a 20 minut. V\u0161imla si j\u00ed pracovnice soci\u00e1ln\u00edho odboru. <\/p>\n","protected":false},"author":8,"featured_media":13035,"template":"","categories":[17,157],"porad":[],"region":[136,53],"kategorie":[],"class_list":["post-12946","video","type-video","status-publish","has-post-thumbnail","hentry","category-domaci","category-zpravy","region-hodoninsko","region-jihomoravsky-kraj"],"acf":[],"meta_box":{"nbla_idec":"N2307603","nbla_title":"Starosta pod\u011bkoval str\u00e1\u017en\u00edkovi za z\u00e1chranu \u017eivota","nbla_subtitle":"","nbla_summary":"","nbla_description":"","nbla_transcription":"Hl\u00e1\u0161en\u00ed o tom, \u017ee v \u0159ece Morav\u011b se top\u00ed \u017eena, kter\u00e1 pot\u0159ebuje pomoc, dostali str\u00e1\u017en\u00edci m\u011bstsk\u00e9 policie ve Vesel\u00ed nad Moravou 16. \u0159\u00edjna v 7 hodin a 20 minut. V\u0161imla si j\u00ed pracovnice soci\u00e1ln\u00edho odboru. Star\u0161\u00ed \u017eena uklouzla do vody a prout j\u00ed t\u00e1hl asi 100 metr\u016f. Na m\u00edsto vyrazila hl\u00eddka i se str\u00e1\u017en\u00edkem Luk\u00e1\u0161em \u0160\u0165astn\u00fdm. Ten vlezl do studen\u00e9 \u0159eky a \u017eenu, kter\u00e1 se mezi t\u00edm zachytila na kamenech, vyt\u00e1hl ven. Na\u0161t\u011bst\u00ed zase tam tolik vody nebylo, j\u00e1 jsem to m\u011bl t\u0159eba jemn\u011b nad kolena, tak\u017ee pan\u00ed byla, nev\u00edm, v zhr\u016fstov\u011b tak 155 centimetr\u016f, tak\u017ee tam to bylo zh\u0159eteln\u011b v\u00e1\u017en\u011bj\u0161\u00ed ten vlastn\u011b mno\u017estv\u00ed t\u00e9 vody, ale bylo jedin\u00e9 \u0161t\u011bst\u00ed, \u017ee vlastn\u011b ten prout nebyl tak siln\u00fd, vlastn\u011b, aby pan\u00ed odt\u00e1hl, je\u0161t\u011b vlastn\u011b d\u00e1l do toho korita, do toho kol\u00ednka tam. Voda teda byla studen\u00e1, celkem po r\u00e1no byly n\u011bjak 3\u00b0C, tak\u017ee pan\u00ed se t\u0159epala z jednoho, teda m\u011bla na sob\u011b sv\u00e9 trpouze, bundu m\u011bla odhozenou vlastn\u011b o 100 metr\u016f asi d\u00e1l. Nam\u00edsto p\u0159ijela rychl\u00e1 z\u00e1chrann\u00e1 slu\u017eba a p\u0159evzala si seniorku, kter\u00e1 byla podchlazen\u00e1 a v \u0161oku. Uk\u00e1zalo se, \u017ee str\u00e1\u017en\u00edk ji zn\u00e1, proto\u017ee bydl\u00ed ve stejn\u00e9 ulici. Za z\u00e1chranu jej\u00edho \u017eivota mu pod\u011bkoval jej\u00ed syn a tak\u00e9 starosta Vesel\u00fd nad Moravou Petr Kol\u00e1\u0159. Chci samoz\u0159ejm\u011b vyj\u00e1d\u0159it jednak za veden\u00ed m\u011bsta, ale mysl\u00edm si za v\u0161echny ob\u010dany m\u011bsta opravdu d\u00edk za to, \u017ee m\u00e1me v \u0159ad\u00e1ch na\u0161ich str\u00e1\u017en\u00edk\u016f, m\u011bstsk\u00fdch str\u00e1\u017en\u00edk\u016f, veselsk\u00fdch str\u00e1\u017en\u00edk\u016f takov\u00e9to ob\u010dany, kte\u0159\u00ed prost\u011b se neboj\u00ed a sv\u00fdm moudr\u00fdm, rozv\u00e1\u017en\u00fdm a odv\u00e1\u017en\u00fdm rozhodnot\u00edm ten lidsk\u00fd \u017eivot dok\u00e1\u017ee zachr\u00e1nit. Luk\u00e1\u0161 \u0160\u0165astn\u00fd m\u00e1 24 let a u m\u011bstsk\u00e9 policie slou\u017e\u00ed dva roky jako str\u00e1\u017en\u00edk. P\u0159edt\u00edm byl rok preventistou kriminality.","nbla_serie":"","nbla_season":"","nbla_episode":"","nbla_duration":"93.04","nbla_genre":"","nbla_editorial_format":"","nbla_mtime":"1698419090","nbla_url":"https:\/\/origin.a11.cz\/vod\/afdx323kdr0k9uoxudh9qvnum.mp4","nbla_version":"1698419090","nbla_odvysilano":"Ano","bunny_id":"35a52dd1-f5b2-439e-9625-7d661d007a4f","youtube_id":"","datum_vydani":"20231027","stopaz":"93.04","dokument":[],"video_to":["13036"]},"_links":{"self":[{"href":"https:\/\/tv.a11.cz\/api\/wp\/v2\/video\/12946","targetHints":{"allow":["GET"]}}],"collection":[{"href":"https:\/\/tv.a11.cz\/api\/wp\/v2\/video"}],"about":[{"href":"https:\/\/tv.a11.cz\/api\/wp\/v2\/types\/video"}],"author":[{"embeddable":true,"href":"https:\/\/tv.a11.cz\/api\/wp\/v2\/users\/8"}],"wp:featuredmedia":[{"embeddable":true,"href":"https:\/\/tv.a11.cz\/api\/wp\/v2\/media\/13035"}],"wp:attachment":[{"href":"https:\/\/tv.a11.cz\/api\/wp\/v2\/media?parent=12946"}],"wp:term":[{"taxonomy":"category","embeddable":true,"href":"https:\/\/tv.a11.cz\/api\/wp\/v2\/categories?post=12946"},{"taxonomy":"porad","embeddable":true,"href":"https:\/\/tv.a11.cz\/api\/wp\/v2\/porad?post=12946"},{"taxonomy":"region","embeddable":true,"href":"https:\/\/tv.a11.cz\/api\/wp\/v2\/region?post=12946"},{"taxonomy":"kategorie","embeddable":true,"href":"https:\/\/tv.a11.cz\/api\/wp\/v2\/kategorie?post=12946"}],"curies":[{"name":"wp","href":"https:\/\/api.w.org\/{rel}","templated":true}]}}