{"id":12913,"date":"2023-10-27T13:00:21","date_gmt":"2023-10-27T11:00:21","guid":{"rendered":"https:\/\/tv.a11.cz\/?post_type=video&#038;p=12913"},"modified":"2023-10-27T14:26:34","modified_gmt":"2023-10-27T12:26:34","slug":"kladno-hleda-nahradu-za-rozpadly-hotel-lapark","status":"publish","type":"video","link":"https:\/\/tv.a11.cz\/video\/kladno-hleda-nahradu-za-rozpadly-hotel-lapark\/","title":{"rendered":"Kladno hled\u00e1 n\u00e1hradu za rozpadl\u00fd hotel LaPark"},"content":{"rendered":"","protected":false},"excerpt":{"rendered":"<p>Kladno koupilo are\u00e1l b\u00fdval\u00e9ho hotelu po n\u00e1ro\u010dn\u00e9m d\u011bdick\u00e9m \u0159\u00edzen\u00ed za bezm\u00e1la 30 milion\u016f korun. Je\u0161t\u011b do konce roku stavbu \u010dek\u00e1 demolice. Sou\u010dasn\u011b m\u011bsto hled\u00e1 nov\u00e9 vyu\u017eit\u00ed, v\u010detn\u011b aktu\u00e1ln\u00ed studentsk\u00e9 sout\u011b\u017ee.<\/p>\n","protected":false},"author":8,"featured_media":12924,"template":"","categories":[17,157],"porad":[],"region":[68,62],"kategorie":[],"class_list":["post-12913","video","type-video","status-publish","has-post-thumbnail","hentry","category-domaci","category-zpravy","region-kladensko","region-stredocesky-kraj"],"acf":[],"meta_box":{"nbla_idec":"N2316035","nbla_title":"Kladno hled\u00e1 n\u00e1hradu za rozpadl\u00fd hotel LaPark","nbla_subtitle":"","nbla_summary":"","nbla_description":"","nbla_transcription":"Kladno koupilo are\u00e1l b\u00fdval\u00e9ho hotelu po n\u00e1ro\u010dn\u00e9m d\u011bdick\u00e9m \u0159\u00edzen\u00ed za bezm\u00e1la 30 milion\u016f korun. Je\u0161t\u011b do konce roku stavbu \u010dek\u00e1 demolice. Sou\u010dasn\u011b m\u011bsto hled\u00e1 nov\u00e9 vyu\u017eit\u00ed, v\u010detn\u011b aktu\u00e1ln\u00ed studentsk\u00e9 sout\u011b\u017ee. Ta studentsk\u00e1 sout\u011b\u017e je v\u017edycky inspirac\u00ed, je to o tom, aby otev\u0159ela n\u011bjak\u00e9 t\u00e9mata a pod\u00edvali jsme se na to z r\u016fzn\u00fdch pohled\u016f nebo \u010derstv\u00fdmi o\u010demi student\u016f. Tak\u017ee je to ur\u010dit\u011b inspirace, nicm\u00e9n\u011b ta snaha m\u011bsta je ur\u010dit\u011b tam n\u011bco postavit a ten are\u00e1l p\u0159ev\u00e9st znovu k \u017eivotu. Ta stavba vznikla p\u016fvodn\u011b za prvn\u00ed republiky, proto\u017ee v t\u00e9 dob\u011b to bylo takov\u00e9 centrum jako zdrav\u00ed, provozovala to poldovka a sp\u00ed\u0161 to bylo d\u011bl\u00e1no tak, \u017ee tam byly po zam\u011bstn\u00e1n\u00ed. Pak se to zm\u011bnilo v\u0161echno, pak z toho byl hotel, kter\u00fd fungoval pom\u011brn\u011b dob\u0159e. P\u0159ed p\u011bti lety ov\u0161em do t\u00e9 doby funguj\u00edc\u00ed hotel zav\u0159el a zk\u00e1za na sebe nenechala \u010dekat. Mo\u017en\u00e9 vyu\u017eit\u00ed nyn\u00ed \u0159e\u0161ili studenti v r\u00e1mci sout\u011b\u017ee, odkazuj\u00edc\u00ed na slavn\u00e9ho kladeck\u00e9ho rod\u00e1ka, architekta Raimonda, p\u016fsob\u00edc\u00edho v Japonsku. V\u0159em sv\u00e9ho pobytu v Japonsku byl pan Raimond ovlivn\u011bn japonskou architekturou a z\u00e1rove\u0148 se jeho d\u00edlo stalo po\u010d\u00e1tkem modern\u00ed japonsk\u00e9 architektury. D\u00e1 se \u0159\u00edct, \u017ee mnoh\u00e1 japonsk\u00e1 i um\u00edstrovsk\u00e1 d\u00edla, jako jsou univerzity, nemocnice, hudebn\u00ed s\u00e1ly, poslou\u017eily jako z\u00e1klad modernizaci a internacionalit\u00ed nejen architektury, ale i cel\u00e9 japonsk\u00e9 spole\u010dnosti. Jsem cht\u011bla vytvo\u0159it p\u0159\u00edjemn\u00e9 prost\u0159ed\u00ed, takovou o\u00e1zu a z\u00e1rove\u0148 t\u00edm biotopem, tu zast\u00e1vku, cht\u011bla jsem to zase p\u0159ibl\u00ed\u017eit v\u00edce tomu m\u011bstu, aby to nebyla velou\u010den\u00e1 lokalita. Odborn\u00e1 podlata ocenila p\u0159edev\u0161\u00edm propojen\u00ed navr\u017een\u00fdch objekt\u016f s okol\u00edm a jich otev\u0159en\u00ed pro ve\u0159ejnost. Cesta k p\u0159em\u011bn\u011b are\u00e1lu ale bude je\u0161t\u011b dlouh\u00e1. Bylo by dobr\u00e9, kdyby se to ujalo a Kladno by m\u011blo velice zaj\u00edmav\u00e9 takov\u00e9 rekre\u00e1\u010dn\u00ed m\u00edsto na odpoledne. Od t\u00e9 prvn\u00ed my\u0161lenky k realizaci v\u011bt\u0161inou b\u011bhne p\u011bt a\u017e sedm let v \u010cesk\u00e9 republice. Are\u00e1l b\u00fdval\u00e9ho hotelu La Park p\u0159itom nen\u00ed jedin\u00fd, kter\u00fd se rozhodla Kladensk\u00e1 radnice zachr\u00e1nit. U\u017e nyn\u00ed pracuje na p\u0159em\u011bn\u011b b\u00fdval\u00e9ho Kina Oko nebo Stodly u z\u00e1meck\u00e9 zahrady v centru m\u011bsta.","nbla_serie":"","nbla_season":"","nbla_episode":"","nbla_duration":"134.48","nbla_genre":"","nbla_editorial_format":"","nbla_mtime":"1698404362","nbla_url":"https:\/\/origin.a11.cz\/vod\/4gwb91aesjro9btgo25894rye.mp4","nbla_version":"1698404362","nbla_odvysilano":"Ne","bunny_id":"52124c71-0ce9-4c60-8d69-f9331fba63cd","youtube_id":"","datum_vydani":"20231027","stopaz":"134.48","dokument":[],"video_to":["12925"]},"_links":{"self":[{"href":"https:\/\/tv.a11.cz\/api\/wp\/v2\/video\/12913","targetHints":{"allow":["GET"]}}],"collection":[{"href":"https:\/\/tv.a11.cz\/api\/wp\/v2\/video"}],"about":[{"href":"https:\/\/tv.a11.cz\/api\/wp\/v2\/types\/video"}],"author":[{"embeddable":true,"href":"https:\/\/tv.a11.cz\/api\/wp\/v2\/users\/8"}],"wp:featuredmedia":[{"embeddable":true,"href":"https:\/\/tv.a11.cz\/api\/wp\/v2\/media\/12924"}],"wp:attachment":[{"href":"https:\/\/tv.a11.cz\/api\/wp\/v2\/media?parent=12913"}],"wp:term":[{"taxonomy":"category","embeddable":true,"href":"https:\/\/tv.a11.cz\/api\/wp\/v2\/categories?post=12913"},{"taxonomy":"porad","embeddable":true,"href":"https:\/\/tv.a11.cz\/api\/wp\/v2\/porad?post=12913"},{"taxonomy":"region","embeddable":true,"href":"https:\/\/tv.a11.cz\/api\/wp\/v2\/region?post=12913"},{"taxonomy":"kategorie","embeddable":true,"href":"https:\/\/tv.a11.cz\/api\/wp\/v2\/kategorie?post=12913"}],"curies":[{"name":"wp","href":"https:\/\/api.w.org\/{rel}","templated":true}]}}