{"id":12912,"date":"2023-10-27T12:50:17","date_gmt":"2023-10-27T10:50:17","guid":{"rendered":"https:\/\/tv.a11.cz\/?post_type=video&#038;p=12912"},"modified":"2023-10-27T14:29:37","modified_gmt":"2023-10-27T12:29:37","slug":"slovensko-ma-novou-vladu-premierem-je-poctvrte-fico","status":"publish","type":"video","link":"https:\/\/tv.a11.cz\/video\/slovensko-ma-novou-vladu-premierem-je-poctvrte-fico\/","title":{"rendered":"Slovensko m\u00e1 novou vl\u00e1du, premi\u00e9rem je po\u010dtvrt\u00e9 Fico"},"content":{"rendered":"","protected":false},"excerpt":{"rendered":"<p>Slovensko m\u00e1 novou vl\u00e1du. Pod\u00edvejte se report\u00e1\u017e ze slavnostn\u00ed inaugurace.<\/p>\n","protected":false},"author":8,"featured_media":12927,"template":"","categories":[20,30,157],"porad":[],"region":[],"kategorie":[],"class_list":["post-12912","video","type-video","status-publish","has-post-thumbnail","hentry","category-politika","category-zahranicni","category-zpravy"],"acf":[],"meta_box":{"nbla_idec":"N2300128","nbla_title":"Slovensko m\u00e1 novou vl\u00e1du, premi\u00e9rem je po\u010dtvrt\u00e9 Fico","nbla_subtitle":"","nbla_summary":"","nbla_description":"","nbla_transcription":"Slovensko m\u00e1 novou vl\u00e1du, bude vraj konstrukt\u00edvna, nebude sa vyh\u00fdbat \u017eiadn\u00fdm v\u00fdzvam a bude vykon\u00e1vat suverenu zahrani\u010dnou politiku, tvrd\u00ed to je predseda Robert Ficot. O funkci jeho vyjmenovala prezidentka Zlzana \u010caputov\u00e1. Slavnostn\u00e1 inaugur\u00e1cia nov\u00e9 slovensk\u00e9 vl\u00e1dy byla v prezidentsk\u00e9m pal\u00e1ci. \u00da\u010dastnil se na n\u011b i novozvolen\u00fd predseda slovensk\u00e9ho parlamentu, l\u00edder hlasu SD Petr Pelegr\u00edny. V tajn\u00e9 volb\u011b mu hlas odovzdalo 131 poslancov. Jsem nesm\u00edrn\u011b vd\u011b\u010dn\u00fd za 131 va\u0161ich hlasov, proto\u017ee to potvrdilo tak\u00e9 moje p\u0159\u00e1n\u00ed a \u017eelan\u011b, aby predsedu NR SR podporili nielen poslanci buduce vl\u00e1dnej koal\u00edcie, ale i poslanci opozicie. Vl\u00e1dnu koaliciu vytvorili strany Smer SD, Hlas SD a SNS. Posty vo vl\u00e1d\u011b si rozd\u011blili v pomere 7-7-Q-3. Nov\u00fdm ministrom obrany se stalo Robert Kali\u0148\u00e1k. Rezort financ\u00ed poved\u011bl Ladislav Kamenick\u00fd. Smeru pat\u0159\u00ed i rezort zahrani\u010d\u00ed, kter\u00e9mu \u0161\u00e9fuje Juraj Blan\u00e1r. Slovensk\u00e1 republika p\u0159i sv\u00e9m vzniku prekon\u00e1vala neuv\u011b\u0159iteln\u011b t\u011b\u017ek\u00e9 prek\u00e1\u017eky. Pam\u011bt\u00e1m si na obdob\u00ed plinov\u00e9 finan\u010dn\u00e9 krizi. Pam\u011bt\u00e1m si na obdob\u00ed, kedy jsme bojovali za vstup do Schengenu alebo kdy jsme zav\u00e1dali spolo\u010dnou evropskou meru. Av\u0161ak, pan\u00ed prezidentka, nikdy v modern\u00e9 historii Slovenska vl\u00e1da nepreberala tak rozvr\u00e1t\u011bnou spolo\u010dnost, jako ju preber\u00e1 dnes. Hlas upatr\u00ed ministerstvo vn\u00fatra, na \u010dele kter\u00e9ho je Mat\u00fa\u0161 \u0158utaj E\u0161tok, kter\u00fd za svou prioritu ozna\u010duje r\u011b\u0161en\u011b migr\u00e1cie. Za SNS do ministersk\u00e9ho kresla sadl Tom\u00e1\u0161 Taraba. Je na \u010dele ministerstva \u017eivotn\u00e9ho prost\u0159ed\u011b. Ministerkou kultury je ex-moder\u00e1torka, n\u011bkdaj\u0161\u00ed poslanky\u0148a Martina \u0160imkovi\u010dov\u00e1. SNS obsad\u00ed i nov\u00e9 ministerstvo \u0161portu a cestovn\u00e9ho ruchu, kter\u00e9 m\u00e1 vzniknout v januari 2024. Nepot\u0159ebujte k tomu, \u017ee jako p\u0159edstavitelka politick\u00fdch str\u00e1n dok\u00e1\u017eete osobit a reprezentovat sv\u00e9ho voli\u010dkova. B\u00fdt pravideln\u00fd k tomu, mus\u00edte dostat takov\u00e9 volben\u00e9 sladky, kter\u00e9 v\u00e1m pom\u016f\u017eou nejl\u00edp vytvo\u0159it vl\u00e1dy z v\u011bt\u0161inou toho, co vypad\u00e1te. Robert Fico, kter\u00e9ho prv\u00e1 cesta ved\u011b na samit Evropsk\u00e9 rady v Bruseli, u\u017e p\u0159ed \u010dasem avizoval, \u017ee chce, aby se o programom vyhl\u00e1sen\u00ed vl\u00e1dy hlasovalo v parlament\u011b do 17. novembra. Jeho c\u00edlem je konsolidovan\u011b verejn\u00fdch financ\u00ed p\u0159i zachov\u00e1n\u00ed soci\u00e1ln\u00edch \u0161tandardov, v hre jsou investicie na podporu hospod\u00e1\u0159sk\u00e9ho rastu, zahrani\u010dnopolitick\u00e1 orientace Slovenska podle n\u011bho m\u00e1 zostat nemenn\u00e1. Z Bratislavy, Miliam \u0160u\u0161ka.","nbla_serie":"","nbla_season":"","nbla_episode":"","nbla_duration":"160.76","nbla_genre":"","nbla_editorial_format":"","nbla_mtime":"1698403574","nbla_url":"https:\/\/origin.a11.cz\/vod\/3qzplea3poyne5zpmlrwblspm.mp4","nbla_version":"1698403574","nbla_odvysilano":"Ne","bunny_id":"40450363-8f25-466e-b0f2-2162608f157d","youtube_id":"","datum_vydani":"20231027","stopaz":"160.76","dokument":[],"video_to":[]},"_links":{"self":[{"href":"https:\/\/tv.a11.cz\/api\/wp\/v2\/video\/12912","targetHints":{"allow":["GET"]}}],"collection":[{"href":"https:\/\/tv.a11.cz\/api\/wp\/v2\/video"}],"about":[{"href":"https:\/\/tv.a11.cz\/api\/wp\/v2\/types\/video"}],"author":[{"embeddable":true,"href":"https:\/\/tv.a11.cz\/api\/wp\/v2\/users\/8"}],"wp:featuredmedia":[{"embeddable":true,"href":"https:\/\/tv.a11.cz\/api\/wp\/v2\/media\/12927"}],"wp:attachment":[{"href":"https:\/\/tv.a11.cz\/api\/wp\/v2\/media?parent=12912"}],"wp:term":[{"taxonomy":"category","embeddable":true,"href":"https:\/\/tv.a11.cz\/api\/wp\/v2\/categories?post=12912"},{"taxonomy":"porad","embeddable":true,"href":"https:\/\/tv.a11.cz\/api\/wp\/v2\/porad?post=12912"},{"taxonomy":"region","embeddable":true,"href":"https:\/\/tv.a11.cz\/api\/wp\/v2\/region?post=12912"},{"taxonomy":"kategorie","embeddable":true,"href":"https:\/\/tv.a11.cz\/api\/wp\/v2\/kategorie?post=12912"}],"curies":[{"name":"wp","href":"https:\/\/api.w.org\/{rel}","templated":true}]}}