{"id":12910,"date":"2023-10-27T09:40:08","date_gmt":"2023-10-27T07:40:08","guid":{"rendered":"https:\/\/tv.a11.cz\/?post_type=video&#038;p=12910"},"modified":"2023-10-27T13:41:49","modified_gmt":"2023-10-27T11:41:49","slug":"slavnostni-odhaleni-pomniku-na-borislavce","status":"publish","type":"video","link":"https:\/\/tv.a11.cz\/video\/slavnostni-odhaleni-pomniku-na-borislavce\/","title":{"rendered":"Slavnostn\u00ed odhalen\u00ed pomn\u00edku na Bo\u0159islavce"},"content":{"rendered":"","protected":false},"excerpt":{"rendered":"<p>Tematick\u00fd pomn\u00edk ztv\u00e1rnil akademick\u00fd socha\u0159 Pavel Filip ze t\u0159ech p\u00edskovcov\u00fdch blok\u016f dopln\u011bn\u00fdch bronzov\u00fdm segmentem. Pomn\u00edk je osazen\u00fd do travnat\u00e9 okrasn\u00e9 plochy u centra Bo\u0159islavka sm\u011brem do ulice Kladensk\u00e1, a to z\u00e1m\u011brn\u011b v m\u00edstech s lavi\u010dkami, kter\u00e9 jsou ur\u010deny k odpo\u010dinku a relaxaci m\u00edstn\u00edch obyvatel.<\/p>\n","protected":false},"author":8,"featured_media":12914,"template":"","categories":[17,172,21,157],"porad":[],"region":[51,145],"kategorie":[],"class_list":["post-12910","video","type-video","status-publish","has-post-thumbnail","hentry","category-domaci","category-historie","category-kultura","category-zpravy","region-praha","region-praha-6"],"acf":[],"meta_box":{"nbla_idec":"N2300127","nbla_title":"Slavnostn\u00ed odhalen\u00ed pomn\u00edku na Bo\u0159islavce","nbla_subtitle":"","nbla_summary":"","nbla_description":"","nbla_transcription":"T\u00e9matick\u00fd pomn\u00edk sv\u00e1rnil akademick\u00fd socha\u0159 Pavel Filip ze t\u0159ech p\u00edskovcov\u00fdch kanfanarov\u00fdch blok\u016f dopln\u011bn\u00fdch bronzov\u00fdm segmentem. Osazen\u00e9 do travnat\u00e9 okrasn\u00e9 plochy na p\u00e9acet\u011b centra Bo\u0159islavka sm\u011brem do ulice Kladensk\u00e1, a to z\u00e1m\u011brn\u011b v m\u00edstech s lave\u010dkami, kter\u00e9 jsou ur\u010deny k odpo\u010dinku a relaxaci m\u00edstn\u00edch obyvatel. Ta inspirace byla d\u00edky tomu prost\u0159ed\u00ed tady, d\u00edky architektu\u0159e, d\u00edky zpracov\u00e1n\u00ed t\u00e9to stavby a v\u00fdtvarn\u00fdch d\u011bl tady vokolo, aby n\u011bjak\u00fdm zp\u016fsobem to i do toho prostoru zapadalo. Pomn\u00edk odkazuje na tragick\u00e9 ud\u00e1losti, kter\u00e9 se odehr\u00e1ly den po skon\u010den\u00ed druh\u00e9 sv\u011btov\u00e9 v\u00e1lky. Tehdy byly zavra\u017ed\u011bny des\u00edtky \u010desk\u00fdch, n\u011bmeck\u00fdch a \u0161v\u00e9dsk\u00fdch ob\u010dan\u016f. Z\u0159ejm\u011b jako odplata za zv\u011brstva, kter\u00e1 se v tehdej\u0161\u00edm \u010ceskoslovensku b\u011bhem v\u00e1lky odehr\u00e1la. Pachatel\u00e9 ale nebyly nikdy identifikov\u00e1ni. Ta my\u0161lenka zakomponovat do ve\u0159ejn\u00e9ho prostoru na Bo\u0159islavce, krom\u011b um\u011bleck\u00fdch d\u011bl, tak\u00e9 pomn\u00edk vznikla hned na za\u010d\u00e1tku, kdy jsme za\u010dali stav\u011bt tyto budovy. Hledali jsme m\u00edsto, kter\u00e9 bude sou\u010d\u00e1st\u00ed ka\u017edodenn\u00edho d\u011bn\u00ed a z\u00e1rove\u0148 bude d\u00e1vat smysl samo o sob\u011b. Slavnostn\u00ed odhalen\u00ed pomn\u00edku bylo uspo\u0159\u00e1d\u00e1no ve spolupr\u00e1ci spole\u010dnost\u00ed KKC GR Real Estate a m\u011bstsk\u00e9 \u010d\u00e1sti Praha 6. Pozemek na Bo\u0159islavce byl dlouhodob\u011b nezastaven a krom\u011b toho, \u017ee jsme r\u00e1di, \u017ee tady vznikla kvalitn\u00ed architektura, tak si velmi cen\u00edme toho, \u017ee KKC GR dok\u00e1\u017ee organizovat kulturn\u00ed aktivity, \u017ee vystavuje ve venkovn\u00edch i vnit\u0159n\u00edch prostorech um\u011bleck\u00e1 d\u00edla a stejn\u011b tak, \u017ee i se v\u011bnuje pr\u00e1v\u011b t\u00e9 p\u011bt\u011b a t\u00e9 historii spojen\u00e9 s t\u00edmto m\u00edstem. Sv\u00e1te\u010dn\u00ed atmosf\u00e9ru cel\u00e9 akce umocn\u00ed o hudebn\u00ed vystoupen\u00ed violon\u010delist\u016f.","nbla_serie":"","nbla_season":"","nbla_episode":"","nbla_duration":"97.92","nbla_genre":"","nbla_editorial_format":"","nbla_mtime":"1698392363","nbla_url":"https:\/\/origin.a11.cz\/vod\/4qw68u4n0bqpo94fzxmt2xxjh.mp4","nbla_version":"1698392363","nbla_odvysilano":"Ne","bunny_id":"7735eae0-4ef6-4143-be2c-eb982a8446a1","youtube_id":"","datum_vydani":"20231027","stopaz":"97.92","dokument":[],"video_to":["12915"]},"_links":{"self":[{"href":"https:\/\/tv.a11.cz\/api\/wp\/v2\/video\/12910","targetHints":{"allow":["GET"]}}],"collection":[{"href":"https:\/\/tv.a11.cz\/api\/wp\/v2\/video"}],"about":[{"href":"https:\/\/tv.a11.cz\/api\/wp\/v2\/types\/video"}],"author":[{"embeddable":true,"href":"https:\/\/tv.a11.cz\/api\/wp\/v2\/users\/8"}],"wp:featuredmedia":[{"embeddable":true,"href":"https:\/\/tv.a11.cz\/api\/wp\/v2\/media\/12914"}],"wp:attachment":[{"href":"https:\/\/tv.a11.cz\/api\/wp\/v2\/media?parent=12910"}],"wp:term":[{"taxonomy":"category","embeddable":true,"href":"https:\/\/tv.a11.cz\/api\/wp\/v2\/categories?post=12910"},{"taxonomy":"porad","embeddable":true,"href":"https:\/\/tv.a11.cz\/api\/wp\/v2\/porad?post=12910"},{"taxonomy":"region","embeddable":true,"href":"https:\/\/tv.a11.cz\/api\/wp\/v2\/region?post=12910"},{"taxonomy":"kategorie","embeddable":true,"href":"https:\/\/tv.a11.cz\/api\/wp\/v2\/kategorie?post=12910"}],"curies":[{"name":"wp","href":"https:\/\/api.w.org\/{rel}","templated":true}]}}