{"id":12902,"date":"2023-10-28T16:31:46","date_gmt":"2023-10-28T14:31:46","guid":{"rendered":"https:\/\/tv.a11.cz\/?post_type=video&#038;p=12902"},"modified":"2023-10-30T12:21:20","modified_gmt":"2023-10-30T11:21:20","slug":"na-palici-ales-juchelka","status":"publish","type":"video","link":"https:\/\/tv.a11.cz\/video\/na-palici-ales-juchelka\/","title":{"rendered":"Ale\u0161 Juchelka &#8211; \u010dlen poslaneck\u00e9 sn\u011bmovny"},"content":{"rendered":"","protected":false},"excerpt":{"rendered":"<p>Pozv\u00e1n\u00ed do dne\u0161n\u00edho d\u00edlu p\u0159ijal Ale\u0161 Juchelka, \u010dlen poslaneck\u00e9 sn\u011bmovny, b\u00fdval\u00fd zastupitel m\u011bsta Ostrava, dramaturg, scen\u00e1rista a tak\u00e9 b\u00fdval\u00fd moder\u00e1tor. <\/p>\n","protected":false},"author":8,"featured_media":12989,"template":"","categories":[175,174,173],"porad":[216],"region":[],"kategorie":[],"class_list":["post-12902","video","type-video","status-publish","has-post-thumbnail","hentry","category-osobnosti","category-rozhovory","category-ze-spolecnosti","porad-na-palici"],"acf":[],"meta_box":{"nbla_idec":"A2329016","nbla_title":"Na Palici","nbla_subtitle":"Ale\u0161 Juchelka","nbla_summary":"Po\u0159ad komentuje z\u00e1sadn\u00ed spole\u010densk\u00e1 t\u00e9mata a ud\u00e1losti uplynul\u00e9ho t\u00fddne nebo nadch\u00e1zej\u00edc\u00edch dn\u00ed","nbla_description":"","nbla_transcription":"Dobr\u00fd ve\u010der, v\u00e1\u017een\u00ed div\u00e1ci, j\u00e1 v\u00e1s v\u00edt\u00e1m u dal\u0161\u00edho d\u00edlu po\u0159adu na palici. Pozv\u00e1n\u00ed dnes p\u0159ijal Ale\u0161 Juchelka, \u010dlen poslaneck\u00e9 sn\u011bmovny, b\u00fdval\u00fd zastupitel m\u011bsta Ostrava, dramaturk, scen\u00e1rista, je\u0161t\u011b n\u011bco bych m\u011bl doplnit? T\u0159eba moder\u00e1tor b\u00fdval\u00fd. B\u00fdval\u00fd moder\u00e1tor. Ano, to, co se te\u010f koum\u00edte, tak to jsem byl j\u00e1. Tak t\u0159eba si za p\u00e1r let potyk\u00e1me nebo povyk\u00e1me v poslaneck\u00e9 sn\u011bmovn\u011b. Dobr\u00fd den, sedit tady jako v poslaneck\u00e9 sn\u011bmovn\u011b a budu sed\u011bt jako moder\u00e1tor tam. Ano, \u017ee se vr\u00e1t\u00edte ke sv\u00e9mu jako ov\u010d\u00e1\u010dek, jo? Ke sv\u00e9mu \u0159emeslu. Ov\u010d\u00e1\u010dek i taky te\u010f novin\u00e1\u0159. Co v\u00e1s z t\u011bchhle discipl\u00edn, kter\u00e9 jsme pr\u00e1v\u011b vyjmenovali, bav\u00ed nejv\u00edc? J\u00e1 jsem renaizan\u010dn\u00ed osobnost, tak\u017ee j\u00e1 s to r\u016fzn\u011b m\u016f\u017eu st\u0159\u00eddat. A mi vlastn\u011b jako stra\u0161n\u011b, mi chyb\u00ed samoz\u0159ejm\u011b ob\u010das moderovat n\u011bjak\u00fd event, n\u011bjakou akci. V tom jsem si v\u017edycky nach\u00e1zel. Ty televizn\u00ed kamery si u\u017e\u00edv\u00e1m i te\u010f v politice, proto\u017ee jsem velmi \u010dasto r\u016fzn\u011b v m\u00e9di\u00edch. A pr\u00e1ce na r\u016fzn\u00fdch scen\u00e1\u0159\u00edch mi, m\u016f\u017eu \u0159\u00edct, jako by nechyb\u00ed, proto\u017ee j\u00e1 s\u00e1m si p\u00ed\u0161u r\u016fzn\u00e9 v\u011bci z t\u00e9 sn\u011bmovny, co je. A p\u0159ipravuju si takov\u00e9 do budoucna, pokud dostanu tu odbahu zase zp\u00e1tky na divadlo. Divadeln\u00ed monodrama, pr\u00e1v\u011b z toho politick\u00e9ho prost\u0159ed\u00ed. J\u00e1 mysl\u00edm, \u017ee to bude sp\u00ed\u0161e sitcom. No v\u0161ak jo. Tady uk\u00e1\u017eu na pan\u00ed Bub\u00edlkovou, proto\u017ee to je samoz\u0159ejm\u011b inspirac\u00ed v t\u00e9 politick\u00e9 saty\u0159e. To, co bylo se pan\u00ed Bub\u00edlkova tady rozjela s panem \u0160imkem p\u0159ed t\u011bmi x lety v po\u0159adu s politiky netan\u010d\u00edm. Tak\u017ee m\u016f\u017eeme se za n\u011bkolik let t\u011b\u0161it opravdu n\u011bjak\u00fd sitcom, poslaneck\u00e1 sn\u011bmovna? To je\u0161t\u011b jako by uvid\u00edme, proto\u017ee jako nep\u0159ekonateln\u00fd sitcom jist\u011b panem minist\u0159e premi\u00e9re, tak je to samoz\u0159ejm\u011b u\u017e m\u00e1lo, co p\u0159ekon\u00e1 z toho politick\u00e9ho prost\u0159ed\u00ed. Ale j\u00e1 nechci hr\u00e1t pekarovou. Ne, to rozum\u00edm samoz\u0159ejm\u011b. V\u00e1m ani nedoporu\u010duju. Tak jdeme na to. My jsme si pro v\u00e1s p\u0159ipravili n\u011bkolik takov\u00fdch o\u017eahav\u00fdch t\u00e9mat, kter\u00e9 aktu\u00e1ln\u011b vybruj\u00ed nebo rezonuj\u00ed \u010ceskou spole\u010dnost\u00ed. Jedno z nich je, \u017ee slavnostn\u00ed podoba \u00fastavy je podle sn\u011bmovny nemodern\u00ed. No a nech\u00e1 j\u00ed proto za 2 miliony korun zmodernizovat. J\u00e1 bych \u0159ekla tak, \u017ee co je v Biblii kralick\u00e1. Ta taky je u\u017e nemodern\u00ed. A to p\u00edsmo, j\u00e1 bych ho taky nechala p\u0159epsat za n\u011bjak\u00fdm... N\u011bjak\u00fdm kaligrafem? A mn\u011b se t\u0159eba nel\u00edb\u00ed takov\u00e1 ta poslankyn\u011b Kov\u00e1\u0159ov\u00e1 ze Stan\u016f. J\u00e1 bych ji p\u0159ipom\u00ednala taky jako nemodern\u00ed, tak jako 80. leta. J\u00e1 bych ji taky nechala zrekonstruovat. Ano, \u017ee bychom ji zmodernizovali. Vyz\u00e1\u0159isty za p\u016fl mega. Mn\u011b to p\u0159ipad\u00e1 \u00fapln\u011b zbyte\u010dn\u00e9 samoz\u0159ejm\u011b, proto\u017ee si mysl\u00edm, \u017ee ty v\u011bci, kter\u00e9 se d\u011bj\u00ed v tom \u010dase, by m\u011bly vlastn\u011b n\u00e9st i to, bych \u0159ekl, poselstv\u00ed v tom \u010dase, kter\u00e9 tomu bylo n\u011bjak\u00fdm zp\u016fsobem d\u00e1no. Ustava vlastn\u011b \u010cesk\u00e9 republiky byla d\u011bl\u00e1na velmi precizn\u011b opravdu, jako by skv\u011bl\u00e1, v\u00fdborn\u011b napsan\u00e1. Proto v\u017edycky jsme stra\u0161n\u011b opatrn\u00ed v t\u00e9 sn\u011bmovn\u011b do toho je\u0161t\u011b n\u011bjak\u00fdm zp\u016fsobem zasahovat a d\u011blat tam n\u011bjak\u00e9 novinky. Je to opravdu velmi v\u00fdjime\u010dn\u00e1 v\u011bc, proto\u017ee na tu dobu po roce 89 byla napsan\u00e1 skute\u010dn\u011b, skute\u010dn\u011b dob\u0159e. Tak\u017ee mi to p\u0159ipad\u00e1 zbyte\u010dn\u00e9, proto\u017ee v tuto chv\u00edli opravdu poslaneck\u00e1 sn\u011bmovna sek\u00e1 ty n\u00e1klady, jak m\u016f\u017ee. Jo, od v\u0161eho, od aut p\u0159es zahrani\u010dn\u00ed cesty atd. Tak zbyte\u010dn\u011b n\u011bco takhle, jako by modernizovat, proto\u017ee se n\u00e1m to zrovna zd\u00e1, \u017ee to nen\u00ed jako k\u016fl. J\u00e1 jsem pochopila, \u017ee ten obal se jim nel\u00edb\u00ed, j\u00e1 nev\u00edm, co tam chyb\u00ed, Brailovo p\u00edsmo nebo. Nev\u00edm, co tam jako chyborna, \u017ee to je m\u00e1lo ko\u017een\u00e9, \u017ee by to mohlo b\u00fdt v\u00edce, nebo naopak u\u017e jako ko\u017een\u00e9. To u\u017e pro\u0161lo, to u\u017e je jasn\u00e9, \u017ee to p\u016fjde, \u017ee to bude. Mo\u017en\u00e1 n\u011bjak\u00e9 nov\u00e9 materi\u00e1ly, jo. \u017de u\u017e je to odhlasovan\u00e9, \u017ee to, \u017ee to projde. U\u017e to projde, u\u017e to pro\u0161lo. A pravd\u011bpodobn\u011b je to, co j\u00e1 v\u00edm, vyps\u00e1no jako v\u00fdb\u011brovka na toho \u010dlov\u011bka, kter\u00fd by to m\u011bl na n\u011bjakou designera, grafika. Zrovna, pardon, to znamen\u00e1, nejedn\u00e1 se o modernizaci, \u0159ekn\u011bme, toho nejako slo\u017een\u00ed. Textu. Textu, ne, to ur\u010dit\u011b ne. Douf\u00e1m, \u017ee ne, to bych o tom n\u011bco musel v\u011bd\u011bt s kolegama. Obal, prost\u011b design, no. Prost\u011b design jenom, jako jo. Tak to jenom pro div\u00e1ky, nebojte se, \u00fastava z\u016fst\u00e1v\u00e1 stejn\u00e1, ta viz\u00e1\u017e bude tro\u0161ku modern\u00ed. J\u00e1 se chyst\u00e1m zmodernizovat tady do podoby pana kolegy, samoz\u0159ejm\u011b, jo. I Brda z\u00e1\u0159\u00ed. A va\u0161\u00ed, samoz\u0159ejm\u011b, proto\u017ee vypad\u00e1te skv\u011ble po\u0159\u00e1d, jo. A uvid\u00edme, jak se n\u00e1m to poda\u0159\u00ed. Douf\u00e1m, \u017ee A11ka m\u011b pozve potom po t\u00e9 modernizaci znovu, abychom si ud\u011blali p\u0159ed a po. Te\u010f jsem to cht\u011bl \u0159\u00edct, co d\u011bl\u00e1me, p\u0159esn\u011b. Ano. Jak \u010d\u00e1st s panem Juchem. P\u0159esn\u011b tak, mo\u017en\u00e1 to bychom mohli d\u011blat do n\u011bjak\u00fdch takov\u00fdch t\u011bch pozitivn\u00edch prom\u011bn, \u017ee jo, pod\u00edvejte se na progres. Ano, prom\u011bny, to je taky dob\u0159e. Vy jste \u0159\u00edkal, \u017ee jste sportoval, nebo sportujete, \u017ee jste hr\u00e1l v squash, ne n\u011bjak\u00e9 k\u016frni? Tak po\u0159\u00e1d, jako hraju ob\u010das v squash, jako j\u00e1 jsem jako tenis, m\u011b boj\u00ed stra\u0161n\u011b, jakoby raketov\u00e9 sporty. Naopak se velmi t\u011bm kolektivn\u00edm vyh\u00fdb\u00e1m, proto\u017ee v\u011bt\u0161ina mi jako nad\u00e1v\u00e1 v\u017edycky, proto\u017ee v tom nejsem jako dost jako dobr\u00fd, jo. Ale ty raketov\u00e9 jsou skv\u011bl\u00e9, krom\u011b ping-pongu. Tam to m\u00e1m jakoby zak\u00e1z\u00e1no, proto\u017ee moje man\u017eelka je n\u011bjakou mistryn\u00ed \u010cesk\u00e9 republiky ve star\u0161\u00edch nebo mlad\u0161\u00edch \u017e\u00e1kyn\u00edch. Aha. Tak kdy\u017e jsem s n\u00ed hr\u00e1l ping-pong, tak jsem s n\u00ed hr\u00e1l jenom jednou a od t\u00e9 doby u\u017e s n\u00ed hr\u00e1t nem\u016f\u017eu, proto\u017ee a\u0165 nevyboru ani pod\u00e1n\u00ed. Tak\u017ee kdy\u017e ping-pong je jenom slovn\u00ed, tak\u017ee jdeme d\u00e1l. Poj\u010fme, poj\u010fme d\u00e1l. Na bulovce odm\u00edtla \u010d\u00e1st l\u00e9ka\u0159\u016f slou\u017eit p\u0159es \u010dasy a t\u011bch podle z\u00e1chran\u00e1\u0159\u016f vozily pacienty do jin\u00fdch nemocnic. Nemocnice to pop\u0159ela, situaci \u0159e\u0161\u00ed ministerstvo. J\u00e1 v\u00e1m \u0159eknu, \u017ee te\u010f, kdy\u017e vydete z nemocnice \u017eiv\u00fd, o\u0161et\u0159en\u00fd a s l\u00e9ky, kter\u00e9 pot\u0159ebujete, tak p\u0159ed nemocnic\u00ed budete tak \u0161\u0165astn\u00fd, \u017ee od radosti v\u00e1s tref\u00ed\u0161 l\u00e1tku. Budeme ur\u010dit\u011b d\u011blat n\u011bjakou sv\u00e1tost a budeme se k tomu zapalovat sv\u00ed\u010dku. Je to takov\u00fd mal\u00fd z\u00e1zrak. Z\u00e1zrak, \u017ee by to byl. Neskute\u010dn\u00e9 to zhravotnictv\u00ed pod panem ministrem V\u00e1lkem a to nechci jako by jako \u00fapln\u011b lacin\u011b, jako by kritizovat, ale neb\u00fdt za t\u00e9 minul\u00e9 vl\u00e1dy, nap\u0159\u00edklad penicil\u00edn nebo endiaron na pr\u016fjem, tak j\u00e1 si mysl\u00edm, \u017ee by se sv\u011bt zbl\u00e1znil, kdyby to bylo za Adama Vojt\u011bcha. Te\u010f se v\u016fbec nic ned\u011bje. N\u00e1m 6,5 tis\u00edce l\u00e9ka\u0159\u016f odm\u00edtlo pr\u00e1v\u011b d\u011blat, d\u011blat ty slu\u017eby. V\u00edm, \u017ee pan \u0159editel na bolovce u\u017e to \u0159e\u0161\u00ed, nebo to dokonce vy\u0159e\u0161il n\u011bjak\u00fdmi, n\u011bjak\u00fdmi externisty, proto\u017ee ta spr\u00e1va je t\u0159eba 14 dn\u016f star\u00e1. Prob\u011bhlo to, no n\u011bkdy kdyby 12. Tak\u017ee to se jako by \u0159e\u0161\u00ed, jako by aktu\u00e1ln\u011b, ale opravdu j\u00e1 nerozum\u00edm tomu, \u017ee tato vl\u00e1da tam nech\u00e1v\u00e1 pana ministra V\u00e1lka na t\u00e9 \u017eidli. J\u00e1 mysl\u00edm, \u017ee nejlep\u0161\u00ed ministr zdravotnictv\u00ed vypadl Rub\u00e1\u0161, proto\u017ee u\u017e jm\u00e9no nazna\u010dovalo, kam to jde. Jo, no to je pravda, to je ano. A pan Vojt\u011bch, a pan Vojt\u011bch n\u00e1hodou, jako to mus\u00edm \u0159\u00edct, je nejd\u00e9le slou\u017e\u00edc\u00ed minister ve historii \u010cesk\u00e9 republiky, jako v jednom kuse na ministerstvo zdravotnictv\u00ed. Te\u010f jsem zjistila, \u017ee pan V\u00e1lek je 25. nebo 26. ministr, tak\u017ee pr\u016fm\u011brn\u00e1 \u017eivotnost od vzniku \u010cesk\u00e9 republiky je necel\u00fdch 1,5 roku. Ano, prost\u011b. To nen\u00ed hodn\u011b. Prost\u011b kdo vede zdravotnictv\u00ed, to nen\u00ed. To je sebevrach. Pokud chceme n\u011bkoho potrestat, ud\u011blejme z n\u011bj ministra zdravotnictv\u00ed. A to jsou dal\u0161\u00ed dv\u011b ministerstva, to je MPSV a ministerstvo \u0161kolstv\u00ed. \u0158\u00edk\u00e1te, \u017ee u t\u011bchto t\u0159\u00ed ministerstev nem\u016f\u017ee ten minister nikdy vyhr\u00e1t. A od tamto jdu v\u00fdj\u00edt, jako j\u00e1 jsem n\u011bco dok\u00e1zal. V\u017edycky o to jsem, ale... Tak jsou to n\u00e1ro\u010dn\u00e9 obory. Cel\u00e9 zdravotnictv\u00ed, cel\u00e9 \u0161kolstv\u00ed, to je m\u00edt to na starosti a sna\u017eit se tam v\u00edce m\u00e9n\u011b o n\u011bjak\u00e9 zm\u011bny. J\u00e1 mluv\u00edm o soci\u00e1lu, to je moje t\u00e9ma. J\u00e1 jsem st\u00ednov\u00fd minister pr\u00e1ce soci\u00e1ln\u00edch v\u011bc\u00ed. St\u00ednov\u00e9 ministry m\u00e1m nejrad\u011bji. Ano, aby si v\u011bd\u011bla, s k\u00fdm mluv\u00edte. Nesm\u00ed vy dve\u0159e st\u00ednu potom. Mus\u00ed\u0161 v tom st\u00ednu z\u016fstat. Ano, za chvilku si vol\u00e1m Bolta, proto\u017ee m\u00e1m i st\u00ednov\u00e9ho samoz\u0159ejm\u011b \u0159idi\u010de. Jasn\u011b, po\u0159\u00e1dku. Mo\u017en\u00e1 teda potom n\u011bjak\u00fdm solariem to doplnit, abyste m\u011bl spr\u00e1vnou barvu, dostatek vitam\u00edn D. Samoz\u0159ejm\u011b, to je d\u016fle\u017eit\u00e9. Jako j\u00e1, a\u017e budu po t\u00e9 prom\u011bn\u011b zmodernizov\u00e1n, tak ur\u010dit\u011b tady ud\u011bl\u00e1me na A11 to look show s n\u011bjak\u00fdmi dopl\u0148kov\u00fdmi prost\u0159edky, jako by stravy a ud\u011bl\u00e1me tomu reklamu, proto\u017ee budu vypadat \u00fapln\u011b jako... Jasn\u011b, a hlavn\u011b vlastn\u011b vy jdete z toho st\u00ednu, \u017ee jo? No tak jasn\u011b. Na to \u010dek\u00e1me. Mysl\u00edm, \u017ee m\u016f\u017eeme popojit k dal\u0161\u00edmu t\u00e9matu. K dal\u0161\u00edmu, no. Ze v\u0161ech sv\u011btov\u00fdch l\u00eddr\u016f m\u00e1 premi\u00e9r Fiala ve sv\u00e9 zemi nejmen\u0161\u00ed oblibu. Pouh\u00fdch 18 %. Na druhou stranu, \u00fapln\u011b nejobl\u00edben\u011bj\u0161\u00edm premi\u00e9rem je premi\u00e9r Indie, kter\u00fd m\u00e1 78 % podpory. Pokud byste m\u011bl pana Fialu za\u0161katulkovat, nebo za\u0161k\u00e1lovat vy, kolik procent obl\u00edbenosti byste mu dal? Zhruba tolik a je\u0161t\u011b mo\u017en\u00e1 o n\u011bco m\u00e1lo m\u00e9n\u011b, ale to je, j\u00e1 ch\u00e1pu, \u017ee ty pr\u016fzkumy jsou stra\u0161n\u011b o\u0161idn\u00e9, ale opravdu to, co j\u00e1 vn\u00edm\u00e1m, kdy\u017e chod\u00edm prost\u011b mezi lidi, j\u00e1 m\u00e1m prost\u011b v\u017edycky plnou kancel\u00e1\u0159, poslaneckou, tak ta obliba t\u00e9 vl\u00e1dy je skute\u010dn\u011b opravdu velmi n\u00edzk\u00e1. Obecn\u011b i jako v tom ve\u0159ejn\u00e9m prostoru, tak to vn\u00edm\u00e1m a j\u00e1 se prost\u011b t\u011bm lidem ned\u00edv\u00edm, proto\u017ee oni \u0159\u00edkaj\u00ed, \u017ee v\u0161echno d\u011blaj\u00ed s n\u011bjakou odvahou, \u017ee jsou odv\u00e1\u017en\u00e1 vl\u00e1da, ale ten opak je pravdou. Nen\u00ed \u017e\u00e1dn\u00e1 odvaha, kdy\u017e p\u016fjdu po seniorech, nen\u00ed \u017e\u00e1dn\u00e1 odvaha, kdy\u017e v\u0161em zv\u00fd\u0161\u00edm n\u00e1klady ohledn\u011b energii, proto\u017ee je \u0161patn\u011b zastropuju v\u0161em rodin\u00e1m s d\u011btmi. Nen\u00ed \u017e\u00e1dn\u00e1 odvaha prost\u011b d\u011blat ty v\u011bci, kter\u00e9 d\u011blaj\u00ed oni. Odvahuje nap\u0159\u00edklad to, jako koali\u010dn\u00ed poslanec v stanu a \u0159eknou, j\u00e1 nesouhlas\u00edm s t\u00edm, aby kojeneck\u00e1 voda byla nov\u011b ve vy\u0161\u0161\u00ed sazb\u011b DPH. To nikdo z nich neud\u011bl\u00e1. V\u0161ichni jako ovce hlasuj\u00ed pro to, co jim oni \u0159eknou a mi tady toto stra\u0161n\u011b chyb\u00ed. Na diskuze s t\u011bmi m\u00fdmi kolegy v t\u00e9 poslaneck\u00e9 stymovn\u011b, proto\u017ee nikdo z nich nedok\u00e1\u017ee obah\u00e1jit jedinou byt, jedinou polo\u017eku kontroverzn\u00ed v tom konsolida\u010dn\u00edm bal\u00ed\u010dku. J\u00e1 mysl\u00edm, \u017ee pan Stanura to \u0159ekl nejl\u00e9pe, proto\u017ee ten \u0159ekl, \u017ee bu\u010f teda se sn\u00ed\u017e\u00ed platy, anebo se zv\u00fd\u0161\u00ed dan\u011b, \u017ee jin\u00e1 cesta nen\u00ed. Tak\u017ee toto je ten p\u0159\u00edstup a j\u00e1 si mysl\u00edm, \u017ee za panem Fialou v obl\u00edb\u011b u\u017e jsou jenom da\u0148ov\u00e1 p\u0159\u00edzn\u00e1n\u00ed a Petarov\u00e1 d\u00e1mov\u00e1. P\u0159ed n\u00edm jsou uklize\u010dky, nafukovac\u00ed pany, sexymozek paroubka a zadek leliv\u00e9 moly. Dob\u0159e, dob\u0159e. Mus\u00edm prost\u011b pop\u0159ejit, \u017ee je\u0161t\u011b nad t\u00edm zadkem t\u00e9 lely, v\u016fbec jako n\u011bjak se to nevybabuju, ale nerad bych do toho zabru\u0161oval, proto\u017ee bych se necht\u011bl dostat do k\u0159\u00ed\u017eku. Ona u\u017e jde tou cestou, co pan V\u00e1lek \u0159ekl, \u017ee na operace do zahrani\u010d\u00ed ona si ho byla nech\u00e1vat d\u011blat v Turecku. Aha, to bude zaj\u00edmav\u00fd. U\u017e to nev\u011bd\u011bl, takovou z\u00e1kladn\u00ed v\u011bc, \u017ee lela m\u00e1 zadek z Turecka. J\u00e1 jsem netu\u0161il ani j\u00e1, j\u00e1 v\u00edm, \u017ee do Turecka se jezd\u00ed kv\u016fli vlas\u016f. Ano, ano, j\u00e1 taky uva\u017euji. To taky nav\u0161t\u00edv\u00edte Turecko. Je\u0161t\u011b bych se cht\u011bl k tomuto t\u00e9matu zeptat. Mysl\u00edte si, \u017ee ta vl\u00e1da by t\u0159eba fungovala l\u00e9pe, kdyby vlastn\u011b nemusela \u0159e\u0161it, kdyby nebyla tady v takov\u00e9 jako obt\u00ed\u017en\u00e9 dob\u011b, p\u0159eci jenom jako \u0159e\u0161ila... Vl\u00e1da by fungovala l\u00e9pe, kdyby m\u011bla skute\u010dn\u011b jako premi\u00e9ra, kter\u00fd dok\u00e1\u017ee bouchnout do stolu, kter\u00fd dok\u00e1\u017ee b\u00fdt rozhodnut\u00fd, kter\u00fd dok\u00e1\u017ee tu vl\u00e1du n\u011bkam v\u00e9st, kter\u00fd dok\u00e1\u017ee \u0159\u00edct t\u011bm lidem n\u011bjakou vizi, kter\u00fd, i kdy\u017e se splete a je to m\u00edrn\u011b v\u017edycky chaotick\u00e9, tak to v\u017edycky ti lidi odpust\u00ed, kter\u00e9 dan\u00e9 situace, kdy\u017e se n\u011bco aktu\u00e1ln\u00edho d\u011bje. J\u00e1 si pamatuju, kdy\u017e jsme m\u011bli za babi\u0161e COVID a to opravdu byla dystopick\u00e1 doba, kde j\u00e1 jsem opravdu vyjel z Ostravy ve v\u0161edn\u00ed den dopoledne do poslaneck\u00e9 sn\u011bmovny a na D1 jsem nepotkal t\u0159i minuty auta. Jsem nepotkal t\u0159i minuty auto v protism\u011bru. Nepotkal jsem prost\u011b auto. Tak\u017ee \u0159\u00edk\u00e1te, ty seri\u00e1ly dystopick\u00e9 se napl\u0148uj\u00ed. Je to p\u0159ece \u0161\u00edlen\u00e9. Potom tam sed\u00edte v polovi\u010dn\u00edm po\u010dtu s rou\u0161kama a ta situace byla prost\u011b opravdu stra\u0161n\u011b t\u011b\u017ek\u00e1. Jo, to rozhodov\u00e1n\u00ed bylo opravdu jako komplikovan\u00e9, ba a\u017e chaotick\u00e9. To, co se te\u010f jakoby zp\u011btn\u011b jev\u00ed, ale tady tato vl\u00e1da v \u017e\u00e1dn\u00e9 velk\u00e9 krizi nen\u00ed ekonomika. Funguje, nen\u00ed zastaven\u00e1, lid\u00e9 chod\u00ed do pr\u00e1ce, po\u0159\u00e1d m\u00e1me n\u00edzkou nezam\u011bstnanost a stejn\u011b jsme v\u017edycky na chvostu \u017eeb\u0159\u00ed\u010dku v porovn\u00e1n\u00ed s Evropskou Uni\u00ed. Ve v\u0161ech mo\u017en\u00fdch atributech, a\u0165 u\u017e je to, j\u00e1 nev\u00edm, v\u00fd\u0161e re\u00e1ln\u00e9 mzdy, kter\u00e1 je nejn\u00ed\u017e\u0161\u00ed u n\u00e1s. V\u00fd\u0161e, j\u00e1 nev\u00edm, inflace, kter\u00e1 je u n\u00e1s nejv\u00fd\u0161\u0161\u00ed zase naopak. Ned\u00e1 chybat d\u011blat ty lockdowny. Nebyly zbyte\u010dn\u00e9. Te\u010f se to, te\u010f se to m\u016f\u017ee jevit jakoby, \u017ee ano, ale kdyby to naopak jakoby bylo v t\u00e9 dob\u011b, tak si jenom vemte, jakou maj\u00ed m\u00e9dia stra\u0161n\u011b jako velkou moc a vliv, proto\u017ee ty vlastn\u011b ur\u010duj\u00ed, jak\u00fdm zp\u016fsobem ti lid\u00e9 o \u010dem se hovo\u0159\u00ed, kdy\u017e se o tom jako hodn\u011b p\u00ed\u0161e. Tak\u017ee v\u017edycky jsme, ty jsme pln\u00ed prost\u011b izraelsk\u00e9ho konfliktu, p\u0159edt\u00edm ukrajinsk\u00e9ho konfliktu a p\u0159edt\u00edm prost\u011b neud\u011blat lockdownu. No tak to bylo, \u017ee v\u0161ichni tady prost\u011b zem\u0159eme najednou, jo? Tak\u017ee... Tak ale tento chaos vyvolali pr\u00e1v\u011b jako i politici, jo? Proto\u017ee podle m\u011b to bylo... M\u016f\u017eeme, m\u016f\u017eeme to \u0159\u00edct, ale my jsme prost\u011b jeli, a to si pamatuju, ten lockdown byl na cel\u00e9m sv\u011bt\u011b, byl v cel\u00e9 Evrop\u011b. Dob\u0159e, ale lockdown, rozum\u00edte, \u017ee kdy\u017e lidi odizolujete, tak na n\u011bjakou dobu teda se to sn\u00ed\u017e\u00ed a jak je zase pust\u00edte k sob\u011b, tak se to zase zv\u00fd\u0161\u00ed. To je m\u016fj rozum. Pokud se si n\u011bco s t\u00edm v\u011bdem neud\u011bl\u00e1, co\u017e se jakoby samoz\u0159ejm\u011b ud\u011blalo. Vlastn\u011b ud\u011blal vlastn\u011b kv\u016fli zdravotnictv\u00ed, proto\u017ee se b\u00e1li, \u017ee nemocnice to nezvl\u00e1dnou. A byl opravdu d\u00edky kovidu, \u0159ekn\u011bme, nasmrteln\u00e9 postely, tak samoz\u0159ejm\u011b ten virus, kter\u00fd jako domutoval a\u017e k tomu omikronu, tak se vlastn\u011b pravd\u011bpodobn\u011b jako n\u011bjak jako vytratil, nebo pod n\u00e1s v\u017edy je \u00fapln\u011b jako v n\u011bjak\u00e9 men\u0161\u00ed m\u00ed\u0159e. Ale v t\u00e9 dob\u011b to bylo \u0161\u00edlen\u00e9, proto\u017ee si pamatujeme ty z\u00e1b\u011bry t\u011bch zdravotn\u00edk\u016f v t\u011bch \u017elut\u00fdch skafandrech. Jo, a to v\u0161echno na n\u00e1s stra\u0161n\u011b jakoby p\u016fsob\u00ed, \u017ee mysl\u00edm, \u017ee ten lockdown byl akceptovateln\u00fd. Te\u010f b\u00fdt jakoby t\u00edm gener\u00e1lem po bitv\u011b, tak samoz\u0159ejm\u011b to m\u016f\u017eeme jakoby \u0159\u00edkat, ale jako. My jsme museli b\u00fdt v dev\u011bt doma, jo, j\u00e1 jsem chodila, j\u00e1 v dev\u011bt chod\u00edm b\u011bhat, jo, a zastavili m\u011b po\u0159\u00e1d. A \u0159\u00edkaj\u00ed, \u017ee jako, \u017ee u\u017e je po ve\u010derce. Tak douf\u00e1m, \u017ee jste b\u011bhala v rou\u0161ce. J\u00e1 \u0159\u00edk\u00e1m, no dob\u0159e, ale j\u00e1 ven\u010d\u00edm, a oni \u0159\u00edkaj\u00ed, a koho? A nevid\u00edm, \u0159\u00edk\u00e1, j\u00e1 ven\u010d\u00edm sebe, j\u00e1 jsem sama na sebe pes, jo. Te\u010f oni m\u011b necht\u011bli pustit, no to bylo stra\u0161n\u00fd, m\u00e1le m\u011b p\u0159edvedli. J\u00e1 si mysl\u00edm, \u017ee to bylo fakt, pros\u00edm v\u00e1s, m\u016f\u017eete mi vysv\u011btlit, pro\u010d dev\u011bt ve\u010der to jako, \u017ee vylezel ten, ten covid ven, nebo jako, co tam u\u017e nebylo ani. No j\u00e1 nev\u00edm, nev\u00edm, nev\u00edm. To bylo stra\u0161n\u00fd, no nic. Prost\u011b jim byly expertn\u00ed t\u00fdmy. Fakt je ten, \u017ee ohledn\u011b toho, toho lockdownu, tak t\u0159eba \u0161kolstv\u00ed byl vlastn\u011b zav\u0159en\u00fd cel\u00fd \u0161koln\u00ed rok, nechodilo. To u\u017e te\u010fko zp\u011btn\u011b v\u00edme, \u017ee to byla \u010d\u00e1ste\u010dn\u011b jako by opravdu chyba tady toto ud\u011blat, ale v t\u00e9 dob\u011b vlastn\u011b opravdu v tom fr\u010del cel\u00fd sv\u011bt, cel\u00e1 Evropa. Jo, to m\u00e1 jako je zbyte\u010dn\u00e9 se k tomu jako n\u011bjak\u00fdm zp\u016fsobem do hloubky vracet, proto\u017ee ta rozhodnut\u00ed byla skute\u010dn\u011b i na z\u00e1klad\u011b t\u0159ech expertn\u00edch t\u00fdm\u016f, kter\u00e9 ta vl\u00e1da m\u011bla, jo, opozice, koalice, to se tenkr\u00e1t vytratilo, v\u0161ichni prost\u011b byli, byli jednotn\u00ed, jo, to... Pot\u0159ebujeme spole\u010dn\u00e9ho nep\u0159\u00edtele, aby jsme se vlastn\u011b... Mohli jako n\u011bjak se jednotit t\u0159eba, no. Tak poj\u010fme, poj\u010fme d\u00e1l. Prezident Pavel nastolil na mezin\u00e1rodn\u00ed p\u016fd\u011b ot\u00e1zku, jestli by se mal\u00e9 st\u00e1ty, v\u010detn\u011b \u010cesk\u00e9 republiky, nem\u011bly vzd\u00e1t pr\u00e1va VETA, kter\u00e1 nen\u00ed mohou zablokovat z\u00e1sadn\u00ed evropsk\u00e9 z\u00e1kony, i kdyby s nimi v\u0161ech 26 dal\u0161\u00edch st\u00e1t\u016f souhlasilo. Pobou\u0159il t\u00edm samoz\u0159ejm\u011b jak koalici, tak i opozici. Ano. I m\u011b, jo, proto\u017ee jako, j\u00e1 si mysl\u00edm, \u017ee toto by ne\u0159ekl snad ani tolik, jako sp\u00edlan\u00fd zeman a to ani kdyby m\u011bl svou, svou v\u00fdrozu, jo. J\u00e1 si mysl\u00edm, \u017ee pan gener\u00e1l je zvykl\u00fd jako na povel a na jednotn\u00e9 a \u017ee nesna\u0161\u00ed prost\u011b tohle, jo. Jo, je to velmi nebezpe\u010dn\u00e9, no. No, ne, proto\u017ee jako jestli by se toto dostalo, \u017ee by se zru\u0161ilo pr\u00e1vo VETA, tak se dostaneme na \u00farove\u0148 toho, \u017ee rozkazy n\u00e1m nebudou chodit z Moskvy, ale v Bruselu. J\u00e1, j\u00e1 jsem, j\u00e1 jsem stra\u0161n\u011b jako, bych \u0159ekl tro\u0161i\u010dku jako skeptick\u00fd k tomu, k t\u00e9 politice pana prezidenta, jo, proto\u017ee on politicky je opravdu v n\u011bkter\u00fdch v\u011bcech jako by \u00fapln\u011b mimo, no, jako podep\u00ed\u0161e ty d\u016fchody, ale vlastn\u011b \u0159ekne, kdy\u017e podep\u00ed\u0161e, \u017ee kdy\u017e na n\u011b nepod\u00e1hnut\u00ed, ano, \u00fastavn\u00ed st\u00ed\u017enost, tak\u017ee to ud\u011bl\u00e1 on. Potom zase tej druh\u00e9 d\u016fchody podep\u00ed\u0161e, ale vlastn\u011b jako by o m\u011bs\u00edc pozd\u011bji, \u017ee to jako by zdr\u017e\u00ed, i kdy\u017e s t\u00edm nesouhlas\u00ed, tak to ud\u011bl\u00e1. O den pozd\u011bji, ale o m\u011bs\u00edc pozd\u011bji to ud\u011bl\u00e1. No, o pozd\u011bji to prodlou\u017eil. Jo, a vlastn\u011b takhle te\u010fkom tady toto pr\u00e1vo veta, tak\u017ee j\u00e1 za\u010d\u00edn\u00e1m postupn\u011b \u0159\u00edkat, \u017ee m\u00e1me pana prezidenta z bulv\u00e1ru, proto\u017ee v\u0161ichni samoz\u0159ejm\u011b, proto\u017ee ta politika je opravdu to, tak\u017ee v\u0161ichni ti novin\u00e1\u0159i rad\u0161i, ne\u017e aby komentovali tu stra\u0161n\u011b slabou politiku toho hradu, tak n\u00e1m ukazuj\u00ed, \u017ee pan prezident jde nakupovat do supermarketu. Ano, ve Flanelce. To chodili jak\u00e9 zve Flanelce. On je tak skv\u011bl\u00fd pan prezident, \u017ee m\u011bl dokonce jenom jednoho bodygarda sebou, v\u00edte to, to psali. Je\u0161t\u011bmarja to je. V\u00edme, jak b\u011bh\u00e1 v Central Parku, v\u00edme, \u017ee jezd\u00ed na kolob\u011b\u017ece po hrad\u011b a \u017ee na mezist\u00e1tn\u00ed jedn\u00e1n\u00ed s n\u011bmeck\u00e9m jede na motorce, co\u017e. V\u00edte, co se mi l\u00edb\u00ed, l\u00edb\u00ed\u0161? \u017de to je takovou jako bulv\u00e1rn\u00ed jako v\u011bc, j\u00e1 mysl\u00edm, \u017ee ten hrad by m\u011bl tro\u0161i\u010dku v tom za\u010d\u00edt brzdit a za\u010d\u00edt d\u011blat, jakoby tu skute\u010dnou prost\u011b politiku, kter\u00e1 k tomu prezidentstv\u00ed neodmysiteln\u011b pat\u0159\u00ed, proto\u017ee jsme v\u017edycky byli hrd\u00ed na na\u0161e prezidenty, a\u0165 u\u017e byli jak d\u011bc\u00edkoliv a tady toto ta politika vlastn\u011b toho toho prezidenta je opravdu \u00fapln\u011b jedin\u00e1. Tady jde v tom vetu \u00fapln\u011b pro dot\u00ed\u010de. Nebo je to je vl\u00e1\u010den n\u00e1zory sv\u00e9ho okol\u00ed. J\u00e1 si mysl\u00edm, \u017ee vl\u00e1\u010den \u010d\u00e1ste\u010dn\u011b n\u00e1zory sv\u00e9ho okol\u00ed, kter\u00e9 mu to rad\u00ed. Jo, nicm\u00e9n\u011b tady toto \u0159ekl na p\u016fd\u011b univerzity ne na p\u016fd\u011b evropsk\u00e9ho parlamentu, tak\u017ee to m\u00e1 takte\u017e jakoby svou svou symboliku, \u017ee chci d\u00e1t do ve\u0159ejn\u00e9ho prostoru n\u011bco, co potom bude se o tom diskutovat a n\u011bjak toto rezonovat. A mohla, \u017ee na t\u00e9 univerzit\u011b to asi, jako mu mohl b\u00fdt jeho n\u00e1pad, ale v\u0161echno to samoz\u0159ejm\u011b \u010detl, ty projevy, tak\u017ee to m\u011bl jakoby p\u0159edp\u0159ipraven\u00e9 a to si mysl\u00edm, \u017ee... Kdo mu p\u00ed\u0161e projevy? Nev\u00edm, asi jako pan Kol\u00e1\u0159. Asi pan Kol\u00e1\u0159, no tak to budou asi n\u00e1zory pana Kol\u00e1\u0159a. Mo\u017en\u00e1, jako by ano, jo, proto\u017ee... Mysl\u00edte si, \u017ee pan prezident Pavel nen\u00ed takov\u00fd jako suver\u00e9n, \u017ee kdyby se... Nen\u00ed, podle m\u011b nen\u00ed. N\u011bjak\u00e9 n\u00e1zory nel\u00edbili, \u017ee \u0159ekne, ne, to n\u00e1s to nebudu. Ne. Mysl\u00edm si, \u017ee d\u00e1 na to, co ti lidi \u0159eknou jakoby v okol\u00ed a potom se sna\u017e\u00ed ten n\u00e1zor n\u011bjak\u00fdm zp\u016fsobem, ne ten sv\u016fj, ale toho okol\u00ed reprodukovat a v\u017edycky se do toho n\u011bjak\u00fdm zp\u016fsobem zamot\u00e1 prost\u011b, jo. Tak\u017ee to nen\u00ed z n\u011bj. Ohledn\u011b toho pr\u00e1va veta, jsem vlastn\u011b se n\u011bjak\u00fdm zp\u016fsobem dohledal vyj\u00e1d\u0159en\u00ed pana prezidenta, on to n\u011bjak\u00fdm zp\u016fsobem vlastn\u011b jako je\u0161t\u011b dovysv\u011btloval, jak to myslel. Tam se jednalo vlastn\u011b, nebo takhle, Evropsk\u00e1 unie m\u00e1 v pl\u00e1nu samoz\u0159ejm\u011b se roz\u0161irovat o n\u011bjak\u00e9 dal\u0161\u00ed unick\u00e9 st\u00e1ty. Ano. \u010c\u00edm v\u00edce st\u00e1t\u016f v Evropsk\u00e9 unii bude, t\u00edm del\u0161\u00ed bude tento procesn\u00ed jako jedn\u00e1n\u00ed, schvalov\u00e1n\u00ed r\u016fzn\u00fdch jako z\u00e1kon\u016f a tak d\u00e1le. To znamen\u00e1, \u017ee kv\u016fli n\u011bjak\u00e9 akce schopnost\u00ed, jako ch\u00e1pu, \u017ee ten jeho n\u00e1zor. Nicm\u00e9n\u011b samoz\u0159ejm\u011b jako netvrd\u00edm, \u017ee je to spr\u00e1vn\u011b, jenom vlastn\u011b jako \u0159\u00edk\u00e1m, \u017ee ch\u00e1pu, jako kam t\u00edm jako sm\u011b\u0159uje, proto\u017ee mohou nastat ot\u00e1zky nebo prost\u011b situace, kdy ta Evropsk\u00e1 unie prost\u011b pot\u0159ebuje jako rychle rozhodnout a ne\u017e se to jako vy\u0159e\u0161\u00ed prot\u00e1hnout. Ale je v\u00fdchodisko pracovat na rozkaz. No. Jasn\u011b, jako j\u00e1 v\u00edm, jak to jako vznik\u00e1, jo. Kdy\u017e m\u00e1te jako projev, kter\u00fd jako by p\u0159e\u010dtete, tak s n\u00edm prost\u011b souhlas\u00edte i s t\u011bma v\u0161ema konsekvencema. A potom, kdy\u017e vid\u00edte to ve\u0159ejn\u00e9 m\u00edn\u011bn\u00ed, \u017ee jde jako proti v\u00e1m, tak se to sna\u017e\u00edte n\u011bjak\u00fdm se rychle jako omlouvat, flikovat. Tak\u017ee vlastn\u011b jsem to nemyslel jako by takhle, ale jenom pro ty st\u00e1ty, kter\u00e9 p\u0159ijdou do Evropsk\u00e9 unie, tak\u017ee vlastn\u011b jako, jo, tak\u017ee toto u\u017e je prost\u011b pouze jenom pro ve\u0159ejn\u00e9 m\u00edn\u011bn\u00ed n\u011bjak\u00fdm zp\u016fsobem, bych \u0159ekl, oslaben\u00ed toho m\u00e9ho n\u00e1zoru, abych byl zase jako ten, kter\u00fd m\u00e1 t\u011bch 55% obl\u00edbenosti. M\u00e1m n\u00e1zor, ale s n\u00edm nesouhlas\u00edm. Ano, podep\u00ed\u0161u z\u00e1kon, ale pod\u00e1m na n\u011bj vlastn\u011b \u00fastavn\u00ed st\u00ed\u017enost. Jo, nesouhlas\u00edm s t\u011bma zm\u011bnama \u00fad\u016fchod\u016f, tak\u017ee to nepodep\u00ed\u0161u, ale i a\u017e o 12 hodin pozd\u011bji, proto\u017ee prost\u011b jsem prezident, kter\u00fd m\u00e1 n\u00e1zor. Ano. Jasn\u011b. Tak, dob\u0159e. M\u011b sn\u00ed na motorce. M\u011b sn\u00ed na motorce, to je pravda. Minist\u0159i Barto\u0161 a Stanyora d\u00e1vaj\u00ed b\u00fdval\u00fdm poslanc\u016fm poslanc\u016fm sv\u00fdch stran smlouvy za poradenstv\u00ed za miliony. M\u00e1te, m\u00e1te sv\u00e9ho poradce? M\u00e1m sv\u016fj, norm\u00e1ln\u011b m\u00e1m poradn\u00ed t\u00fdm, jo, ten m\u00e1m. D\u00e1vat jim miliony? Ne, samoz\u0159ejm\u011b, \u017ee ne. Kdybych to vzal, jako, j\u00e1 jsem opozi\u010dn\u00ed poslanek. Tak\u017ee j\u00e1 samoz\u0159ejm\u011b nem\u00e1m za sebou \u017e\u00e1dn\u00fd rezort, \u010d\u00e1de ministerstvo. Co v\u00e1m rad\u011bj? Ale toto je jakoby zbyte\u010dn\u00e9, jo, proto\u017ee oni maj\u00ed za sebou opravdu tis\u00edci hlav\u00ed ministersk\u00fd apar\u00e1t, kter\u00fd vlastn\u011b je opravdu pln\u00fd odborn\u00edku, kter\u00fd jim dok\u00e1\u017ee dok\u00e1\u017ee poradit, jo. V\u0161echny ty v\u011bci, kter\u00e9 se t\u00fdkaj\u00ed b\u011bhu toho ministerstva. Tak\u017ee platit extern\u00ed n\u011bjak\u00e9 poradce je skute\u010dn\u011b jenom z\u00e1le\u017eitost n\u011bjak\u00e9 \u00fazk\u00e9 \u00fazce vymezen\u00e9ho t\u00e9matu. Co mi rad\u00ed, jo, oni? Tak t\u0159eba te\u010f jsme se bavili pr\u00e1v\u011b o v\u0161ech t\u011bch r\u016fzn\u00fdch, jako by, penzijn\u00edch parametrech. Bavili jsme se o tom konsolida\u010dn\u00edm bal\u00ed\u010dku. Po\u010d\u00edt\u00e1me tam ty v\u011bci a dopady n\u00e1m na rodiny na seniory na seniory, kte\u0159\u00ed \u017eij\u00ed v p\u00e1ru t\u0159eba, nebo t\u011bch, kte\u0159\u00ed u\u017e jsou t\u0159eba sami ovdov\u011bli. A to d\u011blaj\u00ed zadora, jo? Co o toho o\u010dek\u00e1vaj\u00ed? Nebo to je prest\u00ed\u017e? Co o toho o\u010dek\u00e1vaj\u00ed? No jo, to je prest\u00ed\u017e, nebo se na n\u011b budete pamatovat, kdy\u017e se dostanete t\u0159eba do vl\u00e1dy. Je to opravdu jakoby n\u011bjak\u00fd z\u00e1jem o to, \u017ee oni budou m\u00edt prost\u011b vliv na to, co se v t\u00e9 politice, v t\u00e9 jednotliv\u00e9 agend\u011b d\u011bje, jo. Jsou to t\u0159eba m\u00fd kolegov\u00e9 politici z region\u016f, kte\u0159\u00ed jsou t\u0159eba na t\u011bch postech, j\u00e1 nev\u00edm, n\u00e1m\u011bstku za soci\u00e1l u hejtman\u016f, prim\u00e1tor\u016f, jo, kte\u0159\u00ed jsou v\u00edce starostov\u00e9 a vlastn\u011b se zab\u00fdvaj\u00ed t\u00edm t\u00e9matem u sebe doma. A j\u00e1 si pou\u017e\u00edv\u00e1m k tomu, abych prost\u011b vid\u011bl, jak\u00fdm zp\u016fsobem to funguje v praxi a aby jsme ned\u011blali t\u0159eba pozm\u011b\u0148ovac\u00ed n\u00e1vrhy, kter\u00e9 jsou \u00fapln\u011b jako, samoz\u0159ejm\u011b jako ideologicky spr\u00e1vn\u011b, srd\u00ed\u010dkov\u00e9, jasn\u00e9, vypad\u00e1 to jakoby hezky, ale v t\u00e9 praxi to vlastn\u011b nem\u00e1 \u017e\u00e1dn\u00fd z\u00e1sah. Ale v\u00edte, co m\u011b p\u0159ekvapuje, tak v \u00daODES m\u011b to nep\u0159ekvapuje, \u017ee stanura si tam plat\u00ed, proto\u017ee v \u00daODES mal\u00e1 domu byla v\u017edycky velk\u00e1 domu, ale u Pir\u00e1t\u016f, jo, kte\u0159\u00ed \u0161li pod heslem, jako puste n\u00e1s na n\u011b, jo, a my jsme je pustili a oni se s n\u011bma spojili, jo, tak to m\u011b p\u0159ekvapuje. Ne, to si \u0161patn\u011b vyklad\u00e1te. Puste n\u00e1s na n\u011b znamenalo, puste n\u00e1s na ta voln\u00e1 m\u00edsta, a my je obsad\u00edme stra\u0161n\u011b hezky, ty posty t\u011bch expert\u016f, jo, tak samoz\u0159ejm\u011b oni se dostali jenom \u010dty\u0159i do poslaneck\u00e9 sn\u011bmovny, jo, a vlastn\u011b maj\u00ed opravdu velik, velik\u00fd daf t\u011bch Pir\u00e1t\u016f, kte\u0159\u00ed pot\u0159ebovali n\u011bkde se jakoby um\u00edstit, jo, to se ne\u0159\u00edk\u00e1, \u017ee ka\u017ed\u00fd druh\u00fd Pir\u00e1t je napojen na n\u011bjakou, na n\u011bjak\u00fd ve\u0159ejn\u00fd rozpo\u010det, jo, tak\u017ee oni maj\u00ed opravdu velmi sofistikovan\u011b rozd\u011blen\u00e9 ty lidi na pozici n\u00e1m\u011bstk\u016f, tady odboru, tady n\u011bjak\u00fdch podatc\u016f, jo, ono se \u0159\u00edk\u00e1 t\u0159eba na ministerstvu pro m\u00edstn\u00ed rozvoj, t\u011bm kancel\u00e1\u0159\u00edm, kde sed\u00ed pan minister a v\u0161ichni okolo \u010cern\u00e1 Perla. \u010cern\u00e1 Perla je dobr\u00fd. Jo, jako Pir\u00e1ti z Karibiku, jo, jako\u017ee je to to, a tam je to takto, tam se stalo to, \u017ee tam ten Pir\u00e1t obt\u011b\u017eoval sexu\u00e1ln\u011b tu kolegyni, jo, a zase na ministrovn\u00ed teda byl n\u00e1m\u011bstek, pan Kola\u0159\u00edk, kter\u00fd v hotelu zase, ano, nab\u00edzel trojku, a to je\u0161t\u011b nemluv\u00edme o pohodnou Mich\u00e1lkovi, tak\u017ee sn\u011bmovn\u011b byl p\u0159ed n\u011bkolika lety obvin\u011bn z mobinku a ze\u0161ikany sv\u00fdch koleg\u016f, Pir\u00e1t\u016f, Pir\u00e1tky hlavn\u011b. Ano, kdy\u017e byl Masopus, tak se tak tam byl a tak se opil, \u017ee potom od\u010d\u00faral francouzskou ambasadou. Ano, ano. J\u00e1 v\u017edycky jsem takov\u00fd tro\u0161i\u010dku jako skeptick\u00fd k tomu, kdy\u017e n\u011bkdo mluv\u00ed o t\u00e9, hodn\u011b o t\u00e9 demokracii a t\u011bch hodnot\u00e1ch, a potom se jako, je t\u0159eba u Pir\u00e1t\u016f tady toto, a nebo \u017ee tento t\u00fdden, nebo p\u0159\u00ed\u0161t\u00ed t\u00fdden bude Dominik Ferry, kter\u00fd taky byl ten hodnotov\u00fd a tak, taky \u010del\u00ed tomu soudu, jo. To byl to pak, to byl to pak. Jo, ale co te\u010f ti mlad\u00ed, jako ambiciozn\u00ed, progresivn\u00ed, skv\u011bl\u00ed budouc\u00ed politici. P\u0159itom Pir\u00e1t\u016f je tolik, \u017ee by se mohli sch\u00e1zet ve v\u00fdtahu, jo, tak\u017ee tam by se... Nebo na \u010cern\u00e9 Perle. Na \u010cern\u00e9 Perle, tam by bylo moc, tam by mohli aj tancovat, jo. J\u00e1 nev\u00edm, kolik m\u00e1me. M\u00e1m, no, \u010das se n\u00e1m pomali\u010dku kr\u00e1t\u00ed, tak\u017ee j\u00e1 se ob\u00e1v\u00e1m, \u017ee dal\u0161\u00ed t\u00e9ma u\u017e nestihneme, tak\u017ee v\u00e1m moc kr\u00e1t d\u011bkujeme. Fakt? To tak jako rychle ub\u011bhlo? No, pak rychle. Jasn\u011b, jasn\u011b. No. Je \u0161koda. Jsme to prokeceli. Je to \u0161koda, no, tak pozvejme se v\u00e1s p\u0159\u00ed\u0161t\u011b n\u011bkdy. Dob\u0159e. A m\u016f\u017eeme tady dokon\u010dit n\u011bkter\u00e1 z t\u00e9mata. Si \u0159\u00edk\u00e1m, \u017ee bychom nato\u010dili dva d\u00edly najednou, ale moc kr\u00e1t d\u011bkuju za pozv\u00e1n\u00ed, v\u00e1\u017e\u00edm se za to, d\u011bkuju. D\u011bkujeme v\u00e1m, d\u011bkujeme pan\u00ed Bub\u00edlkov\u00e9 a s div\u00e1ky se rozlou\u010d\u00edme a budeme se t\u011b\u0161it na ten sitkom. Na ten sitkom jednak samoz\u0159ejm\u011b a jednak samoz\u0159ejm\u011b na dal\u0161\u00ed d\u00edl po\u0159adu na palici. M\u011bjte se moc hezky. Na shledanou. Na shledanou.","nbla_serie":"887","nbla_season":"2023","nbla_episode":"16","nbla_duration":"1514.16","nbla_genre":"","nbla_editorial_format":"","nbla_mtime":"1698330477","nbla_url":"https:\/\/origin.a11.cz\/vod\/8ozbvmzqr7hbkir4b8z7uw7qj.mp4","nbla_version":"1698330477","nbla_odvysilano":"Ano","bunny_id":"b2b59a1b-5288-4c4b-875c-f5bdced8fead","youtube_id":"","datum_vydani":"20231026","stopaz":"1514.16","dokument":[],"video_to":[]},"_links":{"self":[{"href":"https:\/\/tv.a11.cz\/api\/wp\/v2\/video\/12902","targetHints":{"allow":["GET"]}}],"collection":[{"href":"https:\/\/tv.a11.cz\/api\/wp\/v2\/video"}],"about":[{"href":"https:\/\/tv.a11.cz\/api\/wp\/v2\/types\/video"}],"author":[{"embeddable":true,"href":"https:\/\/tv.a11.cz\/api\/wp\/v2\/users\/8"}],"wp:featuredmedia":[{"embeddable":true,"href":"https:\/\/tv.a11.cz\/api\/wp\/v2\/media\/12989"}],"wp:attachment":[{"href":"https:\/\/tv.a11.cz\/api\/wp\/v2\/media?parent=12902"}],"wp:term":[{"taxonomy":"category","embeddable":true,"href":"https:\/\/tv.a11.cz\/api\/wp\/v2\/categories?post=12902"},{"taxonomy":"porad","embeddable":true,"href":"https:\/\/tv.a11.cz\/api\/wp\/v2\/porad?post=12902"},{"taxonomy":"region","embeddable":true,"href":"https:\/\/tv.a11.cz\/api\/wp\/v2\/region?post=12902"},{"taxonomy":"kategorie","embeddable":true,"href":"https:\/\/tv.a11.cz\/api\/wp\/v2\/kategorie?post=12902"}],"curies":[{"name":"wp","href":"https:\/\/api.w.org\/{rel}","templated":true}]}}