{"id":12811,"date":"2023-10-25T16:15:46","date_gmt":"2023-10-25T14:15:46","guid":{"rendered":"https:\/\/tv.a11.cz\/?post_type=video&#038;p=12811"},"modified":"2023-10-25T19:48:36","modified_gmt":"2023-10-25T17:48:36","slug":"starosta-litomeric-zve-na-verejne-forum","status":"publish","type":"video","link":"https:\/\/tv.a11.cz\/video\/starosta-litomeric-zve-na-verejne-forum\/","title":{"rendered":"Starosta Litom\u011b\u0159ic zve na ve\u0159ejn\u00e9 f\u00f3rum"},"content":{"rendered":"","protected":false},"excerpt":{"rendered":"<p>U\u017e ve st\u0159edu 1. listopadu v 17. hodin se v Litom\u011b\u0159ic\u00edch kon\u00e1 ve\u0159ejn\u00e9 f\u00f3rum v Kulturn\u00edm a konferen\u010dn\u00edm centru. Tak op\u011bt budete moci vybrat deset priorit, kter\u00fdmi se m\u00e1 m\u011bsto zab\u00fdvat. <\/p>\n","protected":false},"author":8,"featured_media":12822,"template":"","categories":[17,20,157],"porad":[],"region":[93,63],"kategorie":[],"class_list":["post-12811","video","type-video","status-publish","has-post-thumbnail","hentry","category-domaci","category-politika","category-zpravy","region-litomericko","region-ustecky-kraj"],"acf":[],"meta_box":{"nbla_idec":"N2303327","nbla_title":"Starosta Litom\u011b\u0159ic zve na ve\u0159ejn\u00e9 f\u00f3rum","nbla_subtitle":"","nbla_summary":"","nbla_description":"","nbla_transcription":"U\u017e ve st\u0159edu 1. listopadu v 17. hodince v Litom\u011b\u0159ic\u00edch kon\u00e1 ve\u0159ejn\u00e9 f\u00f3rum v Kulturn\u00edm a konferen\u010dn\u00edm centru, tak op\u011bt budete moci vybrat 10 priorit, kter\u00fdmi se m\u00e1 m\u011bsto zab\u00fdvat p\u0159edev\u0161\u00edm. M\u016f\u017eete diskutovat se z\u00e1stupci m\u011bsta a p\u0159edkl\u00e1dat jim n\u00e1vrhy, co je podle v\u00e1s zapot\u0159eb\u00ed v Litom\u011b\u0159ic\u00edch vylep\u0161it. Na programu m\u00e1me p\u0159edstaven\u00ed nov\u00e9ho strategick\u00e9ho pl\u00e1nu m\u011bsta, kter\u00fd m\u00e1 nejen nov\u00fd vizual, ale i nov\u00fd obsah. Tak\u017ee budeme tam p\u0159edstavovat ty z\u00e1kladn\u00ed priority, kter\u00fdmi se m\u011bsto chce zaob\u00fdvat a kter\u00e9 chce \u0159e\u0161it. Pak co\u017e by m\u011blo b\u00fdt zhruba na\u0161to rodiny, potom by m\u011bla prob\u00edhat ve\u0159ejn\u00e1 diskuze u kulat\u00fdch stol\u016f. Ka\u017ed\u00fd z t\u011bch, kte\u0159\u00ed p\u0159ijdou, tak si m\u016f\u017ee vybrat t\u00e9ma, kter\u00e9 chce \u0159e\u0161it, na kter\u00e9 bude ten p\u0159\u00edslu\u0161n\u00ed kulat\u00fd st\u016fl zam\u011b\u0159en. To znamen\u00e1 t\u0159eba ve\u0159ejn\u00e1 zpr\u00e1va, strategick\u00fd rozvoj, energetika, kultura, bydlen\u00ed, sport, doprava a tak d\u00e1le. U kulat\u00fdch stol\u016f mohou ob\u010dan\u00e9 p\u0159em\u00fd\u0161let nad jednotliv\u00fdmi pl\u00e1ny a n\u00e1pady pro m\u011bsto, kter\u00fdmi se m\u011bsto m\u016f\u017ee \u0159\u00eddit. Jedn\u00e1 se o vhodn\u00e1 doporu\u010den\u00ed pro politickou i \u00fa\u0159edn\u00ed reprezentaci Litom\u011b\u0159ic. T\u011b\u0161it se z\u00e1jemci mohou i na setk\u00e1n\u00ed pr\u00e1v\u011b se z\u00e1stupci m\u011bsta, z \u010deho\u017e mohou zaj\u00edt zaj\u00edmav\u00e9 n\u00e1pady, kter\u00fdmi se m\u011bsto m\u016f\u017ee do budoucna \u0159\u00eddit. Hovo\u0159it se na ve\u0159ejn\u00e9m f\u00f3ru bude tak\u00e9 o cen\u00e1ch energii. Jako takovou novinku na z\u00e1v\u011br, tam budeme m\u00edt p\u0159edstaven\u00ed firmy Energy Holding, kter\u00e1 pro m\u011bsto zabezpe\u010duje teplo. M\u011bla by tam p\u0159edstavit sv\u00e9 rozhovov\u00e9 pl\u00e1ny, pl\u00e1ny, jak chce zlep\u0161it \u017eivotn\u00ed prost\u0159ed\u00ed ve m\u011bst\u011b a taky svoji cenovou politiku za teplo. Na ve\u0159ejn\u00e9m f\u00f3ru bude pro p\u0159\u00edtomn\u00e9 zaji\u0161t\u011bno tak\u00e9 ob\u010derstven\u00ed.","nbla_serie":"","nbla_season":"","nbla_episode":"","nbla_duration":"112.34","nbla_genre":"","nbla_editorial_format":"","nbla_mtime":"1698242536","nbla_url":"https:\/\/origin.a11.cz\/vod\/8skzxm8eegmdjdoh8n4i2a0jt.mp4","nbla_version":"1698242536","nbla_odvysilano":"Ano","bunny_id":"bb18db38-6fca-4a2b-905e-e39296c96915","youtube_id":"","datum_vydani":"20231025","stopaz":"112.34","dokument":[],"video_to":["12823"]},"_links":{"self":[{"href":"https:\/\/tv.a11.cz\/api\/wp\/v2\/video\/12811","targetHints":{"allow":["GET"]}}],"collection":[{"href":"https:\/\/tv.a11.cz\/api\/wp\/v2\/video"}],"about":[{"href":"https:\/\/tv.a11.cz\/api\/wp\/v2\/types\/video"}],"author":[{"embeddable":true,"href":"https:\/\/tv.a11.cz\/api\/wp\/v2\/users\/8"}],"wp:featuredmedia":[{"embeddable":true,"href":"https:\/\/tv.a11.cz\/api\/wp\/v2\/media\/12822"}],"wp:attachment":[{"href":"https:\/\/tv.a11.cz\/api\/wp\/v2\/media?parent=12811"}],"wp:term":[{"taxonomy":"category","embeddable":true,"href":"https:\/\/tv.a11.cz\/api\/wp\/v2\/categories?post=12811"},{"taxonomy":"porad","embeddable":true,"href":"https:\/\/tv.a11.cz\/api\/wp\/v2\/porad?post=12811"},{"taxonomy":"region","embeddable":true,"href":"https:\/\/tv.a11.cz\/api\/wp\/v2\/region?post=12811"},{"taxonomy":"kategorie","embeddable":true,"href":"https:\/\/tv.a11.cz\/api\/wp\/v2\/kategorie?post=12811"}],"curies":[{"name":"wp","href":"https:\/\/api.w.org\/{rel}","templated":true}]}}