{"id":12805,"date":"2023-10-25T16:10:37","date_gmt":"2023-10-25T14:10:37","guid":{"rendered":"https:\/\/tv.a11.cz\/?post_type=video&#038;p=12805"},"modified":"2023-10-25T21:10:29","modified_gmt":"2023-10-25T19:10:29","slug":"osmaci-a-devataci-si-v-ceske-trebove-opet-vybirali-budouci-vzdelavani","status":"publish","type":"video","link":"https:\/\/tv.a11.cz\/video\/osmaci-a-devataci-si-v-ceske-trebove-opet-vybirali-budouci-vzdelavani\/","title":{"rendered":"Osm\u00e1ci a dev\u00e1\u0165\u00e1ci si v \u010cesk\u00e9 T\u0159ebov\u00e9 op\u011bt vyb\u00edrali budouc\u00ed vzd\u011bl\u00e1v\u00e1n\u00ed"},"content":{"rendered":"","protected":false},"excerpt":{"rendered":"<p>Kulturn\u00ed s\u00e1l \u010ceskot\u0159ebovsk\u00e9 st\u0159edn\u00ed \u0161koly technick\u00e9 a dopravn\u00ed Gustava Habrmana na Skalce hostil burzu \u0161kol. Jednalo se o 29. ro\u010dn\u00edk p\u0159ehl\u00eddky st\u0159edn\u00ed \u0161kol a zam\u011bstnavatel\u016f.<\/p>\n","protected":false},"author":8,"featured_media":12855,"template":"","categories":[17,25,157],"porad":[],"region":[104,60],"kategorie":[],"class_list":["post-12805","video","type-video","status-publish","has-post-thumbnail","hentry","category-domaci","category-vzdelavani","category-zpravy","region-orlicko","region-pardubicky-kraj"],"acf":[],"meta_box":{"nbla_idec":"N2309199","nbla_title":"Osm\u00e1ci a dev\u00e1\u0165\u00e1ci si v \u010cesk\u00e9 T\u0159ebov\u00e9 op\u011bt vyb\u00edrali budouc\u00ed vzd\u011bl\u00e1v\u00e1n\u00ed","nbla_subtitle":"","nbla_summary":"","nbla_description":"","nbla_transcription":"Kulturn\u00ed s\u00e1l \u010ceskot\u0159ebovsk\u00e9 st\u0159edn\u00ed \u0161koly technick\u00e9 a dopravn\u00ed Gustava Habermana na Skalce hostil burzu \u0161kol. Jedn\u00e1 se o 29. ro\u010dn\u00edk p\u0159ehl\u00eddky st\u0159edn\u00ed \u0161kola zam\u011bstnovatel\u016f. Dne\u0161n\u00edho dne se \u00fa\u010dastn\u00ed z\u00e1stupci 41 \u0161kol, a to jak z Pardubick\u00e9ho kraje, tak Kr\u00e1lov\u00e9hradeck\u00e9ho a Jihomoravsk\u00e9ho. D\u00e1le zde m\u00e1me z\u00e1stupce dev\u00edti v\u00fdznamn\u00fdch fir\u00e9m, tady Orlicko-Ustecka. Pro n\u00e1s je to neskute\u010dn\u011b kr\u00e1sn\u00e1 akce, kdy se sejde opravdu hodn\u011b lid\u00ed, kter\u00e9 \u0161kolstv\u00ed zaj\u00edm\u00e1 a hlavn\u011b je to obrovsk\u00e1 v\u00fdzva ud\u011blat v\u017edycky p\u0159ehl\u00eddku co nejlep\u0161\u00ed, ud\u011blat dobr\u00e9 z\u00e1zem\u00ed, tak, aby se tady c\u00edtili dob\u0159e \u0161koly i rodi\u010de, \u017e\u00e1ci. Osm\u00e1ci a dev\u00e1t\u011bj\u00e1ci vyb\u00edrali sv\u00e9 dal\u0161\u00ed sm\u011b\u0159ov\u00e1n\u00ed se spolu\u017e\u00e1ky nebo v doprovodu rodi\u010d\u016f. D\u00edky t\u00e9to akci maj\u00ed mlad\u00ed budouc\u00ed st\u0159edo\u0161kol\u00e1ci p\u0159ile\u017eitost potkat se se z\u00e1stupci jednotliv\u00fdch vzd\u011bl\u00e1vac\u00edch za\u0159\u00edzen\u00ed na jednom m\u00edst\u011b, zeptat se jich na to, co je nejv\u00edce zaj\u00edm\u00e1. Nahl\u00e9dnout pod pokli\u010dku nab\u00eddky \u0161kol pomohli i samotn\u00ed st\u0159edo\u0161kol\u00e1ci. T\u00edmto zp\u016fsobem byl p\u0159edstaven nap\u0159\u00edklad obor knih\u00e1\u0159, kter\u00fd jako jedin\u00fd v republice se vyu\u010duje v Lanskroun\u011b. U\u010d\u00edme se d\u011blat v\u00fdtvarn\u011b zpracovan\u00e9 vazby. Je to vlastn\u011b um\u011bleck\u00fd obor a u\u010d\u00edme se tam d\u011blat i r\u016fzn\u00e9 v\u00fdtvarn\u00e9 krabi\u010dky a potahov\u00e1n\u00ed k\u016f\u017e\u00ed. M\u00e1me tam testov\u00e1n\u00ed rostlin a to za\u010d\u00edn\u00e1 vlastn\u011b a\u017e v druh\u00e9ku, ale v prv\u00e1ku, kdy\u017e se sm\u011b\u0159\u00edme na veterinu, tak tam maj\u00ed anatomii, u\u010d\u00ed se r\u016fzn\u00e9 \u010d\u00e1sti t\u011bla t\u011bch zv\u00ed\u0159at. My jako prv\u00e1ci, jako agr\u00e1\u0159i, chod\u00edme k traktoru. V t\u0159et\u00edm ro\u010dn\u00edku m\u00e1me u\u0161et\u0159ovatelstv\u00ed jako rozd\u011blen\u00fd. M\u00e1me v\u0161eobecn\u00fd a pak m\u00e1me v chirurgick\u00fdch oborech a intern\u00edch oborech, proto\u017ee m\u00e1me to takhle rozd\u011blen\u00fd i podle nemocnice. Na gymn\u00e1zium dost\u00e1v\u00e1me v\u0161eobecn\u00e9 znalosti, roz\u0161i\u0159ujeme to jako ty v\u0161eobecn\u00e9 obzory, abychom se ve sv\u011bt\u011b nestratili a je to sp\u00ed\u0161 takov\u00e1 p\u0159\u00edprava na tu vysokou \u0161kolu. Te\u010f tady d\u011bl\u00e1m carving, co\u017e je vy\u0159iz\u00e1v\u00e1n\u00ed do ovoce a zeleniny. Jsme si m\u011bli kurs, m\u011bli jich je\u0161t\u011b v\u00edc kurs\u016f. Tak\u00e9 letos bylo na skalce plno. N\u00e1\u0161t\u011bvnost je letos opravdu velik\u00e1, je obrovsk\u00fd z\u00e1jem, tak\u017ee jsme moc r\u00e1di a p\u0159ejeme v\u0161em \u017e\u00e1k\u016fm, aby si vybrali tu pravou \u0161kolu, aby je to bavilo a na\u0161li uplatn\u011bn\u00ed. Je dost mo\u017en\u00e9, \u017ee jubilejn\u00ed 30. ro\u010dn\u00edk p\u0159ehl\u00eddky bude prob\u00edhat v inovovan\u00fdch prostor\u00e1ch. Pevn\u011b m\u011b\u0159\u00edme v to, \u017ee v kv\u011btnu zah\u00e1j\u00edme stavbu rekonstrukce s\u00e1lu zde na skalce a na podzim bychom r\u00e1di p\u0159iv\u00edtali v nov\u00fdch prostor\u00e1ch i \u00fa\u010dastn\u00edky t\u00e9to burzy. To, jestli se to povede, budeme v\u011bd\u011bt v n\u00e1sleduj\u00edc\u00edch m\u011bs\u00edc\u00edch.","nbla_serie":"","nbla_season":"","nbla_episode":"","nbla_duration":"163.84","nbla_genre":"","nbla_editorial_format":"","nbla_mtime":"1698242469","nbla_url":"https:\/\/origin.a11.cz\/vod\/4h2oqj8h0stco8veety1igpcp.mp4","nbla_version":"1698242469","nbla_odvysilano":"Ano","bunny_id":"31f42f7f-4b8d-4b0b-abf1-18220514c916","youtube_id":"","datum_vydani":"20231025","stopaz":"163.84","dokument":[],"video_to":["12856"]},"_links":{"self":[{"href":"https:\/\/tv.a11.cz\/api\/wp\/v2\/video\/12805","targetHints":{"allow":["GET"]}}],"collection":[{"href":"https:\/\/tv.a11.cz\/api\/wp\/v2\/video"}],"about":[{"href":"https:\/\/tv.a11.cz\/api\/wp\/v2\/types\/video"}],"author":[{"embeddable":true,"href":"https:\/\/tv.a11.cz\/api\/wp\/v2\/users\/8"}],"wp:featuredmedia":[{"embeddable":true,"href":"https:\/\/tv.a11.cz\/api\/wp\/v2\/media\/12855"}],"wp:attachment":[{"href":"https:\/\/tv.a11.cz\/api\/wp\/v2\/media?parent=12805"}],"wp:term":[{"taxonomy":"category","embeddable":true,"href":"https:\/\/tv.a11.cz\/api\/wp\/v2\/categories?post=12805"},{"taxonomy":"porad","embeddable":true,"href":"https:\/\/tv.a11.cz\/api\/wp\/v2\/porad?post=12805"},{"taxonomy":"region","embeddable":true,"href":"https:\/\/tv.a11.cz\/api\/wp\/v2\/region?post=12805"},{"taxonomy":"kategorie","embeddable":true,"href":"https:\/\/tv.a11.cz\/api\/wp\/v2\/kategorie?post=12805"}],"curies":[{"name":"wp","href":"https:\/\/api.w.org\/{rel}","templated":true}]}}