{"id":12804,"date":"2023-10-25T16:09:52","date_gmt":"2023-10-25T14:09:52","guid":{"rendered":"https:\/\/tv.a11.cz\/?post_type=video&#038;p=12804"},"modified":"2023-10-25T21:12:40","modified_gmt":"2023-10-25T19:12:40","slug":"skolnik-zs-letohrad-komenskeho-je-finalistou-souteze-skolnik-roku","status":"publish","type":"video","link":"https:\/\/tv.a11.cz\/video\/skolnik-zs-letohrad-komenskeho-je-finalistou-souteze-skolnik-roku\/","title":{"rendered":"\u0160koln\u00edk Z\u0160 Letohrad Komensk\u00e9ho je finalistou sout\u011b\u017ee \u0160koln\u00edk roku"},"content":{"rendered":"","protected":false},"excerpt":{"rendered":"<p>V z\u00e1kladn\u00ed \u0161kole Letohrad v Komensk\u00e9ho ulici pracuje jeden ze \u0161estn\u00e1cti finalist\u016f prvn\u00edho ro\u010dn\u00edku \u010ceskoslovensk\u00e9 sout\u011b\u017ee \u0160koln\u00edk roku. Nominovat Karla Moravce se rozhodlo samo veden\u00ed \u0161koly.<\/p>\n","protected":false},"author":8,"featured_media":12858,"template":"","categories":[17,25,157],"porad":[],"region":[104,60],"kategorie":[],"class_list":["post-12804","video","type-video","status-publish","has-post-thumbnail","hentry","category-domaci","category-vzdelavani","category-zpravy","region-orlicko","region-pardubicky-kraj"],"acf":[],"meta_box":{"nbla_idec":"N2309200","nbla_title":"\u0160koln\u00edk Z\u0160 Letohrad Komensk\u00e9ho je finalistou sout\u011b\u017ee \u0160koln\u00edk roku","nbla_subtitle":"","nbla_summary":"","nbla_description":"","nbla_transcription":"V z\u00e1kladn\u00ed \u0161kole Letohrad v Komensk\u00e9ho ulici pracuje jeden ze 16 finalist\u016f prvn\u00edho ro\u010dn\u00edku \u010ceskoslovensk\u00e9 sout\u011b\u017ee \u0160koln\u00edk roku. Nominovat Karla Moravce se rozhodlo veden\u00ed \u0161koly. Proto\u017ee jsme py\u0161n\u00ed na n\u011bho, na to, jak to um\u00ed s d\u011btma, jak je dob\u0159e nalad\u011bnej po\u0159\u00e1d. Karel Moravec p\u016fsob\u00ed na pozici \u0161koln\u00edka asi 10 let. Je to \u00fa\u017easn\u00e1 pr\u00e1ce, ale stala jsem se taky om\u011blem v\u00edcem\u00e9n\u011b, proto\u017ee jsem po\u017e\u00e1d\u00e1n, tak jsem to zkusil. Jinak jsem d\u011blal kamen\u00ed\u010dinu, tak\u017ee jsem se \u017eivil soukromn\u011b s\u00e1m. Pracovn\u00ed doba mu za\u010d\u00edn\u00e1 v 7 hodin r\u00e1no a kon\u010d\u00ed v\u011bt\u0161inou o p\u016fl \u010dtvrt\u00e9 odpoledne. N\u011bkdy, kdy\u017e je pot\u0159eba, z\u016fstava ve \u0161kole i d\u00e9le. N\u00e1pl\u0148 pr\u00e1ce je rozmanit\u00e1. Uspan\u00fd odpady, z\u00e1\u0159ivky, v\u0161echno prost\u011b, kliky \u00fapadl\u00fd, rozbit\u00e9 um\u00edtky, prost\u011b t\u011bch v\u011bc\u00ed je stra\u0161n\u011b moc. Prost\u011b cokoliv se porouch\u00e1, nebo rozbije, nebo zni\u010d\u00ed, tak je tady pan \u0161koln\u00edk. Vedle sv\u00fdch povinnost\u00ed nezapom\u00edn\u00e1 na krmen\u00ed rybi\u010dek ob\u00fdvaj\u00edc\u00edch \u0161koln\u00ed akv\u00e1rium. B\u011bhem n\u00e1ro\u010dn\u00edch dn\u016f si \u010das najde i na \u0161kol\u00e1ky. A to nejen ty v dru\u017ein\u011b, ale tak\u00e9 na chodb\u00e1ch. Komunikuju, to je d\u016fle\u017eit\u00e9, proto\u017ee malinko jim to chyb\u00ed, \u017ee n\u011bkdo vyslechne aspo\u0148. Ale je to sranda v\u011bt\u0161inou, je to p\u0159\u00edjemn\u00e9. Um\u00ed se k n\u00edm postavit n\u011bkdy jako p\u0159\u00edsnej t\u00e1ta, n\u011bkdy jako vl\u00eddnej d\u011bde\u010dek a to se n\u00e1m l\u00edb\u00ed. R\u00e1d tr\u00e1v\u00ed \u010das i v hudebn\u00ed u\u010debn\u011b, kde \u0161kol\u00e1kom zahraje t\u0159eba na piano. V sout\u011b\u017ei \u0160koln\u00edk roku 2023 najdete tohoto obl\u00edben\u00e9ho \u0161koln\u00edka i pod p\u0159esd\u00edvkou Bejbin. Ale to nesm\u00ed d\u011bti \u0159\u00edkat, m\u011b mus\u00edte pane \u0161koln\u00edku \u0159\u00edkat. No, to u\u017e m\u00e1m od skaudsk\u00fdch let, od 68. roku a asi jsem po\u0159\u00e1dn\u011b nedosp\u011bl. J\u00e1 mysl\u00edm, \u017ee na to stej\u0161i u\u017e v\u00edc ne\u017e na to p\u0159\u00edjmen\u00ed, \u017ee to k n\u011bmu tady pat\u0159\u00ed v Letohrad\u011b a nejenom ve \u0161kole. Hlas Bejbinovi m\u016f\u017eete ud\u011blit do konce \u0159\u00edjna kliknut\u00edm na srd\u00ed\u010dko pod fotografi\u00ed \u0161koln\u00edka na Facebooku Schools United. Sou\u010dasn\u011b je nutn\u00e9 b\u00fdt fanou\u0161kem t\u00e9to facebookov\u00e9 str\u00e1nky.","nbla_serie":"","nbla_season":"","nbla_episode":"","nbla_duration":"125.8","nbla_genre":"","nbla_editorial_format":"","nbla_mtime":"1698242385","nbla_url":"https:\/\/origin.a11.cz\/vod\/el0xw4bwnm851ed1m6si385cx.mp4","nbla_version":"1698242385","nbla_odvysilano":"Ano","bunny_id":"c17a6d61-833f-4bc4-a7f9-99525bffc165","youtube_id":"","datum_vydani":"20231025","stopaz":"125.8","dokument":[],"video_to":["12859"]},"_links":{"self":[{"href":"https:\/\/tv.a11.cz\/api\/wp\/v2\/video\/12804","targetHints":{"allow":["GET"]}}],"collection":[{"href":"https:\/\/tv.a11.cz\/api\/wp\/v2\/video"}],"about":[{"href":"https:\/\/tv.a11.cz\/api\/wp\/v2\/types\/video"}],"author":[{"embeddable":true,"href":"https:\/\/tv.a11.cz\/api\/wp\/v2\/users\/8"}],"wp:featuredmedia":[{"embeddable":true,"href":"https:\/\/tv.a11.cz\/api\/wp\/v2\/media\/12858"}],"wp:attachment":[{"href":"https:\/\/tv.a11.cz\/api\/wp\/v2\/media?parent=12804"}],"wp:term":[{"taxonomy":"category","embeddable":true,"href":"https:\/\/tv.a11.cz\/api\/wp\/v2\/categories?post=12804"},{"taxonomy":"porad","embeddable":true,"href":"https:\/\/tv.a11.cz\/api\/wp\/v2\/porad?post=12804"},{"taxonomy":"region","embeddable":true,"href":"https:\/\/tv.a11.cz\/api\/wp\/v2\/region?post=12804"},{"taxonomy":"kategorie","embeddable":true,"href":"https:\/\/tv.a11.cz\/api\/wp\/v2\/kategorie?post=12804"}],"curies":[{"name":"wp","href":"https:\/\/api.w.org\/{rel}","templated":true}]}}