{"id":12781,"date":"2023-10-25T12:30:13","date_gmt":"2023-10-25T10:30:13","guid":{"rendered":"https:\/\/tv.a11.cz\/?post_type=video&#038;p=12781"},"modified":"2023-10-25T16:05:13","modified_gmt":"2023-10-25T14:05:13","slug":"ve-slanem-buduji-nove-tridy-na-historicke-pude","status":"publish","type":"video","link":"https:\/\/tv.a11.cz\/video\/ve-slanem-buduji-nove-tridy-na-historicke-pude\/","title":{"rendered":"Ve Slan\u00e9m buduj\u00ed nov\u00e9 t\u0159\u00eddy na historick\u00e9 p\u016fd\u011b"},"content":{"rendered":"","protected":false},"excerpt":{"rendered":"<p>Nov\u00e1 m\u00edsta pro budouc\u00ed \u0161kol\u00e1ky u\u017e nechce Sl\u00e1nsk\u00e1 radnice zajistit uvol\u0148ov\u00e1n\u00edm specializovan\u00fdch u\u010deben a dal\u0161\u00edch prostor. Na z\u00e1kladn\u00ed \u0161kole na Komensk\u00e9ho n\u00e1m\u011bst\u00ed proto naplno pracuje stavebn\u00ed firma. C\u00edl je jasn\u00fd.<\/p>\n","protected":false},"author":8,"featured_media":12795,"template":"","categories":[17,159,157],"porad":[],"region":[68,62],"kategorie":[],"class_list":["post-12781","video","type-video","status-publish","has-post-thumbnail","hentry","category-domaci","category-stavebnictvi","category-zpravy","region-kladensko","region-stredocesky-kraj"],"acf":[],"meta_box":{"nbla_idec":"N2316034","nbla_title":"Ve Slan\u00e9m buduj\u00ed nov\u00e9 t\u0159\u00eddy na historick\u00e9 p\u016fd\u011b","nbla_subtitle":"","nbla_summary":"","nbla_description":"","nbla_transcription":"Nov\u00e1 m\u00edsta pro budouc\u00ed \u0161kol\u00e1ky u\u017e nechce Sl\u00e1nsk\u00e1 radnice zajistit uvol\u0148ov\u00e1n\u00edm specializovan\u00fdch u\u010deben a dal\u0161\u00edch prostor. Na z\u00e1kladn\u00ed \u0161kole na Komensk\u00e9ho n\u00e1m\u011bst\u00ed proto naplno pracuje stavebn\u00ed firma. C\u00edl je jasn\u00fd. Celou kompozici tady p\u016fdn\u00edch prostor p\u0159ed\u011blat, ud\u011blat tady \u010dty\u0159i odborn\u00e9 u\u010debny, jedno bude u\u010debna fyziky, dal\u0161\u00ed bude u\u010debna informatiky a dal\u0161\u00ed u\u010debny budou pro p\u0159\u00edrodn\u00ed v\u011bdy. Chyb\u011bt ov\u0161em nebude ani z\u00e1zem\u00ed pro u\u010ditele nebo soci\u00e1ln\u00ed za\u0159\u00edzen\u00ed. Investice p\u0159esahuj\u00edc\u00ed 50 milion\u016f korun p\u0159itom vych\u00e1z\u00ed z aktu\u00e1ln\u00ed demografick\u00e9 studie. S kter\u00e9 n\u00e1m vypl\u00fdv\u00e1, \u017ee v budouc\u00edm obdob\u00ed zde bude pot\u0159eba m\u00edt v\u00edce \u017e\u00e1k\u016f. Nicm\u00e9n\u011b ze studie tak\u00e9 vypl\u00fdv\u00e1, \u017ee to nen\u00ed takov\u00fdm rozsahem, abychom stavili v tuhle chv\u00edli novou \u0161kolu. Roz\u0161i\u0159ov\u00e1n\u00ed kapacity z\u00e1kladn\u00ed \u0161koly na Komensk\u00e9ho n\u00e1m\u011bst\u00ed ov\u0161em nep\u0159inese jen vybudov\u00e1n\u00ed klasick\u00fdch u\u010deben. A tak\u00e9 kone\u010dn\u011b d\u011blat i odborn\u00e9 u\u010debny, kter\u00e9 pr\u00e1v\u011b v r\u00e1mci n\u011bkter\u00fdch navy\u0161ov\u00e1n\u00ed kapacity se st\u00e1vaj\u00ed klasick\u00fdmi t\u0159\u00eddami a na\u0161im c\u00edlem je, aby jsme m\u011bli pr\u00e1v\u011b modern\u00ed odborn\u00e9 u\u010debny. Rozs\u00e1hl\u00e1 p\u016fda je p\u016fvodn\u00ed se za\u010d\u00e1tku minul\u00e9ho stolet\u00ed. Do t\u00e9 doby ji nikdo nevyu\u017e\u00edval, nejprve tedy bylo nutn\u00e9 ji kompletn\u011b vy\u010distit a obna\u017eit jednotliv\u00e9 tr\u00e1my. Pak p\u0159ijdou na \u0159adu pr\u00e1ce spojen\u00e9 s postupn\u00fdm budov\u00e1n\u00edm nov\u00e9ho interi\u00e9ru. Pr\u00e1ce, kter\u00e9 za\u010daly v z\u00e1\u0159\u00ed tohoto roku, tak budou prob\u00edhat a\u017e do p\u0159\u00ed\u0161t\u00edch letn\u00edch pr\u00e1zdnin. V ide\u00e1ln\u00edm p\u0159\u00edpad\u011b bychom cht\u011bli, abychom p\u0159\u00ed\u0161t\u00ed \u0161koln\u00ed rok zah\u00e1jili u\u017e v t\u011bchto modern\u00edch prostor\u00e1ch. Do t\u00e9 doby se mus\u00ed jak \u0161kol\u00e1ci, tak p\u0159edev\u0161\u00edm pedagogov\u00e9 a dal\u0161\u00ed zam\u011bstnanci \u0161koly obrnit trp\u011blivost\u00ed. Stavebn\u00ed ruch se sice nedot\u00fdk\u00e1 p\u0159\u00edmo interi\u00e9ru \u0161koly, i tak je ale jasn\u00fdm omezen\u00edm pro j\u00ed b\u011b\u017en\u00fd chod.","nbla_serie":"","nbla_season":"","nbla_episode":"","nbla_duration":"122.24","nbla_genre":"","nbla_editorial_format":"","nbla_mtime":"1698229252","nbla_url":"https:\/\/origin.a11.cz\/vod\/56xuh5n3ouhlgfs1g51iidsb9.mp4","nbla_version":"1698229252","nbla_odvysilano":"Ne","bunny_id":"a59c7d28-ced1-449d-8a0d-a1d537828c31","youtube_id":"","datum_vydani":"20231025","stopaz":"122.24","dokument":[],"video_to":["12797"]},"_links":{"self":[{"href":"https:\/\/tv.a11.cz\/api\/wp\/v2\/video\/12781","targetHints":{"allow":["GET"]}}],"collection":[{"href":"https:\/\/tv.a11.cz\/api\/wp\/v2\/video"}],"about":[{"href":"https:\/\/tv.a11.cz\/api\/wp\/v2\/types\/video"}],"author":[{"embeddable":true,"href":"https:\/\/tv.a11.cz\/api\/wp\/v2\/users\/8"}],"wp:featuredmedia":[{"embeddable":true,"href":"https:\/\/tv.a11.cz\/api\/wp\/v2\/media\/12795"}],"wp:attachment":[{"href":"https:\/\/tv.a11.cz\/api\/wp\/v2\/media?parent=12781"}],"wp:term":[{"taxonomy":"category","embeddable":true,"href":"https:\/\/tv.a11.cz\/api\/wp\/v2\/categories?post=12781"},{"taxonomy":"porad","embeddable":true,"href":"https:\/\/tv.a11.cz\/api\/wp\/v2\/porad?post=12781"},{"taxonomy":"region","embeddable":true,"href":"https:\/\/tv.a11.cz\/api\/wp\/v2\/region?post=12781"},{"taxonomy":"kategorie","embeddable":true,"href":"https:\/\/tv.a11.cz\/api\/wp\/v2\/kategorie?post=12781"}],"curies":[{"name":"wp","href":"https:\/\/api.w.org\/{rel}","templated":true}]}}