{"id":12771,"date":"2023-10-24T17:45:41","date_gmt":"2023-10-24T15:45:41","guid":{"rendered":"https:\/\/tv.a11.cz\/?post_type=video&#038;p=12771"},"modified":"2023-10-24T19:40:29","modified_gmt":"2023-10-24T17:40:29","slug":"a11-zpravy-utery-24-10-2023","status":"publish","type":"video","link":"https:\/\/tv.a11.cz\/video\/a11-zpravy-utery-24-10-2023\/","title":{"rendered":"Hlavn\u00ed zpr\u00e1vy \u00fater\u00fd 24.10. 2023"},"content":{"rendered":"","protected":false},"excerpt":{"rendered":"<p>Ve slan\u00e9m buduj\u00ed nov\u00e9 t\u0159\u00eddy na historick\u00e9 p\u016fd\u011b &#8211; N\u00e1bytkov\u00e1 banka v Otrokovic\u00edch &#8211; Festival SONS ve Vset\u00edn\u011b &#8211; Den otev\u0159en\u00fdch dve\u0159\u00ed u hasi\u010d\u016f<\/p>\n","protected":false},"author":8,"featured_media":12773,"template":"","categories":[17,157],"porad":[212],"region":[218],"kategorie":[],"class_list":["post-12771","video","type-video","status-publish","has-post-thumbnail","hentry","category-domaci","category-zpravy","porad-hlavni-zpravy-a11","region-cela-cr"],"acf":[],"meta_box":{"nbla_idec":"A2300129","nbla_title":"A11 Zpr\u00e1vy","nbla_subtitle":"\u00dater\u00fd 24.10. 2023","nbla_summary":"Zpravodajstv\u00ed A11 ze v\u0161ech kout\u016f \u010cesk\u00e9 republiky","nbla_description":"","nbla_transcription":"Kr\u00e1sn\u00fd ve\u010der pr\u00e1v\u011b za\u010d\u00ednaj\u00ed A11 zpr\u00e1vy, u kter\u00fdch v\u00e1s v\u00edt\u00e1 Tereza Jelinkov\u00e1. O n\u011bkolik tis\u00edc obyvatel by se m\u011blo v n\u00e1sleduj\u00edc\u00edch letech rozr\u016fst m\u011bsto Slan\u00fd na Kladensku. Veden\u00ed m\u011bsta na to mus\u00ed reagovat. P\u0159ipravuje proto skapacitn\u011bn\u00ed \u010dist\u00edrny, vod a dal\u0161\u00ed infrastruktury. Ro\u0161\u00ed\u0159en\u00ed se nevyhne ani po\u010det m\u00edst v z\u00e1kladn\u00edch \u0161kol\u00e1ch. Nov\u00e1 m\u00edsta pro budouc\u00ed \u0161kol\u00e1ky u\u017e nechce Sl\u00e1nsk\u00e1 radnice zajistit uvol\u0148ov\u00e1n\u00edm specializovan\u00fdch u\u010deben a dal\u0161\u00edch prostor. Na z\u00e1kladn\u00ed \u0161kole na Komensk\u00e9ho n\u00e1m\u011bst\u00ed proto naplno pracuje stavebn\u00ed firma. C\u00edl je jasn\u00fd. Celou kompozici tady p\u016fdn\u00edch prostor p\u0159ed\u011blat, ud\u011blat tady \u010dty\u0159i odborn\u00e9 u\u010debny. Jedno bude u\u010debna fyziky, dal\u0161\u00ed bude u\u010debna informatiky a dal\u0161\u00ed u\u010debny budou pro p\u0159\u00edrodn\u00ed v\u011bdy. Chyb\u011bt ov\u0161em nebude ani z\u00e1zem\u00ed pro u\u010ditele nebo soci\u00e1ln\u00ed za\u0159\u00edzen\u00ed. Investit se p\u0159esahuj\u00edc\u00ed 50 milion\u016f korun p\u0159itom vych\u00e1z\u00ed z aktu\u00e1ln\u00ed demografick\u00e9 studie. Z kter\u00e9 n\u00e1m vypl\u00fdv\u00e1, \u017ee v budouc\u00edm obdob\u00ed zde bude pot\u0159eba m\u00edt v\u00edce \u017e\u00e1k\u016f. Nicm\u00e9n\u011b ze studie tak\u00e9 vypl\u00fdv\u00e1, \u017ee to nen\u00ed takov\u00fdm rozsahem, abychom stavili v tuhle chv\u00edli novou \u0161kolu. Roz\u0161i\u0159ov\u00e1n\u00ed kapacity z\u00e1kladn\u00ed \u0161koly na Komensk\u00e9ho n\u00e1m\u011bst\u00ed ov\u0161em nep\u0159inese jen vybudov\u00e1n\u00ed klasick\u00fdch u\u010deben. A tak\u00e9 kone\u010dn\u011b d\u011blat i odborn\u00e9 u\u010debny, kter\u00e9 pr\u00e1v\u011b v r\u00e1mci n\u011bkter\u00fdch navy\u0161ov\u00e1n\u00ed kapacity se st\u00e1vaj\u00ed klasick\u00fdmi t\u0159\u00eddami. A na\u0161im c\u00edlem je, abychom m\u011bli pr\u00e1v\u011b modern\u00ed odborn\u00e9 u\u010debny. Rozs\u00e1hl\u00e1 p\u016fda je p\u016fvodn\u00ed se za\u010d\u00e1tku minul\u00e9ho stolet\u00ed. Do t\u00e9 doby ji nikdo nevyu\u017e\u00edval. Nejprve tedy bylo nutn\u00e9 ji kompletn\u011b vy\u010distit a obna\u017eit jednotliv\u00e9 tr\u00e1my. Pak p\u0159ijdou na \u0159adu pr\u00e1ce spojen\u00e9 s postupn\u00fdm budov\u00e1n\u00edm nov\u00e9ho interi\u00e9ru. Pr\u00e1ce, kter\u00e9 za\u010daly v z\u00e1\u0159\u00ed tohoto roku, tak budou prob\u00edhat a\u017e do p\u0159\u00ed\u0161t\u00edch letn\u00edch pr\u00e1zdnin. V ide\u00e1ln\u00edm p\u0159\u00edpad\u011b teda bychom cht\u011bli, abychom p\u0159\u00ed\u0161t\u00ed \u0161koln\u00ed rok zah\u00e1jili u\u017e v t\u011bchto modern\u00edch prostor\u00e1ch. Do t\u00e9 doby se mus\u00ed jak \u0161kol\u00e1ci, tak p\u0159edev\u0161\u00edm pedagogov\u00e9 a dal\u0161\u00ed zam\u011bstnanci \u0161koly obrnit trp\u011blivost\u00ed. Stavebn\u00ed ruch se sice nedot\u00fdk\u00e1 p\u0159\u00edmo interi\u00e9ru \u0161koly, i tak je ale jasn\u00fdm omezen\u00edm pro j\u00ed b\u011b\u017en\u00fd chod. V Otrokovic\u00edch na\u0161li zp\u016fsob, jak podpo\u0159it udr\u017eitelnost n\u00e1bytku. Vznikla zde tzv. n\u00e1bytkov\u00e1 banka. D\u00edky n\u00ed mohou naj\u00edt domov nevyu\u017e\u00edvan\u00e9 p\u0159edm\u011bty, kter\u00e9 by jinak kon\u010dily na smeti\u0161ti. Police sk\u0159\u00edn\u011b postele nebo nap\u0159\u00edklad stoly, obrazy, \u017eidle a mnoho dal\u0161\u00edho. To v\u0161e \u010dek\u00e1 na sv\u00e9 nov\u00e9 majitele z Otrokovic, kte\u0159\u00ed si sv\u016fj \u00falovek mohou odv\u00e9st zcela zdarma. Ve m\u011bst\u011b toti\u017e nov\u011b vznikla tzv. n\u00e1bytkov\u00e1 banka. Ta se nach\u00e1z\u00ed na ulici Svobodov a v prostor\u00e1ch star\u00e9 v\u00fdm\u011bn\u00edkov\u00e9 stanice. Lid\u00e9 pokud p\u0159ivezou n\u00e1bytek n\u011bjak\u00e9mu zb\u011brn\u00e9mu dvoru, tam se od toho zpr\u00e1vce dozv\u00ed, \u017ee pokud je ten n\u00e1bytek dobr\u00fd, maj\u00ed ho odv\u00e9st do t\u00e9 n\u00e1bytkov\u00e9 banky. Tady ho pracovn\u00edk p\u0159evezme, pokud je v dobr\u00e9m stavu, skladujeme ho a pokud se objev\u00ed ob\u010dan\u00e9, kte\u0159\u00ed nemaj\u00ed, dejme tomu, na koupen\u00ed novou n\u00e1bytku, v dob\u011b otev\u0159en\u00ed p\u0159ijdou, vyberou si, zpr\u00e1vce zap\u00ed\u0161e jejich jm\u00e9no, adresu do n\u011bjak\u00e9 evidence a zdarma si n\u00e1bytek odnesou dom\u016f. N\u00e1bytkov\u00e1 banka pln\u00ed soci\u00e1ln\u00ed a ekologickou funkci a napl\u0148uje koncept cirkul\u00e1rn\u00ed ekonomiky. D\u00e1v\u00e1 druhou \u0161anci v\u011bcem, prodlu\u017euje t\u00edm jej\u00ed \u017eivotnost a je tak jedn\u00edm z n\u00e1stroj\u016f \u0159e\u0161en\u00ed p\u0159edch\u00e1zen\u00ed vzniku odpadu. V prostor\u00e1ch banky se mimo jin\u00e9 nach\u00e1z\u00ed tak\u00e9 charitn\u00ed \u0161atn\u00edk. Samoz\u0159ejm\u011b ta n\u00e1bytkov\u00e1 banka nen\u00ed posledn\u00edm po\u010dinem, kter\u00fd tady v tomto oboru chyst\u00e1me. Dal\u0161\u00ed jsou takzvan\u00e9 reuse pointy. Reuse pointy budou v podstat\u011b p\u011bkn\u00e9 bu\u0148ky, kter\u00e9 budou um\u00edst\u011bny na osmi m\u00edstech u zhruba poloviny sb\u011brn\u00fdch dvor\u016f. A tyto budou m\u00edt obdobnou funkci, jak ta n\u00e1bytkov\u00e1 banka, akor\u00e1t, \u017ee samoz\u0159ejm\u011b ty prostory budou men\u0161\u00ed, tak\u017ee nebude sem ukl\u00e1dat n\u00e1bytek, ale takov\u00e9 ty drobn\u00e9 p\u0159edm\u011bty z dom\u00e1cnosti typu d\u011btsk\u00fdch hra\u010dek, sportovn\u00edho vybaven\u00ed, kuchy\u0148sk\u00fdch pot\u0159eb. V\u0161echny p\u0159edm\u011bty jsou p\u0159ij\u00edm\u00e1ny pouze \u010dist\u00e9 a funk\u010dn\u00ed a o jejich p\u0159ijet\u00ed rozhoduje obsluha. Stav v\u011bc\u00ed m\u016f\u017eete konzultovat p\u0159edem telefonicky nebo prost\u0159ednictv\u00edm e-mailu n\u00e1bytkov\u00e1.banka zavin\u00e1\u010d muotrokovice.cz. Provozn\u00ed dobu v\u010detn\u011b dal\u0161\u00edch informac\u00ed najdete na webu m\u011bsta. M\u011bsto Cheb p\u0159i\u0161lo s n\u00e1padem, jak zapojit sv\u00e9 obyvatele do rozhodov\u00e1n\u00ed o rozvoji obce. P\u016fvodn\u00ed megan\u00e1pady nahradil pl\u00e1n s n\u00e1zvem Projekty pro m\u011bsto. Ob\u010dan\u00e9 v n\u011bm mohou hlasovat online pro ji\u017e p\u0159edp\u0159ipraven\u00e9 realizace. Projekty pro m\u011bsto je nov\u00fd n\u00e1zev Prochebsk\u00fd participativn\u00ed rozpo\u010det. B\u00fdval\u00e9 megan\u00e1pady i sou\u010dasn\u00e9 n\u00e1vrhy umo\u017e\u0148uj\u00ed, aby se ob\u010dan\u00e9 zapojili do rozhodov\u00e1n\u00ed o rozvoji sv\u00e9 obce. N\u00e1klady akce se zv\u00fd\u0161\u00ed pro k\u0159\u00ed\u017et\u00ed rok z 5 na 6 milion\u016f korun. Tam z\u00e1kladn\u00ed \u00faprava spo\u010d\u00edv\u00e1 v tom, \u017ee m\u011bsto nab\u00eddne ob\u010dan\u016fm, aby vybrali z p\u0159edp\u0159ipraven\u00fdch projekt\u016f, kde je mo\u017enost realizace, \u017ee byla prov\u011b\u0159ena z hlediska finan\u010dn\u00edho, stavebn\u00edho \u0159\u00edzen\u00ed a v\u0161eho ostatn\u00edho, aby vybrali projekty, kter\u00e9 se mysl\u00ed, \u017ee je dobr\u00e9 realizovat, o kter\u00e9 budou m\u00edt z\u00e1jem. To je takov\u00e1 z\u00e1kladn\u00ed zm\u011bna, kdy se nevych\u00e1z\u00ed z toho, \u017ee ob\u010dan\u00e9 na za\u010d\u00e1tku n\u00e1voduj\u00ed v\u0161echno a pak to m\u011bsto zpracov\u00e1v\u00e1. My sou\u010dasn\u011b ov\u0161em ob\u010dan\u016fm po\u017e\u00e1d\u00e1me o dal\u0161\u00ed podn\u011bty a n\u00e1m\u011bty, co by se mohlo ve m\u011bst\u011b ud\u011blat, kter\u00e9 m\u011bsto zpracuje n\u011bjak\u00fdm zp\u016fsobem a u\u017e bude jasno p\u0159ed rozhodov\u00e1n\u00edm o tom, kter\u00fd vybrat, kolik to p\u0159ibli\u017en\u011b bude st\u00e1t a jak to bude pracn\u00e9 a jestli to je v\u016fbec realizovateln\u00e9. U t\u011bch megan\u00e1pad\u016f toho d\u0159\u00edv\u011bj\u0161\u00edho p\u0159\u00edstupu se st\u00e1valo, \u017ee n\u011bkter\u00e9 odsouhasen\u00e9 ob\u010dany, vybran\u00e9 projekty bylo obt\u00ed\u017en\u00e9 realizovat, zvy\u0161ovaly se realiza\u010dn\u00ed ceny, ale i se zat\u011b\u017eoval apar\u00e1t m\u011bsta s p\u0159\u00edpravou t\u011bch staveb. Zatiska stavebn\u00edch \u0159\u00edzen\u00ed, kter\u00e9 museli letzdy proj\u00edt i n\u011bjakou tou n\u00e1zorem pam\u00e1tk\u00e1\u0159\u016f na t\u00e9 v\u011bci a tak a dneska vlastn\u011b to byly projekty, kter\u00e9 u\u017e budou p\u0159edp\u0159ipraven\u00e9 a na lidech bude, aby rozhodli, co z toho je dobr\u00e9 a co z toho mo\u017en\u00e1 ne. T\u0159eba se to nikdy neud\u011bl\u00e1. My jsme te\u010f vy\u0161li z toho, \u017ee jsme m\u011bli n\u00e1sobn\u00edk ur\u010dit\u00fdch projekt\u016f p\u0159ipraven\u00fdch, v\u010detn\u011b stavebn\u00edch povolen\u00ed t\u011bch n\u00e1klad\u016f a nikdy nebylo ani politicky jasno, jestli se to m\u00e1 d\u011blat nebo ne. Tak a\u0165 si ob\u010dan\u00e9 rozhodnou. Hlasov\u00e1n\u00ed dal\u0161\u00edho ro\u010dn\u00edku bude zah\u00e1jeno v pond\u011bl\u00ed 20. listopadu. B\u011bhem 14 dn\u016f do ned\u011ble 3. prosince se na nov\u00fdch str\u00e1nk\u00e1ch www.projektyprom\u011bsto.cz p\u0159edstav\u00ed v\u0161echny zva\u017eovan\u00e9 akce. Ji\u017e v sou\u010dasn\u00e9 dob\u011b jsou na webu zve\u0159ejn\u011bn\u00e9 podrobn\u00e9 informace a pravidla prohlazov\u00e1n\u00ed. Ve Vset\u00edn\u011b se uskute\u010dnil 30. ro\u010dn\u00edk festivalu zajmov\u00e9 um\u011bleck\u00e9 \u010dinnosti lid\u00ed se zrakov\u00fdm posti\u017een\u00edm Tifloart. Dvoudenn\u00ed akce se z\u00fa\u010dastnilo p\u0159es 200 nevydom\u00fdch a slabozrak\u00fdch ob\u010dan\u016f z cel\u00e9 \u010cesk\u00e9 republiky. P\u011bveck\u00fd sbor Masarykov\u00e1 gymn\u00e1zia Vset\u00edn s nevydomou solistkou V\u011brkou Strba\u010dkovou slavnostn\u011b zah\u00e1jil 30. ro\u010dn\u00edk festivalu Tifloart 2023, p\u0159ehl\u00eddky zajmov\u00e9 \u010dinnosti zrakov\u011b posti\u017een\u00fdch um\u011blc\u016f. U\u010dastn\u00edky, kte\u0159\u00ed se na dvoudenn\u00ed setk\u00e1n\u00ed sjeli do Vset\u00edna z cel\u00e9 republiky, pozdravil prezident Sjednocen\u00e9 organizace nevydom\u00fdch a slabozrak\u00fdch Lubo\u0161 Zaj\u00edc. Pro n\u00e1s je to jednak p\u0159\u00edle\u017eitost k setk\u00e1n\u00ed, jednak p\u0159\u00edle\u017eitost k tomu poslechnout si nebo si prohl\u00e9dnout, \u010d\u00edm se kdo zab\u00fdv\u00e1, co d\u011bl\u00e1 kdo nov\u00e9ho, je to stra\u0161n\u011b mil\u00e1 p\u0159\u00edle\u017eitost b\u00fdt spolu. Festival Tifloart se ve Vset\u00edn\u011b konal ji\u017e po p\u00e1t\u00e9 v\u0159ad\u011b, p\u0159ipomenul m\u00edsto starosta m\u011bsta Ji\u0159\u00ed R\u016f\u017ei\u010dka. Cht\u011bl bych v\u00e1m pop\u0159\u00e1t, aby se v\u00e1m tady l\u00edbilo, d\u011bkuju taky organiz\u00e1tor\u016fm za to, \u017ee jste to uspo\u0159\u00e1dali, proto\u017ee je to obrovsk\u00fd kus pr\u00e1ce. Organiz\u00e1torem v\u0161ech p\u011bti ro\u010dn\u00edk\u016f je odbo\u010dka Sons Vset\u00edn. Za t\u00e1 l\u00e9ta trv\u00e1n\u00ed se festival posunul do dal\u0161\u00edch oblast\u00ed, kdy zrakov\u011b posti\u017een\u00ed amat\u00e9r\u0161t\u00ed um\u011blci mohou p\u0159edstavit sv\u00e1 d\u00edla, sv\u00e9 um\u011bn\u00ed. Letos tady m\u00e1me velmi mnoho v\u00fdtvarn\u00fdch, rukod\u011bln\u00fdch prac\u00ed, za kter\u00e9 jsme velmi r\u00e1di, proto\u017ee p\u0159ece jenom rukod\u011bln\u00e1 \u010dinnost je pro osoby s t\u011b\u017ekou zrkovou vadou velmi d\u016fle\u017eitou sou\u010d\u00e1st\u00ed \u017eivota. My jsme p\u0159ijeli z Brna a jsme z Tiflocentra Brno. Tiflocentrum Brno je poskytovatel soci\u00e1ln\u00edch slu\u017eeb pro nev\u011bdom\u00e9 v Jomoravsk\u00e9m kraji. A tady jsme p\u0159ijeli proto, abychom uk\u00e1zali v\u00fdrobky, kter\u00e9 nev\u011bdom\u00ed lid\u00e9 vyr\u00e1b\u00ed. Mezi hosty festivalu byly i z\u00e1stupci partnersk\u00e9 organizace ze Slovenska. Mn\u011b se velmi p\u00e1\u010d\u00ed, \u017ee je tu velmi vela druhou um\u011bn\u00ed zastupen\u00e9ho. Je tu velmi pestr\u00fd hudobn\u00fd \u017e\u00e1ner, se tu v\u017edy d\u00e1 naj\u00edt n\u011bco tak\u00e9 zauj\u00edmav\u00e9, tak\u00e9 rukolapn\u00e9. Je tu velmi pestr\u00e1 paleta v\u00fdrobk\u016f, kter\u00e9 d\u011blaj\u00ed lid\u00e9 se zdrakov\u00fdm postihnut\u00edm. A je to pro n\u00e1s velmi inspirat\u00edvn\u00e9. Nakoliko se mi tro\u0161ku zdr\u00e1k zhor\u0161uje, tak se orientujem t\u00e9 probl\u00e9matiky zdrakovopostihnut\u00fdch. Jak\u00e9 jsou mo\u017enosti prekon\u00e1vat bari\u00e9ry a spozn\u00e1vat druh\u00fdch lid\u00ed, kte\u0159\u00ed maj\u00ed podobn\u011b tr\u00e1pen\u00ed. Leto\u0161n\u00edm ro\u010dn\u00edkem se festival Tifloart se v Setinem lou\u010d\u00ed. My te\u010fka tenhle festival p\u0159esuneme do jin\u00e9ho kouta \u010cesk\u00e9 republiky, abychom z\u00edskali jin\u00e9 obecenstvo, jin\u00e9 podm\u011bty a taky jin\u00e9 zdroje. Hasi\u010di v Prost\u011bjov\u011b uspo\u0159\u00e1dali Den otev\u0159en\u00fdch dve\u0159\u00ed stejn\u011b jako jejich kolegov\u00e9 z cel\u00e9ho kraje. Akce p\u0159il\u00e1kala spoustu mal\u00fdch i velk\u00fdch n\u00e1v\u0161t\u011bvn\u00edk\u016f. Po\u017e\u00e1rn\u00edci pro n\u011b p\u0159ipravili uk\u00e1zky hasi\u010dsk\u00e9 techniky i r\u016fzn\u00e9 sout\u011b\u017ee. Hasi\u010di na v\u0161ech t\u0159in\u00e1cti stanic\u00edch v Olomouck\u00e9m kraji p\u0159iv\u00edtali v p\u00e1tek 13. \u0159\u00edjna na Dni otev\u0159en\u00fdch dve\u0159\u00ed stovky d\u011bt\u00ed a dosp\u011bl\u00fdch. \u00da\u010dastn\u00edci tak m\u011bli mo\u017enost nahl\u00e9dnout za v\u00fdjezdov\u00e1 vrata a pod\u00edvat se do are\u00e1lu pln\u00fdch specializovan\u00e9 techniky. Do akce se zapojili tak\u00e9 hasi\u010di z Prost\u011bjova. Pro d\u011bti tu m\u00e1me p\u0159ipraveny jednak statick\u00e9 uk\u00e1zky techniky, potom tady jsou sout\u011b\u017ee jako d\u011btsk\u00e9 TFA\u010dko, r\u016fzn\u00e9 tajenky, kv\u00edzi, st\u0159\u00edk\u00e1n\u00ed \u010db\u011brovkou a h\u00e1zen\u00ed r\u016fj\u010dkama do dr\u00e1\u010dka hasika. N\u00e1v\u0161t\u011bvn\u00edci dokonce na vlastn\u00ed o\u010di vid\u011bli, jak vypad\u00e1 ostr\u00fd v\u00fdjezd hasi\u010d\u016f. P\u0159\u00edmo z v\u00fdstavy vozidel musel jedna z jednotek vyrazit k p\u0159\u00edpadu. Krom\u011b z\u00e1bavy do\u0161lo tak\u00e9 na pou\u010den\u00ed d\u011bt\u00ed. To, aby p\u0159esn\u011b v\u011bd\u011bli, jak se chovat v kritick\u00e9 situaci a jak\u00e1 telefonn\u00ed \u010d\u00edsla pou\u017e\u00edt. Chceme po nich, aby se tro\u0161ku orientovali, jak\u00fd je rozd\u00edl mezi hasi\u010dem a polici\u00ed z\u00e1chr\u00e1nkou, kdy na jakou situaci koho zavolaj\u00ed. A pro\u010d se tato tradi\u010dn\u00ed akce kon\u00e1 v\u017edy v p\u00e1tek 13.? C\u00edlem hasi\u010d\u016f je po\u0159\u00e1d\u00e1n\u00ed preventivn\u011b v\u00fdchovn\u00fdch akc\u00ed p\u0159isp\u011bt ke zlomen\u00ed pov\u011bry, kter\u00e1 je s t\u00edmto datem spojen\u00e1. Ka\u017ed\u00fd rok proto vyhla\u0161uje \u010cesk\u00e1 asociace hasi\u010dsk\u00fdch d\u016fstojn\u00edk\u016f Den po\u017e\u00e1rn\u00ed bezpe\u010dnosti na p\u00e1tek 13. Po n\u011bkolika letech se do Olmouce na v\u00fdstavi\u0161t\u011b Flora vr\u00e1tila tradi\u010dn\u00ed v\u00fdstava ptactva Exota. Chovatel\u00e9 ze st\u0159edn\u00ed Evropy p\u0159edstavili 4 000 exotick\u00fdch pt\u00e1k\u016f. L\u00e1kadlem v\u00fdstavy je Amazonian \u017elutokrk\u00fd. Na cel\u00e9m sv\u011bt\u011b \u017eije pouze 10 jedinc\u016f tohoto druhu. Tolik k\u0159iku na v\u00fdstavi\u0161ti Flora u\u017e dlouho nebylo. P\u0159esn\u011b p\u011bt let. Po tak dlouh\u00e9 odmlce se do Olmouce o v\u00edkendu vr\u00e1tila jedna z nejobl\u00edben\u011bj\u0161\u00edch akc\u00ed. Mezin\u00e1rodn\u00ed v\u00fdstava ptactva v\u0161eho druhu Exota. Vid\u011bn\u00ed byly papou\u0161ci, tukan\u00ed, drobn\u00ed exoti, kan\u00e1\u0159i, ba\u017eanti a vodn\u00ed dr\u016fbe\u017e. Mus\u00edm \u0159\u00edct, \u017ee s tou m\u00e1m radost velikou a u\u017e jsem pomalu ani nev\u011b\u0159il a nedoufal. A vlastn\u011b d\u00edky spolupr\u00e1ci s v\u00fdstavi\u0161t\u011bm Flora, kter\u00fd se stalo na\u0161\u00edm partnerem, se pr\u00e1v\u011b tento n\u00e1vrat mohl uskute\u010dnit. Naposledy se Exota v Olmouci konala v roce 2018. Pot\u00e9 se letit\u00e1 tradice p\u0159eru\u0161ila v\u016fli covidov\u00e9 pandemii. My m\u00e1me velkou radost, \u017ee se ta v\u00fdstava k n\u00e1m vrac\u00ed, proto\u017ee zde m\u00e1 velkou tradici. Exota Olmouce poprv\u00e9 konala v Olmouci v roce 1970. A je to pojem, kter\u00fd je mezi chovateli a milovn\u00edky exotick\u00e9ho ptactva zn\u00e1m\u00fd po cel\u00e9m sv\u011bt\u011b. A to plat\u00ed st\u00e1le. V pavilonech A, E a G a ve sb\u00edrkov\u00fdch sklen\u00edc\u00edch p\u0159edstavili ve\u0159ejnosti chovatel\u00e9 ze st\u0159edn\u00ed Evropy na \u010dty\u0159itis\u00edcovky exotick\u00fdch a \u010dasto velmi vz\u00e1cn\u00fdch pt\u00e1k\u016f. Nejv\u011bt\u0161\u00edm \u0161pekem je ten nejv\u011bt\u0161\u00ed papou\u0161ek, to je arahyacintov\u00fd. Nejv\u011bt\u0161\u00ed papou\u0161ek je dlouh\u00fd nebo velk\u00fd, v\u00edc ne\u017e metr. Tak jsem tady chodil jako malej kluk a v\u00fdsledn\u00ed pt\u00e1ci pro n\u00e1s byly tady ty arahyacintov\u00fd. Jsme se na to divali, jak na n\u011bco, co asi v \u017eivot\u011b nebudeme m\u00edt a povedlo se. Pokud byste cht\u011bli koupit chovn\u00fd p\u00e1r, museli byste s\u00e1hnout hluboko do kapsy. St\u00e1l by asi milion korun. A je\u0161t\u011b mnohem dra\u017e\u0161\u00ed je tento exot. Amazonian \u017elutokrk\u00fd v modr\u00e9 mutaci. Na cel\u00e9m sv\u011bt\u011b jich \u017eije pouze deset. A to jsou prost\u011b pt\u00e1ci, kte\u0159\u00ed nikdy nebyly ve\u0159ejn\u011b na sv\u011bt\u011b prezentov\u00e1ny. On m\u00e1 jin\u00e9 zbarven\u00ed. Vlastn\u011b u n\u011bho do\u0161lo k p\u0159irozen\u00e9 spont\u00e1nn\u00ed mutaci, kdy vlastn\u011b zelen\u00e1 barva byla nahrazen\u00e1 modrou a \u017elut\u00e1 barva byla nahrazen\u00e1 b\u00edlou. Ze zpr\u00e1v A11 je to pro De\u0161ek v\u0161e, ale neodch\u00e1zejte. Po\u0159\u00e1d dobr\u00fd ve\u010der pokra\u010duje a te\u010f se ji\u017e na v\u00e1s t\u011b\u0161\u00ed Zuzana Bub\u00edlkov\u00e1. A j\u00e1 v\u00e1m p\u0159eji kr\u00e1sn\u00fd ve\u010der. www.arkance-systems.cz","nbla_serie":"525","nbla_season":"2023","nbla_episode":"129","nbla_duration":"910.88","nbla_genre":"3.1.1.1","nbla_editorial_format":"2.1.1","nbla_mtime":"1698161829","nbla_url":"https:\/\/origin.a11.cz\/vod\/16isanuhklav93p7wbymcqw2v.mp4","nbla_version":"1698161821","nbla_odvysilano":"Ano","bunny_id":"8c863dfa-8039-4ff5-b927-416287bb6c35","youtube_id":"","datum_vydani":"20231024","stopaz":"910.88","dokument":[],"video_to":[]},"_links":{"self":[{"href":"https:\/\/tv.a11.cz\/api\/wp\/v2\/video\/12771","targetHints":{"allow":["GET"]}}],"collection":[{"href":"https:\/\/tv.a11.cz\/api\/wp\/v2\/video"}],"about":[{"href":"https:\/\/tv.a11.cz\/api\/wp\/v2\/types\/video"}],"author":[{"embeddable":true,"href":"https:\/\/tv.a11.cz\/api\/wp\/v2\/users\/8"}],"wp:featuredmedia":[{"embeddable":true,"href":"https:\/\/tv.a11.cz\/api\/wp\/v2\/media\/12773"}],"wp:attachment":[{"href":"https:\/\/tv.a11.cz\/api\/wp\/v2\/media?parent=12771"}],"wp:term":[{"taxonomy":"category","embeddable":true,"href":"https:\/\/tv.a11.cz\/api\/wp\/v2\/categories?post=12771"},{"taxonomy":"porad","embeddable":true,"href":"https:\/\/tv.a11.cz\/api\/wp\/v2\/porad?post=12771"},{"taxonomy":"region","embeddable":true,"href":"https:\/\/tv.a11.cz\/api\/wp\/v2\/region?post=12771"},{"taxonomy":"kategorie","embeddable":true,"href":"https:\/\/tv.a11.cz\/api\/wp\/v2\/kategorie?post=12771"}],"curies":[{"name":"wp","href":"https:\/\/api.w.org\/{rel}","templated":true}]}}