{"id":12764,"date":"2023-10-24T16:11:38","date_gmt":"2023-10-24T14:11:38","guid":{"rendered":"https:\/\/tv.a11.cz\/?post_type=video&#038;p=12764"},"modified":"2023-10-25T16:08:29","modified_gmt":"2023-10-25T14:08:29","slug":"prostejov-projednal-memorandum-o-spolupraci","status":"publish","type":"video","link":"https:\/\/tv.a11.cz\/video\/prostejov-projednal-memorandum-o-spolupraci\/","title":{"rendered":"Prost\u011bjov projednal memorandum o spolupr\u00e1ci"},"content":{"rendered":"","protected":false},"excerpt":{"rendered":"<p>Rada m\u011bsta Prost\u011bjova projednala a zastupitelstvu doporu\u010dila schv\u00e1lit memorandum o spolupr\u00e1ci s vybran\u00fdmi spole\u010dnostmi. Memorandum o spolupr\u00e1ci je v\u0161ak pr\u00e1vn\u011b nez\u00e1vazn\u00fd dokument, kter\u00fd pouze deklaruje ur\u010dit\u00fd \u00famysl stran k budouc\u00ed mo\u017en\u00e9 realizaci. <\/p>\n","protected":false},"author":8,"featured_media":12801,"template":"","categories":[17,157],"porad":[],"region":[59,107],"kategorie":[],"class_list":["post-12764","video","type-video","status-publish","has-post-thumbnail","hentry","category-domaci","category-zpravy","region-olomoucky-kraj","region-prostejovsko"],"acf":[],"meta_box":{"nbla_idec":"N2306428","nbla_title":"Prost\u011bjov projednal memorandum o spolupr\u00e1ci","nbla_subtitle":"","nbla_summary":"","nbla_description":"","nbla_transcription":"Rada m\u011bsta Prost\u011bjova projednala a zastupitelstvu doporu\u010dila schv\u00e1lit memorandum o spolupr\u00e1ci se spole\u010dnostmi PGP Termin\u00e1l, Moravsk\u00e1 ostrava a MT Znojmo. Memorandum o spolupr\u00e1ci je v\u0161ak pr\u00e1vn\u011b nez\u00e1vazn\u00fd dokument, kter\u00fd pouze deklaruje ur\u010dit\u00fd umysl stran k budouc\u00ed mo\u017en\u00e9 realizaci. My t\u00edmto \u0159\u00edk\u00e1me, \u017ee chceme v\u011bd\u011bt p\u0159\u00edpadn\u011b, jestli tyto spole\u010dnosti budou realizovat stavbu tohoto za\u0159\u00edzen\u00ed v r\u00e1mci na\u0161eho okresu. Chceme b\u00fdt u toho, proto\u017ee jsme samoz\u0159ejm\u011b nejv\u011bt\u0161\u00edm producentem odpad\u016f v r\u00e1mci toho okresu a to je asi v\u0161echno. Je to pr\u00e1vn\u011b nez\u00e1vazn\u00fd dokument, ale chceme o t\u011bchto v\u011bcech b\u00fdt informov\u00e1ni. J\u00e1 bych cht\u011bl znovu zdodaznit, u\u017e jsem to \u0159\u00edkal n\u011bkolikr\u00e1t, \u017ee my nebudeme t\u00edm hlavn\u00edm hr\u00e1\u010dem ve smyslu toho, \u017ee budeme \u0159\u00edkat t\u00e9to spole\u010dnosti, kde toto za\u0159\u00edzen\u00ed m\u00e1 st\u00e1vat. To jednozna\u010dn\u011b podl\u00e9h\u00e1 tomu, \u017ee v tomto \u00fazem\u00ed, v jak\u00e9mkoliv to bude, dojde k domluv\u011b samoz\u0159ejm\u011b prim\u00e1rn\u011b v\u0161ech obyvatel a ob\u010dan\u016f, kte\u0159\u00ed v t\u00e9 lokalit\u011b dan\u00e9 \u017eij\u00ed. V\u011bt\u0161inoutn\u00e9 a velmi d\u016fle\u017eit\u00e9 podle prost\u011bhovsk\u00e9ho prim\u00e1tora je to, aby o z\u00e1le\u017eitostech t\u00fdkaj\u00edc\u00edch se nakl\u00e1d\u00e1n\u00ed z odpady rozhodovali odborn\u00edci. Mus\u00ed rozhodnout dopravdu kompetentn\u00ed org\u00e1ny, to znamen\u00e1 \u017eivotn\u00ed post\u0159ed\u00ed v r\u00e1mci posudzov\u00e1n\u00ed a j\u00e1. A t\u00edm mus\u00ed \u0159\u00edct t\u00e9to kompetentn\u00ed osobi, jestli toto za\u0159\u00edzen\u00ed vyhovuje v\u0161em ekologick\u00fdm na\u0159\u00edzen\u00edm a jestli z hlediska samoz\u0159ejm\u011b doprav\u00ed a v\u0161ech t\u011bch v\u011bc\u00ed, kter\u00e9 s t\u00edm souvisej\u00ed, jestli je toto za\u0159\u00edzen\u00ed takov\u00e9, kter\u00e9 zde m\u016f\u017ee st\u00e1t t\u00edm, \u017ee vyhovuje v\u0161em standard\u016fm. V\u0161echny kroky radnice jsou nutn\u00e9, proto\u017ee za 7 let bude muset \u0159e\u0161it nerudovskou ot\u00e1zku, kam s n\u00edm. Opravdu po roce 2030 my mus\u00edme \u0159e\u0161it, co z odpady po roce 2030 a nen\u00ed to jednoduch\u00e1 z\u00e1le\u017eitost. My jsme \u0159ekli, \u017ee ekonomicky je pro n\u00e1s z pohledu odborn\u00edk\u016f nev\u00fdhodn\u00e9 samoz\u0159ejm\u011b to Olomouck\u00e1 krajsk\u00e1 servisn\u00ed spole\u010dnost odpadov\u00e1, proto\u017ee finan\u010dn\u011b i t\u00edm, u\u017e jsem to tak\u00e9 zmi\u0148oval, \u017ee jestli dojde k tomu, \u017ee budou p\u011bt l\u00e1hav\u00e9 z\u00e1lohovan\u00e9 a mo\u017en\u00e1 i t\u011bln\u00edkov\u00e9 obaly, tak je to velice slo\u017eit\u00e1 situace, co se t\u00fdk\u00e1 ekonomiky, ta t\u0159edn\u00ed c\u00edl\u00ednka v Olomoucci. Tak\u017ee my hled\u00e1me tu cestu, co z odpady a nen\u00ed to jednoduch\u00e9 a my chceme postupovat opravdu, kdy\u017e zv\u00e1\u017e\u00edme v\u0161echny tyto okolnosti a zejm\u00e9na tedy ruku v ruce toho, \u017ee \u017eivotn\u00ed post\u0159edn\u00ed \u0159ekne, \u017ee tyto v\u011bci, kter\u00e9 se maj\u00ed realizovat, odpov\u011bdaj\u00ed standard\u016fm. Meorandum obsahuje mo\u017en\u00e9 kroky statut\u00e1rn\u00edho m\u011bsta Prost\u011bjovac zaji\u0161t\u011bn\u00ed nakl\u00e1d\u00e1n\u00ed z odpady po roce 2030, kdy vejde v platnost na \u0159\u00edzen\u00ed z\u00e1kona, kter\u00fdm bude mimo jin\u00e9 zak\u00e1z\u00e1no i skl\u00e1dkov\u00e1n\u00ed.","nbla_serie":"","nbla_season":"","nbla_episode":"","nbla_duration":"168.72","nbla_genre":"","nbla_editorial_format":"","nbla_mtime":"1698155568","nbla_url":"https:\/\/origin.a11.cz\/vod\/2zrhsfeya21rr23fqnbot06rv.mp4","nbla_version":"1698155567","nbla_odvysilano":"Ano","bunny_id":"50578ba5-d088-4496-9c27-f7b218ef63d1","youtube_id":"","datum_vydani":"20231024","stopaz":"168.72","dokument":[],"video_to":["12802"]},"_links":{"self":[{"href":"https:\/\/tv.a11.cz\/api\/wp\/v2\/video\/12764","targetHints":{"allow":["GET"]}}],"collection":[{"href":"https:\/\/tv.a11.cz\/api\/wp\/v2\/video"}],"about":[{"href":"https:\/\/tv.a11.cz\/api\/wp\/v2\/types\/video"}],"author":[{"embeddable":true,"href":"https:\/\/tv.a11.cz\/api\/wp\/v2\/users\/8"}],"wp:featuredmedia":[{"embeddable":true,"href":"https:\/\/tv.a11.cz\/api\/wp\/v2\/media\/12801"}],"wp:attachment":[{"href":"https:\/\/tv.a11.cz\/api\/wp\/v2\/media?parent=12764"}],"wp:term":[{"taxonomy":"category","embeddable":true,"href":"https:\/\/tv.a11.cz\/api\/wp\/v2\/categories?post=12764"},{"taxonomy":"porad","embeddable":true,"href":"https:\/\/tv.a11.cz\/api\/wp\/v2\/porad?post=12764"},{"taxonomy":"region","embeddable":true,"href":"https:\/\/tv.a11.cz\/api\/wp\/v2\/region?post=12764"},{"taxonomy":"kategorie","embeddable":true,"href":"https:\/\/tv.a11.cz\/api\/wp\/v2\/kategorie?post=12764"}],"curies":[{"name":"wp","href":"https:\/\/api.w.org\/{rel}","templated":true}]}}