{"id":12763,"date":"2023-10-24T16:10:48","date_gmt":"2023-10-24T14:10:48","guid":{"rendered":"https:\/\/tv.a11.cz\/?post_type=video&#038;p=12763"},"modified":"2023-10-25T16:11:14","modified_gmt":"2023-10-25T14:11:14","slug":"festival-kudrmannovy-lovosice-zakoncil-houslista-pavel-sporcl","status":"publish","type":"video","link":"https:\/\/tv.a11.cz\/video\/festival-kudrmannovy-lovosice-zakoncil-houslista-pavel-sporcl\/","title":{"rendered":"Festival Kudrmannovy Lovosice zakon\u010dil houslista Pavel \u0160porcl"},"content":{"rendered":"","protected":false},"excerpt":{"rendered":"<p>Leto\u0161n\u00ed rok se zapsal do d\u011bjin lovosick\u00e9 kultury. \u00dasp\u011b\u0161n\u011b toti\u017e za\u010dal festival hudby s n\u00e1zvem Kudrmannovy Lovosice. Prvn\u00ed ro\u010dn\u00edk m\u011bl jedin\u00fd \u00fakol, a to \u0159\u00e1dn\u011b oslavit 110. v\u00fdro\u010d\u00ed varhan v kostele sv. V\u00e1clava.<\/p>\n","protected":false},"author":8,"featured_media":12806,"template":"","categories":[17,169,21,157],"porad":[],"region":[93,63],"kategorie":[],"class_list":["post-12763","video","type-video","status-publish","has-post-thumbnail","hentry","category-domaci","category-hudba","category-kultura","category-zpravy","region-litomericko","region-ustecky-kraj"],"acf":[],"meta_box":{"nbla_idec":"N2303324","nbla_title":"Festival Kudrmannovy Lovosice zakon\u010dil houslista Pavel \u0160porcl","nbla_subtitle":"","nbla_summary":"","nbla_description":"","nbla_transcription":"Leto\u0161n\u00ed rok se zapsal do d\u011bjin lovosick\u00e9 kultury, \u00fasp\u011b\u0161n\u011b toti\u017e za\u010dal festival hudby s n\u00e1zvem Kudrmanovi lovosice. Prvn\u00ed ro\u010dn\u00edk m\u011bl jedin\u00fd \u00fakol, \u0159\u00e1dn\u011b oslavit 110. v\u00fdro\u010d\u00ed Varhan v kostele sv. B\u00e1clava a d\u016fstojn\u011b p\u0159ipomenout \u010dtvrtstolet\u00ed partnersk\u00e9 spolupr\u00e1ce m\u011bsta Lovosice se Sask\u00fdm Kosvigem. Z\u00e1v\u011bre\u010dn\u00fd koncert byl v re\u017eii Varha\u0148ka Vojt\u011bcha Nov\u00e1ka a h\u016fslov\u00e9ho virtu\u00f3za Pavla \u0160porcla. Ve\u010der byl n\u011bkolik t\u00fddn\u016f p\u0159edem beznad\u011bjn\u011b vyprodan\u00fd. J\u00e1 miluji Varhany jako kr\u00e1lovsk\u00fd n\u00e1stroj a m\u00e1m kone\u010dn\u011b p\u0159\u00edle\u017eitost si po\u0159\u00e1dn\u011b s Varhany i zahr\u00e1t a tak\u00e9 si je poslechnout na k\u016fru a je to \u00fapln\u011b jin\u00e1 zku\u0161enost ne\u017e hr\u00e1t v uvozovk\u00e1ch v norm\u00e1ln\u00ed koncertn\u00ed s\u00edni, tak\u017ee j\u00e1 jsem byl opravdu velmi r\u00e1d za to pozv\u00e1n\u00ed a za dne\u0161n\u00ed koncert. Hr\u00e1lo se mi moc kr\u00e1sn\u011b. Prost\u0159ed\u00ed tohoto kostela je velmi inspirativn\u00ed a lid\u00e9 byly b\u00e1je\u010dn\u00ed a velmi v\u0159el\u00ed a n\u00e1dhern\u011b poslouchali. To v\u017edycky je zn\u00e1mka nejenom jaksi hlavn\u011b kulturnosti m\u00edstn\u00edch obyvatel, tak\u017ee gratuluju a mysl\u00edm, \u017ee koncert byl kr\u00e1sn\u00fd i z na\u0161eho hlediska. Jsme r\u00e1di, \u017ee jsme m\u011bli s panem Vojt\u011bchem Nov\u00e1kem takov\u00fd velk\u00fd potlesk. Hr\u00e1lo se mi moc kr\u00e1sn\u011b. Prost\u0159ed\u00ed tohoto kostela je velmi inspirativn\u00ed a lid\u00e9 byly b\u00e1je\u010dn\u00ed a velmi v\u0159eli a n\u00e1dhern\u011b poslouchali. Tak\u017ee gratuluju a mysl\u00edm, \u017ee koncert byl kr\u00e1sn\u00fd i z na\u0161eho hlediska. Hr\u00e1lo se mi moc kr\u00e1sn\u011b. Prost\u0159ed\u00ed tohoto kostela je velmi inspirativn\u00ed a lid\u00e9 byly b\u00e1je\u010dn\u00ed a velmi v\u0159eli a n\u00e1dhern\u011b poslouchali. Hele, pochop\u00edm smetanovalit a my\u0161l, pochop\u00edm d\u00edr\u00e1zk\u016fv Hronov a konec konc\u016f pochop\u00edm i cimrman\u016fv Lipt\u00e1kov, ale Kudrmanovi Lovo sice to mi nejde do hlavy. Tak\u017ee p\u0159ece jenom tak nakonec to tak dopadlo a nel\u00edtuju tohle. Jsem vd\u011b\u010dnej za to, \u017ee i v\u0161echno dob\u0159e dopadlo. Vlastn\u011b festival Kudrmanovi Lovo sice u\u017e je minulost\u00ed te\u010fka, v tenhle moment a tak jako jsem spokojen\u00fd s t\u00edm, jako nav\u0161t\u011bvnost a lidi byli p\u0159\u00edjemn\u00fd, bezvadn\u00fd a fajn. Nejznam\u011bj\u0161\u00ed muzikant z Lovosic, kter\u00fd hr\u00e1l ve v\u0161ech \u0161pi\u010dkov\u00fdch orchestrech je pr\u00e1v\u011b Ji\u0159\u00ed Kudrman a tak jsme m\u011bli radost z toho, \u017ee jsme mohli pomenovat je\u0161t\u011b po\u017eij\u00edc\u00edm hudebn\u00edkovi, kter\u00fd vlastn\u011b ten dne\u0161n\u00ed koncert s\u00e1m osobn\u011b zah\u00e1jil a na tom prvn\u00edm osobn\u011b hr\u00e1l, tak\u017ee to je takov\u00e9 skv\u011bl\u00e9. Je skv\u011bl\u00fd muzikant, skv\u011bl\u00fd p\u0159\u00edtel a skv\u011bl\u00fd takov\u00fd spole\u010dn\u00edk, tak\u017ee to je radost po takov\u00e9m \u010dlov\u011bku festival pomenovat. Festival Kudrmanovi Lovo sice bude ur\u010dit\u011b pokra\u010dovat a to v obdobn\u00e9m form\u00e1tu t\u0159\u00ed nebo \u010dty\u0159 koncert\u016f jedenkr\u00e1t do roka. Cht\u011bli bychom v tom n\u011bjak t\u00edmto zp\u016fsobem pokra\u010dovat a samoz\u0159ejm\u011b prvn\u00ed ro\u010dn\u00edk je v\u017edycky takov\u00fd tro\u0161ku zku\u0161evn\u00ed a te\u010f u\u017e m\u00e1me dobr\u00e9 zku\u0161enosti, tak\u017ee mysl\u00edm, \u017ee m\u016f\u017eeme pokra\u010dovat v dal\u0161\u00edch ro\u010dnic\u00edch a t\u011b\u0161\u00edm se na div\u00e1ky i v p\u0159\u00ed\u0161t\u00edm roce. Jedna z d\u016fle\u017eit\u00fdch v\u011bc\u00ed, kter\u00e9 se mus\u00edme dr\u017eet, je to, \u017ee to jsou koncerty v kostele, to znamen\u00e1, \u017ee mus\u00ed b\u00fdt v takov\u00e9 ro\u010dn\u00ed dob\u011b, aby tam nebyla zima, proto\u017ee to ty poslucha\u010di jak si potom rozptiluje, tak\u017ee to bude n\u011bkdy na podzim. Festival Kudrmanovi Lovo sice uspo\u0159\u00e1dal Centrum kultury Lovo\u0161 ve spolupr\u00e1ci s lovosickou \u0159\u00edmskokatolickou farnost\u00ed s lovosick\u00fdm rod\u00e1kem, hudebn\u00edkem a skladatelem Pavelem Hrube\u0161em. Festival prob\u011bhl pod z\u00e1\u0161titou starosty m\u011bsta Lovosice Vojt\u011bcha Krej\u010d\u00edho.","nbla_serie":"","nbla_season":"","nbla_episode":"","nbla_duration":"231.88","nbla_genre":"","nbla_editorial_format":"","nbla_mtime":"1698155064","nbla_url":"https:\/\/origin.a11.cz\/vod\/3mgozxnn4ataj79htdjt58kfa.mp4","nbla_version":"1698155054","nbla_odvysilano":"Ano","bunny_id":"55b81a06-677a-4ace-b54b-ad0983a9a9f8","youtube_id":"","datum_vydani":"20231024","stopaz":"231.88","dokument":[],"video_to":["12807"]},"_links":{"self":[{"href":"https:\/\/tv.a11.cz\/api\/wp\/v2\/video\/12763","targetHints":{"allow":["GET"]}}],"collection":[{"href":"https:\/\/tv.a11.cz\/api\/wp\/v2\/video"}],"about":[{"href":"https:\/\/tv.a11.cz\/api\/wp\/v2\/types\/video"}],"author":[{"embeddable":true,"href":"https:\/\/tv.a11.cz\/api\/wp\/v2\/users\/8"}],"wp:featuredmedia":[{"embeddable":true,"href":"https:\/\/tv.a11.cz\/api\/wp\/v2\/media\/12806"}],"wp:attachment":[{"href":"https:\/\/tv.a11.cz\/api\/wp\/v2\/media?parent=12763"}],"wp:term":[{"taxonomy":"category","embeddable":true,"href":"https:\/\/tv.a11.cz\/api\/wp\/v2\/categories?post=12763"},{"taxonomy":"porad","embeddable":true,"href":"https:\/\/tv.a11.cz\/api\/wp\/v2\/porad?post=12763"},{"taxonomy":"region","embeddable":true,"href":"https:\/\/tv.a11.cz\/api\/wp\/v2\/region?post=12763"},{"taxonomy":"kategorie","embeddable":true,"href":"https:\/\/tv.a11.cz\/api\/wp\/v2\/kategorie?post=12763"}],"curies":[{"name":"wp","href":"https:\/\/api.w.org\/{rel}","templated":true}]}}