{"id":12762,"date":"2023-10-24T16:09:44","date_gmt":"2023-10-24T14:09:44","guid":{"rendered":"https:\/\/tv.a11.cz\/?post_type=video&#038;p=12762"},"modified":"2023-10-25T16:17:26","modified_gmt":"2023-10-25T14:17:26","slug":"co-nasli-archeologove-na-miste-budouci-dalnice","status":"publish","type":"video","link":"https:\/\/tv.a11.cz\/video\/co-nasli-archeologove-na-miste-budouci-dalnice\/","title":{"rendered":"Co na\u0161li archeologov\u00e9 na m\u00edst\u011b budouc\u00ed d\u00e1lnice?"},"content":{"rendered":"","protected":false},"excerpt":{"rendered":"<p>Zat\u00edm jsou v\u0161ude kolem jen pole, ale zhruba za t\u0159i roky tudy budou svi\u0161t\u011bt auta. Je\u0161t\u011b p\u0159edt\u00edm, ne\u017e stavba z\u00e1padn\u00edho obchvatu Olomouce za\u010dne, prozkoumali ter\u00e9n archeologov\u00e9 a byli \u00fasp\u011b\u0161n\u00ed. <\/p>\n","protected":false},"author":8,"featured_media":12812,"template":"","categories":[17,159,157],"porad":[],"region":[106,59],"kategorie":[],"class_list":["post-12762","video","type-video","status-publish","has-post-thumbnail","hentry","category-domaci","category-stavebnictvi","category-zpravy","region-olomoucko","region-olomoucky-kraj"],"acf":[],"meta_box":{"nbla_idec":"N2306427","nbla_title":"Co na\u0161li archeologov\u00e9 na m\u00edst\u011b budouc\u00ed d\u00e1lnice?","nbla_subtitle":"","nbla_summary":"","nbla_description":"","nbla_transcription":"Zat\u00edm jsou v\u0161ude kolem jen l\u00e1ny pole, ale zhruba za t\u0159i roky tudy mezi Slavon\u00ednem a K\u0159elovem budou sv\u00fd\u0161t\u011bt auta. Je\u0161t\u011b p\u0159edt\u00edm, ne\u017e stavba z\u00e1padn\u00edho obchvatu Olomouce v\u016fbec za\u010dne, proskoumali ter\u00e9n archeologov\u00e9 a byli \u00fasp\u011b\u0161n\u00ed. Objevili velk\u00e9 poh\u0159ebi\u0161t\u011b, celkem 20 hrob\u016f hned ze t\u0159\u00ed r\u016fzn\u00fdch historick\u00fdch epoch. Dev\u011bt z pozdn\u00ed doby kamen\u00e9, sedm \u017e\u00e1rov\u00fdch z obdob\u00ed p\u0159\u00edchodu Kelt\u016f a \u010dty\u0159i kostrov\u00e9 z dev\u00e1t\u00e9ho stolet\u00ed, kdy se datuje Velkomoravsk\u00e1 \u0159\u00ed\u0161e. V\u0161ech t\u011bch t\u0159ech obdob\u00edch, kter\u00e9 tady m\u00e1me, si vyb\u00edrali takov\u00e9 v\u00fdrazn\u00e9 dominanty, kter\u00e9 byly v ter\u00e9nu dob\u0159e vid\u011bt. Je to hlavn\u011b asi v\u00fdznamn\u00e9 kv\u016fli tomu m\u00edstu, n\u011bjak\u00e9 takov\u00e9 t\u00e9 pam\u011bti krajiny, kter\u00e1 u\u017e tady musela existovat v tom prav\u011bku. Tohle je vlastn\u011b ta nejzaj\u00edmav\u011bj\u0161\u00ed situace, co se tady nach\u00e1z\u00ed, ten \u010detvrcov\u00fd hrob uprost\u0159ed, to je velk\u00fd komorov\u00fd hrob z t\u00e9 pozdn\u00ed doby kamen\u00e9, kter\u00fd je obklopen\u00fd t\u00edm kulat\u00fdm \u017el\u00e1bkem, kter\u00fd se pravd\u011bpodobn\u011b nach\u00e1zel kolem mohyly, kter\u00e1 byla nad t\u00edm bohat\u00fdm komorov\u00fdm hrobem. Kostry v\u00fdjimut\u00e9 z hrobu u\u017e zkoumaj\u00ed antropologov\u00e9. U t\u011blesn\u00fdch poz\u016fstatk\u016f se na\u0161ly i p\u0159edm\u011bty. Z t\u00e9 pozdn\u00ed doby kamen\u00e9 v t\u011bch hrobech v\u017edycky bylo n\u011bkolik n\u00e1dob keramick\u00fdch, prus, kamenn\u00e9 sekerky. Zaj\u00edmav\u00e9 jsou je\u0161t\u011b ty kelck\u00e9 hroby, kter\u00e9 byly \u017e\u00e1rov\u00e9, tak\u017ee ty mrtv\u00fd byly sp\u00e1len\u00ed a m\u011bly u sebe, to jsou tak\u00e9 tam vid\u011bt, bronzov\u00e9 opasky, bronzov\u00e9 n\u00e1ramky i velk\u00e9 takov\u00e9 \u017eelezn\u00e9 spony ke sp\u00edn\u00e1n\u00ed od\u011bv\u016f. A to je n\u00e1doba z toho velkomoravsk\u00e9ho hrobu, to je typick\u00e1 pro to obdob\u00ed. Krom\u011b archeolog\u016f se po skr\u00fdvce Ornice pod\u00edvali do zem\u011b i pyrotechnici. Nen\u00ed divu. V t\u00e9to \u010d\u00e1sti Olomouce se na sam\u00e9m sklonku druh\u00e9 sv\u011btov\u00e9 v\u00e1lky v kv\u011btnu 1945 odehr\u00e1valy urputn\u00e9 boje. Bylo tady pou\u017eit\u00fd d\u011blost\u0159electvo, ale nena\u0161li jsme \u017e\u00e1dn\u00fd poz\u016fstatek v podob\u011b nevybuchl\u00fd munice. Na\u0161li jsme pouze st\u0159epiny. A\u017e skon\u010d\u00ed svou pr\u00e1ci i archeologov\u00e9 u\u017e nic nebude br\u00e1nit stavb\u011b posledn\u00ed t\u0159\u00ed kilometrov\u00e9 \u010d\u00e1sti obchvatu Olomouce. Bude m\u00edt \u010dty\u0159i mosty a jednu protihlukovou st\u011bnu. Pro transitn\u00ed dopravu je mimo\u0159\u00e1dn\u011b d\u016fle\u017eit\u00e1. Jednak samoz\u0159ejm\u011b nav\u00e1\u017ee na ten ji\u017en\u00ed d\u00e1le\u010dn\u00ed obchvat Olomouce, z\u00e1rove\u0148 p\u0159ipoj\u00ed kapacitn\u011b, transitn\u011b ve\u0161kerou dopravu na ji\u017e st\u00e1vej\u00edc\u00ed stopu D35, ale hlavn\u011b tady na t\u00e9 \u010d\u00e1sti Olomouce odstran\u00ed ten dopravn\u011b problematick\u00fd \u00fazel toho velk\u00e9ho kruh\u00e1\u010de. Stav\u011bt se za\u010dne na ja\u0159e p\u0159\u00ed\u0161t\u00edho roku. Zprovozn\u011bn\u00ed nov\u00e9ho obchvatu je pl\u00e1novan\u00e9 na rok 2026.","nbla_serie":"","nbla_season":"","nbla_episode":"","nbla_duration":"157.56","nbla_genre":"","nbla_editorial_format":"","nbla_mtime":"1698155597","nbla_url":"https:\/\/origin.a11.cz\/vod\/880dbzia3ov3nzug7yhnbgctd.mp4","nbla_version":"1698155597","nbla_odvysilano":"Ano","bunny_id":"9e166f4d-5505-48be-aaf6-52f97de27b10","youtube_id":"","datum_vydani":"20231024","stopaz":"157.56","dokument":[],"video_to":["12813"]},"_links":{"self":[{"href":"https:\/\/tv.a11.cz\/api\/wp\/v2\/video\/12762","targetHints":{"allow":["GET"]}}],"collection":[{"href":"https:\/\/tv.a11.cz\/api\/wp\/v2\/video"}],"about":[{"href":"https:\/\/tv.a11.cz\/api\/wp\/v2\/types\/video"}],"author":[{"embeddable":true,"href":"https:\/\/tv.a11.cz\/api\/wp\/v2\/users\/8"}],"wp:featuredmedia":[{"embeddable":true,"href":"https:\/\/tv.a11.cz\/api\/wp\/v2\/media\/12812"}],"wp:attachment":[{"href":"https:\/\/tv.a11.cz\/api\/wp\/v2\/media?parent=12762"}],"wp:term":[{"taxonomy":"category","embeddable":true,"href":"https:\/\/tv.a11.cz\/api\/wp\/v2\/categories?post=12762"},{"taxonomy":"porad","embeddable":true,"href":"https:\/\/tv.a11.cz\/api\/wp\/v2\/porad?post=12762"},{"taxonomy":"region","embeddable":true,"href":"https:\/\/tv.a11.cz\/api\/wp\/v2\/region?post=12762"},{"taxonomy":"kategorie","embeddable":true,"href":"https:\/\/tv.a11.cz\/api\/wp\/v2\/kategorie?post=12762"}],"curies":[{"name":"wp","href":"https:\/\/api.w.org\/{rel}","templated":true}]}}