{"id":12761,"date":"2023-10-24T16:08:35","date_gmt":"2023-10-24T14:08:35","guid":{"rendered":"https:\/\/tv.a11.cz\/?post_type=video&#038;p=12761"},"modified":"2023-10-25T21:18:34","modified_gmt":"2023-10-25T19:18:34","slug":"znovuoziveni-parku-u-roskotova-divadla-v-usti-nad-orlici-je-na-spadnuti","status":"publish","type":"video","link":"https:\/\/tv.a11.cz\/video\/znovuoziveni-parku-u-roskotova-divadla-v-usti-nad-orlici-je-na-spadnuti\/","title":{"rendered":"Znovuo\u017eiven\u00ed parku u Ro\u0161kotova divadla je na spadnut\u00ed"},"content":{"rendered":"","protected":false},"excerpt":{"rendered":"<p>Prom\u011bn\u011b parku Ro\u0161kotova divadla v \u00dast\u00ed nad Orlic\u00ed, kter\u00e9 je n\u00e1rodn\u00ed kulturn\u00ed pam\u00e1tkou, u\u017e nic nestoj\u00ed v cest\u011b. Podeps\u00e1na byla smlouva o d\u00edlo a p\u0159ed\u00e1no staveni\u0161t\u011b.<\/p>\n","protected":false},"author":8,"featured_media":12864,"template":"","categories":[17,159,157],"porad":[],"region":[104,60],"kategorie":[],"class_list":["post-12761","video","type-video","status-publish","has-post-thumbnail","hentry","category-domaci","category-stavebnictvi","category-zpravy","region-orlicko","region-pardubicky-kraj"],"acf":[],"meta_box":{"nbla_idec":"N2309197","nbla_title":"Znovuo\u017eiven\u00ed parku u Ro\u0161kotova divadla v \u00dast\u00ed nad Orlic\u00ed je na spadnut\u00ed","nbla_subtitle":"","nbla_summary":"","nbla_description":"","nbla_transcription":"Pro m\u011bn\u011b parku Ro\u0161kotov\u00e1 divadla v \u00dastina Dorlici, kter\u00e9 je N\u00e1rodn\u00ed kulturn\u00ed pam\u00e1tkou, u\u017e nic nestoj\u00ed v cest\u011b. Podeps\u00e1na byla smlouva o d\u00edlo a p\u0159ed\u00e1no staveni\u0161t\u011b. Ty vlastn\u00ed stavebn\u00ed pr\u00e1ce, kter\u00e9 budou prob\u00edhat leto\u0161n\u00edm roce, za\u010dnou fakticky a\u017e v listopadu. Souvis\u00ed to jednak s k\u00e1cen\u00edm d\u0159evin, kter\u00e9 tady maj\u00ed rozhodnut\u00ed a povolen\u00ed na k\u00e1cen\u00ed a pak to budou pr\u00e1ce demoli\u010dn\u00ed. Jsou to r\u016fzn\u00e9 polorozpadl\u00e9 z\u00edtky, r\u016fzn\u00e1 polorozpadl\u00e1 schodi\u0161t\u011b, star\u00e1 cestn\u00ed s\u00ed\u0165 a je tady \u010dern\u00e1 p\u0159\u00edstavba Ro\u0161kotovu divadlu, tak\u017ee tyto v\u0161echny konstrukce budou postupn\u011b odstra\u0148ov\u00e1ny. V budoucnu je nahrad\u00ed opraven\u00e9, v\u010detn\u011b nov\u00e9ho schodi\u0161t\u011b. Stavebn\u00ed ruch se naplno rozb\u011bhne od jara p\u0159\u00ed\u0161t\u00edho roku. V souvislosti s t\u00edm mus\u00edte po\u010d\u00edtat s dopravn\u00edm omezen\u00edm. Ur\u010dit\u011b se to dopravn\u00ed omezen\u00ed bude t\u00fdkat nap\u0159\u00edklad z\u00e1kazu parkov\u00e1n\u00ed v ulici Je\u0161kovi, mo\u017en\u00e1 \u010d\u00e1ste\u010dn\u011b i v ulici Husovi, proto\u017ee se mus\u00edme p\u0159izp\u016fsobit t\u011b\u017ek\u00e9 technice. Pr\u00e1ce se \u010d\u00e1ste\u010dn\u011b dotknou i samotn\u00e9ho divadla. Jedn\u00edm z takov\u00fdch drobn\u00fdch z\u00e1sah\u016f do Ro\u0161kotova divadla vznikne vstup vlastn\u011b z p\u0159\u00edzem\u00ed, kter\u00fd tam v sou\u010dasnosti nen\u00ed a na ten nav\u00e1\u017ee spevn\u011bn\u00e1 terasa. Provoz divadla by ale nem\u011bl b\u00fdt omezen. Financov\u00e1n\u00ed revitalizace parku je zaji\u0161t\u011bno z m\u011bstsk\u00e9 pokladny. Ta \u010d\u00e1stka, kter\u00e1 je vysout\u011b\u017een\u00e1, p\u0159edstavuje bezm\u00e1la 68 milion\u016f korun, v\u010detn\u011b DPH. V tuto chv\u00edli se ov\u0161em otev\u00edr\u00e1 dota\u010dn\u00ed titul v r\u00e1mci dotac\u00ed Evropsk\u00e9 unie. Radnice bude o dotaci usilovat. Park by po o\u017eiven\u00ed m\u011bli tvo\u0159it r\u016fzn\u00e9 n\u00e1vz\u00e1jem se prol\u00ednaj\u00edc\u00ed plochy. P\u0159ed Ro\u017ekotov\u00fdm divadlem vznikne nov\u00e1 n\u00e1stupn\u00ed odpo\u010dinkov\u00e1 plocha. Bude to takov\u00fd kapit\u00e1nsk\u00fd m\u016fstek, kter\u00fd umo\u017en\u00ed v\u00fdhled do parku na celou tu strukturu. D\u00e1le v tom sva\u017eit\u00e9m ter\u00e9nu vznikne amfite\u00e1tr. Pod amfite\u00e1trem najde sv\u00e9 m\u00edsto kryt\u00e9 p\u00f3dium a v parku dal\u0161\u00ed drobn\u00e9 objekty. Bude tady font\u00e1na, bude tady d\u011btsk\u00e9 h\u0159i\u0161t\u011b, bude tady kryt\u00e1 pergola, objekt, toalet a dal\u0161\u00ed prvky drobn\u00e9 architektury. S to kon\u010den\u00edm d\u00edla se zat\u00edm po\u010d\u00edt\u00e1 na ja\u0159e roku 2025. Term\u00edn, kter\u00fd stanov\u00ed smlova o d\u00edlo, je 25. duben 2025. Logicky ten term\u00edn tak\u00e9 bude z\u00e1viset od klimatick\u00fdch podm\u00ednek. Ta smlova mysl\u00ed na to, \u017ee ta stavba bude prob\u00edhat p\u0159es dva zimn\u00ed cykly. Na sv\u00e9 si p\u0159ijdou i milovn\u00edci zelen\u011b. Prob\u011bhnou rozs\u00e1hl\u00e9 sadov\u00e9 \u00fapravy, kter\u00e9 byly dlouze konzultov\u00e1ny jak s odborn\u00edky p\u0159es zelen\u011b, tak s N\u00e1rodn\u00edm pom\u00e1tkov\u00fdm \u00fastavem. Obyvatele m\u011bsta i p\u0159es poln\u00ed se tak mohou t\u011b\u0161it na m\u00edsto pro odpo\u010dinek a relaxaci.","nbla_serie":"","nbla_season":"","nbla_episode":"","nbla_duration":"180.56","nbla_genre":"","nbla_editorial_format":"","nbla_mtime":"1698155085","nbla_url":"https:\/\/origin.a11.cz\/vod\/ez1atwz8avaaayc4wj8fam8n6.mp4","nbla_version":"1698155085","nbla_odvysilano":"Ano","bunny_id":"4525b5ec-58c2-43fc-9b4b-bdd2cdd65454","youtube_id":"","datum_vydani":"20231024","stopaz":"180.56","dokument":[],"video_to":["12865"]},"_links":{"self":[{"href":"https:\/\/tv.a11.cz\/api\/wp\/v2\/video\/12761","targetHints":{"allow":["GET"]}}],"collection":[{"href":"https:\/\/tv.a11.cz\/api\/wp\/v2\/video"}],"about":[{"href":"https:\/\/tv.a11.cz\/api\/wp\/v2\/types\/video"}],"author":[{"embeddable":true,"href":"https:\/\/tv.a11.cz\/api\/wp\/v2\/users\/8"}],"wp:featuredmedia":[{"embeddable":true,"href":"https:\/\/tv.a11.cz\/api\/wp\/v2\/media\/12864"}],"wp:attachment":[{"href":"https:\/\/tv.a11.cz\/api\/wp\/v2\/media?parent=12761"}],"wp:term":[{"taxonomy":"category","embeddable":true,"href":"https:\/\/tv.a11.cz\/api\/wp\/v2\/categories?post=12761"},{"taxonomy":"porad","embeddable":true,"href":"https:\/\/tv.a11.cz\/api\/wp\/v2\/porad?post=12761"},{"taxonomy":"region","embeddable":true,"href":"https:\/\/tv.a11.cz\/api\/wp\/v2\/region?post=12761"},{"taxonomy":"kategorie","embeddable":true,"href":"https:\/\/tv.a11.cz\/api\/wp\/v2\/kategorie?post=12761"}],"curies":[{"name":"wp","href":"https:\/\/api.w.org\/{rel}","templated":true}]}}