{"id":12602,"date":"2023-10-23T14:44:44","date_gmt":"2023-10-23T12:44:44","guid":{"rendered":"https:\/\/tv.a11.cz\/?post_type=video&#038;p=12602"},"modified":"2023-10-23T21:48:14","modified_gmt":"2023-10-23T19:48:14","slug":"ve-zlinskem-kraji-zabodovala-vyroba-westernovych-sedel-a-obuvi","status":"publish","type":"video","link":"https:\/\/tv.a11.cz\/video\/ve-zlinskem-kraji-zabodovala-vyroba-westernovych-sedel-a-obuvi\/","title":{"rendered":"Ve Zl\u00ednsk\u00e9m kraji zabodovala v\u00fdroba westernov\u00fdch sedel a obuvi"},"content":{"rendered":"","protected":false},"excerpt":{"rendered":"<p>Na Zl\u00ednsku se takzvan\u00fd ba\u0165ovsk\u00fd duch nezap\u0159e. Spousta \u017eivnostn\u00edk\u016f a firem, kter\u00e9 tu za\u010d\u00ednaly od nuly, jsou te\u010f \u00fasp\u011b\u0161n\u00e9 a jejich v\u00fdrobky se prod\u00e1vaj\u00ed i do zahrani\u010d\u00ed. Osobn\u00edch p\u0159\u00edb\u011bh\u016f je tu mnoho. <\/p>\n","protected":false},"author":8,"featured_media":12658,"template":"","categories":[17,157],"porad":[],"region":[85,64],"kategorie":[],"class_list":["post-12602","video","type-video","status-publish","has-post-thumbnail","hentry","category-domaci","category-zpravy","region-zlinsko","region-zlinsky-kraj"],"acf":[],"meta_box":{"nbla_idec":"N2307578","nbla_title":"Ve Zl\u00ednsk\u00e9m kraji zabodovala v\u00fdroba westernov\u00fdch sedel a obuvi","nbla_subtitle":"","nbla_summary":"","nbla_description":"","nbla_transcription":"Na Zr\u00fdnsku se takzvan\u00fd ba\u0165ovsk\u00fd duch nezap\u0159e. Spousta \u017eivnostn\u00edk\u016f a firm, kter\u00e9 tu za\u010d\u00ednali od nuly, jsou te\u010f \u00fasp\u011b\u0161n\u00e9 a jejich v\u00fdrobky se prod\u00e1vaj\u00ed i do zahrani\u010d\u00ed. Osobn\u00edch p\u0159\u00edb\u011bh\u016f je tu mnoho. Pouze jeden v\u0161ak mohl b\u00fdt v leto\u0161n\u00edm no\u010dn\u00edku sout\u011b\u017ee o firmu a \u017eivnostn\u00edka roku v\u00edt\u011bzem. Ur\u010dit\u011b je d\u016fle\u017eit\u00e9, \u017ee kraj si p\u0159ipom\u00edn\u00e1 tyto v\u00fdznamn\u00e9 podnikatele, \u017eivnostn\u00edky nebo firmy. Vzal jsem na takovou sout\u011b\u017e\u00ed z\u00e1\u0161titu. Jde nap\u0159\u00ed\u010d republikou a m\u016f\u017eou tak porovnat s\u00edly s ostatn\u00edmi firmama z jin\u00fdch kraj\u016f. Co\u017e je pro n\u00e1s zase d\u016fle\u017eit\u00e9 srovn\u00e1n\u00ed, motivace a v\u011b\u0159\u00edm, \u017ee i inspirace pro v\u0161echny, kte\u0159\u00ed se toho z\u00fa\u010dastn\u00ed. \u017divnostn\u00edkem kraje se nakonec stal Tom\u00e1\u0161 Zajac, zab\u00fdvaj\u00edc\u00ed se v\u00fdrobou westernov\u00fdch sedel, tr\u00e9ninkem kon\u00ed a jezdc\u016f. Od konkurence se odli\u0161uje originalitou, \u017e\u00e1dn\u00fd v\u00fdrobek nekop\u00edruje. Ocen\u011bn\u00ed firma Roku si odnesl v\u00fdrobce kvalitn\u00ed ko\u017een\u00e9 obuvy Vasky Trade, kter\u00fd se sna\u017e\u00ed z\u00e1kazn\u00edky p\u0159im\u011bt, aby ocenili \u0161evcovsk\u00e9 \u0159emeslo, dop\u0159\u00e1li si kvalitn\u00ed obuv a podpo\u0159ili m\u00edstn\u00ed ekonomiku. Srdca\u0159em Roku se stala Renata Zezulkov\u00e1, kter\u00e1 vyr\u00e1b\u00ed v\u00fdb\u011brov\u00e9 d\u017eemy. Poch\u00e1z\u00edm z vesnice, m\u00e1me velkou zahradu a tam se ty marmelad\u011b d\u017eemy za\u010daly va\u0159it. No a kdy\u017e u\u017e z toho jsem m\u011bla plnou sp\u00ed\u0161, tak jsem za\u010dala obdarov\u00e1vat kamar\u00e1dy a ti to ob\u010das za\u010daly br\u00e1t i jako firmn\u00ed d\u00e1rky, tak\u017ee to tak n\u011bjak jako pomalu p\u0159e\u0161lo v podnik\u00e1n\u00ed. Jej\u00ed projekt Marmel Lady je o velk\u00e9 l\u00e1sce k va\u0159en\u00ed, \u00facti ke kr\u00e1sn\u00e9mu kraji B\u00edl\u00fdch Karpat a tradic\u00edm vala\u0161sk\u00fdch p\u0159edk\u016f. Dal\u0161\u00edm jej\u00edm c\u00edlem je tak\u00e9 kv\u011btinov\u00e1 farma. Ze sv\u00e9 zku\u0161enosti v\u00ed, \u017ee je d\u016fle\u017eit\u00e9 se neb\u00e1t a ze sv\u00fd vmysly si j\u00edt. O tom by mohly pov\u00eddat tak\u00e9 dal\u0161\u00ed ocen\u011bn\u00ed, kte\u0159\u00ed ve sv\u00e9m podnik\u00e1n\u00ed u\u0161li kus cesty.","nbla_serie":"","nbla_season":"","nbla_episode":"","nbla_duration":"107.48","nbla_genre":"","nbla_editorial_format":"","nbla_mtime":"1698064353","nbla_url":"https:\/\/origin.a11.cz\/vod\/bk8hvik2wim6mo9u6k4q51b6o.mp4","nbla_version":"1698064353","nbla_odvysilano":"Ano","bunny_id":"f2808f2c-d051-4004-b29e-007b870d7449","youtube_id":"","datum_vydani":"20231023","stopaz":"107.48","dokument":[],"video_to":["12659"]},"_links":{"self":[{"href":"https:\/\/tv.a11.cz\/api\/wp\/v2\/video\/12602","targetHints":{"allow":["GET"]}}],"collection":[{"href":"https:\/\/tv.a11.cz\/api\/wp\/v2\/video"}],"about":[{"href":"https:\/\/tv.a11.cz\/api\/wp\/v2\/types\/video"}],"author":[{"embeddable":true,"href":"https:\/\/tv.a11.cz\/api\/wp\/v2\/users\/8"}],"wp:featuredmedia":[{"embeddable":true,"href":"https:\/\/tv.a11.cz\/api\/wp\/v2\/media\/12658"}],"wp:attachment":[{"href":"https:\/\/tv.a11.cz\/api\/wp\/v2\/media?parent=12602"}],"wp:term":[{"taxonomy":"category","embeddable":true,"href":"https:\/\/tv.a11.cz\/api\/wp\/v2\/categories?post=12602"},{"taxonomy":"porad","embeddable":true,"href":"https:\/\/tv.a11.cz\/api\/wp\/v2\/porad?post=12602"},{"taxonomy":"region","embeddable":true,"href":"https:\/\/tv.a11.cz\/api\/wp\/v2\/region?post=12602"},{"taxonomy":"kategorie","embeddable":true,"href":"https:\/\/tv.a11.cz\/api\/wp\/v2\/kategorie?post=12602"}],"curies":[{"name":"wp","href":"https:\/\/api.w.org\/{rel}","templated":true}]}}