{"id":12584,"date":"2023-10-23T14:26:46","date_gmt":"2023-10-23T12:26:46","guid":{"rendered":"https:\/\/tv.a11.cz\/?post_type=video&#038;p=12584"},"modified":"2023-10-23T19:47:44","modified_gmt":"2023-10-23T17:47:44","slug":"ceska-trebova-hostila-konferenci-ziva-krajina-pro-pardubicky-kraj","status":"publish","type":"video","link":"https:\/\/tv.a11.cz\/video\/ceska-trebova-hostila-konferenci-ziva-krajina-pro-pardubicky-kraj\/","title":{"rendered":"\u010cesk\u00e1 T\u0159ebov\u00e1 hostila konferenci &#8222;\u017div\u00e1 krajina pro Pardubick\u00fd kraj&#8220;"},"content":{"rendered":"","protected":false},"excerpt":{"rendered":"<p>V kulturn\u00edm s\u00e1le Skalka v \u010cesk\u00e9 T\u0159ebov\u00e9 se na konferenci \u017div\u00e1 krajina pro Pardubick\u00fd kraj se\u0161lo v\u00edce jak 50 \u00fa\u010dastn\u00edk\u016f. <\/p>\n","protected":false},"author":8,"featured_media":12629,"template":"","categories":[17,157],"porad":[],"region":[104,60],"kategorie":[],"class_list":["post-12584","video","type-video","status-publish","has-post-thumbnail","hentry","category-domaci","category-zpravy","region-orlicko","region-pardubicky-kraj"],"acf":[],"meta_box":{"nbla_idec":"N2309193","nbla_title":"\u010cesk\u00e1 T\u0159ebov\u00e1 hostila konferenci \"\u017div\u00e1 krajina pro Pardubick\u00fd kraj\"","nbla_subtitle":"","nbla_summary":"","nbla_description":"","nbla_transcription":"V kulturn\u00edm s\u00e1le Skalka v \u010cesk\u00e9 T\u0159ebov\u00e9 se na konferenci \u017div\u00e1 krajina pro pardubick\u00fd kraj se\u0161lo v\u00edce jak 50 \u00fa\u010dastn\u00edk\u016f. Je to t\u00e9ma, kter\u00e9 do budoucna bude zaj\u00edmat i hodn\u011b starost\u016f, proto\u017ee my samoz\u0159ejm\u011b jako samozpr\u00e1va \u0159\u00ed\u0161\u00edme spoustu projekt\u016f investi\u010dn\u00edch jako opravy budov, silnice, parkov\u00e1n\u00ed, ale na t\u00e9ma adaptace jak krajiny, tak m\u011bst na klimatickou zm\u011bnu se lehce zapom\u00edn\u00e1. Dorazil i r\u00e1dn\u00ed pardubick\u00e9ho kraje pro venkov, \u017eivotn\u00ed prost\u0159ed\u00ed a zem\u011bd\u011blstv\u00ed Miroslav Kr\u010dil. Region\u00e1ln\u00ed strategii adapta\u010dn\u00edch opat\u0159en\u00ed p\u0159edstavil za Institut enviroment\u00e1ln\u00edch v\u00fdzkumu a aplikac\u00ed Petr \u0160ilar. Spolek \u017div\u00e1 voda se zem\u011b\u0159il na adaptaci krajiny na klimatickou zm\u011bnu. Vody na planete je po\u0159\u00e1d stejn\u011b, to v\u00edme, ale skute\u010dn\u011b v n\u011bkter\u00fdch oblastech pr\u00e1v\u011b v bliv\u011b klimatick\u00fdch zm\u011bn ta voda ub\u00fdv\u00e1. A ub\u00fdv\u00e1 zejm\u00e9na proto, \u017ee za posledn\u00edch 20 let se zvy\u0161il odpar vody celkov\u00e9 z krajiny o 50%. Zadr\u017eet vodu v p\u016fd\u011b pom\u016f\u017ee t\u0159eba vzrostl\u00e1 tr\u00e1va. Krajina se mus\u00ed vlastn\u011b rozd\u011blit t\u0159eba ter\u00e9nn\u00edma vlnama, r\u016fzn\u00fdma opat\u0159en\u00edma t\u0159eba i na toku, jako zdrsn\u011bl\u00fd balvanit\u00fd skluzy. Na konferenci zav\u00edtali i z\u00e1stupci okoln\u00edch m\u011bst, nap\u0159\u00edklad \u00dast\u00ed nad Orlic\u00ed.","nbla_serie":"","nbla_season":"","nbla_episode":"","nbla_duration":"81.92","nbla_genre":"","nbla_editorial_format":"","nbla_mtime":"1698063366","nbla_url":"https:\/\/origin.a11.cz\/vod\/1257vrb8h76sytuabyezsik8r.mp4","nbla_version":"1698063366","nbla_odvysilano":"Ano","bunny_id":"28f14f5f-3cd8-4b1c-9fab-8dfa7c452394","youtube_id":"","datum_vydani":"20231023","stopaz":"81.92","dokument":[],"video_to":["12630"]},"_links":{"self":[{"href":"https:\/\/tv.a11.cz\/api\/wp\/v2\/video\/12584","targetHints":{"allow":["GET"]}}],"collection":[{"href":"https:\/\/tv.a11.cz\/api\/wp\/v2\/video"}],"about":[{"href":"https:\/\/tv.a11.cz\/api\/wp\/v2\/types\/video"}],"author":[{"embeddable":true,"href":"https:\/\/tv.a11.cz\/api\/wp\/v2\/users\/8"}],"wp:featuredmedia":[{"embeddable":true,"href":"https:\/\/tv.a11.cz\/api\/wp\/v2\/media\/12629"}],"wp:attachment":[{"href":"https:\/\/tv.a11.cz\/api\/wp\/v2\/media?parent=12584"}],"wp:term":[{"taxonomy":"category","embeddable":true,"href":"https:\/\/tv.a11.cz\/api\/wp\/v2\/categories?post=12584"},{"taxonomy":"porad","embeddable":true,"href":"https:\/\/tv.a11.cz\/api\/wp\/v2\/porad?post=12584"},{"taxonomy":"region","embeddable":true,"href":"https:\/\/tv.a11.cz\/api\/wp\/v2\/region?post=12584"},{"taxonomy":"kategorie","embeddable":true,"href":"https:\/\/tv.a11.cz\/api\/wp\/v2\/kategorie?post=12584"}],"curies":[{"name":"wp","href":"https:\/\/api.w.org\/{rel}","templated":true}]}}