{"id":12579,"date":"2023-10-23T14:17:53","date_gmt":"2023-10-23T12:17:53","guid":{"rendered":"https:\/\/tv.a11.cz\/?post_type=video&#038;p=12579"},"modified":"2023-10-24T14:29:01","modified_gmt":"2023-10-24T12:29:01","slug":"stredoevropska-rally-projede-strakonickym-okresem","status":"publish","type":"video","link":"https:\/\/tv.a11.cz\/video\/stredoevropska-rally-projede-strakonickym-okresem\/","title":{"rendered":"St\u0159edoevropsk\u00e1 rally projede strakonick\u00fdm okresem"},"content":{"rendered":"","protected":false},"excerpt":{"rendered":"<p>St\u0159edoevropsk\u00e1 rally, kter\u00e1 je sou\u010d\u00e1st\u00ed mistrovstv\u00ed sv\u011bta, projede i strakonick\u00fdm okresem a mo\u017en\u00e1 se pr\u00e1v\u011b tady rozhodne o leto\u0161n\u00edm mistrovsk\u00e9m titulu. V minul\u00e9m t\u00fddnu se na Strakonicku uskute\u010dnil test prvn\u00edch t\u00fdm\u016f.<\/p>\n","protected":false},"author":8,"featured_media":12720,"template":"","categories":[17,28,184,157],"porad":[],"region":[52,83],"kategorie":[],"class_list":["post-12579","video","type-video","status-publish","has-post-thumbnail","hentry","category-domaci","category-sport","category-z-regionu","category-zpravy","region-jihocesky-kraj","region-strakonicko"],"acf":[],"meta_box":{"nbla_idec":"N2313124","nbla_title":"St\u0159edoevropsk\u00e1 rally projede strakonick\u00fdm okresem","nbla_subtitle":"","nbla_summary":"","nbla_description":"","nbla_transcription":"St\u0159edoevropsk\u00e1 rally, kter\u00e1 je sou\u010d\u00e1st\u00ed mistrovstv\u00ed sv\u011bta, projede i strakonick\u00fdm okresem a mo\u017en\u00e1 se pr\u00e1v\u011b tady rozhodne o leto\u0161n\u00edm mistrovsk\u00e9m titulu. V minul\u00e9m t\u00fddnu se na Strakonicku uskute\u010dnil test t\u00fdm\u016f Toyota Gazoo Racing. V okol\u00ed Me\u010dichova a dal\u0161\u00edch obc\u00ed se ve speci\u00e1lech Toyota Yaris Rally 1 proh\u00e1n\u011bli Elfin Evans, S\u00e9bastien Ogier, Kalle Rovanpera a Takamoto Katsuta. V r\u00e1mci testu se p\u0159ipravovali na prvn\u00ed ro\u010dn\u00edk St\u0159edevropsk\u00e9 rally, kter\u00e1 se z jedn\u00e9 t\u0159etiny odjede i na na\u0161em \u00fazem\u00ed. Pro n\u00e1s na takov\u00e9m testu p\u0159ed z\u00e1vorem, jako je t\u0159eba ten dne\u0161n\u00ed, jsou nejd\u016fle\u017eit\u011bj\u0161\u00ed dv\u011b v\u011bci. Je to nastaven\u00ed na tu samotnou sout\u011b\u017e a druh\u00e1 v\u011bc je zkou\u0161en\u00ed nov\u00fdch v\u011bc\u00ed. Samoz\u0159ejm\u011b to auto se vyv\u00edj\u00ed, m\u00e1me ur\u010dit\u00e9 technick\u00e9 probl\u00e9my p\u0159edchoz\u00edch rally, m\u00e1me n\u011bjak\u00e9 n\u00e1pady, jak to auto ud\u011blat rychlej\u0161\u00ed, tak\u017ee to je jedna v\u011bc. A ta druh\u00e1 v\u011bc je nastaven\u00ed. Tak\u017ee se sna\u017e\u00edme naj\u00edt to optim\u00e1ln\u00ed pro ty m\u00edstn\u00ed specifick\u00e9 plo\u0161ky. Na test pou\u017e\u00edv\u00e1me jen jedno auto. Mezi jednotliv\u00fdmi dny se to auto p\u0159edstav\u00ed na jin\u00e9ho pilota. M\u011bn\u00ed se seda\u010dka, m\u011bn\u00ed se nastaven\u00ed volantu, ale m\u011bn\u00ed se i t\u0159eba nastaven\u00ed toho auta, proto\u017ee ka\u017ed\u00fd pilot za\u010d\u00edn\u00e1 s tro\u0161ku jin\u00fdm nastaven\u00edm. N\u011bkter\u00e9 v\u011bci samoz\u0159ejm\u011b p\u0159ebereme z toho p\u0159edchoz\u00edhodn\u00e9, tak\u017ee kdy\u017e se dneska n\u011bco Lelfinovi bude hodn\u011b l\u00edbit nebo extr\u00e9mn\u011b l\u00edbit, tak z\u00edtra to ur\u010dit\u011b vyzkou\u0161\u00edme i ze sebem. Neznamen\u00e1 to, \u017ee potom na rally pojedou v\u0161ichni se stejn\u00fdm nastaven\u00edm. Bude to ur\u010dit\u011b individualizovan\u00e9 a pro ka\u017ed\u00e9ho tro\u0161ku sed\u00ed n\u011bco jin\u00e9ho, tak se taky budou podobn\u00e9. St\u00e1v\u00e1 se opravdu m\u00e1lo, \u017ee piloti si vyberou n\u011bjak\u00e9 nastaven\u00ed, kter\u00e9 je \u00fapln\u011b jin\u00fdm sm\u011brem ne\u017e ten druh\u00fd. Akce, kter\u00e1 bude pro motoristick\u00e9 fanou\u0161ky velk\u00fdm sv\u00e1tkem, potrv\u00e1 od 26. do 29. \u0159\u00edjna a krom\u011b na\u0161eho \u00fazem\u00ed projede i \u010d\u00e1sti N\u011bmecka a Rakouska. Rychlostn\u00ed testy, kter\u00e9 vedou i p\u0159es Strakonicko, jsou napl\u00e1novan\u00e9 na p\u00e1tek 27. \u0159\u00edjna. V\u00edce informac\u00ed o sout\u011b\u017ei, kde se dost mo\u017en\u00e1 rozhodne o leto\u0161n\u00ed mistru sv\u011bta, naleznete na webov\u00fdch str\u00e1nk\u00e1ch rally.","nbla_serie":"","nbla_season":"","nbla_episode":"","nbla_duration":"177.52","nbla_genre":"","nbla_editorial_format":"","nbla_mtime":"1698062635","nbla_url":"https:\/\/origin.a11.cz\/vod\/akr03kud6rhkm3p8zk4ulkfqy.mp4","nbla_version":"1698062635","nbla_odvysilano":"Ano","bunny_id":"ef682789-a811-4bd4-bf34-1bd934c93ff0","youtube_id":"","datum_vydani":"20231023","stopaz":"177.52","dokument":[],"video_to":["12722"]},"_links":{"self":[{"href":"https:\/\/tv.a11.cz\/api\/wp\/v2\/video\/12579","targetHints":{"allow":["GET"]}}],"collection":[{"href":"https:\/\/tv.a11.cz\/api\/wp\/v2\/video"}],"about":[{"href":"https:\/\/tv.a11.cz\/api\/wp\/v2\/types\/video"}],"author":[{"embeddable":true,"href":"https:\/\/tv.a11.cz\/api\/wp\/v2\/users\/8"}],"wp:featuredmedia":[{"embeddable":true,"href":"https:\/\/tv.a11.cz\/api\/wp\/v2\/media\/12720"}],"wp:attachment":[{"href":"https:\/\/tv.a11.cz\/api\/wp\/v2\/media?parent=12579"}],"wp:term":[{"taxonomy":"category","embeddable":true,"href":"https:\/\/tv.a11.cz\/api\/wp\/v2\/categories?post=12579"},{"taxonomy":"porad","embeddable":true,"href":"https:\/\/tv.a11.cz\/api\/wp\/v2\/porad?post=12579"},{"taxonomy":"region","embeddable":true,"href":"https:\/\/tv.a11.cz\/api\/wp\/v2\/region?post=12579"},{"taxonomy":"kategorie","embeddable":true,"href":"https:\/\/tv.a11.cz\/api\/wp\/v2\/kategorie?post=12579"}],"curies":[{"name":"wp","href":"https:\/\/api.w.org\/{rel}","templated":true}]}}