{"id":12578,"date":"2023-10-23T14:16:43","date_gmt":"2023-10-23T12:16:43","guid":{"rendered":"https:\/\/tv.a11.cz\/?post_type=video&#038;p=12578"},"modified":"2023-10-23T16:59:46","modified_gmt":"2023-10-23T14:59:46","slug":"tradicni-drakiada-letos-temer-bez-vetru-ale-s-rekordni-ucasti","status":"publish","type":"video","link":"https:\/\/tv.a11.cz\/video\/tradicni-drakiada-letos-temer-bez-vetru-ale-s-rekordni-ucasti\/","title":{"rendered":"Tradi\u010dn\u00ed draki\u00e1da letos t\u00e9m\u011b\u0159 bez v\u011btru, ale s rekordn\u00ed \u00fa\u010dast\u00ed"},"content":{"rendered":"","protected":false},"excerpt":{"rendered":"<p>A\u010dkoliv se m\u016f\u017ee zd\u00e1t, \u017ee pou\u0161t\u011bn\u00ed drak\u016f u\u017e vy\u0161lo z m\u00f3dy, opak je pravdou. Dokazuje to T\u0159ebenick\u00e1 z\u00e1kladn\u00ed \u0161kola, kter\u00e1 pro d\u011bti ka\u017ed\u00fd rok po\u0159\u00e1d\u00e1 draki\u00e1du. Letos se konala v p\u00e1tek 13. \u0159\u00edjna a prob\u011bhla za kr\u00e1sn\u00e9ho podzimn\u00edho po\u010das\u00ed.<\/p>\n","protected":false},"author":8,"featured_media":12621,"template":"","categories":[17,157],"porad":[],"region":[93,63],"kategorie":[],"class_list":["post-12578","video","type-video","status-publish","has-post-thumbnail","hentry","category-domaci","category-zpravy","region-litomericko","region-ustecky-kraj"],"acf":[],"meta_box":{"nbla_idec":"N2303321","nbla_title":"Tradi\u010dn\u00ed draki\u00e1da letos t\u00e9m\u011b\u0159 bez v\u011btru, ale s rekordn\u00ed \u00fa\u010dast\u00ed","nbla_subtitle":"","nbla_summary":"","nbla_description":"","nbla_transcription":"A\u010dkoliv se m\u016f\u017ee zd\u00e1t, \u017ee pou\u0161t\u011bn\u00ed drak\u016f u\u017e vy\u0161lo z m\u00f3dy, opak je pravdou. Dokazuje to T\u0159ebenick\u00e1 z\u00e1kladn\u00ed \u0161kola, kter\u00e1 pro d\u011bti ka\u017ed\u00fd rok po\u0159\u00e1d\u00e1 draky j\u00e1du. Letos se konala v p\u00e1tek 13. \u0159\u00edjna a prob\u011bhla za kr\u00e1sn\u00e9ho podzimn\u00edho po\u010das\u00ed. Cel\u00e9 odpoledne bylo nav\u00edc sout\u011b\u017en\u00ed. P\u0159inesen\u00e9 draky hodnotila odborn\u00e1 porota, kter\u00e1 to ani letos nem\u011bla snadn\u00e9. Letos hojn\u00e1 \u00fa\u010dast, bylo p\u0159es 80 d\u011bt\u00ed, tak\u017ee jako po\u010das\u00ed n\u00e1m p\u0159\u00e1lo, sice nemoc v\u00edtr, ale jinak v pohod\u011b. Sout\u011b\u017e\u00ed se ve t\u0159ech kategori\u00edch. Drak kupovan\u00fd, to znamen\u00e1, \u017ee se m\u011b\u0159\u00ed d\u00e9lka letu. Potom sout\u011b\u017e\u00edme ve dvou kategori\u00edch vyr\u00e1b\u011bc\u00edch, to znamen\u00e1 vyr\u00e1b\u011bn\u00ed draka z p\u0159\u00edrodn\u00edch materi\u00e1l\u016f a vyr\u00e1b\u011bn\u00ed draka z libovoln\u00fdch materi\u00e1l\u016f. V\u016fbec poprv\u00e9 se na draky j\u00e1d\u011b objevil krabicov\u00fd drak, co\u017e porota samoz\u0159ejm\u011b ocenila. Do jeho v\u00fdroby se toti\u017e zapojila cel\u00e1 rodina. To vymyslel ta\u010dka, j\u00e1 a br\u00e1che jsme st\u0159\u00edhali, t\u00e1ta d\u00e1val tam tyty\u010dky a s\u00e1tou jsme to pak nabarvili. Nejdel\u0161\u00ed let sv\u00e9mu drakovi zajistil sportovec Richard \u0160tul\u00ed\u0159, kter\u00fd se rozhodl nespol\u00e9hat na vrtkav\u00fd v\u00edtr a po h\u0159i\u0161ti nep\u0159etr\u017eit\u011b b\u011bhal. Nakonec d\u00edky tomu zv\u00edt\u011bzil, proto\u017ee jeho drak se ve vzduchu udr\u017eel 12 minut a 25 vte\u0159in. J\u00e1 jsem si \u0159ekl, \u017ee prost\u011b to ob\u011bhnu a furt jsem se p\u0159ekon\u00e1val, utichol, \u017ee jsem t\u0159eba u\u017e po prvn\u00edch p\u011bti kolech, to se mnou trochu cukalo, ale \u0159ekl jsem si, tak kdy\u017e u\u017e tady jsem, tak bych to p\u0159ece mohl p\u0159ekonat. J\u00e1 hraju florbal a jsem zvykl\u00fd b\u011bhat, tak\u017ee jsem si myslel, \u017ee to dneska ob\u011bh\u00e1m a dopadlo to dob\u0159e. Proto\u017ee se uk\u00e1zalo, \u017ee vybrat nejkr\u00e1sn\u011bj\u0161\u00edho draka je t\u00e9m\u011b\u0159 nemo\u017en\u00e9, cenu si z odpoledne nakonec odnesly \u00fapln\u011b v\u0161echny d\u011bti. Ty draci, co budou, ty l\u00edtac\u00ed, kde se m\u011b\u0159\u00ed \u010das, tak tam se to d\u00e1 m\u011b\u0159it, tak\u017ee tam vyhodnot\u00edme prvn\u00ed t\u0159i m\u00edsta, ale u t\u011bch, kte\u0159\u00ed si s t\u00edm dali tak velkou pr\u00e1ci, tak si mysl\u00edm, \u017ee je to ohodnocen\u00ed na m\u00edst\u011b, tak\u017ee ka\u017ed\u00fd dostal n\u011bjakou kr\u00e1snou cenu. Cht\u011bla bych pod\u011bkovat samoz\u0159ejm\u011b nejen d\u011btem, co p\u0159i\u0161li, rodi\u010d\u016fm, co jim pom\u00e1hali, ale i kolegin\u00edm a pan\u00ed u\u010ditelk\u00e1m, co n\u00e1m pom\u00e1hali p\u0159i organizaci. Dal\u0161\u00ed akce pro d\u011bti se v St\u0159ebenic\u00edch kon\u00e1 u\u017e tuto ned\u011bli, 22. \u0159\u00edjna a tentokr\u00e1t je v re\u017eii sportovn\u00ed komise. Ve sportovn\u00edm are\u00e1lu se od 9 hodin pojedou cyklistick\u00e9 z\u00e1vody pro z\u00e1vodn\u00edky do 15 let.","nbla_serie":"","nbla_season":"","nbla_episode":"","nbla_duration":"144.32","nbla_genre":"","nbla_editorial_format":"","nbla_mtime":"1698062980","nbla_url":"https:\/\/origin.a11.cz\/vod\/30qhscybwmsm8a58pziednd7l.mp4","nbla_version":"1698062980","nbla_odvysilano":"Ano","bunny_id":"7b667de5-7f26-495a-98a4-086b5a535f9d","youtube_id":"","datum_vydani":"20231023","stopaz":"144.32","dokument":[],"video_to":["12622"]},"_links":{"self":[{"href":"https:\/\/tv.a11.cz\/api\/wp\/v2\/video\/12578","targetHints":{"allow":["GET"]}}],"collection":[{"href":"https:\/\/tv.a11.cz\/api\/wp\/v2\/video"}],"about":[{"href":"https:\/\/tv.a11.cz\/api\/wp\/v2\/types\/video"}],"author":[{"embeddable":true,"href":"https:\/\/tv.a11.cz\/api\/wp\/v2\/users\/8"}],"wp:featuredmedia":[{"embeddable":true,"href":"https:\/\/tv.a11.cz\/api\/wp\/v2\/media\/12621"}],"wp:attachment":[{"href":"https:\/\/tv.a11.cz\/api\/wp\/v2\/media?parent=12578"}],"wp:term":[{"taxonomy":"category","embeddable":true,"href":"https:\/\/tv.a11.cz\/api\/wp\/v2\/categories?post=12578"},{"taxonomy":"porad","embeddable":true,"href":"https:\/\/tv.a11.cz\/api\/wp\/v2\/porad?post=12578"},{"taxonomy":"region","embeddable":true,"href":"https:\/\/tv.a11.cz\/api\/wp\/v2\/region?post=12578"},{"taxonomy":"kategorie","embeddable":true,"href":"https:\/\/tv.a11.cz\/api\/wp\/v2\/kategorie?post=12578"}],"curies":[{"name":"wp","href":"https:\/\/api.w.org\/{rel}","templated":true}]}}