{"id":12571,"date":"2023-10-23T14:03:41","date_gmt":"2023-10-23T12:03:41","guid":{"rendered":"https:\/\/tv.a11.cz\/?post_type=video&#038;p=12571"},"modified":"2023-10-24T15:08:08","modified_gmt":"2023-10-24T13:08:08","slug":"festivalu-sons-se-zucastnilo-vice-nez-200-zrakove-postizenych","status":"publish","type":"video","link":"https:\/\/tv.a11.cz\/video\/festivalu-sons-se-zucastnilo-vice-nez-200-zrakove-postizenych\/","title":{"rendered":"Festivalu SONS se z\u00fa\u010dastnilo v\u00edce ne\u017e 200 zrakov\u011b posti\u017een\u00fdch"},"content":{"rendered":"","protected":false},"excerpt":{"rendered":"<p>P\u011bveck\u00fd sbor Masarykova gymn\u00e1zia Vset\u00edn s nevidomou s\u00f3listkou V\u011brkou Strba\u010dkovou slavnostn\u011b zah\u00e1jil 30. ro\u010dn\u00edk festivalu TifloArt 2023.<\/p>\n","protected":false},"author":8,"featured_media":12736,"template":"","categories":[17,157],"porad":[],"region":[],"kategorie":[],"class_list":["post-12571","video","type-video","status-publish","has-post-thumbnail","hentry","category-domaci","category-zpravy"],"acf":[],"meta_box":{"nbla_idec":"N2310276","nbla_title":"Festivalu SONS se z\u00fa\u010dastnilo v\u00edce ne\u017e 200 zrakov\u011b posti\u017een\u00fdch","nbla_subtitle":"","nbla_summary":"","nbla_description":"","nbla_transcription":"P\u011bversk\u00fd sbor Masarykov\u00e1 gymn\u00e1zia v Setin s nevidomou solistkou V\u011brkou Strba\u010dkovou slavnostn\u011b zah\u00e1jil 30. ro\u010dn\u00edk festivalu TifloArt 2023 P\u0159ehl\u00eddky z\u00e1jmov\u00e9 \u010dinnosti zrakov\u011b posti\u017een\u00fdch um\u011blc\u016f. Hudba \u00da\u010dastn\u00edky, kte\u0159\u00ed se na dvoudenn\u00ed setk\u00e1n\u00ed sjeli do Setina z cel\u00e9 republiky, pozdravil prezident Sjednocen\u00e9 organizace nevidom\u00fdch a slabozrak\u00fdch Lubo\u0161 Zaj\u00edc. Pro n\u00e1s je to jednak p\u0159\u00edle\u017eitost k setk\u00e1n\u00ed, jednak p\u0159\u00edle\u017eitost k tomu poslechnout si nebo si prohl\u00e9dnout, \u010d\u00edm se kdo zab\u00fdv\u00e1, co d\u011bl\u00e1 kdo nov\u00e9ho, je to stra\u0161n\u011b mil\u00e1 p\u0159\u00edle\u017eitost b\u00fdt spolu. Festival TifloArt se ve Setin\u011b konal ji\u017e po p\u00e1t\u00e9 v\u0159ad\u011b, p\u0159ipomenul m\u00edsto starosta m\u011bsta Ji\u0159\u00ed R\u016f\u017ei\u010dka. Cht\u011bl bych v\u00e1m pop\u0159\u00e1t, aby se v\u00e1m tady l\u00edbilo, d\u011bkuji tak\u00e9 organiz\u00e1tor\u016fm za to, \u017ee jste to uspo\u0159\u00e1dali, proto\u017ee je to obrovsk\u00fd kus pr\u00e1ce. Organiz\u00e1torem v\u0161ech p\u011bti ro\u010dn\u00edk\u016f je odbo\u010dka Sonsk v Setin. Za t\u00e1 l\u00e9ta trv\u00e1n\u00ed se festival posunul do dal\u0161\u00edch oblast\u00ed, kdy v zrakov\u011b posti\u017een\u00ed amat\u00e9r\u0161t\u00ed um\u011blci mohou p\u0159edstavit sv\u00e1 d\u00edla, sv\u00e9 um\u011bn\u00ed. Letos tady m\u00e1me velmi mnoho v\u00fdtvarn\u00fdch, rukod\u011bln\u00fdch prac\u00ed, za kter\u00e9 jsme velmi r\u00e1di, proto\u017ee p\u0159ece jenom rukod\u011bln\u00e1 \u010dinnost je pro osoby s t\u011b\u017ekou zrakovou vadou velmi d\u016fle\u017eitou sou\u010d\u00e1st\u00ed \u017eivota. Na hlavn\u00ed p\u0159ehl\u00eddku v p\u00e1tek dnes je p\u0159ihl\u00e1\u0161eno 190 \u00fa\u010dastn\u00edk\u016f a na p\u0159ehl\u00eddku v sobotu je p\u0159ihl\u00e1\u0161eno 126 \u00fa\u010dastn\u00edk\u016f. Po oba dny prob\u00edhala v p\u0159eds\u00e1li Kulturn\u00edho domu prodejn\u00ed v\u00fdstava v\u00fdtvarn\u00fdch prac\u00ed zrakov\u011b posti\u017een\u00fdch lid\u00ed. My jsme p\u0159ijeli z Brna a jsme z Kiflosenkra Brno. Kiflosenkrom Brno je poskytov\u00e1 kr\u00e1l soci\u00e1ln\u00edch slu\u017eeb pro nevydom\u00e9 v Jomoravsk\u00e9m kraji. A tady jsme p\u0159ijeli proto, abychom uk\u00e1zali v\u00fdrobky, kter\u00e9 nevydom\u00ed lid\u00e9 vyr\u00e1b\u00ed. Mezi hosti festivalu byly i z\u00e1stupci partnersk\u00e9 organizace ze Slovenska. Mn\u011b se velmi p\u00e1\u010d\u00ed, \u017ee je tu velmi vela druhou umen\u00ed zastupen\u00e9ho. Je tu velmi pestr\u00fd hudobn\u00fd \u017e\u00e1ner. A\u017e se tu v\u017edy d\u00e1 naj\u00edt n\u011bco tak\u00e9 zauj\u00edmav\u00e9, tak\u00e9 rukolapn\u00e9. Je tu velmi pestr\u00e1 paleta v\u00fdrobk\u016f, kter\u00e9 rob\u00ed lid\u00e9 s zr\u00e1kov\u00fdm post\u00ednut\u00edm a je to pro n\u00e1s velmi inspirat\u00edvn\u00e9. Nakoliko se mi tro\u0161ku zr\u00e1k zhor\u0161uje, tak se orientujem t\u00e9 problematiky zr\u00e1kovo postihnut\u00fdch, jak\u00e9 jsou mo\u017enosti prekon\u00e1vat bari\u00e9ry a spozn\u00e1vat druh\u00fdch lid\u00ed, kte\u0159\u00ed maj\u00ed podobn\u00e9 tr\u00e1pen\u00ed. Ve dvoudenn\u00edm programu se na p\u00f3diu st\u0159\u00eddala \u010detba prozy, recitace, zazn\u011bly zvukov\u00e9 nahr\u00e1vky hlas\u016f pt\u00e1k\u016f Jana P\u0159iborsk\u00e9ho. Nevidom\u00fd zdenek Jane\u010dek zasp\u00edval p\u00edsn\u011b ze zn\u00e1m\u00fdch muzik\u00e1l\u016f. Vystoupila hudebn\u011b skupina Radost. Kdy\u017e na tebe \u010dek\u00e1, kdy\u017e na hlav\u011b n\u00e1hradky p\u0159ij\u00edh\u00e1. Leto\u0161n\u00edm ro\u010dn\u00edkem se festival TifloArt se v Setinem lou\u010d\u00ed. My te\u010f tenhle festival p\u0159esuneme do jin\u00e9ho kouta \u010cesk\u00e9 republiky, abychom z\u00edskali jin\u00e9 obecenstvo, jin\u00e9 podm\u011bty a taky jin\u00e9 zdroje. Z\u00e1v\u011bde\u010dn\u00fd slavnostn\u00ed ve\u010der zpest\u0159ila cymb\u00e1lov\u00e1 muzika Jasenka. Hudba A jak jinak se rozlou\u010dit, ne\u017e spole\u010dnou p\u00edsni\u010dkou. Hudba","nbla_serie":"","nbla_season":"","nbla_episode":"","nbla_duration":"289.64","nbla_genre":"","nbla_editorial_format":"","nbla_mtime":"1698062389","nbla_url":"https:\/\/origin.a11.cz\/vod\/cbrpktyzkgektbw0gs6ubsdsc.mp4","nbla_version":"1698062389","nbla_odvysilano":"Ano","bunny_id":"d301af51-b697-4bc3-bcb0-dad36aa5af23","youtube_id":"","datum_vydani":"20231023","stopaz":"289.64","dokument":[],"video_to":["12737"]},"_links":{"self":[{"href":"https:\/\/tv.a11.cz\/api\/wp\/v2\/video\/12571","targetHints":{"allow":["GET"]}}],"collection":[{"href":"https:\/\/tv.a11.cz\/api\/wp\/v2\/video"}],"about":[{"href":"https:\/\/tv.a11.cz\/api\/wp\/v2\/types\/video"}],"author":[{"embeddable":true,"href":"https:\/\/tv.a11.cz\/api\/wp\/v2\/users\/8"}],"wp:featuredmedia":[{"embeddable":true,"href":"https:\/\/tv.a11.cz\/api\/wp\/v2\/media\/12736"}],"wp:attachment":[{"href":"https:\/\/tv.a11.cz\/api\/wp\/v2\/media?parent=12571"}],"wp:term":[{"taxonomy":"category","embeddable":true,"href":"https:\/\/tv.a11.cz\/api\/wp\/v2\/categories?post=12571"},{"taxonomy":"porad","embeddable":true,"href":"https:\/\/tv.a11.cz\/api\/wp\/v2\/porad?post=12571"},{"taxonomy":"region","embeddable":true,"href":"https:\/\/tv.a11.cz\/api\/wp\/v2\/region?post=12571"},{"taxonomy":"kategorie","embeddable":true,"href":"https:\/\/tv.a11.cz\/api\/wp\/v2\/kategorie?post=12571"}],"curies":[{"name":"wp","href":"https:\/\/api.w.org\/{rel}","templated":true}]}}