{"id":12508,"date":"2023-10-17T17:49:09","date_gmt":"2023-10-17T15:49:09","guid":{"rendered":"https:\/\/tv.a11.cz\/?post_type=video&#038;p=12508"},"modified":"2023-10-23T09:30:42","modified_gmt":"2023-10-23T07:30:42","slug":"dobry-vecer-s-a11-17-10-2023-3-cast","status":"publish","type":"video","link":"https:\/\/tv.a11.cz\/video\/dobry-vecer-s-a11-17-10-2023-3-cast\/","title":{"rendered":"Dobr\u00fd ve\u010der s A11 17.10.2023 &#8211; 3.\u010d\u00e1st"},"content":{"rendered":"","protected":false},"excerpt":{"rendered":"<p>My pokra\u010dujeme v na\u0161em pov\u00edd\u00e1n\u00ed o potravinov\u00e9 bance. Jak se do takov\u00e9 banky sb\u00edr\u00e1? Kdo p\u0159isp\u00edv\u00e1? A pak tak\u00e9 p\u0159iv\u00edt\u00e1me dal\u0161\u00edho hosta.<\/p>\n","protected":false},"author":8,"featured_media":12541,"template":"","categories":[],"porad":[245],"region":[],"kategorie":[],"class_list":["post-12508","video","type-video","status-publish","has-post-thumbnail","hentry","porad-dobry-vecer-s-a11"],"acf":[],"meta_box":{"nbla_idec":"A2390022C","nbla_title":"Dobr\u00fd ve\u010der s A11","nbla_subtitle":"17.10.2023 - 3.\u010d\u00e1st","nbla_summary":"","nbla_description":"","nbla_transcription":"Po lehk\u00e9m \u017eertov\u00e1n\u00ed Zuzany Bub\u00edlkov\u00e9 na politick\u00e1 t\u00e9mata jsme zp\u00e1tky u toho t\u00e9matu opravdu v\u00e1\u017en\u00e9ho a tou je chudoba v \u010cesk\u00e9 republice a jsme u na\u0161eho hosta pan\u00ed dou\u0161ov\u00e9. Vy jste \u0159editelka Pra\u017esk\u00e9 potravinov\u00e9 banky a potravinov\u00e1 banka Praha a sv\u011bto\u010desk\u00fd kraj, jestli \u0159\u00edk\u00e1m ten n\u00e1zev spr\u00e1vn\u011b cel\u00fd, douf\u00e1m, douf\u00e1m, douf\u00e1m. My jsme na\u010dali, odkud, z jak\u00fdch vrstev se rekrutuj\u00ed va\u0161i klienti. Vy jste se zm\u00ednila i o tom, jak\u00fd mno\u017estv\u00ed p\u0159es kolik organizac\u00ed vy pom\u00e1h\u00e1te potravinami, kter\u00e9 sb\u00edr\u00e1te do sv\u00e9 banky. J\u00e1 bych m\u011bl ale jin\u00fd dotaz a to je tro\u0161ku technick\u00e9ho r\u00e1zu. Pokud se jedn\u00e1 o trvanliv\u00e9 potraviny, jako jsou t\u0159eba lu\u0161t\u011bniny, r\u00fd\u017ee, to si dok\u00e1\u017eu p\u0159edstavit, ale vy jist\u011b disponujete i potravinami, kter\u00e9 jsou tro\u0161ku, \u0159ekn\u011bme, rychlej\u0161\u00ed spot\u0159eby a mohou se kazit, co\u017e m\u016f\u017ee b\u00fdt od pe\u010diva, u kter\u00e9ho je\u0161t\u011b, jak\u017e tak, by to asi \u0161lo, ale ovoce, zelenina. Pracujete tedy i s takov\u00fdmto druh\u00e9m potravin? Tak je to \u00fapln\u011b obr\u00e1cen\u011b. My pracujeme p\u0159ev\u00e1\u017en\u011b s t\u00edmto druh\u00e9m potravin, proto\u017ee podle v\u00fdzkumu v cel\u00e9 Evropsk\u00e9 unii a tak\u00e9 v \u010cech\u00e1ch se nejv\u00edc spl\u00fdtov\u00e1 pe\u010divem, ovocem a zeleninou. A to jsou komodity, kter\u00e9 my vlastn\u011b z 90% p\u0159ev\u00e1\u017e\u00edme ka\u017ed\u00fd den ze v\u0161ech \u0159et\u011bzc\u016f jako neprodan\u00e9. A to, co jste jmenoval, to jsou trvanliv\u00e9 potraviny a to je n\u00e1\u0161 velk\u00fd probl\u00e9m. My je nem\u00e1me. Nikdy je nedost\u00e1v\u00e1me od t\u011bch \u0159et\u011bzc\u016f, proto\u017ee oni se nech kaz\u00ed. Jestli je r\u00fd\u017ee nebo \u010do\u010dka pro\u0161la m\u011bs\u00edc, to v\u016fbec nevad\u00ed tomu, aby se mohla prod\u00e1vat. Tak\u017ee ta jed\u00e1la je prodejn\u00e1, ona se nekaz\u00ed, nem\u011bn\u00ed se jej\u00ed n\u011bjak\u00e1 v\u00fd\u017eivn\u00e1 hodnota, slo\u017een\u00ed, nic. Tak\u017ee my tyhle ty potraviny trvanliv\u00e9, kter\u00e9 pot\u0159ebujeme tak\u00e9 pro na\u0161e chude, z\u00edsk\u00e1v\u00e1me vlastn\u011b dvakr\u00e1t ro\u010dn\u011b potravinovou sb\u00edrkou, kter\u00e1 vlastn\u011b se bl\u00ed\u017e\u00ed 11. listopadu. Bude zase podzimn\u00ed sb\u00edrka. Oni jsou \u010dty\u0159i do roka, ne dv\u011b. Dv\u011b, jenom dv\u011b, j\u00e1 jsem myslela, ka\u017ed\u00e9 ro\u010dn\u00ed obdob\u00ed. Ne, ne, jarn\u00ed a podzimn\u00ed. Tak\u017ee douf\u00e1me, \u017ee... Tro\u0161ku jste m\u011b zasko\u010dila t\u00edm, \u017ee... J\u00e1 sice ch\u00e1pu, \u017ee v\u00fd\u017eivov\u00fd hodnoty a \u017ee p\u0159\u00edmo nejde o potravinu zka\u017eenou, ale s pro\u0161l\u00fdm datem z\u00e1ruky nebo datem ur\u010den\u00fdm ke spot\u0159eb\u011b. Jak to, \u017ee jsou d\u00e1l prodejn\u00e9? Jako v akc\u00edch? N\u011bkter\u00e9 na\u0161e \u0159et\u011bzce to d\u00e1vaj\u00ed v akc\u00edch, ale t\u0159eba v N\u011bmecku u\u017e se \u00fapln\u011b upustilo od toho d\u00e1vat to samostatn\u011b, proto\u017ee z hlediska hygieny a veterin\u00e1rn\u00ed n\u011bjak\u00e9 t\u00e9... z toho hlediska jsou kvalitn\u00ed st\u00e1le. T\u0159eba je\u0161t\u011b rok. Jo, takhle. Tak j\u00e1 jsem myslel, \u017ee \u0159et\u011bzce maj\u00ed zapovinnost to d\u00e1t jako zbo\u017e\u00ed do akce a upozornit na to, \u017ee se jedn\u00e1 o zbo\u017e\u00ed, kter\u00e9mu bu\u010f to projde, ta doba expirace, anebo u\u017e se... jsou pr\u00e1v\u011b po t\u00e9 expira\u010dn\u00ed dob\u011b. No, trvandiv\u00e9 potraviny se po expira\u010dn\u00ed dob\u011b mohou prod\u00e1vat, prod\u00e1vaj\u00ed se ve slev\u00e1ch. A je to pravda, \u017ee v r\u00e1mci boje proti pl\u00fdtv\u00e1n\u00ed j\u00eddlem Evropsk\u00e1 unie p\u0159ed asi dv\u011bma lety na\u0159\u00eddila v\u0161em st\u00e1t\u016fm Evropsk\u00e9 unie, aby nau\u010dili spot\u0159ebitel nepl\u00fdtvat a rozezn\u00e1vat spot\u0159ebujte do a minim\u00e1ln\u00ed dobu spot\u0159eby. Proto\u017ee minim\u00e1ln\u00ed doba spot\u0159eby, to je u t\u011bch trvandiv\u00fdch potravin neznamen\u00e1, \u017ee t\u00edm datem ta potravina je \u0161patn\u00e1. A kdy\u017e se te\u010fka vr\u00e1t\u00edme k t\u00e9 podzimn\u00ed sb\u00edrce potravin. Vy jste \u0159\u00edkala datum. 11.11. Je to sobota. A op\u011bt v Praze, v r\u016fzn\u00fdch t\u011bch \u0159et\u011bzc\u00edch a po st\u0159edo\u010desk\u00e9m kraji. Je to po cel\u00e9 republice. Je p\u0159\u00edmo po cel\u00e9 republice. A j\u00e1 douf\u00e1m, \u017ee bude ta sb\u00edrka dobr\u00e1, proto\u017ee ona n\u00e1m pom\u016f\u017ee t\u011bm lidem, kter\u00fdm d\u00e1v\u00e1me potraviny, zpest\u0159it tro\u0161ku to slo\u017een\u00ed. Ty trvandliv\u00e9 potraviny pot\u0159ebuj\u00ed a my je nem\u00e1me. Tak\u017ee p\u0159ev\u00e1\u017en\u011b vlastn\u011b chcete od t\u011bch lid\u00ed, aby vyb\u00edrali ty r\u00fd\u017ee, t\u011bstoviny a vlastn\u011b ty trvandliv\u00e9 potraviny, aby m\u011bly n\u011bjakou dobu. Vlastn\u011b jste m\u011bli na tom sklad\u011b va\u0161em. Ano. J\u00e1 bych se zeptal je\u0161t\u011b na jednu v\u011bc. J\u00e1 samoz\u0159ejm\u011b v\u00edm o t\u011bchto potravinov\u00fdch sb\u00edrk\u00e1ch. Ale j\u00e1 jsem se toti\u017e, m\u011b vlastn\u011b hrozn\u011b p\u0159ekvapilo, \u017ee mluv\u00edme o potravinov\u00e9 bance Praha a st\u0159edo\u010desk\u00fd kraj. Proto\u017ee j\u00e1 jsem se domn\u00edval, \u017ee jste jedna organizace, kter\u00e1 pokr\u00fdv\u00e1 celou republiku. To znamen\u00e1, \u017ee je v\u00e1s v\u00edc t\u011bch bank nasob\u011b nez\u00e1visl\u00fdch. Nicm\u00e9n\u011b svoje \u00fasil\u00ed n\u011bjak\u00fdm zp\u016fsobem jako koordinujete. Ano, v \u010cesk\u00e9 republice je 15 potravinov\u00fdch bank a dohromady v\u0161ichni jsme spojeni pod federac\u00ed, \u010ceskou federac\u00ed potravinov\u00fdch bank, kter\u00e1 je takovou jako administrativn\u00ed, takovou spojkou na\u0161\u00ed. My jsme samostatn\u00e9 spolky, ka\u017ed\u00fd m\u00e1me sv\u00e9 i\u010do, ale sou\u010dasn\u011b jsme \u010dleny \u010cesk\u00e9 federace, kter\u00e1 n\u00e1m pom\u00e1h\u00e1 t\u0159eba ve vztahu ke st\u00e1tu nebo ve vztahu k zahrani\u010dn\u00edm potravinov\u00fdm bank\u00e1m. A je\u0161t\u011b se vr\u00e1t\u00edme k t\u00e9 sb\u00edrce. Je sou\u010d\u00e1st\u00ed t\u00e9 potravinov\u00e9 banky t\u0159eba drogerie, drogistick\u00e9 v\u00fdrobky? Ano, ur\u010dit\u011b. N\u011bjak\u00e1 banka, ale stejn\u011b, jak dost\u00e1v\u00e1me, tak i vyd\u00e1v\u00e1me, sice v omezen\u00e9 mno\u017estv\u00ed, ale d\u011btsk\u00e9 pot\u0159eby, pl\u00e9ny, hlhk\u00e9 \u00fabrousky, \u0161ampony, kr\u00e9my, ty z\u00e1kladn\u00ed hygienick\u00e9 a prac\u00ed prost\u0159edky ur\u010dit\u011b pot\u0159ebujeme, proto\u017ee to pot\u0159ebuj\u00ed na\u0161i klienti. A j\u00e1 bych tro\u0161ku odbo\u010dila je\u0161t\u011b a cht\u011bla jsem se zeptat, jak jste se vlastn\u011b v\u016fbec dostala k t\u00e9 funkci pan\u00ed \u0159\u00edditelky Potravinov\u00e9 banky? No, j\u00e1 jsem nejd\u0159\u00edv byla zvolena p\u0159edsedou a to bylo trochu proto, proto\u017ee nejvy\u0161\u0161\u00ed org\u00e1n Potravinov\u00fdch bank je Valn\u00e1 hromada. A j\u00e1 jsem byla v t\u00e9 dob\u011b \u0159\u00edditelkou Olivovi nedace v \u0158\u00ed\u010danech a byla jsem \u010dlenem Valn\u00e9 hromady. No a p\u0159i t\u00e9 prvn\u00ed Valn\u00e9 hromad\u011b jsem m\u011bla takov\u00e9 kritick\u00e9 v\u00fdhrady k tomu syst\u00e9mu, vlastn\u011b k evidenci a takov\u00fdm v\u011bcem. A tak m\u011b oni zvolili vlastn\u011b do toho p\u0159edsednictva a posl\u00e9ze jako p\u0159edsedu. Ale to byla funkce neplacen\u00e1. J\u00e1 jsem to d\u011blala n\u011bkolik let dobrovolnickou formou. Teprve, kdy\u017e se poda\u0159ilo z\u00edskat n\u011bjak\u00e9 v\u011bt\u0161\u00ed pen\u00edze pro Potravinovou banku, pro ten provoz, tak teprve jsem je\u0161t\u011b se ujela funkce \u0159\u00edditele. Je to zaj\u00edmav\u00fd, jak jste zm\u00ednila teda ty probl\u00e9my, kter\u00e9 u vnit\u0159n\u00e9 organizace samoz\u0159ejm\u011b v\u017edycky vznikaj\u00ed. M\u011b toti\u017e napadla jedna v\u011bc. Kdy\u017e vy jste vlastn\u011b zdru\u017een\u00ed, je to n\u011bkolik nez\u00e1visl\u00fdch bank po cel\u00e9 republice. M\u00e1te mezi sebou t\u0159eba t\u0159eba i nevyhl\u00e1\u0161enou takovou sout\u011b\u017e, kdo vybere nejv\u00edc a rozd\u00e1 nejv\u00edc? No to by \u00fapln\u011b nebylo f\u00e9r. Samoz\u0159ejm\u011b my d\u011bl\u00e1me ka\u017edoro\u010dn\u011b statistiku, ka\u017ed\u00e9 \u010dtvrtlet\u00ed d\u00e1v\u00e1me raport, kolik jsme \u010deho vlastn\u011b uchr\u00e1nili. To jsou vlastn\u011b potraviny, kter\u00e9 by se jinak vyhodily. Ony by se zlikvidovaly, vlastn\u011b p\u0159i\u0161ly by na zmar a takhle jsou u\u017eite\u010dn\u00e9 pro lidi, kte\u0159\u00ed zase k tomu nemaj\u00ed jin\u00fd p\u0159\u00edstup, nemaj\u00ed pen\u00edze. Tak\u017ee to \u00fapln\u011b nen\u00ed f\u00e9r, proto\u017ee vlastn\u011b my jako Praha m\u00e1me nejv\u011bt\u0161\u00ed p\u0159\u00edle\u017eitosti, m\u00e1me nejv\u00edc obchod\u016f, nejbli\u017e\u0161\u00ed vlastn\u011b cestu takov\u00e9 banky, jako t\u0159eba Vysor\u010dina nebo Karlov\u00e9 Vary, aby sehnal n\u011bjak\u00e9 potraviny, tak mus\u00ed nejezdit des\u00edtky kilometr\u016f t\u011bch okresn\u00edch m\u011bste\u010dek a tak\u017ee nen\u00ed \u00fapln\u011b f\u00e9r tuhle sout\u011b\u017e vyhla\u0161ovat. J\u00e1 ch\u00e1pu, \u017ee to nen\u00ed \u00fapln\u011b f\u00e9r, nicm\u00e9n\u011b m\u011b napadlo, jestli tam vlastn\u011b n\u011bjak\u00e1 lehk\u00e1 \u0159evnivost. Nen\u00ed, nen\u00ed, naopak my spolupracujeme a m\u00e1me p\u0159i sebu moc hezk\u00e9 p\u0159\u00e1telsk\u00e9 vztahy, federace n\u00e1s v\u017edycky tak asi dvakr\u00e1t ro\u010dn\u011b svol\u00e1 na Valnou hromadu nebo takov\u00e9 akce a moc r\u00e1di se vid\u00edme, proto\u017ee mus\u00edm \u0159\u00edct, \u017ee co potravinov\u00e1 banka, tak je to v\u017edycky tro\u0161ku jako je je v n\u00ed otisknut\u00e1 charakteristika nebo jako ta osobnost toho \u0159\u00edtena nebo toho p\u0159edseda. Ka\u017ed\u00e1 je malinko jinak zam\u011b\u0159en\u00e1. Samoz\u0159ejm\u011b to spole\u010dn\u00e9 m\u00e1me v\u0161ichni, \u017ee p\u0159ij\u00edm\u00e1me a vyd\u00e1v\u00e1me potraviny, ale ka\u017ed\u00fd k tomu m\u00e1 je\u0161t\u011b n\u011bco nav\u00edc a to se mi pr\u00e1v\u011b moc l\u00edb\u00ed. To znamen\u00e1, \u017ee pokud bychom m\u011bli z tohoto m\u00edsta oslovit na\u0161e spolup\u010dany, tak bychom je asi poprosili ur\u010dit\u011b o ty trvanliv\u00e9 potraviny. M\u016f\u017eou si v\u00e1s naj\u00edt na webu, ur\u010dit\u011b n\u011bjak\u00e9 informace mohou o tom z\u00edskat 11. listopadu. Bude dal\u0161\u00ed velk\u00e1 potravinov\u00e1 sb\u00edrka. Ale vy jste \u0159\u00edkala, to jsou ty potraviny, kter\u00fd pot\u0159ebujete nejv\u00edc. Ale vy jste \u0159\u00edkala, \u017ee vlastn\u011b nejv\u011bt\u0161\u00ed penzum va\u0161\u00ed pr\u00e1ce je v t\u011bch potravin\u00e1ch, kter\u00e9 spodlehaj\u00ed rychl\u00e9 pot\u0159eb\u011b, nebo vzk\u00e1ze. Jak pracujete s nima? To je velmi jednoduch\u00e9. Ka\u017ed\u00fd den na\u0161i \u0159idi\u010di svezou do skladu potraviny, tak se zaividuj\u00ed, p\u0159eberou a hned ten den se vyd\u00e1vaj\u00ed. My ty potraviny, kter\u00e9 ten den p\u0159ivezeme, ten den i vyd\u00e1me. A vyd\u00e1v\u00e1te tedy v syrov\u00e9m stavu. Nebo, proto\u017ee j\u00e1 jsem n\u011bkde zaznamenal, \u017ee snad jsou n\u011bjak\u00e9 pokusy i z toho jako p\u0159ipravovat j\u00eddlo a d\u00e1vat j\u00eddlo. To je takov\u00e1 typick\u00e1 v\u011bc pro na\u0161i banku jenom, b\u011b\u017en\u011b se to tak ned\u011bl\u00e1. Vzniklo to p\u0159ed p\u00e1r lety ze dvou d\u016fr. My vlastn\u011b m\u00e1me svoji kuchy\u0148 a dokonce sv\u016fj soci\u00e1ln\u00ed podnik Plotna. A vzniklo to p\u016fvodn\u011b v dob\u011b p\u0159ed n\u011bkolika lety, kdy se uk\u00e1zalo, \u017ee vlastn\u011b klienti chod\u00ed naposled v p\u00e1tek v poledne a v p\u00e1tek od poledne u\u017e nep\u0159ijde nikdo a\u017e v pond\u011bl\u00ed. A my jsme zajednou vid\u011bli, \u017ee v p\u00e1tek, v poledne, v l\u00e9t\u011b dostaneme velk\u00e9 mno\u017estv\u00ed ovoce, zeleniny a co s t\u00edm. Na\u0161e t\u00e9ma na\u0161\u00ed banky je p\u0159edch\u00e1zet pl\u00edtv\u00e1n\u00ed. J\u00e1 neust\u00e1le d\u011bl\u00e1m p\u0159edn\u00e1\u0161ky, workshopy, semin\u00e1\u0159e, mezin\u00e1rodn\u00ed projekty, jak p\u0159edej\u00edt pl\u00edtv\u00e1n\u00ed j\u00eddlem. A te\u010f v na\u0161\u00ed bance by to j\u00eddlo se kazilo. To jsme nemohli p\u0159ipustit. Tak nejd\u0159\u00edv jsme, tak jako partiz\u00e1nsky, v\u0161ichni zam\u011bstnanci v p\u00e1tek, v poledne navl\u00e9kli z\u00e1st\u011bry a \u0161li jsme z toho, co zrovna p\u0159i\u0161lo, nebo ke\u010dupy, nebo marmel\u00e1dy, nebo kompoty, aby se to neskazilo, abychom to mohli v pond\u011bl\u00ed d\u00e1t klient\u016fm v n\u011bjak\u00e9m j\u00eddlem stavu. Tak\u017ee jsme si postupn\u011b za\u010dali kuchy\u0148, n\u011bjak jako dary a tak podobn\u011b, prost\u011b vybavovat. No a pak se uk\u00e1zalo, \u017ee i matky samo\u017eivitelky, kter\u00e9 k n\u00e1m chodili pro potraviny, p\u0159ed t\u011bmi p\u011bti lety, to bylo t\u011bch matek t\u0159eba tak t\u0159icet. To bylo, za\u010d\u00ednali jsme s t\u00edm. No a oni ty matky po\u0159\u00e1d cht\u011bli konzervy, \u010dipsy, sladkosti, ke\u010dup a zjistili jsme, \u017ee oni vlastn\u011b necht\u011bj\u00ed zaleninu, \u017ee neum\u00ed va\u0159it. Tak jsme za\u010dali d\u011blat kurzy va\u0159en\u00ed. Ka\u017ed\u00fd 14 dn\u00ed pro matky samo\u017eivitelky. A tak tu kuchyni jsme postupn\u011b d\u00e1l a d\u00e1l vybavovali. A kdy\u017e u\u017e byla tak jako nap\u016fl vybaven\u00e1, tak jsem uvid\u011bla mo\u017enost z\u00edskat Evropsk\u00fd projekt na kuchy\u0148 jako soci\u00e1ln\u00ed podnik. Kdy to znamenalo p\u0159ijmout p\u011bt dlouhodob\u011b nezam\u011bstnan\u00fdch a hro\u017een\u00fdch soci\u00e1ln\u00edch velou\u010den\u00ed, umo\u017enit jim vybavit si kuchy\u0148 samoz\u0159ejm\u011b, umo\u017enit jim \u0161elak\u00e9 ty kurzy, v\u00fdcv\u011bky. Tak\u017ee jsem ten projekt napsala, dostala a dva roky jsme tedy m\u011bli za finance Evropsk\u00e9 unie. To znamen\u00e1, jestli to spr\u00e1vn\u011b ch\u00e1pu, kdybych t\u0159eba j\u00e1 se pot\u0159eboval nau\u010dit zava\u0159ovat, proto\u017ee m\u00e1m n\u011bjak\u00fd tady ovoce a takov\u00fdhle v\u011bci, kdybych se pot\u0159eboval nau\u010dit zava\u0159ovat, tak bych k v\u00e1m mohl p\u0159ij\u00edt jako dobrovoln\u00edk pomoci do kuchyn\u011b. A p\u0159it\u00e9m p\u0159i lidosti bych se mohl nau\u010dit t\u0159eba zava\u0159ovat, d\u011blat marmel\u00e1dy, d\u011blat kompoty, takov\u00fdhle v\u011bci. To je pravda, ale mi u\u017e dneska ta kuchy\u0148 u\u017e nez\u016fstala jen o toho zava\u0159ov\u00e1n\u00ed. Ona ba\u0159\u00ed tepl\u00e1 j\u00eddla a rozv\u00e1\u017e\u00edme to senior\u016fm v okol\u00ed. My jsme se spojili s m\u00edstn\u00edmi \u00fa\u0159ady t\u011bch vesni\u010dek okolo. Kuchy\u0148 c\u00eddl\u00ed v Klecanech, tak\u017ee ty okoln\u00ed vesnice. M\u00e1me asi 30 senior\u016f, kter\u00fdm ka\u017ed\u00fd den voz\u00edme tepl\u00fd ob\u011bd, pr\u00e1v\u011b, kter\u00fd vyu\u017e\u00edv\u00e1 zeleninu, proto\u017ee zelenina je jedin\u00fd druh potravin, kter\u00fd n\u00e1m p\u0159eb\u00fdv\u00e1. Tak\u017ee to nerozd\u00e1me, kdybychom cht\u011bli v\u017edycky n\u011bco zbyt, tak ty p\u0159ebytky z toho va\u0159\u00ed kuchy\u0148. M\u011b tak napad\u00e1, \u017ee bych ob\u010das jel do Klecane v p\u00e1tek odpoledne, \u017ee bych si p\u0159ilep\u0161il n\u011bjakou zeleninou a v\u00e1m uleh\u010dil v d\u016fsledku v uvozovk\u00e1ch tro\u0161ku sv\u011bdom\u00ed, aby se v\u00e1m nic jako doma neskazilo. J\u00e1 bych se stra\u0161n\u011b r\u00e1da zapytala, proto\u017ee doba tomu moc nenahr\u00e1v\u00e1, proto\u017ee covid, inflace, energie, te\u010fka je i v\u00e1lka na Ukrajin\u011b, tak\u017ee lid\u00e9 \u0161et\u0159\u00ed. Ale co jsem sly\u0161ela a vid\u011bla na vlastn\u00ed o\u010di v t\u011bch \u0159et\u011bzc\u00edch, \u017ee lid\u00e9 \u010ce\u0161i opravdu hodn\u011b d\u00e1vaj\u00ed, jsou hodn\u011b \u0161t\u011bd\u0159\u00ed. Tak\u017ee si mysl\u00edm, \u017ee m\u00e1te dobr\u00e9 zku\u0161enosti s \u010cechama, \u017ee vlastn\u011b t\u011bch potravin se vybere p\u0159i t\u011bch sb\u00edrk\u00e1ch opravdu hodn\u011b. V\u017edycky jsou takov\u00e9 jako p\u0159edpov\u011bdi, \u017ee tentokr\u00e1t u\u017e je vy\u0161\u0161\u00ed cen je za energie, vy\u0161\u0161\u00ed cen je za potraviny, \u017ee u\u017e to bude \u0161patn\u00e9. V\u017edycky je to lep\u0161\u00ed. \u010ce\u010de opravdu c\u00edt\u00ed solidaritu, r\u00e1di daruj\u00ed a vid\u00edme na t\u011bch sb\u00edrk\u00e1ch, \u017ee jim to d\u011bl\u00e1 radost, \u017ee m\u016f\u017eou n\u011bco prosp\u011b\u0161n\u00e9ho, u\u017eite\u010dn\u00e9ho ud\u011blat. A i t\u0159eba n\u011bkdo, kdo m\u00e1 m\u00e1lo pen\u011bz, d\u00e1 t\u0159eba jednu v\u011bc. A my jsme za to moc r\u00e1di, \u017ee to existuje, \u017ee ta mo\u017enost tady je. Je to kr\u00e1sn\u00e1 te\u010dka za na\u0161im pov\u00edd\u00e1n\u00edm. Doufejme, \u017ee je to optimistick\u00e9. My se s v\u00e1ma moc lou\u010d\u00edme. D\u011bkujeme za va\u0161\u00ed pr\u00e1ci, dr\u017e\u00edme palce. Pro na\u0161e div\u00e1ky ur\u010dit\u011b p\u0159ipomeneme, kdy\u017e chcete darovat, darujte trvadliv\u00e9 potraviny. A 11.11. nezapome\u0148te nav\u0161t\u00edvit jeden z t\u011bch \u0159et\u011bzc\u016f, kde prob\u00edh\u00e1 potravinov\u00e1 banka, sb\u00edrka. V\u00fdborn\u011b. Te\u010f u\u017e se poj\u010fme pod\u00edvat na klip Barryhovaita. V\u00fdborn\u011b. V\u00fdborn\u011b. V\u00fdborn\u011b. V\u00fdborn\u011b. V\u00fdborn\u011b. V\u00fdborn\u011b. V\u00fdborn\u011b. V\u00fdborn\u011b. V\u00fdborn\u011b. V\u00fdborn\u011b. V\u00fdborn\u011b. V\u00fdborn\u011b. V\u00fdborn\u011b. V\u00fdborn\u011b. V\u00fdborn\u011b. V\u00fdborn\u011b. V\u00fdborn\u011b. V\u00fdborn\u011b. V\u00fdborn\u011b. V\u00fdborn\u011b. V\u00fdborn\u011b. V\u00fdborn\u011b. V\u00fdborn\u011b. V\u00fdborn\u011b. V\u00fdborn\u011b. V\u00fdborn\u011b. V\u00fdborn\u011b. V\u00fdborn\u011b. V\u00fdborn\u011b. V\u00fdborn\u011b. V\u00fdborn\u011b. V\u00fdborn\u011b. V\u00fdborn\u011b. V\u00fdborn\u011b. V\u00fdborn\u011b. V\u00fdborn\u011b. V\u00fdborn\u011b. V\u00fdborn\u011b. V\u00fdborn\u011b. V\u00fdborn\u011b. V\u00fdborn\u011b. V\u00fdborn\u011b. V\u00fdborn\u011b. V\u00fdborn\u011b. V\u00fdborn\u011b. Pros\u00edm t\u011b, ty m\u00e1\u0161 celou tu rodinu muzik\u00e1ln\u00ed, jestli se nepletu. Kolik t\u011bch d\u011bt\u00ed s tebou d\u011bl\u00e1, d\u011bl\u00e1 muziku? No zat\u00edm jenom Linda, zat\u00edm jenom Linda, ale fakt je ten, \u017ee se m\u011b lidi ptaj\u00ed i na na moj\u00ed druhourodzenou jako B\u011btu\u0161ku a a zp\u00edv\u00e1 taky jako n\u00e1dhern\u011b. Je kolik? No Lind\u011b 12 a B\u011btu\u0161ce 9 no a mus\u00edm \u0159\u00edct, \u017ee jakoby ob\u011b maj\u00ed ty sklony, jakoby, \u017ee nebo ob\u011b maj\u00ed ten potenci\u00e1l jako velik\u00fd a tak d\u00e1le, ale B\u011btu\u0161ka ta se zlomit ned\u00e1. To si prost\u011b \u0159ekla, \u017ee jako, \u017ee ne, tak ne a stra\u0161n\u011b r\u00e1da tan\u010d\u00ed, tak to jej docela taky jde, tak\u017ee uvid\u00edme, kam to bude v\u0161echno sm\u011brovat je\u0161t\u011b. No dob\u0159e, tak tv\u016fj projekt te\u010fka Oslova 18. A chyst\u00e1\u0161 desku? Jo, mysl\u00edm, \u017ee n\u00e1zr\u00e1l ten \u010das a nev\u00edm, jestli m\u011b k tomu jako pocitov\u011b jako dopomohlo i tohleta p\u0159\u00edprava tohohle koncertu, proto\u017ee vlastn\u011b posledn\u00ed desku jsem vydal v roce 2019. To byla ta deska k tomu, pro toho m\u00fdho br\u00e1chu, kter\u00fd bohu\u017eel ne\u0161\u0165astn\u011b ode\u0161el a j\u00e1 jsem si taky \u0159\u00edkal, \u017ee to vlastn\u011b jako se nedohudu p\u0159edstavit, \u017ee bych tohle jako n\u011bjak p\u0159ekonal nebo, \u017ee bych vlastn\u011b v\u016fbec za\u010dal jako znova. Tak jsem r\u00e1d jako, \u017ee jsem vlastn\u011b znova tu euforii chytil a \u017ee vlastn\u011b s t\u011bma p\u0159\u00edpravama na tenhle ten koncert to \u00fapln\u011b tak jako p\u0159i\u0161lo samoz\u0159ejm\u011b, ale jsem si \u0159\u00edkal jo a budu d\u011blat novou desku ur\u010dit\u011b hned jak to na ten koncert ud\u011bl\u00e1me, skon\u010d\u00ed to j\u00e1 m\u00e1m v \u0161upl\u00edku stra\u0161n\u011b moc jako v\u011bc\u00ed hezk\u00e9, kter\u00fd jsem jako cht\u011bl vlastn\u011b i v pr\u016fb\u011bhu \u010dasu d\u011blat, ale n\u011bjak jsem na to nem\u011bl tu s\u00fdlu a ne dv\u011b chu\u0165 zrovna, tak mus\u00edm \u0159\u00edct, \u017ee te\u010f jsem se jako zase tak n\u011bjak jako otev\u0159el, \u017ee \u0159\u00edk\u00e1m jo stra\u0161n\u011b se na to t\u011b\u0161\u00edm. A j\u00e1 v\u00edm, \u017ee jste nato\u010dil i klip nov\u00fd, kter\u00fd se jmenuje Dneska jsem tv\u016fj, tak\u017ee nejenom deska, ale vlastn\u011b i klip. Jojo, tak takhle ta v\u011bc vlastn\u011b vznikla, \u0159ekl, jakoby na poput tohohle koncertu, proto\u017ee mi tak jako bylo jasn\u00fd, \u017ee asi Linda bude cht\u00edt jako zasp\u00edvat, kdyby necht\u011bla, tak samoz\u0159ejm\u011b nemusela v\u016fbec, ale prost\u011b rad\u0161i jsem za n\u00ed \u0161el a \u0159\u00edkal jsem j\u00ed, hele lidi, jako jestli se chyst\u00e1\u0161 tam zp\u00edvat, tak mi to pros\u00edm, \u017ee jenom mus\u00ed\u0161 \u0159\u00edct se dop\u0159edu, jako nem\u016f\u017eeme to d\u011blat jako tam u n\u00e1s, to bude ne\u0161ov\u011bt, \u017ee ty se rozhodne\u0161 jako v ten den a n\u011bco jako zl\u00e1t\u00e1me. Tohle mus\u00ed b\u00fdt fakt p\u0159ipraven\u00fd. Pt\u00e1v\u00e1m se, j\u00e1 m\u00e1\u0161 jako p\u0159ipraveno? A ona \u0159\u00edk\u00e1, j\u00e1 \u0159\u00edk\u00e1m, bude\u0161 zp\u00edvat zase n\u011bjak\u00fd ten cover, jako t\u0159eba tu Adele nebo to? Ona \u0159\u00edk\u00e1, ne, ne, ne, j\u00e1 bych cht\u011bla zp\u00edvat n\u011bjakou tvoj\u00ed. A \u0159\u00edk\u00e1m, no ale to je blb\u00fd, to j\u00e1 u\u017e ti nestihnu jako nic napsat, \u017ee jo, to je jako, to j\u00e1 neum\u00edm takhle jako rychle zase \u00fapln\u011b, te\u010f to zrovna nen\u00ed k tomu. A j\u00e1 u\u017e jsem se vybrala a norm\u00e1ln\u011b p\u0159i\u0161la s t\u00edm, \u017ee jako b\u00fdt, kterou chce, m\u011bla to vybran\u00fd, jako vyzkou\u0161en\u00fd. A j\u00e1 jsem j\u00ed \u0159\u00edkal, no ale to asi nen\u00ed ta p\u00edsni\u010dka lid\u00ed, kterou bychom mohli spolu, kdy\u017e je to napsan\u00fd na m\u011b jako na chlapa, to ti nebude sed\u011bt a to. No ale vrtalo mi to hlavu, tak jsem to ve\u010der jako zkusil, vzal jsem si i ten text, tak jsem zjistil jako, \u017ee kdy\u017e jenom oto\u010d\u00edm p\u00e1r t\u011bch v\u00fdznam\u016f, tv\u016fj, tv\u00e1, tak\u017ee to je kr\u00e1snej duet. No a na druh\u00fd ten zadn\u00ed duet, musel by to jenom zkusit jako to. A norm\u00e1ln\u011b jsem zjistil, \u017ee ona m\u00e1 je\u0161t\u011b ta potvora takovej jako, jako instinct, takovej \u010d\u00ed, \u017ee m\u011b to jako samotn\u00fdm nenapadlo, \u017ee to tak jako do sebe zapadlo. V podstat\u011b jsme to m\u011bli takhle hotov\u00fd. Lep\u0161\u00ed ne\u017e origin\u00e1l. No. Lep\u0161\u00ed ne\u017e prvn\u00ed verze. Jak t\u011b povznese\u0161. Sto procent. Sto procent. J\u00e1 to ti jako mus\u00edm d\u00e1t zapravdu sto procent, \u017ee jsme \u0159\u00edkali, te\u010f ta p\u00edsni\u010dka vlastn\u011b m\u00e1 jako tu. Ty gr\u00e1dy. Ty gr\u00e1dy, tu nejsiln\u011bj\u0161\u00ed jako verzi, tu mo\u017enou verzi, kterou mohla m\u00edt jako. A\u017e jsem si z toho d\u011blal stranu, \u0159\u00edk\u00e1m, kdy\u017e to zp\u00edv\u00e1m s\u00e1m, tak to n\u011bjak nikomu nezaj\u00edm\u00e1. A\u017e do toho vstoup\u00edm, ona prost\u011b pot\u0159ebuji pomoc. Parti\u00e1ka. J\u00e1 jsem ti te\u010f vzal v\u00fdtrvy. Tro\u0161ku mus\u00edm \u0159\u00edct, \u017ee t\u011b tro\u0161ku rozhodil t\u00edm vypr\u00e1ven\u00edm, proto\u017ee vlastn\u011b je hodn\u011b nojemn\u00fd. My m\u00e1me ty d\u011bti podobn\u011b star\u00fd, j\u00e1 teda m\u00e1m o tro\u0161i\u010dku star\u0161\u00ed. My jsme se toti\u017e s Vastou potk\u00e1vali pom\u011brn\u011b \u010dasto v dob\u00e1ch, kdy jsem byl vlastn\u011b na matersk\u00e9 dovolen\u00e9, tak jsem nav\u0161t\u011bvoval jedno takov\u00e9 mkafe v kav\u00e1rnu v Bene\u0161ov\u011b, kde m\u011bl vlastn\u00e1 vestinu, m\u011bl zku\u0161enou. M\u00e1\u0161 j\u00edt tam do dne\u0161ka? Ne, u\u017e ne. U\u017e ne? To tehdy pr\u00e1v\u011b skon\u010dilo. A kde zkou\u0161\u00edte te\u010f? J\u00e1 m\u00e1m doma studio, j\u00e1 jsem si jako v mezi\u010dase ud\u011blal takovou p\u0159\u00edstavbu na n\u00e1\u0161 rodinn\u00fd bar\u00e1k a u\u017e jsem o tom jako p\u0159em\u00fd\u0161lel, jako jako v mezi\u010dase, jako d\u00edl a nikdy jsem se k tomu neodhodlal. A pak, jak vlastn\u011b ode\u0161el ten Marta, tak t\u00edm vlastn\u011b skon\u010dila i ta zku\u0161en\u00e1, proto\u017ee to p\u016fvodn\u011b bylo jeho, jeho jako m\u00edsto, kam chodil cvi\u010dit na bumny. A tak jsme \u0159\u00edkali, kouk\u00e1m budeme chodit jako prost\u011b tak, kdy\u017e m\u00e1m to studio, tak to roz\u0161\u00ed\u0159\u00edme i o tohleto. Nen\u00ed tam \u00fapln\u011b tolik t\u0159eba m\u00edsta a tak d\u00e1le, ale jako my prost\u011b nepot\u0159ebujeme n\u011bjak zvl\u00e1\u0161\u0165, jakoby rozs\u00e1hlou jako tu debat, v\u017edycky o to jenom se sej\u00edt a \u0159\u00edct si, co kde jak a pracujeme ka\u017edej doma, ka\u017edej doma a pak se d\u00e1 takovou, co na to, co na to sousedi. No tak jedin\u00fd, kdo by mohl nejv\u00edc nad\u00e1vat je tch\u00fdn\u011b s ch\u00e1nem, proto\u017ee ty to maj\u00ed vlastn\u011b rovnou do bar\u00e1ku a ty jako nest\u011b\u017euj\u00ed, \u0159\u00edkaj\u00ed, \u017ee jako, \u017ee dobr\u00fd, dobr\u00fd a a okoln\u00ed sousedi. J\u00e1 si mysl\u00edm, \u017ee to jako je sly\u0161et, \u017ee to jako ur\u010dit\u011b tohle nejde jako \u00fapln\u011b utlmit, obzvl\u00e1\u0161\u0165, jako kdy\u017e to je u t\u00fd slnice do t\u00fd vesnice, ale m\u011b ani nehraje, nehrajeme moc na hlas. Jsme docela takov\u00fd krotk\u00fd posluchej a kolika kolika lidech norm\u00e1ln\u011b vystupuje\u0161, vystupuje\u0161 s\u00e1m taky a a kdy\u017e teda m\u00e1\u0161 cel\u00fd, kdy\u017e jsi cel\u00e1 kapela, kolik v\u00e1s teda vlastn\u011b jsme ve \u0161tyrech, te\u010f budeme na koncert\u011b v p\u011bti, proto\u017ee jsem si tu v\u011bc cht\u011bl jako tro\u0161ku jako v\u00edc u\u017e\u00edt a usnadnit, tak, abych nem\u011bl furt jenom tu kytaru a furt to piano, proto\u017ee, co\u017e na na\u0161ich norm\u00e1ln\u00edch koncertech jako d\u011bl\u00e1m, \u017ee takhle hodn\u011b st\u0159\u00edd\u00e1m, tak jsem si takov\u00fdho b\u00fdval\u00fdho spoluhr\u00e1\u010de jednoho znova p\u0159izval, aby m\u011b s t\u00edm pomohl, abych nemusel prost\u011b na ty n\u00e1stroje hr\u00e1t furt, ale v\u00edce m\u00e9n\u011b jsme takhle jako ve \u0161tyrech a z mnoha d\u016fvod\u016f, jako z mnoha d\u016fvod\u016f, proto\u017ee u\u017e takhle je t\u011b\u017ek\u00fd se s t\u011bma klukama domluvit a d\u00e1t dohromady tu partu t\u011bch lid\u00ed, kter\u00fd opravdu budou fungovat, s kter\u00fdma se to jako u\u017e t\u011bma letama ty, jak se \u0159\u00edk\u00e1, ty kameny oml\u00e1tili, \u017ee u\u017e jako v\u00edme na to, \u017ee jako je\u0161t\u011b jednoho u\u017e se nevede, nevejde\u0161 do dod\u00e1vky, je to v\u0161echno vym\u011b\u0159en\u00fd, tak, aby to bylo, tak, aby to bylo akor\u00e1tn\u00ed a a nav\u00edc teda jako j\u00e1 t\u00edm, \u017ee hraju r\u00e1d i na to piano i na tu kytaru, tak to prost\u011b n\u011bjak zastanu. J\u00e1 douf\u00e1m, \u017ee n\u00e1m tady dneska zahraje\u0161. Ur\u010dit\u011b moc r\u00e1d. No tak. A vlastn\u011b, j\u00e1 jsem se cht\u011bla zeptat na tom koncertu, co zazpom\u00edn\u00e1te tady t\u0159eba taky na za\u010d\u00e1tky Superstar, proto\u017ee ty byli p\u0159ed t\u011bma 18 lety. Ano, ano, jako my jsme, my jsme o tom jako p\u0159em\u00fd\u0161leli a j\u00e1 teda vz\u00e1\u0161t\u011b, my jsme si \u0159\u00edkali, jako jak to ve\u010deru pojmu, odkam a\u017e jako zaj\u00edt. A pak jsem si \u0159\u00edkal, ale je to jako 18 let, je to jako, je to jako stra\u0161n\u011b dlouho. Necht\u011bl jsem vlastn\u011b a\u017e tak hluboko sahat do t\u00fd historie a tolik jako se o to op\u00edrat. Tak\u017ee m\u00e1me p\u0159ipraven\u00fd, abych to teda \u00fapln\u011b cel\u00fd neprozradil, takov\u00fd kr\u00e1sn\u00fd \u00favod, kter\u00fdm to jako cel\u00fd jako n\u011bjak\u00fdm zp\u016fsobem p\u0159ipomeneme. A pak jsem si \u0159\u00edkal, \u017ee u\u017e prost\u011b pojedeme jako pojedeme vlastn\u011b tu etapu, kter\u00e1 \u0161la jako zat\u00edm od m\u00fd prvn\u00ed desky, proto\u017ee j\u00e1 jsem teda zapomn\u011bl \u0159\u00edct, \u017ee ve stejn\u00fdm m\u011bs\u00edci, jako slav\u00edm vlastn\u011b v\u00fdro\u010d\u00ed i t\u00fd debitov\u00fd desky, \u017ee to jako v\u00fdro\u010d\u00ed vlastn\u011b jednak toho, ale i t\u00fd debitov\u00fd desky. A nav\u00edc teda v \u0159\u00edjnu m\u00e1m i narodzen\u011b, tak\u017ee je to takov\u00e1 3 kombinace. No, je to tak, 3 v jednom, jak se \u0159\u00edk\u00e1. 3 v jednom, no. Vydr\u017ete, za chv\u00edli jsme tady s vlastou zp\u00e1tky.","nbla_serie":"4200","nbla_season":"2023","nbla_episode":"22","nbla_duration":"1727.16","nbla_genre":"","nbla_editorial_format":"","nbla_mtime":"1697891649","nbla_url":"https:\/\/origin.a11.cz\/vod\/3mwn3wm66jd0d62zdv5w5ljfw.mp4","nbla_version":"1697891649","nbla_odvysilano":"Ano","bunny_id":"3bdbdfa9-ab4a-4273-bf94-189ded19f50e","youtube_id":"","datum_vydani":"20231021","stopaz":"1727.16","dokument":[],"video_to":[]},"_links":{"self":[{"href":"https:\/\/tv.a11.cz\/api\/wp\/v2\/video\/12508","targetHints":{"allow":["GET"]}}],"collection":[{"href":"https:\/\/tv.a11.cz\/api\/wp\/v2\/video"}],"about":[{"href":"https:\/\/tv.a11.cz\/api\/wp\/v2\/types\/video"}],"author":[{"embeddable":true,"href":"https:\/\/tv.a11.cz\/api\/wp\/v2\/users\/8"}],"wp:featuredmedia":[{"embeddable":true,"href":"https:\/\/tv.a11.cz\/api\/wp\/v2\/media\/12541"}],"wp:attachment":[{"href":"https:\/\/tv.a11.cz\/api\/wp\/v2\/media?parent=12508"}],"wp:term":[{"taxonomy":"category","embeddable":true,"href":"https:\/\/tv.a11.cz\/api\/wp\/v2\/categories?post=12508"},{"taxonomy":"porad","embeddable":true,"href":"https:\/\/tv.a11.cz\/api\/wp\/v2\/porad?post=12508"},{"taxonomy":"region","embeddable":true,"href":"https:\/\/tv.a11.cz\/api\/wp\/v2\/region?post=12508"},{"taxonomy":"kategorie","embeddable":true,"href":"https:\/\/tv.a11.cz\/api\/wp\/v2\/kategorie?post=12508"}],"curies":[{"name":"wp","href":"https:\/\/api.w.org\/{rel}","templated":true}]}}