{"id":12503,"date":"2023-10-17T19:00:44","date_gmt":"2023-10-17T17:00:44","guid":{"rendered":"https:\/\/tv.a11.cz\/?post_type=video&#038;p=12503"},"modified":"2023-10-23T09:36:20","modified_gmt":"2023-10-23T07:36:20","slug":"dobry-vecer-s-a11-17-10-2023-5-cast","status":"publish","type":"video","link":"https:\/\/tv.a11.cz\/video\/dobry-vecer-s-a11-17-10-2023-5-cast\/","title":{"rendered":"Dobr\u00fd ve\u010der s A11 17.10.2023 &#8211; 5.\u010d\u00e1st"},"content":{"rendered":"","protected":false},"excerpt":{"rendered":"<p>Vlasta u\u017e si p\u0159ipravil kytaru, proto\u017ee jak jsme o tom mluvili na za\u010d\u00e1tku, trochu n\u00e1m tak\u00e9 zahraje a zazp\u00edv\u00e1. <\/p>\n","protected":false},"author":8,"featured_media":12543,"template":"","categories":[173],"porad":[245],"region":[],"kategorie":[],"class_list":["post-12503","video","type-video","status-publish","has-post-thumbnail","hentry","category-ze-spolecnosti","porad-dobry-vecer-s-a11"],"acf":[],"meta_box":{"nbla_idec":"A2390022E","nbla_title":"Dobr\u00fd ve\u010der s A11","nbla_subtitle":"17.10.2023 - 5.\u010d\u00e1st","nbla_summary":"","nbla_description":"","nbla_transcription":"\u266a \u266a Cel\u00fd den n\u011bkdy jsem, v\u011b\u010dn\u011b na cest\u00e1ch. \u266a \u266a V r\u016fzn\u00fdch sv\u011btach kraj\u00edch, na ciz\u00edch adres\u00e1ch. \u266a \u266a Zpr\u00e1vy o po\u010das\u00edch, ve tv\u00e9 jich poloh\u00e1ch. \u266a \u266a Ke mn\u011b se donesou, aj za p\u00e1r dn\u00ed. \u266a \u266a Pro\u010d m\u00e1m slychat z d\u00e1lky, tichej pl\u00e1\u010d a k\u0159ik? \u266a \u266a V\u017edy\u0165 v\u00ed\u0161, jak n\u00e1m chutn\u00e1, stejnej okam\u017eik. \u266a \u266a Tak dneska jsem tv\u016fj, a j\u00e1 jenom dva, u\u017e nikam nesp\u011bch\u00e1m. \u266a \u266a Na volnej den, jedeme ven, zoufat t\u011b nemech\u00e1m. \u266a \u266a Dneska jsem jenom tv\u016fj, a j\u00e1 jenom dva, u\u017e nikam nesp\u011bch\u00e1m. \u266a \u266a V\u00edm jak se m\u00e1\u0161, kdy\u017e je sv\u011bt n\u00e1\u0161, b\u00e1hat t\u011b nemech\u00e1m. \u266a \u266a Je to skoro jak jsem, v jin\u00fdm stolet\u00ed. \u266a \u266a P\u00e1rkr\u00e1t dokola zem, aspo\u0148 tis\u00edckr\u00e1t s tebou oblet\u00edm. \u266a \u266a \u017divej sem a my m\u011bm, dobou zaklet\u00fd. \u266a \u266a A v\u00edc ne\u017e zp\u011bchan\u00fd a v nap\u011bt\u00ed. \u266a \u266a Pro\u010d m\u00e1m slychat z d\u00e1lky smutn\u00fd vol\u00e1n\u00ed. \u266a \u266a J\u00e1 v\u00edm, kam a\u017e t\u011b sv\u00fdm pl\u00e1\u010dem doh\u00e1n\u00edm. \u266a \u266a Tak dneska jsem tv\u016fj, a j\u00e1 jenom dva, u\u017e nikam nesp\u011bch\u00e1m. \u266a \u266a Na volnej den, jedeme ven, zoufat t\u011b nemech\u00e1m. \u266a \u266a Dneska jsem jenom tv\u016fj, a j\u00e1 jenom dva, u\u017e nikam nesp\u011bch\u00e1m. \u266a \u266a V\u00edm, jak se m\u00e1\u0161, kdy\u017e je zjedn\u00e1\u0161, v\u00e1ha t\u011b nenech\u00e1m. \u266a \u266a M\u00e1m zase dlouhej krok, dlouhej krok. \u266a \u266a V\u00edm, \u017ee m\u00e1\u0161 zase \u0161ok, m\u00e1m zase \u0161ok, kdy\u017e t\u011b opou\u0161t\u00edm. \u266a \u266a A ka\u017edej rok, m\u011bs\u00edc, t\u00fdden, den, v\u011b\u010dn\u011b n\u011bkde jsem. \u266a \u266a N\u011bkde jsem. Jen o mn\u011b sn\u00ed\u0161. J\u00e1 o tob\u011b jen sn\u00edm. \u266a \u266a Oh, oh, oh, je, je, je, je. Je, je, je, je. \u266a \u266a Dneska jsem jenom tv\u016fj, a j\u00e1 jenom dva, u\u017e nikam nesp\u011bch\u00e1m. \u266a \u266a M\u00e1m volnej den, jedeme ven, co ufat t\u011b nenech\u00e1m. \u266a \u266a Dneska jsem jenom tv\u016fj, a j\u00e1 jenom dva, u\u017e nikam nesp\u011bch\u00e1m. \u266a \u266a V\u00edm, jak se m\u00e1\u0161, kdy\u017e je sv\u011bt n\u00e1\u0161, v\u00e1hat t\u011b nenech\u00e1m. \u266a \u266a Dneska jsem tv\u016fj, a j\u00e1 jenom dva. \u266a Spustili jsme si n\u00e1dhern\u00fd klip Dneska jsem tv\u016fj, kter\u00fd Vlastana zp\u00edval se svou dcerou Lindou a jsme zp\u00e1tky v ob\u00fdv\u00e1\u010dku p\u0159\u00edmo tady s Vlastou a s jeho kytarou. Vlasta u\u017e si p\u0159ipravil kytaru, proto\u017ee jak jsme mluvili o tom na za\u010d\u00e1tku, ty n\u00e1m zahraje\u0161, ale je\u0161t\u011b ne\u017e t\u011b pust\u00edme, respektive vy\u0161leme, poj\u010fme se vr\u00e1tit k t\u011bm tv\u00fdm osmn\u00e1ctin\u00e1m, proto\u017ee jsou to celkem troje osmn\u00e1ctiny, tak rekapitulace. Bude\u0161 slavit te\u010fka osmn\u00e1ctiny svoje, jako narozen\u00ed, bude\u0161 slavit osmn\u00e1ctiny, ne, to je blbost vlastn\u011b, jsi p\u0159ece jenom tro\u0161ku star\u0161\u00ed, tak\u017ee osmn\u00e1ct let kari\u00e9ry, osmn\u00e1ct let od debitov\u00fd desky a osmn\u00e1ct let od fin\u00e1le. Superstar. Superstar. Od v\u00edt\u011bzstv\u00ed superstar. Tak\u017ee oslava, oslava se chyst\u00e1 velk\u00e1. J\u00e1 se omlouv\u00e1m, ale je to p\u0159\u00edmo toho 25. \u0159\u00edjna, co\u017e je za chvilku. Ano, je to ve st\u0159edu ve st\u0159edu, tak to u\u017e to u\u017e je za chv\u00edli, \u017ee to prost\u011b vlastn\u011b podstatn\u011b p\u0159esn\u011b je to v divadle na fidlova\u010dce, je to na sezen\u00ed, tak\u017ee prost\u011b je to par\u00e1da. A jsou je\u0161t\u011b l\u00edstky, kdy\u017e je to ve st\u0159edu, mysl\u00edm, \u017ee je\u0161t\u011b p\u00e1r l\u00edste\u010dk\u016f tam je, ale jako v\u00edce m\u00e9n\u011b to prodan\u00fd, v\u00edce m\u00e9n\u011b to prodan\u00fd, za co jsme stra\u0161n\u011b samoz\u0159ejm\u011b r\u00e1di. A jsem r\u00e1d i za tenhle ten prostor, proto\u017ee, abych tak \u0159ekl popravd\u011b, nen\u00ed to vlastn\u011b jako ta velkolep\u00e1 show z\u00e1m\u011brn\u011b, proto\u017ee j\u00e1 jsem si \u0159\u00edkal prost\u011b tohleto v\u00fdro\u010d\u00ed chci, aby ty lidi opravdu nejenom pa\u0159ili, ale aby jako sly\u0161eli, co jsem ud\u011blal, \u010d\u00edm jsem pro\u0161el, budeme mluvit. Mysl\u00edm, \u017ee i v\u00edc, ne\u017e je mi jako zvykem, budeme mluvit, budeme. Chci to prost\u011b zbilancovat si s t\u011bma lidma, co tam p\u0159ijdou to opravdu pro\u017e\u00edt, a chci vlastn\u011b, aby oni si poslechli opravdu, \u010d\u00edm jsem pro\u0161el. Tak\u017ee proto je to i takhle v tom divadle na to sezen\u00ed. To znamen\u00e1 O2 Arena bude a\u017e za dva roky, a\u017e to bude dvacet let. Tro\u0161ku si m\u011b jako nahr\u00e1valo, ale O2 Arena to beru jako z pokoru, to opravdu ne. Ale pravda je ta, \u017ee nev\u00edm, jak se to stalo, ale v tuhletu chv\u00edli u\u017e jsem jako v hlav\u011b tro\u0161ku i za tou fidlova\u010dkou u\u017e tak jako p\u0159edb\u00edh\u00e1m, \u017ee tohle m\u011b p\u0159esn\u011b pr\u00e1v\u011b napadlo u\u017e s t\u011bma p\u0159\u00edpravama, \u017ee jsem si \u0159\u00edkal, tak, jestli se toto povede, tak samoz\u0159ejm\u011b, \u017ee ur\u010dit\u011b p\u016fjdu d\u00e1l. Hele, a jak\u00fd ty m\u00e1\u0161 vztah, kdy\u017e u\u017e mluv\u00edme o t\u011bch O2 Aren\u00e1ch a tomhletom? J\u00e1 teda jsem sly\u0161el, \u017ee O2 Arena akusticky nen\u00ed nic moc na dvou stranu. Jako je to fakt, \u017ee i kdy\u017e tam je \u010dlov\u011bk jako div\u00e1k, tak jako nen\u00ed to \u00fapln\u011b takov\u00fd, \u017ee bych. No j\u00e1 m\u00e1m jako div\u00e1k a poslucha\u010d m\u00e1m tu v\u00fdhodu, \u017ee m\u00e1m ten hudebn\u00ed hluh na rozd\u00edl od tebe, \u017ee jo, ale tak\u017ee j\u00e1 to tak nepro\u017e\u00edv\u00e1m, ale sly\u0161el jsem to pr\u00e1v\u011b od lid\u00ed, kte\u0159\u00ed, kte\u0159\u00ed jako jsou vybaven\u00ed a maj\u00ed ten dar, \u017ee, \u017ee to sly\u0161eli spr\u00e1vn\u011b, ale m\u00e1me \u00fapln\u011b jinou tu tu tu jinou arenu, kter\u00e1 je, kter\u00e1 je dost jako zlomov\u00e1 pro a tou\u017eej po n\u00edm prost\u011b \u010de\u0161t\u00ed interpretace. No jasn\u011b, no cernu samoz\u0159ejm\u011b, ale ty mi neust\u00e1le nahr\u00e1v\u00e1\u0161, nebo mi \u010dte\u0161 my\u0161lenky. Hele, vzhledem k tomu, \u017ee jsme se o tom dop\u0159edu nebavili a nedobluvili jsme se na to, \u017ee to je v\u011bc, kter\u00e1 se nem\u00e1 prozradit nebo nebo o tom u\u017e m\u016f\u017ee\u0161 mluvit. To je tak\u00e9 to v\u011bc, kterou m\u00e1m jako ve sv\u00fd hlav\u011b posledn\u00ed t\u0159eba jako 2 t\u00fddny, jako jako prost\u011b \u017eil, \u017eil jsem to ofidlova\u010dkou v\u0161echny ty p\u0159\u00edpravy k tomu atd. No a pak prost\u011b ani tak t\u011bch 14 dn\u00ed zp\u00e1tky jsem si \u0159\u00edkal. Ty prde jo, prost\u011b jo, pro\u010d bych si jako jako ne odv\u00e1zal, pro\u010d bych si to netroubil, d\u00edt jako za dva roky, tak\u017ee tak to vlastn\u011b \u0159ek za m\u011b, no. T\u0159eba nev\u00edm, jestli se to poda\u0159\u00ed, ale prost\u011b vzhledem k tomu, jak vid\u00edm, \u017ee se tohle docela jako prodalo a a to je to \u0159\u00edk\u00e1m jako s pokorou jako a. Jako prost\u011b chycem z toho takovou jako ch\u016fd, \u017ee si \u0159\u00edk\u00e1m jo, jako prost\u011b dovedu si p\u0159edstavit prost\u011b u\u017e za ty 2 roky, jako ud\u011blat je\u0161t\u011b takhle n\u011bco v\u011bt\u0161\u00edho a zase je\u0161t\u011b trochu jin\u00e1ka. A u\u017e m\u00e1m jako v hlav\u011b, jak by to jako vypadalo hudebn\u011b, u\u017e by to nebylo jenom my 4 kapel\u00e1, ale jako u\u017e v\u011bt\u0161\u00ed t\u011bleso atd. Jo, jako jsem r\u00e1d prost\u011b, \u017ee m\u011b to takhle osv\u00edtilo, \u017ee m\u00e1m tu ch\u016f\u0165, aby si vize. Mysl\u00ed\u0161 jako, \u017ee se symfonick\u00fdm orchestrem. Ty prde jo, ty si. Tak j\u00e1 mysl\u00edm, \u017ee Lucerne m\u00e1\u0161 ten nejv\u011bt\u0161\u00ed kouzlo pro hudebn\u00edka. Opravdu jsem o tom s vlastnou dop\u0159edu nemluvil, m\u011b to jenom prost\u011b napad\u00e1. J\u00e1 se omluv\u00e1m, \u017ee prozvedu mo\u017en\u00e1 v\u011bci dop\u0159edu, ale opravdu jsem netu\u0161il, jako to je neuv\u011b\u0159iteln\u00fd. \u010ce\u0161tin\u00ed \u0159\u00edkaj\u00ed, \u017ee se zbl\u00e1z\u00ed, ale j\u00e1 nev\u00edm, no tak t\u0159eba se to rozplyne, jako j\u00e1 fakt, jako \u0159\u00edk\u00e1m to up\u0159\u00edmn\u011b jako spokoru, ale jako v tuhletu chv\u00edli mi to. Prost\u011b zase na b\u00e1zi toho instinktu, j\u00e1 to takhle jedn\u00e1m jako posledn\u00ed a pochopil jsem, \u017ee kdy\u017e jedn\u00e1m takhle, tak to nikdy nen\u00ed \u0161patn\u011b, nedopadne \u0161patn\u011b, i kdy\u017e ty v\u011bci jako nedopadnou, t\u0159eba jako, \u017ee to nepovede, nebo se to t\u0159eba cokoliv jako, tak toho nikdy nelitu nen\u00ed to \u0161patn\u011b. Nebylo nikdy nic hor\u0161\u00edho, ne\u017e jsem se nechal n\u011bco nakukat, nebo jsem \u0161el s n\u011bjak\u00fdm strachem a nebo m\u011b n\u011bkdo n\u011bkam dotla\u010dil a pak to ne, tak to bylo \u0161patn\u011b. Ale jako kdy\u017e u\u017e to ke mn\u011b takhle ta informace p\u0159i\u0161la, nev\u00edm, no tak mo\u017en\u00e1 se dostane. Jestli budu moct p\u0159ilo\u017eit ruku k d\u00edlu, tak se na m\u011b ur\u010dit\u011b obrad\u00ed, proto\u017ee, proto\u017ee hele, kdy\u017e u\u017e, kdy\u017e u\u017e tak, tak j\u00e1 ti r\u00e1d pom\u016f\u017eu, proto\u017ee j\u00e1 si mysl\u00edm, \u017ee by si tu lucernu zaslou\u017eil, jako opravdu zaslou\u017eil. Tak to jsi moc hodn\u00fd, d\u011bkuji, no jako taky si \u0159\u00edk\u00e1m, no \u017ee jako u\u017e u\u017e m\u00e1m i takov\u00fd jako v\u011bk, \u017ee si \u0159\u00edk\u00e1m, u\u017e bych si tyhle ty v\u011bci jako mohl dovolit a hlavn\u011b od ur\u010dit\u00fd doby to \u010dlov\u011bk za\u010dne jako vn\u00edmat jinak, ne\u017e kdy\u017e je ti 20, 30, 40, tak to potom za\u010dne\u0161 vn\u00edmat jinak a u\u017e ty v\u011bci chce\u0161 prost\u011b jenom jako zrealizovat, ud\u011blat. M\u00edt je jakoby na t\u00fd sv\u00fd cest\u011b, aby si se m\u011bl za\u010dnout hl\u00eddnout, aby si vlastn\u011b jako je\u0161t\u011b splnil ty v\u011bci, kter\u00fd, kter\u00fd t\u0159eba si tajn\u011b jako v hlav\u011b n\u011bkdy jako \u010dlov\u011bk p\u0159\u00e1l a j\u00e1 to m\u00e1m splnit hlavn\u011b jako v\u0161echno p\u0159es p\u0159es tu hudbu. Jo, to jsou jako pro m\u011b jsou to hudebn\u00ed vize, projekty. Ani ani nejde o to, \u017ee, \u017ee to m\u00e1 b\u00fdt velk\u00fd. J\u00e1 m\u011bluji kluby, m\u00e1m r\u00e1d koncerty v klubech, miluju vlastn\u011b i ty sv\u00fd soul koncerty s tou kytarou. To je podle m\u011b \u00fapln\u011b nejv\u00edc jako nejt\u011b\u017e\u0161\u00ed, ale ale tato v\u011bc tu jsem v\u017edycky v hlav\u011b jako m\u011bl jsem si \u0159\u00edkal ty. Ta moje hudba prost\u011b s t\u00edm n\u011bjak\u00fdm symfoni\u00e1kem nebo s n\u011bjak\u00fdm orchestrem, to by stra\u0161n\u011b vyniklo, to by tomu stra\u0161n\u011b slu\u0161elo, tak\u017ee vlastn\u011b proto. To jsou samoz\u0159ejm\u011b vize budoucna. A te\u010f se probud\u00edme. No j\u00e1 nemysl\u00edm, \u017ee by jsme se \u00fapln\u011b museli probudit, ale dob\u0159e, to je n\u011bjak\u00e1 hudba budoucnosti. Ano \u0159ekn\u011bme ty dvacetiny, \u017ee by jim to slu\u0161elo. To jsou je\u0161t\u011b dva roky. Te\u010f t\u011b \u010dek\u00e1 ve st\u0159edu teda osmn\u00e1ctiny tvoje trojn\u00e1sobn\u00ed osmn\u00e1ctiny, ale poj\u010f jako ud\u011blej si taky reklamu s\u00e1m na sebe, jako kde t\u011b jinde je\u0161t\u011b, proto\u017ee dejme tomu, \u017ee \u017ee ve st\u0159edu t\u011b nestihnou, ale kde t\u011b m\u016f\u017eou v nejbli\u017e\u0161\u00ed dob\u011b tv\u00fd poslucha\u010di a tv\u00fd fanou\u0161ci vid\u011bt? No ud\u011blal bych to tak, jestli m\u016f\u017eu, \u017ee bych klidn\u011b v\u0161em poslucha\u010d\u016fm \u0159ekl, a\u0165 se pod\u00edvaj\u00ed na m\u016fj web, pokud maj\u00ed, budou m\u00edt chu\u0165 a z\u00e1jem si vyrazit o V\u00e1noc\u00edch, proto\u017ee budu m\u00edt docela pom\u011brn\u011b dost koncert\u016f o V\u00e1noc\u00edch. A tak\u017ee prost\u011b a\u0165 se pod\u00edvaj\u00ed na moje internetov\u00e9 str\u00e1nky vlastahorv\u00e1t.cz a tam v\u0161echny data najdu. V hlav\u011b je to moc takov\u00e9. Vlastahorv\u00e1t v\u0161echno malej m\u00e1. No jasn\u011b, a dohromady, jasn\u011b, a\u017e te\u010fka co je d\u00e1t. Vlasto, ty u\u017e st\u0159\u00edm\u00e1\u0161 tu chytaru po celou dobu, co tady si pov\u00edd\u00e1\u0161, a nen\u00ed to blbej zvyk, jako to m\u011b hrozn\u011b slu\u0161\u00ed, a mysl\u00edm, \u017ee k tob\u011b pat\u0159\u00ed hrozn\u011b. Ale, ale jestli bysme ti teda mohli poprosit, jestli byste n\u00e1m opravdu teda na z\u00e1v\u011br, my se je\u0161t\u011b rozlou\u010d\u00edme, ale pak u\u017e bysme t\u011b jako vyzvali, aby si zaujal. Ten spr\u00e1vnej koutek u n\u00e1s ve studiu, \u017ee, \u017ee bys n\u00e1m n\u011bco na\u017eilo pro n\u00e1s. Moc r\u00e1d. Proto\u017ee j\u00e1 t\u011b m\u00e1m r\u00e1d, ale samoz\u0159ejm\u011b taky pro div\u00e1ky, jestli byste n\u00e1m n\u011bco zahr\u00e1l. Ur\u010dit\u011b budu moc r\u00e1d. A u\u017e v\u00ed\u0161, co bude\u0161 hr\u00e1t, nebo? No jako v hlav\u011b n\u011bco m\u00e1m, ale kdo v\u00ed, co se stan\u00e1\u0161, budu odch\u00e1zat. Tak\u017ee to bude p\u0159ekvapen\u00ed. T\u0159eba p\u0159ijde n\u011bjak\u00fd instinkt, a j\u00e1 to zm\u011bn\u00edm, ne. Tak\u017ee to rad\u0161i nebudem, nebudem to p\u0159edstavovat dop\u0159edu. To bude p\u0159ekvapen\u00ed pro n\u00e1s i pro div\u00e1ky. Vlasto, moc d\u011bkuji za tu n\u00e1v\u0161t\u011bvu. J\u00e1 taky d\u011bkuji. Moc d\u011bkujeme. Znova mn\u011b napadlo to, jak vlastn\u011b dlouho jsme se nevid\u011bli, proto\u017ee j\u00e1 jsem m\u011bl pocit, \u017ee to je rok, ale ub\u011bhla del\u0161\u00ed doba. To je na tom to nejhor\u0161\u00ed, v\u0161echno se odto\u010d\u00ed a m\u00e1 pocit, \u017ee to byla chv\u00edle, ale jako. Ale t\u011b\u0161\u00edm se, \u017ee se potk\u00e1me v tom nov\u00fdm Emku. Jo. V t\u00e9 nov\u00fd kav\u00e1rn\u011b, kter\u00e1 je posunut\u00e1 z m\u00edsta do m\u00edsta. J\u00e1 jsem nev\u011bd\u011bl, \u017ee to tam v\u016fbec je, tak\u017ee jako dej mi v\u011bd\u011bt, \u017ee m\u011b tam bude\u0161 m\u00edt. V Bene\u0161ov\u011b, \u017ee se uvid\u00edme. A te\u010f ti moc pod\u011bkujeme za tvou n\u00e1v\u0161t\u011bvu. Budeme dr\u017eet palce, a\u0165 dopadne v\u00fdborn\u011b koncert na Fidlova\u010dce. 25. \u0159\u00edjna. 25. \u0159\u00edjna a je\u0161t\u011b, abych jako teda nezapomn\u011bl, samoz\u0159ejm\u011b div\u00e1ci, ale vy, pokud budete cht\u00edt p\u0159ij\u00edt, tak mi nejv\u011bd\u011bt a jste samoz\u0159ejm\u011b taky zvan\u00fd. Moc d\u011bkujeme. D\u011bkujeme v\u00e1s to. Tak zat\u00edm ahoj a t\u011b\u0161\u00edm se na tvou produkci. Ahoj ahoj. Tak jo. Vlasta se n\u00e1m ode\u0161el p\u0159ipravit a poj\u010fme si ho te\u010fka poslechnout. P\u0159izn\u00e1v\u00e1m si p\u00edse\u0148 svou, \u010dek\u00e1m a\u017e se rozedn\u00ed. Jsou i chv\u00edle takov\u00fd, kdy se srdce zastav\u00ed a m\u016fj dech se zpomal\u00ed. P\u0159izn\u00e1v\u00e1m, \u017ee m\u00e1m na sv\u00e9m srdci velk\u00fd \u0161r\u00e1m, co u\u017e nikdy nezmiz\u00ed. A tak st\u00e1le po noc\u00edch p\u00ed\u0161u p\u00edsn\u011b, ve kter\u00fdch z\u016fstane tv\u016fj odkaz zn\u00edt. Ho, j\u00e1 jsem na voln\u00e1ch a tv\u00fdch pocit\u016f. Neum\u00edm \u017e\u00edt bez l\u00e1sky, bez cit\u016f. Proplouv\u00e1m r\u00e1ne a dnem i noc\u00ed. Vesm\u00edr m\u011b st\u00e1le m\u00e1 ve sv\u00e9m oci. Sed\u00edm v kout\u011b s kytarou, p\u0159ehr\u00e1v\u00e1m si p\u00edse\u0148 svou s velkou d\u00e1vkou emoc\u00ed. Jsou i chv\u00edle takov\u00fd, kdy se srdce zastav\u00ed a m\u016fj dech se zpomal\u00ed. A p\u0159izn\u00e1v\u00e1m, \u017ee m\u00e1m na sv\u00e9m srdci velk\u00fd \u0161r\u00e1m, co u\u017e nikdy nezmiz\u00ed. A tak st\u00e1le po noc\u00edch p\u00ed\u0161u p\u00edsn\u011b, ve kter\u00fdch z\u016fstane tv\u016fj odkaz zn\u00edt. Ho, j\u00e1 jsem na voln\u00e1ch a tv\u00fdch pocit\u016f. Neum\u00edm \u017e\u00edt bez l\u00e1sky, bez cit\u016f. Proplouv\u00e1m r\u00e1ne a dnem i noc\u00ed. Vesm\u00edr m\u011b st\u00e1le m\u00e1 ve sv\u00e9m oci. S \u010dista jasna na jednou a slova tvo\u0159\u00ed p\u00edse\u0148 mou. Jedna v\u011bta za druhou. S \u010dista jasna na jednou a slova tvo\u0159\u00ed p\u00edse\u0148 mou. J\u00e1 jsem na voln\u00e1ch a tv\u00fdch pocit\u016f. Neum\u00edm \u017e\u00edt bez l\u00e1sky, bez cit\u016f. Proplouv\u00e1m r\u00e1ne a dnem i noc\u00ed. Vesm\u00edr m\u011b st\u00e1le m\u00e1 ve sv\u00e9m oci. Vesm\u00edr m\u011b st\u00e1le m\u00e1 ve sv\u00e9m oci. Ve sv\u00e9m oci. Hlubok\u00fd vesm\u00edr. M\u011b m\u00e1, m\u011b m\u00e1, m\u011b m\u00e1 ve sv\u00e9m oci. Je. Ve sv\u00e9m oci. D\u011bkujeme Vlastovi. J\u00e1 ho m\u00e1m opravdu r\u00e1d, m\u011b se ta muzika stra\u0161n\u011b l\u00edb\u00ed. Ale n\u00e1m nezb\u00fdv\u00e1 te\u010f u\u017e nic jin\u00e9ho, ne\u017e se s v\u00e1mi rozlou\u010dit. P\u0159esn\u011b tak, m\u011bli jsme tu veselo i smutno dneska. Tak\u017ee se s v\u00e1mi lou\u010d\u00edme. Z\u00edtra v\u00e1s \u010dek\u00e1 Michal Vrtuln\u00edk Viktor\u00edk. A jakou \u017eenskou si p\u0159ivede. To nev\u00edme. To nev\u00edme, ale ur\u010dit\u011b zase n\u011bjakou jinou. On je furt st\u0159\u00edda. M\u011bjte se. N\u00e1schledanou.","nbla_serie":"4200","nbla_season":"2023","nbla_episode":"22","nbla_duration":"1049.6","nbla_genre":"","nbla_editorial_format":"","nbla_mtime":"1697889518","nbla_url":"https:\/\/origin.a11.cz\/vod\/6h7dkxj4q51fjg0a3cej0sa87.mp4","nbla_version":"1697889518","nbla_odvysilano":"Ano","bunny_id":"8bcc2160-166a-4ddb-89bf-8995d5e67759","youtube_id":"","datum_vydani":"20231021","stopaz":"1049.6","dokument":[],"video_to":[]},"_links":{"self":[{"href":"https:\/\/tv.a11.cz\/api\/wp\/v2\/video\/12503","targetHints":{"allow":["GET"]}}],"collection":[{"href":"https:\/\/tv.a11.cz\/api\/wp\/v2\/video"}],"about":[{"href":"https:\/\/tv.a11.cz\/api\/wp\/v2\/types\/video"}],"author":[{"embeddable":true,"href":"https:\/\/tv.a11.cz\/api\/wp\/v2\/users\/8"}],"wp:featuredmedia":[{"embeddable":true,"href":"https:\/\/tv.a11.cz\/api\/wp\/v2\/media\/12543"}],"wp:attachment":[{"href":"https:\/\/tv.a11.cz\/api\/wp\/v2\/media?parent=12503"}],"wp:term":[{"taxonomy":"category","embeddable":true,"href":"https:\/\/tv.a11.cz\/api\/wp\/v2\/categories?post=12503"},{"taxonomy":"porad","embeddable":true,"href":"https:\/\/tv.a11.cz\/api\/wp\/v2\/porad?post=12503"},{"taxonomy":"region","embeddable":true,"href":"https:\/\/tv.a11.cz\/api\/wp\/v2\/region?post=12503"},{"taxonomy":"kategorie","embeddable":true,"href":"https:\/\/tv.a11.cz\/api\/wp\/v2\/kategorie?post=12503"}],"curies":[{"name":"wp","href":"https:\/\/api.w.org\/{rel}","templated":true}]}}