{"id":12500,"date":"2023-10-19T13:31:27","date_gmt":"2023-10-19T11:31:27","guid":{"rendered":"https:\/\/tv.a11.cz\/?post_type=video&#038;p=12500"},"modified":"2023-10-23T12:33:45","modified_gmt":"2023-10-23T10:33:45","slug":"dobry-vecer-s-a11-19-10-2023-1-cast","status":"publish","type":"video","link":"https:\/\/tv.a11.cz\/video\/dobry-vecer-s-a11-19-10-2023-1-cast\/","title":{"rendered":"Dobr\u00fd ve\u010der s A11 19.10.2023 &#8211; 1.\u010d\u00e1st"},"content":{"rendered":"","protected":false},"excerpt":{"rendered":"<p>Dnes v\u00e1s \u010dekaj\u00ed skute\u010dn\u011b zaj\u00edmav\u00ed host\u00e9. Pov\u00eddat si budeme o tom co d\u011blaj\u00ed, co d\u011blali, co um\u00ed, co pro v\u00e1s p\u0159ipravuj\u00ed. A u\u017e tady v\u00edt\u00e1me na\u0161eho prvn\u00edho hosta, kter\u00fdm je here\u010dka, moder\u00e1torka, mana\u017eerka, producentka Monika Tr\u00e1vni\u010dkov\u00e1.<\/p>\n","protected":false},"author":8,"featured_media":12551,"template":"","categories":[173],"porad":[245],"region":[],"kategorie":[],"class_list":["post-12500","video","type-video","status-publish","has-post-thumbnail","hentry","category-ze-spolecnosti","porad-dobry-vecer-s-a11"],"acf":[],"meta_box":{"nbla_idec":"A2390024A","nbla_title":"Dobr\u00fd ve\u010der s A11","nbla_subtitle":"19.10.2023 - 1.\u010d\u00e1st","nbla_summary":"","nbla_description":"","nbla_transcription":"Dobr\u00fd ve\u010der, mil\u00ed div\u00e1ci, je dneska \u010dtvrtek a my tu op\u011bt s Tondou sed\u00edme v na\u0161em ob\u00fdv\u00e1ku a zdrav\u00edme v\u00e1s v po\u0159adu. Dobr\u00fd ve\u010der z A11. Samoz\u0159ejm\u011b jsme se na v\u00e1s t\u011b\u0161ili s barunkou. M\u00e1me pro v\u00e1s p\u0159ipraveny dva velmi, velmi zaj\u00edmav\u00e9 hosty, s kter\u00fdmi si budeme vypr\u00e1v\u011bt a pov\u00eddat, co d\u011blaj\u00ed, co d\u011blali, co um\u011bj\u00ed, co p\u0159ipravuj\u00ed. Bude to opravdu zaj\u00edmav\u00e9. No a samoz\u0159ejm\u011b budeme taky... Budeme va\u0159it, budeme cvi\u010dit, pod\u00edv\u00e1me se na zpr\u00e1vy. A uvid\u00edte jednu upout\u00e1vku na v\u00e1\u0161 obl\u00edben\u00fd Po\u0159ad na f\u00e9rovku, kter\u00fd tentokr\u00e1t bude s jinou moder\u00e1torkou. Samoz\u0159ejm\u011b je\u0161t\u011b dal\u0161\u00ed report\u00e1\u017ee a Po\u0159ad, polibte si preference se Zuzkou Bub\u00edlkovou. My u\u017e tady v\u00edt\u00e1me na\u0161eho prvn\u00edho hosta, kter\u00fdm je here\u010dka, moder\u00e1torka, mana\u017eerka, producentka a tak\u00e9 man\u017eelka Pavla Tr\u00e1vi\u010dka, Monika Tr\u00e1vi\u010dkov\u00e1. Ahoj Moniko. Ahoj, ahoj a v\u00e1m d\u011bkuju za pozv\u00e1n\u00ed a je\u0161t\u011b podotknu, maminka hlavn\u011b. Maminka, samoz\u0159ejm\u011b. Hlavn\u00ed role. P\u0159esn\u011b tak, ale j\u00e1 jsem t\u011b uvedla jako \u017eenu mnoha profes\u00ed, ale te\u010f bych se r\u00e1da vr\u00e1tila k t\u00e9 producentsk\u00e9 a za\u010dneme hnedka s prvn\u00ed nejv\u011bt\u0161\u00ed neaktu\u00e1ln\u011bj\u0161\u00ed akc\u00ed, kterou te\u010fka chyst\u00e1\u0161. P\u0159esn\u011b tak tak moje producentsk\u00e1 pr\u00e1ce se velmi rozr\u016fst\u00e1 a vlastn\u011b j\u00e1 jsem s n\u00ed za\u010dala v dob\u011b kovidu, co\u017e byla stra\u0161n\u00e1 doba, kterou vlastn\u011b nechceme u\u017e dneska nikdo za\u017e\u00edt a j\u00e1 si dovol\u00edm \u0159\u00edct, \u017ee vlastn\u011b m\u011b to tak, jak zvan\u011b nastartovalo, proto\u017ee jsem necht\u011bla v\u016fbec sed\u011bt doma, \u0159\u00edk\u00e1m p\u0159ece jako rok 20 jako chodit na proch\u00e1zky do lesa to \u00fapln\u011b nen\u00ed prav\u00fd o\u0159echov\u00fd, tak\u017ee jsem zpustila online online koncerty a tak m\u011b to nadchlo, tak\u017ee jsem u t\u00e9 pr\u00e1ce vlastn\u011b z\u016fstala. Sch\u00e1n\u011bla jsem finance na podporu koncertu a m\u00e1m radost, \u017ee se to da\u0159\u00ed, \u017ee se da\u0159\u00ed d\u011blat kr\u00e1sn\u00e9 velk\u00e9 projekty. T\u00edm jedn\u00edm je te\u010fka z\u00edtra n\u00e1s \u010dek\u00e1 velk\u00e1 akce. Dovol\u00edm si \u0159\u00edct si, \u017ee je to z\u00edtra v\u00fdznamn\u00e1 akce z\u00edtra v kongresov\u00e9m centru v 19 hodin 105. v\u00fdro\u010d\u00ed \u010ceskoslovenska. Je to velk\u00e1 ud\u00e1lost, kdy jsme dali dohromady, jak \u010desk\u00e9, tak slovensk\u00e9 hudebn\u00ed hv\u011bzdy, kter\u00e9 vlastn\u011b byly v nejv\u011bt\u0161\u00ed sl\u00e1v\u011b \u010ceskoslovenska ve v\u00fd\u0161in\u00e1ch. Tak j\u00e1 jsem r\u00e1da, \u017ee n\u00e1m zasp\u00edv\u00e1 Helenka Vondr\u00e1\u010dkov\u00e1, Maru\u0161ka Rotrov\u00e1, \u0160tefan Margita, Petr Na\u0165, Marcelka Lajferov\u00e1, no prost\u011b je to plejada um\u011blc\u016f. Bude to takov\u00fd kr\u00e1snej multi\u017e\u00e1nov\u00fd ve\u010der od swingu, popu, klasiky, opery, tak\u017ee j\u00e1 m\u00e1m tyhle multi\u017e\u00e1nov\u00e9 ve\u010dery velmi r\u00e1da, proto\u017ee div\u00e1k si najde to sv\u00e9. Je to i nap\u0159\u00ed\u010d v\u0161ema generacema, proto\u017ee tam budou ur\u010dit\u011b i mlad\u00ed. P\u0159esn\u011b tak, z mlad\u00fdch n\u00e1stupc\u016f m\u016f\u017eu jmenovat \u0161ikovn\u00e9ho Martina Chod\u016fra nebo ze Slovenska Adama \u010euricu, zatancuj si so mnou nebo mandol\u00edna. Tak\u017ee j\u00e1 jsem r\u00e1da, \u017ee vlastn\u011b m\u00e1me, m\u00e1me tyto hv\u011bzdy i v mlad\u00e9 generaci. Je\u0161t\u011b l\u00edstky, nebo je to penky je\u0161t\u011b m\u016f\u017eete samoz\u0159ejm\u011b zakoupit, u\u017e je to n\u011bjak\u00e1 posledn\u00ed \u0159ada, ale ur\u010dit\u011b nev\u00e1hejte a p\u0159ij\u010fte, proto\u017ee takov\u00e1hle se\u0161lost u\u017e tady hodn\u011b dlouho nebude. Ty jsi \u0159\u00edkala, \u017ee si za\u010dala pracovat v kovidu, jako no v kovidu, v kovidu, ano kovid n\u011bjak\u00fdm zp\u016fsobem do toho odstartoval nebo posunul posunul do toho producentstv\u00ed. Jak velk\u00e1 je to zm\u011bna p\u0159ej\u00edt jako z divadla jako v\u00fdkonn\u00fd um\u011blec do t\u00fd, do t\u00fd, sice kulturn\u00ed, ale p\u0159eci jenom mana\u017eersk\u00fd, to znamen\u00e1 \u00fa\u0159ednick\u00fd, \u00fa\u0159ednick\u00e1 pr\u00e1ce je to tak, je to je to spousta pap\u00edru u\u0159edni\u010diny, spoustu sch\u016fzek jedn\u00e1n\u00ed atd. Ale vzhledem tomu, \u017ee jsem to d\u011blala i v divadle, v\u011bdla jsem divadlo jako producensky d\u00e1vala dohromady um\u011blce programy fermany, \u017ee to zn\u00e1te v\u0161ichni atd. Tak\u017ee to nebyla a\u017e tak velk\u00e1 zm\u011bna a mus\u00edm \u0159\u00edct, \u017ee se v tom jako c\u00edt\u00edm v\u00edc svobodn\u011bji, proto\u017ee vlastn\u011b v tom divadle se nemus\u00ed\u0161 u\u010dit texty, nemus\u00edm se u\u010dit texty a vlastn\u011b m\u00e1m tu volnou ruku d\u011blat s um\u011blcemi, kter\u00e9 j\u00e1 m\u00e1m r\u00e1da, kte\u0159\u00ed jsou mi bl\u00edzci, a\u0165 u\u017e soukromn\u011b pracovn\u011b m\u00e1m s nima v\u00fdborn\u00fd vztah, tak\u017ee je to takov\u00e1 svoboda pr\u00e1ce, proto\u017ee bez tebe by to divadlo nebo koncepty v\u016fbec nefungovalo, je to tak jin\u00e9, tak samoz\u0159ejm\u011b \u010dlov\u011bka to mus\u00ed n\u011bjak\u00fdm zp\u016fsobem napl\u0148ovat, \u017ee mus\u00edme d\u011blat, co n\u00e1s bav\u00ed, ale kdy\u017e se vr\u00e1t\u00edme k tomu gala, gala koncertu, kter\u00fd teda z\u00edtra bude v kongresov\u00e9m centru, nemus\u00edte se b\u00e1t t\u00fd posledn\u00ed \u0159ady, tam to je nejlep\u0161\u00ed v\u00fdhled, budete m\u00edt p\u0159ehled ov\u0161em super v\u00fdhled a kongresov\u00fd centrum m\u00e1 pom\u011brn\u011b dobrou akustiku taky. A velkou kapacitu a velkou kapacitu p\u0159ij\u010fte, jsou druh\u00fd, jsou druh\u00fd, si to tenkr\u00e1t to 15. siest, si to postavili dost dokonal\u00e9 a vrazili do toho, dneska to m\u016f\u017eeme \u0159\u00edct slu\u0161n\u00fd slu\u0161n\u00fd prachy, \u017ee stop\u00e1t\u00ed v\u00fdro\u010d\u00ed se odehr\u00e1v\u00e1 v kongresu, ale j\u00e1 jsem se t\u011b cht\u011bl zeptat, jak jak vznikal, co pak n\u00e1pad ten ch\u00e1pu, je to stop\u00e1t\u00ed v\u00fdro\u010d\u00ed, velmi se to nab\u00edz\u00ed tro\u0161ku, ale dramaturgii, ty jsi \u0159\u00edkala, jak je to multi\u017e\u00e1nov\u00fd, ano, a te\u010f tu dramaturgii jsi si teda ud\u011blala sama, m\u011bla jsi tu odvahu do toho j\u00edt. J\u00e1 jsem m\u011bla odvahu j\u00edt, proto\u017ee jsem takovej typ \u010dlov\u011bka, co si neud\u011bl\u00e1m, to nem\u00e1m, j\u00e1 jsem agent, po\u010dkej, po\u010dkej, po\u010dkej, po\u010dkej, to v\u016f\u010di tv\u00e9mu nezn\u00ed \u00fapln\u011b lichotiv\u011b. Samoz\u0159ejm\u011b v t\u00e9 pracovn\u00ed sf\u00e9\u0159e, te\u010f dob\u0159e, te\u010f jsme uklidnila, ale j\u00e1 fakt m\u00e1m volnou ruku v tom ve v\u0161em v podstat\u011b v\u00fdb\u011br um\u011blc\u016f, tak ono to bylo \u017e\u00e1d\u00e1n, \u017e\u00e1dalo se to prost\u011b tady ty osobnosti z t\u00fd star\u0161\u00ed generace, kdy\u017e to takhle pojmenuju, moc jich tady t\u011bch tv\u00e1\u0159\u00ed nem\u00e1me u\u017e, \u017ee jo samoz\u0159ejm\u011b. Dob\u0159e, ale pros\u00edm t\u011b, j\u00e1 mluv\u00edm o t\u00e9 dramaturgii, jako v\u00fdb\u011br p\u00edsn\u00ed a tak d\u00e1le, jako v\u00fdb\u011br t\u011bch \u017e\u00e1dr\u016f, jak to slo\u017eit dokupy, jsou to nejv\u011bt\u0161\u00ed hity um\u011blc\u016f a museli rezonovat v t\u00fd dob\u011b \u010ceskoslovensk\u00e9 republiky, \u017ee jo samoz\u0159ejm\u011b, a kdy\u017e u\u017e tam zase vystupuj\u00ed t\u00fd mlad\u00ed um\u011blci, tak vlastn\u011b jsem vyb\u00edrala hudbu p\u00edsni\u010dky, kter\u00e1, kter\u00e9 se hraj\u00ed u n\u00e1s v r\u00e1d\u00edk, \u017ee jo, tak\u017ee jsou slavn\u00e9 na Slovensku samoz\u0159ejm\u011b, ale mus\u00ed se hr\u00e1t i u n\u00e1s v r\u00e1d\u00edk, aby ten poslucha\u010d si \u0159ekl, jo to zn\u00e1me, je to prost\u011b \u010deskoslovensk\u00fd projekt spojuj\u00ed n\u00e1s to po\u0159\u00e1d dohromady, i kdy\u017e jsme se vlastn\u011b rozd\u011blili, \u017ee jo. No spojuj\u00ed n\u00e1s toho spoustu spoustu spoustu pod\u00edvat, kdo tam v\u0161echno bude, tak spojuje to \u0160tefan Margita, \u017ee jo, kter\u00fd je slov\u00e1k z Ko\u0161ic, ano \u017eij\u00edc\u00ed \u017eij\u00edc\u00ed tady u n\u00e1s v Praze. P\u0159esn\u011b tak, ono jich ono jich je v\u00edce, no v\u00edme, \u017ee, \u017ee, \u017ee i Meky\u0161 Birka p\u0159esn\u011b tak, p\u0159esn\u011b tak Meky\u0161 Birka va\u0161u patejdl vlastn\u011b, na kter\u00e9ho tam m\u00e1me vzpom\u00ednku, kter\u00fd m\u011bl b\u00fdt v tomhle gala ve\u010deru v podstat\u011b s n\u00e1mi, a\u0165 n\u00e1s to teda velmi mrz\u00ed. A p\u0159ipomeneme samoz\u0159ejm\u011b velk\u00e9 tv\u00e1\u0159e lidi osobnosti \u010deskoslovenska, kter\u00e9 ode\u0161ly Karla Gota. M\u00e1me tam \u00fa\u017easn\u00e9ho mlad\u00e9ho zp\u00edv\u00e1ka Nikola Sep\u00fata, kter\u00fd zasp\u00edv\u00e1 d\u00ed za\u0161t\u011bst\u00edm, \u017ee jo a vzpomeneme na Han\u00ed\u010dku Zagorovou na d\u00e1m\u016f, \u017ee jo samoz\u0159ejm\u011b. Tak\u017ee va\u0161e patejdl Meky\u0161 Birka t\u011bch osobnost\u00ed je mnoho, mnoho j\u00e1 bych vzpom\u00ednala po\u0159\u00e1d, proto\u017ee vlastn\u011b tyhle lidi tady zanechali velk\u00fd odkaz, velk\u00fd odkaz. Prost\u011b ty hity se budou hr\u00e1t, budeme je poslouchat na\u0161e generace, je\u0161t\u011b na\u0161e d\u011bti, \u017ee jo a co hit prost\u011b, co p\u00edse\u0148 to hit, je to tak. A my mil\u00ed div\u00e1ci. Za chvili\u010dku se vr\u00e1t\u00edme, budem si pov\u00eddat a nejenom o tomto koncertu samoz\u0159ejm\u011b, proto\u017ee ty toho m\u00e1\u0161 na sv\u011bdom\u00ed hodn\u011b. Jsem, \u017ee na \u010dinu ano, \u017ee hra\u010dka matka. Je to tak bylo zm\u00edn\u011bno, j\u00e1 to nem\u00e1m teda \u00fapln\u011b r\u00e1d, aby n\u011bkdo p\u0159ipom\u00ednal, \u017ee jsi man\u017eelka taky slavn\u00e9ho hrdce, \u017ee man\u017eelka. Ano, ale je to takov\u00fd nej nejzn\u00e1m\u011bj\u0161\u00edho prince u n\u00e1s to se mus\u00ed, \u017ee j\u00e1 jsem na to hrd\u00e1, jsem j\u00e1 si to mysl\u00edm, j\u00e1 si tomu rozum\u00edm, ale ale ale jako z tohohle takov\u00fd to jako to je syn, to je man\u017eelka, to je dcera slavn\u00fd tom, ty to m\u00e1\u0161 za sebou tolik a tolik, \u010d\u00edm se m\u016f\u017ee\u0161 pochlubit i sama. Je to tak, samoz\u0159ejm\u011b, \u017ee se o tv\u00e9ho m\u016f\u017ee tro\u0161ku ot\u0159eme taky, no, m\u016f\u017eete p\u0159\u00edmo p\u0159\u00e1tkov\u011b, ale v ka\u017ed\u00e9m p\u0159\u00edpade p\u0159\u00edpad\u011b a\u017e po zpr\u00e1v\u00e1ch. Te\u010fka p\u0159epojeme do na\u0161eho spravodajsk\u00e9ho studia a poslechn\u011bte si, co v\u00e1s \u010dek\u00e1 ve zpr\u00e1v\u00e1ch dnes ve\u010der. Hezk\u00fd ve\u010der mil\u00ed div\u00e1ci, ministr pro m\u00edstn\u00ed rozvoj Ivan Barto\u0161 p\u0159edstavil dota\u010dn\u00ed v\u00fdzvu, kter\u00e1 m\u00e1 motivovat k rozvoji konceptu Smart Cities, tedy k aplikaci 5G s\u00edt\u00ed v regionech. Dozv\u00edte se tak\u00e9, \u017ee jiho moravsk\u00fd kraj st\u00e1le tr\u00e1p\u00ed n\u00e1r\u016fst migrant\u016f. Co se d\u011blo v Brn\u011b v\u00e1m bl\u00ed\u017ee p\u0159inese ve sv\u00e9 report\u00e1\u017ei kolega Ji\u0159\u00ed V\u00fdner. V\u00edte, co je to Telemedpoint? Moravskoslesk\u00fd kraj jako prvn\u00ed v republice financuje tuto zdravotn\u00ed slu\u017ebu, kterou ocen\u00ed zejm\u00e9na seniori. Vedle toho radn\u00ed v Prost\u011bjov\u011b na\u0161li zp\u016fsob, jak finan\u010dn\u011b podporovat sport, kulturu a vzd\u011bl\u00e1v\u00e1n\u00ed ve sv\u00e9m m\u011bst\u011b. To a mnoho dal\u0161\u00edho se dozv\u00edte ji\u017e za chv\u00edli ve ve\u010dern\u00edch zpr\u00e1v\u00e1ch. T\u011b\u0161\u00edme se na v\u00e1s. Je\u0161t\u011b jednou dobr\u00fd ve\u010der. Tady od n\u00e1s z ob\u00fdv\u00e1ku s n\u00e1mi sed\u00ed kr\u00e1sn\u00e1 pohledn\u00e1 \u017eena. \u017dena Pavla Tr\u00e1vn\u00ed\u010dka, Monika, producentka, producentka, pardon, producentka here\u010dka. Hlavn\u011b tedy v tomhle okam\u017eiku producentka, proto\u017ee si budeme pov\u00eddat je\u0161t\u011b o tom velik\u00e9m koncertu ke stop\u00e1t\u00e9mu v\u00fdro\u010d\u00ed vzniku \u010ceskoslovenska. P\u0159esn\u011b tak, my se vr\u00e1t\u00edme k t\u00e9 n\u00e1plni, proto\u017ee ty si \u0159\u00edkala, \u017ee tam zazn\u00ed spoustu n\u00e1dhern\u00fdch p\u00edsn\u00ed, a\u0165 u\u017e star\u0161\u00edch nov\u00fdch, tak m\u016f\u017ee\u0161 b\u00fdt konkr\u00e9tn\u011bj\u0161\u00ed t\u0159eba, kter\u00e9 p\u00edsn\u011b je, na kter\u00e9 p\u00edsn\u011b se je\u0161t\u011b div\u00e1ci m\u016f\u017eou t\u011b\u0161it. Tak vzhledem k tomu, \u017ee jsme zmi\u0148ovali vzpom\u00ednku na va\u0161a patejdla a je to pravda, \u017ee jsme si telefonovali je\u0161t\u011b o pr\u00e1zdn\u00edn\u00e1ch a hladili jsme repertu\u00e1r, co by tam vlastn\u011b m\u011blo zazn\u00edt. A pak, kdy\u017e jsem se rozv\u011bd\u011bla tu smutnou zpr\u00e1vu, \u017ee ode\u0161el v podstat\u011b, tak jsme \u0159\u00edkali, \u017ee ho v tom programu nech\u00e1me samoz\u0159ejm\u011b. Te\u010fka ty programy jsou p\u0159ed\u011blan\u00e9, ale po\u0159\u00e1d jsou tam tak\u00e9 dotazy, pro\u010d jsme ho tam nechali foto atd. \u0158\u00edk\u00e1m, byla tu osobnost a j\u00e1 bych ho nerada mazala, prost\u011b n\u011bco tady zanechal, zanechal n\u00e1m tady kr\u00e1sn\u00fd odkaz, kr\u00e1snou muziku a jsem velmi r\u00e1da, \u017ee se toho ujala Sisa Sklovsk\u00e1, kter\u00e1 vlastn\u011b mu zd\u00e1 hold p\u00edsn\u00ed Voda, \u010do dr\u017e\u00ed nad vodou. Samoz\u0159ejm\u011b zasp\u00edv\u00e1 i kr\u00e1snou p\u00edsni\u010dku od Mariky Gombitov\u00e9, v\u00fdznan\u00ed je n\u00e1dher, co\u017e Mariku m\u00e1me samoz\u0159ejm\u011b tak\u00e9 r\u00e1di oslovovali jsme ji, ale bohu\u017eel m\u00e1 jin\u00e9 aktivity, kdyby bylo po m\u00e9m, tak jsou tam v\u0161ichni um\u011blci \u010deskoslovensk\u00e1. J\u00e1 prost\u011b m\u00e1m r\u00e1da velk\u00e9 ve\u010dery, velk\u00e9 byl takovej 24 hodinov\u00fd non stop, to by byl takov\u00fd, jak to b\u00fdvalo, a je aj ke slb\u016fm test, \u017ee jo takov\u00fd to byl 4 hodinov\u00fd. To je to je m\u016fj styl, proto\u017ee v\u0161ichni \u0159\u00edkaj\u00ed, pro\u010d ty ve\u010dery d\u011bl\u00e1\u0161 tak dlouh\u00fd a j\u00e1 zase \u0159\u00edk\u00e1m, kdy\u017e u\u017e se \u010dlov\u011bk jako obl\u00edkne kr\u00e1sn\u011b a jde do t\u00fd spole\u010dnost, kolik m\u00e1te p\u0159est\u00e1vek a propo a propo m\u00e1me jenom jednu pauzi\u010dku na \u010d\u016fr\u00e1n\u00ed. D\u00e1te si drink k\u00e1vi\u010dku a program bude pokra\u010dovat m\u00e1me ho jenom 3 hodinov\u00fd, tak\u017ee to je\u0161t\u011b klasika Moniko nen\u00ed to m\u00e1lo, j\u00e1 bych je\u0161t\u011b p\u0159idala, ale v t\u011bch paus mysl\u00edm, je mo\u017en\u00e1, \u017ee se to rozd\u011blilo mo\u017en\u00e1, \u017ee se je\u0161t\u011b tak jako to zv\u00e1\u017e\u00edme a budeme prodlu\u017eovat d\u00e1me postupn\u011b p\u0159\u00eddavky a budem tam do p\u016flnoci, ono je po\u0159\u00e1d co slavit, proto\u017ee 105 let \u010ceskoslovenska je prost\u011b ud\u00e1lost, je to je to. Moniko a ty m\u00e1\u0161 ur\u010dit\u011b n\u011bjakou z\u00e1\u0161titu nebo patrona. Samoz\u0159ejm\u011b t\u00edm, jak je to velk\u00e1 ud\u00e1lost \u010ceskoslovensk\u00e1, tak jsme dostali z\u00e1\u0161titu ministerstva kultury od pana Baxi, kter\u00fd osobn\u011b doraz\u00ed na akci slovensk\u00e9 velvyslanectv\u00ed pan\u00ed velvyslankyn\u011b doraz\u00ed, tak\u017ee jsme velmi r\u00e1di, oslovili jsme p\u0159ijde pan Klaus, tak\u017ee to bude kr\u00e1sn\u00e1. Jestli si oslovila n\u011bjak\u00e9 politiky, nap\u0159\u00edklad bude, bude samoz\u0159ejm\u011b ot\u00e1zka samoz\u0159ejm\u011b, jestli si najdou \u010das v tom programu, ale pozv\u00e1n\u00ed dostali a samoz\u0159ejm\u011b n\u00e1s to pot\u011b\u0161\u00ed, aby u t\u00e9to v\u00fdznamn\u00e9 ud\u00e1losti byly. J\u00e1 bych se je\u0161t\u011b vr\u00e1til k tomu programu. M\u011bla z velk\u00fd probl\u00e9my s t\u00edm to pro\u0161krtat, proto\u017ee asi p\u0159esn\u011b si um\u00edm p\u0159edstavit, proto\u017ee kdybych takovou v\u011bc d\u011blal j\u00e1, tak si naspom\u00edn\u00e1m na v\u011bci a \u0159eknu, to tam mus\u00ed b\u00fdt, to tam mus\u00ed, tenhle tam mus\u00ed b\u00fdt, tohle to tam mus\u00ed b\u00fdt. Je to tak, a pak jako zjist\u00edm, \u017ee mi to nabopnalo tak, \u017ee se mi to nevejde, \u017ee se mi to tam nevejde, m\u00e1m to taky, proto\u017ee \u010dlov\u011bk hodn\u011b vejdi na tom internetu, studuje ty informace, a\u0165 u\u017e se to t\u00fdk\u00e1 historie, proto\u017ee zabrous\u00edme do historie vzniku \u010ceskoslovenska, \u017ee o federativn\u00ed republika, \u017ee jo atd. Budeme m\u011bjkovsk\u00fd smlouvy tam \u0159e\u0161it atd. Co n\u00e1s v\u0161ecko spojovalo ud\u00e1losti hlavn\u00edk, to v\u0161echno bude hudebn\u011b. Nenene mus\u00ed tam zazn\u00edt samoz\u0159ejm\u011b \u00fast moder\u00e1tor\u016f ve\u010der vlastn\u011b moderuj\u00ed s Karlem Vo\u0159\u00ed\u0161kem, co se ujela i dokonce moder\u00e1torsk\u00e9 funkce, tak\u017ee ty bude\u0161 tou moder\u00e1torkou ve\u010dera spolu s Karlem Vo\u0159\u00ed\u0161kem tak, jak jsem \u0159\u00edkala, \u017ee jsem \u017eena \u010dinu a co si neud\u011bl\u00e1m, to nem\u00e1m, tak\u017ee si to z\u00e1rove\u0148 i uvedu a samoz\u0159ejm\u011b jsem r\u00e1da, \u017ee m\u00e1m k sob\u011b profesion\u00e1ln\u00edho parti\u00e1ka, co\u017e Karel Vo\u0159\u00ed\u0161ek samoz\u0159ejm\u011b je a tro\u0161ku m\u011b podr\u017e\u00ed v tom. Tak\u017ee jsme \u0161krtali, \u0161krtali, \u0161krtali, proto\u017ee ten ve\u010der by byl dlouh\u00fd a zmi\u0148ovat vlastn\u011b um\u011blce v\u016fbec jejich historii, kde hr\u00e1li, co vydali za p\u00edsni\u010dky, za songy, kde v\u0161ude cestovali ve sv\u011bt\u011b, a\u0165 u\u017e to byl \u0160tefan Margita laskala, \u017ee jo. Mil\u00e1nsk\u00e1 prost\u011b opera tyhle ty metropolitn\u00ed opery nebo hoslov\u00fd virtus Jaroslav Sv\u011bcen\u00fd, kter\u00fd hr\u00e1l v Mexiku, \u010c\u00edn\u011b v\u016fbec po cel\u00e9m sv\u011bt\u011b. Mysl\u00edm, \u017ee ten ve\u010der byl stra\u0161n\u011b moc dlouh\u00fd, tak\u017ee ono \u0161krt\u00e1te, \u0161krt\u00e1te a pak jako n\u011bjak\u00fd z\u00e1klad tam mus\u00ed z\u016fstat, ale zas m\u011b tam v podstat\u011b opravdu nejv\u011bt\u0161\u00ed h\u00fddy t\u011bch muzikant\u016f pr\u016f\u0159ez takovej kr\u00e1snej bude to multi\u017e\u00e1nov\u00fd ve\u010der, jak jsme zmi\u0148ovali swing pop opera. \u0158\u00edkala si, \u0159\u00edkala si, \u017ee to bude dlouh\u00fd jednou z jednou pauzou. Ano p\u0159edpokl\u00e1d\u00e1te tedy d\u00e9lku 3 hodiny, 3 hodiny, 3 hodiny, 3 hodiny i s pauzou, to bude samoz\u0159ejm\u011b mus\u00edme tro\u0161ku to usp\u016fsobit d\u00edv\u00e1k\u016fm p\u0159ece jenom p\u0159ijedou za n\u00e1mi z cel\u00e9 \u010cesk\u00e9 republiky, ale zejm\u00e9na i ze Slovensk\u00e9 republiky, tak\u017ee mus\u00ed se to p\u0159izp\u016fsobit, aby st\u00edhali svoje aktivity d\u00e1l, proto\u017ee pak bude v\u00edkend a je pravda, \u017ee, \u017ee sm\u011brem na v\u00fdchod to pop\u016flnoci u\u017e moc nejezd\u00ed, je pravda, tak\u017ee mus\u00ed st\u00edhnout do p\u016flnoci vlak sm\u011br Slovensko a tak d\u00e1le, co je kr\u00e1sn\u00fd Moniko, \u017ee aspo\u0148 na ty 3 hodiny se kone\u010dn\u011b zase spoj\u00edme, spoj\u00edme dohromady, j\u00e1 stejn\u011b si mysl\u00edm, \u017ee to tak jednou dopadne a zase se spoj\u00edme, proto\u017ee vlastn\u011b v\u016fbec lidi um\u011blci hudba spojuje ty lidi, \u017ee ud\u00e1vaj\u00ed dohromady. J\u00e1 bych byla r\u00e1da, aby jsme se spojili, j\u00e1 sama jsem \u010deskoslovensk\u00e9 d\u00edt\u011b, otce m\u00e1m slov\u00e1ka, tak\u017ee, ke\u010f n\u011bkdo hovor\u00ed po slovensku, tak naozaj j\u00e1 se tak rozsv\u011bt\u00edm, \u017ee to je \u00fa\u017easn\u00e1, \u00fa\u017easn\u00fd jazyk tady ta sloven\u0161tina ne je pravda, \u017ee teda ta mlad\u00e1 generace u\u017e tomu tro\u0161ku nerozum\u00ed, \u017ee u\u017e je to pro n\u011bj ciz\u00ed jazyk, ale m\u011blo by jsme se asi tro\u0161ku vr\u00e1tit. Je tak napadlo, j\u00e1 v\u00edm, \u017ee u\u017e tro\u0161ku sko\u010d\u00edme z t\u00fd kultury do t\u00fd politiky, ale vzhledem k tomu, \u017ee se\u0161 \u010deskoslovensk\u00e9 d\u00edt\u011b, jak ty si pro\u017e\u00edvala vlastn\u011b p\u0159ed t\u011bmi skoro t\u0159iceti lety, jestli se nem\u00fdlim rozd\u011blen\u00ed \u010deskoslovensk\u00e1. No tak \u010dlov\u011bk to samoz\u0159ejm\u011b vn\u00edm\u00e1, proto\u017ee tam m\u00e1te \u010d\u00e1st rodiny, \u017ee jo na tom slovensku. Tak jako ty zm\u011bny jsou \u017ee jo po v\u0161ech str\u00e1nk\u00e1ch, ale jako kdo chce, tak jako poc\u00edtila z toho, jako\u017ee se to zm\u011bnilo, jako \u00fapln\u011b ne, jako byla jsem samoz\u0159ejm\u011b d\u00edt\u011bjo, tak\u017ee to \u010dlov\u011bk tolik nevn\u00edm\u00e1, proto\u017ee ho to nezaj\u00edm\u00e1, maj\u00ed jin\u00fd aktivity, na rodi\u010de, ale ty rodi\u010de v\u00edc to pro\u017e\u00edvaly, pro\u017e\u00edvaj\u00ed ty politick\u00fd v\u011bci, stra\u0161n\u011b se to \u0159e\u0161\u00ed, \u017ee jo v rodin\u00e1ch atd. Ale my jako d\u011bti jsme to nevn\u00edmali, ne\u0159e\u0161ili, ale t\u00edm sp\u00ed\u0161 vlastn\u011b k tomu \u010dlov\u011bk te\u010fka v t\u00e9hle dob\u011b nach\u00e1z\u00ed tu cestu a vlastn\u011b si \u0159\u00edk\u00e1, \u017ee to bylo vlastn\u011b fajn, kdy\u017e jsme byli jako spojen\u00fd, proto\u017ee jsme m\u011bli vlastn\u011b v\u0161echno, byli jsme sob\u011b sta\u010dn\u00fd, byli jsme n\u00e1rod sob\u011b, \u017ee jo atd. Byli jsme siln\u011bj\u0161\u00ed samoz\u0159ejm\u011b. Uvid\u00edme, uvid\u00edme, co n\u00e1s \u010dek\u00e1, no. Mysl\u00edm, \u017ee by bylo p\u0159esn\u011b, jak si \u0159\u00edkala dobr\u00fd budoucnou mo\u017en\u00e1 zase ty dva n\u00e1rody kr\u00e1sn\u011b spojit, ale aspo\u0148 se spoj\u00ed na tom koncertu, tak\u017ee to aspo\u0148 \u0159\u00edk\u00e1m ty 3 hodiny si to zase p\u0159ipomeneme a ur\u010dit\u011b se div\u00e1ci maj\u00ed na co t\u011b\u0161it. Ur\u010dit\u011b se budou m\u00edt na co t\u011b\u0161it, proto\u017ee doprov\u00e1z\u00ed tento ve\u010der orchestr Karla Vlacha, kter\u00fd byl v\u011bhlasn\u00fd, \u017ee on byl nejslavn\u011bj\u0161\u00ed orchestr \u010ceskoslovenska taky. Tak\u017ee otev\u0159eme to p\u00edsn\u00ed slavnou. Indem\u016ft potom Glenna Milera tam zazn\u00ed, \u017ee jo v podstat\u011b budou to sam\u00e9 \u0161l\u00e1kry, tak\u017ee t\u011b\u0161\u00edm se, t\u011b\u0161\u00edm se, t\u011b\u0161\u00edm se. Asi t\u0159eba nerv\u00f3zn\u011b jako moder\u00e1torka. No tak ta nervozita tam je samoz\u0159ejm\u011b, tak vy to zn\u00e1te zdrav\u00e1 nervozita. Tak j\u00e1 jsem sp\u00ed\u0161 nerv\u00f3zn\u00ed z t\u011bch produk\u010dn\u00edch v\u011bc\u00ed okolo, aby v\u0161echno b\u011b\u017eelo, aby byli v\u0161ichni spokojen\u00fd, m\u011bli servis. Hlavn\u011b, kdy\u017e \u010dlov\u011bk vid\u00ed jako zapln\u011bn\u00e9 hledi\u0161t\u011b, co\u017e v\u00edte nejv\u00edc, tak to \u010dlov\u011bka nab\u00edj\u00ed a pak vydechne a \u0159ekne si, poda\u0159ilo se to. My se s Monikou je\u0161t\u011b nelou\u010d\u00edme, ale te\u010fka si n\u011bco dobr\u00e9ho uva\u0159\u00edme. Zdrav\u00edm op\u011bt laboratoria. Poj\u010fte si dneska p\u0159ipravit italskou klasiku t\u011bstoviny a la rabbiata. Velmi jednoduch\u00e1 z\u00e1le\u017eitost. Co k tomu budete pot\u0159ebovat? Zcela jist\u011b \u010desnek, olivov\u011bj olej, s\u016fl, p\u00e9p\u0159, raj\u010data, u\u017e z konzervy pro tlaku. V\u017edycky a z\u00e1sadn\u011b sna\u017ete se koupit italsk\u00fd a tohle jsou loupan\u00fd raj\u010data. To je d\u016fle\u017eit\u00e1 v\u011bc. V p\u0159\u00edpad\u011b, \u017ee koup\u00edte ze \u0161lubkou, tak budete m\u00edt probl\u00e9m. \u010cern\u00e9 olivy, \u010dili papri\u010dku su\u0161enou nebo \u010derstvou. M\u016f\u017eete p\u0159idat tro\u0161ku pro tlaku, aby to m\u011blo v\u00edc chut\u00ed. Budete pot\u0159ebovat baz\u00e1lku a pokud to chcete ud\u011blat o n\u011bco lep\u0161\u00ed, ne\u017e to d\u011blaj\u00ed sousedi nebo va\u0161i zn\u00e1m\u00ed, tak do toho p\u0159idejte jedno nebo dv\u011b \u010derstv\u00fd raj\u010data. Ty raj\u010data zbav\u00edte slupky, tak\u017ee je tady naho\u0159e takhle na\u0159\u00edznete do k\u0159\u00ed\u017ee a d\u00e1te je na chvili\u010dku do va\u0159\u00edc\u00ed vody. Tu vodu pou\u017eijem na t\u011bstoviny a tu vodu osol\u00edme. U\u017e j\u00ed m\u00e1m osolenou. Ta voda, kdy\u017e j\u00ed ochutn\u00e1te, je chutn\u00e1, jak kdybyste vylezli z mo\u0159e, kdy\u017e se vol\u00edznete. Ty raj\u010data v t\u00e9 va\u0159\u00edc\u00ed vod\u011b nech\u00e1te 30-40 vte\u0159in, aby ta slupka povolila. Pak ty raj\u010data je klevemete, d\u00e1te do misky a d\u00e1te do studen\u00fd vody. T\u00edm zastav\u00edte ten proces t\u011bch raj\u010dat, kr\u00e1sn\u011b je voloupete. Budete pot\u0159ebovat t\u0159i strou\u0161ky \u010desneku. To u\u017e jsme si uk\u00e1zali, jak se s \u010desnekem zach\u00e1z\u00ed. Vezmete, lehce do n\u011bj klepnete, na n\u011bm praskne ta \u0161lupka, pak ten \u010desnek cel\u00fd ploupe. Ten \u010desnek by se m\u011bl podstatn\u011b l\u00edp loupat. D\u00edky tomu, \u017ee jsme do toho takhle klepli, tak ta \u0161lupka kr\u00e1sn\u011b jde takhle odd\u011blit. Tak\u017ee vezmete \u010desnek a d\u00e1te si z\u00e1le\u017eet, aby ty pl\u00e1tky pokud mo\u017eno byly stejn\u011b siln\u00fd. Nah\u0159ejete si p\u00e1nevi\u010dku na dv\u011b t\u0159etiny. P\u0159id\u00e1te l\u017e\u00edci a\u017e dva olivov\u00fdho oliva. To u\u017e jsme si \u0159\u00edkali v\u017edycky a z\u00e1sadn\u011b. Extra virgin olive oil. P\u0159id\u00e1te \u010desnek do oleje. P\u0159id\u00e1te papri\u010dku nebo dv\u011b. Bu\u010f m\u00e1te \u010derstvou, nebo vezmete takhle suchou. Z\u00e1le\u017e\u00ed, co doma m\u00e1te, co p\u0159ed\u0148os\u0148ujete. A co j\u00e1 v\u017edy doporu\u010duju, to za\u010dn\u011bte d\u011blat, a\u017e budete m\u00edt z v\u011bt\u0161\u00ed \u010d\u00e1sti vom\u00e1\u010dku p\u0159ipravenou. Triky tal\u016f je trv\u00fd v tom, \u017ee ty t\u011bstoviny dova\u0159\u00edte v tom sosu. To znamen\u00e1, \u017ee ta t\u011bstovina je\u0161t\u011b do sebe nabere chu\u0165. Jakmile n\u00e1m ten \u010desnek za\u010dne zl\u00e1tnout, tak to je pro n\u00e1s impuls, kdy pou\u017eijeme konzervovan\u00fd raj\u010data. Raj\u010data p\u0159id\u00e1te k \u010desneku. Tro\u0161inku jim takhle pom\u016f\u017eete. Pokud stoj\u00edte o to, aby ta v\u011bc byla dobr\u00e1, tak v \u0159eli doporu\u010duju p\u0159idat je\u0161t\u011b tro\u0161inku protlaku, kter\u00fd pom\u016f\u017ee zv\u00fdraznit chu\u0165 t\u011bch rajsk\u00fdch. Tohle cel\u00fd p\u0159ivedete do varu a kr\u00e1tce pova\u0159\u00edte. Te\u010f voloupete ty rajsk\u00fd. Pro\u010d t\u011bch rajsk\u00fdch sund\u00e1v\u00e1me tu slubku? Velmi jednoduch\u00fd. Kdy\u017e to rajsk\u00fd bych vzal a cel\u00fd bych ho nakr\u00e1jel, tak tahle slubka, kdy\u017e p\u0159ijde do tepla, tak se za\u010dne rolovat do takov\u00fdch r\u016fli\u010dek a funguje to, jak kdybyste v tom j\u00eddle m\u011bli nal\u00e1man\u00fd p\u00e1r\u00e1tka. To znamen\u00e1, \u017ee ta slubka se v\u00e1m m\u016f\u017ee zap\u00edchnout mezi zuby, po p\u0159\u00edpad\u011b od\u00e1se\u0148 a to j\u00eddlo ztr\u00e1c\u00ed ten komfort. Takhle kr\u00e1sn\u011b voloupem. Tohle, co j\u00e1 te\u010f d\u011bl\u00e1m, je n\u011bco extra. To jako nemus\u00edte d\u011blat, ale v p\u0159\u00edpad\u011b, \u017ee to ud\u011bl\u00e1te, tak m\u00e1te cel\u00e1 v\u00fdjime\u010dnou pastu, kter\u00e1 bude \u010derstv\u00e1. Z t\u011bch rajsk\u00fdch vykroj\u00edte ty vnit\u0159ky. M\u016f\u017eete pou\u017e\u00edt do va\u0161eho dal\u0161\u00edho sosu nebo na n\u011bco jin\u00e9ho a nech\u00e1te si vlastn\u011b jenom takhle v uvozovk\u00e1ch to maso z t\u011bch rajsk\u00fdch. A proto\u017ee j\u00e1 u\u017e ten sos m\u00e1m kr\u00e1sn\u011b prova\u0159en\u00fd, akor\u00e1t m\u011b tam p\u0159ijde tro\u0161enku oliv a trochu baz\u00e1lky. Tak co j\u00e1 te\u010f m\u016f\u017eu ud\u011blat? Kone\u010dn\u011b te\u010f d\u00e1me va\u0159it t\u011bstoviny. Tady do t\u011bch t\u011bstovin pat\u0159\u00ed pen\u00e9 rigatoni. Tak\u017ee d\u00e1te do va\u0159\u00edc\u00ed vody, kter\u00e1 je pat\u0159i\u010dn\u011b osolen\u00e1. Ty rajsky takhle vemete. Takhle hezky nakr\u00e1jte na pl\u00e1tky a na kosti\u010dky. Tohle je to, co p\u0159id\u00e1te potom do toho sosu v z\u00e1v\u011bru a ty rajsky jenom v tom poh\u0159ejete. Nebudete je v tom va\u0159it louz\u00e9, proto\u017ee to je ten d\u016fvod, pro\u010d jsme je do toho dali, aby z\u016fstaly p\u011bkn\u011b \u010derstv\u00ed. Ty rajsky jenom poh\u0159ejete. Budeme pot\u0159ebovat tro\u0161ku \u010dernejch oliv, kter\u00fd lehce posek\u00e1te. Je to na v\u00e1s, jak velk\u00fd je nech\u00e1te. Pokud chcete, aby v tom ty olivy byly v\u00fdrazn\u00fd, tak je nesek\u00e1te moc na jemno. Pokud chcete, aby se sp\u00ed\u0161 v tom ztr\u00e1celi, tak je posek\u00e1te na jemno. Vezmete si baz\u00e1lku, vezmete tyhle velk\u00fd listy, samoz\u0159ejm\u011b ho\u0159\u00ed\u0161ek baz\u00e1lky jsme nechali na ozdobu. Stonek ned\u00e1v\u00e1te. Vezmete ty listy, p\u011bkn\u011b takhle kr\u00e1jte na jemno. Baz\u00e1lku d\u00e1v\u00e1te skor\u00e9m a\u017e na konec. Sos m\u00e1me kr\u00e1sn\u011b prova\u0159en\u00fd. M\u016f\u017eeme te\u010f do toho p\u0159idat ty olivy. P\u011bkn\u011b zato\u010d\u00edme, nech\u00e1me proh\u0159\u00e1t. Jdeme se pod\u00edvat na t\u011bstoviny. Samoz\u0159ejm\u011b na m\u00edst\u011b, \u017ee ten sos pochutn\u00e1te, za m\u011b fantastick\u00fd. Nepatrn\u011b p\u0159isol\u00edm, p\u0159id\u00e1m trochu pep\u0159e. V\u017edycky pou\u017e\u00edvejte \u010derstv\u011b namletej pep\u0159, proto\u017ee jedin\u011b ten pep\u0159 v tom vynikne a d\u00e1 tomu tu chu\u0165. Jdeme se pod\u00edvat na t\u011bstoviny, kter\u00e9 m\u00e1me. Na sos chvili\u010dku po\u010dk\u00e1me. To je ta situace, kdy tohle je ta verze, kterou vy pot\u0159ebujete ud\u011blat. Sos m\u00e1te p\u0159ipraven\u00fd, po p\u0159\u00edpad\u011b ho d\u00e1te na stranu, kdy\u017e m\u00e1te su\u0161en\u00fd t\u011bstoviny. V tomhle p\u0159\u00edpad\u011b chvili\u010dku budeme \u010dekat, a\u017e se n\u00e1m t\u011bstoviny dod\u011blaj\u00ed. D\u00e1me tomu p\u00e1r minut. Jak u\u017e jsem n\u011bkolikr\u00e1t zm\u00ednil, su\u0161en\u00fd t\u011bstoviny d\u011bl\u00e1te pokud mo\u017eno al dente. To je, aby z\u016fstali hezky na zkus\u00ed. Te\u010f do toho p\u0159id\u00e1me \u010derstv\u00ed raj\u010data, kterou jsme v blazalku posekali. T\u011bstoviny m\u00e1te vyndan\u00e9. P\u0159id\u00e1te olivov\u00fd olej. M\u016f\u017eete pou\u017e\u00edt \u010derstv\u00edho pep\u0159e na vrch. Rigatoniala rabiata. Jednoduch\u00e1 v\u011bc. J\u00e1 v\u00e1m d\u011bkuju a p\u0159eju dobrou kultu.","nbla_serie":"4200","nbla_season":"2023","nbla_episode":"24","nbla_duration":"1695.92","nbla_genre":"","nbla_editorial_format":"","nbla_mtime":"1697887297","nbla_url":"https:\/\/origin.a11.cz\/vod\/8rfc6l3tuc6iq9ih2f87p94sh.mp4","nbla_version":"1697887297","nbla_odvysilano":"Ano","bunny_id":"c65ed195-3702-42a4-ba0d-f365d049643e","youtube_id":"","datum_vydani":"20231021","stopaz":"1695.92","dokument":[],"video_to":[]},"_links":{"self":[{"href":"https:\/\/tv.a11.cz\/api\/wp\/v2\/video\/12500","targetHints":{"allow":["GET"]}}],"collection":[{"href":"https:\/\/tv.a11.cz\/api\/wp\/v2\/video"}],"about":[{"href":"https:\/\/tv.a11.cz\/api\/wp\/v2\/types\/video"}],"author":[{"embeddable":true,"href":"https:\/\/tv.a11.cz\/api\/wp\/v2\/users\/8"}],"wp:featuredmedia":[{"embeddable":true,"href":"https:\/\/tv.a11.cz\/api\/wp\/v2\/media\/12551"}],"wp:attachment":[{"href":"https:\/\/tv.a11.cz\/api\/wp\/v2\/media?parent=12500"}],"wp:term":[{"taxonomy":"category","embeddable":true,"href":"https:\/\/tv.a11.cz\/api\/wp\/v2\/categories?post=12500"},{"taxonomy":"porad","embeddable":true,"href":"https:\/\/tv.a11.cz\/api\/wp\/v2\/porad?post=12500"},{"taxonomy":"region","embeddable":true,"href":"https:\/\/tv.a11.cz\/api\/wp\/v2\/region?post=12500"},{"taxonomy":"kategorie","embeddable":true,"href":"https:\/\/tv.a11.cz\/api\/wp\/v2\/kategorie?post=12500"}],"curies":[{"name":"wp","href":"https:\/\/api.w.org\/{rel}","templated":true}]}}