{"id":12495,"date":"2023-10-19T14:50:50","date_gmt":"2023-10-19T12:50:50","guid":{"rendered":"https:\/\/tv.a11.cz\/?post_type=video&#038;p=12495"},"modified":"2023-10-23T12:36:29","modified_gmt":"2023-10-23T10:36:29","slug":"dobry-vecer-s-a11-19-10-2023-2-cast","status":"publish","type":"video","link":"https:\/\/tv.a11.cz\/video\/dobry-vecer-s-a11-19-10-2023-2-cast\/","title":{"rendered":"Dobr\u00fd ve\u010der s A11 19.10.2023 &#8211; 2.\u010d\u00e1st"},"content":{"rendered":"","protected":false},"excerpt":{"rendered":"<p>Pokra\u010dujeme v na\u0161em pov\u00edd\u00e1n\u00ed. Jak se u Tr\u00e1vn\u00ed\u010dk\u016f tr\u00e1v\u00ed V\u00e1noce, kdy\u017e je tr\u00e1v\u00ed s princem?<\/p>\n","protected":false},"author":8,"featured_media":12553,"template":"","categories":[173],"porad":[245],"region":[],"kategorie":[],"class_list":["post-12495","video","type-video","status-publish","has-post-thumbnail","hentry","category-ze-spolecnosti","porad-dobry-vecer-s-a11"],"acf":[],"meta_box":{"nbla_idec":"A2390024B","nbla_title":"Dobr\u00fd ve\u010der s A11","nbla_subtitle":"19.10.2023 - 2.\u010d\u00e1st","nbla_summary":"","nbla_description":"","nbla_transcription":"Sme zp\u00e1tky u n\u00e1s v ob\u00fdv\u00e1ku, mil\u00ed div\u00e1ci, jsme zp\u00e1tky samoz\u0159ejm\u011b s Monikou Tr\u00e1vn\u00ed\u010dkovou, producentkou, here\u010dkou, matkou, matkou. Kr\u00e1sn\u011b jsi to \u0159ekl. Moniko, jak u Tr\u00e1vn\u00ed\u010dk\u016f tr\u00e1v\u00edte V\u00e1noce? Zcela tradi\u010dn\u011b u poh\u00e1dky T\u0159i o\u0159\u00ed\u0161ky pro popelku. Tak to je velmi \u010dast\u00e1 ot\u00e1zka, byla by tam n\u011bjak\u00e1 lep\u0161\u00ed. J\u00e1 se za n\u00ed omlouv\u00e1m, ale ono je to hrozn\u011b na snad\u011b. Ono si to nab\u00edz\u00ed samoz\u0159ejm\u011b, m\u00e1m doma prince, \u017ee jo, prince na b\u00edl\u00e9m koni. No ty se\u0161 vlastn\u011b princezna t\u00edm p\u00e1dem. J\u00e1 jsem princezna, no. Dneska te\u010f u\u017e skoro kralovna, u\u017e m\u00e1te princ\u00e1tko doma. U\u017e m\u00e1me to princ\u00e1tko mal\u00fd doma, tak\u017ee. No po\u010dkej, ale vy m\u00e1te p\u0159eci dv\u011b d\u011bti. Jo. A to druh\u00fd. A to druh\u00fd je kter\u00fd? No Pavel m\u00e1 p\u0159eci syna z prvn\u00edho man\u017eelstv\u00ed. Pavel m\u00e1 dva syny. Tak\u017ee t\u0159i. M\u00e1 t\u0159i syny. M\u00e1 t\u0159i, jako z poh\u00e1dky. P\u0159esn\u011b tak, je to p\u0159esn\u011b jak z poh\u00e1dky. Jako z poh\u00e1dky, je to tak. No Moniko, ale my jsme se dostali k t\u011bm V\u00e1noc\u016fm, proto\u017ee jsou samoz\u0159ejm\u011b spojen\u00fd s poh\u00e1dkou T\u0159i o\u0159\u00ed\u0161ky pro popelku. Ale oni letos ty o\u0159\u00ed\u0161ky a popelka hlavn\u011b oslav\u00ed 50 let. P\u0159esn\u011b tak, je to velk\u00e1 ud\u00e1lost, a\u0165 se to nezd\u00e1, tak je to a\u017e neuv\u011b\u0159iteln\u00e9, \u017ee n\u011bco vydr\u017eelo 50 let na t\u011bch nejvy\u0161\u0161\u00edch p\u0159\u00ed\u010dk\u00e1ch, jak u n\u00e1s, tak zejm\u00e9na ve sv\u011bt\u011b za hranicemi. A mus\u00edm podotknout, \u017ee vlastn\u011b d\u00edky V\u00e1clavovi Vorl\u00ed\u010dkovi, \u017ee se tato poh\u00e1dka vlastn\u011b p\u0159esunula za hranice. A vlastn\u011b. To je v podstat\u011b takov\u00fd fenom\u00e9n u\u017e. Je to fenom\u00e9n nejenom u n\u00e1s, v N\u011bmecku, v Norsku, Rusku samoz\u0159ejm\u011b, jo. Tak\u017ee v\u0161echny v\u011bkov\u00e9 kategorie za to r\u00e1da, \u017ee to je vlastn\u011b poh\u00e1dka pro v\u0161echny generace. \u010cetr\u00fd den, co\u017e vlastn\u011b r\u00e1da \u0159\u00edk\u00e1m a \u0159\u00edk\u00e1m to s oblibou, \u017ee vlastn\u011b v\u0161echno je pom\u00fdv\u00e9, jenom popelka je v\u011b\u010dn\u00e1. Je to tak, proto\u017ee vlastn\u011b j\u00e1 jsem ta sestava, ta konstelace t\u011bch um\u011blc\u016f, t\u011bch herc\u016f. J\u00e1 jsem \u010dekal, \u017ee \u0159ekne\u0161 jenom tr\u00e1vn\u00ed\u010dek je v\u011b\u010dnej. Tr\u00e1vn\u00ed\u010dek, kter\u00e1 pouhrav\u00ed na to tro\u0161ku. P\u0159esn\u011b tak, ne, je to neuv\u011b\u0159iteln\u00fd. Psal se rok 1973, co\u017e j\u00e1 jsem teda nebyla je\u0161t\u011b v\u016fbec na sv\u011bt\u011b. Ani j\u00e1 ne. Je to teda neskute\u010dn\u00fd, \u017ee v\u016fbec za t\u00fd v t\u00fd dob\u011b nato\u010dili legend\u00e1rn\u00ed popelku, a\u010dkoliv by n\u011bkdo z nich tu\u0161il, \u017ee to bude vele \u00fasp\u011b\u0161n\u00e1 poh\u00e1dka nad\u010dasov\u00e1. Pro v\u0161echny bude to tradi\u010dn\u00ed prost\u011b \u0161t\u011bdro ve\u010dern\u00ed poh\u00e1dka ka\u017edej rok, a bez toho si vlastn\u011b nikdo nedok\u00e1\u017eeme v\u016fbec p\u0159edstavit V\u00e1noce. A mus\u00edm \u0159\u00edct, \u017ee tato poh\u00e1dka je i v na\u0161\u00ed dom\u00e1cnosti samoz\u0159ejm\u011b, \u017ee jo, a\u0165 man\u017eel jako nerad \u0159\u00edk\u00e1, \u017ee se sleduje, \u017ee se pozoruje, ale tahle poh\u00e1dka opravdu b\u011b\u017e\u00ed u n\u00e1s na V\u00e1noce. Pavel v\u017edycky hl\u00e1dne o t\u011bch 50 let, a \u0159\u00edk\u00e1 si, tam byla takov\u00e1 hrozn\u00e1 zima, jak jsme to mohli v\u016fbec vydr\u017eet v t\u011bch pun\u010doch\u00e1\u010d\u00edch, to je\u0161t\u011b zimy pr\u00fd b\u00fdvaly, \u017ee jo samoz\u0159ejm\u011b, tak ono b\u00fdvaly je\u0161t\u011b p\u0159ed 20 lety, te\u010f u\u017e takov\u00e9 zimy neb\u00fdvaj\u00ed. Je pravda, \u017ee ta popelka m\u00e1 nejv\u011bt\u0161\u00ed kouzlo v tom, \u017ee to je zimn\u00ed poh\u00e1dka a nem\u011bla, m\u011bla se to\u010dit na ja\u0159e v l\u00e9t\u011b, nestihlo se to. P\u00e1na Orl\u00ed\u010dka, \u017ee to m\u011bla b\u00fdt letn\u00ed poh\u00e1dka to tak, tak\u017ee samoz\u0159ejm\u011b v\u0161echno zl\u00e9 je pro n\u011bco dobr\u00e9 a mysl\u00edm si, \u017ee to pr\u00e1v\u011b ta zima, pro\u010d se to nestihlo, to dalo. A dokonce popelka m\u011bla b\u00fdt Jana Prajzov\u00e1. Je to tak, je to tak, ale Libu\u0161ka \u0160afr\u00e1nkov\u00e1 je jedine\u010dn\u00e1 popelka prost\u011b, to jsou lid\u00e9 osobnosti, kte\u0159\u00ed se rod\u00ed za 100 let a k tomu \u00fa\u017easn\u00e1 hudba Karla Svobody, Karel Gott, kde pak ty pt\u00e1\u010dku hn\u00edzd\u016f m\u00e1\u0161. Pecka. No to m\u00e1me kr\u00e1sn\u00fd 50 let popelky. J\u00e1 mus\u00edm \u0159\u00edct, \u017ee vlastn\u011b b\u011bhem tohoto cel\u00e9ho roku vlastn\u011b slav\u00edme n\u011bkolik ud\u00e1lost\u00ed, \u017ee jo, a\u0165 v n\u011bmecku man\u017eel dostal cenu za celo\u017eivotn\u00ed d\u00edlo z n\u011bmeck\u00fd strany, nebo\u0165 ta popelka je takov\u00e1 modla n\u011bmeck\u00e1, oni teda pova\u017euj\u00ed p\u0159ev\u00e1\u017en\u011b za sv\u016fj poh\u00e1d. Mo\u017en\u00e1, te\u010f somt\u011b\u0159\u00ed mo\u017en\u00e1 v\u011bt\u0161\u00ed ne\u017e u n\u00e1s, v\u011bt\u0161\u00ed ne\u017e u n\u00e1s, ale vlastn\u011b d\u00edky tomu, \u017ee slav\u00edme 50 let, tak jsem vlastn\u011b dala man\u017eelovi takov\u00fd kr\u00e1snej d\u00e1rek, nebo\u0165 si toho velmi v\u00e1\u017e\u00edm v\u016fbec jeho osobnosti, tak si mysl\u00edm, \u017ee si taky zaslou\u017e\u00ed ocen\u011bn\u00ed. Tak jsem mu darovala O2 ar\u00e9nu popelku 50 let v\u00fdro\u010d\u00ed a bude to vlastn\u011b s \u010desk\u00fdm n\u00e1rodn\u00edm symfonick\u00fdm orchestrem \u017eivej life a tam dostane cenu od pana ministra. Pros\u00edm t\u011b, neprozradila si te\u010fka jako neprozraduje\u0161 n\u011bco, co j\u00e1 nepr\u00e1v\u011b, \u017ee on u\u017e to u\u017e to u\u017e, proto\u017ee ty oslavy prob\u00edhaj\u00ed b\u011bhem cel\u00e9ho roku a pl\u00e1nuje se z\u00e1\u0159ej m\u011b s velk\u00fdm p\u0159est\u00edhem, tak\u017ee u\u017e to v\u00ed a v listopadu vlastn\u011b zah\u00e1j\u00edme takzvanou kamp\u00e1n\u00ed, kde vlastn\u011b v\u0161echny div\u00e1ky zveme u\u017e 14.11.2024 do O2 ar\u00e9ny, ale vzhledem k tomu, \u017ee to v\u00fdro\u010d\u00ed je tak velk\u00e9, tak vlastn\u011b man\u017eel si dovolil vydat, napsat svoji autobiografii Pavla Tr\u00e1vn\u00ed\u010dka, a\u0165 u\u017e tam jsou zaznamenan\u00e9 jeho za\u010d\u00e1tky kari\u00e9ra, studium na jamu, po\u010d\u00e1tky nat\u00e1\u010den\u00ed popelky t\u0159et\u00edho prince, seri\u00e1ly, dubbing, doremi prost\u011b v\u0161echno, co za\u017eil, tak\u017ee si nad\u011blal tuhle kr\u00e1snou knihu autobiografii, kter\u00e1 s chodou okolnost\u00ed tak\u00e9 v\u00fdjde v listopadu u t\u00e9 p\u0159\u00edle\u017eitosti, kdy my vlastn\u011b ozn\u00e1m\u00edme O2 ar\u00e9nu a vyd\u00e1vaj\u00ed spole\u010dnost, nev\u00edme, jestli to m\u016f\u017eu tady zmi\u0148ovat, Charon Media vlastn\u011b napsali spole\u010dn\u011b s re\u017eis\u00e9rem, autorem Ond\u0159ejem Slaninou a je to kr\u00e1sn\u00fd, proto\u017ee se tam objev\u00ed takov\u00e9 kr\u00e1sn\u00e9 fotky, kter\u00e9 nebyly publikovan\u00e9, a\u0165 u\u017e z film\u016f poh\u00e1dek ze soukrom\u00ed, tak\u017ee mysl\u00edm si, \u017ee si div\u00e1ci \u010dten\u00e1\u0159i p\u0159ijdou na sv\u00e9 kr\u00e1sn\u00fd a ty mu ur\u010dit\u011b taky pom\u00e1h\u00e1\u0161 organiza\u010dn\u011b samoz\u0159ejm\u011b tak v\u016fbec ps\u00e1t dneska knihu je to velmi slo\u017eit\u00e9 a v\u016fbec jako rozhodnout se, co tam d\u00e1, co tam ned\u00e1, proto\u017ee t\u011bch fotografi\u00ed fakt jako je velk\u00e9 mno\u017estv\u00ed, a\u0165 u\u017e z divadla, z filmu, z televize, tak\u017ee bylo to velmi t\u011b\u017ek\u00e9 rozhodov\u00e1n\u00ed, ale mysl\u00edm, \u017ee jsme vybrali spr\u00e1vn\u011b. A kdy\u017e u\u017e Tonda zm\u011bnil tu roli maminky, pros\u00edm t\u011b, m\u016f\u017ee\u0161 mi \u0159\u00edct, kdy se\u0161 \u017eena v dom\u00e1cnosti, m\u00e1\u0161 ur\u010dit\u011b, jsem sly\u0161ela, \u017ee m\u00e1\u0161 vyhrazen\u00e9 hodiny, kdy se\u0161 kone\u010dn\u011b \u017eenou v dom\u00e1cnosti maminkou. No tak je to tak ono jako pr\u00e1ci v\u016fbec jako \u017eena \u017eena v dom\u00e1cnosti je jako t\u011b\u017eko skloubit pr\u00e1ci rodinu dohromady a t\u00edm, jak se tomu jako fakt v\u011bnuju naplnou a \u010dlov\u011bk m\u00e1 t\u011bch aktivit mnoho a mnoho, ale v\u017edycky si \u0159\u00edk\u00e1m, rodina je z\u00e1klad prost\u011b, \u017ee mus\u00ed to tam bejt, tak\u017ee j\u00e1 m\u00e1m rozvrh, m\u00e1m to i z d\u011btstv\u00ed, co\u017e si mysl\u00edm, \u017ee to je z\u00e1klad, aby to d\u00edt\u011b ka\u017ed\u00e9 m\u011blo n\u011bjak\u00fd rozvrh, aby to m\u011blo \u010dasov\u011b rozpl\u00e1novan\u00e9, kdy m\u016f\u017ee, kdy m\u00e1 volno, kde m\u00e1 krou\u017eek, aby m\u011bla \u0159\u00e1d u\u017e od malinka a j\u00e1 takto vlastn\u011b vychov\u00e1v\u00e1m i sv\u00e9ho syna Maximiliana, aby ten rozvrh m\u011bl, tak\u017ee u n\u00e1s jsou opravdu ty kom\u00ednky v t\u011bch sk\u0159\u00ednk\u00e1ch, on je takov\u00fd poct\u00edvej, on je ne, on je kozoroh, je mu sedm let je v prvn\u00ed t\u0159\u00edd\u011b, ale on, kdy\u017e se poleje u smrd, nede se okam\u017eit\u011b p\u0159esl\u00edt no hor\u0161\u00ed jako modelka, no co m\u00e1m pov\u00eddat. J\u00e1 m\u00e1m r\u00e1da jako ten absolutn\u00ed po\u0159\u00e1dek, j\u00e1 jsem takov\u00fd punt\u00ed\u010dk\u00e1\u0159 a j\u00e1, kdy\u017e vid\u00edm n\u011bkde sm\u00edtko, tak u\u017e beru hatr, to si p\u0159izn\u00e1m, \u017ee m\u00e1m po m\u00e9 mamince, jo jako ta vid\u011bla n\u011bkde sm\u00edtko n\u011bkde u\u017e b\u011b\u017eela s luxem. No te\u010f tro\u0161ku, jak m\u00e1 \u010dlov\u011bk to d\u00edt\u011b tak ub\u00edr\u00e1, proto\u017ee u\u017e nejsem takovej cvok, samoz\u0159ejm\u011b ned\u00e1 se to v\u0161echno st\u00edhat, ale tu dom\u00e1cnost tu teda st\u00edh\u00e1m po noc\u00edch, no tak\u017ee \u010dlov\u011bk jako \u0159\u00edkala, \u017ee m\u00e1me hlavn\u00ed \u017eehl\u00ed ze des\u00e1tou a jednou des\u00e1tou a jednou hodinou a pak v jednu vyp\u00edn\u00e1m a jdu sp\u00e1t, jo, ale m\u00e1m to takov\u00e9 to pravidlo vst\u00e1v\u00e1m s mal\u00fdm do \u0161koly, \u017ee jo, tak\u017ee m\u00e1me bud\u00ed\u010dka o p\u016fl o p\u016fl sedm\u00ed a pak u\u017e \u010dlov\u011bk jede, jede jak hodinky, \u017ee jo, samoz\u0159ejm\u011b pros\u00edm t\u011b m\u00e1te fotovaltajku. M\u00e1me tepeln\u00e9 \u010derpadlo, tepeln\u00fd \u010derpadlo je to \u00fa\u017easn\u00e1 v\u011bc v dne\u0161n\u00ed dob\u011b. Skv\u011bl\u00e1 doporu\u010duje, ale dobr\u00fd, kdy\u017e nem\u00e1, kdy\u017e nem\u00e1te fotovaltajku, tak klidn\u011b per i v noci, \u017ee proto\u017ee s fotovaltajkou bys to musela prost\u011b nastavit v\u017edycky, aby to za\u010dalo pr\u00e1t t\u0159eba v deset v jeden\u00e1\u0159i, p\u0159esn\u011b je to tak, aby si \u0161et\u0159ila, mus\u00edme \u0161et\u0159it, \u017ee jo, hezlo \u0161et\u0159\u00edme, tak\u017ee zhas\u0148ujeme, no tady ne, pros\u00edm, tady ne, tady ne, ale kdy\u017e u\u017e jsme narazili na na dom\u00e1cnost a jak ty se teda si d\u011bl\u00ed\u0161 ten sv\u016fj \u010das mezi mezi rodinu a mezi svoj\u00ed pr\u00e1ci. Poj\u010fme je\u0161t\u011b, kdy\u017e u\u017e se hrabem v t\u011bch intimnostech, jak je to \u017e\u00edt s mu\u017eem, vy m\u00e1te mezi v\u00e1mi je pom\u011brn\u011b velk\u00fd v\u011bkov\u00fd odstup. Poj\u010fme si to p\u0159iznat, \u017ee se\u0161, \u017ee se\u0161 prost\u011b moc mlad\u0161\u00ed ne\u017e on je to je to hrozn\u00e1, jak to funguje n\u011bkdy, jako ty lidi \u0159eknu, jako jak, jak v\u00e1m to m\u016f\u017ee fungovat, jako je tam ten rozestup je 35 let, tak no to nen\u00ed tajemstv\u00ed, \u017ee on dneska si to v\u0161ichni vyhledaj\u00ed, do\u010dtou se 35 let, ale tak jako ten \u010dlov\u011bk nesm\u00ed, ten pavlov\u00fd 50 a to by 15, \u017ee jo, no tak. U toho s to \u0159ekno tak jako d\u011bkuju za 15, jako dob\u0159e, ne jako \u010dlov\u011bk si to fakt nesm\u00ed, jako br\u00e1ty nev\u00edm, jak p\u0159izn\u00e1vat, jo a. V\u016fbec to ne\u0159e\u0161\u00edme, jako tady to tyhle ot\u00e1zky v\u016fbec, jako bu\u010f ty lidi prost\u011b jsou nalad\u011bny na stejnou vlnu, maj\u00ed stejn\u00e9 c\u00edt\u011bn\u00ed, stejn\u00fd humor, rozum\u00ed si, tak j\u00e1 si mysl\u00edm, \u017ee \u00fapln\u011b jednou, kolik je tam ten v\u011bkovej rozd\u00edl. No, j\u00e1 samoz\u0159ejm\u011b nar\u00e1\u017e\u00edm na to, \u017ee i vy jste m\u011bli krizi ve sv\u00e9m man\u017eelstv\u00ed, no tak, takovou jemnou, j\u00e1 v\u00edm, u\u017e je to zapomenuto, ale jak jste to teda zvl\u00e1dli? No tak krize, j\u00e1 mysl\u00edm, \u017ee ta krize byla \u00fapln\u011b um\u011ble vyvolan\u00e1, \u017ee jo, samoz\u0159ejm\u011b to jako krize nebyla jo krize byla um\u011ble vyvolan\u00e1 ob\u00e1rn\u00ed m\u00e9dii, samoz\u0159ejm\u011b a my jsme se jako br\u00e1nili a br\u00e1n\u00edme se, tak on je to dlouhej proces, samoz\u0159ejm\u011b jako br\u00e1n\u00edte se soudn\u011b, soudn\u011b, soudn\u011b, proto\u017ee jsou v\u011bci, kter\u00e9 si \u010dlov\u011bk nech\u00e1 l\u00edbit a jsou v\u011bci, kter\u00e9 si \u010dlov\u011bk nenech\u00e1 l\u00edbit a jsou a\u017e za hranici samoz\u0159ejm\u011b, proto\u017ee u\u017e to zah\u00e1n\u00ed vlastn\u011b velk\u00fdm velk\u00fdm pr\u016fserem to, \u017ee vlastn\u011b si \u010dlov\u011bk buduje n\u011bjakou zna\u010dku jm\u00e9no pavl tr\u00e1vn\u00ed\u010dek a pak v\u00e1m to n\u011bjak\u00fd redaktor z bulv\u00e1rn\u00edho pl\u00e1tku nebudu tady asi jmenovat, ale v\u0161ichni v\u00edme, o koho asi jde v\u00e1m zni\u010d\u00ed tohle jm\u00e9no, \u017ee jo svou pr\u00e1ci, kterou vlastn\u011b si budujete cel\u00fd \u017eivot, tak jako jsem r\u00e1da, \u017ee vlastn\u011b tady m\u00e1me \u0161ikovn\u00e9 pr\u00e1vn\u00edky a v\u016fbec soudnictv\u00ed, kter\u00e9 \u0159ekne tak tady, tady u\u017e je to p\u0159es \u010d\u00e1ru se br\u00e1n\u00ed, tady m\u00e1te velkou \u0161anci vyhr\u00e1t. Stalo se inou, samoz\u0159ejm\u011b te\u010f se to \u0159e\u0161\u00ed o\u010dkodn\u011bn\u00ed atd. Ale jsem r\u00e1da, \u017ee vlastn\u011b to takhle v\u0161echno dopadlo. No to my jsme r\u00e1di taky. Moniko, my se s tebou je\u0161t\u011b nelou\u010d\u00edme, ale te\u010fka si na\u0161i div\u00e1ci poslechnou zpr\u00e1vy a potom po\u0159ad z usky bub\u00edlkov\u00e9 polibte si preference.","nbla_serie":"4200","nbla_season":"2023","nbla_episode":"24","nbla_duration":"693.24","nbla_genre":"","nbla_editorial_format":"","nbla_mtime":"1697885232","nbla_url":"https:\/\/origin.a11.cz\/vod\/5293y9ygv20emne5miz9odbca.mp4","nbla_version":"1697885231","nbla_odvysilano":"Ano","bunny_id":"bb7be33c-6b49-4e3d-8c26-ef0d29de8748","youtube_id":"","datum_vydani":"20231021","stopaz":"693.24","dokument":[],"video_to":[]},"_links":{"self":[{"href":"https:\/\/tv.a11.cz\/api\/wp\/v2\/video\/12495","targetHints":{"allow":["GET"]}}],"collection":[{"href":"https:\/\/tv.a11.cz\/api\/wp\/v2\/video"}],"about":[{"href":"https:\/\/tv.a11.cz\/api\/wp\/v2\/types\/video"}],"author":[{"embeddable":true,"href":"https:\/\/tv.a11.cz\/api\/wp\/v2\/users\/8"}],"wp:featuredmedia":[{"embeddable":true,"href":"https:\/\/tv.a11.cz\/api\/wp\/v2\/media\/12553"}],"wp:attachment":[{"href":"https:\/\/tv.a11.cz\/api\/wp\/v2\/media?parent=12495"}],"wp:term":[{"taxonomy":"category","embeddable":true,"href":"https:\/\/tv.a11.cz\/api\/wp\/v2\/categories?post=12495"},{"taxonomy":"porad","embeddable":true,"href":"https:\/\/tv.a11.cz\/api\/wp\/v2\/porad?post=12495"},{"taxonomy":"region","embeddable":true,"href":"https:\/\/tv.a11.cz\/api\/wp\/v2\/region?post=12495"},{"taxonomy":"kategorie","embeddable":true,"href":"https:\/\/tv.a11.cz\/api\/wp\/v2\/kategorie?post=12495"}],"curies":[{"name":"wp","href":"https:\/\/api.w.org\/{rel}","templated":true}]}}