{"id":12403,"date":"2023-10-19T15:54:01","date_gmt":"2023-10-19T13:54:01","guid":{"rendered":"https:\/\/tv.a11.cz\/?post_type=video&#038;p=12403"},"modified":"2023-10-20T17:44:49","modified_gmt":"2023-10-20T15:44:49","slug":"na-radnici-ve-steti-probehlo-vitani-obcanku","status":"publish","type":"video","link":"https:\/\/tv.a11.cz\/video\/na-radnici-ve-steti-probehlo-vitani-obcanku\/","title":{"rendered":"Na radnici ve \u0160t\u011bt\u00ed prob\u011bhlo v\u00edt\u00e1n\u00ed ob\u010d\u00e1nk\u016f"},"content":{"rendered":"","protected":false},"excerpt":{"rendered":"<p>V \u00fater\u00fd 10. \u0159\u00edjna op\u011bt p\u0159iv\u00edtali v ob\u0159adn\u00ed s\u00edni radnice ve \u0160t\u011bt\u00ed novorozen\u00e9 obyvatele, a to hned na dvakr\u00e1t. U ka\u017ed\u00e9ho ze dvou slavnostn\u00edch ceremoni\u00e1l\u016f si pro p\u0159\u00edtomn\u00e9 p\u0159ipravili recitaci b\u00e1sn\u00ed d\u011bti z mate\u0159sk\u00e9 \u0161koly. <\/p>\n","protected":false},"author":8,"featured_media":12452,"template":"","categories":[17,157],"porad":[],"region":[93,63],"kategorie":[],"class_list":["post-12403","video","type-video","status-publish","has-post-thumbnail","hentry","category-domaci","category-zpravy","region-litomericko","region-ustecky-kraj"],"acf":[],"meta_box":{"nbla_idec":"N2303318","nbla_title":"Na radnici ve \u0160t\u011bt\u00ed prob\u011bhlo v\u00edt\u00e1n\u00ed ob\u010d\u00e1nk\u016f","nbla_subtitle":"","nbla_summary":"","nbla_description":"","nbla_transcription":"V \u00fater\u00fd 10. \u0159\u00edjna op\u011bt p\u0159iv\u00edtali v ob\u0159adn\u00ed s\u00ed\u0148 radnice ve \u0160t\u011bt\u00ed novorozen\u00e9 obyvatele, a to hned na dvakr\u00e1t. Nejprve si u ka\u017ed\u00e9ho ze dvou slavnostn\u00edch ceremoni\u00e1l\u016f pro p\u0159\u00edtomn\u00e9 p\u0159ipravili recitaci b\u00e1sn\u00ed d\u011bti z matersk\u00e9 \u0161koly. V\u017eel\u00e9ho uv\u00edt\u00e1n\u00ed ob\u010d\u00e1nk\u016f od veden\u00ed m\u011bsta \u0160t\u011bt\u00ed se tentokr\u00e1t dostalo dohromady deseti d\u011btem, jim i jejich rodi\u010d\u016fm pop\u0159\u00e1l v\u0161e nejlep\u0161\u00ed do \u017eivota starosta m\u011bsta Miroslav Andrt. M\u011bsto tak\u00e9 nezapom\u00edn\u00e1 sv\u00e9 mal\u00e9 ob\u010d\u00e1nky obdarovat. Je mi velkou sl\u00ed\u017e\u00ed p\u0159iv\u00edtat v\u00e1s v\u0161echny zde v prostor\u00e1ch m\u011bstsk\u00e9 radnice ve \u0160t\u011bt\u00ed. Tento slavnostn\u00ed den, kdy se va\u0161e radovesti symbolicky stanou ob\u010dany na\u0161eho m\u011bsta. Dost\u00e1vaj\u00ed i kr\u00e1sn\u00e9 pleten\u00e9 v\u00fdrobky od na\u0161ich senior\u016f, kter\u00e9 pletou v klubu d\u016fchodc\u016f. Tak\u017ee podle toho, jestli je to hol\u010di\u010dka nebo chlape\u010dek, tak je to i barevn\u011b lad\u011bno, \u010depe\u010dek a dupa\u010dky, nebo takov\u00e9 ba\u010dk\u016frky. A dost\u00e1vaj\u00ed tak\u00e9 tis\u00edc korun, co\u017e je takov\u00fd vklad, kter\u00fd jim pom\u016f\u017ee ty vysok\u00e9 n\u00e1klady, kter\u00e9 jsou spojeny s t\u00edm miminkem, tak jim trochu ulevit. Ono to ostatn\u011b m\u00e1me je\u0161t\u011b tak\u00e9 v podob\u011b obecn\u011b z\u00e1vazn\u00e9 vyhl\u00e1\u0161ky, kdy pr\u00e1v\u011b, i kdy\u017e ty mal\u00e9 d\u011bti produkuj\u00ed pom\u011brn\u011b hodn\u011b odpadu, tak je\u0161t\u011b odpou\u0161t\u00edme jako m\u011bsto pro ty prvn\u00ed \u010dty\u0159i roky \u017eivota poplatek za odpady. Tak\u017ee krom\u011b t\u00e9 tis\u00edci koruny jsou to vlastn\u011b dal\u0161\u00ed dva tis\u00edce, tak\u017ee snad to uleh\u010d\u00ed mlad\u00fdm rodin\u00e1m start do \u017eivota. V r\u00e1mci projektu kn\u00ed\u017eka do \u017eivota dostali d\u011bti prost\u0159ednictv\u00edm M\u011bstsk\u00e9 knihovny tak\u00e9 dv\u011b kr\u00e1sn\u00e9 knihy. Je to celost\u00e1tn\u00ed projekt na podporu d\u011btsk\u00e9 \u010detby a vyu\u017eila vlastn\u011b tento slavnostn\u00ed \u00e1kt, to znamen\u00e1 v\u00edt\u00e1n\u00ed ob\u010d\u00e1nk\u016f a ve spolupr\u00e1ci s veden\u00edm m\u011bsta p\u0159ed\u00e1v\u00e1 zde dv\u011b kr\u00e1sn\u00e9 kn\u00ed\u017eky Leporella pro rozvoj verb\u00e1ln\u00edch schopnost\u00ed d\u011bt\u00ed, kter\u00e9 se narodili v na\u0161em m\u011bst\u011b. Slavnostn\u00edho v\u00edt\u00e1n\u00ed ob\u010d\u00e1nk\u016f na radnici se v \u0158\u00ednu z\u00fa\u010dastnili mal\u00ed obyvatele \u0160t\u011bt\u00ed Tade\u00e1\u0161 Bu\u010dek, Je\u0159\u00ed Honzl\u00edk, V\u00e1clav Ta\u0161ner, Vojt\u011bch Kub\u00e1nek, Jasm\u00edna Portelekijov\u00e1, Mi\u0161el Mykov\u00e1, Karol\u00edna Vesel\u00e1, Jon\u00e1\u0161 Grbav\u010dic, Am\u00e1lie Modr\u00e1kov\u00e1 a Eli\u0161ka Vyhn\u00e1lkov\u00e1.","nbla_serie":"","nbla_season":"","nbla_episode":"","nbla_duration":"148.64","nbla_genre":"","nbla_editorial_format":"","nbla_mtime":"1697723112","nbla_url":"https:\/\/origin.a11.cz\/vod\/e265kns29n2jx9351u1cfjzkc.mp4","nbla_version":"1697723012","nbla_odvysilano":"Ano","bunny_id":"149ea6c1-f9d6-44b5-9c54-acbafe8223fe","youtube_id":"","datum_vydani":"20231019","stopaz":"148.64","dokument":[],"video_to":["12453"]},"_links":{"self":[{"href":"https:\/\/tv.a11.cz\/api\/wp\/v2\/video\/12403","targetHints":{"allow":["GET"]}}],"collection":[{"href":"https:\/\/tv.a11.cz\/api\/wp\/v2\/video"}],"about":[{"href":"https:\/\/tv.a11.cz\/api\/wp\/v2\/types\/video"}],"author":[{"embeddable":true,"href":"https:\/\/tv.a11.cz\/api\/wp\/v2\/users\/8"}],"wp:featuredmedia":[{"embeddable":true,"href":"https:\/\/tv.a11.cz\/api\/wp\/v2\/media\/12452"}],"wp:attachment":[{"href":"https:\/\/tv.a11.cz\/api\/wp\/v2\/media?parent=12403"}],"wp:term":[{"taxonomy":"category","embeddable":true,"href":"https:\/\/tv.a11.cz\/api\/wp\/v2\/categories?post=12403"},{"taxonomy":"porad","embeddable":true,"href":"https:\/\/tv.a11.cz\/api\/wp\/v2\/porad?post=12403"},{"taxonomy":"region","embeddable":true,"href":"https:\/\/tv.a11.cz\/api\/wp\/v2\/region?post=12403"},{"taxonomy":"kategorie","embeddable":true,"href":"https:\/\/tv.a11.cz\/api\/wp\/v2\/kategorie?post=12403"}],"curies":[{"name":"wp","href":"https:\/\/api.w.org\/{rel}","templated":true}]}}