{"id":12400,"date":"2023-10-19T15:50:36","date_gmt":"2023-10-19T13:50:36","guid":{"rendered":"https:\/\/tv.a11.cz\/?post_type=video&#038;p=12400"},"modified":"2023-10-20T17:40:30","modified_gmt":"2023-10-20T15:40:30","slug":"oslavy-petileteho-fungovani-domova-vyhlidka","status":"publish","type":"video","link":"https:\/\/tv.a11.cz\/video\/oslavy-petileteho-fungovani-domova-vyhlidka\/","title":{"rendered":"Oslavy p\u011btilet\u00e9ho fungov\u00e1n\u00ed domova Vyhl\u00eddka"},"content":{"rendered":"","protected":false},"excerpt":{"rendered":"<p>P\u011btilet\u00e9 fungov\u00e1n\u00ed domova vyhl\u00eddka oslavili v minul\u00e9m t\u00fddnu na Vset\u00ednsk\u00e9 Strm\u00e9 jeho obyvatele i ti, kte\u0159\u00ed o n\u011b pe\u010duj\u00ed. V\u0161ichni si p\u0159ipom\u00ednali hlavn\u011b to dobr\u00e9, co se tu od slavnostn\u00edho otev\u0159en\u00ed v roce 2018 ud\u00e1lo. <\/p>\n","protected":false},"author":8,"featured_media":12449,"template":"","categories":[17,157],"porad":[],"region":[86,64],"kategorie":[],"class_list":["post-12400","video","type-video","status-publish","has-post-thumbnail","hentry","category-domaci","category-zpravy","region-vsetinsko","region-zlinsky-kraj"],"acf":[],"meta_box":{"nbla_idec":"N2310273","nbla_title":"Oslavy p\u011btilet\u00e9ho fungov\u00e1n\u00ed domova Vyhl\u00eddka","nbla_subtitle":"","nbla_summary":"","nbla_description":"","nbla_transcription":"P\u011btilet\u00e9 fungov\u00e1n\u00ed domova vyhl\u00eddka oslavili v minul\u00e9m t\u00fddnu na Vset\u00ednsk\u00e9 strm\u00e9. Jeho obyvatele i ti, kte\u0159\u00ed o n\u011b pe\u010duj\u00ed, si p\u0159ipom\u00ednali hlavn\u011b to dobr\u00e9, co se tu od slavnostn\u00edho otev\u0159en\u00ed v roce 2018 ud\u00e1lo. Heslo domova vyhl\u00eddka je jednoduch\u00e9 \u2013 jako doma. A t\u00edm je \u0159e\u010deno v\u0161e. Tomu p\u0159izp\u016fsobujeme na\u0161e interi\u00e9ry, vybaven\u00ed nebo t\u0159eba taky aktivity a neform\u00e1ln\u00ed oble\u010den\u00ed pracovn\u00edk\u016f. Za t\u011bch p\u011bt let se toho spoustu dovybavilo, zutulnil se to prost\u0159ed\u00ed. P\u0159ed t\u0159emi m\u011bs\u00edci se do domova p\u0159est\u011bhovala pan\u00ed Eva \u0160torkov\u00e1. P\u0159echod z dom\u00e1c\u00edho prost\u0159ed\u00ed pro n\u00ed nebyl t\u011b\u017ek\u00fd, vyhl\u00eddku znala u\u017e z odleh\u010dovac\u00edho pobytu. Tak\u017ee jsem \u0161la vlastn\u011b s p\u0159\u00e1n\u00edm dostat se tady, proto\u017ee jsem nev\u011bd\u011bla, kde se dostanu. Po\u0159\u00e1d jsem cestovala n\u011bkde na ty t\u0159i m\u011bs\u00edce nebo dva m\u011bs\u00edce, no a tak nakonec jsem se dov\u011bd\u011bla, \u017ee budu tady a to jsem m\u011bla velkou radost, proto\u017ee to tady zn\u00e1m. O dobov vyhl\u00eddka je mezi klienty z\u00e1jem. Popt\u00e1vka p\u0159evy\u0161uje kapacitu trojn\u00e1sobn\u011b. Krom\u011b kvalitn\u00edho person\u00e1lu l\u00e1k\u00e1 i prost\u0159ed\u00ed, kter\u00e9 tu postupn\u011b st\u00e1le zlep\u0161uj\u00ed. Nap\u0159\u00edklad p\u0159i stavb\u011b domova, kdy pen\u011bz nebylo na zbytce, p\u0159esto myslelo p\u0159\u00edpravou na budouc\u00ed p\u0159istavbu terasy. Asi zhruba za rok se n\u00e1m poda\u0159ilo od d\u00e1rc\u016f sehnat finance a terasa se dobudovala. Co pova\u017euji za unik\u00e1tn\u00ed projekt, tak je propojen\u00ed domova vyhl\u00eddka s vedlej\u0161\u00ed budovou domova Jablo\u0148ov\u00e1, kde vlastn\u011b vznikla zimn\u00ed zahrada. Krom\u011b toho je to i v\u00fdznamn\u00e1 trasa pro obsluhu klient\u016f. V lo\u0148sk\u00e9m roce se povedlo dobudovat z\u00e1zem\u00ed za domem, kde vznikl rybn\u00ed\u010dek s alt\u00e1nem. Na oslav\u011b nechyb\u011bl ani narozeninov\u00fd dort a host\u00e9, konkr\u00e9tn\u011b Jana Bub\u00edlkova a Tom\u00e1\u0161 Magnusek. Pan\u00ed Jana Bub\u00edlkova a vyhl\u00eddce i jeho klient\u016fm pop\u0159\u00e1la s humorem. J\u00e1 jsem u\u017e tak\u00e9 v d\u016fchodov\u00e9m v\u011bku, tak bych jim p\u0159\u00e1la p\u011bknou vyhl\u00eddku, proto\u017ee je to sv\u00fdm zp\u016fsobem i moje vyhl\u00eddka. Tak\u017ee pokud ty domovy d\u016fchodc\u016f budou takto kr\u00e1sn\u00e9, tak si mysl\u00edm, \u017ee se nemus\u00edme zb\u00e1t st\u00e1\u0159\u00ed. Tak\u017ee j\u00e1 bych jim pop\u0159\u00e1la, nebojte se st\u00e1\u0159it, kdy\u017e m\u00e1te takov\u00e9 kr\u00e1sn\u00e9 domovy d\u016fchodc\u016f. Oslavy p\u011bti let fungov\u00e1n\u00ed domova vyhl\u00eddka si nenechali uj\u00edt ani z\u00e1stupci v\u00fdznamn\u00fdch don\u00e1tor\u016f a d\u00e1rc\u016f.","nbla_serie":"","nbla_season":"","nbla_episode":"","nbla_duration":"152.76","nbla_genre":"","nbla_editorial_format":"","nbla_mtime":"1697723400","nbla_url":"https:\/\/origin.a11.cz\/vod\/aqfmeltlwduq4kkpinah5g8a3.mp4","nbla_version":"1697723400","nbla_odvysilano":"Ano","bunny_id":"dd10683b-8b0e-4343-a9cc-43407a118ad1","youtube_id":"","datum_vydani":"20231019","stopaz":"152.76","dokument":[],"video_to":["12450"]},"_links":{"self":[{"href":"https:\/\/tv.a11.cz\/api\/wp\/v2\/video\/12400","targetHints":{"allow":["GET"]}}],"collection":[{"href":"https:\/\/tv.a11.cz\/api\/wp\/v2\/video"}],"about":[{"href":"https:\/\/tv.a11.cz\/api\/wp\/v2\/types\/video"}],"author":[{"embeddable":true,"href":"https:\/\/tv.a11.cz\/api\/wp\/v2\/users\/8"}],"wp:featuredmedia":[{"embeddable":true,"href":"https:\/\/tv.a11.cz\/api\/wp\/v2\/media\/12449"}],"wp:attachment":[{"href":"https:\/\/tv.a11.cz\/api\/wp\/v2\/media?parent=12400"}],"wp:term":[{"taxonomy":"category","embeddable":true,"href":"https:\/\/tv.a11.cz\/api\/wp\/v2\/categories?post=12400"},{"taxonomy":"porad","embeddable":true,"href":"https:\/\/tv.a11.cz\/api\/wp\/v2\/porad?post=12400"},{"taxonomy":"region","embeddable":true,"href":"https:\/\/tv.a11.cz\/api\/wp\/v2\/region?post=12400"},{"taxonomy":"kategorie","embeddable":true,"href":"https:\/\/tv.a11.cz\/api\/wp\/v2\/kategorie?post=12400"}],"curies":[{"name":"wp","href":"https:\/\/api.w.org\/{rel}","templated":true}]}}