{"id":12337,"date":"2023-10-18T17:31:18","date_gmt":"2023-10-18T15:31:18","guid":{"rendered":"https:\/\/tv.a11.cz\/?post_type=video&#038;p=12337"},"modified":"2023-10-18T19:29:30","modified_gmt":"2023-10-18T17:29:30","slug":"a11-zpravy-streda-18-10-2023","status":"publish","type":"video","link":"https:\/\/tv.a11.cz\/video\/a11-zpravy-streda-18-10-2023\/","title":{"rendered":"Hlavn\u00ed zpr\u00e1vy st\u0159eda 18.10. 2023"},"content":{"rendered":"","protected":false},"excerpt":{"rendered":"<p>Rekordn\u00ed investice ve Slan\u00e9m &#8211; \u010cesk\u00e1 T\u0159ebov\u00e1 m\u00e1 podnikatelsk\u00fd inkub\u00e1tor &#8211; Zl\u00ednsk\u00fd kraj m\u011b\u0159\u00ed \u010distotu vzduchu &#8211; Od nov\u00e9ho roku \u010dek\u00e1 pr\u016fmyslov\u00e9 z\u00f3ny vy\u0161\u0161\u00ed zdan\u011bn\u00ed<\/p>\n","protected":false},"author":8,"featured_media":12338,"template":"","categories":[17,157],"porad":[212],"region":[218],"kategorie":[],"class_list":["post-12337","video","type-video","status-publish","has-post-thumbnail","hentry","category-domaci","category-zpravy","porad-hlavni-zpravy-a11","region-cela-cr"],"acf":[],"meta_box":{"nbla_idec":"A2300125","nbla_title":"A11 Zpr\u00e1vy","nbla_subtitle":"St\u0159eda 18.10. 2023","nbla_summary":"Zpravodajstv\u00ed A11 ze v\u0161ech kout\u016f \u010cesk\u00e9 republiky","nbla_description":"","nbla_transcription":"Kr\u00e1sn\u00fd ve\u010der, mil\u00ed div\u00e1ci, pr\u00e1v\u011b za\u010d\u00ednaj\u00ed A11 zpr\u00e1vy. V\u00edt\u00e1 v\u00e1s u nich Alexandra Pt\u00e1\u010dkov\u00e1. M\u011bsto Slan\u00fd na Kladensku m\u00e1 velkolep\u00e9 pl\u00e1ny. V\u00edce ne\u017e polovinu sv\u00e9ho rozpo\u010dtu letos investuje do velk\u00fdch staveb. Je to v\u016fbec nejv\u00edc v novodob\u00e9 historii m\u011bsta. V \u0159e\u010di \u010d\u00edsel to p\u0159edstavuje 350 milion\u016f korun, mimo jin\u00e9 do nov\u00e9 sportovn\u00ed haly. Sportovn\u00ed halu Slan\u00fd buduje od za\u010d\u00e1tku leto\u0161n\u00edho roku doslova na zelen\u00e9 louce. Budova je v pasivn\u00edm standardu, d\u00edky tomu na n\u00ed m\u011bsto \u010derp\u00e1 dotaci. Cel\u00e1 stavba stoj\u00ed kolem 140 milion\u016f korun, z\u00edskali jsme na n\u00ed 25 milion\u016f korun dotaci z opera\u010dn\u00edho programu pro \u017eivotn\u00ed prost\u0159ed\u00ed. Zb\u00fdvaj\u00edc\u00ed \u010d\u00e1st Sl\u00e1nsk\u00e1 radnice hrad\u00ed ze sv\u00e9ho vlastn\u00edho rozpo\u010dtu. Nav\u00edc m\u00e1 k dispozici investi\u010dn\u00ed \u00fav\u011brov\u00fd r\u00e1mec. Pom\u00e1haj\u00ed ov\u0161em i dal\u0161\u00ed finan\u010dn\u00ed zdroje. Z\u00e1rove\u0148 se n\u00e1m poda\u0159ilo za\u010d\u00edt prod\u00e1vat pozemky pro rodinnou v\u00fdstavbu, kter\u00e9 n\u00e1m zase pozitivn\u011b ovliv\u0148uj\u00ed rozpo\u010det m\u011bsta. Kdy\u017e se pod\u00edv\u00e1me na rozpo\u010det, kter\u00fd je zhruba p\u0159ibli\u017en\u011b 700 milion\u016f korun, tak jenom v leto\u0161n\u00edm roce v\u00edce ne\u017e 350 milion\u016f korun prostav\u00edme. Jednou z dominance stane pr\u00e1v\u011b sportovn\u00ed hala v lokalit\u011b Nah\u00e1j\u00edch, kterou chce m\u011bsto otev\u0159\u00edt je\u0161t\u011b do konce leto\u0161n\u00edho roku. Krom\u011b dokon\u010dovac\u00edch prac\u00ed nebo t\u0159eba vybaven\u00ed bufetu je\u0161t\u011b \u010dek\u00e1 na kapacitn\u00ed p\u0159ipojen\u00ed k elektrick\u00e9 s\u00edti. Jsme se sna\u017eili, aby hala spl\u0148ovala parametry pro v\u0161echny s\u00e1lov\u00e9 sporty. Futsalem po\u010d\u00ednaje p\u0159es h\u00e1zenou, basketbal, floorball a\u017e po volejbal a nohejbal. Dopoledne p\u0159i tom budou halu vyu\u017e\u00edvat \u0161kol\u00e1ci, zejm\u00e9na zb\u00fdsk\u00e9 prvn\u00ed z\u00e1kladn\u00ed \u0161koly. Maxim\u00e1ln\u00ed vyt\u00ed\u017een\u00ed haly pomohou i modern\u00ed technologie. Kladymi t\u0159eba osv\u011btlen\u00ed, kter\u00e9 vid\u00edte za mnou, tak se d\u00e1 rozsv\u00edtit v r\u016fzn\u00e9 intenzit\u011b a tak\u00e9 v r\u016fzn\u00fdch \u010d\u00e1stech sportovn\u00ed haly. Stejn\u011b tak podle pot\u0159eb jednotliv\u00fdch sport\u016f, v\u010detn\u011b z\u00e1pasu, nejvy\u0161\u0161\u00edch sout\u011b\u017e\u00ed. Nav\u00edc v hale bude i men\u0161\u00ed s\u00e1l vybaven\u00fd zrcadly a ozvu\u010den\u00edm. O vyu\u017eit\u00ed haly rozhodne nov\u011b zalo\u017een\u00fd sportovn\u00ed spolek, stru\u017euj\u00edc\u00ed z\u00e1stupce hlavn\u00ed sportu ve Slan\u00e9m. \u010cesk\u00e1 T\u0159ebov\u00e1 m\u00e1 z Brusunov\u00fd podnikatelsk\u00fd inkub\u00e1tor. Za p\u0159isp\u011bn\u00ed pardubick\u00e9ho kraje ho slavnostn\u011b otev\u0159ela v are\u00e1lu Skalka. Stalo se tak vypu\u0161t\u011bn\u00edm pap\u00edrov\u00fdch vla\u0161tovek, symbolizuj\u00edc\u00edch rozlet za\u010d\u00ednaj\u00edc\u00edch podnikatel\u016f. \u010ceskot\u0159ebovsk\u00fd podnikatelsk\u00fd inkub\u00e1tor neboli \u010cT Pink na\u0161el sv\u00e9 m\u00edsto v are\u00e1lu Skalka v objektu ve vlastnictv\u00ed pardubick\u00e9ho kraje. P\u016fvodn\u011b zde s\u00eddla jedna z m\u00edstn\u00edch firem, kter\u00e1 v loni ukon\u010dila \u010dinnost. My jsme se rozhodli, \u017ee p\u016fjdeme jinou cestou a to je, \u017ee tyto prostory nab\u00eddneme pr\u00e1v\u011b za\u010d\u00ednaj\u00edc\u00edm podnikatel\u016fm a roz\u0161\u00ed\u0159\u00edme \u010dinnost podnikatelsk\u00e9ho inkub\u00e1toru v Pardubic\u00edch a to do v\u00fdchodn\u00ed \u010d\u00e1sti kraje. Rozd\u00edl oproti Pardubic\u016fm je ten, \u017ee tady m\u00e1me d\u00edlny a sem budeme sm\u011b\u0159ovat projekty, kter\u00e9 budou n\u011bco vyr\u00e1b\u011bt, aby si tady byli schopni vyrobit t\u0159eba svoji prvn\u00ed s\u00e9rii. Slavnostn\u00ed otev\u0159en\u00ed prob\u011bhlo symbolicky vypu\u0161t\u011bn\u00edm pap\u00edrov\u00fdch vla\u0161tovek. V inkub\u00e1toru vid\u00ed p\u0159\u00ednos i sousedn\u00ed st\u0159edn\u00ed \u0161kola technick\u00e1 a dopravn\u00ed Gustava Habrmana. Pro m\u011b osobn\u011b byla slo\u017eit\u00e1 p\u0159edstava, \u017ee by sem p\u0159i\u0161la jin\u00e1 firma, kter\u00e1 by v tomhle are\u00e1lu, kter\u00fd je \u0161koln\u00ed, vedle je sportovn\u00ed hala, zimn\u00ed stadion, za\u0159\u00ed\u017edila n\u011bjakou v\u00fdrobu a to\u010dily by se n\u00e1m tady kamiony. Tak\u017ee toto bych \u0159ekl, \u017ee je pro \u0161kolu, pro m\u011bsto i pro kraj v\u00fdhra. P\u0159\u00edle\u017eitost prohl\u00e9dnout si prostory vyu\u017eili i starostov\u00e9 okoln\u00edch m\u011bst. Tak\u00e9 jejich obyvatel\u00e9 budou toti\u017e moci vyu\u017e\u00edvat slu\u017eby inkub\u00e1toru. J\u00e1 to budu pak vebrliv\u011b sledovat, jestli opravdu to m\u00e1 p\u0159esah i zahranice m\u011bsta, proto\u017ee \u00fapln\u011b si neum\u00edm p\u0159edstavit, jak se budou doj\u00ed\u017ed\u011bt, vyu\u017e\u00edvat prostory, dejme tomu za\u010d\u00ednaj\u00edc\u00ed podnikatele z Letohradsk\u00e1, Kr\u00e1lick\u00e1 a podobn\u011b, ale jsem velmi zv\u011bdav\u00fd a fand\u00edm dom\u016f. L\u00edb\u00ed se mi, \u017ee to je kousek odchodstv\u00ed. J\u00e1 jsem tady byl autem za t\u0159icet minut, mysl\u00edm si, \u017ee vlakem se sem dostanou chocen\u00e1ci taky a mysl\u00edm si, \u017ee to je ur\u010dit\u011b super mo\u017enost, jak\u00fdm zp\u016fsobem nastartovat sv\u016fj biznis. Hon\u00ed se mi hlavou, jestli by nebylo mo\u017en\u00e9 p\u0159em\u00fd\u0161let o n\u011bjak\u00e9m deta\u0161ovan\u00e9m pracovi\u0161ti v \u017damberku a samoz\u0159ejm\u011b mysl\u00edm si, \u017ee pro ty konzultace a pro za\u010d\u00e1tek mlad\u00fdch podnikaj\u00edc\u00edch lid\u00ed to bude skv\u011bl\u00e1 p\u0159\u00edle\u017eitost. V sou\u010dasnosti zde doch\u00e1z\u00ed k um\u00edstov\u00e1n\u00ed s\u00eddel asi \u0161estice firm. M\u00e1me tu vlastn\u011b hudebn\u00ed zku\u0161ebnu a nahr\u00e1vac\u00ed studio, naho\u0159e um\u011bleck\u00fd ateli\u00e9r, v jednom prostoru n\u00e1m tady vznikla tak tro\u0161i\u010dku spont\u00e1nn\u011b \u0161erm\u00edrna. Budovu \u010dek\u00e1 kompletn\u00ed rekonstrukce, schv\u00e1len byl u\u017e investi\u010dn\u00ed z\u00e1m\u011br. Pokud se v\u0161e poda\u0159\u00ed tak, jako \u010dek\u00e1v\u00e1me, tak zhruba 40 % n\u00e1kladu rekonstrukce by mohla b\u00fdt z evropsk\u00fdch fond\u016f. To, \u017ee se pohybujeme \u0159\u00e1dov\u00e9 p\u0159es 100 milion\u016f korun je z\u00e1le\u017eitost samoz\u0159ejm\u011b nep\u0159\u00edjemn\u00e1. Vznik inkub\u00e1toru na p\u016fd\u011b m\u011bsta v\u00edta tak\u00e9 m\u00edstn\u00ed starost\u00e1. My\u0161lenka je zaj\u00edmav\u00e1, je v podstat\u011b realizov\u00e1na, by\u0165 se nach\u00e1z\u00edme stejn\u011b neust\u00e1le ve star\u00e9 budov\u011b, ale vzhledem k tomu, \u017ee jsem vid\u011bl projekt, kter\u00fd je p\u0159ipravov\u00e1n a kter\u00fd je opravdu hezk\u00fd, tak se t\u011b\u0161\u00edm na tu realizaci. Realizace by mohla b\u00fdt n\u011bkdy nejpozd\u011bji do roku 2026. V roce 2024 bychom pr\u00e1v\u011b zde cht\u011bli zah\u00e1jit rekonstrukci, uvid\u00edme, zda to bude re\u00e1ln\u00e9, z hlediska p\u0159\u00edprav. Nicm\u00e9n\u011b na podzim p\u0159\u00ed\u0161t\u00edho roku by se zde mohlo za\u010d\u00edt n\u011bco d\u00edt. Do t\u00e9 doby si kraj m\u016f\u017ee prov\u011b\u0159it re\u00e1ln\u00fd z\u00e1jem o slu\u017eby inkub\u00e1toru ze strany za\u010d\u00ednaj\u00edc\u00edch podnikatel\u016f. Hejtmanstv\u00ed z L\u00ednsk\u00e9ho kraje spustilo dva nov\u00e9 projekty na m\u011b\u0159en\u00ed \u010distoty ovzdu\u0161\u00ed. Sledovat budou vliv lok\u00e1ln\u00edch topeni\u0161\u0165 na kvalitu vzduchu a to hned na sedmn\u00e1cti m\u00edstech v regionu. Monitoringu kvality ovzdu\u0161\u00ed se v\u011bnuje z L\u00ednsk\u00fd kraj dlouhodob\u011b a to za pomoci do\u010dasn\u011b um\u00edst\u011bn\u00fdch m\u011b\u0159\u00edc\u00edch stanic. Jedna z nich nap\u0159\u00edklad sb\u00edrala data na konci minul\u00e9ho roku v Hu\u0161t\u011bnovic\u00edch, kter\u00e9 jsou siln\u011b zat\u00ed\u017een\u00e9 transitn\u00ed dopravou. V\u00fdsledky m\u00e1me, tam se objevil nap\u0159\u00edklad benzopyren, ale v\u00edme, \u017ee kdy\u017e se vybuduje D55, tak to v\u00fdznamn\u011b odleh\u010d\u00ed pr\u00e1v\u011b t\u00e9 dan\u00e9 lokalit\u011b a v\u00fdznamn\u011b to napom\u016f\u017ee i zv\u00fd\u0161en\u00ed kvality ovzdu\u0161\u00ed. Nov\u011b hejtmanstv\u00ed sleduje vliv lok\u00e1ln\u00edch topeni\u0161\u0165 na kvalitu vzduchu na celkem sedn\u00e1cti m\u00edstech v regionu. Spustilo toti\u017e je\u0161t\u011b dva nov\u00e9 projekty. Ten prvn\u00ed z nich se zam\u011b\u0159\u00ed na ty mali\u010dk\u00e9 obce do dvou tis\u00edc obyvatel. Tam bude prob\u00edhat m\u011b\u0159en\u00ed nap\u0159\u00edklad v Sala\u0161i, v Kunovic\u00edch, ve Vy\u0161kovci, Prlov\u011b a v Ru\u0161ce. A dal\u0161\u00edch dvan\u00e1ct lokalit, ty j\u00e1 poj\u00edm\u00e1m pr\u00e1v\u011b jako od Kory\u010dan a\u017e po Velk\u00e9 Karlovice, kdy jsme vybrali dvan\u00e1ct lokalit nap\u0159\u00ed\u010d cel\u00fdm Zl\u00ednsk\u00fdm krajem. M\u011b\u0159en\u00ed za\u010dalo v \u010dervenci a potrv\u00e1 do dubna p\u0159\u00ed\u0161t\u00edho roku. N\u00e1klady na ka\u017ed\u00fd z projekt\u016f dosahuj\u00ed t\u00e9m\u011b\u0159 t\u0159\u00ed milion\u016f korun. Na oba z\u00edskal kraj dotaci z norsk\u00fdch fond\u016f v\u017edy ve v\u00fd\u0161i 2,1 milionu korun a dal\u0161\u00edch 375 tis\u00edc korun ze St\u00e1tn\u00edho fondu \u017eivotn\u00edho prost\u0159ed\u00ed. Informace i pr\u016fb\u011b\u017en\u00e9 v\u00fdsledky m\u011b\u0159en\u00ed budou zve\u0159ejn\u011bny na www.m\u011b\u0159eniovzdu\u0161\u00ed.cz lomeno Zl\u00ednsk\u00fd poml\u010dka kraj. Pr\u016fmyslov\u00e9 z\u00f3ny v Chebu podlehnou vy\u0161\u0161\u00edmu zdan\u011bn\u00ed. Zv\u00fd\u0161en\u00ed koeficientu pro v\u00fdpo\u010det dan\u011b ve vybran\u00fdch lokalit\u00e1ch od 1. ledna schv\u00e1lilo tamn\u00ed zastupitelstvo. Zastupitelstvo m\u011bsta Chebu schv\u00e1lilo na sv\u00e9m z\u00e1\u0159jov\u00e9m zased\u00e1n\u00ed zv\u00fd\u0161en\u00ed koeficientu pro v\u00fdpo\u010det dan\u011b z nemovit\u00fdch v\u011bc\u00ed. P\u0159ijat\u00e1 vyhl\u00e1\u0161ka s \u00fa\u010dinnost\u00ed od 1. ledna 2024 p\u0159esn\u011b stanovuje jednotliv\u00e1 m\u00edsta a v\u00fd\u0161i n\u00e1sobku z\u00e1kladn\u00ed sazby dan\u011b. Nejvy\u0161\u0161\u00ed koeficienty 3 a 4 maj\u00ed pr\u016fmyslov\u00e9 z\u00f3ny, hradi\u0161t\u011b, h\u00e1je a doln\u00ed dvory a obchodn\u00ed centrum na Svat\u00e9m k\u0159\u00ed\u017ei. T\u00edm hlavn\u00edm kriteriem bylo to, kolik obsluha toho muzeumn\u00edho m\u011bsta stoj\u00ed, kam mus\u00ed jezdit m\u00edstn\u00ed doprav, kterou dotujeme, kde mus\u00edme ukl\u00edzet ulice nebo komunikace, kde mus\u00edme sekat tr\u00e1vu, kde mus\u00edme sv\u00edtit p\u0159\u00edpadn\u011b, kdy se star\u00e1me o vodkanalizace n\u011bjak\u00fdch de\u0161\u0165ov\u00fdch vod a podobn\u011b na stran\u011b jedn\u00e9, na stran\u011b druh\u00e9, jak to tak\u00e9 ob\u010dany zat\u011b\u017euje dopravou a dal\u0161\u00edmi aspekty. A v p\u0159\u00edpad\u011b Svat\u00e9ho k\u0159\u00ed\u017ee jsme zhodnotili nav\u00fd\u0161en\u00edm toho koeficientu toho, \u017ee tam m\u00e1me probl\u00e9my s odpadky v okol\u00ed a m\u00e1me tam probl\u00e9my s prodejem pyrotechniky, s jej\u00edm u\u017e\u00edv\u00e1n\u00edm a koneckonc\u016f t\u00edm, \u017ee to je jedin\u00e9 m\u00edsto v Chebu, kde je mo\u017en\u00e9 provozovat hazard, tak jsou to i ty sociopatologick\u00e9 jevy, kter\u00e9 bychom si m\u011bli eliminovat. Tak to byla kriteria, kter\u00e1 jsme volili pro rozd\u00edlnost t\u011bch koeficient\u016f. M\u011bsto iniciovalo jedn\u00e1n\u00ed se z\u00e1stupci dot\u010den\u00fdch firem. Obeslalo 33 subjekt\u016f. J\u00e1 mus\u00edm \u0159\u00edct, \u017ee jsme o\u010dek\u00e1vali v\u011bt\u0161\u00ed odpor na to, kolik tam p\u016fsob\u00ed subjekt\u016f, tak na to jedn\u00e1n\u00ed se jich dostavil ze 30 asi jenom 6 nebo 7 a v podstat\u011b v\u011bt\u0161\u00ed odpor nebo n\u00e1mitky byly ze stran asi 3 t\u011bch firem nebo 4 mo\u017en\u00e1, co\u017e nepova\u017eujeme za tak velk\u00e9 a i tam jsme se sna\u017eili ty v\u011bci vysv\u011btlit a mysl\u00edm, \u017ee jsme se i vz\u00e1jemn\u011b pochopili, \u017ee to nebylo zas takov\u00e9 ost\u0159en\u00e9 jedn\u00e1n\u00ed. Pravda je, \u017ee se tam t\u0159eba stane, \u017ee n\u011bkter\u00e9 ty podnikatelsk\u00e9 subjekty vyu\u017e\u00edvaj\u00ed rozs\u00e1hl\u00e9 are\u00e1ly \u010dinnosti, kter\u00e1 je pom\u011brn\u011b mal\u00e1, tak\u017ee je to zat\u011b\u017e, \u017ee je v\u00edc, mo\u017en\u00e1 budou p\u0159em\u00fd\u0161let nad t\u00edm, jak to l\u00e9pe vyu\u017e\u00edt. Zase jin\u00ed tam m\u011bli probl\u00e9my s t\u00edm, pro\u010d jich se to t\u00fdk\u00e1, tak tam se uk\u00e1zalo, \u017ee nap\u0159\u00edklad nemaj\u00ed s\u00eddlo v chebu, co\u017e samoz\u0159ejm\u011b z n\u011bjak\u00e9ho hlediska da\u0148ov\u00e9ho nen\u00ed tak dob\u0159e, nebo tam maj\u00ed t\u0159eba ubytovny, kter\u00e9 zase na druh\u00e9 stran\u011b jejich u\u017eivatel\u00e9 \u010derpaj\u00ed n\u011bkter\u00e9 m\u011bstsk\u00e9 slu\u017eby a nep\u0159in\u00e1\u0161\u00ed vlastn\u011b chebu \u017e\u00e1dn\u00fd finan\u010dn\u00ed p\u0159\u00ednos, tak\u017ee to jsme v\u0161echno zohled\u0148ovali. Naopak obchodn\u00ed centra v Intravill\u00e1nu obce z\u016fstanou na stejn\u00e9 \u00farovni zdan\u011bn\u00ed jako dosud, tedy dvojn\u00e1sobku z\u00e1kladn\u00edch sazby. Tam jsme vych\u00e1zeli z toho, \u017ee ta infrastruktura obchodn\u00edch centr slou\u017e\u00ed ob\u010dan\u016fm a to dokonce ty parkovi\u0161t\u011b v\u00fdznamn\u011b, proto\u017ee \u0159ada lid\u00ed, kdy\u017e doj\u00ed\u017ed\u00ed do pr\u00e1ce, tak tam parkuje p\u0159es cel\u00fd den, n\u011bkte\u0159\u00ed zase p\u0159es noc, kdy\u017e je to v bl\u00edzkosti jejich bydli\u0161t\u011b, tak\u017ee jsou to prostory, kter\u00e9 jsou b\u011b\u017en\u011b ob\u010dany vyu\u017e\u00edv\u00e1ny. Nav\u00edc popravd\u011b \u0159e\u010deno, v t\u011bch n\u00e1kupn\u00edch centrech je zam\u011bstn\u00e1no hodn\u011b chyban\u016f, je to prost\u011b jejich mo\u017enost zam\u011bstn\u00e1n\u00ed docela dobr\u00e1, tak\u017ee to v\u0161echno jsme n\u011bjak\u00fdm zp\u016fsobem zohlednili, ale s t\u00edm, \u017ee mo\u017en\u00e1 v\u00fdvoj uk\u00e1\u017ee, \u017ee zat\u00ed\u017e\u00edme i ta obchodn\u00ed centra zv\u00fd\u0161enou dan\u00ed z nemovitosti a zat\u00edm jsme tady z t\u011bch d\u016fvod\u016f k tomu nep\u0159istoupili, proto\u017ee je to n\u011bjak\u00e1 slu\u017eba ve\u0159ejnosti. Dan\u011b z nemovitosti je pro m\u011bsta obecn\u011b d\u016fle\u017eit\u00e1, z d\u016fvodu, \u017ee se jedn\u00e1 o jednu z m\u00e1la oblast\u00ed, kterou m\u016f\u017ee regulovat. \u00dastavn\u00ed soud sv\u00fdm leto\u0161n\u00edm rozhodnut\u00edm nav\u00edc umo\u017enil obc\u00edm vymezovat koeficienty c\u00edlen\u011b, nikoli jako dosud plo\u0161n\u011b. Fenomen\u00e1ln\u00edho \u00fasp\u011bchu dos\u00e1hli beachvolleybalist\u00e9 Ond\u0159ej Peru\u0161i\u010d a David Schweiner. Z mistrovstv\u00ed sv\u011bta v Mexiku p\u0159ivezli zlat\u00e9 medaile. \u010ce\u0161i si tak z\u00e1rove\u0148 vybojovali m\u00edsto na olimpijsk\u00fdch hr\u00e1ch v Pa\u0159\u00ed\u017ei. Beachvolleybalist\u00e9 Ond\u0159ej Peru\u0161i\u010d a David Schweiner dos\u00e1hli historick\u00e9ho \u00fasp\u011bchu. Ve fin\u00e1le mistrovstv\u00ed sv\u011bta porazili \u0161v\u00e9dskou dvojici a z\u00edskali zlat\u00e9 medaile. Jedn\u00e1 se o nejlep\u0161\u00ed v\u00fdsledek \u010desk\u00fdch pl\u00e1\u017eov\u00fdch voleybalist\u016f v\u016fbec. D\u00edky triumfu \u010ce\u0161i z\u00e1rove\u0148 vybojovali m\u00edsto na olimpijsk\u00fdch hr\u00e1ch v Pa\u0159\u00ed\u017ei. Tohle je velk\u00e1 v\u011bc pro \u010desk\u00fd voleybal. J\u00e1 jenom douf\u00e1m, \u017ee se na tom poda\u0159\u00ed po\u0159adn\u00fd stav\u011bt do budoucna a \u017ee ta kr\u00e1sn\u00e1 sb\u00edrka medail\u00ed, kterou jsme oddr\u017eeli, tak\u017ee se t\u0159eba rozroste za relativn\u011b kr\u00e1tkou dobu. Mysl\u00edm si, \u017ee jak v \u010desk\u00e9m voleybalu, tak v beachvolleybalu m\u00e1me velk\u00fd potenci\u00e1l. A j\u00e1 budu jenom r\u00e1d, pokud ten n\u00e1\u0161 fan\u00fd \u00fasp\u011bch pom\u016f\u017ee k tomu, aby ten sport d\u00e1le rostl a p\u0159il\u00e1kal v\u00edce d\u011bt\u00ed. Po p\u0159ijezdu na Ond\u0159eje a Davida \u010dekalo velk\u00e9 p\u0159iv\u00edt\u00e1n\u00ed. Fanou\u0161ci \u010dekali na leti\u0161ti, aby jim po tomto \u00fasp\u011bchu mohli gratulovat. Na leti\u0161ti n\u00e1s \u010dekalo neuv\u011b\u0159iteln\u00e9 p\u0159iv\u00edt\u00e1n\u00ed fanou\u0161k\u016f beachvolleybalov\u00fdch nad\u011bj\u00ed, kamar\u00e1d\u016f a rodin. To si mysl\u00edm, \u017ee bylo jedna z nejkr\u00e1sn\u011bj\u0161\u00edch v\u011bc\u00ed cel\u00fdch na\u0161ich kari\u00e9r. U obou sportovc\u016f se objevila informace, \u017ee by po olympi\u00e1d\u011b cht\u011bli s kari\u00e9rou skon\u010dit. Ond\u0159ej Peru\u0161i\u010d je ukonci rozhodnut\u00fd. Dave \u010cvajn\u00e9r tomu nech\u00e1v\u00e1 voln\u00fd pr\u016fb\u011bh a zat\u00edm se pevn\u011b nerozhodl. Ta ot\u00e1zka si nab\u00edz\u00ed. T\u011b\u017eko se n\u00e1m mohlo poda\u0159it n\u011bco lep\u0161\u00edho, ne\u017e hr\u00e1t i do mistrstva sv\u011bta. Ale vzhledem k tomu, \u017ee ty d\u016fvody by byly sp\u00ed\u0161e osobn\u011bj\u0161\u00edho r\u00e1zu, ne\u017e t\u0159eba ekonomick\u00e9ho nebo zdravotn\u00edho, tak na tomhle rozhodnut\u00ed se zat\u00edm p\u0159\u00edli\u0161 nem\u011bn\u00ed. J\u00e1 jsem od za\u010d\u00e1tku \u0159\u00edkal, \u017ee samoz\u0159ejm\u011b jsem ochoten, budeme se u\u017e d\u011bbavit je\u0161t\u011b jak s Davidem, tak i s tren\u00e9ry, a i s p\u0159edstaviteli svazu a v\u0161ech dal\u0161\u00edch zainteresovan\u00fdch subjekt\u016f. Ale ale zat\u00edm to moje rozhodnut\u00ed je takov\u00e9, \u017ee se sp\u00ed\u0161 kon\u00edm k tomu, \u017ee po olympi\u00e1d\u011b v Pa\u0159\u00ed\u017ei skon\u010d\u00edm. Na olympijsk\u00fdch hr\u00e1ch v Pa\u0159\u00ed\u017ei budeme d\u00edky t\u011bmto sportovc\u016fm reprezentov\u00e1ni i v beachvolleyballe. Pro televizi A11 Karolina Gaislerov\u00e1. A11 pr\u00e1v\u011b kon\u010d\u00ed a j\u00e1 p\u0159ed\u00e1v\u00e1m slovo Majklovi. Kr\u00e1sn\u00fd ve\u010der.","nbla_serie":"525","nbla_season":"2023","nbla_episode":"125","nbla_duration":"872.16","nbla_genre":"3.1.1.1","nbla_editorial_format":"2.1.1","nbla_mtime":"1697642916","nbla_url":"https:\/\/origin.a11.cz\/vod\/4susqz4tyrwd2rpmts1ojgdbs.mp4","nbla_version":"1697642907","nbla_odvysilano":"Ano","bunny_id":"c54815b3-72ee-414f-8b4e-e499e000df65","youtube_id":"","datum_vydani":"20231018","stopaz":"872.16","dokument":[],"video_to":[]},"_links":{"self":[{"href":"https:\/\/tv.a11.cz\/api\/wp\/v2\/video\/12337","targetHints":{"allow":["GET"]}}],"collection":[{"href":"https:\/\/tv.a11.cz\/api\/wp\/v2\/video"}],"about":[{"href":"https:\/\/tv.a11.cz\/api\/wp\/v2\/types\/video"}],"author":[{"embeddable":true,"href":"https:\/\/tv.a11.cz\/api\/wp\/v2\/users\/8"}],"wp:featuredmedia":[{"embeddable":true,"href":"https:\/\/tv.a11.cz\/api\/wp\/v2\/media\/12338"}],"wp:attachment":[{"href":"https:\/\/tv.a11.cz\/api\/wp\/v2\/media?parent=12337"}],"wp:term":[{"taxonomy":"category","embeddable":true,"href":"https:\/\/tv.a11.cz\/api\/wp\/v2\/categories?post=12337"},{"taxonomy":"porad","embeddable":true,"href":"https:\/\/tv.a11.cz\/api\/wp\/v2\/porad?post=12337"},{"taxonomy":"region","embeddable":true,"href":"https:\/\/tv.a11.cz\/api\/wp\/v2\/region?post=12337"},{"taxonomy":"kategorie","embeddable":true,"href":"https:\/\/tv.a11.cz\/api\/wp\/v2\/kategorie?post=12337"}],"curies":[{"name":"wp","href":"https:\/\/api.w.org\/{rel}","templated":true}]}}