{"id":12335,"date":"2023-10-18T16:08:36","date_gmt":"2023-10-18T14:08:36","guid":{"rendered":"https:\/\/tv.a11.cz\/?post_type=video&#038;p=12335"},"modified":"2023-10-19T10:50:51","modified_gmt":"2023-10-19T08:50:51","slug":"zdrave-mesto-zve-k-zapojeni-do-participativniho-rozpoctu-a-na-verejne-forum","status":"publish","type":"video","link":"https:\/\/tv.a11.cz\/video\/zdrave-mesto-zve-k-zapojeni-do-participativniho-rozpoctu-a-na-verejne-forum\/","title":{"rendered":"Zdrav\u00e9 m\u011bsto zve k zapojen\u00ed do participativn\u00edho rozpo\u010dtu"},"content":{"rendered":"","protected":false},"excerpt":{"rendered":"<p>V\u00edt\u011bzn\u00e9 projekty z posledn\u00edho ro\u010dn\u00edku participativn\u00edho rozpo\u010dtu m\u011bsta Litom\u011b\u0159ice se postupn\u011b st\u00e1vaj\u00ed realitou. Po houpac\u00edch s\u00edt\u00edch na St\u0159eleck\u00e9m ostrov\u011b, kter\u00e9 byly pobl\u00ed\u017e letn\u00edho kina instalov\u00e1ny na za\u010d\u00e1tku z\u00e1\u0159\u00ed, slou\u017e\u00ed u\u017e od minul\u00e9ho t\u00fddne.<\/p>\n","protected":false},"author":8,"featured_media":12387,"template":"","categories":[17,157],"porad":[],"region":[93,63],"kategorie":[],"class_list":["post-12335","video","type-video","status-publish","has-post-thumbnail","hentry","category-domaci","category-zpravy","region-litomericko","region-ustecky-kraj"],"acf":[],"meta_box":{"nbla_idec":"N2303316","nbla_title":"Zdrav\u00e9 m\u011bsto zve k zapojen\u00ed do participativn\u00edho rozpo\u010dtu a na ve\u0159ejn\u00e9 f\u00f3rum","nbla_subtitle":"","nbla_summary":"","nbla_description":"","nbla_transcription":"V\u00edt\u011bzn\u00e9 projekty z posledn\u00edho ro\u010dn\u00edku participativn\u00edho rozpo\u010dtu m\u011bsta Litom\u011b\u0159ice se postupn\u011b st\u00e1vaj\u00ed realitou. Pohoupac\u00edch s\u00edt\u00edch na St\u0159eleck\u00e9m ostrov\u011b, kter\u00e9 byly pobl\u00ed\u017e letn\u00edho kina instalov\u00e1ny na za\u010d\u00e1tku z\u00e1\u0159\u00ed, slou\u017e\u00ed od minul\u00e9ho t\u00fddne v Pokratic\u00edch nov\u00e1 mobiln\u00ed kamera. Pracovn\u00edci technick\u00fdch slu\u017eeb um\u00edstili na lampu pobl\u00ed\u017e d\u011btsk\u00e9ho h\u0159i\u0161t\u011b v bloku mezi ulicemi Kub\u00ednova a Nav\u00fdslun\u00edm. Stejn\u011b jako ostatn\u00ed pades\u00e1tka kamer v Litom\u011b\u0159ic\u00ed bude napojena na m\u011bstsk\u00fd kamerov\u00fd syst\u00e9m zpravovan\u00fd m\u011bstskou polici\u00ed. Je\u0161t\u011b v leto\u0161n\u00edm roce budou zrealizov\u00e1ny i dal\u0161\u00ed n\u00e1pady. Jedn\u00e1 se o zv\u00fd\u0161en\u00ed bezpe\u010dnosti a dopln\u011bn\u00ed hern\u00edch prvk\u016f na d\u011btsk\u00e9m h\u0159i\u0161ti na Kocand\u011b, d\u00e1le dojde v nejbli\u017e\u0161\u00edch t\u00fddnech dokon\u010den\u00ed z\u00e1zim\u00ed pro otu\u017eilce u Labe na St\u0159eleck\u00e9m ostrov\u011b a v \u010d\u00e1sti ulice Ml\u00e1de\u017enick\u00e1 bude zveleben ve\u0159ejn\u00fd prostor. Realizovat prakticky v\u0161echny projekty navr\u017een\u00e9 ob\u010dany m\u016f\u017ee zdrav\u00e9 m\u011bsto d\u00edky razantn\u00edmu nav\u00fd\u0161en\u00ed participativn\u00edho rozpo\u010dtu. Leto jsme teda m\u011bli hezkou \u010d\u00e1sku 1 milion korun, bylo to nav\u00fd\u0161en\u00ed vlastn\u011b p\u011btkr\u00e1t, to znamen\u00e1 v t\u011bch p\u0159edchoz\u00edch letech jsme pracovali s \u010d\u00e1skou 200 tis\u00edc, tak\u017ee j\u00e1 z toho m\u00e1m radost, \u017ee do\u0161lo k nav\u00fd\u0161en\u00ed t\u00e9 \u010d\u00e1sky a poda\u0159ilo se n\u00e1m t\u011bch projekt\u016f ud\u011blat vlastn\u011b p\u011bt a je to rekordn\u00ed po\u010det, co se t\u00fdk\u00e1 vlastn\u011b t\u00e9 podpo\u0159en\u00e9 \u010d\u00e1sky a pevn\u011b v\u011b\u0159\u00edm, \u017ee tomu tak bude i v p\u0159\u00ed\u0161t\u00edm roce, kde vlastn\u011b prob\u00edh\u00e1 u\u017e te\u010f sb\u011br n\u00e1m\u011bt\u016f, tak\u017ee ur\u010dit\u011b bych rad ob\u010dany, Litom\u011b\u0159ic, vyzval k tomu, aby zv\u00e1\u017eili sv\u00e9 n\u00e1m\u011bty a ur\u010dit\u011b n\u00e1m je podali. N\u00e1vrhy se zas\u00edlaj\u00ed a\u017e do konce listopadu tohoto roku a zas\u00edlat je m\u016f\u017eete prost\u0159ednit sv\u00fdm vlastn\u011b webov\u00e9ho formul\u00e1\u0159e na str\u00e1nk\u00e1ch Zdrav\u00e9ho m\u011bsta Litom\u011b\u0159ice nebo p\u0159es na\u0161e facebookov\u00e9 str\u00e1nky, kde je rovn\u011b\u017e odkaz. Do posledn\u00edho ro\u010dn\u00edku participativn\u00edho rozpo\u010dtu poslali Litom\u011b\u0159i\u010dan\u00e9 dohromady 14 n\u00e1pad\u016f. Na p\u0159\u00ed\u0161t\u00ed roky jich organiz\u00e1to\u0159i eviduj\u00ed ji\u017e nyn\u00ed v \u0159\u00edjnu 2018, k posouzen\u00edm v\u0161ech n\u00e1vrh\u016f dojde za\u010d\u00e1tkem p\u0159\u00ed\u0161t\u00edho roku a posl\u00e9ze bude v\u0161echny vybran\u00e9 hodnotit v anket\u011b i \u0161irok\u00e1 ve\u0159ejnost. Krom\u011b participativn\u00edho rozpo\u010dtu pat\u0159\u00ed v agend\u011b Zdrav\u00e9ho m\u011bsta ke st\u011b\u017een\u00edm ud\u00e1lostem roku tak\u00e9 ve\u0159ejn\u00e9 f\u00f3rum, kter\u00e9 je rovn\u011b\u017e za dve\u0159mi. J\u00e1 bych ur\u010dit\u011b r\u00e1d ob\u010dany Litom\u011b\u0159ic pozval 1. listopadu do na\u0161eho kulturn\u00edho centra, do kultur\u00e1ku tady v Litom\u011b\u0159ic\u00ed, kde od p\u011bti hodin bude prob\u00edhat ve\u0159ejn\u00e9 f\u00f3rum, kde ur\u010dit\u011b se budeme bavit o tom, jak bychom si Litom\u011b\u0159ice p\u0159edstavovali a bude tam p\u0159edstavena i desatero prioryt Litom\u011b\u0159ic, tak\u017ee t\u00edmto bych pozval ur\u010dit\u011b v\u0161echny k hojn\u00e9 \u00fa\u010dasti. Sou\u010d\u00e1st\u00ed ve\u0159ejn\u00e9ho f\u00f3ra letos je prezentace nov\u00e9ho strategick\u00e9ho pl\u00e1nu m\u011bsta Litom\u011b\u0159ice, tak\u017ee tam samoz\u0159ejm\u011b jsou i ty projekty, co se t\u00fdkaj\u00ed te\u010f v n\u011bjak\u00e9 kr\u00e1tk\u00e9 budoucnosti i v\u00fdhledov\u011b t\u00e9 vize, jak by m\u011bly Litom\u011b\u0159ice vypadat v roce 2030.","nbla_serie":"","nbla_season":"","nbla_episode":"","nbla_duration":"187.66","nbla_genre":"","nbla_editorial_format":"","nbla_mtime":"1697637574","nbla_url":"https:\/\/origin.a11.cz\/vod\/dbowq9gv56pgcedrtseh8pdgy.mp4","nbla_version":"1697637574","nbla_odvysilano":"Ano","bunny_id":"87b35a58-8a24-4c76-9db7-aa486b285012","youtube_id":"","datum_vydani":"20231018","stopaz":"187.66","dokument":[],"video_to":["12388"]},"_links":{"self":[{"href":"https:\/\/tv.a11.cz\/api\/wp\/v2\/video\/12335","targetHints":{"allow":["GET"]}}],"collection":[{"href":"https:\/\/tv.a11.cz\/api\/wp\/v2\/video"}],"about":[{"href":"https:\/\/tv.a11.cz\/api\/wp\/v2\/types\/video"}],"author":[{"embeddable":true,"href":"https:\/\/tv.a11.cz\/api\/wp\/v2\/users\/8"}],"wp:featuredmedia":[{"embeddable":true,"href":"https:\/\/tv.a11.cz\/api\/wp\/v2\/media\/12387"}],"wp:attachment":[{"href":"https:\/\/tv.a11.cz\/api\/wp\/v2\/media?parent=12335"}],"wp:term":[{"taxonomy":"category","embeddable":true,"href":"https:\/\/tv.a11.cz\/api\/wp\/v2\/categories?post=12335"},{"taxonomy":"porad","embeddable":true,"href":"https:\/\/tv.a11.cz\/api\/wp\/v2\/porad?post=12335"},{"taxonomy":"region","embeddable":true,"href":"https:\/\/tv.a11.cz\/api\/wp\/v2\/region?post=12335"},{"taxonomy":"kategorie","embeddable":true,"href":"https:\/\/tv.a11.cz\/api\/wp\/v2\/kategorie?post=12335"}],"curies":[{"name":"wp","href":"https:\/\/api.w.org\/{rel}","templated":true}]}}